{"id":1323,"date":"2023-06-24T20:54:46","date_gmt":"2023-06-24T23:54:46","guid":{"rendered":"https:\/\/www.fiemg.com.br\/associativismo\/noticias\/"},"modified":"2025-06-05T12:46:30","modified_gmt":"2025-06-05T15:46:30","slug":"noticias","status":"publish","type":"page","link":"https:\/\/www.fiemg.com.br\/associativismo\/noticias\/","title":{"rendered":"Noticias"},"content":{"rendered":"\t\t<div data-elementor-type=\"wp-page\" data-elementor-id=\"1323\" class=\"elementor elementor-1323\" data-elementor-post-type=\"page\">\n\t\t\t\t<div class=\"has_ae_slider elementor-element elementor-element-0f35dd5 e-flex e-con-boxed ae-bg-gallery-type-default e-con e-parent\" data-id=\"0f35dd5\" data-element_type=\"container\" data-e-type=\"container\" data-settings=\"{&quot;jet_parallax_layout_list&quot;:[]}\">\n\t\t\t\t\t<div class=\"e-con-inner\">\n\t\t\t\t<div class=\"elementor-element elementor-element-cd8f3b9 elementor-widget elementor-widget-heading\" data-id=\"cd8f3b9\" data-element_type=\"widget\" data-e-type=\"widget\" data-widget_type=\"heading.default\">\n\t\t\t\t<div class=\"elementor-widget-container\">\n\t\t\t\t\t<h2 class=\"elementor-heading-title elementor-size-default\">Not\u00edcias<\/h2>\t\t\t\t<\/div>\n\t\t\t\t<\/div>\n\t\t\t\t<div class=\"elementor-element elementor-element-abbf06d elementor-widget elementor-widget-jet-listing-grid\" data-id=\"abbf06d\" data-element_type=\"widget\" data-e-type=\"widget\" data-settings=\"{&quot;columns&quot;:&quot;4&quot;,&quot;columns_tablet&quot;:&quot;2&quot;,&quot;columns_mobile&quot;:&quot;1&quot;}\" data-widget_type=\"jet-listing-grid.default\">\n\t\t\t\t<div class=\"elementor-widget-container\">\n\t\t\t\t\t<div class=\"jet-listing-grid jet-listing\"><div class=\"jet-listing-grid__items grid-col-desk-4 grid-col-tablet-2 grid-col-mobile-1 jet-listing-grid--3887\" data-queried-id=\"1323|WP_Post\" data-nav=\"{&quot;enabled&quot;:true,&quot;type&quot;:&quot;click&quot;,&quot;more_el&quot;:&quot;#load-more&quot;,&quot;query&quot;:{&quot;post_status&quot;:[&quot;publish&quot;],&quot;post_type&quot;:&quot;noticias&quot;,&quot;posts_per_page&quot;:&quot;8&quot;,&quot;paged&quot;:&quot;1&quot;,&quot;ignore_sticky_posts&quot;:&quot;1&quot;,&quot;suppress_filters&quot;:false,&quot;jet_smart_filters&quot;:&quot;jet-engine\\\/default&quot;,&quot;signature&quot;:&quot;a615baa9b35d9ae66bdf98826795a24a91e465d6a89abaa51c0b2bad35aa228b&quot;},&quot;widget_settings&quot;:{&quot;lisitng_id&quot;:3887,&quot;posts_num&quot;:8,&quot;columns&quot;:4,&quot;columns_tablet&quot;:2,&quot;columns_mobile&quot;:1,&quot;column_min_width&quot;:240,&quot;column_min_width_tablet&quot;:240,&quot;column_min_width_mobile&quot;:240,&quot;inline_columns_css&quot;:false,&quot;is_archive_template&quot;:&quot;&quot;,&quot;post_status&quot;:[&quot;publish&quot;],&quot;use_random_posts_num&quot;:&quot;&quot;,&quot;max_posts_num&quot;:9,&quot;not_found_message&quot;:&quot;N\\u00e3o h\\u00e1 not\\u00edcias&quot;,&quot;is_masonry&quot;:false,&quot;equal_columns_height&quot;:&quot;&quot;,&quot;use_load_more&quot;:&quot;yes&quot;,&quot;load_more_id&quot;:&quot;load-more&quot;,&quot;load_more_type&quot;:&quot;click&quot;,&quot;load_more_offset&quot;:null,&quot;use_custom_post_types&quot;:&quot;&quot;,&quot;custom_post_types&quot;:[],&quot;hide_widget_if&quot;:&quot;&quot;,&quot;carousel_enabled&quot;:&quot;&quot;,&quot;slides_to_scroll&quot;:&quot;1&quot;,&quot;arrows&quot;:&quot;true&quot;,&quot;arrow_icon&quot;:&quot;fa fa-angle-left&quot;,&quot;dots&quot;:&quot;&quot;,&quot;autoplay&quot;:&quot;true&quot;,&quot;pause_on_hover&quot;:&quot;true&quot;,&quot;autoplay_speed&quot;:5000,&quot;infinite&quot;:&quot;true&quot;,&quot;center_mode&quot;:&quot;&quot;,&quot;effect&quot;:&quot;slide&quot;,&quot;speed&quot;:500,&quot;inject_alternative_items&quot;:&quot;&quot;,&quot;injection_items&quot;:[],&quot;scroll_slider_enabled&quot;:&quot;&quot;,&quot;scroll_slider_on&quot;:[&quot;desktop&quot;,&quot;tablet&quot;,&quot;mobile&quot;],&quot;custom_query&quot;:false,&quot;custom_query_id&quot;:&quot;&quot;,&quot;_element_id&quot;:&quot;&quot;,&quot;collapse_first_last_gap&quot;:false,&quot;list_tag_selection&quot;:&quot;&quot;,&quot;list_items_wrapper_tag&quot;:&quot;div&quot;,&quot;list_item_tag&quot;:&quot;div&quot;,&quot;empty_items_wrapper_tag&quot;:&quot;div&quot;}}\" data-page=\"1\" data-pages=\"122\" data-listing-source=\"posts\" data-listing-id=\"3887\" data-query-id=\"\"><style>.elementor-3887 .elementor-element.elementor-element-eb33079{--display:flex;--flex-direction:column;--container-widget-width:calc( ( 1 - var( --container-widget-flex-grow ) ) * 100% );--container-widget-height:initial;--container-widget-flex-grow:0;--container-widget-align-self:initial;--flex-wrap-mobile:wrap;--justify-content:center;--align-items:flex-start;--gap:10px 10px;--row-gap:10px;--column-gap:10px;}.elementor-3887 .elementor-element.elementor-element-2514dd1{--display:flex;--flex-direction:column;--container-widget-width:calc( ( 1 - var( --container-widget-flex-grow ) ) * 100% );--container-widget-height:initial;--container-widget-flex-grow:0;--container-widget-align-self:initial;--flex-wrap-mobile:wrap;--justify-content:flex-start;--align-items:flex-start;--margin-top:0px;--margin-bottom:0px;--margin-left:0px;--margin-right:0px;--padding-top:0px;--padding-bottom:0px;--padding-left:0px;--padding-right:0px;}.elementor-widget-image .widget-image-caption{color:var( --e-global-color-text );font-family:var( --e-global-typography-text-font-family ), Sans-serif;font-weight:var( --e-global-typography-text-font-weight );}.elementor-3887 .elementor-element.elementor-element-402a511 img{width:100%;max-width:100%;height:250px;object-fit:cover;object-position:center center;border-radius:10px 10px 10px 10px;}.elementor-3887 .elementor-element.elementor-element-6cc2dce .jet-listing-dynamic-meta{text-align:flex-start;}.elementor-3887 .elementor-element.elementor-element-6cc2dce .jet-listing-dynamic-meta__item, .elementor-3887 .elementor-element.elementor-element-6cc2dce .jet-listing-dynamic-meta__item-val{font-size:14px;}.elementor-3887 .elementor-element.elementor-element-6cc2dce .jet-listing-dynamic-meta__item{color:var( --e-global-color-text );}.elementor-3887 .elementor-element.elementor-element-6cc2dce .jet-listing-dynamic-meta__item-val{color:var( --e-global-color-text );}.elementor-widget-heading .elementor-heading-title{font-family:var( --e-global-typography-primary-font-family ), Sans-serif;font-weight:var( --e-global-typography-primary-font-weight );color:var( --e-global-color-primary );}.elementor-3887 .elementor-element.elementor-element-c43500c .elementor-heading-title{font-family:\"Noto Sans\", Sans-serif;font-size:20px;font-weight:500;line-height:24px;}@media(min-width:768px){.elementor-3887 .elementor-element.elementor-element-eb33079{--width:100%;}}<\/style><div class=\"jet-listing-grid__item jet-listing-dynamic-post-5370 elementor-dcss-3779965606874866\" data-post-id=\"5370\"  >\t\t<div data-elementor-type=\"jet-listing-items\" data-elementor-id=\"3887\" class=\"elementor elementor-3887\" data-elementor-post-type=\"jet-engine\">\n\t\t\t\t<div class=\"has_ae_slider elementor-element elementor-element-eb33079 e-con-full e-flex ae-bg-gallery-type-default e-con e-parent\" data-id=\"eb33079\" data-element_type=\"container\" data-e-type=\"container\" data-settings=\"{&quot;jet_parallax_layout_list&quot;:[]}\">\n\t\t<div class=\"has_ae_slider elementor-element elementor-element-2514dd1 e-con-full e-flex ae-bg-gallery-type-default e-con e-child\" data-id=\"2514dd1\" data-element_type=\"container\" data-e-type=\"container\" data-settings=\"{&quot;jet_parallax_layout_list&quot;:[]}\">\n\t\t\t\t<div class=\"elementor-element elementor-element-402a511 elementor-widget elementor-widget-image\" data-id=\"402a511\" data-element_type=\"widget\" data-e-type=\"widget\" data-widget_type=\"image.default\">\n\t\t\t\t<div class=\"elementor-widget-container\">\n\t\t\t\t\t\t\t\t\t\t\t\t<figure class=\"wp-caption\">\n\t\t\t\t\t\t\t\t\t\t\t<a href=\"https:\/\/www.fiemg.com.br\/associativismo\/noticias\/stf-acolhe-tese-defendida-pela-fiemg-sobre-justica-gratuita\/\">\n\t\t\t\t\t\t\t<img decoding=\"async\" src=\"https:\/\/www.fiemg.com.br\/associativismo\/wp-content\/uploads\/sites\/29\/elementor\/thumbs\/NOVO-LOGO-SITE-rsxc5meli7zixm60ytc2iso5m3hbmvjfp5oosimtc0.png\" title=\"NOVO LOGO SITE\" alt=\"NOVO LOGO SITE\" loading=\"lazy\" \/>\t\t\t\t\t\t\t\t<\/a>\n\t\t\t\t\t\t\t\t\t\t\t<figcaption class=\"widget-image-caption wp-caption-text\"><\/figcaption>\n\t\t\t\t\t\t\t\t\t\t<\/figure>\n\t\t\t\t\t\t\t\t\t<\/div>\n\t\t\t\t<\/div>\n\t\t\t\t<\/div>\n\t\t\t\t<div class=\"elementor-element elementor-element-6cc2dce elementor-widget elementor-widget-jet-listing-dynamic-meta\" data-id=\"6cc2dce\" data-element_type=\"widget\" data-e-type=\"widget\" data-widget_type=\"jet-listing-dynamic-meta.default\">\n\t\t\t\t<div class=\"elementor-widget-container\">\n\t\t\t\t\t<div class=\"jet-listing jet-listing-dynamic-meta meta-layout-inline\"><div class=\"jet-listing-dynamic-meta__date jet-listing-dynamic-meta__item\"><a href=\"https:\/\/www.fiemg.com.br\/associativismo\/noticias\/stf-acolhe-tese-defendida-pela-fiemg-sobre-justica-gratuita\/\" class=\"jet-listing-dynamic-meta__item-val\"><time datetime=\"2026-09-04T17:30:51-03:00\">04\/09\/2026<\/time><\/a><\/div><\/div>\t\t\t\t<\/div>\n\t\t\t\t<\/div>\n\t\t\t\t<div class=\"elementor-element elementor-element-c43500c elementor-widget elementor-widget-heading\" data-id=\"c43500c\" data-element_type=\"widget\" data-e-type=\"widget\" data-widget_type=\"heading.default\">\n\t\t\t\t<div class=\"elementor-widget-container\">\n\t\t\t\t\t<h3 class=\"elementor-heading-title elementor-size-default\"><a href=\"https:\/\/www.fiemg.com.br\/associativismo\/noticias\/stf-acolhe-tese-defendida-pela-fiemg-sobre-justica-gratuita\/\">STF acolhe tese defendida pela FIEMG sobre justi\u00e7a gratuita<\/a><\/h3>\t\t\t\t<\/div>\n\t\t\t\t<\/div>\n\t\t\t\t<\/div>\n\t\t\t\t<\/div>\n\t\t<\/div><div class=\"jet-listing-grid__item jet-listing-dynamic-post-5368 elementor-dcss-3779965617099662\" data-post-id=\"5368\"  >\t\t<div data-elementor-type=\"jet-listing-items\" data-elementor-id=\"3887\" class=\"elementor elementor-3887\" data-elementor-post-type=\"jet-engine\">\n\t\t\t\t<div class=\"has_ae_slider elementor-element elementor-element-eb33079 e-con-full e-flex ae-bg-gallery-type-default e-con e-parent\" data-id=\"eb33079\" data-element_type=\"container\" data-e-type=\"container\" data-settings=\"{&quot;jet_parallax_layout_list&quot;:[]}\">\n\t\t<div class=\"has_ae_slider elementor-element elementor-element-2514dd1 e-con-full e-flex ae-bg-gallery-type-default e-con e-child\" data-id=\"2514dd1\" data-element_type=\"container\" data-e-type=\"container\" data-settings=\"{&quot;jet_parallax_layout_list&quot;:[]}\">\n\t\t\t\t<div class=\"elementor-element elementor-element-402a511 elementor-widget elementor-widget-image\" data-id=\"402a511\" data-element_type=\"widget\" data-e-type=\"widget\" data-widget_type=\"image.default\">\n\t\t\t\t<div class=\"elementor-widget-container\">\n\t\t\t\t\t\t\t\t\t\t\t\t<figure class=\"wp-caption\">\n\t\t\t\t\t\t\t\t\t\t\t<a href=\"https:\/\/www.fiemg.com.br\/associativismo\/noticias\/sindirepa-brasil-leva-empresarios-a-feira-automechanika-frankfurt-2026\/\">\n\t\t\t\t\t\t\t<img decoding=\"async\" src=\"https:\/\/www.fiemg.com.br\/associativismo\/wp-content\/uploads\/sites\/29\/elementor\/thumbs\/cin_thumb-2_7414411_5994884_4067206_7866730_7354640_5010480-rsvh9nexhbnkjnvptyemyftx6w2gsw23asx1pwyha8.jpeg\" title=\"Certifica\u00e7\u00f5es para exporta\u00e7\u00e3o ser\u00e1 tema de capacita\u00e7\u00e3o\" alt=\"Certifica\u00e7\u00f5es para exporta\u00e7\u00e3o ser\u00e1 tema de capacita\u00e7\u00e3o\" loading=\"lazy\" \/>\t\t\t\t\t\t\t\t<\/a>\n\t\t\t\t\t\t\t\t\t\t\t<figcaption class=\"widget-image-caption wp-caption-text\"><\/figcaption>\n\t\t\t\t\t\t\t\t\t\t<\/figure>\n\t\t\t\t\t\t\t\t\t<\/div>\n\t\t\t\t<\/div>\n\t\t\t\t<\/div>\n\t\t\t\t<div class=\"elementor-element elementor-element-6cc2dce elementor-widget elementor-widget-jet-listing-dynamic-meta\" data-id=\"6cc2dce\" data-element_type=\"widget\" data-e-type=\"widget\" data-widget_type=\"jet-listing-dynamic-meta.default\">\n\t\t\t\t<div class=\"elementor-widget-container\">\n\t\t\t\t\t<div class=\"jet-listing jet-listing-dynamic-meta meta-layout-inline\"><div class=\"jet-listing-dynamic-meta__date jet-listing-dynamic-meta__item\"><a href=\"https:\/\/www.fiemg.com.br\/associativismo\/noticias\/sindirepa-brasil-leva-empresarios-a-feira-automechanika-frankfurt-2026\/\" class=\"jet-listing-dynamic-meta__item-val\"><time datetime=\"2026-09-03T15:53:46-03:00\">03\/09\/2026<\/time><\/a><\/div><\/div>\t\t\t\t<\/div>\n\t\t\t\t<\/div>\n\t\t\t\t<div class=\"elementor-element elementor-element-c43500c elementor-widget elementor-widget-heading\" data-id=\"c43500c\" data-element_type=\"widget\" data-e-type=\"widget\" data-widget_type=\"heading.default\">\n\t\t\t\t<div class=\"elementor-widget-container\">\n\t\t\t\t\t<h3 class=\"elementor-heading-title elementor-size-default\"><a href=\"https:\/\/www.fiemg.com.br\/associativismo\/noticias\/sindirepa-brasil-leva-empresarios-a-feira-automechanika-frankfurt-2026\/\">Sindirepa Brasil leva empres\u00e1rios \u00e0 feira Automechanika Frankfurt 2026<\/a><\/h3>\t\t\t\t<\/div>\n\t\t\t\t<\/div>\n\t\t\t\t<\/div>\n\t\t\t\t<\/div>\n\t\t<\/div><div class=\"jet-listing-grid__item jet-listing-dynamic-post-5365 elementor-dcss-3779965625720383\" data-post-id=\"5365\"  >\t\t<div data-elementor-type=\"jet-listing-items\" data-elementor-id=\"3887\" class=\"elementor elementor-3887\" data-elementor-post-type=\"jet-engine\">\n\t\t\t\t<div class=\"has_ae_slider elementor-element elementor-element-eb33079 e-con-full e-flex ae-bg-gallery-type-default e-con e-parent\" data-id=\"eb33079\" data-element_type=\"container\" data-e-type=\"container\" data-settings=\"{&quot;jet_parallax_layout_list&quot;:[]}\">\n\t\t<div class=\"has_ae_slider elementor-element elementor-element-2514dd1 e-con-full e-flex ae-bg-gallery-type-default e-con e-child\" data-id=\"2514dd1\" data-element_type=\"container\" data-e-type=\"container\" data-settings=\"{&quot;jet_parallax_layout_list&quot;:[]}\">\n\t\t\t\t<div class=\"elementor-element elementor-element-402a511 elementor-widget elementor-widget-image\" data-id=\"402a511\" data-element_type=\"widget\" data-e-type=\"widget\" data-widget_type=\"image.default\">\n\t\t\t\t<div class=\"elementor-widget-container\">\n\t\t\t\t\t\t\t\t\t\t\t\t<figure class=\"wp-caption\">\n\t\t\t\t\t\t\t\t\t\t\t<a href=\"https:\/\/www.fiemg.com.br\/associativismo\/noticias\/fiemg-cobra-seguranca-juridica-em-politica-de-minerais-criticos\/\">\n\t\t\t\t\t\t\t<img decoding=\"async\" src=\"https:\/\/www.fiemg.com.br\/associativismo\/wp-content\/uploads\/sites\/29\/elementor\/thumbs\/CARD_NOTA_IMPRENSA-100_6013037_4712438_7026966-rstxr9lhii0n8on7zn5re83jf3uj2tm27pz9yxzbwg.jpg\" title=\"Nota \u00e0 Imprensa\" alt=\"Nota \u00e0 Imprensa\" loading=\"lazy\" \/>\t\t\t\t\t\t\t\t<\/a>\n\t\t\t\t\t\t\t\t\t\t\t<figcaption class=\"widget-image-caption wp-caption-text\"><\/figcaption>\n\t\t\t\t\t\t\t\t\t\t<\/figure>\n\t\t\t\t\t\t\t\t\t<\/div>\n\t\t\t\t<\/div>\n\t\t\t\t<\/div>\n\t\t\t\t<div class=\"elementor-element elementor-element-6cc2dce elementor-widget elementor-widget-jet-listing-dynamic-meta\" data-id=\"6cc2dce\" data-element_type=\"widget\" data-e-type=\"widget\" data-widget_type=\"jet-listing-dynamic-meta.default\">\n\t\t\t\t<div class=\"elementor-widget-container\">\n\t\t\t\t\t<div class=\"jet-listing jet-listing-dynamic-meta meta-layout-inline\"><div class=\"jet-listing-dynamic-meta__date jet-listing-dynamic-meta__item\"><a href=\"https:\/\/www.fiemg.com.br\/associativismo\/noticias\/fiemg-cobra-seguranca-juridica-em-politica-de-minerais-criticos\/\" class=\"jet-listing-dynamic-meta__item-val\"><time datetime=\"2026-09-02T18:38:10-03:00\">02\/09\/2026<\/time><\/a><\/div><\/div>\t\t\t\t<\/div>\n\t\t\t\t<\/div>\n\t\t\t\t<div class=\"elementor-element elementor-element-c43500c elementor-widget elementor-widget-heading\" data-id=\"c43500c\" data-element_type=\"widget\" data-e-type=\"widget\" data-widget_type=\"heading.default\">\n\t\t\t\t<div class=\"elementor-widget-container\">\n\t\t\t\t\t<h3 class=\"elementor-heading-title elementor-size-default\"><a href=\"https:\/\/www.fiemg.com.br\/associativismo\/noticias\/fiemg-cobra-seguranca-juridica-em-politica-de-minerais-criticos\/\">FIEMG cobra seguran\u00e7a jur\u00eddica em pol\u00edtica de minerais cr\u00edticos<\/a><\/h3>\t\t\t\t<\/div>\n\t\t\t\t<\/div>\n\t\t\t\t<\/div>\n\t\t\t\t<\/div>\n\t\t<\/div><div class=\"jet-listing-grid__item jet-listing-dynamic-post-5361 elementor-dcss-3779965633553743\" data-post-id=\"5361\"  >\t\t<div data-elementor-type=\"jet-listing-items\" data-elementor-id=\"3887\" class=\"elementor elementor-3887\" data-elementor-post-type=\"jet-engine\">\n\t\t\t\t<div class=\"has_ae_slider elementor-element elementor-element-eb33079 e-con-full e-flex ae-bg-gallery-type-default e-con e-parent\" data-id=\"eb33079\" data-element_type=\"container\" data-e-type=\"container\" data-settings=\"{&quot;jet_parallax_layout_list&quot;:[]}\">\n\t\t<div class=\"has_ae_slider elementor-element elementor-element-2514dd1 e-con-full e-flex ae-bg-gallery-type-default e-con e-child\" data-id=\"2514dd1\" data-element_type=\"container\" data-e-type=\"container\" data-settings=\"{&quot;jet_parallax_layout_list&quot;:[]}\">\n\t\t\t\t<div class=\"elementor-element elementor-element-402a511 elementor-widget elementor-widget-image\" data-id=\"402a511\" data-element_type=\"widget\" data-e-type=\"widget\" data-widget_type=\"image.default\">\n\t\t\t\t<div class=\"elementor-widget-container\">\n\t\t\t\t\t\t\t\t\t\t\t\t<figure class=\"wp-caption\">\n\t\t\t\t\t\t\t\t\t\t\t<a href=\"https:\/\/www.fiemg.com.br\/associativismo\/noticias\/fiemg-critica-aprovacao-da-pec-da-jornada-6x1-e-defende-preservacao-da-negociacao-coletiva-e-das-diferentes-escalas-de-trabalho\/\">\n\t\t\t\t\t\t\t<img decoding=\"async\" src=\"https:\/\/www.fiemg.com.br\/associativismo\/wp-content\/uploads\/sites\/29\/elementor\/thumbs\/CARD_NOTA_IMPRENSA-100_7683298_6152035-rstt00e2c5kxybej047rlxv74ty1o2qmc31j91wjk0.jpg\" title=\"Nota \u00e0 Imprensa\" alt=\"Nota \u00e0 Imprensa\" loading=\"lazy\" \/>\t\t\t\t\t\t\t\t<\/a>\n\t\t\t\t\t\t\t\t\t\t\t<figcaption class=\"widget-image-caption wp-caption-text\"><\/figcaption>\n\t\t\t\t\t\t\t\t\t\t<\/figure>\n\t\t\t\t\t\t\t\t\t<\/div>\n\t\t\t\t<\/div>\n\t\t\t\t<\/div>\n\t\t\t\t<div class=\"elementor-element elementor-element-6cc2dce elementor-widget elementor-widget-jet-listing-dynamic-meta\" data-id=\"6cc2dce\" data-element_type=\"widget\" data-e-type=\"widget\" data-widget_type=\"jet-listing-dynamic-meta.default\">\n\t\t\t\t<div class=\"elementor-widget-container\">\n\t\t\t\t\t<div class=\"jet-listing jet-listing-dynamic-meta meta-layout-inline\"><div class=\"jet-listing-dynamic-meta__date jet-listing-dynamic-meta__item\"><a href=\"https:\/\/www.fiemg.com.br\/associativismo\/noticias\/fiemg-critica-aprovacao-da-pec-da-jornada-6x1-e-defende-preservacao-da-negociacao-coletiva-e-das-diferentes-escalas-de-trabalho\/\" class=\"jet-listing-dynamic-meta__item-val\"><time datetime=\"2026-09-02T16:48:50-03:00\">02\/09\/2026<\/time><\/a><\/div><\/div>\t\t\t\t<\/div>\n\t\t\t\t<\/div>\n\t\t\t\t<div class=\"elementor-element elementor-element-c43500c elementor-widget elementor-widget-heading\" data-id=\"c43500c\" data-element_type=\"widget\" data-e-type=\"widget\" data-widget_type=\"heading.default\">\n\t\t\t\t<div class=\"elementor-widget-container\">\n\t\t\t\t\t<h3 class=\"elementor-heading-title elementor-size-default\"><a href=\"https:\/\/www.fiemg.com.br\/associativismo\/noticias\/fiemg-critica-aprovacao-da-pec-da-jornada-6x1-e-defende-preservacao-da-negociacao-coletiva-e-das-diferentes-escalas-de-trabalho\/\">FIEMG critica aprova\u00e7\u00e3o da PEC da jornada 6&#215;1 e defende preserva\u00e7\u00e3o da negocia\u00e7\u00e3o coletiva e das diferentes escalas de trabalho<\/a><\/h3>\t\t\t\t<\/div>\n\t\t\t\t<\/div>\n\t\t\t\t<\/div>\n\t\t\t\t<\/div>\n\t\t<\/div><div class=\"jet-listing-grid__item jet-listing-dynamic-post-5352 elementor-dcss-3779965640333082\" data-post-id=\"5352\"  >\t\t<div data-elementor-type=\"jet-listing-items\" data-elementor-id=\"3887\" class=\"elementor elementor-3887\" data-elementor-post-type=\"jet-engine\">\n\t\t\t\t<div class=\"has_ae_slider elementor-element elementor-element-eb33079 e-con-full e-flex ae-bg-gallery-type-default e-con e-parent\" data-id=\"eb33079\" data-element_type=\"container\" data-e-type=\"container\" data-settings=\"{&quot;jet_parallax_layout_list&quot;:[]}\">\n\t\t<div class=\"has_ae_slider elementor-element elementor-element-2514dd1 e-con-full e-flex ae-bg-gallery-type-default e-con e-child\" data-id=\"2514dd1\" data-element_type=\"container\" data-e-type=\"container\" data-settings=\"{&quot;jet_parallax_layout_list&quot;:[]}\">\n\t\t\t\t<div class=\"elementor-element elementor-element-402a511 elementor-widget elementor-widget-image\" data-id=\"402a511\" data-element_type=\"widget\" data-e-type=\"widget\" data-widget_type=\"image.default\">\n\t\t\t\t<div class=\"elementor-widget-container\">\n\t\t\t\t\t\t\t\t\t\t\t\t<figure class=\"wp-caption\">\n\t\t\t\t\t\t\t\t\t\t\t<a href=\"https:\/\/www.fiemg.com.br\/associativismo\/noticias\/copasa-challenge-fiemg-lab-busca-solucoes-para-desafios-estrategicos-da-companhia-de-saneamento-mineira\/\">\n\t\t\t\t\t\t\t<img decoding=\"async\" src=\"https:\/\/www.fiemg.com.br\/associativismo\/wp-content\/uploads\/sites\/29\/elementor\/thumbs\/default-qktp26zy97e27wwb1237qt2fqyar8fyg8qlpia3bpc.png\" title=\"default\" alt=\"default\" loading=\"lazy\" \/>\t\t\t\t\t\t\t\t<\/a>\n\t\t\t\t\t\t\t\t\t\t\t<figcaption class=\"widget-image-caption wp-caption-text\"><\/figcaption>\n\t\t\t\t\t\t\t\t\t\t<\/figure>\n\t\t\t\t\t\t\t\t\t<\/div>\n\t\t\t\t<\/div>\n\t\t\t\t<\/div>\n\t\t\t\t<div class=\"elementor-element elementor-element-6cc2dce elementor-widget elementor-widget-jet-listing-dynamic-meta\" data-id=\"6cc2dce\" data-element_type=\"widget\" data-e-type=\"widget\" data-widget_type=\"jet-listing-dynamic-meta.default\">\n\t\t\t\t<div class=\"elementor-widget-container\">\n\t\t\t\t\t<div class=\"jet-listing jet-listing-dynamic-meta meta-layout-inline\"><div class=\"jet-listing-dynamic-meta__date jet-listing-dynamic-meta__item\"><a href=\"https:\/\/www.fiemg.com.br\/associativismo\/noticias\/copasa-challenge-fiemg-lab-busca-solucoes-para-desafios-estrategicos-da-companhia-de-saneamento-mineira\/\" class=\"jet-listing-dynamic-meta__item-val\"><time datetime=\"2026-08-31T15:53:25-03:00\">31\/08\/2026<\/time><\/a><\/div><\/div>\t\t\t\t<\/div>\n\t\t\t\t<\/div>\n\t\t\t\t<div class=\"elementor-element elementor-element-c43500c elementor-widget elementor-widget-heading\" data-id=\"c43500c\" data-element_type=\"widget\" data-e-type=\"widget\" data-widget_type=\"heading.default\">\n\t\t\t\t<div class=\"elementor-widget-container\">\n\t\t\t\t\t<h3 class=\"elementor-heading-title elementor-size-default\"><a href=\"https:\/\/www.fiemg.com.br\/associativismo\/noticias\/copasa-challenge-fiemg-lab-busca-solucoes-para-desafios-estrategicos-da-companhia-de-saneamento-mineira\/\">Copasa Challenge FIEMG Lab busca solu\u00e7\u00f5es para desafios estrat\u00e9gicos da companhia de saneamento mineira<\/a><\/h3>\t\t\t\t<\/div>\n\t\t\t\t<\/div>\n\t\t\t\t<\/div>\n\t\t\t\t<\/div>\n\t\t<\/div><div class=\"jet-listing-grid__item jet-listing-dynamic-post-5341 elementor-dcss-3779965648339000\" data-post-id=\"5341\"  >\t\t<div data-elementor-type=\"jet-listing-items\" data-elementor-id=\"3887\" class=\"elementor elementor-3887\" data-elementor-post-type=\"jet-engine\">\n\t\t\t\t<div class=\"has_ae_slider elementor-element elementor-element-eb33079 e-con-full e-flex ae-bg-gallery-type-default e-con e-parent\" data-id=\"eb33079\" data-element_type=\"container\" data-e-type=\"container\" data-settings=\"{&quot;jet_parallax_layout_list&quot;:[]}\">\n\t\t<div class=\"has_ae_slider elementor-element elementor-element-2514dd1 e-con-full e-flex ae-bg-gallery-type-default e-con e-child\" data-id=\"2514dd1\" data-element_type=\"container\" data-e-type=\"container\" data-settings=\"{&quot;jet_parallax_layout_list&quot;:[]}\">\n\t\t\t\t<div class=\"elementor-element elementor-element-402a511 elementor-widget elementor-widget-image\" data-id=\"402a511\" data-element_type=\"widget\" data-e-type=\"widget\" data-widget_type=\"image.default\">\n\t\t\t\t<div class=\"elementor-widget-container\">\n\t\t\t\t\t\t\t\t\t\t\t\t<figure class=\"wp-caption\">\n\t\t\t\t\t\t\t\t\t\t\t<a href=\"https:\/\/www.fiemg.com.br\/associativismo\/noticias\/sesi-abre-vagas-em-todas-as-unidades-de-minas-gerais\/\">\n\t\t\t\t\t\t\t<img decoding=\"async\" src=\"https:\/\/www.fiemg.com.br\/associativismo\/wp-content\/uploads\/sites\/29\/elementor\/thumbs\/Banner-3-\u2014-512-x-512-px_6349813_8366860_5888829_4239013-rsq99zbqpn84ryaq9ld7j8js491qhyvphy8of7g4xs.png\" title=\"Escolas SESI est\u00e3o com mais de 7 mil vagas abertas para 2027\" alt=\"Escolas SESI est\u00e3o com mais de 7 mil vagas abertas para 2027\" loading=\"lazy\" \/>\t\t\t\t\t\t\t\t<\/a>\n\t\t\t\t\t\t\t\t\t\t\t<figcaption class=\"widget-image-caption wp-caption-text\"><\/figcaption>\n\t\t\t\t\t\t\t\t\t\t<\/figure>\n\t\t\t\t\t\t\t\t\t<\/div>\n\t\t\t\t<\/div>\n\t\t\t\t<\/div>\n\t\t\t\t<div class=\"elementor-element elementor-element-6cc2dce elementor-widget elementor-widget-jet-listing-dynamic-meta\" data-id=\"6cc2dce\" data-element_type=\"widget\" data-e-type=\"widget\" data-widget_type=\"jet-listing-dynamic-meta.default\">\n\t\t\t\t<div class=\"elementor-widget-container\">\n\t\t\t\t\t<div class=\"jet-listing jet-listing-dynamic-meta meta-layout-inline\"><div class=\"jet-listing-dynamic-meta__date jet-listing-dynamic-meta__item\"><a href=\"https:\/\/www.fiemg.com.br\/associativismo\/noticias\/sesi-abre-vagas-em-todas-as-unidades-de-minas-gerais\/\" class=\"jet-listing-dynamic-meta__item-val\"><time datetime=\"2026-08-31T14:00:00-03:00\">31\/08\/2026<\/time><\/a><\/div><\/div>\t\t\t\t<\/div>\n\t\t\t\t<\/div>\n\t\t\t\t<div class=\"elementor-element elementor-element-c43500c elementor-widget elementor-widget-heading\" data-id=\"c43500c\" data-element_type=\"widget\" data-e-type=\"widget\" data-widget_type=\"heading.default\">\n\t\t\t\t<div class=\"elementor-widget-container\">\n\t\t\t\t\t<h3 class=\"elementor-heading-title elementor-size-default\"><a href=\"https:\/\/www.fiemg.com.br\/associativismo\/noticias\/sesi-abre-vagas-em-todas-as-unidades-de-minas-gerais\/\">Inscri\u00e7\u00f5es para processo seletivo das Escolas SESI terminam em 6 de setembro<\/a><\/h3>\t\t\t\t<\/div>\n\t\t\t\t<\/div>\n\t\t\t\t<\/div>\n\t\t\t\t<\/div>\n\t\t<\/div><div class=\"jet-listing-grid__item jet-listing-dynamic-post-5338 elementor-dcss-3779965656501604\" data-post-id=\"5338\"  >\t\t<div data-elementor-type=\"jet-listing-items\" data-elementor-id=\"3887\" class=\"elementor elementor-3887\" data-elementor-post-type=\"jet-engine\">\n\t\t\t\t<div class=\"has_ae_slider elementor-element elementor-element-eb33079 e-con-full e-flex ae-bg-gallery-type-default e-con e-parent\" data-id=\"eb33079\" data-element_type=\"container\" data-e-type=\"container\" data-settings=\"{&quot;jet_parallax_layout_list&quot;:[]}\">\n\t\t<div class=\"has_ae_slider elementor-element elementor-element-2514dd1 e-con-full e-flex ae-bg-gallery-type-default e-con e-child\" data-id=\"2514dd1\" data-element_type=\"container\" data-e-type=\"container\" data-settings=\"{&quot;jet_parallax_layout_list&quot;:[]}\">\n\t\t\t\t<div class=\"elementor-element elementor-element-402a511 elementor-widget elementor-widget-image\" data-id=\"402a511\" data-element_type=\"widget\" data-e-type=\"widget\" data-widget_type=\"image.default\">\n\t\t\t\t<div class=\"elementor-widget-container\">\n\t\t\t\t\t\t\t\t\t\t\t\t<figure class=\"wp-caption\">\n\t\t\t\t\t\t\t\t\t\t\t<a href=\"https:\/\/www.fiemg.com.br\/associativismo\/noticias\/viridis-entrega-lote-de-terras-raras-produzido-em-pocos-de-caldas-ao-cit-senai-itr\/\">\n\t\t\t\t\t\t\t<img decoding=\"async\" src=\"https:\/\/www.fiemg.com.br\/associativismo\/wp-content\/uploads\/sites\/29\/elementor\/thumbs\/viridis-terras-raras-mineral-laboratorio-2-rskust5w6l5evhw16sr77giekqxh1vpsldd0ay5kao.jpg\" title=\"Viridis entrega lote de terras raras produzido em Po\u00e7os de Caldas ao CIT SENAI ITR\" alt=\"Viridis entrega lote de terras raras produzido em Po\u00e7os de Caldas ao CIT SENAI ITR\" loading=\"lazy\" \/>\t\t\t\t\t\t\t\t<\/a>\n\t\t\t\t\t\t\t\t\t\t\t<figcaption class=\"widget-image-caption wp-caption-text\"><\/figcaption>\n\t\t\t\t\t\t\t\t\t\t<\/figure>\n\t\t\t\t\t\t\t\t\t<\/div>\n\t\t\t\t<\/div>\n\t\t\t\t<\/div>\n\t\t\t\t<div class=\"elementor-element elementor-element-6cc2dce elementor-widget elementor-widget-jet-listing-dynamic-meta\" data-id=\"6cc2dce\" data-element_type=\"widget\" data-e-type=\"widget\" data-widget_type=\"jet-listing-dynamic-meta.default\">\n\t\t\t\t<div class=\"elementor-widget-container\">\n\t\t\t\t\t<div class=\"jet-listing jet-listing-dynamic-meta meta-layout-inline\"><div class=\"jet-listing-dynamic-meta__date jet-listing-dynamic-meta__item\"><a href=\"https:\/\/www.fiemg.com.br\/associativismo\/noticias\/viridis-entrega-lote-de-terras-raras-produzido-em-pocos-de-caldas-ao-cit-senai-itr\/\" class=\"jet-listing-dynamic-meta__item-val\"><time datetime=\"2026-08-28T13:24:48-03:00\">28\/08\/2026<\/time><\/a><\/div><\/div>\t\t\t\t<\/div>\n\t\t\t\t<\/div>\n\t\t\t\t<div class=\"elementor-element elementor-element-c43500c elementor-widget elementor-widget-heading\" data-id=\"c43500c\" data-element_type=\"widget\" data-e-type=\"widget\" data-widget_type=\"heading.default\">\n\t\t\t\t<div class=\"elementor-widget-container\">\n\t\t\t\t\t<h3 class=\"elementor-heading-title elementor-size-default\"><a href=\"https:\/\/www.fiemg.com.br\/associativismo\/noticias\/viridis-entrega-lote-de-terras-raras-produzido-em-pocos-de-caldas-ao-cit-senai-itr\/\">Viridis entrega lote de terras raras produzido em Po\u00e7os de Caldas ao CIT SENAI ITR<\/a><\/h3>\t\t\t\t<\/div>\n\t\t\t\t<\/div>\n\t\t\t\t<\/div>\n\t\t\t\t<\/div>\n\t\t<\/div><div class=\"jet-listing-grid__item jet-listing-dynamic-post-5335 elementor-dcss-3779965663823636\" data-post-id=\"5335\"  >\t\t<div data-elementor-type=\"jet-listing-items\" data-elementor-id=\"3887\" class=\"elementor elementor-3887\" data-elementor-post-type=\"jet-engine\">\n\t\t\t\t<div class=\"has_ae_slider elementor-element elementor-element-eb33079 e-con-full e-flex ae-bg-gallery-type-default e-con e-parent\" data-id=\"eb33079\" data-element_type=\"container\" data-e-type=\"container\" data-settings=\"{&quot;jet_parallax_layout_list&quot;:[]}\">\n\t\t<div class=\"has_ae_slider elementor-element elementor-element-2514dd1 e-con-full e-flex ae-bg-gallery-type-default e-con e-child\" data-id=\"2514dd1\" data-element_type=\"container\" data-e-type=\"container\" data-settings=\"{&quot;jet_parallax_layout_list&quot;:[]}\">\n\t\t\t\t<div class=\"elementor-element elementor-element-402a511 elementor-widget elementor-widget-image\" data-id=\"402a511\" data-element_type=\"widget\" data-e-type=\"widget\" data-widget_type=\"image.default\">\n\t\t\t\t<div class=\"elementor-widget-container\">\n\t\t\t\t\t\t\t\t\t\t\t\t<figure class=\"wp-caption\">\n\t\t\t\t\t\t\t\t\t\t\t<a href=\"https:\/\/www.fiemg.com.br\/associativismo\/noticias\/conselho-tributario-debate-avancos-na-arbitragem-fiscal\/\">\n\t\t\t\t\t\t\t<img decoding=\"async\" src=\"https:\/\/www.fiemg.com.br\/associativismo\/wp-content\/uploads\/sites\/29\/elementor\/thumbs\/conselho-tributario-fiemg-reuniao-agosto-rsjbu8ryb0n4cjv8mjw5pqqvof14m2y18dkrszslq8.jpg\" title=\"Conselho Tribut\u00e1rio debate avan\u00e7os na arbitragem fiscal\" alt=\"Conselho Tribut\u00e1rio debate avan\u00e7os na arbitragem fiscal\" loading=\"lazy\" \/>\t\t\t\t\t\t\t\t<\/a>\n\t\t\t\t\t\t\t\t\t\t\t<figcaption class=\"widget-image-caption wp-caption-text\"><\/figcaption>\n\t\t\t\t\t\t\t\t\t\t<\/figure>\n\t\t\t\t\t\t\t\t\t<\/div>\n\t\t\t\t<\/div>\n\t\t\t\t<\/div>\n\t\t\t\t<div class=\"elementor-element elementor-element-6cc2dce elementor-widget elementor-widget-jet-listing-dynamic-meta\" data-id=\"6cc2dce\" data-element_type=\"widget\" data-e-type=\"widget\" data-widget_type=\"jet-listing-dynamic-meta.default\">\n\t\t\t\t<div class=\"elementor-widget-container\">\n\t\t\t\t\t<div class=\"jet-listing jet-listing-dynamic-meta meta-layout-inline\"><div class=\"jet-listing-dynamic-meta__date jet-listing-dynamic-meta__item\"><a href=\"https:\/\/www.fiemg.com.br\/associativismo\/noticias\/conselho-tributario-debate-avancos-na-arbitragem-fiscal\/\" class=\"jet-listing-dynamic-meta__item-val\"><time datetime=\"2026-08-27T16:21:47-03:00\">27\/08\/2026<\/time><\/a><\/div><\/div>\t\t\t\t<\/div>\n\t\t\t\t<\/div>\n\t\t\t\t<div class=\"elementor-element elementor-element-c43500c elementor-widget elementor-widget-heading\" data-id=\"c43500c\" data-element_type=\"widget\" data-e-type=\"widget\" data-widget_type=\"heading.default\">\n\t\t\t\t<div class=\"elementor-widget-container\">\n\t\t\t\t\t<h3 class=\"elementor-heading-title elementor-size-default\"><a href=\"https:\/\/www.fiemg.com.br\/associativismo\/noticias\/conselho-tributario-debate-avancos-na-arbitragem-fiscal\/\">Conselho Tribut\u00e1rio debate avan\u00e7os na arbitragem fiscal<\/a><\/h3>\t\t\t\t<\/div>\n\t\t\t\t<\/div>\n\t\t\t\t<\/div>\n\t\t\t\t<\/div>\n\t\t<\/div><\/div><div class=\"jet-listing-grid__loader\"><div class=\"jet-listing-grid__loader-spinner\"><\/div><div class=\"jet-listing-grid__loader-text\">Carregando...<\/div><\/div><\/div>\t\t\t\t<\/div>\n\t\t\t\t<\/div>\n\t\t\t\t<div class=\"elementor-element elementor-element-e91df51 elementor-align-center elementor-widget elementor-widget-button\" data-id=\"e91df51\" data-element_type=\"widget\" data-e-type=\"widget\" data-widget_type=\"button.default\">\n\t\t\t\t<div class=\"elementor-widget-container\">\n\t\t\t\t\t\t\t\t\t<div class=\"elementor-button-wrapper\">\n\t\t\t\t\t<a class=\"elementor-button elementor-size-md\" role=\"button\">\n\t\t\t\t\t\t<span class=\"elementor-button-content-wrapper\">\n\t\t\t\t\t\t\t\t\t<span class=\"elementor-button-text\">Mais not\u00edcias<\/span>\n\t\t\t\t\t<\/span>\n\t\t\t\t\t<\/a>\n\t\t\t\t<\/div>\n\t\t\t\t\t\t\t\t<\/div>\n\t\t\t\t<\/div>\n\t\t\t\t\t<\/div>\n\t\t\t\t<\/div>\n\t\t\t\t<\/div>\n\t\t","protected":false},"excerpt":{"rendered":"<p>Not\u00edcias 05\/06\/2025 05\/06\/2025 04\/06\/2025 04\/06\/2025 04\/06\/2025 04\/06\/2025 04\/06\/2025 04\/06\/2025 Carregando&#8230; Mais not\u00edcias<\/p>\n","protected":false},"author":1,"featured_media":1418,"parent":0,"menu_order":110,"comment_status":"closed","ping_status":"closed","template":"elementor_canvas","meta":{"footnotes":""},"class_list":["post-1323","page","type-page","status-publish","has-post-thumbnail","hentry"],"acf":[],"yoast_head":"<!-- This site is optimized with the Yoast SEO plugin v27.7 - https:\/\/yoast.com\/product\/yoast-seo-wordpress\/ -->\n<title>Noticias - Associativismo<\/title>\n<meta name=\"robots\" content=\"index, follow, max-snippet:-1, max-image-preview:large, max-video-preview:-1\" \/>\n<link rel=\"canonical\" href=\"https:\/\/www.fiemg.com.br\/associativismo\/noticias\/\" \/>\n<meta property=\"og:locale\" content=\"pt_BR\" \/>\n<meta property=\"og:type\" content=\"article\" \/>\n<meta property=\"og:title\" content=\"Noticias - Associativismo\" \/>\n<meta property=\"og:description\" content=\"Not\u00edcias 05\/06\/2025 05\/06\/2025 04\/06\/2025 04\/06\/2025 04\/06\/2025 04\/06\/2025 04\/06\/2025 04\/06\/2025 Carregando&#8230; Mais not\u00edcias\" \/>\n<meta property=\"og:url\" content=\"https:\/\/www.fiemg.com.br\/associativismo\/noticias\/\" \/>\n<meta property=\"og:site_name\" content=\"Associativismo\" \/>\n<meta property=\"article:modified_time\" content=\"2025-06-05T15:46:30+00:00\" \/>\n<meta property=\"og:image\" content=\"https:\/\/www.fiemg.com.br\/associativismo\/wp-content\/uploads\/sites\/29\/2023\/07\/default.png\" \/>\n\t<meta property=\"og:image:width\" content=\"300\" \/>\n\t<meta property=\"og:image:height\" content=\"300\" \/>\n\t<meta property=\"og:image:type\" content=\"image\/png\" \/>\n<meta name=\"twitter:card\" content=\"summary_large_image\" \/>\n<script type=\"application\/ld+json\" class=\"yoast-schema-graph\">{\"@context\":\"https:\\\/\\\/schema.org\",\"@graph\":[{\"@type\":\"WebPage\",\"@id\":\"https:\\\/\\\/www.fiemg.com.br\\\/associativismo\\\/noticias\\\/\",\"url\":\"https:\\\/\\\/www.fiemg.com.br\\\/associativismo\\\/noticias\\\/\",\"name\":\"Noticias - Associativismo\",\"isPartOf\":{\"@id\":\"https:\\\/\\\/www.fiemg.com.br\\\/associativismo\\\/#website\"},\"primaryImageOfPage\":{\"@id\":\"https:\\\/\\\/www.fiemg.com.br\\\/associativismo\\\/noticias\\\/#primaryimage\"},\"image\":{\"@id\":\"https:\\\/\\\/www.fiemg.com.br\\\/associativismo\\\/noticias\\\/#primaryimage\"},\"thumbnailUrl\":\"https:\\\/\\\/www.fiemg.com.br\\\/associativismo\\\/wp-content\\\/uploads\\\/sites\\\/29\\\/2023\\\/08\\\/default.png\",\"datePublished\":\"2023-06-24T23:54:46+00:00\",\"dateModified\":\"2025-06-05T15:46:30+00:00\",\"breadcrumb\":{\"@id\":\"https:\\\/\\\/www.fiemg.com.br\\\/associativismo\\\/noticias\\\/#breadcrumb\"},\"inLanguage\":\"pt-BR\",\"potentialAction\":[{\"@type\":\"ReadAction\",\"target\":[\"https:\\\/\\\/www.fiemg.com.br\\\/associativismo\\\/noticias\\\/\"]}]},{\"@type\":\"ImageObject\",\"inLanguage\":\"pt-BR\",\"@id\":\"https:\\\/\\\/www.fiemg.com.br\\\/associativismo\\\/noticias\\\/#primaryimage\",\"url\":\"https:\\\/\\\/www.fiemg.com.br\\\/associativismo\\\/wp-content\\\/uploads\\\/sites\\\/29\\\/2023\\\/08\\\/default.png\",\"contentUrl\":\"https:\\\/\\\/www.fiemg.com.br\\\/associativismo\\\/wp-content\\\/uploads\\\/sites\\\/29\\\/2023\\\/08\\\/default.png\",\"width\":300,\"height\":300},{\"@type\":\"BreadcrumbList\",\"@id\":\"https:\\\/\\\/www.fiemg.com.br\\\/associativismo\\\/noticias\\\/#breadcrumb\",\"itemListElement\":[{\"@type\":\"ListItem\",\"position\":1,\"name\":\"In\u00edcio\",\"item\":\"https:\\\/\\\/www.fiemg.com.br\\\/associativismo\\\/\"},{\"@type\":\"ListItem\",\"position\":2,\"name\":\"Noticias\"}]},{\"@type\":\"WebSite\",\"@id\":\"https:\\\/\\\/www.fiemg.com.br\\\/associativismo\\\/#website\",\"url\":\"https:\\\/\\\/www.fiemg.com.br\\\/associativismo\\\/\",\"name\":\"Associativismo\",\"description\":\"Federa\u00e7\u00e3o das Ind\u00fastrias do Estado de Minas Gerais\",\"publisher\":{\"@id\":\"https:\\\/\\\/www.fiemg.com.br\\\/associativismo\\\/#organization\"},\"potentialAction\":[{\"@type\":\"SearchAction\",\"target\":{\"@type\":\"EntryPoint\",\"urlTemplate\":\"https:\\\/\\\/www.fiemg.com.br\\\/associativismo\\\/?s={search_term_string}\"},\"query-input\":{\"@type\":\"PropertyValueSpecification\",\"valueRequired\":true,\"valueName\":\"search_term_string\"}}],\"inLanguage\":\"pt-BR\"},{\"@type\":\"Organization\",\"@id\":\"https:\\\/\\\/www.fiemg.com.br\\\/associativismo\\\/#organization\",\"name\":\"Associativismo\",\"url\":\"https:\\\/\\\/www.fiemg.com.br\\\/associativismo\\\/\",\"logo\":{\"@type\":\"ImageObject\",\"inLanguage\":\"pt-BR\",\"@id\":\"https:\\\/\\\/www.fiemg.com.br\\\/associativismo\\\/#\\\/schema\\\/logo\\\/image\\\/\",\"url\":\"https:\\\/\\\/www.fiemg.com.br\\\/associativismo\\\/wp-content\\\/uploads\\\/sites\\\/29\\\/2023\\\/02\\\/fiemg_branco.svg\",\"contentUrl\":\"https:\\\/\\\/www.fiemg.com.br\\\/associativismo\\\/wp-content\\\/uploads\\\/sites\\\/29\\\/2023\\\/02\\\/fiemg_branco.svg\",\"width\":561,\"height\":147,\"caption\":\"Associativismo\"},\"image\":{\"@id\":\"https:\\\/\\\/www.fiemg.com.br\\\/associativismo\\\/#\\\/schema\\\/logo\\\/image\\\/\"}}]}<\/script>\n<!-- \/ Yoast SEO plugin. -->","yoast_head_json":{"title":"Noticias - Associativismo","robots":{"index":"index","follow":"follow","max-snippet":"max-snippet:-1","max-image-preview":"max-image-preview:large","max-video-preview":"max-video-preview:-1"},"canonical":"https:\/\/www.fiemg.com.br\/associativismo\/noticias\/","og_locale":"pt_BR","og_type":"article","og_title":"Noticias - Associativismo","og_description":"Not\u00edcias 05\/06\/2025 05\/06\/2025 04\/06\/2025 04\/06\/2025 04\/06\/2025 04\/06\/2025 04\/06\/2025 04\/06\/2025 Carregando&#8230; Mais not\u00edcias","og_url":"https:\/\/www.fiemg.com.br\/associativismo\/noticias\/","og_site_name":"Associativismo","article_modified_time":"2025-06-05T15:46:30+00:00","og_image":[{"width":300,"height":300,"url":"https:\/\/www.fiemg.com.br\/associativismo\/wp-content\/uploads\/sites\/29\/2023\/07\/default.png","type":"image\/png"}],"twitter_card":"summary_large_image","schema":{"@context":"https:\/\/schema.org","@graph":[{"@type":"WebPage","@id":"https:\/\/www.fiemg.com.br\/associativismo\/noticias\/","url":"https:\/\/www.fiemg.com.br\/associativismo\/noticias\/","name":"Noticias - Associativismo","isPartOf":{"@id":"https:\/\/www.fiemg.com.br\/associativismo\/#website"},"primaryImageOfPage":{"@id":"https:\/\/www.fiemg.com.br\/associativismo\/noticias\/#primaryimage"},"image":{"@id":"https:\/\/www.fiemg.com.br\/associativismo\/noticias\/#primaryimage"},"thumbnailUrl":"https:\/\/www.fiemg.com.br\/associativismo\/wp-content\/uploads\/sites\/29\/2023\/08\/default.png","datePublished":"2023-06-24T23:54:46+00:00","dateModified":"2025-06-05T15:46:30+00:00","breadcrumb":{"@id":"https:\/\/www.fiemg.com.br\/associativismo\/noticias\/#breadcrumb"},"inLanguage":"pt-BR","potentialAction":[{"@type":"ReadAction","target":["https:\/\/www.fiemg.com.br\/associativismo\/noticias\/"]}]},{"@type":"ImageObject","inLanguage":"pt-BR","@id":"https:\/\/www.fiemg.com.br\/associativismo\/noticias\/#primaryimage","url":"https:\/\/www.fiemg.com.br\/associativismo\/wp-content\/uploads\/sites\/29\/2023\/08\/default.png","contentUrl":"https:\/\/www.fiemg.com.br\/associativismo\/wp-content\/uploads\/sites\/29\/2023\/08\/default.png","width":300,"height":300},{"@type":"BreadcrumbList","@id":"https:\/\/www.fiemg.com.br\/associativismo\/noticias\/#breadcrumb","itemListElement":[{"@type":"ListItem","position":1,"name":"In\u00edcio","item":"https:\/\/www.fiemg.com.br\/associativismo\/"},{"@type":"ListItem","position":2,"name":"Noticias"}]},{"@type":"WebSite","@id":"https:\/\/www.fiemg.com.br\/associativismo\/#website","url":"https:\/\/www.fiemg.com.br\/associativismo\/","name":"Associativismo","description":"Federa\u00e7\u00e3o das Ind\u00fastrias do Estado de Minas Gerais","publisher":{"@id":"https:\/\/www.fiemg.com.br\/associativismo\/#organization"},"potentialAction":[{"@type":"SearchAction","target":{"@type":"EntryPoint","urlTemplate":"https:\/\/www.fiemg.com.br\/associativismo\/?s={search_term_string}"},"query-input":{"@type":"PropertyValueSpecification","valueRequired":true,"valueName":"search_term_string"}}],"inLanguage":"pt-BR"},{"@type":"Organization","@id":"https:\/\/www.fiemg.com.br\/associativismo\/#organization","name":"Associativismo","url":"https:\/\/www.fiemg.com.br\/associativismo\/","logo":{"@type":"ImageObject","inLanguage":"pt-BR","@id":"https:\/\/www.fiemg.com.br\/associativismo\/#\/schema\/logo\/image\/","url":"https:\/\/www.fiemg.com.br\/associativismo\/wp-content\/uploads\/sites\/29\/2023\/02\/fiemg_branco.svg","contentUrl":"https:\/\/www.fiemg.com.br\/associativismo\/wp-content\/uploads\/sites\/29\/2023\/02\/fiemg_branco.svg","width":561,"height":147,"caption":"Associativismo"},"image":{"@id":"https:\/\/www.fiemg.com.br\/associativismo\/#\/schema\/logo\/image\/"}}]}},"_links":{"self":[{"href":"https:\/\/www.fiemg.com.br\/associativismo\/wp-json\/wp\/v2\/pages\/1323","targetHints":{"allow":["GET"]}}],"collection":[{"href":"https:\/\/www.fiemg.com.br\/associativismo\/wp-json\/wp\/v2\/pages"}],"about":[{"href":"https:\/\/www.fiemg.com.br\/associativismo\/wp-json\/wp\/v2\/types\/page"}],"author":[{"embeddable":true,"href":"https:\/\/www.fiemg.com.br\/associativismo\/wp-json\/wp\/v2\/users\/1"}],"replies":[{"embeddable":true,"href":"https:\/\/www.fiemg.com.br\/associativismo\/wp-json\/wp\/v2\/comments?post=1323"}],"version-history":[{"count":0,"href":"https:\/\/www.fiemg.com.br\/associativismo\/wp-json\/wp\/v2\/pages\/1323\/revisions"}],"wp:featuredmedia":[{"embeddable":true,"href":"https:\/\/www.fiemg.com.br\/associativismo\/wp-json\/wp\/v2\/media\/1418"}],"wp:attachment":[{"href":"https:\/\/www.fiemg.com.br\/associativismo\/wp-json\/wp\/v2\/media?parent=1323"}],"curies":[{"name":"wp","href":"https:\/\/api.w.org\/{rel}","templated":true}]}}