{"id":7404,"date":"2023-05-15T18:07:00","date_gmt":"2023-05-15T18:07:00","guid":{"rendered":"https:\/\/www.fiemg.com.br\/fiemg\/area-de-interesse\/sustentabilidade\/agenda-2030\/"},"modified":"2023-05-15T18:07:00","modified_gmt":"2023-05-15T18:07:00","slug":"agenda-2030","status":"publish","type":"area-de-interesse","link":"https:\/\/www.fiemg.com.br\/fiemg\/area-de-interesse\/sustentabilidade\/agenda-2030\/","title":{"rendered":"Agenda 2030"},"content":{"rendered":"\t\t<div data-elementor-type=\"wp-post\" data-elementor-id=\"7404\" class=\"elementor elementor-7404\" data-elementor-post-type=\"area-de-interesse\">\n\t\t\t\t<div class=\"has_ae_slider elementor-element elementor-element-7a061dfa e-flex e-con-boxed ae-bg-gallery-type-default e-con e-parent\" data-id=\"7a061dfa\" data-element_type=\"container\">\n\t\t\t\t\t<div class=\"e-con-inner\">\n\t\t\t\t<div class=\"elementor-element elementor-element-3ebf5b30 elementor-widget elementor-widget-text-editor\" data-id=\"3ebf5b30\" data-element_type=\"widget\" data-widget_type=\"text-editor.default\">\n\t\t\t\t<div class=\"elementor-widget-container\">\n\t\t\t\t\t\t\t\t\t<p><img fetchpriority=\"high\" decoding=\"async\" class=\"aligncenter\" src=\"https:\/\/www.fiemg.com.br\/fiemg\/wp-content\/uploads\/sites\/10\/2024\/12\/a5836685de370627eaa8ae61c8c5b0f4ada51eba90f276a15462c79c24f4ba37.jpg\" alt=\"\" width=\"940\" height=\"240\" \/><\/p><p>\u00a0<\/p><p><strong>Impulsione Seu Neg\u00f3cio com a Agenda 2030 para o Desenvolvimento Sustent\u00e1vel<\/strong><\/p><p class=\"xmsonormal\">Em setembro de 2015, l\u00edderes globais na Assembleia Geral das Na\u00e7\u00f5es Unidas comprometeram-se com um plano decisivo para promover o bem-estar das pessoas, proteger o planeta e garantir prosperidade para todos. Como signat\u00e1rio do Pacto Global da ONU, o Sistema FIEMG se dedica a mobilizar as ind\u00fastrias de Minas Gerais para contribu\u00edrem significativamente aos Objetivos de Desenvolvimento Sustent\u00e1vel (ODS).<\/p><p class=\"xmsonormal\" style=\"margin-bottom: 12.0pt\">Por meio de programas de capacita\u00e7\u00e3o, consultorias especializadas e uma rica sele\u00e7\u00e3o de conte\u00fado, preparamos a sua empresa para entender os desafios, as oportunidades e fazer a diferen\u00e7a.<\/p>\t\t\t\t\t\t\t\t<\/div>\n\t\t\t\t<\/div>\n\t\t\t\t<div class=\"elementor-element elementor-element-0dfa6ab elementor-align-center elementor-widget-mobile__width-inherit elementor-widget elementor-widget-button\" data-id=\"0dfa6ab\" data-element_type=\"widget\" data-widget_type=\"button.default\">\n\t\t\t\t<div class=\"elementor-widget-container\">\n\t\t\t\t\t\t\t\t\t<div class=\"elementor-button-wrapper\">\n\t\t\t\t\t<a class=\"elementor-button elementor-button-link elementor-size-sm\" href=\"https:\/\/portal.fiemg.com.br\/paraSuaEmpresa?busca=ODS\" target=\"_blank\">\n\t\t\t\t\t\t<span class=\"elementor-button-content-wrapper\">\n\t\t\t\t\t\t\t\t\t<span class=\"elementor-button-text\">Acesse Solu\u00e7\u00f5es ESG <\/span>\n\t\t\t\t\t<\/span>\n\t\t\t\t\t<\/a>\n\t\t\t\t<\/div>\n\t\t\t\t\t\t\t\t<\/div>\n\t\t\t\t<\/div>\n\t\t\t\t<div class=\"elementor-element elementor-element-356b7b0 elementor-widget elementor-widget-text-editor\" data-id=\"356b7b0\" data-element_type=\"widget\" data-widget_type=\"text-editor.default\">\n\t\t\t\t<div class=\"elementor-widget-container\">\n\t\t\t\t\t\t\t\t\t<p class=\"xmsonormal\"><strong>Aqui voc\u00ea encontra materiais para ajudar a sua empresa desenvolver estrat\u00e9gias sustent\u00e1veis, construir comunidades mais fortes e saud\u00e1veis e adotar pr\u00e1ticas de gest\u00e3o sustent\u00e1vel.<\/strong><\/p><p class=\"xmsonormal\"><strong>\u00a0<\/strong><\/p><table><tbody><tr><td><img decoding=\"async\" src=\"https:\/\/www.fiemg.com.br\/wp-content\/uploads\/2023\/04\/Livro-C.png\" alt=\"\" width=\"40\" height=\"56\" \/><\/td><td><strong><a href=\"https:\/\/www.fiemg.com.br\/wp-content\/uploads\/media\/SESI\/2019\/RESPONSABILIDADESOCIAL\/Guia-SESI-Agenda-2030-para-o-Desenvolvimento-Sustentavel_baixa.pdf\" target=\"_blank\" rel=\"noopener\">GUIA SESI\/FIEMG<\/a><\/strong><br \/><a href=\"https:\/\/www.fiemg.com.br\/wp-content\/uploads\/media\/SESI\/2023\/AGENDA2030\/0107-01_GRSE_Guia-Viol-ncia_Ebook-Vs02.pdf\" target=\"_blank\" rel=\"noopener\"><strong>Enfrentamento \u00e0 viol\u00eancia contra as mulheres e meninas<\/strong><\/a><br \/><em>Autor: Sistema FIEMG<\/em><\/td><\/tr><tr><td><img decoding=\"async\" src=\"https:\/\/www.fiemg.com.br\/wp-content\/uploads\/2023\/04\/Livro-C.png\" alt=\"\" width=\"40\" height=\"56\" \/><\/td><td><strong><a href=\"https:\/\/www.fiemg.com.br\/wp-content\/uploads\/media\/SESI\/2019\/RESPONSABILIDADESOCIAL\/Guia-SESI-Agenda-2030-para-o-Desenvolvimento-Sustentavel_baixa.pdf\" target=\"_blank\" rel=\"noopener\">GUIA SESI\/FIEMG<\/a><\/strong><strong><a href=\"https:\/\/www.fiemg.com.br\/wp-content\/uploads\/media\/SESI\/2019\/RESPONSABILIDADESOCIAL\/Guia-SESI-Agenda-2030-para-o-Desenvolvimento-Sustentavel_baixa.pdf\" target=\"_blank\" rel=\"noopener\">Agenda 2030 para o Desenvolvimento Sustent\u00e1vel<\/a><br \/><\/strong><em>Autor: Sistema FIEMG<\/em><\/td><\/tr><tr><td><a href=\"https:\/\/www.fiemg.com.br\/wp-content\/uploads\/media\/SESI\/2021\/RESPONSABILIDADESOCIAL\/Artigo-Lideran-a-Feminina.pdf\" target=\"_blank\" rel=\"noopener\"><img decoding=\"async\" src=\"https:\/\/www.fiemg.com.br\/wp-content\/uploads\/media\/SESI\/2019\/RESPONSABILIDADESOCIAL\/Livro-C.png\" alt=\"Livro-C.png\" width=\"40\" \/><\/a><\/td><td><a href=\"https:\/\/www.fiemg.com.br\/wp-content\/uploads\/media\/SESI\/2021\/RESPONSABILIDADESOCIAL\/Artigo-Lideran-a-Feminina.pdf\" target=\"_blank\" rel=\"noopener\"><strong>Artigo \u2013 Lideran\u00e7a Feminina<\/strong><\/a><br \/><em>Autora: Alessandra Rigueira\u00a0da Ger\u00eancia de Resp. Social<\/em><\/td><\/tr><tr><td><img decoding=\"async\" src=\"https:\/\/www.fiemg.com.br\/wp-content\/uploads\/2023\/04\/Livro-C.png\" alt=\"\" width=\"40\" height=\"56\" \/><\/td><td><a style=\"font-size: revert;font-family: inherit;font-weight: inherit\" href=\"https:\/\/www.fiemg.com.br\/wp-content\/uploads\/media\/SESI\/2021\/RESPONSABILIDADESOCIAL\/Artigo-Ind-stria-e-os-ODS.pdf\" target=\"_blank\" rel=\"noopener\"><strong>Artigo \u2013 Ind\u00fastria e os ODS<\/strong><\/a><br \/><em>Autoras:\u00a0L\u00edvia Mara de Moraes Rodrigues e Luciene Regina Araujo da Ger\u00eancia de Resp. Social<\/em><\/td><\/tr><tr><td><img decoding=\"async\" src=\"https:\/\/www.fiemg.com.br\/wp-content\/uploads\/2023\/04\/Livro-C.png\" alt=\"\" width=\"40\" height=\"56\" \/><\/td><td><strong><a href=\"https:\/\/www.fiemg.com.br\/wp-content\/uploads\/media\/SESI\/2019\/RESPONSABILIDADESOCIAL\/CEO_Guide_to_the_SDGs_POR.PDF\" target=\"_blank\" rel=\"noopener\">Guia do CEO para os Objetivos de Desenvolvimento Sustent\u00e1vel<\/a><br \/><\/strong><em>Fonte: CEBDS e\u00a0World Business Council for Sustainable Development (WBCSD)<\/em><\/td><\/tr><tr><td><img decoding=\"async\" src=\"https:\/\/www.fiemg.com.br\/wp-content\/uploads\/2023\/04\/Livro-C.png\" alt=\"\" width=\"40\" height=\"56\" \/><\/td><td><strong><a href=\"https:\/\/www.fiemg.com.br\/wp-content\/uploads\/media\/SESI\/2019\/RESPONSABILIDADESOCIAL\/Integracao_ODS_Estrategia_2018-Pacto-Global.pdf\" target=\"_blank\" rel=\"noopener\">Integra\u00e7\u00e3o dos ODS na Estrat\u00e9gia Empresarial<\/a><br \/><\/strong><em>Fonte: Pacto Global Brasil | PNUD | Prime Chapter Brazil<\/em><\/td><\/tr><tr><td><strong> <img decoding=\"async\" src=\"https:\/\/www.fiemg.com.br\/wp-content\/uploads\/2023\/04\/Livro-C.png\" alt=\"\" width=\"40\" height=\"56\" \/><\/strong><\/td><td><strong><a href=\"https:\/\/www.fiemg.com.br\/wp-content\/uploads\/media\/SESI\/2019\/RESPONSABILIDADESOCIAL\/SDG-Compass.pdf\" target=\"_blank\" rel=\"noopener\">SDG Compass<\/a><\/strong><strong><a href=\"https:\/\/www.fiemg.com.br\/wp-content\/uploads\/media\/SESI\/2019\/RESPONSABILIDADESOCIAL\/SDG-Compass.pdf\" target=\"_blank\" rel=\"noopener\">Diretrizes para Implementa\u00e7\u00e3o dos ODS na Estrat\u00e9gia dos Neg\u00f3cios<\/a><br \/><\/strong><em>Fonte: Pacto Global Brasil | GRI | WBCSD<\/em><\/td><\/tr><tr><td><img decoding=\"async\" src=\"https:\/\/www.fiemg.com.br\/wp-content\/uploads\/2023\/04\/Livro-C.png\" alt=\"\" width=\"40\" height=\"56\" \/><\/td><td><strong><a href=\"https:\/\/www.fiemg.com.br\/wp-content\/uploads\/media\/SESI\/2019\/RESPONSABILIDADESOCIAL\/Cartilha-A-import-ncia-dos-ODS-para-os-pequenos-neg-cios.pdf\" target=\"_blank\" rel=\"noopener\">A Import\u00e2ncia dos ODS para os Pequenos Neg\u00f3cios<\/a><br \/><\/strong><em>Fonte: Servi\u00e7o Brasileiro de Apoio \u00e0s Micro e Pequenas Empresas \u2013 SEBRAE<\/em><\/td><\/tr><tr><td><img decoding=\"async\" src=\"https:\/\/www.fiemg.com.br\/wp-content\/uploads\/2023\/04\/Livro-C.png\" alt=\"\" width=\"40\" height=\"56\" \/><\/td><td><strong><a href=\"https:\/\/www.fiemg.com.br\/wp-content\/uploads\/media\/SESI\/2019\/RESPONSABILIDADESOCIAL\/Atlas-Mapeando-a-Minera-o-e-os-Objetivos-do-Desenvolvimento-Sustent-vel.pdf\" target=\"_blank\" rel=\"noopener\">Atlas: Mapeando os Objetivos de Desenvolvimento Sustent\u00e1vel na Minera\u00e7\u00e3o<\/a><br \/><\/strong><em>Fonte: Centro de Columbia sobre Investimento Sustent\u00e1vel | PNUD | Rede Solu\u00e7\u00f5es de Desenvolvimento Sustent\u00e1vel das Na\u00e7\u00f5es Unidas | F\u00f3rum Econ\u00f4mico Mundial<\/em><\/td><\/tr><tr><td><img decoding=\"async\" src=\"https:\/\/www.fiemg.com.br\/wp-content\/uploads\/2023\/04\/Livro-C.png\" alt=\"\" width=\"40\" height=\"56\" \/><\/td><td><strong><a href=\"https:\/\/www.fiemg.com.br\/wp-content\/uploads\/media\/SESI\/2019\/RESPONSABILIDADESOCIAL\/TransformandoNossoMundo_AAgenda2030paraoDesenvolvimentoSustentavel.pdf\" target=\"_blank\" rel=\"noopener\">Transformando Nosso Mundo: A Agenda 2030 para o Desenvolvimento Sustent\u00e1vel<\/a><br \/><\/strong><em>Fonte: Organiza\u00e7\u00e3o das Na\u00e7\u00f5es Unidas<\/em><\/td><\/tr><tr><td><img decoding=\"async\" src=\"https:\/\/www.fiemg.com.br\/wp-content\/uploads\/2023\/04\/Livro-C.png\" alt=\"\" width=\"40\" height=\"56\" \/><\/td><td><a href=\"https:\/\/www.fiemg.com.br\/wp-content\/uploads\/media\/SESI\/2021\/RESPONSABILIDADESOCIAL\/Os-ODS-e-a-responsabilidade-individual-para-o-alcance-das-metas-v2.pdf\" target=\"_blank\" rel=\"noopener\"><strong>Agenda 2030 para o Desenvolvimento Sustent\u00e1vel<\/strong><\/a><br \/><em>Autor: Sistema FIEMG<\/em><\/td><\/tr><tr><td><img decoding=\"async\" src=\"https:\/\/www.fiemg.com.br\/wp-content\/uploads\/2023\/04\/Livro-C.png\" alt=\"\" width=\"040\" height=\"56\" \/><\/td><td><a href=\"https:\/\/www.fiemg.com.br\/wp-content\/uploads\/media\/SESI\/2021\/RESPONSABILIDADESOCIAL\/SO000121A_INT_ODSESG_EBOOK_saida.pdf\" target=\"_blank\" rel=\"noopener\"><b>ODS: Uma B\u00fassola para a Implementa\u00e7\u00e3o da Estrat\u00e9gia ESG<\/b><\/a><br \/><em>Autor: Sistema FIEMG<\/em><\/td><\/tr><tr><td><img decoding=\"async\" src=\"https:\/\/www.fiemg.com.br\/wp-content\/uploads\/2023\/04\/Livro-C.png\" alt=\"\" width=\"40\" height=\"56\" \/><\/td><td><p><a href=\"https:\/\/www.fiemg.com.br\/wp-content\/uploads\/2024\/04\/0072.01_GRSE_Voluntariado_Ebook_Interativo.pdf\" target=\"_blank\" rel=\"noopener\"><b>Voluntariado \u2013 Uma ferramenta de transforma\u00e7\u00e3o social<\/b><\/a><\/p><p><em>Autor: Sistema FIEMG<\/em><\/p><\/td><\/tr><tr><td><img decoding=\"async\" src=\"https:\/\/www.fiemg.com.br\/wp-content\/uploads\/2023\/04\/Livro-C.png\" alt=\"\" width=\"40\" height=\"56\" \/><\/td><td><p><a href=\"https:\/\/www.fiemg.com.br\/wp-content\/uploads\/2024\/04\/E-book-Direitos-Humanos.pdf\" target=\"_blank\" rel=\"noopener\"><b>Como as empresas podem prevenir a viola\u00e7\u00e3o aos direitos humanos<\/b><\/a><\/p><p><em>Autor: Sistema FIEMG<\/em><\/p><\/td><\/tr><tr><td><img decoding=\"async\" src=\"https:\/\/www.fiemg.com.br\/wp-content\/uploads\/2023\/04\/Livro-C.png\" alt=\"\" width=\"40\" height=\"56\" \/><\/td><td><a href=\"https:\/\/www.fiemg.com.br\/sesi-cultura\/wp-content\/uploads\/sites\/28\/2024\/05\/0177.01_GRSE_Ebook-Construindo-Pontes.pdf\" target=\"_blank\" rel=\"noopener\"><b>Construindo Pontes: Sensibiliza\u00e7\u00e3o na Contrata\u00e7\u00e3o de Pessoas Migrantes pelas Empresas<br \/><\/b><\/a><em>Autor: Sistema FIEMG<\/em><\/td><\/tr><\/tbody><\/table><h3>\u00a0<\/h3><h3>Saiba mais sobre os ODS nas empresas<\/h3><h4><strong>Contato:<\/strong><\/h4><h5><strong>Fone: (31) 3263-7762<\/strong><\/h5><h5><strong>Email: <\/strong><strong><a href=\"mailto:responsabilidadesocial@fiemg.com.br\">responsabilidadesocial@fiemg.com.br<\/a><\/strong><\/h5><p><img loading=\"lazy\" decoding=\"async\" src=\"https:\/\/www.fiemg.com.br\/fiemg\/wp-content\/uploads\/sites\/10\/2024\/12\/ods-vertical.jpg\" alt=\"\" width=\"300\" height=\"1307\" \/><\/p>\t\t\t\t\t\t\t\t<\/div>\n\t\t\t\t<\/div>\n\t\t\t\t\t<\/div>\n\t\t\t\t<\/div>\n\t\t\t\t<\/div>\n\t\t","protected":false},"featured_media":7405,"parent":1625,"menu_order":27,"template":"","categories":[],"tags":[],"categoria_areas_de_interesse":[42],"class_list":["post-7404","area-de-interesse","type-area-de-interesse","status-publish","has-post-thumbnail","hentry","categoria_areas_de_interesse-esg"],"acf":[],"yoast_head":"<!-- This site is optimized with the Yoast SEO plugin v26.2 - https:\/\/yoast.com\/wordpress\/plugins\/seo\/ -->\n<title>Agenda 2030 - FIEMG<\/title>\n<meta name=\"robots\" content=\"index, follow, max-snippet:-1, max-image-preview:large, max-video-preview:-1\" \/>\n<link rel=\"canonical\" href=\"https:\/\/www.fiemg.com.br\/fiemg\/area-de-interesse\/sustentabilidade\/agenda-2030\/\" \/>\n<meta property=\"og:locale\" content=\"pt_BR\" \/>\n<meta property=\"og:type\" content=\"article\" \/>\n<meta property=\"og:title\" content=\"Agenda 2030 - FIEMG\" \/>\n<meta property=\"og:description\" content=\"\u00a0 Impulsione Seu Neg\u00f3cio com a Agenda 2030 para o Desenvolvimento Sustent\u00e1vel Em setembro de 2015, l\u00edderes globais na Assembleia Geral das Na\u00e7\u00f5es Unidas comprometeram-se com um plano decisivo para promover o bem-estar das pessoas, proteger o planeta e garantir prosperidade para todos. Como signat\u00e1rio do Pacto Global da ONU, o Sistema FIEMG se dedica [&hellip;]\" \/>\n<meta property=\"og:url\" content=\"https:\/\/www.fiemg.com.br\/fiemg\/area-de-interesse\/sustentabilidade\/agenda-2030\/\" \/>\n<meta property=\"og:site_name\" content=\"FIEMG\" \/>\n<meta property=\"og:image\" content=\"https:\/\/www.fiemg.com.br\/fiemg\/wp-content\/uploads\/sites\/10\/2024\/12\/a5836685de370627eaa8ae61c8c5b0f4ada51eba90f276a15462c79c24f4ba37-1.jpg\" \/>\n\t<meta property=\"og:image:width\" content=\"940\" \/>\n\t<meta property=\"og:image:height\" content=\"240\" \/>\n\t<meta property=\"og:image:type\" content=\"image\/jpeg\" \/>\n<meta name=\"twitter:card\" content=\"summary_large_image\" \/>\n<meta name=\"twitter:label1\" content=\"Est. tempo de leitura\" \/>\n\t<meta name=\"twitter:data1\" content=\"6 minutos\" \/>\n<script type=\"application\/ld+json\" class=\"yoast-schema-graph\">{\"@context\":\"https:\/\/schema.org\",\"@graph\":[{\"@type\":\"WebPage\",\"@id\":\"https:\/\/www.fiemg.com.br\/fiemg\/area-de-interesse\/sustentabilidade\/agenda-2030\/\",\"url\":\"https:\/\/www.fiemg.com.br\/fiemg\/area-de-interesse\/sustentabilidade\/agenda-2030\/\",\"name\":\"Agenda 2030 - FIEMG\",\"isPartOf\":{\"@id\":\"https:\/\/www.fiemg.com.br\/fiemg\/#website\"},\"primaryImageOfPage\":{\"@id\":\"https:\/\/www.fiemg.com.br\/fiemg\/area-de-interesse\/sustentabilidade\/agenda-2030\/#primaryimage\"},\"image\":{\"@id\":\"https:\/\/www.fiemg.com.br\/fiemg\/area-de-interesse\/sustentabilidade\/agenda-2030\/#primaryimage\"},\"thumbnailUrl\":\"https:\/\/www.fiemg.com.br\/fiemg\/wp-content\/uploads\/sites\/10\/2024\/12\/a5836685de370627eaa8ae61c8c5b0f4ada51eba90f276a15462c79c24f4ba37-1.jpg\",\"datePublished\":\"2023-05-15T18:07:00+00:00\",\"breadcrumb\":{\"@id\":\"https:\/\/www.fiemg.com.br\/fiemg\/area-de-interesse\/sustentabilidade\/agenda-2030\/#breadcrumb\"},\"inLanguage\":\"pt-BR\",\"potentialAction\":[{\"@type\":\"ReadAction\",\"target\":[\"https:\/\/www.fiemg.com.br\/fiemg\/area-de-interesse\/sustentabilidade\/agenda-2030\/\"]}]},{\"@type\":\"ImageObject\",\"inLanguage\":\"pt-BR\",\"@id\":\"https:\/\/www.fiemg.com.br\/fiemg\/area-de-interesse\/sustentabilidade\/agenda-2030\/#primaryimage\",\"url\":\"https:\/\/www.fiemg.com.br\/fiemg\/wp-content\/uploads\/sites\/10\/2024\/12\/a5836685de370627eaa8ae61c8c5b0f4ada51eba90f276a15462c79c24f4ba37-1.jpg\",\"contentUrl\":\"https:\/\/www.fiemg.com.br\/fiemg\/wp-content\/uploads\/sites\/10\/2024\/12\/a5836685de370627eaa8ae61c8c5b0f4ada51eba90f276a15462c79c24f4ba37-1.jpg\",\"width\":940,\"height\":240,\"caption\":\"Agenda 2030\"},{\"@type\":\"BreadcrumbList\",\"@id\":\"https:\/\/www.fiemg.com.br\/fiemg\/area-de-interesse\/sustentabilidade\/agenda-2030\/#breadcrumb\",\"itemListElement\":[{\"@type\":\"ListItem\",\"position\":1,\"name\":\"In\u00edcio\",\"item\":\"https:\/\/www.fiemg.com.br\/fiemg\/\"},{\"@type\":\"ListItem\",\"position\":2,\"name\":\"Sustentabilidade\",\"item\":\"https:\/\/www.fiemg.com.br\/fiemg\/area-de-interesse\/sustentabilidade\/\"},{\"@type\":\"ListItem\",\"position\":3,\"name\":\"Agenda 2030\"}]},{\"@type\":\"WebSite\",\"@id\":\"https:\/\/www.fiemg.com.br\/fiemg\/#website\",\"url\":\"https:\/\/www.fiemg.com.br\/fiemg\/\",\"name\":\"FIEMG\",\"description\":\"Federa\u00e7\u00e3o das Ind\u00fastrias do Estado de Minas Gerais\",\"publisher\":{\"@id\":\"https:\/\/www.fiemg.com.br\/fiemg\/#organization\"},\"potentialAction\":[{\"@type\":\"SearchAction\",\"target\":{\"@type\":\"EntryPoint\",\"urlTemplate\":\"https:\/\/www.fiemg.com.br\/fiemg\/?s={search_term_string}\"},\"query-input\":{\"@type\":\"PropertyValueSpecification\",\"valueRequired\":true,\"valueName\":\"search_term_string\"}}],\"inLanguage\":\"pt-BR\"},{\"@type\":\"Organization\",\"@id\":\"https:\/\/www.fiemg.com.br\/fiemg\/#organization\",\"name\":\"FIEMG\",\"url\":\"https:\/\/www.fiemg.com.br\/fiemg\/\",\"logo\":{\"@type\":\"ImageObject\",\"inLanguage\":\"pt-BR\",\"@id\":\"https:\/\/www.fiemg.com.br\/fiemg\/#\/schema\/logo\/image\/\",\"url\":\"https:\/\/www.fiemg.com.br\/fiemg\/wp-content\/uploads\/sites\/10\/2023\/02\/fiemg_branco.svg\",\"contentUrl\":\"https:\/\/www.fiemg.com.br\/fiemg\/wp-content\/uploads\/sites\/10\/2023\/02\/fiemg_branco.svg\",\"width\":561,\"height\":147,\"caption\":\"FIEMG\"},\"image\":{\"@id\":\"https:\/\/www.fiemg.com.br\/fiemg\/#\/schema\/logo\/image\/\"}}]}<\/script>\n<!-- \/ Yoast SEO plugin. -->","yoast_head_json":{"title":"Agenda 2030 - FIEMG","robots":{"index":"index","follow":"follow","max-snippet":"max-snippet:-1","max-image-preview":"max-image-preview:large","max-video-preview":"max-video-preview:-1"},"canonical":"https:\/\/www.fiemg.com.br\/fiemg\/area-de-interesse\/sustentabilidade\/agenda-2030\/","og_locale":"pt_BR","og_type":"article","og_title":"Agenda 2030 - FIEMG","og_description":"\u00a0 Impulsione Seu Neg\u00f3cio com a Agenda 2030 para o Desenvolvimento Sustent\u00e1vel Em setembro de 2015, l\u00edderes globais na Assembleia Geral das Na\u00e7\u00f5es Unidas comprometeram-se com um plano decisivo para promover o bem-estar das pessoas, proteger o planeta e garantir prosperidade para todos. Como signat\u00e1rio do Pacto Global da ONU, o Sistema FIEMG se dedica [&hellip;]","og_url":"https:\/\/www.fiemg.com.br\/fiemg\/area-de-interesse\/sustentabilidade\/agenda-2030\/","og_site_name":"FIEMG","og_image":[{"width":940,"height":240,"url":"https:\/\/www.fiemg.com.br\/fiemg\/wp-content\/uploads\/sites\/10\/2024\/12\/a5836685de370627eaa8ae61c8c5b0f4ada51eba90f276a15462c79c24f4ba37-1.jpg","type":"image\/jpeg"}],"twitter_card":"summary_large_image","twitter_misc":{"Est. tempo de leitura":"6 minutos"},"schema":{"@context":"https:\/\/schema.org","@graph":[{"@type":"WebPage","@id":"https:\/\/www.fiemg.com.br\/fiemg\/area-de-interesse\/sustentabilidade\/agenda-2030\/","url":"https:\/\/www.fiemg.com.br\/fiemg\/area-de-interesse\/sustentabilidade\/agenda-2030\/","name":"Agenda 2030 - FIEMG","isPartOf":{"@id":"https:\/\/www.fiemg.com.br\/fiemg\/#website"},"primaryImageOfPage":{"@id":"https:\/\/www.fiemg.com.br\/fiemg\/area-de-interesse\/sustentabilidade\/agenda-2030\/#primaryimage"},"image":{"@id":"https:\/\/www.fiemg.com.br\/fiemg\/area-de-interesse\/sustentabilidade\/agenda-2030\/#primaryimage"},"thumbnailUrl":"https:\/\/www.fiemg.com.br\/fiemg\/wp-content\/uploads\/sites\/10\/2024\/12\/a5836685de370627eaa8ae61c8c5b0f4ada51eba90f276a15462c79c24f4ba37-1.jpg","datePublished":"2023-05-15T18:07:00+00:00","breadcrumb":{"@id":"https:\/\/www.fiemg.com.br\/fiemg\/area-de-interesse\/sustentabilidade\/agenda-2030\/#breadcrumb"},"inLanguage":"pt-BR","potentialAction":[{"@type":"ReadAction","target":["https:\/\/www.fiemg.com.br\/fiemg\/area-de-interesse\/sustentabilidade\/agenda-2030\/"]}]},{"@type":"ImageObject","inLanguage":"pt-BR","@id":"https:\/\/www.fiemg.com.br\/fiemg\/area-de-interesse\/sustentabilidade\/agenda-2030\/#primaryimage","url":"https:\/\/www.fiemg.com.br\/fiemg\/wp-content\/uploads\/sites\/10\/2024\/12\/a5836685de370627eaa8ae61c8c5b0f4ada51eba90f276a15462c79c24f4ba37-1.jpg","contentUrl":"https:\/\/www.fiemg.com.br\/fiemg\/wp-content\/uploads\/sites\/10\/2024\/12\/a5836685de370627eaa8ae61c8c5b0f4ada51eba90f276a15462c79c24f4ba37-1.jpg","width":940,"height":240,"caption":"Agenda 2030"},{"@type":"BreadcrumbList","@id":"https:\/\/www.fiemg.com.br\/fiemg\/area-de-interesse\/sustentabilidade\/agenda-2030\/#breadcrumb","itemListElement":[{"@type":"ListItem","position":1,"name":"In\u00edcio","item":"https:\/\/www.fiemg.com.br\/fiemg\/"},{"@type":"ListItem","position":2,"name":"Sustentabilidade","item":"https:\/\/www.fiemg.com.br\/fiemg\/area-de-interesse\/sustentabilidade\/"},{"@type":"ListItem","position":3,"name":"Agenda 2030"}]},{"@type":"WebSite","@id":"https:\/\/www.fiemg.com.br\/fiemg\/#website","url":"https:\/\/www.fiemg.com.br\/fiemg\/","name":"FIEMG","description":"Federa\u00e7\u00e3o das Ind\u00fastrias do Estado de Minas Gerais","publisher":{"@id":"https:\/\/www.fiemg.com.br\/fiemg\/#organization"},"potentialAction":[{"@type":"SearchAction","target":{"@type":"EntryPoint","urlTemplate":"https:\/\/www.fiemg.com.br\/fiemg\/?s={search_term_string}"},"query-input":{"@type":"PropertyValueSpecification","valueRequired":true,"valueName":"search_term_string"}}],"inLanguage":"pt-BR"},{"@type":"Organization","@id":"https:\/\/www.fiemg.com.br\/fiemg\/#organization","name":"FIEMG","url":"https:\/\/www.fiemg.com.br\/fiemg\/","logo":{"@type":"ImageObject","inLanguage":"pt-BR","@id":"https:\/\/www.fiemg.com.br\/fiemg\/#\/schema\/logo\/image\/","url":"https:\/\/www.fiemg.com.br\/fiemg\/wp-content\/uploads\/sites\/10\/2023\/02\/fiemg_branco.svg","contentUrl":"https:\/\/www.fiemg.com.br\/fiemg\/wp-content\/uploads\/sites\/10\/2023\/02\/fiemg_branco.svg","width":561,"height":147,"caption":"FIEMG"},"image":{"@id":"https:\/\/www.fiemg.com.br\/fiemg\/#\/schema\/logo\/image\/"}}]}},"_links":{"self":[{"href":"https:\/\/www.fiemg.com.br\/fiemg\/wp-json\/wp\/v2\/area-de-interesse\/7404","targetHints":{"allow":["GET"]}}],"collection":[{"href":"https:\/\/www.fiemg.com.br\/fiemg\/wp-json\/wp\/v2\/area-de-interesse"}],"about":[{"href":"https:\/\/www.fiemg.com.br\/fiemg\/wp-json\/wp\/v2\/types\/area-de-interesse"}],"version-history":[{"count":0,"href":"https:\/\/www.fiemg.com.br\/fiemg\/wp-json\/wp\/v2\/area-de-interesse\/7404\/revisions"}],"up":[{"embeddable":true,"href":"https:\/\/www.fiemg.com.br\/fiemg\/wp-json\/wp\/v2\/area-de-interesse\/1625"}],"wp:featuredmedia":[{"embeddable":true,"href":"https:\/\/www.fiemg.com.br\/fiemg\/wp-json\/wp\/v2\/media\/7405"}],"wp:attachment":[{"href":"https:\/\/www.fiemg.com.br\/fiemg\/wp-json\/wp\/v2\/media?parent=7404"}],"wp:term":[{"taxonomy":"category","embeddable":true,"href":"https:\/\/www.fiemg.com.br\/fiemg\/wp-json\/wp\/v2\/categories?post=7404"},{"taxonomy":"post_tag","embeddable":true,"href":"https:\/\/www.fiemg.com.br\/fiemg\/wp-json\/wp\/v2\/tags?post=7404"},{"taxonomy":"categoria_areas_de_interesse","embeddable":true,"href":"https:\/\/www.fiemg.com.br\/fiemg\/wp-json\/wp\/v2\/categoria_areas_de_interesse?post=7404"}],"curies":[{"name":"wp","href":"https:\/\/api.w.org\/{rel}","templated":true}]}}