{"id":1111,"date":"2023-04-26T18:46:12","date_gmt":"2023-04-26T18:46:12","guid":{"rendered":"https:\/\/www.fiemg.com.br\/iel\/blog\/area-de-interesse\/programa-de-desenvolvimento-de-pequenos-empreendimentos\/"},"modified":"2024-07-26T17:42:15","modified_gmt":"2024-07-26T20:42:15","slug":"programa-de-desenvolvimento-de-pequenos-empreendimentos","status":"publish","type":"area-de-interesse","link":"https:\/\/www.fiemg.com.br\/iel\/area-de-interesse\/desenvolvimento-industrial\/programa-de-desenvolvimento-de-pequenos-empreendimentos\/","title":{"rendered":"Programa de Desenvolvimento de Pequenos Empreendimentos"},"content":{"rendered":"<header class=\"entry-header\"><em>Fomento ao fortalecimento das m\u00e9dias e pequenas empresas e ao empreendedorismo em Bar\u00e3o de Cocais e regi\u00e3o<\/em><\/header>\n<header><img fetchpriority=\"high\" decoding=\"async\" class=\"alignnone wp-image-1113 size-full\" src=\"https:\/\/www.fiemg.com.br\/iel\/wp-content\/uploads\/sites\/13\/2023\/06\/f6f765fa01f3de134f2d3b39308bdc10ad0c7b99daabbfc309b124dcbd429cfa.jpg\" alt=\"\" width=\"940\" height=\"240\" srcset=\"https:\/\/www.fiemg.com.br\/iel\/wp-content\/uploads\/sites\/13\/2023\/06\/f6f765fa01f3de134f2d3b39308bdc10ad0c7b99daabbfc309b124dcbd429cfa.jpg 940w, https:\/\/www.fiemg.com.br\/iel\/wp-content\/uploads\/sites\/13\/2023\/06\/f6f765fa01f3de134f2d3b39308bdc10ad0c7b99daabbfc309b124dcbd429cfa-300x77.jpg 300w, https:\/\/www.fiemg.com.br\/iel\/wp-content\/uploads\/sites\/13\/2023\/06\/f6f765fa01f3de134f2d3b39308bdc10ad0c7b99daabbfc309b124dcbd429cfa-768x196.jpg 768w\" sizes=\"(max-width: 940px) 100vw, 940px\" \/><\/header>\n<header>\n<h5><em>Est\u00e3o abertas as inscri\u00e7\u00f5es para o processo de sele\u00e7\u00e3o do\u00a0<strong>Programa de Desenvolvimento de Pequenos Empreendimentos<\/strong>, iniciativa que vai promover o\u00a0<strong>desenvolvimento de m\u00e9dias e pequenas empresas<\/strong>, alavancar iniciativas de empreendedorismo e valorizar elementos culturais do munic\u00edpio de Bar\u00e3o de Cocais e regi\u00e3o.\u00a0<\/em><\/h5>\n<h5><strong>\u00a0 \u00a0 \u00a0Quem pode participar\u00a0<\/strong><\/h5>\n<p>M\u00e9dias empresas, micro e pequenos neg\u00f3cios como ind\u00fastrias, com\u00e9rcio, empreendedores individuais, prestadores de servi\u00e7os e outras iniciativas ainda em fase de idea\u00e7\u00e3o.<\/p>\n<p>As iniciativas s\u00e3o a\u00e7\u00f5es do eixo desenvolvimento econ\u00f4mico do Plano de Compensa\u00e7\u00e3o e Desenvolvimento de Bar\u00e3o de Cocais da VALE.<\/p>\n<h5><strong>\u00a0 \u00a0 \u00a0Objetivo\u00a0<\/strong><\/h5>\n<\/header>\n<p>O Programa veio para fomentar o fortalecimento de m\u00e9dias empresas e pequenos empreendimentos em Bar\u00e3o de Cocais e regi\u00e3o, por meio de a\u00e7\u00f5es de capacita\u00e7\u00e3o, condu\u00e7\u00e3o de oficinas\/workshops, mentorias, assessorias e consultorias, de acordo com as necessidades espec\u00edficas de cada empreendimento ou iniciativa.<\/p>\n<h5><strong>\u00a0 \u00a0 \u00a0Como participar\u00a0<\/strong><\/h5>\n<p>Podem ser desenvolvidas as frentes de Qualidade, Inova\u00e7\u00e3o, Melhoria de Processos, Gest\u00e3o Financeira, Mercado, Gest\u00e3o de Neg\u00f3cios, Estrat\u00e9gia, Estrutura\u00e7\u00e3o de Neg\u00f3cios, Revis\u00e3o de modelos de neg\u00f3cios, Gest\u00e3o Ambiental, Marketing, entre outros.<\/p>\n<p>S\u00e3o apenas <strong>23\u00a0vagas<\/strong>. \u00c9 a sua grande chance de desenvolver e alavancar o seu neg\u00f3cio ou sua ideia!<\/p>\n<p>Se voc\u00ea tem uma ideia ou neg\u00f3cio vinculado a turismo, meio ambiente, agricultura e agroind\u00fastria, arte, m\u00fasica, artesanato, gastronomia e outras iniciativas vinculadas aos elementos culturais do territ\u00f3rio,\u00a0<strong><a href=\"https:\/\/www.fiemg.com.br\/wp-content\/uploads\/2024\/07\/EDITAL-No-04_2024_ElementosCulturais_Final.pdf\" target=\"_blank\" rel=\"noopener\">confira aqui o edital.<\/a><\/strong><\/p>\n<p><a href=\"https:\/\/forms.office.com\/r\/WLVXySZ4zK\" target=\"_blank\" rel=\"noopener\"><strong><img decoding=\"async\" class=\"alignnone size-full wp-image-1994\" src=\"https:\/\/www.fiemg.com.br\/iel\/wp-content\/uploads\/sites\/13\/2023\/09\/BOTAO-INSCRICAO.png\" alt=\"\" width=\"250\" height=\"50\" \/><\/strong><\/a><\/p>\n<p>Se voc\u00ea tem uma empresa ou iniciativa vinculada a hot\u00e9is, bares, com\u00e9rcio de artigos de artesanato, com\u00e9rcio varejista de produtos hortifrutigranjeiros, minimercado ou um pequeno com\u00e9rcio, prestador de servi\u00e7o ou micro empreendimento N\u00c3O vinculados aos segmentos anteriores,, <a href=\"https:\/\/www.fiemg.com.br\/wp-content\/uploads\/2024\/07\/EDITAL-No-03_2024_Pequenos-Empreendimentos_Final.pdf\" target=\"_blank\" rel=\"noopener\"><strong>confira aqui o edital.<\/strong><\/a><\/p>\n<p><a href=\"https:\/\/forms.office.com\/pages\/responsepage.aspx?id=El6Hb28P_0-9vtVSJU52U6D-1JejqlVPh4k1xRoPLt1UNklMRjkxOVJKR0EwNVFPRTFDVFE2M1FaNi4u&amp;origin=lprLink\"><strong><img decoding=\"async\" class=\"alignnone  wp-image-1994\" src=\"https:\/\/www.fiemg.com.br\/iel\/wp-content\/uploads\/sites\/13\/2023\/09\/BOTAO-INSCRICAO.png\" alt=\"\" width=\"250\" height=\"50\" \/><\/strong><\/a><\/p>\n<p>Se voc\u00ea tem uma ind\u00fastria ou empresa de pequeno ou m\u00e9dio porte de qualquer segmento, <strong><a href=\"https:\/\/www.fiemg.com.br\/wp-content\/uploads\/2024\/07\/Edital-No-05_2024_PDQF_Final-1.pdf\" target=\"_blank\" rel=\"noopener\">confira aqui o edital<\/a><\/strong>.<\/p>\n<p><a href=\"https:\/\/forms.office.com\/r\/q75d4hgL92\" target=\"_blank\" rel=\"noopener\"><strong><img decoding=\"async\" class=\"alignnone size-full wp-image-1994\" src=\"https:\/\/www.fiemg.com.br\/iel\/wp-content\/uploads\/sites\/13\/2023\/09\/BOTAO-INSCRICAO.png\" alt=\"\" width=\"250\" height=\"50\" \/><\/strong><\/a><\/p>\n<h5><strong>\u00a0 \u00a0 \u00a0Realiza\u00e7\u00e3o\u00a0<\/strong><\/h5>\n<p>Os Programas de Desenvolvimento de Pequenos Empreendimentos e de Valoriza\u00e7\u00e3o de Elementos Culturais do Territ\u00f3rio s\u00e3o iniciativas da Vale e da Prefeitura Municipal de Bar\u00e3o de Cocais e ser\u00e3o realizados pelo\u00a0<strong>IEL\/FIEMG<\/strong>.<\/p>\n<h5><strong>\u00a0<\/strong><img loading=\"lazy\" decoding=\"async\" class=\"alignnone wp-image-1112 size-full\" src=\"https:\/\/www.fiemg.com.br\/iel\/wp-content\/uploads\/sites\/13\/2023\/06\/LG000123C_RODAPE_600x240-01.png\" alt=\"\" width=\"600\" height=\"240\" srcset=\"https:\/\/www.fiemg.com.br\/iel\/wp-content\/uploads\/sites\/13\/2023\/06\/LG000123C_RODAPE_600x240-01.png 600w, https:\/\/www.fiemg.com.br\/iel\/wp-content\/uploads\/sites\/13\/2023\/06\/LG000123C_RODAPE_600x240-01-300x120.png 300w\" sizes=\"(max-width: 600px) 100vw, 600px\" \/><\/h5>\n","protected":false},"featured_media":1783,"parent":1114,"menu_order":188,"template":"","categories":[],"tags":[],"categoria_areas_de_interesse":[],"class_list":["post-1111","area-de-interesse","type-area-de-interesse","status-publish","has-post-thumbnail","hentry"],"acf":[],"yoast_head":"<!-- This site is optimized with the Yoast SEO plugin v26.2 - https:\/\/yoast.com\/wordpress\/plugins\/seo\/ -->\n<title>Programa de Desenvolvimento de Pequenos Empreendimentos - IEL<\/title>\n<meta name=\"robots\" content=\"index, follow, max-snippet:-1, max-image-preview:large, max-video-preview:-1\" \/>\n<link rel=\"canonical\" href=\"https:\/\/www.fiemg.com.br\/iel\/area-de-interesse\/desenvolvimento-industrial\/programa-de-desenvolvimento-de-pequenos-empreendimentos\/\" \/>\n<meta property=\"og:locale\" content=\"pt_BR\" \/>\n<meta property=\"og:type\" content=\"article\" \/>\n<meta property=\"og:title\" content=\"Programa de Desenvolvimento de Pequenos Empreendimentos - IEL\" \/>\n<meta property=\"og:description\" content=\"Fomento ao fortalecimento das m\u00e9dias e pequenas empresas e ao empreendedorismo em Bar\u00e3o de Cocais e regi\u00e3o Est\u00e3o abertas as inscri\u00e7\u00f5es para o processo de sele\u00e7\u00e3o do\u00a0Programa de Desenvolvimento de Pequenos Empreendimentos, iniciativa que vai promover o\u00a0desenvolvimento de m\u00e9dias e pequenas empresas, alavancar iniciativas de empreendedorismo e valorizar elementos culturais do munic\u00edpio de Bar\u00e3o de [&hellip;]\" \/>\n<meta property=\"og:url\" content=\"https:\/\/www.fiemg.com.br\/iel\/area-de-interesse\/desenvolvimento-industrial\/programa-de-desenvolvimento-de-pequenos-empreendimentos\/\" \/>\n<meta property=\"og:site_name\" content=\"IEL\" \/>\n<meta property=\"article:modified_time\" content=\"2024-07-26T20:42:15+00:00\" \/>\n<meta property=\"og:image\" content=\"https:\/\/www.fiemg.com.br\/iel\/wp-content\/uploads\/sites\/13\/2023\/08\/f6f765fa01f3de134f2d3b39308bdc10ad0c7b99daabbfc309b124dcbd429cfa-3.jpg\" \/>\n\t<meta property=\"og:image:width\" content=\"940\" \/>\n\t<meta property=\"og:image:height\" content=\"240\" \/>\n\t<meta property=\"og:image:type\" content=\"image\/jpeg\" \/>\n<meta name=\"twitter:card\" content=\"summary_large_image\" \/>\n<script type=\"application\/ld+json\" class=\"yoast-schema-graph\">{\"@context\":\"https:\/\/schema.org\",\"@graph\":[{\"@type\":\"WebPage\",\"@id\":\"https:\/\/www.fiemg.com.br\/iel\/area-de-interesse\/desenvolvimento-industrial\/programa-de-desenvolvimento-de-pequenos-empreendimentos\/\",\"url\":\"https:\/\/www.fiemg.com.br\/iel\/area-de-interesse\/desenvolvimento-industrial\/programa-de-desenvolvimento-de-pequenos-empreendimentos\/\",\"name\":\"Programa de Desenvolvimento de Pequenos Empreendimentos - IEL\",\"isPartOf\":{\"@id\":\"https:\/\/www.fiemg.com.br\/iel\/#website\"},\"primaryImageOfPage\":{\"@id\":\"https:\/\/www.fiemg.com.br\/iel\/area-de-interesse\/desenvolvimento-industrial\/programa-de-desenvolvimento-de-pequenos-empreendimentos\/#primaryimage\"},\"image\":{\"@id\":\"https:\/\/www.fiemg.com.br\/iel\/area-de-interesse\/desenvolvimento-industrial\/programa-de-desenvolvimento-de-pequenos-empreendimentos\/#primaryimage\"},\"thumbnailUrl\":\"https:\/\/www.fiemg.com.br\/iel\/wp-content\/uploads\/sites\/13\/2023\/08\/f6f765fa01f3de134f2d3b39308bdc10ad0c7b99daabbfc309b124dcbd429cfa-3.jpg\",\"datePublished\":\"2023-04-26T18:46:12+00:00\",\"dateModified\":\"2024-07-26T20:42:15+00:00\",\"breadcrumb\":{\"@id\":\"https:\/\/www.fiemg.com.br\/iel\/area-de-interesse\/desenvolvimento-industrial\/programa-de-desenvolvimento-de-pequenos-empreendimentos\/#breadcrumb\"},\"inLanguage\":\"pt-BR\",\"potentialAction\":[{\"@type\":\"ReadAction\",\"target\":[\"https:\/\/www.fiemg.com.br\/iel\/area-de-interesse\/desenvolvimento-industrial\/programa-de-desenvolvimento-de-pequenos-empreendimentos\/\"]}]},{\"@type\":\"ImageObject\",\"inLanguage\":\"pt-BR\",\"@id\":\"https:\/\/www.fiemg.com.br\/iel\/area-de-interesse\/desenvolvimento-industrial\/programa-de-desenvolvimento-de-pequenos-empreendimentos\/#primaryimage\",\"url\":\"https:\/\/www.fiemg.com.br\/iel\/wp-content\/uploads\/sites\/13\/2023\/08\/f6f765fa01f3de134f2d3b39308bdc10ad0c7b99daabbfc309b124dcbd429cfa-3.jpg\",\"contentUrl\":\"https:\/\/www.fiemg.com.br\/iel\/wp-content\/uploads\/sites\/13\/2023\/08\/f6f765fa01f3de134f2d3b39308bdc10ad0c7b99daabbfc309b124dcbd429cfa-3.jpg\",\"width\":940,\"height\":240,\"caption\":\"Programa de Desenvolvimento de Pequenos Empreendimentos\"},{\"@type\":\"BreadcrumbList\",\"@id\":\"https:\/\/www.fiemg.com.br\/iel\/area-de-interesse\/desenvolvimento-industrial\/programa-de-desenvolvimento-de-pequenos-empreendimentos\/#breadcrumb\",\"itemListElement\":[{\"@type\":\"ListItem\",\"position\":1,\"name\":\"In\u00edcio\",\"item\":\"https:\/\/www.fiemg.com.br\/iel\/\"},{\"@type\":\"ListItem\",\"position\":2,\"name\":\"Desenvolvimento Industrial\",\"item\":\"https:\/\/www.fiemg.com.br\/iel\/area-de-interesse\/desenvolvimento-industrial\/\"},{\"@type\":\"ListItem\",\"position\":3,\"name\":\"Programa de Desenvolvimento de Pequenos Empreendimentos\"}]},{\"@type\":\"WebSite\",\"@id\":\"https:\/\/www.fiemg.com.br\/iel\/#website\",\"url\":\"https:\/\/www.fiemg.com.br\/iel\/\",\"name\":\"IEL\",\"description\":\"Federa\u00e7\u00e3o das Ind\u00fastrias do Estado de Minas Gerais\",\"publisher\":{\"@id\":\"https:\/\/www.fiemg.com.br\/iel\/#organization\"},\"potentialAction\":[{\"@type\":\"SearchAction\",\"target\":{\"@type\":\"EntryPoint\",\"urlTemplate\":\"https:\/\/www.fiemg.com.br\/iel\/?s={search_term_string}\"},\"query-input\":{\"@type\":\"PropertyValueSpecification\",\"valueRequired\":true,\"valueName\":\"search_term_string\"}}],\"inLanguage\":\"pt-BR\"},{\"@type\":\"Organization\",\"@id\":\"https:\/\/www.fiemg.com.br\/iel\/#organization\",\"name\":\"IEL\",\"url\":\"https:\/\/www.fiemg.com.br\/iel\/\",\"logo\":{\"@type\":\"ImageObject\",\"inLanguage\":\"pt-BR\",\"@id\":\"https:\/\/www.fiemg.com.br\/iel\/#\/schema\/logo\/image\/\",\"url\":\"https:\/\/www.fiemg.com.br\/iel\/wp-content\/uploads\/sites\/13\/2023\/02\/IEL_branco.svg\",\"contentUrl\":\"https:\/\/www.fiemg.com.br\/iel\/wp-content\/uploads\/sites\/13\/2023\/02\/IEL_branco.svg\",\"width\":103,\"height\":59,\"caption\":\"IEL\"},\"image\":{\"@id\":\"https:\/\/www.fiemg.com.br\/iel\/#\/schema\/logo\/image\/\"}}]}<\/script>\n<!-- \/ Yoast SEO plugin. -->","yoast_head_json":{"title":"Programa de Desenvolvimento de Pequenos Empreendimentos - IEL","robots":{"index":"index","follow":"follow","max-snippet":"max-snippet:-1","max-image-preview":"max-image-preview:large","max-video-preview":"max-video-preview:-1"},"canonical":"https:\/\/www.fiemg.com.br\/iel\/area-de-interesse\/desenvolvimento-industrial\/programa-de-desenvolvimento-de-pequenos-empreendimentos\/","og_locale":"pt_BR","og_type":"article","og_title":"Programa de Desenvolvimento de Pequenos Empreendimentos - IEL","og_description":"Fomento ao fortalecimento das m\u00e9dias e pequenas empresas e ao empreendedorismo em Bar\u00e3o de Cocais e regi\u00e3o Est\u00e3o abertas as inscri\u00e7\u00f5es para o processo de sele\u00e7\u00e3o do\u00a0Programa de Desenvolvimento de Pequenos Empreendimentos, iniciativa que vai promover o\u00a0desenvolvimento de m\u00e9dias e pequenas empresas, alavancar iniciativas de empreendedorismo e valorizar elementos culturais do munic\u00edpio de Bar\u00e3o de [&hellip;]","og_url":"https:\/\/www.fiemg.com.br\/iel\/area-de-interesse\/desenvolvimento-industrial\/programa-de-desenvolvimento-de-pequenos-empreendimentos\/","og_site_name":"IEL","article_modified_time":"2024-07-26T20:42:15+00:00","og_image":[{"width":940,"height":240,"url":"https:\/\/www.fiemg.com.br\/iel\/wp-content\/uploads\/sites\/13\/2023\/08\/f6f765fa01f3de134f2d3b39308bdc10ad0c7b99daabbfc309b124dcbd429cfa-3.jpg","type":"image\/jpeg"}],"twitter_card":"summary_large_image","schema":{"@context":"https:\/\/schema.org","@graph":[{"@type":"WebPage","@id":"https:\/\/www.fiemg.com.br\/iel\/area-de-interesse\/desenvolvimento-industrial\/programa-de-desenvolvimento-de-pequenos-empreendimentos\/","url":"https:\/\/www.fiemg.com.br\/iel\/area-de-interesse\/desenvolvimento-industrial\/programa-de-desenvolvimento-de-pequenos-empreendimentos\/","name":"Programa de Desenvolvimento de Pequenos Empreendimentos - IEL","isPartOf":{"@id":"https:\/\/www.fiemg.com.br\/iel\/#website"},"primaryImageOfPage":{"@id":"https:\/\/www.fiemg.com.br\/iel\/area-de-interesse\/desenvolvimento-industrial\/programa-de-desenvolvimento-de-pequenos-empreendimentos\/#primaryimage"},"image":{"@id":"https:\/\/www.fiemg.com.br\/iel\/area-de-interesse\/desenvolvimento-industrial\/programa-de-desenvolvimento-de-pequenos-empreendimentos\/#primaryimage"},"thumbnailUrl":"https:\/\/www.fiemg.com.br\/iel\/wp-content\/uploads\/sites\/13\/2023\/08\/f6f765fa01f3de134f2d3b39308bdc10ad0c7b99daabbfc309b124dcbd429cfa-3.jpg","datePublished":"2023-04-26T18:46:12+00:00","dateModified":"2024-07-26T20:42:15+00:00","breadcrumb":{"@id":"https:\/\/www.fiemg.com.br\/iel\/area-de-interesse\/desenvolvimento-industrial\/programa-de-desenvolvimento-de-pequenos-empreendimentos\/#breadcrumb"},"inLanguage":"pt-BR","potentialAction":[{"@type":"ReadAction","target":["https:\/\/www.fiemg.com.br\/iel\/area-de-interesse\/desenvolvimento-industrial\/programa-de-desenvolvimento-de-pequenos-empreendimentos\/"]}]},{"@type":"ImageObject","inLanguage":"pt-BR","@id":"https:\/\/www.fiemg.com.br\/iel\/area-de-interesse\/desenvolvimento-industrial\/programa-de-desenvolvimento-de-pequenos-empreendimentos\/#primaryimage","url":"https:\/\/www.fiemg.com.br\/iel\/wp-content\/uploads\/sites\/13\/2023\/08\/f6f765fa01f3de134f2d3b39308bdc10ad0c7b99daabbfc309b124dcbd429cfa-3.jpg","contentUrl":"https:\/\/www.fiemg.com.br\/iel\/wp-content\/uploads\/sites\/13\/2023\/08\/f6f765fa01f3de134f2d3b39308bdc10ad0c7b99daabbfc309b124dcbd429cfa-3.jpg","width":940,"height":240,"caption":"Programa de Desenvolvimento de Pequenos Empreendimentos"},{"@type":"BreadcrumbList","@id":"https:\/\/www.fiemg.com.br\/iel\/area-de-interesse\/desenvolvimento-industrial\/programa-de-desenvolvimento-de-pequenos-empreendimentos\/#breadcrumb","itemListElement":[{"@type":"ListItem","position":1,"name":"In\u00edcio","item":"https:\/\/www.fiemg.com.br\/iel\/"},{"@type":"ListItem","position":2,"name":"Desenvolvimento Industrial","item":"https:\/\/www.fiemg.com.br\/iel\/area-de-interesse\/desenvolvimento-industrial\/"},{"@type":"ListItem","position":3,"name":"Programa de Desenvolvimento de Pequenos Empreendimentos"}]},{"@type":"WebSite","@id":"https:\/\/www.fiemg.com.br\/iel\/#website","url":"https:\/\/www.fiemg.com.br\/iel\/","name":"IEL","description":"Federa\u00e7\u00e3o das Ind\u00fastrias do Estado de Minas Gerais","publisher":{"@id":"https:\/\/www.fiemg.com.br\/iel\/#organization"},"potentialAction":[{"@type":"SearchAction","target":{"@type":"EntryPoint","urlTemplate":"https:\/\/www.fiemg.com.br\/iel\/?s={search_term_string}"},"query-input":{"@type":"PropertyValueSpecification","valueRequired":true,"valueName":"search_term_string"}}],"inLanguage":"pt-BR"},{"@type":"Organization","@id":"https:\/\/www.fiemg.com.br\/iel\/#organization","name":"IEL","url":"https:\/\/www.fiemg.com.br\/iel\/","logo":{"@type":"ImageObject","inLanguage":"pt-BR","@id":"https:\/\/www.fiemg.com.br\/iel\/#\/schema\/logo\/image\/","url":"https:\/\/www.fiemg.com.br\/iel\/wp-content\/uploads\/sites\/13\/2023\/02\/IEL_branco.svg","contentUrl":"https:\/\/www.fiemg.com.br\/iel\/wp-content\/uploads\/sites\/13\/2023\/02\/IEL_branco.svg","width":103,"height":59,"caption":"IEL"},"image":{"@id":"https:\/\/www.fiemg.com.br\/iel\/#\/schema\/logo\/image\/"}}]}},"_links":{"self":[{"href":"https:\/\/www.fiemg.com.br\/iel\/wp-json\/wp\/v2\/area-de-interesse\/1111","targetHints":{"allow":["GET"]}}],"collection":[{"href":"https:\/\/www.fiemg.com.br\/iel\/wp-json\/wp\/v2\/area-de-interesse"}],"about":[{"href":"https:\/\/www.fiemg.com.br\/iel\/wp-json\/wp\/v2\/types\/area-de-interesse"}],"version-history":[{"count":0,"href":"https:\/\/www.fiemg.com.br\/iel\/wp-json\/wp\/v2\/area-de-interesse\/1111\/revisions"}],"up":[{"embeddable":true,"href":"https:\/\/www.fiemg.com.br\/iel\/wp-json\/wp\/v2\/area-de-interesse\/1114"}],"wp:featuredmedia":[{"embeddable":true,"href":"https:\/\/www.fiemg.com.br\/iel\/wp-json\/wp\/v2\/media\/1783"}],"wp:attachment":[{"href":"https:\/\/www.fiemg.com.br\/iel\/wp-json\/wp\/v2\/media?parent=1111"}],"wp:term":[{"taxonomy":"category","embeddable":true,"href":"https:\/\/www.fiemg.com.br\/iel\/wp-json\/wp\/v2\/categories?post=1111"},{"taxonomy":"post_tag","embeddable":true,"href":"https:\/\/www.fiemg.com.br\/iel\/wp-json\/wp\/v2\/tags?post=1111"},{"taxonomy":"categoria_areas_de_interesse","embeddable":true,"href":"https:\/\/www.fiemg.com.br\/iel\/wp-json\/wp\/v2\/categoria_areas_de_interesse?post=1111"}],"curies":[{"name":"wp","href":"https:\/\/api.w.org\/{rel}","templated":true}]}}