{"id":1607,"date":"2023-07-21T13:26:52","date_gmt":"2023-07-21T13:26:52","guid":{"rendered":"https:\/\/www.fiemg.com.br\/iel\/publicacoes-interna\/depoimento-de-nossos-clientes\/"},"modified":"2023-08-08T19:51:52","modified_gmt":"2023-08-08T19:51:52","slug":"depoimento-de-nossos-clientes","status":"publish","type":"publicacoes-interna","link":"https:\/\/www.fiemg.com.br\/iel\/publicacoes-interna\/depoimento-de-nossos-clientes\/","title":{"rendered":"Depoimento de nossos clientes"},"content":{"rendered":"<p><img fetchpriority=\"high\" decoding=\"async\" class=\"alignnone wp-image-1771 size-full\" src=\"https:\/\/www.fiemg.com.br\/iel\/wp-content\/uploads\/sites\/13\/2023\/08\/hub-carreiras-depoimento-clientes-iel.jpg\" alt=\"\" width=\"920\" height=\"240\" srcset=\"https:\/\/www.fiemg.com.br\/iel\/wp-content\/uploads\/sites\/13\/2023\/08\/hub-carreiras-depoimento-clientes-iel.jpg 920w, https:\/\/www.fiemg.com.br\/iel\/wp-content\/uploads\/sites\/13\/2023\/08\/hub-carreiras-depoimento-clientes-iel-300x78.jpg 300w, https:\/\/www.fiemg.com.br\/iel\/wp-content\/uploads\/sites\/13\/2023\/08\/hub-carreiras-depoimento-clientes-iel-768x200.jpg 768w\" sizes=\"(max-width: 920px) 100vw, 920px\" \/>\u00a0<strong style=\"color: #ffffff;text-align: center\">.<\/strong><\/p>\n<p>&nbsp;<\/p>\n<h6><img decoding=\"async\" class=\"wp-image-1770 alignleft\" src=\"https:\/\/www.fiemg.com.br\/iel\/wp-content\/uploads\/sites\/13\/2023\/08\/hub-carreiras-depoimento-bruna-iel-300x279.png\" alt=\"\" width=\"153\" height=\"144\" \/><\/h6>\n<p><strong>&#8220;O Programa de Est\u00e1gio do IEL \u00e9 um dos mais importantes<\/strong>\u00a0dentro da companhia. Pois \u00e9 atrav\u00e9s dele que desenvolvemos novos profissionais para o mercado de trabalho. Temos um alto n\u00edvel de aproveitamento de estagi\u00e1rios, que ap\u00f3s o est\u00e1gio, ou at\u00e9 mesmo durante o programa, conseguem se efetivar como colaboradores. Isso \u00e9 gratificante, pois vemos a dedica\u00e7\u00e3o e o alinhamento de valores entre eles e a Valmont.&#8221;<\/p>\n<p>&nbsp;<\/p>\n<p>&nbsp;<\/p>\n<p>&nbsp;<\/p>\n<h5><img decoding=\"async\" class=\"wp-image-1769 alignleft\" src=\"https:\/\/www.fiemg.com.br\/iel\/wp-content\/uploads\/sites\/13\/2023\/08\/hub-carreiras-depoimento-noboru-300x279.png\" alt=\"\" width=\"150\" height=\"139\" srcset=\"https:\/\/www.fiemg.com.br\/iel\/wp-content\/uploads\/sites\/13\/2023\/08\/hub-carreiras-depoimento-noboru-300x279.png 300w, https:\/\/www.fiemg.com.br\/iel\/wp-content\/uploads\/sites\/13\/2023\/08\/hub-carreiras-depoimento-noboru.png 720w\" sizes=\"(max-width: 150px) 100vw, 150px\" \/><\/h5>\n<p>&#8220;<strong>O recrutamento e sele\u00e7\u00e3o de talentos \u00e9 fundamental\u00a0<\/strong>para a contrata\u00e7\u00e3o e desenvolvimento de profissionais alinhados e engajados com o prop\u00f3sito das empresas. No IEL encontrei a parceria e a tranquilidade para encontrar os melhores profissionais para as minhas necessidades.&#8221;<\/p>\n<p>&nbsp;<\/p>\n<p>&nbsp;<\/p>\n<p>&nbsp;<\/p>\n<p>&nbsp;<\/p>\n<h5><img loading=\"lazy\" decoding=\"async\" class=\"wp-image-1768 alignleft\" src=\"https:\/\/www.fiemg.com.br\/iel\/wp-content\/uploads\/sites\/13\/2023\/08\/hub-carreiras-depoimento-roberto-iel-300x279.png\" alt=\"\" width=\"150\" height=\"139\" srcset=\"https:\/\/www.fiemg.com.br\/iel\/wp-content\/uploads\/sites\/13\/2023\/08\/hub-carreiras-depoimento-roberto-iel-300x279.png 300w, https:\/\/www.fiemg.com.br\/iel\/wp-content\/uploads\/sites\/13\/2023\/08\/hub-carreiras-depoimento-roberto-iel.png 720w\" sizes=\"(max-width: 150px) 100vw, 150px\" \/><\/h5>\n<p><strong>\u201cO Sebrae Minas acredita no potencial de seus estagi\u00e1rios<\/strong>\u00a0e por isto mant\u00e9m, h\u00e1 mais de duas d\u00e9cadas, um s\u00f3lido Programa de Est\u00e1gio, disponibilizado para diversas \u00e1reas do saber e regi\u00f5es do estado. E contamos com o imprescind\u00edvel apoio do IEL. Por diversos anos, in\u00fameros estudantes que realizaram seus est\u00e1gios no Sebrae passaram necessariamente pelo trabalho que o IEL realiza. E isto certamente tem contribu\u00eddo para que possam aproveitar melhor as oportunidades existentes e ser tornarem mais aptos a enfrentarem os desafios de um mercado cada vez mais vol\u00e1til, incerto, complexo e amb\u00edguo.&#8221;<\/p>\n<p>&nbsp;<\/p>\n<p>&nbsp;<\/p>\n<p style=\"text-align: center\"><strong>Conhe\u00e7a mais:<\/strong><\/p>\n<p>&nbsp;<\/p>\n<p style=\"text-align: center\"><a href=\"https:\/\/www.fiemg.com.br\/publicacoes-interna\/nosso-proposito\/\"><img loading=\"lazy\" decoding=\"async\" class=\"alignnone wp-image-1199\" src=\"https:\/\/www.fiemg.com.br\/wp-content\/uploads\/2023\/04\/XZ002722H_RA_IEL_BOTAO-NOSSO-PROPOSITO_FINAL1.jpg\" alt=\"\" width=\"110\" height=\"110\" \/><\/a><a href=\"https:\/\/www.fiemg.com.br\/publicacoes-internas\/credenciamento_de_res\" target=\"_blank\" rel=\"noopener\">\u00a0 \u00a0 \u00a0<\/a><a href=\"https:\/\/www.fiemg.com.br\/publicacoes-interna\/nossos-objetivos\/\"><img loading=\"lazy\" decoding=\"async\" class=\"alignnone wp-image-1198\" src=\"https:\/\/www.fiemg.com.br\/wp-content\/uploads\/2023\/04\/XZ002722H_RA_IEL_BOTAO-NOSSOS-OBJETIVOS_FINAL1.jpg\" alt=\"\" width=\"110\" height=\"110\" \/><\/a><a href=\"https:\/\/www.fiemg.com.br\/publicacoes-internas\/credenciamento_de_res\" target=\"_blank\" rel=\"noopener\">\u00a0 \u00a0 \u00a0<\/a><a href=\"https:\/\/www.fiemg.com.br\/publicacoes-interna\/nossos-servicos-e-publicos\/\"><img loading=\"lazy\" decoding=\"async\" class=\"alignnone wp-image-1197\" src=\"https:\/\/www.fiemg.com.br\/wp-content\/uploads\/2023\/04\/XZ002722H_RA_IEL_BOTAO-NOSSOS-SERVI-OS_FINAL1.jpg\" alt=\"\" width=\"110\" height=\"110\" \/><\/a><a href=\"https:\/\/www.fiemg.com.br\/publicacoes-internas\/credenciamento_de_res\" target=\"_blank\" rel=\"noopener\">\u00a0 \u00a0 \u00a0<\/a><a href=\"https:\/\/www.fiemg.com.br\/publicacoes-interna\/depoimento-de-nossos-clientes\/\"><img loading=\"lazy\" decoding=\"async\" class=\"alignnone wp-image-1196\" src=\"https:\/\/www.fiemg.com.br\/wp-content\/uploads\/2023\/04\/XZ002722H_RA_IEL_BOTAO-DEPOIMENTOS_FINAL1.jpg\" alt=\"\" width=\"110\" height=\"110\" \/><\/a><a href=\"https:\/\/www.fiemg.com.br\/publicacoes-internas\/credenciamento_de_res\" target=\"_blank\" rel=\"noopener\">\u00a0 \u00a0 \u00a0<\/a><a href=\"https:\/\/www.fiemg.com.br\/publicacoes-interna\/credenciamento-de-consultores-em-rs-2\/\"><img loading=\"lazy\" decoding=\"async\" class=\"alignnone wp-image-1195\" src=\"https:\/\/www.fiemg.com.br\/wp-content\/uploads\/2023\/04\/XZ002722H_RA_IEL_BOTAO-DEPOIMENTOS_FINAL1_1.jpg\" alt=\"\" width=\"110\" height=\"110\" \/><\/a><\/p>\n<h5 style=\"text-align: center\"><span style=\"color: #008080\"><a href=\"https:\/\/www.fiemg.com.br\/iel\/produto\/iel-hub-de-carreiras\">Home Iel Hub de Carreiras\u00a0<\/a><\/span><span style=\"color: #ffffff\">&#8230;<\/span><\/h5>\n<p style=\"text-align: center\"><span style=\"color: #ffffff\">..<\/span><\/p>\n<p style=\"text-align: center\"><a href=\"https:\/\/www.linkedin.com\/company\/iel-hub-de-carreiras\/?viewAsMember=true\" target=\"_blank\" rel=\"noopener\"><img loading=\"lazy\" decoding=\"async\" class=\"alignnone size-full wp-image-1383\" src=\"https:\/\/www.fiemg.com.br\/wp-content\/uploads\/2023\/04\/linkedin_ok-1.png\" alt=\"\" width=\"264\" height=\"34\" \/><\/a><\/p>\n","protected":false},"featured_media":1888,"template":"","categoria_publicacao_interna":[],"class_list":["post-1607","publicacoes-interna","type-publicacoes-interna","status-publish","has-post-thumbnail","hentry"],"acf":[],"yoast_head":"<!-- This site is optimized with the Yoast SEO plugin v26.2 - https:\/\/yoast.com\/wordpress\/plugins\/seo\/ -->\n<title>Depoimento de nossos clientes - IEL<\/title>\n<meta name=\"robots\" content=\"index, follow, max-snippet:-1, max-image-preview:large, max-video-preview:-1\" \/>\n<link rel=\"canonical\" href=\"https:\/\/www.fiemg.com.br\/iel\/publicacoes-interna\/depoimento-de-nossos-clientes\/\" \/>\n<meta property=\"og:locale\" content=\"pt_BR\" \/>\n<meta property=\"og:type\" content=\"article\" \/>\n<meta property=\"og:title\" content=\"Depoimento de nossos clientes - IEL\" \/>\n<meta property=\"og:description\" content=\"\u00a0. &nbsp; &#8220;O Programa de Est\u00e1gio do IEL \u00e9 um dos mais importantes\u00a0dentro da companhia. Pois \u00e9 atrav\u00e9s dele que desenvolvemos novos profissionais para o mercado de trabalho. Temos um alto n\u00edvel de aproveitamento de estagi\u00e1rios, que ap\u00f3s o est\u00e1gio, ou at\u00e9 mesmo durante o programa, conseguem se efetivar como colaboradores. Isso \u00e9 gratificante, pois [&hellip;]\" \/>\n<meta property=\"og:url\" content=\"https:\/\/www.fiemg.com.br\/iel\/publicacoes-interna\/depoimento-de-nossos-clientes\/\" \/>\n<meta property=\"og:site_name\" content=\"IEL\" \/>\n<meta property=\"article:modified_time\" content=\"2023-08-08T19:51:52+00:00\" \/>\n<meta property=\"og:image\" content=\"https:\/\/www.fiemg.com.br\/iel\/wp-content\/uploads\/sites\/13\/2023\/07\/default.png\" \/>\n\t<meta property=\"og:image:width\" content=\"300\" \/>\n\t<meta property=\"og:image:height\" content=\"300\" \/>\n\t<meta property=\"og:image:type\" content=\"image\/png\" \/>\n<meta name=\"twitter:card\" content=\"summary_large_image\" \/>\n<meta name=\"twitter:label1\" content=\"Est. tempo de leitura\" \/>\n\t<meta name=\"twitter:data1\" content=\"4 minutos\" \/>\n<script type=\"application\/ld+json\" class=\"yoast-schema-graph\">{\"@context\":\"https:\/\/schema.org\",\"@graph\":[{\"@type\":\"WebPage\",\"@id\":\"https:\/\/www.fiemg.com.br\/iel\/publicacoes-interna\/depoimento-de-nossos-clientes\/\",\"url\":\"https:\/\/www.fiemg.com.br\/iel\/publicacoes-interna\/depoimento-de-nossos-clientes\/\",\"name\":\"Depoimento de nossos clientes - IEL\",\"isPartOf\":{\"@id\":\"https:\/\/www.fiemg.com.br\/iel\/#website\"},\"primaryImageOfPage\":{\"@id\":\"https:\/\/www.fiemg.com.br\/iel\/publicacoes-interna\/depoimento-de-nossos-clientes\/#primaryimage\"},\"image\":{\"@id\":\"https:\/\/www.fiemg.com.br\/iel\/publicacoes-interna\/depoimento-de-nossos-clientes\/#primaryimage\"},\"thumbnailUrl\":\"https:\/\/www.fiemg.com.br\/iel\/wp-content\/uploads\/sites\/13\/2023\/08\/default.png\",\"datePublished\":\"2023-07-21T13:26:52+00:00\",\"dateModified\":\"2023-08-08T19:51:52+00:00\",\"breadcrumb\":{\"@id\":\"https:\/\/www.fiemg.com.br\/iel\/publicacoes-interna\/depoimento-de-nossos-clientes\/#breadcrumb\"},\"inLanguage\":\"pt-BR\",\"potentialAction\":[{\"@type\":\"ReadAction\",\"target\":[\"https:\/\/www.fiemg.com.br\/iel\/publicacoes-interna\/depoimento-de-nossos-clientes\/\"]}]},{\"@type\":\"ImageObject\",\"inLanguage\":\"pt-BR\",\"@id\":\"https:\/\/www.fiemg.com.br\/iel\/publicacoes-interna\/depoimento-de-nossos-clientes\/#primaryimage\",\"url\":\"https:\/\/www.fiemg.com.br\/iel\/wp-content\/uploads\/sites\/13\/2023\/08\/default.png\",\"contentUrl\":\"https:\/\/www.fiemg.com.br\/iel\/wp-content\/uploads\/sites\/13\/2023\/08\/default.png\",\"width\":300,\"height\":300},{\"@type\":\"BreadcrumbList\",\"@id\":\"https:\/\/www.fiemg.com.br\/iel\/publicacoes-interna\/depoimento-de-nossos-clientes\/#breadcrumb\",\"itemListElement\":[{\"@type\":\"ListItem\",\"position\":1,\"name\":\"In\u00edcio\",\"item\":\"https:\/\/www.fiemg.com.br\/iel\/\"},{\"@type\":\"ListItem\",\"position\":2,\"name\":\"Depoimento de nossos clientes\"}]},{\"@type\":\"WebSite\",\"@id\":\"https:\/\/www.fiemg.com.br\/iel\/#website\",\"url\":\"https:\/\/www.fiemg.com.br\/iel\/\",\"name\":\"IEL\",\"description\":\"Federa\u00e7\u00e3o das Ind\u00fastrias do Estado de Minas Gerais\",\"publisher\":{\"@id\":\"https:\/\/www.fiemg.com.br\/iel\/#organization\"},\"potentialAction\":[{\"@type\":\"SearchAction\",\"target\":{\"@type\":\"EntryPoint\",\"urlTemplate\":\"https:\/\/www.fiemg.com.br\/iel\/?s={search_term_string}\"},\"query-input\":{\"@type\":\"PropertyValueSpecification\",\"valueRequired\":true,\"valueName\":\"search_term_string\"}}],\"inLanguage\":\"pt-BR\"},{\"@type\":\"Organization\",\"@id\":\"https:\/\/www.fiemg.com.br\/iel\/#organization\",\"name\":\"IEL\",\"url\":\"https:\/\/www.fiemg.com.br\/iel\/\",\"logo\":{\"@type\":\"ImageObject\",\"inLanguage\":\"pt-BR\",\"@id\":\"https:\/\/www.fiemg.com.br\/iel\/#\/schema\/logo\/image\/\",\"url\":\"https:\/\/www.fiemg.com.br\/iel\/wp-content\/uploads\/sites\/13\/2023\/02\/IEL_branco.svg\",\"contentUrl\":\"https:\/\/www.fiemg.com.br\/iel\/wp-content\/uploads\/sites\/13\/2023\/02\/IEL_branco.svg\",\"width\":103,\"height\":59,\"caption\":\"IEL\"},\"image\":{\"@id\":\"https:\/\/www.fiemg.com.br\/iel\/#\/schema\/logo\/image\/\"}}]}<\/script>\n<!-- \/ Yoast SEO plugin. -->","yoast_head_json":{"title":"Depoimento de nossos clientes - IEL","robots":{"index":"index","follow":"follow","max-snippet":"max-snippet:-1","max-image-preview":"max-image-preview:large","max-video-preview":"max-video-preview:-1"},"canonical":"https:\/\/www.fiemg.com.br\/iel\/publicacoes-interna\/depoimento-de-nossos-clientes\/","og_locale":"pt_BR","og_type":"article","og_title":"Depoimento de nossos clientes - IEL","og_description":"\u00a0. &nbsp; &#8220;O Programa de Est\u00e1gio do IEL \u00e9 um dos mais importantes\u00a0dentro da companhia. Pois \u00e9 atrav\u00e9s dele que desenvolvemos novos profissionais para o mercado de trabalho. Temos um alto n\u00edvel de aproveitamento de estagi\u00e1rios, que ap\u00f3s o est\u00e1gio, ou at\u00e9 mesmo durante o programa, conseguem se efetivar como colaboradores. Isso \u00e9 gratificante, pois [&hellip;]","og_url":"https:\/\/www.fiemg.com.br\/iel\/publicacoes-interna\/depoimento-de-nossos-clientes\/","og_site_name":"IEL","article_modified_time":"2023-08-08T19:51:52+00:00","og_image":[{"width":300,"height":300,"url":"https:\/\/www.fiemg.com.br\/iel\/wp-content\/uploads\/sites\/13\/2023\/07\/default.png","type":"image\/png"}],"twitter_card":"summary_large_image","twitter_misc":{"Est. tempo de leitura":"4 minutos"},"schema":{"@context":"https:\/\/schema.org","@graph":[{"@type":"WebPage","@id":"https:\/\/www.fiemg.com.br\/iel\/publicacoes-interna\/depoimento-de-nossos-clientes\/","url":"https:\/\/www.fiemg.com.br\/iel\/publicacoes-interna\/depoimento-de-nossos-clientes\/","name":"Depoimento de nossos clientes - IEL","isPartOf":{"@id":"https:\/\/www.fiemg.com.br\/iel\/#website"},"primaryImageOfPage":{"@id":"https:\/\/www.fiemg.com.br\/iel\/publicacoes-interna\/depoimento-de-nossos-clientes\/#primaryimage"},"image":{"@id":"https:\/\/www.fiemg.com.br\/iel\/publicacoes-interna\/depoimento-de-nossos-clientes\/#primaryimage"},"thumbnailUrl":"https:\/\/www.fiemg.com.br\/iel\/wp-content\/uploads\/sites\/13\/2023\/08\/default.png","datePublished":"2023-07-21T13:26:52+00:00","dateModified":"2023-08-08T19:51:52+00:00","breadcrumb":{"@id":"https:\/\/www.fiemg.com.br\/iel\/publicacoes-interna\/depoimento-de-nossos-clientes\/#breadcrumb"},"inLanguage":"pt-BR","potentialAction":[{"@type":"ReadAction","target":["https:\/\/www.fiemg.com.br\/iel\/publicacoes-interna\/depoimento-de-nossos-clientes\/"]}]},{"@type":"ImageObject","inLanguage":"pt-BR","@id":"https:\/\/www.fiemg.com.br\/iel\/publicacoes-interna\/depoimento-de-nossos-clientes\/#primaryimage","url":"https:\/\/www.fiemg.com.br\/iel\/wp-content\/uploads\/sites\/13\/2023\/08\/default.png","contentUrl":"https:\/\/www.fiemg.com.br\/iel\/wp-content\/uploads\/sites\/13\/2023\/08\/default.png","width":300,"height":300},{"@type":"BreadcrumbList","@id":"https:\/\/www.fiemg.com.br\/iel\/publicacoes-interna\/depoimento-de-nossos-clientes\/#breadcrumb","itemListElement":[{"@type":"ListItem","position":1,"name":"In\u00edcio","item":"https:\/\/www.fiemg.com.br\/iel\/"},{"@type":"ListItem","position":2,"name":"Depoimento de nossos clientes"}]},{"@type":"WebSite","@id":"https:\/\/www.fiemg.com.br\/iel\/#website","url":"https:\/\/www.fiemg.com.br\/iel\/","name":"IEL","description":"Federa\u00e7\u00e3o das Ind\u00fastrias do Estado de Minas Gerais","publisher":{"@id":"https:\/\/www.fiemg.com.br\/iel\/#organization"},"potentialAction":[{"@type":"SearchAction","target":{"@type":"EntryPoint","urlTemplate":"https:\/\/www.fiemg.com.br\/iel\/?s={search_term_string}"},"query-input":{"@type":"PropertyValueSpecification","valueRequired":true,"valueName":"search_term_string"}}],"inLanguage":"pt-BR"},{"@type":"Organization","@id":"https:\/\/www.fiemg.com.br\/iel\/#organization","name":"IEL","url":"https:\/\/www.fiemg.com.br\/iel\/","logo":{"@type":"ImageObject","inLanguage":"pt-BR","@id":"https:\/\/www.fiemg.com.br\/iel\/#\/schema\/logo\/image\/","url":"https:\/\/www.fiemg.com.br\/iel\/wp-content\/uploads\/sites\/13\/2023\/02\/IEL_branco.svg","contentUrl":"https:\/\/www.fiemg.com.br\/iel\/wp-content\/uploads\/sites\/13\/2023\/02\/IEL_branco.svg","width":103,"height":59,"caption":"IEL"},"image":{"@id":"https:\/\/www.fiemg.com.br\/iel\/#\/schema\/logo\/image\/"}}]}},"_links":{"self":[{"href":"https:\/\/www.fiemg.com.br\/iel\/wp-json\/wp\/v2\/publicacoes-interna\/1607","targetHints":{"allow":["GET"]}}],"collection":[{"href":"https:\/\/www.fiemg.com.br\/iel\/wp-json\/wp\/v2\/publicacoes-interna"}],"about":[{"href":"https:\/\/www.fiemg.com.br\/iel\/wp-json\/wp\/v2\/types\/publicacoes-interna"}],"wp:featuredmedia":[{"embeddable":true,"href":"https:\/\/www.fiemg.com.br\/iel\/wp-json\/wp\/v2\/media\/1888"}],"wp:attachment":[{"href":"https:\/\/www.fiemg.com.br\/iel\/wp-json\/wp\/v2\/media?parent=1607"}],"wp:term":[{"taxonomy":"categoria_publicacao_interna","embeddable":true,"href":"https:\/\/www.fiemg.com.br\/iel\/wp-json\/wp\/v2\/categoria_publicacao_interna?post=1607"}],"curies":[{"name":"wp","href":"https:\/\/api.w.org\/{rel}","templated":true}]}}