{"id":1653,"date":"2023-07-24T19:19:18","date_gmt":"2023-07-24T19:19:18","guid":{"rendered":"https:\/\/www.fiemg.com.br\/iel\/?post_type=publicacoes-interna&#038;p=1653"},"modified":"2023-08-30T16:02:23","modified_gmt":"2023-08-30T19:02:23","slug":"cadastramento-especifico-da-gerencia-de-educacao-executiva","status":"publish","type":"publicacoes-interna","link":"https:\/\/www.fiemg.com.br\/iel\/publicacoes-interna\/cadastramento-especifico-da-gerencia-de-educacao-executiva\/","title":{"rendered":"Cadastramento espec\u00edfico da Ger\u00eancia de Educa\u00e7\u00e3o Executiva"},"content":{"rendered":"\n<figure class=\"wp-block-image size-full\"><img fetchpriority=\"high\" decoding=\"async\" width=\"940\" height=\"240\" src=\"https:\/\/www.fiemg.com.br\/iel\/wp-content\/uploads\/sites\/13\/2023\/08\/XZ-0044-21_MA_IEL_educacao-executiva_produto03.png\" alt=\"\" class=\"wp-image-1950\" srcset=\"https:\/\/www.fiemg.com.br\/iel\/wp-content\/uploads\/sites\/13\/2023\/08\/XZ-0044-21_MA_IEL_educacao-executiva_produto03.png 940w, https:\/\/www.fiemg.com.br\/iel\/wp-content\/uploads\/sites\/13\/2023\/08\/XZ-0044-21_MA_IEL_educacao-executiva_produto03-300x77.png 300w, https:\/\/www.fiemg.com.br\/iel\/wp-content\/uploads\/sites\/13\/2023\/08\/XZ-0044-21_MA_IEL_educacao-executiva_produto03-768x196.png 768w\" sizes=\"(max-width: 940px) 100vw, 940px\" \/><\/figure>\n\n\n\n<h5 class=\"wp-block-heading\">\u00a0 \u00a0 \u00a0Educa\u00e7\u00e3o Executiva\u00a0 \u00a0 \u00a0<\/h5>\n\n\n\n<p>Presta\u00e7\u00e3o de servi\u00e7o de Educa\u00e7\u00e3o Executiva contemplando aulas de todas as modalidades, sess\u00f5es de Coaching e Mentoring, a\u00e7\u00f5es de desenvolvimento e demais atividades correlatas para estudantes, profissionais rec\u00e9m-formados, l\u00edderes empresariais e CEOs de grandes empresas.<\/p>\n\n\n\n<h5 class=\"wp-block-heading\">&nbsp; &nbsp; &nbsp;Quem pode se credenciar?&nbsp; &nbsp; &nbsp;<\/h5>\n\n\n\n<p>Pessoas Jur\u00eddicas que atendam as condi\u00e7\u00f5es exigidas no Regulamento.<\/p>\n\n\n\n<h5 class=\"wp-block-heading\">&nbsp; &nbsp; &nbsp; \u00c1reas de Conhecimento:&nbsp; &nbsp; &nbsp;<\/h5>\n\n\n\n<ul class=\"wp-block-list\">\n<li>Pessoas e lideran\u00e7a<\/li>\n\n\n\n<li>Finan\u00e7as e Contabilidade<\/li>\n\n\n\n<li>Inova\u00e7\u00e3o<\/li>\n\n\n\n<li>Tecnologia da Informa\u00e7\u00e3o<\/li>\n\n\n\n<li>Gest\u00e3o Empresarial<\/li>\n\n\n\n<li>Empreendedorismo<\/li>\n\n\n\n<li>Gest\u00e3o da Produ\u00e7\u00e3o e Qualidade<\/li>\n<\/ul>\n\n\n\n<p><\/p>\n\n\n\n<h5 class=\"wp-block-heading\"><strong>&nbsp; &nbsp; &nbsp;&nbsp;Etapas de Credenciamento&nbsp; &nbsp; &nbsp;&nbsp;<\/strong><\/h5>\n\n\n\n<h6 class=\"wp-block-heading\"><strong>(sendo elas de car\u00e1ter eliminat\u00f3rio)<\/strong><\/h6>\n\n\n<p><img alt=\"\" width=\"120\" \/><img alt=\"\" width=\"120\" \/><\/p>\n<p><span style=\"color: #ffffff\" data-darkreader-inline-color=\"\">.<span style=\"color: #333399\" data-darkreader-inline-color=\"\"><strong>Etapa 1: Cadastro de Pessoa Jur\u00eddica <\/strong><\/span><\/span><\/p>\n<p><span style=\"font-size: revert;color: initial\">&gt; Registro de dados gerais<\/span><\/p>\n<p><span style=\"font-size: revert;color: initial\">&gt; Preenchimento eletr\u00f4nico dos formul\u00e1rios disponibilizados<\/span><\/p>\n<p><em style=\"font-size: revert;color: initial\">&gt; Upload\u00a0<\/em><span style=\"font-size: revert;color: initial\">dos documentos jur\u00eddicos e de regularidade fiscal<\/span><\/p>\n<p>\u00a0<\/p>\n<p>\u00a0<strong><span data-darkreader-inline-color=\"\">Etapa 2: Cadastramento de Profissionais<\/span>\u00a0<\/strong><\/p>\n<p>&gt;&gt; Registro dos dados dos profissionais<\/p>\n<p>&gt;&gt; Preenchimento eletr\u00f4nico dos formul\u00e1rios disponibilizados e defini\u00e7\u00e3o das \u00e1reas de interesse de atua\u00e7\u00e3o<\/p>\n<blockquote>\n<p>&gt;\u00a0<em>Upload<\/em>\u00a0dos documentos dos profissionais inscritos, incluindo os de certifica\u00e7\u00e3o da capacidade t\u00e9cnica<\/p>\n<\/blockquote>\n<p>\u00a0<\/p>\n<p><span style=\"color: #800000\" data-darkreader-inline-color=\"\"><strong>Etapa 3: Certifica\u00e7\u00e3o de Capacidade T\u00e9cnica\u00a0<\/strong><\/span><\/p>\n<blockquote>\n<p>Avalia\u00e7\u00e3o did\u00e1tico-pedag\u00f3gica dos candidatos selecionados<\/p>\n<p>\u00a0<\/p>\n<\/blockquote>\n<p><strong><span style=\"color: #00ccff\" data-darkreader-inline-color=\"\">Etapa 4: Habilita\u00e7\u00e3o de Pessoas Jur\u00eddicas e dos Profissionais Credenciados<\/span><\/strong><\/p>\n<blockquote>\n<p>&gt; Avalia\u00e7\u00e3o de documentos obrigat\u00f3rios de cadastro das empresas quanto a atos constitutivos e regularidade fiscal<strong style=\"font-size: revert;color: initial\"><span style=\"color: #ffffff\" data-darkreader-inline-color=\"\"><span style=\"color: #000000\" data-darkreader-inline-color=\"\">\u00a0<\/span><\/span><\/strong><\/p>\n<\/blockquote>\n<p>\u00a0<\/p>\n<h6><span style=\"color: #ffffff;background-color: #333399\" data-darkreader-inline-color=\"\" data-darkreader-inline-bgcolor=\"\"><strong>\u00a0 \u00a0 \u00a0Links Importantes\u00a0 \u00a0 \u00a0<\/strong><\/span><\/h6>\n<p>&gt;&gt;\u00a0<a href=\"https:\/\/www.fiemg.com.br\/wp-content\/uploads\/media\/IEL\/ConsultoresIEL\/Credenciamento-IEL-001-2021.pdf\" target=\"_blank\" rel=\"noopener\">Regulamento<\/a><\/p>\n<p><span style=\"color: #ffffff\" data-darkreader-inline-color=\"\">.<\/span><\/p>\n<p>&gt;&gt;\u00a0<a href=\"https:\/\/www.fiemg.com.br\/wp-content\/uploads\/media\/IEL\/ConsultoresIEL\/-reas-e-sub-reas-credenciamento-GEE-04-10-2021.pdf\" target=\"_blank\" rel=\"noopener\">\u00c1reas de conhecimento<\/a><\/p>\n<p><span style=\"color: #ffffff\" data-darkreader-inline-color=\"\">.<\/span><\/p>\n<p>&gt;&gt;\u00a0<a href=\"https:\/\/www.fiemg.com.br\/wp-content\/uploads\/media\/IEL\/ConsultoresIEL\/Orienta-es-para-Cadastro-Credenciamento-de-Consultores-IEL-Educa-o-Executiva2021.pdf\" target=\"_blank\" rel=\"noopener\">Orienta\u00e7\u00f5es para cadastro<\/a><span style=\"color: #ffffff;background-color: #333399\" data-darkreader-inline-color=\"\" data-darkreader-inline-bgcolor=\"\"><span style=\"background-color: #ffffff\" data-darkreader-inline-bgcolor=\"\">rEA<\/span><br \/><\/span><\/p>\n<p><span style=\"color: #ffffff\" data-darkreader-inline-color=\"\"><strong>.rErE<\/strong><\/span><\/p>\n<p>\u00a0<\/p>\n<p><span style=\"color: #ffffff\" data-darkreader-inline-color=\"\"><strong>\u00a0 \u00a0 \u00a0 \u00a0 \u00a0 \u00a0 \u00a0 \u00a0 \u00a0 \u00a0<\/strong><\/span><\/p>\n<h6><span style=\"color: #ffffff;background-color: #333399\" data-darkreader-inline-color=\"\" data-darkreader-inline-bgcolor=\"\">\u00a0 \u00a0 \u00a0Contato\u00a0 \u00a0\u00a0<\/span><\/h6>\n<p>E-mail:\u00a0<a href=\"mailto:credenciamentoiel@fiemg.com.br\">credenciamentoiel@fiemg.com.br<\/a><\/p>\n<p>Telefone:\u00a0(31)\u00a02118-5596<\/p>\n<p><span style=\"color: #ffffff\" data-darkreader-inline-color=\"\"><strong>\u00a0 \u00a0 \u00a0 \u00a0 \u00a0 \u00a0<\/strong><\/span><\/p>\n\n\n<figure class=\"wp-block-image alignleft size-full is-resized\"><img decoding=\"async\" src=\"https:\/\/www.fiemg.com.br\/iel\/wp-content\/uploads\/sites\/13\/2023\/08\/XZ-0044-21_MA_IEL_educacao-executiva_botao03.png\" alt=\"\" class=\"wp-image-1954\" style=\"object-fit:cover;width:150px;height:150px\" width=\"150\" height=\"150\" srcset=\"https:\/\/www.fiemg.com.br\/iel\/wp-content\/uploads\/sites\/13\/2023\/08\/XZ-0044-21_MA_IEL_educacao-executiva_botao03.png 400w, https:\/\/www.fiemg.com.br\/iel\/wp-content\/uploads\/sites\/13\/2023\/08\/XZ-0044-21_MA_IEL_educacao-executiva_botao03-300x300.png 300w, https:\/\/www.fiemg.com.br\/iel\/wp-content\/uploads\/sites\/13\/2023\/08\/XZ-0044-21_MA_IEL_educacao-executiva_botao03-150x150.png 150w\" sizes=\"(max-width: 150px) 100vw, 150px\" \/><\/figure>\n\n\n\n<div class=\"wp-block-buttons is-layout-flex wp-block-buttons-is-layout-flex\"><\/div>\n","protected":false},"featured_media":1888,"template":"","categoria_publicacao_interna":[],"class_list":["post-1653","publicacoes-interna","type-publicacoes-interna","status-publish","has-post-thumbnail","hentry"],"acf":[],"yoast_head":"<!-- This site is optimized with the Yoast SEO plugin v26.2 - https:\/\/yoast.com\/wordpress\/plugins\/seo\/ -->\n<title>Cadastramento espec\u00edfico da Ger\u00eancia de Educa\u00e7\u00e3o Executiva - IEL<\/title>\n<meta name=\"robots\" content=\"index, follow, max-snippet:-1, max-image-preview:large, max-video-preview:-1\" \/>\n<link rel=\"canonical\" href=\"https:\/\/www.fiemg.com.br\/iel\/publicacoes-interna\/cadastramento-especifico-da-gerencia-de-educacao-executiva\/\" \/>\n<meta property=\"og:locale\" content=\"pt_BR\" \/>\n<meta property=\"og:type\" content=\"article\" \/>\n<meta property=\"og:title\" content=\"Cadastramento espec\u00edfico da Ger\u00eancia de Educa\u00e7\u00e3o Executiva - IEL\" \/>\n<meta property=\"og:description\" content=\"\u00a0 \u00a0 \u00a0Educa\u00e7\u00e3o Executiva\u00a0 \u00a0 \u00a0 Presta\u00e7\u00e3o de servi\u00e7o de Educa\u00e7\u00e3o Executiva contemplando aulas de todas as modalidades, sess\u00f5es de Coaching e Mentoring, a\u00e7\u00f5es de desenvolvimento e demais atividades correlatas para estudantes, profissionais rec\u00e9m-formados, l\u00edderes empresariais e CEOs de grandes empresas. &nbsp; &nbsp; &nbsp;Quem pode se credenciar?&nbsp; &nbsp; &nbsp; Pessoas Jur\u00eddicas que atendam as condi\u00e7\u00f5es [&hellip;]\" \/>\n<meta property=\"og:url\" content=\"https:\/\/www.fiemg.com.br\/iel\/publicacoes-interna\/cadastramento-especifico-da-gerencia-de-educacao-executiva\/\" \/>\n<meta property=\"og:site_name\" content=\"IEL\" \/>\n<meta property=\"article:modified_time\" content=\"2023-08-30T19:02:23+00:00\" \/>\n<meta property=\"og:image\" content=\"https:\/\/www.fiemg.com.br\/iel\/wp-content\/uploads\/sites\/13\/2023\/08\/XZ-0044-21_MA_IEL_educacao-executiva_produto03.png\" \/>\n<meta name=\"twitter:card\" content=\"summary_large_image\" \/>\n<meta name=\"twitter:label1\" content=\"Est. tempo de leitura\" \/>\n\t<meta name=\"twitter:data1\" content=\"2 minutos\" \/>\n<script type=\"application\/ld+json\" class=\"yoast-schema-graph\">{\"@context\":\"https:\/\/schema.org\",\"@graph\":[{\"@type\":\"WebPage\",\"@id\":\"https:\/\/www.fiemg.com.br\/iel\/publicacoes-interna\/cadastramento-especifico-da-gerencia-de-educacao-executiva\/\",\"url\":\"https:\/\/www.fiemg.com.br\/iel\/publicacoes-interna\/cadastramento-especifico-da-gerencia-de-educacao-executiva\/\",\"name\":\"Cadastramento espec\u00edfico da Ger\u00eancia de Educa\u00e7\u00e3o Executiva - IEL\",\"isPartOf\":{\"@id\":\"https:\/\/www.fiemg.com.br\/iel\/#website\"},\"primaryImageOfPage\":{\"@id\":\"https:\/\/www.fiemg.com.br\/iel\/publicacoes-interna\/cadastramento-especifico-da-gerencia-de-educacao-executiva\/#primaryimage\"},\"image\":{\"@id\":\"https:\/\/www.fiemg.com.br\/iel\/publicacoes-interna\/cadastramento-especifico-da-gerencia-de-educacao-executiva\/#primaryimage\"},\"thumbnailUrl\":\"https:\/\/www.fiemg.com.br\/iel\/wp-content\/uploads\/sites\/13\/2023\/08\/default.png\",\"datePublished\":\"2023-07-24T19:19:18+00:00\",\"dateModified\":\"2023-08-30T19:02:23+00:00\",\"breadcrumb\":{\"@id\":\"https:\/\/www.fiemg.com.br\/iel\/publicacoes-interna\/cadastramento-especifico-da-gerencia-de-educacao-executiva\/#breadcrumb\"},\"inLanguage\":\"pt-BR\",\"potentialAction\":[{\"@type\":\"ReadAction\",\"target\":[\"https:\/\/www.fiemg.com.br\/iel\/publicacoes-interna\/cadastramento-especifico-da-gerencia-de-educacao-executiva\/\"]}]},{\"@type\":\"ImageObject\",\"inLanguage\":\"pt-BR\",\"@id\":\"https:\/\/www.fiemg.com.br\/iel\/publicacoes-interna\/cadastramento-especifico-da-gerencia-de-educacao-executiva\/#primaryimage\",\"url\":\"https:\/\/www.fiemg.com.br\/iel\/wp-content\/uploads\/sites\/13\/2023\/08\/default.png\",\"contentUrl\":\"https:\/\/www.fiemg.com.br\/iel\/wp-content\/uploads\/sites\/13\/2023\/08\/default.png\",\"width\":300,\"height\":300},{\"@type\":\"BreadcrumbList\",\"@id\":\"https:\/\/www.fiemg.com.br\/iel\/publicacoes-interna\/cadastramento-especifico-da-gerencia-de-educacao-executiva\/#breadcrumb\",\"itemListElement\":[{\"@type\":\"ListItem\",\"position\":1,\"name\":\"In\u00edcio\",\"item\":\"https:\/\/www.fiemg.com.br\/iel\/\"},{\"@type\":\"ListItem\",\"position\":2,\"name\":\"Cadastramento espec\u00edfico da Ger\u00eancia de Educa\u00e7\u00e3o Executiva\"}]},{\"@type\":\"WebSite\",\"@id\":\"https:\/\/www.fiemg.com.br\/iel\/#website\",\"url\":\"https:\/\/www.fiemg.com.br\/iel\/\",\"name\":\"IEL\",\"description\":\"Federa\u00e7\u00e3o das Ind\u00fastrias do Estado de Minas Gerais\",\"publisher\":{\"@id\":\"https:\/\/www.fiemg.com.br\/iel\/#organization\"},\"potentialAction\":[{\"@type\":\"SearchAction\",\"target\":{\"@type\":\"EntryPoint\",\"urlTemplate\":\"https:\/\/www.fiemg.com.br\/iel\/?s={search_term_string}\"},\"query-input\":{\"@type\":\"PropertyValueSpecification\",\"valueRequired\":true,\"valueName\":\"search_term_string\"}}],\"inLanguage\":\"pt-BR\"},{\"@type\":\"Organization\",\"@id\":\"https:\/\/www.fiemg.com.br\/iel\/#organization\",\"name\":\"IEL\",\"url\":\"https:\/\/www.fiemg.com.br\/iel\/\",\"logo\":{\"@type\":\"ImageObject\",\"inLanguage\":\"pt-BR\",\"@id\":\"https:\/\/www.fiemg.com.br\/iel\/#\/schema\/logo\/image\/\",\"url\":\"https:\/\/www.fiemg.com.br\/iel\/wp-content\/uploads\/sites\/13\/2023\/02\/IEL_branco.svg\",\"contentUrl\":\"https:\/\/www.fiemg.com.br\/iel\/wp-content\/uploads\/sites\/13\/2023\/02\/IEL_branco.svg\",\"width\":103,\"height\":59,\"caption\":\"IEL\"},\"image\":{\"@id\":\"https:\/\/www.fiemg.com.br\/iel\/#\/schema\/logo\/image\/\"}}]}<\/script>\n<!-- \/ Yoast SEO plugin. -->","yoast_head_json":{"title":"Cadastramento espec\u00edfico da Ger\u00eancia de Educa\u00e7\u00e3o Executiva - IEL","robots":{"index":"index","follow":"follow","max-snippet":"max-snippet:-1","max-image-preview":"max-image-preview:large","max-video-preview":"max-video-preview:-1"},"canonical":"https:\/\/www.fiemg.com.br\/iel\/publicacoes-interna\/cadastramento-especifico-da-gerencia-de-educacao-executiva\/","og_locale":"pt_BR","og_type":"article","og_title":"Cadastramento espec\u00edfico da Ger\u00eancia de Educa\u00e7\u00e3o Executiva - IEL","og_description":"\u00a0 \u00a0 \u00a0Educa\u00e7\u00e3o Executiva\u00a0 \u00a0 \u00a0 Presta\u00e7\u00e3o de servi\u00e7o de Educa\u00e7\u00e3o Executiva contemplando aulas de todas as modalidades, sess\u00f5es de Coaching e Mentoring, a\u00e7\u00f5es de desenvolvimento e demais atividades correlatas para estudantes, profissionais rec\u00e9m-formados, l\u00edderes empresariais e CEOs de grandes empresas. &nbsp; &nbsp; &nbsp;Quem pode se credenciar?&nbsp; &nbsp; &nbsp; Pessoas Jur\u00eddicas que atendam as condi\u00e7\u00f5es [&hellip;]","og_url":"https:\/\/www.fiemg.com.br\/iel\/publicacoes-interna\/cadastramento-especifico-da-gerencia-de-educacao-executiva\/","og_site_name":"IEL","article_modified_time":"2023-08-30T19:02:23+00:00","og_image":[{"url":"https:\/\/www.fiemg.com.br\/iel\/wp-content\/uploads\/sites\/13\/2023\/08\/XZ-0044-21_MA_IEL_educacao-executiva_produto03.png","type":"","width":"","height":""}],"twitter_card":"summary_large_image","twitter_misc":{"Est. tempo de leitura":"2 minutos"},"schema":{"@context":"https:\/\/schema.org","@graph":[{"@type":"WebPage","@id":"https:\/\/www.fiemg.com.br\/iel\/publicacoes-interna\/cadastramento-especifico-da-gerencia-de-educacao-executiva\/","url":"https:\/\/www.fiemg.com.br\/iel\/publicacoes-interna\/cadastramento-especifico-da-gerencia-de-educacao-executiva\/","name":"Cadastramento espec\u00edfico da Ger\u00eancia de Educa\u00e7\u00e3o Executiva - IEL","isPartOf":{"@id":"https:\/\/www.fiemg.com.br\/iel\/#website"},"primaryImageOfPage":{"@id":"https:\/\/www.fiemg.com.br\/iel\/publicacoes-interna\/cadastramento-especifico-da-gerencia-de-educacao-executiva\/#primaryimage"},"image":{"@id":"https:\/\/www.fiemg.com.br\/iel\/publicacoes-interna\/cadastramento-especifico-da-gerencia-de-educacao-executiva\/#primaryimage"},"thumbnailUrl":"https:\/\/www.fiemg.com.br\/iel\/wp-content\/uploads\/sites\/13\/2023\/08\/default.png","datePublished":"2023-07-24T19:19:18+00:00","dateModified":"2023-08-30T19:02:23+00:00","breadcrumb":{"@id":"https:\/\/www.fiemg.com.br\/iel\/publicacoes-interna\/cadastramento-especifico-da-gerencia-de-educacao-executiva\/#breadcrumb"},"inLanguage":"pt-BR","potentialAction":[{"@type":"ReadAction","target":["https:\/\/www.fiemg.com.br\/iel\/publicacoes-interna\/cadastramento-especifico-da-gerencia-de-educacao-executiva\/"]}]},{"@type":"ImageObject","inLanguage":"pt-BR","@id":"https:\/\/www.fiemg.com.br\/iel\/publicacoes-interna\/cadastramento-especifico-da-gerencia-de-educacao-executiva\/#primaryimage","url":"https:\/\/www.fiemg.com.br\/iel\/wp-content\/uploads\/sites\/13\/2023\/08\/default.png","contentUrl":"https:\/\/www.fiemg.com.br\/iel\/wp-content\/uploads\/sites\/13\/2023\/08\/default.png","width":300,"height":300},{"@type":"BreadcrumbList","@id":"https:\/\/www.fiemg.com.br\/iel\/publicacoes-interna\/cadastramento-especifico-da-gerencia-de-educacao-executiva\/#breadcrumb","itemListElement":[{"@type":"ListItem","position":1,"name":"In\u00edcio","item":"https:\/\/www.fiemg.com.br\/iel\/"},{"@type":"ListItem","position":2,"name":"Cadastramento espec\u00edfico da Ger\u00eancia de Educa\u00e7\u00e3o Executiva"}]},{"@type":"WebSite","@id":"https:\/\/www.fiemg.com.br\/iel\/#website","url":"https:\/\/www.fiemg.com.br\/iel\/","name":"IEL","description":"Federa\u00e7\u00e3o das Ind\u00fastrias do Estado de Minas Gerais","publisher":{"@id":"https:\/\/www.fiemg.com.br\/iel\/#organization"},"potentialAction":[{"@type":"SearchAction","target":{"@type":"EntryPoint","urlTemplate":"https:\/\/www.fiemg.com.br\/iel\/?s={search_term_string}"},"query-input":{"@type":"PropertyValueSpecification","valueRequired":true,"valueName":"search_term_string"}}],"inLanguage":"pt-BR"},{"@type":"Organization","@id":"https:\/\/www.fiemg.com.br\/iel\/#organization","name":"IEL","url":"https:\/\/www.fiemg.com.br\/iel\/","logo":{"@type":"ImageObject","inLanguage":"pt-BR","@id":"https:\/\/www.fiemg.com.br\/iel\/#\/schema\/logo\/image\/","url":"https:\/\/www.fiemg.com.br\/iel\/wp-content\/uploads\/sites\/13\/2023\/02\/IEL_branco.svg","contentUrl":"https:\/\/www.fiemg.com.br\/iel\/wp-content\/uploads\/sites\/13\/2023\/02\/IEL_branco.svg","width":103,"height":59,"caption":"IEL"},"image":{"@id":"https:\/\/www.fiemg.com.br\/iel\/#\/schema\/logo\/image\/"}}]}},"_links":{"self":[{"href":"https:\/\/www.fiemg.com.br\/iel\/wp-json\/wp\/v2\/publicacoes-interna\/1653","targetHints":{"allow":["GET"]}}],"collection":[{"href":"https:\/\/www.fiemg.com.br\/iel\/wp-json\/wp\/v2\/publicacoes-interna"}],"about":[{"href":"https:\/\/www.fiemg.com.br\/iel\/wp-json\/wp\/v2\/types\/publicacoes-interna"}],"wp:featuredmedia":[{"embeddable":true,"href":"https:\/\/www.fiemg.com.br\/iel\/wp-json\/wp\/v2\/media\/1888"}],"wp:attachment":[{"href":"https:\/\/www.fiemg.com.br\/iel\/wp-json\/wp\/v2\/media?parent=1653"}],"wp:term":[{"taxonomy":"categoria_publicacao_interna","embeddable":true,"href":"https:\/\/www.fiemg.com.br\/iel\/wp-json\/wp\/v2\/categoria_publicacao_interna?post=1653"}],"curies":[{"name":"wp","href":"https:\/\/api.w.org\/{rel}","templated":true}]}}