{"id":2688,"date":"2023-04-26T12:46:25","date_gmt":"2023-04-26T15:46:25","guid":{"rendered":"https:\/\/www.fiemg.com.br\/regional-alto-paranaiba\/area-de-interesse\/capacitacao-empresarial-3\/beneficios-ciemg\/"},"modified":"2024-04-30T17:46:56","modified_gmt":"2024-04-30T20:46:56","slug":"beneficios-ciemg","status":"publish","type":"area-de-interesse","link":"https:\/\/www.fiemg.com.br\/regional-alto-paranaiba\/area-de-interesse\/capacitacao-empresarial\/beneficios-ciemg\/","title":{"rendered":"Benef\u00edcios CIEMG"},"content":{"rendered":"<header class=\"entry-header\"><em><em>Aqui est\u00e1 um conjunto de benef\u00edcios essenciais \u00e0 melhoria do desempenho de sua empresa<\/em><\/em>\u00a0<\/header>\n<header><\/header>\n<header><\/header>\n<header><img fetchpriority=\"high\" decoding=\"async\" class=\"alignnone size-full wp-image-530\" src=\"https:\/\/www.fiemg.com.br\/wp-content\/uploads\/2023\/03\/35ad4c2f0df77617cc855728670d4f46872cffec8202ab5f89c19959db6600fd.jpg\" alt=\"\" width=\"940\" height=\"240\" srcset=\"https:\/\/www.fiemg.com.br\/regional-alto-paranaiba\/wp-content\/uploads\/sites\/15\/2023\/03\/35ad4c2f0df77617cc855728670d4f46872cffec8202ab5f89c19959db6600fd.jpg 940w, https:\/\/www.fiemg.com.br\/regional-alto-paranaiba\/wp-content\/uploads\/sites\/15\/2023\/03\/35ad4c2f0df77617cc855728670d4f46872cffec8202ab5f89c19959db6600fd-300x77.jpg 300w, https:\/\/www.fiemg.com.br\/regional-alto-paranaiba\/wp-content\/uploads\/sites\/15\/2023\/03\/35ad4c2f0df77617cc855728670d4f46872cffec8202ab5f89c19959db6600fd-768x196.jpg 768w\" sizes=\"(max-width: 940px) 100vw, 940px\" \/><\/header>\n<h3><strong><a href=\"https:\/\/www.fiemg.com.br\/CIEMG\/produto\/associe-se-ao-ciemg\" target=\"_blank\" rel=\"noopener\">Associe-se agora mesmo<\/a>.<\/strong><\/h3>\n<h4><strong>Especializado em capacita\u00e7\u00e3o empresarial, assessorias t\u00e9cnicas e eventos de promo\u00e7\u00e3o de neg\u00f3cios, o CIEMG <\/strong><strong>oferece muitos servi\u00e7os para incrementar seu empreendimento.<\/strong><\/h4>\n<header>Voc\u00ea tem acesso aos seguintes benef\u00edcios, sempre com condi\u00e7\u00f5es muito especiais:\u25a0\u00a0<strong><a href=\"http:\/\/www.odontoindustria.com.br\/\" target=\"_blank\" rel=\"noopener\">OdontoInd\u00fastria<\/a>:<\/strong>\u00a0planos odontol\u00f3gicos com cobertura para as principais especialidades e com valores diferenciados do mercado.\u25a0\u00a0<strong><a href=\"https:\/\/www.fiemg.com.br\/ciemg\/area-de-interesse\/negocios-e-atracao-de-investimentos\/credifiemg\/\" target=\"_blank\" rel=\"noopener\">Credifiemg<\/a>:<\/strong>\u00a0cooperativa de cr\u00e9dito que oferece aos associados taxas de boletos e juros competitivas, al\u00e9m de distribuir as sobras que a cooperativa obt\u00e9m durante o ano entre os associados.<\/p>\n<p>\u25a0\u00a0<strong>Conv\u00eanios com condi\u00e7\u00f5es especiais:<\/strong> desconto na mensalidade dos cursos de gradua\u00e7\u00e3o da Puc Minas e dos cursos de idioma da Funda\u00e7\u00e3o CEFET Minas.<\/p>\n<p>\u25a0\u00a0<strong>Assessoria especializada:<\/strong>\u00a0nas \u00e1reas tribut\u00e1ria, trabalhista, meio ambiente e acesso a cr\u00e9dito.<\/p>\n<p>\u25a0\u00a0<strong><a href=\"https:\/\/ciemgcursos.com.br\" target=\"_blank\" rel=\"noopener\">Cursos, palestras e semin\u00e1rios<\/a><\/strong><strong>:<\/strong>\u00a0agenda de treinamentos em gest\u00e3o oferecidos em 19 endere\u00e7os no estado e com desconto especial para os associados.<\/p>\n<p>\u25a0\u00a0<strong><a href=\"https:\/\/www.fiemg.com.br\/ciemg\/area-de-interesse\/estrutura-para-eventos\/\" target=\"_blank\" rel=\"noopener\">Espa\u00e7os dispon\u00edveis<\/a>:\u00a0<\/strong>com infraestrutura completa para utiliza\u00e7\u00e3o dos associados, salas de reuni\u00e3o, treinamento e audit\u00f3rio.<\/p>\n<p>\u25a0\u00a0<strong>Defesa e representa\u00e7\u00e3o:<\/strong>\u00a0monitoramento e atua\u00e7\u00e3o representando os associados de forma ativa e propositiva na defesa e preserva\u00e7\u00e3o dos interesses empresariais.<\/p>\n<p>\u25a0\u00a0<strong>Promo\u00e7\u00e3o de neg\u00f3cios:<\/strong>\u00a0agenda de oportunidades divulgada periodicamente, realiza\u00e7\u00e3o de encontros entre os empres\u00e1rios, f\u00f3runs de discuss\u00f5es, associa\u00e7\u00f5es entre os fornecedores e os contratantes.<\/p>\n<p>\u25a0\u00a0<strong>Oportunidades no Sistema:<\/strong>\u00a0divulga\u00e7\u00e3o para os associados dos processos de compras e contrata\u00e7\u00f5es do SESI, SENAI, IEL e FIEMG.<\/p>\n<p>\u25a0\u00a0<strong><a href=\"https:\/\/www.fiemg.com.br\/ciemg\/area-de-interesse\/negocios-e-atracao-de-investimentos\/cadastro-industrial\/\">Cadastro Industrial<\/a>:<\/strong>\u00a0portal de produtos e servi\u00e7os das principais empresas mineiras. Ind\u00fastrias, fornecedores e anunciantes de diversos segmentos reunidos em um mesmo ambiente inteiramente desenvolvido para promover novos neg\u00f3cios.<\/p>\n<h5><strong style=\"font-size: 16px\"><a href=\"https:\/\/www.fiemg.com.br\/CIEMG\/produto\/associe-se-ao-ciemg\" target=\"_blank\" rel=\"noopener\">Associe-se <\/a><\/strong><span style=\"font-size: 16px\">e obtenha vantagens competitivas com os<\/span><strong style=\"font-size: 16px\">\u00a0Benef\u00edcios CIEMG<\/strong><span style=\"font-size: 16px\">.<\/span><\/h5>\n<div class=\"entry-content g-8\">\n<div class=\"c-12\">\n<article class=\"entry\">\n<div class=\"entry-content g-4\">\n<h3>Aprimore seu neg\u00f3cio com estes benef\u00edcios.<\/h3>\n<\/div>\n<\/article>\n<\/div>\n<\/div>\n<\/header>\n","protected":false},"featured_media":2690,"parent":1252,"menu_order":238,"template":"","categories":[],"tags":[],"categoria_areas_de_interesse":[],"class_list":["post-2688","area-de-interesse","type-area-de-interesse","status-publish","has-post-thumbnail","hentry"],"acf":[],"yoast_head":"<!-- This site is optimized with the Yoast SEO plugin v26.2 - https:\/\/yoast.com\/wordpress\/plugins\/seo\/ -->\n<title>Benef\u00edcios CIEMG - Regional Alto Parana\u00edba<\/title>\n<meta name=\"robots\" content=\"index, follow, max-snippet:-1, max-image-preview:large, max-video-preview:-1\" \/>\n<link rel=\"canonical\" href=\"https:\/\/www.fiemg.com.br\/regional-alto-paranaiba\/area-de-interesse\/capacitacao-empresarial\/beneficios-ciemg\/\" \/>\n<meta property=\"og:locale\" content=\"pt_BR\" \/>\n<meta property=\"og:type\" content=\"article\" \/>\n<meta property=\"og:title\" content=\"Benef\u00edcios CIEMG - Regional Alto Parana\u00edba\" \/>\n<meta property=\"og:description\" content=\"Aqui est\u00e1 um conjunto de benef\u00edcios essenciais \u00e0 melhoria do desempenho de sua empresa\u00a0 Associe-se agora mesmo. Especializado em capacita\u00e7\u00e3o empresarial, assessorias t\u00e9cnicas e eventos de promo\u00e7\u00e3o de neg\u00f3cios, o CIEMG oferece muitos servi\u00e7os para incrementar seu empreendimento. Voc\u00ea tem acesso aos seguintes benef\u00edcios, sempre com condi\u00e7\u00f5es muito especiais:\u25a0\u00a0OdontoInd\u00fastria:\u00a0planos odontol\u00f3gicos com cobertura para as principais [&hellip;]\" \/>\n<meta property=\"og:url\" content=\"https:\/\/www.fiemg.com.br\/regional-alto-paranaiba\/area-de-interesse\/capacitacao-empresarial\/beneficios-ciemg\/\" \/>\n<meta property=\"og:site_name\" content=\"Regional Alto Parana\u00edba\" \/>\n<meta property=\"article:modified_time\" content=\"2024-04-30T20:46:56+00:00\" \/>\n<meta property=\"og:image\" content=\"https:\/\/www.fiemg.com.br\/regional-alto-paranaiba\/wp-content\/uploads\/sites\/15\/2025\/07\/35ad4c2f0df77617cc855728670d4f46872cffec8202ab5f89c19959db6600fd.jpg\" \/>\n\t<meta property=\"og:image:width\" content=\"940\" \/>\n\t<meta property=\"og:image:height\" content=\"240\" \/>\n\t<meta property=\"og:image:type\" content=\"image\/jpeg\" \/>\n<meta name=\"twitter:card\" content=\"summary_large_image\" \/>\n<meta name=\"twitter:label1\" content=\"Est. tempo de leitura\" \/>\n\t<meta name=\"twitter:data1\" content=\"2 minutos\" \/>\n<script type=\"application\/ld+json\" class=\"yoast-schema-graph\">{\"@context\":\"https:\/\/schema.org\",\"@graph\":[{\"@type\":\"WebPage\",\"@id\":\"https:\/\/www.fiemg.com.br\/regional-alto-paranaiba\/area-de-interesse\/capacitacao-empresarial\/beneficios-ciemg\/\",\"url\":\"https:\/\/www.fiemg.com.br\/regional-alto-paranaiba\/area-de-interesse\/capacitacao-empresarial\/beneficios-ciemg\/\",\"name\":\"Benef\u00edcios CIEMG - Regional Alto Parana\u00edba\",\"isPartOf\":{\"@id\":\"https:\/\/www.fiemg.com.br\/regional-alto-paranaiba\/#website\"},\"primaryImageOfPage\":{\"@id\":\"https:\/\/www.fiemg.com.br\/regional-alto-paranaiba\/area-de-interesse\/capacitacao-empresarial\/beneficios-ciemg\/#primaryimage\"},\"image\":{\"@id\":\"https:\/\/www.fiemg.com.br\/regional-alto-paranaiba\/area-de-interesse\/capacitacao-empresarial\/beneficios-ciemg\/#primaryimage\"},\"thumbnailUrl\":\"https:\/\/www.fiemg.com.br\/regional-alto-paranaiba\/wp-content\/uploads\/sites\/15\/2025\/07\/35ad4c2f0df77617cc855728670d4f46872cffec8202ab5f89c19959db6600fd.jpg\",\"datePublished\":\"2023-04-26T15:46:25+00:00\",\"dateModified\":\"2024-04-30T20:46:56+00:00\",\"breadcrumb\":{\"@id\":\"https:\/\/www.fiemg.com.br\/regional-alto-paranaiba\/area-de-interesse\/capacitacao-empresarial\/beneficios-ciemg\/#breadcrumb\"},\"inLanguage\":\"pt-BR\",\"potentialAction\":[{\"@type\":\"ReadAction\",\"target\":[\"https:\/\/www.fiemg.com.br\/regional-alto-paranaiba\/area-de-interesse\/capacitacao-empresarial\/beneficios-ciemg\/\"]}]},{\"@type\":\"ImageObject\",\"inLanguage\":\"pt-BR\",\"@id\":\"https:\/\/www.fiemg.com.br\/regional-alto-paranaiba\/area-de-interesse\/capacitacao-empresarial\/beneficios-ciemg\/#primaryimage\",\"url\":\"https:\/\/www.fiemg.com.br\/regional-alto-paranaiba\/wp-content\/uploads\/sites\/15\/2025\/07\/35ad4c2f0df77617cc855728670d4f46872cffec8202ab5f89c19959db6600fd.jpg\",\"contentUrl\":\"https:\/\/www.fiemg.com.br\/regional-alto-paranaiba\/wp-content\/uploads\/sites\/15\/2025\/07\/35ad4c2f0df77617cc855728670d4f46872cffec8202ab5f89c19959db6600fd.jpg\",\"width\":940,\"height\":240,\"caption\":\"Benef\u00edcios\"},{\"@type\":\"BreadcrumbList\",\"@id\":\"https:\/\/www.fiemg.com.br\/regional-alto-paranaiba\/area-de-interesse\/capacitacao-empresarial\/beneficios-ciemg\/#breadcrumb\",\"itemListElement\":[{\"@type\":\"ListItem\",\"position\":1,\"name\":\"In\u00edcio\",\"item\":\"https:\/\/www.fiemg.com.br\/regional-alto-paranaiba\/\"},{\"@type\":\"ListItem\",\"position\":2,\"name\":\"Capacita\u00e7\u00e3o Empresarial\",\"item\":\"https:\/\/www.fiemg.com.br\/regional-alto-paranaiba\/area-de-interesse\/capacitacao-empresarial-3\/\"},{\"@type\":\"ListItem\",\"position\":3,\"name\":\"Benef\u00edcios CIEMG\"}]},{\"@type\":\"WebSite\",\"@id\":\"https:\/\/www.fiemg.com.br\/regional-alto-paranaiba\/#website\",\"url\":\"https:\/\/www.fiemg.com.br\/regional-alto-paranaiba\/\",\"name\":\"Regional Alto Parana\u00edba\",\"description\":\"Federa\u00e7\u00e3o das Ind\u00fastrias do Estado de Minas Gerais\",\"publisher\":{\"@id\":\"https:\/\/www.fiemg.com.br\/regional-alto-paranaiba\/#organization\"},\"potentialAction\":[{\"@type\":\"SearchAction\",\"target\":{\"@type\":\"EntryPoint\",\"urlTemplate\":\"https:\/\/www.fiemg.com.br\/regional-alto-paranaiba\/?s={search_term_string}\"},\"query-input\":{\"@type\":\"PropertyValueSpecification\",\"valueRequired\":true,\"valueName\":\"search_term_string\"}}],\"inLanguage\":\"pt-BR\"},{\"@type\":\"Organization\",\"@id\":\"https:\/\/www.fiemg.com.br\/regional-alto-paranaiba\/#organization\",\"name\":\"Regional Alto Parana\u00edba\",\"url\":\"https:\/\/www.fiemg.com.br\/regional-alto-paranaiba\/\",\"logo\":{\"@type\":\"ImageObject\",\"inLanguage\":\"pt-BR\",\"@id\":\"https:\/\/www.fiemg.com.br\/regional-alto-paranaiba\/#\/schema\/logo\/image\/\",\"url\":\"https:\/\/www.fiemg.com.br\/regional-alto-paranaiba\/wp-content\/uploads\/sites\/15\/2023\/02\/Ativo-1.png\",\"contentUrl\":\"https:\/\/www.fiemg.com.br\/regional-alto-paranaiba\/wp-content\/uploads\/sites\/15\/2023\/02\/Ativo-1.png\",\"width\":563,\"height\":149,\"caption\":\"Regional Alto Parana\u00edba\"},\"image\":{\"@id\":\"https:\/\/www.fiemg.com.br\/regional-alto-paranaiba\/#\/schema\/logo\/image\/\"}}]}<\/script>\n<!-- \/ Yoast SEO plugin. -->","yoast_head_json":{"title":"Benef\u00edcios CIEMG - Regional Alto Parana\u00edba","robots":{"index":"index","follow":"follow","max-snippet":"max-snippet:-1","max-image-preview":"max-image-preview:large","max-video-preview":"max-video-preview:-1"},"canonical":"https:\/\/www.fiemg.com.br\/regional-alto-paranaiba\/area-de-interesse\/capacitacao-empresarial\/beneficios-ciemg\/","og_locale":"pt_BR","og_type":"article","og_title":"Benef\u00edcios CIEMG - Regional Alto Parana\u00edba","og_description":"Aqui est\u00e1 um conjunto de benef\u00edcios essenciais \u00e0 melhoria do desempenho de sua empresa\u00a0 Associe-se agora mesmo. Especializado em capacita\u00e7\u00e3o empresarial, assessorias t\u00e9cnicas e eventos de promo\u00e7\u00e3o de neg\u00f3cios, o CIEMG oferece muitos servi\u00e7os para incrementar seu empreendimento. Voc\u00ea tem acesso aos seguintes benef\u00edcios, sempre com condi\u00e7\u00f5es muito especiais:\u25a0\u00a0OdontoInd\u00fastria:\u00a0planos odontol\u00f3gicos com cobertura para as principais [&hellip;]","og_url":"https:\/\/www.fiemg.com.br\/regional-alto-paranaiba\/area-de-interesse\/capacitacao-empresarial\/beneficios-ciemg\/","og_site_name":"Regional Alto Parana\u00edba","article_modified_time":"2024-04-30T20:46:56+00:00","og_image":[{"width":940,"height":240,"url":"https:\/\/www.fiemg.com.br\/regional-alto-paranaiba\/wp-content\/uploads\/sites\/15\/2025\/07\/35ad4c2f0df77617cc855728670d4f46872cffec8202ab5f89c19959db6600fd.jpg","type":"image\/jpeg"}],"twitter_card":"summary_large_image","twitter_misc":{"Est. tempo de leitura":"2 minutos"},"schema":{"@context":"https:\/\/schema.org","@graph":[{"@type":"WebPage","@id":"https:\/\/www.fiemg.com.br\/regional-alto-paranaiba\/area-de-interesse\/capacitacao-empresarial\/beneficios-ciemg\/","url":"https:\/\/www.fiemg.com.br\/regional-alto-paranaiba\/area-de-interesse\/capacitacao-empresarial\/beneficios-ciemg\/","name":"Benef\u00edcios CIEMG - Regional Alto Parana\u00edba","isPartOf":{"@id":"https:\/\/www.fiemg.com.br\/regional-alto-paranaiba\/#website"},"primaryImageOfPage":{"@id":"https:\/\/www.fiemg.com.br\/regional-alto-paranaiba\/area-de-interesse\/capacitacao-empresarial\/beneficios-ciemg\/#primaryimage"},"image":{"@id":"https:\/\/www.fiemg.com.br\/regional-alto-paranaiba\/area-de-interesse\/capacitacao-empresarial\/beneficios-ciemg\/#primaryimage"},"thumbnailUrl":"https:\/\/www.fiemg.com.br\/regional-alto-paranaiba\/wp-content\/uploads\/sites\/15\/2025\/07\/35ad4c2f0df77617cc855728670d4f46872cffec8202ab5f89c19959db6600fd.jpg","datePublished":"2023-04-26T15:46:25+00:00","dateModified":"2024-04-30T20:46:56+00:00","breadcrumb":{"@id":"https:\/\/www.fiemg.com.br\/regional-alto-paranaiba\/area-de-interesse\/capacitacao-empresarial\/beneficios-ciemg\/#breadcrumb"},"inLanguage":"pt-BR","potentialAction":[{"@type":"ReadAction","target":["https:\/\/www.fiemg.com.br\/regional-alto-paranaiba\/area-de-interesse\/capacitacao-empresarial\/beneficios-ciemg\/"]}]},{"@type":"ImageObject","inLanguage":"pt-BR","@id":"https:\/\/www.fiemg.com.br\/regional-alto-paranaiba\/area-de-interesse\/capacitacao-empresarial\/beneficios-ciemg\/#primaryimage","url":"https:\/\/www.fiemg.com.br\/regional-alto-paranaiba\/wp-content\/uploads\/sites\/15\/2025\/07\/35ad4c2f0df77617cc855728670d4f46872cffec8202ab5f89c19959db6600fd.jpg","contentUrl":"https:\/\/www.fiemg.com.br\/regional-alto-paranaiba\/wp-content\/uploads\/sites\/15\/2025\/07\/35ad4c2f0df77617cc855728670d4f46872cffec8202ab5f89c19959db6600fd.jpg","width":940,"height":240,"caption":"Benef\u00edcios"},{"@type":"BreadcrumbList","@id":"https:\/\/www.fiemg.com.br\/regional-alto-paranaiba\/area-de-interesse\/capacitacao-empresarial\/beneficios-ciemg\/#breadcrumb","itemListElement":[{"@type":"ListItem","position":1,"name":"In\u00edcio","item":"https:\/\/www.fiemg.com.br\/regional-alto-paranaiba\/"},{"@type":"ListItem","position":2,"name":"Capacita\u00e7\u00e3o Empresarial","item":"https:\/\/www.fiemg.com.br\/regional-alto-paranaiba\/area-de-interesse\/capacitacao-empresarial-3\/"},{"@type":"ListItem","position":3,"name":"Benef\u00edcios CIEMG"}]},{"@type":"WebSite","@id":"https:\/\/www.fiemg.com.br\/regional-alto-paranaiba\/#website","url":"https:\/\/www.fiemg.com.br\/regional-alto-paranaiba\/","name":"Regional Alto Parana\u00edba","description":"Federa\u00e7\u00e3o das Ind\u00fastrias do Estado de Minas Gerais","publisher":{"@id":"https:\/\/www.fiemg.com.br\/regional-alto-paranaiba\/#organization"},"potentialAction":[{"@type":"SearchAction","target":{"@type":"EntryPoint","urlTemplate":"https:\/\/www.fiemg.com.br\/regional-alto-paranaiba\/?s={search_term_string}"},"query-input":{"@type":"PropertyValueSpecification","valueRequired":true,"valueName":"search_term_string"}}],"inLanguage":"pt-BR"},{"@type":"Organization","@id":"https:\/\/www.fiemg.com.br\/regional-alto-paranaiba\/#organization","name":"Regional Alto Parana\u00edba","url":"https:\/\/www.fiemg.com.br\/regional-alto-paranaiba\/","logo":{"@type":"ImageObject","inLanguage":"pt-BR","@id":"https:\/\/www.fiemg.com.br\/regional-alto-paranaiba\/#\/schema\/logo\/image\/","url":"https:\/\/www.fiemg.com.br\/regional-alto-paranaiba\/wp-content\/uploads\/sites\/15\/2023\/02\/Ativo-1.png","contentUrl":"https:\/\/www.fiemg.com.br\/regional-alto-paranaiba\/wp-content\/uploads\/sites\/15\/2023\/02\/Ativo-1.png","width":563,"height":149,"caption":"Regional Alto Parana\u00edba"},"image":{"@id":"https:\/\/www.fiemg.com.br\/regional-alto-paranaiba\/#\/schema\/logo\/image\/"}}]}},"_links":{"self":[{"href":"https:\/\/www.fiemg.com.br\/regional-alto-paranaiba\/wp-json\/wp\/v2\/area-de-interesse\/2688","targetHints":{"allow":["GET"]}}],"collection":[{"href":"https:\/\/www.fiemg.com.br\/regional-alto-paranaiba\/wp-json\/wp\/v2\/area-de-interesse"}],"about":[{"href":"https:\/\/www.fiemg.com.br\/regional-alto-paranaiba\/wp-json\/wp\/v2\/types\/area-de-interesse"}],"version-history":[{"count":0,"href":"https:\/\/www.fiemg.com.br\/regional-alto-paranaiba\/wp-json\/wp\/v2\/area-de-interesse\/2688\/revisions"}],"up":[{"embeddable":true,"href":"https:\/\/www.fiemg.com.br\/regional-alto-paranaiba\/wp-json\/wp\/v2\/area-de-interesse\/1252"}],"wp:featuredmedia":[{"embeddable":true,"href":"https:\/\/www.fiemg.com.br\/regional-alto-paranaiba\/wp-json\/wp\/v2\/media\/2690"}],"wp:attachment":[{"href":"https:\/\/www.fiemg.com.br\/regional-alto-paranaiba\/wp-json\/wp\/v2\/media?parent=2688"}],"wp:term":[{"taxonomy":"category","embeddable":true,"href":"https:\/\/www.fiemg.com.br\/regional-alto-paranaiba\/wp-json\/wp\/v2\/categories?post=2688"},{"taxonomy":"post_tag","embeddable":true,"href":"https:\/\/www.fiemg.com.br\/regional-alto-paranaiba\/wp-json\/wp\/v2\/tags?post=2688"},{"taxonomy":"categoria_areas_de_interesse","embeddable":true,"href":"https:\/\/www.fiemg.com.br\/regional-alto-paranaiba\/wp-json\/wp\/v2\/categoria_areas_de_interesse?post=2688"}],"curies":[{"name":"wp","href":"https:\/\/api.w.org\/{rel}","templated":true}]}}