{"id":1047,"date":"2023-06-24T20:54:46","date_gmt":"2023-06-24T23:54:46","guid":{"rendered":"https:\/\/www.fiemg.com.br\/regional-centro-oeste\/blog\/"},"modified":"2025-06-17T10:27:45","modified_gmt":"2025-06-17T13:27:45","slug":"noticias","status":"publish","type":"page","link":"https:\/\/www.fiemg.com.br\/regional-centro-oeste\/noticias\/","title":{"rendered":"Noticias"},"content":{"rendered":"\t\t<div data-elementor-type=\"wp-page\" data-elementor-id=\"1047\" class=\"elementor elementor-1047\" data-elementor-post-type=\"page\">\n\t\t\t\t<div class=\"has_ae_slider elementor-element elementor-element-0f35dd5 e-flex e-con-boxed ae-bg-gallery-type-default e-con e-parent\" data-id=\"0f35dd5\" data-element_type=\"container\">\n\t\t\t\t\t<div class=\"e-con-inner\">\n\t\t\t\t<div class=\"elementor-element elementor-element-cd8f3b9 elementor-widget elementor-widget-heading\" data-id=\"cd8f3b9\" data-element_type=\"widget\" data-widget_type=\"heading.default\">\n\t\t\t\t<div class=\"elementor-widget-container\">\n\t\t\t\t\t<h2 class=\"elementor-heading-title elementor-size-default\">Not\u00edcias<\/h2>\t\t\t\t<\/div>\n\t\t\t\t<\/div>\n\t\t\t\t<div class=\"elementor-element elementor-element-abbf06d elementor-widget elementor-widget-jet-listing-grid\" data-id=\"abbf06d\" data-element_type=\"widget\" data-settings=\"{&quot;columns&quot;:&quot;4&quot;,&quot;columns_tablet&quot;:&quot;2&quot;,&quot;columns_mobile&quot;:&quot;1&quot;}\" data-widget_type=\"jet-listing-grid.default\">\n\t\t\t\t<div class=\"elementor-widget-container\">\n\t\t\t\t\t<div class=\"jet-listing-grid jet-listing\"><div class=\"jet-listing-grid__items grid-col-desk-4 grid-col-tablet-2 grid-col-mobile-1 jet-listing-grid--3052\" data-queried-id=\"1047|WP_Post\" data-nav=\"{&quot;enabled&quot;:true,&quot;type&quot;:&quot;click&quot;,&quot;more_el&quot;:&quot;#load-more&quot;,&quot;query&quot;:{&quot;post_status&quot;:[&quot;publish&quot;],&quot;post_type&quot;:&quot;noticias&quot;,&quot;posts_per_page&quot;:&quot;12&quot;,&quot;paged&quot;:&quot;1&quot;,&quot;ignore_sticky_posts&quot;:&quot;1&quot;,&quot;suppress_filters&quot;:false,&quot;jet_smart_filters&quot;:&quot;jet-engine\\\/default&quot;,&quot;signature&quot;:&quot;79caf4dff4016a0e5a84d11f95054ea6146efa2fed2bf41d4ebab2b22b343683&quot;},&quot;widget_settings&quot;:{&quot;lisitng_id&quot;:3052,&quot;posts_num&quot;:12,&quot;columns&quot;:4,&quot;columns_tablet&quot;:2,&quot;columns_mobile&quot;:1,&quot;column_min_width&quot;:240,&quot;column_min_width_tablet&quot;:240,&quot;column_min_width_mobile&quot;:240,&quot;inline_columns_css&quot;:false,&quot;is_archive_template&quot;:&quot;&quot;,&quot;post_status&quot;:[&quot;publish&quot;],&quot;use_random_posts_num&quot;:&quot;&quot;,&quot;max_posts_num&quot;:9,&quot;not_found_message&quot;:&quot;N\\u00e3o h\\u00e1 not\\u00edcias&quot;,&quot;is_masonry&quot;:false,&quot;equal_columns_height&quot;:&quot;&quot;,&quot;use_load_more&quot;:&quot;yes&quot;,&quot;load_more_id&quot;:&quot;load-more&quot;,&quot;load_more_type&quot;:&quot;click&quot;,&quot;load_more_offset&quot;:{&quot;unit&quot;:&quot;px&quot;,&quot;size&quot;:0,&quot;sizes&quot;:[]},&quot;use_custom_post_types&quot;:&quot;&quot;,&quot;custom_post_types&quot;:[],&quot;hide_widget_if&quot;:&quot;&quot;,&quot;carousel_enabled&quot;:&quot;&quot;,&quot;slides_to_scroll&quot;:&quot;1&quot;,&quot;arrows&quot;:&quot;true&quot;,&quot;arrow_icon&quot;:&quot;fa fa-angle-left&quot;,&quot;dots&quot;:&quot;&quot;,&quot;autoplay&quot;:&quot;true&quot;,&quot;pause_on_hover&quot;:&quot;true&quot;,&quot;autoplay_speed&quot;:5000,&quot;infinite&quot;:&quot;true&quot;,&quot;center_mode&quot;:&quot;&quot;,&quot;effect&quot;:&quot;slide&quot;,&quot;speed&quot;:500,&quot;inject_alternative_items&quot;:&quot;&quot;,&quot;injection_items&quot;:[],&quot;scroll_slider_enabled&quot;:&quot;&quot;,&quot;scroll_slider_on&quot;:[&quot;desktop&quot;,&quot;tablet&quot;,&quot;mobile&quot;],&quot;custom_query&quot;:false,&quot;custom_query_id&quot;:&quot;&quot;,&quot;_element_id&quot;:&quot;&quot;,&quot;collapse_first_last_gap&quot;:false,&quot;list_tag_selection&quot;:&quot;&quot;,&quot;list_items_wrapper_tag&quot;:&quot;div&quot;,&quot;list_item_tag&quot;:&quot;div&quot;,&quot;empty_items_wrapper_tag&quot;:&quot;div&quot;}}\" data-page=\"1\" data-pages=\"32\" data-listing-source=\"posts\" data-listing-id=\"3052\" data-query-id=\"\"><style>.elementor-3052 .elementor-element.elementor-element-eb33079{--display:flex;--flex-direction:column;--container-widget-width:calc( ( 1 - var( --container-widget-flex-grow ) ) * 100% );--container-widget-height:initial;--container-widget-flex-grow:0;--container-widget-align-self:initial;--flex-wrap-mobile:wrap;--justify-content:center;--align-items:flex-start;--gap:10px 10px;--row-gap:10px;--column-gap:10px;}.elementor-3052 .elementor-element.elementor-element-2514dd1{--display:flex;--flex-direction:column;--container-widget-width:calc( ( 1 - var( --container-widget-flex-grow ) ) * 100% );--container-widget-height:initial;--container-widget-flex-grow:0;--container-widget-align-self:initial;--flex-wrap-mobile:wrap;--justify-content:flex-start;--align-items:flex-start;--margin-top:0px;--margin-bottom:0px;--margin-left:0px;--margin-right:0px;--padding-top:0px;--padding-bottom:0px;--padding-left:0px;--padding-right:0px;}.elementor-widget-image .widget-image-caption{color:var( --e-global-color-text );font-family:var( --e-global-typography-text-font-family ), Sans-serif;font-weight:var( --e-global-typography-text-font-weight );}.elementor-3052 .elementor-element.elementor-element-402a511 img{width:100%;max-width:100%;height:250px;object-fit:cover;object-position:center center;border-radius:10px 10px 10px 10px;}.elementor-3052 .elementor-element.elementor-element-6cc2dce .jet-listing-dynamic-meta{text-align:flex-start;}.elementor-3052 .elementor-element.elementor-element-6cc2dce .jet-listing-dynamic-meta__item, .elementor-3052 .elementor-element.elementor-element-6cc2dce .jet-listing-dynamic-meta__item-val{font-size:14px;}.elementor-3052 .elementor-element.elementor-element-6cc2dce .jet-listing-dynamic-meta__item{color:var( --e-global-color-text );}.elementor-3052 .elementor-element.elementor-element-6cc2dce .jet-listing-dynamic-meta__item-val{color:var( --e-global-color-text );}.elementor-widget-heading .elementor-heading-title{font-family:var( --e-global-typography-primary-font-family ), Sans-serif;font-weight:var( --e-global-typography-primary-font-weight );color:var( --e-global-color-primary );}.elementor-3052 .elementor-element.elementor-element-c43500c .elementor-heading-title{font-family:\"Noto Sans\", Sans-serif;font-size:20px;font-weight:500;line-height:24px;}@media(min-width:768px){.elementor-3052 .elementor-element.elementor-element-eb33079{--width:100%;}}<\/style><div class=\"jet-listing-grid__item jet-listing-dynamic-post-3709\" data-post-id=\"3709\"  >\t\t<div data-elementor-type=\"jet-listing-items\" data-elementor-id=\"3052\" class=\"elementor elementor-3052\" data-elementor-post-type=\"jet-engine\">\n\t\t\t\t<div class=\"has_ae_slider elementor-element elementor-element-eb33079 e-con-full e-flex ae-bg-gallery-type-default e-con e-parent\" data-id=\"eb33079\" data-element_type=\"container\">\n\t\t<div class=\"has_ae_slider elementor-element elementor-element-2514dd1 e-con-full e-flex ae-bg-gallery-type-default e-con e-child\" data-id=\"2514dd1\" data-element_type=\"container\">\n\t\t\t\t<div class=\"elementor-element elementor-element-402a511 elementor-widget elementor-widget-image\" data-id=\"402a511\" data-element_type=\"widget\" data-widget_type=\"image.default\">\n\t\t\t\t<div class=\"elementor-widget-container\">\n\t\t\t\t\t\t\t\t\t\t\t\t<figure class=\"wp-caption\">\n\t\t\t\t\t\t\t\t\t\t\t<a href=\"https:\/\/www.fiemg.com.br\/regional-centro-oeste\/noticias\/presidente-da-fiemg-regional-participa-do-imersao-industria-e-reforca-importancia-da-atualizacao-constante-no-setor\/\">\n\t\t\t\t\t\t\t<img decoding=\"async\" src=\"https:\/\/www.fiemg.com.br\/regional-centro-oeste\/wp-content\/uploads\/sites\/16\/elementor\/thumbs\/presidente-interino-fiemg-VP-regional-e1777317452100-rmmymre81sytb554tgisbxtoo69fevwzytdv34bri8.jpg\" title=\"presidente-interino-fiemg-VP-regional\" alt=\"presidente-interino-fiemg-VP-regional\" loading=\"lazy\" \/>\t\t\t\t\t\t\t\t<\/a>\n\t\t\t\t\t\t\t\t\t\t\t<figcaption class=\"widget-image-caption wp-caption-text\"><\/figcaption>\n\t\t\t\t\t\t\t\t\t\t<\/figure>\n\t\t\t\t\t\t\t\t\t<\/div>\n\t\t\t\t<\/div>\n\t\t\t\t<\/div>\n\t\t\t\t<div class=\"elementor-element elementor-element-6cc2dce elementor-widget elementor-widget-jet-listing-dynamic-meta\" data-id=\"6cc2dce\" data-element_type=\"widget\" data-widget_type=\"jet-listing-dynamic-meta.default\">\n\t\t\t\t<div class=\"elementor-widget-container\">\n\t\t\t\t\t<div class=\"jet-listing jet-listing-dynamic-meta meta-layout-inline\"><div class=\"jet-listing-dynamic-meta__date jet-listing-dynamic-meta__item\"><a href=\"https:\/\/www.fiemg.com.br\/regional-centro-oeste\/noticias\/presidente-da-fiemg-regional-participa-do-imersao-industria-e-reforca-importancia-da-atualizacao-constante-no-setor\/\" class=\"jet-listing-dynamic-meta__item-val\">27\/04\/2026<\/a><\/div><\/div>\t\t\t\t<\/div>\n\t\t\t\t<\/div>\n\t\t\t\t<div class=\"elementor-element elementor-element-c43500c elementor-widget elementor-widget-heading\" data-id=\"c43500c\" data-element_type=\"widget\" data-widget_type=\"heading.default\">\n\t\t\t\t<div class=\"elementor-widget-container\">\n\t\t\t\t\t<h3 class=\"elementor-heading-title elementor-size-default\"><a href=\"https:\/\/www.fiemg.com.br\/regional-centro-oeste\/noticias\/presidente-da-fiemg-regional-participa-do-imersao-industria-e-reforca-importancia-da-atualizacao-constante-no-setor\/\">Presidente da FIEMG Regional participa do Imers\u00e3o Ind\u00fastria e refor\u00e7a import\u00e2ncia da atualiza\u00e7\u00e3o constante no setor<\/a><\/h3>\t\t\t\t<\/div>\n\t\t\t\t<\/div>\n\t\t\t\t<\/div>\n\t\t\t\t<\/div>\n\t\t<\/div><div class=\"jet-listing-grid__item jet-listing-dynamic-post-3706\" data-post-id=\"3706\"  >\t\t<div data-elementor-type=\"jet-listing-items\" data-elementor-id=\"3052\" class=\"elementor elementor-3052\" data-elementor-post-type=\"jet-engine\">\n\t\t\t\t<div class=\"has_ae_slider elementor-element elementor-element-eb33079 e-con-full e-flex ae-bg-gallery-type-default e-con e-parent\" data-id=\"eb33079\" data-element_type=\"container\">\n\t\t<div class=\"has_ae_slider elementor-element elementor-element-2514dd1 e-con-full e-flex ae-bg-gallery-type-default e-con e-child\" data-id=\"2514dd1\" data-element_type=\"container\">\n\t\t\t\t<div class=\"elementor-element elementor-element-402a511 elementor-widget elementor-widget-image\" data-id=\"402a511\" data-element_type=\"widget\" data-widget_type=\"image.default\">\n\t\t\t\t<div class=\"elementor-widget-container\">\n\t\t\t\t\t\t\t\t\t\t\t\t<figure class=\"wp-caption\">\n\t\t\t\t\t\t\t\t\t\t\t<a href=\"https:\/\/www.fiemg.com.br\/regional-centro-oeste\/noticias\/fiemg-alerta-para-aumento-de-custos-com-bandeira-amarela-em-maio\/\">\n\t\t\t\t\t\t\t<img decoding=\"async\" src=\"https:\/\/www.fiemg.com.br\/regional-centro-oeste\/wp-content\/uploads\/sites\/16\/elementor\/thumbs\/bandeira-fiemg-1-rmhvbh47kp1jcoz10dqe2qv6jfat007kzdvtpv5iio.jpeg\" title=\"bandeira fiemg\" alt=\"bandeira fiemg\" loading=\"lazy\" \/>\t\t\t\t\t\t\t\t<\/a>\n\t\t\t\t\t\t\t\t\t\t\t<figcaption class=\"widget-image-caption wp-caption-text\"><\/figcaption>\n\t\t\t\t\t\t\t\t\t\t<\/figure>\n\t\t\t\t\t\t\t\t\t<\/div>\n\t\t\t\t<\/div>\n\t\t\t\t<\/div>\n\t\t\t\t<div class=\"elementor-element elementor-element-6cc2dce elementor-widget elementor-widget-jet-listing-dynamic-meta\" data-id=\"6cc2dce\" data-element_type=\"widget\" data-widget_type=\"jet-listing-dynamic-meta.default\">\n\t\t\t\t<div class=\"elementor-widget-container\">\n\t\t\t\t\t<div class=\"jet-listing jet-listing-dynamic-meta meta-layout-inline\"><div class=\"jet-listing-dynamic-meta__date jet-listing-dynamic-meta__item\"><a href=\"https:\/\/www.fiemg.com.br\/regional-centro-oeste\/noticias\/fiemg-alerta-para-aumento-de-custos-com-bandeira-amarela-em-maio\/\" class=\"jet-listing-dynamic-meta__item-val\">24\/04\/2026<\/a><\/div><\/div>\t\t\t\t<\/div>\n\t\t\t\t<\/div>\n\t\t\t\t<div class=\"elementor-element elementor-element-c43500c elementor-widget elementor-widget-heading\" data-id=\"c43500c\" data-element_type=\"widget\" data-widget_type=\"heading.default\">\n\t\t\t\t<div class=\"elementor-widget-container\">\n\t\t\t\t\t<h3 class=\"elementor-heading-title elementor-size-default\"><a href=\"https:\/\/www.fiemg.com.br\/regional-centro-oeste\/noticias\/fiemg-alerta-para-aumento-de-custos-com-bandeira-amarela-em-maio\/\">FIEMG alerta para aumento de custos com bandeira amarela em maio<\/a><\/h3>\t\t\t\t<\/div>\n\t\t\t\t<\/div>\n\t\t\t\t<\/div>\n\t\t\t\t<\/div>\n\t\t<\/div><div class=\"jet-listing-grid__item jet-listing-dynamic-post-3702\" data-post-id=\"3702\"  >\t\t<div data-elementor-type=\"jet-listing-items\" data-elementor-id=\"3052\" class=\"elementor elementor-3052\" data-elementor-post-type=\"jet-engine\">\n\t\t\t\t<div class=\"has_ae_slider elementor-element elementor-element-eb33079 e-con-full e-flex ae-bg-gallery-type-default e-con e-parent\" data-id=\"eb33079\" data-element_type=\"container\">\n\t\t<div class=\"has_ae_slider elementor-element elementor-element-2514dd1 e-con-full e-flex ae-bg-gallery-type-default e-con e-child\" data-id=\"2514dd1\" data-element_type=\"container\">\n\t\t\t\t<div class=\"elementor-element elementor-element-402a511 elementor-widget elementor-widget-image\" data-id=\"402a511\" data-element_type=\"widget\" data-widget_type=\"image.default\">\n\t\t\t\t<div class=\"elementor-widget-container\">\n\t\t\t\t\t\t\t\t\t\t\t\t<figure class=\"wp-caption\">\n\t\t\t\t\t\t\t\t\t\t\t<a href=\"https:\/\/www.fiemg.com.br\/regional-centro-oeste\/noticias\/capacitacao-fortalece-controle-de-qualidade-na-construcao-civil-em-divinopolis\/\">\n\t\t\t\t\t\t\t<img decoding=\"async\" src=\"https:\/\/www.fiemg.com.br\/regional-centro-oeste\/wp-content\/uploads\/sites\/16\/elementor\/thumbs\/treinamento-sindusconm-senai-e1776427917511-rm51gyx6lglyujwe4he0ddxket88w04x1togrnfsao.jpg\" title=\"treinamento-sindusconm-senai\" alt=\"treinamento-sindusconm-senai\" loading=\"lazy\" \/>\t\t\t\t\t\t\t\t<\/a>\n\t\t\t\t\t\t\t\t\t\t\t<figcaption class=\"widget-image-caption wp-caption-text\"><\/figcaption>\n\t\t\t\t\t\t\t\t\t\t<\/figure>\n\t\t\t\t\t\t\t\t\t<\/div>\n\t\t\t\t<\/div>\n\t\t\t\t<\/div>\n\t\t\t\t<div class=\"elementor-element elementor-element-6cc2dce elementor-widget elementor-widget-jet-listing-dynamic-meta\" data-id=\"6cc2dce\" data-element_type=\"widget\" data-widget_type=\"jet-listing-dynamic-meta.default\">\n\t\t\t\t<div class=\"elementor-widget-container\">\n\t\t\t\t\t<div class=\"jet-listing jet-listing-dynamic-meta meta-layout-inline\"><div class=\"jet-listing-dynamic-meta__date jet-listing-dynamic-meta__item\"><a href=\"https:\/\/www.fiemg.com.br\/regional-centro-oeste\/noticias\/capacitacao-fortalece-controle-de-qualidade-na-construcao-civil-em-divinopolis\/\" class=\"jet-listing-dynamic-meta__item-val\">17\/04\/2026<\/a><\/div><\/div>\t\t\t\t<\/div>\n\t\t\t\t<\/div>\n\t\t\t\t<div class=\"elementor-element elementor-element-c43500c elementor-widget elementor-widget-heading\" data-id=\"c43500c\" data-element_type=\"widget\" data-widget_type=\"heading.default\">\n\t\t\t\t<div class=\"elementor-widget-container\">\n\t\t\t\t\t<h3 class=\"elementor-heading-title elementor-size-default\"><a href=\"https:\/\/www.fiemg.com.br\/regional-centro-oeste\/noticias\/capacitacao-fortalece-controle-de-qualidade-na-construcao-civil-em-divinopolis\/\">Capacita\u00e7\u00e3o fortalece controle de qualidade na constru\u00e7\u00e3o civil em Divin\u00f3polis<\/a><\/h3>\t\t\t\t<\/div>\n\t\t\t\t<\/div>\n\t\t\t\t<\/div>\n\t\t\t\t<\/div>\n\t\t<\/div><div class=\"jet-listing-grid__item jet-listing-dynamic-post-3692\" data-post-id=\"3692\"  >\t\t<div data-elementor-type=\"jet-listing-items\" data-elementor-id=\"3052\" class=\"elementor elementor-3052\" data-elementor-post-type=\"jet-engine\">\n\t\t\t\t<div class=\"has_ae_slider elementor-element elementor-element-eb33079 e-con-full e-flex ae-bg-gallery-type-default e-con e-parent\" data-id=\"eb33079\" data-element_type=\"container\">\n\t\t<div class=\"has_ae_slider elementor-element elementor-element-2514dd1 e-con-full e-flex ae-bg-gallery-type-default e-con e-child\" data-id=\"2514dd1\" data-element_type=\"container\">\n\t\t\t\t<div class=\"elementor-element elementor-element-402a511 elementor-widget elementor-widget-image\" data-id=\"402a511\" data-element_type=\"widget\" data-widget_type=\"image.default\">\n\t\t\t\t<div class=\"elementor-widget-container\">\n\t\t\t\t\t\t\t\t\t\t\t\t<figure class=\"wp-caption\">\n\t\t\t\t\t\t\t\t\t\t\t<a href=\"https:\/\/www.fiemg.com.br\/regional-centro-oeste\/noticias\/evento-na-fiemg-reune-especialistas-e-impulsiona-acesso-a-recursos-para-inovacao\/\">\n\t\t\t\t\t\t\t<img decoding=\"async\" src=\"https:\/\/www.fiemg.com.br\/regional-centro-oeste\/wp-content\/uploads\/sites\/16\/elementor\/thumbs\/finep-finep-1-e1776368697825-rm3uiqew4nxgaxw7243kpkodkifishoogny0lc23uo.jpg\" title=\"finep-finep\" alt=\"finep-finep\" loading=\"lazy\" \/>\t\t\t\t\t\t\t\t<\/a>\n\t\t\t\t\t\t\t\t\t\t\t<figcaption class=\"widget-image-caption wp-caption-text\"><\/figcaption>\n\t\t\t\t\t\t\t\t\t\t<\/figure>\n\t\t\t\t\t\t\t\t\t<\/div>\n\t\t\t\t<\/div>\n\t\t\t\t<\/div>\n\t\t\t\t<div class=\"elementor-element elementor-element-6cc2dce elementor-widget elementor-widget-jet-listing-dynamic-meta\" data-id=\"6cc2dce\" data-element_type=\"widget\" data-widget_type=\"jet-listing-dynamic-meta.default\">\n\t\t\t\t<div class=\"elementor-widget-container\">\n\t\t\t\t\t<div class=\"jet-listing jet-listing-dynamic-meta meta-layout-inline\"><div class=\"jet-listing-dynamic-meta__date jet-listing-dynamic-meta__item\"><a href=\"https:\/\/www.fiemg.com.br\/regional-centro-oeste\/noticias\/evento-na-fiemg-reune-especialistas-e-impulsiona-acesso-a-recursos-para-inovacao\/\" class=\"jet-listing-dynamic-meta__item-val\">16\/04\/2026<\/a><\/div><\/div>\t\t\t\t<\/div>\n\t\t\t\t<\/div>\n\t\t\t\t<div class=\"elementor-element elementor-element-c43500c elementor-widget elementor-widget-heading\" data-id=\"c43500c\" data-element_type=\"widget\" data-widget_type=\"heading.default\">\n\t\t\t\t<div class=\"elementor-widget-container\">\n\t\t\t\t\t<h3 class=\"elementor-heading-title elementor-size-default\"><a href=\"https:\/\/www.fiemg.com.br\/regional-centro-oeste\/noticias\/evento-na-fiemg-reune-especialistas-e-impulsiona-acesso-a-recursos-para-inovacao\/\">Evento na FIEMG re\u00fane especialistas e impulsiona acesso a recursos para inova\u00e7\u00e3o<\/a><\/h3>\t\t\t\t<\/div>\n\t\t\t\t<\/div>\n\t\t\t\t<\/div>\n\t\t\t\t<\/div>\n\t\t<\/div><div class=\"jet-listing-grid__item jet-listing-dynamic-post-3689\" data-post-id=\"3689\"  >\t\t<div data-elementor-type=\"jet-listing-items\" data-elementor-id=\"3052\" class=\"elementor elementor-3052\" data-elementor-post-type=\"jet-engine\">\n\t\t\t\t<div class=\"has_ae_slider elementor-element elementor-element-eb33079 e-con-full e-flex ae-bg-gallery-type-default e-con e-parent\" data-id=\"eb33079\" data-element_type=\"container\">\n\t\t<div class=\"has_ae_slider elementor-element elementor-element-2514dd1 e-con-full e-flex ae-bg-gallery-type-default e-con e-child\" data-id=\"2514dd1\" data-element_type=\"container\">\n\t\t\t\t<div class=\"elementor-element elementor-element-402a511 elementor-widget elementor-widget-image\" data-id=\"402a511\" data-element_type=\"widget\" data-widget_type=\"image.default\">\n\t\t\t\t<div class=\"elementor-widget-container\">\n\t\t\t\t\t\t\t\t\t\t\t\t<figure class=\"wp-caption\">\n\t\t\t\t\t\t\t\t\t\t\t<a href=\"https:\/\/www.fiemg.com.br\/regional-centro-oeste\/noticias\/fiemg-critica-fim-da-escala-6x1-e-destaca-impacto-no-pib-e-no-emprego\/\">\n\t\t\t\t\t\t\t<img decoding=\"async\" src=\"https:\/\/www.fiemg.com.br\/regional-centro-oeste\/wp-content\/uploads\/sites\/16\/elementor\/thumbs\/sistema-fiemg-mini-rm1zbvgixuoxflf8i1qprgqxfmolspz9kf4wecixvk.png\" title=\"sistema fiemg mini\" alt=\"sistema fiemg mini\" loading=\"lazy\" \/>\t\t\t\t\t\t\t\t<\/a>\n\t\t\t\t\t\t\t\t\t\t\t<figcaption class=\"widget-image-caption wp-caption-text\"><\/figcaption>\n\t\t\t\t\t\t\t\t\t\t<\/figure>\n\t\t\t\t\t\t\t\t\t<\/div>\n\t\t\t\t<\/div>\n\t\t\t\t<\/div>\n\t\t\t\t<div class=\"elementor-element elementor-element-6cc2dce elementor-widget elementor-widget-jet-listing-dynamic-meta\" data-id=\"6cc2dce\" data-element_type=\"widget\" data-widget_type=\"jet-listing-dynamic-meta.default\">\n\t\t\t\t<div class=\"elementor-widget-container\">\n\t\t\t\t\t<div class=\"jet-listing jet-listing-dynamic-meta meta-layout-inline\"><div class=\"jet-listing-dynamic-meta__date jet-listing-dynamic-meta__item\"><a href=\"https:\/\/www.fiemg.com.br\/regional-centro-oeste\/noticias\/fiemg-critica-fim-da-escala-6x1-e-destaca-impacto-no-pib-e-no-emprego\/\" class=\"jet-listing-dynamic-meta__item-val\">15\/04\/2026<\/a><\/div><\/div>\t\t\t\t<\/div>\n\t\t\t\t<\/div>\n\t\t\t\t<div class=\"elementor-element elementor-element-c43500c elementor-widget elementor-widget-heading\" data-id=\"c43500c\" data-element_type=\"widget\" data-widget_type=\"heading.default\">\n\t\t\t\t<div class=\"elementor-widget-container\">\n\t\t\t\t\t<h3 class=\"elementor-heading-title elementor-size-default\"><a href=\"https:\/\/www.fiemg.com.br\/regional-centro-oeste\/noticias\/fiemg-critica-fim-da-escala-6x1-e-destaca-impacto-no-pib-e-no-emprego\/\">FIEMG critica fim da escala 6&#215;1 e destaca impacto no PIB e no emprego<\/a><\/h3>\t\t\t\t<\/div>\n\t\t\t\t<\/div>\n\t\t\t\t<\/div>\n\t\t\t\t<\/div>\n\t\t<\/div><div class=\"jet-listing-grid__item jet-listing-dynamic-post-3685\" data-post-id=\"3685\"  >\t\t<div data-elementor-type=\"jet-listing-items\" data-elementor-id=\"3052\" class=\"elementor elementor-3052\" data-elementor-post-type=\"jet-engine\">\n\t\t\t\t<div class=\"has_ae_slider elementor-element elementor-element-eb33079 e-con-full e-flex ae-bg-gallery-type-default e-con e-parent\" data-id=\"eb33079\" data-element_type=\"container\">\n\t\t<div class=\"has_ae_slider elementor-element elementor-element-2514dd1 e-con-full e-flex ae-bg-gallery-type-default e-con e-child\" data-id=\"2514dd1\" data-element_type=\"container\">\n\t\t\t\t<div class=\"elementor-element elementor-element-402a511 elementor-widget elementor-widget-image\" data-id=\"402a511\" data-element_type=\"widget\" data-widget_type=\"image.default\">\n\t\t\t\t<div class=\"elementor-widget-container\">\n\t\t\t\t\t\t\t\t\t\t\t\t<figure class=\"wp-caption\">\n\t\t\t\t\t\t\t\t\t\t\t<a href=\"https:\/\/www.fiemg.com.br\/regional-centro-oeste\/noticias\/fiemg-apresenta-tecnologias-e-solucoes-para-a-industria-na-feira-agroindustrial-de-claudio\/\">\n\t\t\t\t\t\t\t<img decoding=\"async\" src=\"https:\/\/www.fiemg.com.br\/regional-centro-oeste\/wp-content\/uploads\/sites\/16\/elementor\/thumbs\/equipe-fiemg-feira-asimec-e1776262170687-rm1p9b5msedb6c2fmbt8zyg8n5pqromj1w8ie23pxc.jpg\" title=\"equipe-fiemg-feira-asimec\" alt=\"equipe-fiemg-feira-asimec\" loading=\"lazy\" \/>\t\t\t\t\t\t\t\t<\/a>\n\t\t\t\t\t\t\t\t\t\t\t<figcaption class=\"widget-image-caption wp-caption-text\"><\/figcaption>\n\t\t\t\t\t\t\t\t\t\t<\/figure>\n\t\t\t\t\t\t\t\t\t<\/div>\n\t\t\t\t<\/div>\n\t\t\t\t<\/div>\n\t\t\t\t<div class=\"elementor-element elementor-element-6cc2dce elementor-widget elementor-widget-jet-listing-dynamic-meta\" data-id=\"6cc2dce\" data-element_type=\"widget\" data-widget_type=\"jet-listing-dynamic-meta.default\">\n\t\t\t\t<div class=\"elementor-widget-container\">\n\t\t\t\t\t<div class=\"jet-listing jet-listing-dynamic-meta meta-layout-inline\"><div class=\"jet-listing-dynamic-meta__date jet-listing-dynamic-meta__item\"><a href=\"https:\/\/www.fiemg.com.br\/regional-centro-oeste\/noticias\/fiemg-apresenta-tecnologias-e-solucoes-para-a-industria-na-feira-agroindustrial-de-claudio\/\" class=\"jet-listing-dynamic-meta__item-val\">15\/04\/2026<\/a><\/div><\/div>\t\t\t\t<\/div>\n\t\t\t\t<\/div>\n\t\t\t\t<div class=\"elementor-element elementor-element-c43500c elementor-widget elementor-widget-heading\" data-id=\"c43500c\" data-element_type=\"widget\" data-widget_type=\"heading.default\">\n\t\t\t\t<div class=\"elementor-widget-container\">\n\t\t\t\t\t<h3 class=\"elementor-heading-title elementor-size-default\"><a href=\"https:\/\/www.fiemg.com.br\/regional-centro-oeste\/noticias\/fiemg-apresenta-tecnologias-e-solucoes-para-a-industria-na-feira-agroindustrial-de-claudio\/\">FIEMG apresenta tecnologias e solu\u00e7\u00f5es para a ind\u00fastria na Feira Agroindustrial de Cl\u00e1udio<\/a><\/h3>\t\t\t\t<\/div>\n\t\t\t\t<\/div>\n\t\t\t\t<\/div>\n\t\t\t\t<\/div>\n\t\t<\/div><div class=\"jet-listing-grid__item jet-listing-dynamic-post-3682\" data-post-id=\"3682\"  >\t\t<div data-elementor-type=\"jet-listing-items\" data-elementor-id=\"3052\" class=\"elementor elementor-3052\" data-elementor-post-type=\"jet-engine\">\n\t\t\t\t<div class=\"has_ae_slider elementor-element elementor-element-eb33079 e-con-full e-flex ae-bg-gallery-type-default e-con e-parent\" data-id=\"eb33079\" data-element_type=\"container\">\n\t\t<div class=\"has_ae_slider elementor-element elementor-element-2514dd1 e-con-full e-flex ae-bg-gallery-type-default e-con e-child\" data-id=\"2514dd1\" data-element_type=\"container\">\n\t\t\t\t<div class=\"elementor-element elementor-element-402a511 elementor-widget elementor-widget-image\" data-id=\"402a511\" data-element_type=\"widget\" data-widget_type=\"image.default\">\n\t\t\t\t<div class=\"elementor-widget-container\">\n\t\t\t\t\t\t\t\t\t\t\t\t<figure class=\"wp-caption\">\n\t\t\t\t\t\t\t\t\t\t\t<a href=\"https:\/\/www.fiemg.com.br\/regional-centro-oeste\/noticias\/fiemg-fortalece-dialogo-com-setor-calcadista-em-nova-serrana\/\">\n\t\t\t\t\t\t\t<img decoding=\"async\" src=\"https:\/\/www.fiemg.com.br\/regional-centro-oeste\/wp-content\/uploads\/sites\/16\/elementor\/thumbs\/analista-ambiental-equipe-sindinova-e1776105234493-rlyjfpe1ol232c2er46bdz1axiabkhf3omvrhhnuo0.jpg\" title=\"analista-ambiental-equipe-sindinova\" alt=\"analista-ambiental-equipe-sindinova\" loading=\"lazy\" \/>\t\t\t\t\t\t\t\t<\/a>\n\t\t\t\t\t\t\t\t\t\t\t<figcaption class=\"widget-image-caption wp-caption-text\"><\/figcaption>\n\t\t\t\t\t\t\t\t\t\t<\/figure>\n\t\t\t\t\t\t\t\t\t<\/div>\n\t\t\t\t<\/div>\n\t\t\t\t<\/div>\n\t\t\t\t<div class=\"elementor-element elementor-element-6cc2dce elementor-widget elementor-widget-jet-listing-dynamic-meta\" data-id=\"6cc2dce\" data-element_type=\"widget\" data-widget_type=\"jet-listing-dynamic-meta.default\">\n\t\t\t\t<div class=\"elementor-widget-container\">\n\t\t\t\t\t<div class=\"jet-listing jet-listing-dynamic-meta meta-layout-inline\"><div class=\"jet-listing-dynamic-meta__date jet-listing-dynamic-meta__item\"><a href=\"https:\/\/www.fiemg.com.br\/regional-centro-oeste\/noticias\/fiemg-fortalece-dialogo-com-setor-calcadista-em-nova-serrana\/\" class=\"jet-listing-dynamic-meta__item-val\">13\/04\/2026<\/a><\/div><\/div>\t\t\t\t<\/div>\n\t\t\t\t<\/div>\n\t\t\t\t<div class=\"elementor-element elementor-element-c43500c elementor-widget elementor-widget-heading\" data-id=\"c43500c\" data-element_type=\"widget\" data-widget_type=\"heading.default\">\n\t\t\t\t<div class=\"elementor-widget-container\">\n\t\t\t\t\t<h3 class=\"elementor-heading-title elementor-size-default\"><a href=\"https:\/\/www.fiemg.com.br\/regional-centro-oeste\/noticias\/fiemg-fortalece-dialogo-com-setor-calcadista-em-nova-serrana\/\">FIEMG fortalece di\u00e1logo com setor cal\u00e7adista em Nova Serrana<\/a><\/h3>\t\t\t\t<\/div>\n\t\t\t\t<\/div>\n\t\t\t\t<\/div>\n\t\t\t\t<\/div>\n\t\t<\/div><div class=\"jet-listing-grid__item jet-listing-dynamic-post-3679\" data-post-id=\"3679\"  >\t\t<div data-elementor-type=\"jet-listing-items\" data-elementor-id=\"3052\" class=\"elementor elementor-3052\" data-elementor-post-type=\"jet-engine\">\n\t\t\t\t<div class=\"has_ae_slider elementor-element elementor-element-eb33079 e-con-full e-flex ae-bg-gallery-type-default e-con e-parent\" data-id=\"eb33079\" data-element_type=\"container\">\n\t\t<div class=\"has_ae_slider elementor-element elementor-element-2514dd1 e-con-full e-flex ae-bg-gallery-type-default e-con e-child\" data-id=\"2514dd1\" data-element_type=\"container\">\n\t\t\t\t<div class=\"elementor-element elementor-element-402a511 elementor-widget elementor-widget-image\" data-id=\"402a511\" data-element_type=\"widget\" data-widget_type=\"image.default\">\n\t\t\t\t<div class=\"elementor-widget-container\">\n\t\t\t\t\t\t\t\t\t\t\t\t<figure class=\"wp-caption\">\n\t\t\t\t\t\t\t\t\t\t\t<a href=\"https:\/\/www.fiemg.com.br\/regional-centro-oeste\/noticias\/fiemg-prestigia-lancamento-de-programas-para-impulsionar-empreendedorismo-credito-e-inovacao\/\">\n\t\t\t\t\t\t\t<img decoding=\"async\" src=\"https:\/\/www.fiemg.com.br\/regional-centro-oeste\/wp-content\/uploads\/sites\/16\/elementor\/thumbs\/lancamento-projetos-empreendedorismo-prefeitura-e1776104094986-rlyilxu19gb7evawk8zmfhftq8zvtj93lb68e1snpc.jpg\" title=\"lan\u00e7amento-projetos-empreendedorismo-prefeitura\" alt=\"lan\u00e7amento-projetos-empreendedorismo-prefeitura\" loading=\"lazy\" \/>\t\t\t\t\t\t\t\t<\/a>\n\t\t\t\t\t\t\t\t\t\t\t<figcaption class=\"widget-image-caption wp-caption-text\"><\/figcaption>\n\t\t\t\t\t\t\t\t\t\t<\/figure>\n\t\t\t\t\t\t\t\t\t<\/div>\n\t\t\t\t<\/div>\n\t\t\t\t<\/div>\n\t\t\t\t<div class=\"elementor-element elementor-element-6cc2dce elementor-widget elementor-widget-jet-listing-dynamic-meta\" data-id=\"6cc2dce\" data-element_type=\"widget\" data-widget_type=\"jet-listing-dynamic-meta.default\">\n\t\t\t\t<div class=\"elementor-widget-container\">\n\t\t\t\t\t<div class=\"jet-listing jet-listing-dynamic-meta meta-layout-inline\"><div class=\"jet-listing-dynamic-meta__date jet-listing-dynamic-meta__item\"><a href=\"https:\/\/www.fiemg.com.br\/regional-centro-oeste\/noticias\/fiemg-prestigia-lancamento-de-programas-para-impulsionar-empreendedorismo-credito-e-inovacao\/\" class=\"jet-listing-dynamic-meta__item-val\">13\/04\/2026<\/a><\/div><\/div>\t\t\t\t<\/div>\n\t\t\t\t<\/div>\n\t\t\t\t<div class=\"elementor-element elementor-element-c43500c elementor-widget elementor-widget-heading\" data-id=\"c43500c\" data-element_type=\"widget\" data-widget_type=\"heading.default\">\n\t\t\t\t<div class=\"elementor-widget-container\">\n\t\t\t\t\t<h3 class=\"elementor-heading-title elementor-size-default\"><a href=\"https:\/\/www.fiemg.com.br\/regional-centro-oeste\/noticias\/fiemg-prestigia-lancamento-de-programas-para-impulsionar-empreendedorismo-credito-e-inovacao\/\">FIEMG prestigia lan\u00e7amento de programas para impulsionar empreendedorismo, cr\u00e9dito e inova\u00e7\u00e3o<\/a><\/h3>\t\t\t\t<\/div>\n\t\t\t\t<\/div>\n\t\t\t\t<\/div>\n\t\t\t\t<\/div>\n\t\t<\/div><div class=\"jet-listing-grid__item jet-listing-dynamic-post-3678\" data-post-id=\"3678\"  >\t\t<div data-elementor-type=\"jet-listing-items\" data-elementor-id=\"3052\" class=\"elementor elementor-3052\" data-elementor-post-type=\"jet-engine\">\n\t\t\t\t<div class=\"has_ae_slider elementor-element elementor-element-eb33079 e-con-full e-flex ae-bg-gallery-type-default e-con e-parent\" data-id=\"eb33079\" data-element_type=\"container\">\n\t\t<div class=\"has_ae_slider elementor-element elementor-element-2514dd1 e-con-full e-flex ae-bg-gallery-type-default e-con e-child\" data-id=\"2514dd1\" data-element_type=\"container\">\n\t\t\t\t<div class=\"elementor-element elementor-element-402a511 elementor-widget elementor-widget-image\" data-id=\"402a511\" data-element_type=\"widget\" data-widget_type=\"image.default\">\n\t\t\t\t<div class=\"elementor-widget-container\">\n\t\t\t\t\t\t\t\t\t\t\t\t<figure class=\"wp-caption\">\n\t\t\t\t\t\t\t\t\t\t\t<a href=\"https:\/\/www.fiemg.com.br\/regional-centro-oeste\/noticias\/finep-pelo-brasil-evento-na-fiemg-vai-apresentar-linhas-de-financiamento-disponiveis-para-investimento-em-inovacao\/\">\n\t\t\t\t\t\t\t<img decoding=\"async\" src=\"https:\/\/www.fiemg.com.br\/regional-centro-oeste\/wp-content\/uploads\/sites\/16\/elementor\/thumbs\/WhatsApp-Image-2026-04-02-at-16.25.18-e1776102306561-rlyhb96ltoeis34562iol9jnlb3lipx168q2bb0kqo.jpeg\" title=\"WhatsApp Image 2026-04-02 at 16.25.18\" alt=\"WhatsApp Image 2026-04-02 at 16.25.18\" loading=\"lazy\" \/>\t\t\t\t\t\t\t\t<\/a>\n\t\t\t\t\t\t\t\t\t\t\t<figcaption class=\"widget-image-caption wp-caption-text\"><\/figcaption>\n\t\t\t\t\t\t\t\t\t\t<\/figure>\n\t\t\t\t\t\t\t\t\t<\/div>\n\t\t\t\t<\/div>\n\t\t\t\t<\/div>\n\t\t\t\t<div class=\"elementor-element elementor-element-6cc2dce elementor-widget elementor-widget-jet-listing-dynamic-meta\" data-id=\"6cc2dce\" data-element_type=\"widget\" data-widget_type=\"jet-listing-dynamic-meta.default\">\n\t\t\t\t<div class=\"elementor-widget-container\">\n\t\t\t\t\t<div class=\"jet-listing jet-listing-dynamic-meta meta-layout-inline\"><div class=\"jet-listing-dynamic-meta__date jet-listing-dynamic-meta__item\"><a href=\"https:\/\/www.fiemg.com.br\/regional-centro-oeste\/noticias\/finep-pelo-brasil-evento-na-fiemg-vai-apresentar-linhas-de-financiamento-disponiveis-para-investimento-em-inovacao\/\" class=\"jet-listing-dynamic-meta__item-val\">13\/04\/2026<\/a><\/div><\/div>\t\t\t\t<\/div>\n\t\t\t\t<\/div>\n\t\t\t\t<div class=\"elementor-element elementor-element-c43500c elementor-widget elementor-widget-heading\" data-id=\"c43500c\" data-element_type=\"widget\" data-widget_type=\"heading.default\">\n\t\t\t\t<div class=\"elementor-widget-container\">\n\t\t\t\t\t<h3 class=\"elementor-heading-title elementor-size-default\"><a href=\"https:\/\/www.fiemg.com.br\/regional-centro-oeste\/noticias\/finep-pelo-brasil-evento-na-fiemg-vai-apresentar-linhas-de-financiamento-disponiveis-para-investimento-em-inovacao\/\">FINEP pelo Brasil \u2013 Evento na FIEMG vai apresentar linhas de financiamento dispon\u00edveis para investimento em inova\u00e7\u00e3o<\/a><\/h3>\t\t\t\t<\/div>\n\t\t\t\t<\/div>\n\t\t\t\t<\/div>\n\t\t\t\t<\/div>\n\t\t<\/div><div class=\"jet-listing-grid__item jet-listing-dynamic-post-3675\" data-post-id=\"3675\"  >\t\t<div data-elementor-type=\"jet-listing-items\" data-elementor-id=\"3052\" class=\"elementor elementor-3052\" data-elementor-post-type=\"jet-engine\">\n\t\t\t\t<div class=\"has_ae_slider elementor-element elementor-element-eb33079 e-con-full e-flex ae-bg-gallery-type-default e-con e-parent\" data-id=\"eb33079\" data-element_type=\"container\">\n\t\t<div class=\"has_ae_slider elementor-element elementor-element-2514dd1 e-con-full e-flex ae-bg-gallery-type-default e-con e-child\" data-id=\"2514dd1\" data-element_type=\"container\">\n\t\t\t\t<div class=\"elementor-element elementor-element-402a511 elementor-widget elementor-widget-image\" data-id=\"402a511\" data-element_type=\"widget\" data-widget_type=\"image.default\">\n\t\t\t\t<div class=\"elementor-widget-container\">\n\t\t\t\t\t\t\t\t\t\t\t\t<figure class=\"wp-caption\">\n\t\t\t\t\t\t\t\t\t\t\t<a href=\"https:\/\/www.fiemg.com.br\/regional-centro-oeste\/noticias\/conflito-no-oriente-medio-pode-elevar-inflacao-no-brasil-em-ate-766-e-reduzir-atividade-economica-aponta-fiemg\/\">\n\t\t\t\t\t\t\t<img decoding=\"async\" src=\"https:\/\/www.fiemg.com.br\/regional-centro-oeste\/wp-content\/uploads\/sites\/16\/elementor\/thumbs\/Thumb-9-rlpwykmybwen83h3cqlz3heoz0y49izaayv79a3vgg.jpg\" title=\"Thumb (9)\" alt=\"Cr\u00e9ditos: Ag\u00eancia de Not\u00edcias da republica Isl\u00e2mica\" loading=\"lazy\" \/>\t\t\t\t\t\t\t\t<\/a>\n\t\t\t\t\t\t\t\t\t\t\t<figcaption class=\"widget-image-caption wp-caption-text\"><\/figcaption>\n\t\t\t\t\t\t\t\t\t\t<\/figure>\n\t\t\t\t\t\t\t\t\t<\/div>\n\t\t\t\t<\/div>\n\t\t\t\t<\/div>\n\t\t\t\t<div class=\"elementor-element elementor-element-6cc2dce elementor-widget elementor-widget-jet-listing-dynamic-meta\" data-id=\"6cc2dce\" data-element_type=\"widget\" data-widget_type=\"jet-listing-dynamic-meta.default\">\n\t\t\t\t<div class=\"elementor-widget-container\">\n\t\t\t\t\t<div class=\"jet-listing jet-listing-dynamic-meta meta-layout-inline\"><div class=\"jet-listing-dynamic-meta__date jet-listing-dynamic-meta__item\"><a href=\"https:\/\/www.fiemg.com.br\/regional-centro-oeste\/noticias\/conflito-no-oriente-medio-pode-elevar-inflacao-no-brasil-em-ate-766-e-reduzir-atividade-economica-aponta-fiemg\/\" class=\"jet-listing-dynamic-meta__item-val\">08\/04\/2026<\/a><\/div><\/div>\t\t\t\t<\/div>\n\t\t\t\t<\/div>\n\t\t\t\t<div class=\"elementor-element elementor-element-c43500c elementor-widget elementor-widget-heading\" data-id=\"c43500c\" data-element_type=\"widget\" data-widget_type=\"heading.default\">\n\t\t\t\t<div class=\"elementor-widget-container\">\n\t\t\t\t\t<h3 class=\"elementor-heading-title elementor-size-default\"><a href=\"https:\/\/www.fiemg.com.br\/regional-centro-oeste\/noticias\/conflito-no-oriente-medio-pode-elevar-inflacao-no-brasil-em-ate-766-e-reduzir-atividade-economica-aponta-fiemg\/\">Conflito no Oriente M\u00e9dio pode elevar infla\u00e7\u00e3o no Brasil em at\u00e9 7,66% e reduzir atividade econ\u00f4mica, aponta FIEMG<\/a><\/h3>\t\t\t\t<\/div>\n\t\t\t\t<\/div>\n\t\t\t\t<\/div>\n\t\t\t\t<\/div>\n\t\t<\/div><div class=\"jet-listing-grid__item jet-listing-dynamic-post-3672\" data-post-id=\"3672\"  >\t\t<div data-elementor-type=\"jet-listing-items\" data-elementor-id=\"3052\" class=\"elementor elementor-3052\" data-elementor-post-type=\"jet-engine\">\n\t\t\t\t<div class=\"has_ae_slider elementor-element elementor-element-eb33079 e-con-full e-flex ae-bg-gallery-type-default e-con e-parent\" data-id=\"eb33079\" data-element_type=\"container\">\n\t\t<div class=\"has_ae_slider elementor-element elementor-element-2514dd1 e-con-full e-flex ae-bg-gallery-type-default e-con e-child\" data-id=\"2514dd1\" data-element_type=\"container\">\n\t\t\t\t<div class=\"elementor-element elementor-element-402a511 elementor-widget elementor-widget-image\" data-id=\"402a511\" data-element_type=\"widget\" data-widget_type=\"image.default\">\n\t\t\t\t<div class=\"elementor-widget-container\">\n\t\t\t\t\t\t\t\t\t\t\t\t<figure class=\"wp-caption\">\n\t\t\t\t\t\t\t\t\t\t\t<a href=\"https:\/\/www.fiemg.com.br\/regional-centro-oeste\/noticias\/sesi-amplia-presenca-em-arcos-com-nova-unidade-2\/\">\n\t\t\t\t\t\t\t<img decoding=\"async\" src=\"https:\/\/www.fiemg.com.br\/regional-centro-oeste\/wp-content\/uploads\/sites\/16\/elementor\/thumbs\/escolasesi-rlpsoqdvs1t71mxpo8o50ayswr7ggw8t5j2bmy7hts.jpg\" title=\"escolasesi\" alt=\"escolasesi\" loading=\"lazy\" \/>\t\t\t\t\t\t\t\t<\/a>\n\t\t\t\t\t\t\t\t\t\t\t<figcaption class=\"widget-image-caption wp-caption-text\"><\/figcaption>\n\t\t\t\t\t\t\t\t\t\t<\/figure>\n\t\t\t\t\t\t\t\t\t<\/div>\n\t\t\t\t<\/div>\n\t\t\t\t<\/div>\n\t\t\t\t<div class=\"elementor-element elementor-element-6cc2dce elementor-widget elementor-widget-jet-listing-dynamic-meta\" data-id=\"6cc2dce\" data-element_type=\"widget\" data-widget_type=\"jet-listing-dynamic-meta.default\">\n\t\t\t\t<div class=\"elementor-widget-container\">\n\t\t\t\t\t<div class=\"jet-listing jet-listing-dynamic-meta meta-layout-inline\"><div class=\"jet-listing-dynamic-meta__date jet-listing-dynamic-meta__item\"><a href=\"https:\/\/www.fiemg.com.br\/regional-centro-oeste\/noticias\/sesi-amplia-presenca-em-arcos-com-nova-unidade-2\/\" class=\"jet-listing-dynamic-meta__item-val\">08\/04\/2026<\/a><\/div><\/div>\t\t\t\t<\/div>\n\t\t\t\t<\/div>\n\t\t\t\t<div class=\"elementor-element elementor-element-c43500c elementor-widget elementor-widget-heading\" data-id=\"c43500c\" data-element_type=\"widget\" data-widget_type=\"heading.default\">\n\t\t\t\t<div class=\"elementor-widget-container\">\n\t\t\t\t\t<h3 class=\"elementor-heading-title elementor-size-default\"><a href=\"https:\/\/www.fiemg.com.br\/regional-centro-oeste\/noticias\/sesi-amplia-presenca-em-arcos-com-nova-unidade-2\/\">SESI amplia presen\u00e7a em Arcos com nova unidade<\/a><\/h3>\t\t\t\t<\/div>\n\t\t\t\t<\/div>\n\t\t\t\t<\/div>\n\t\t\t\t<\/div>\n\t\t<\/div><div class=\"jet-listing-grid__item jet-listing-dynamic-post-3669\" data-post-id=\"3669\"  >\t\t<div data-elementor-type=\"jet-listing-items\" data-elementor-id=\"3052\" class=\"elementor elementor-3052\" data-elementor-post-type=\"jet-engine\">\n\t\t\t\t<div class=\"has_ae_slider elementor-element elementor-element-eb33079 e-con-full e-flex ae-bg-gallery-type-default e-con e-parent\" data-id=\"eb33079\" data-element_type=\"container\">\n\t\t<div class=\"has_ae_slider elementor-element elementor-element-2514dd1 e-con-full e-flex ae-bg-gallery-type-default e-con e-child\" data-id=\"2514dd1\" data-element_type=\"container\">\n\t\t\t\t<div class=\"elementor-element elementor-element-402a511 elementor-widget elementor-widget-image\" data-id=\"402a511\" data-element_type=\"widget\" data-widget_type=\"image.default\">\n\t\t\t\t<div class=\"elementor-widget-container\">\n\t\t\t\t\t\t\t\t\t\t\t\t<figure class=\"wp-caption\">\n\t\t\t\t\t\t\t\t\t\t\t<a href=\"https:\/\/www.fiemg.com.br\/regional-centro-oeste\/noticias\/finep-pelo-brasil-chega-a-divinopolis-para-fortalecer-o-ecossistema-de-inovacao-no-centro-oeste-mineiro\/\">\n\t\t\t\t\t\t\t<img decoding=\"async\" src=\"https:\/\/www.fiemg.com.br\/regional-centro-oeste\/wp-content\/uploads\/sites\/16\/elementor\/thumbs\/WhatsApp-Image-2026-04-02-at-16.25.18-e1776102306561-rlyhb96ltoeis34562iol9jnlb3lipx168q2bb0kqo.jpeg\" title=\"WhatsApp Image 2026-04-02 at 16.25.18\" alt=\"WhatsApp Image 2026-04-02 at 16.25.18\" loading=\"lazy\" \/>\t\t\t\t\t\t\t\t<\/a>\n\t\t\t\t\t\t\t\t\t\t\t<figcaption class=\"widget-image-caption wp-caption-text\"><\/figcaption>\n\t\t\t\t\t\t\t\t\t\t<\/figure>\n\t\t\t\t\t\t\t\t\t<\/div>\n\t\t\t\t<\/div>\n\t\t\t\t<\/div>\n\t\t\t\t<div class=\"elementor-element elementor-element-6cc2dce elementor-widget elementor-widget-jet-listing-dynamic-meta\" data-id=\"6cc2dce\" data-element_type=\"widget\" data-widget_type=\"jet-listing-dynamic-meta.default\">\n\t\t\t\t<div class=\"elementor-widget-container\">\n\t\t\t\t\t<div class=\"jet-listing jet-listing-dynamic-meta meta-layout-inline\"><div class=\"jet-listing-dynamic-meta__date jet-listing-dynamic-meta__item\"><a href=\"https:\/\/www.fiemg.com.br\/regional-centro-oeste\/noticias\/finep-pelo-brasil-chega-a-divinopolis-para-fortalecer-o-ecossistema-de-inovacao-no-centro-oeste-mineiro\/\" class=\"jet-listing-dynamic-meta__item-val\">07\/04\/2026<\/a><\/div><\/div>\t\t\t\t<\/div>\n\t\t\t\t<\/div>\n\t\t\t\t<div class=\"elementor-element elementor-element-c43500c elementor-widget elementor-widget-heading\" data-id=\"c43500c\" data-element_type=\"widget\" data-widget_type=\"heading.default\">\n\t\t\t\t<div class=\"elementor-widget-container\">\n\t\t\t\t\t<h3 class=\"elementor-heading-title elementor-size-default\"><a href=\"https:\/\/www.fiemg.com.br\/regional-centro-oeste\/noticias\/finep-pelo-brasil-chega-a-divinopolis-para-fortalecer-o-ecossistema-de-inovacao-no-centro-oeste-mineiro\/\">FINEP Pelo Brasil chega a Divin\u00f3polis para fortalecer o ecossistema de inova\u00e7\u00e3o no Centro-Oeste Mineiro<\/a><\/h3>\t\t\t\t<\/div>\n\t\t\t\t<\/div>\n\t\t\t\t<\/div>\n\t\t\t\t<\/div>\n\t\t<\/div><\/div><div class=\"jet-listing-grid__loader\"><div class=\"jet-listing-grid__loader-spinner\"><\/div><div class=\"jet-listing-grid__loader-text\">Carregando...<\/div><\/div><\/div>\t\t\t\t<\/div>\n\t\t\t\t<\/div>\n\t\t\t\t<div class=\"elementor-element elementor-element-e91df51 elementor-align-center elementor-widget elementor-widget-button\" data-id=\"e91df51\" data-element_type=\"widget\" id=\"load-more\" data-widget_type=\"button.default\">\n\t\t\t\t<div class=\"elementor-widget-container\">\n\t\t\t\t\t\t\t\t\t<div class=\"elementor-button-wrapper\">\n\t\t\t\t\t<a class=\"elementor-button elementor-size-md\" role=\"button\">\n\t\t\t\t\t\t<span class=\"elementor-button-content-wrapper\">\n\t\t\t\t\t\t\t\t\t<span class=\"elementor-button-text\">Mais not\u00edcias<\/span>\n\t\t\t\t\t<\/span>\n\t\t\t\t\t<\/a>\n\t\t\t\t<\/div>\n\t\t\t\t\t\t\t\t<\/div>\n\t\t\t\t<\/div>\n\t\t\t\t\t<\/div>\n\t\t\t\t<\/div>\n\t\t\t\t<\/div>\n\t\t","protected":false},"excerpt":{"rendered":"<p>Not\u00edcias 16\/06\/2025 16\/06\/2025 16\/06\/2025 12\/06\/2025 12\/06\/2025 12\/06\/2025 12\/06\/2025 11\/06\/2025 11\/06\/2025 11\/06\/2025 10\/06\/2025 10\/06\/2025 Carregando&#8230; Mais not\u00edcias<\/p>\n","protected":false},"author":1,"featured_media":1563,"parent":0,"menu_order":113,"comment_status":"closed","ping_status":"closed","template":"","meta":{"footnotes":""},"class_list":["post-1047","page","type-page","status-publish","has-post-thumbnail","hentry"],"acf":[],"yoast_head":"<!-- This site is optimized with the Yoast SEO plugin v26.2 - https:\/\/yoast.com\/wordpress\/plugins\/seo\/ -->\n<title>Noticias - Regional Centro-Oeste<\/title>\n<meta name=\"robots\" content=\"index, follow, max-snippet:-1, max-image-preview:large, max-video-preview:-1\" \/>\n<link rel=\"canonical\" href=\"https:\/\/www.fiemg.com.br\/regional-centro-oeste\/noticias\/\" \/>\n<meta property=\"og:locale\" content=\"pt_BR\" \/>\n<meta property=\"og:type\" content=\"article\" \/>\n<meta property=\"og:title\" content=\"Noticias - Regional Centro-Oeste\" \/>\n<meta property=\"og:description\" content=\"Not\u00edcias 16\/06\/2025 16\/06\/2025 16\/06\/2025 12\/06\/2025 12\/06\/2025 12\/06\/2025 12\/06\/2025 11\/06\/2025 11\/06\/2025 11\/06\/2025 10\/06\/2025 10\/06\/2025 Carregando&#8230; Mais not\u00edcias\" \/>\n<meta property=\"og:url\" content=\"https:\/\/www.fiemg.com.br\/regional-centro-oeste\/noticias\/\" \/>\n<meta property=\"og:site_name\" content=\"Regional Centro-Oeste\" \/>\n<meta property=\"article:modified_time\" content=\"2025-06-17T13:27:45+00:00\" \/>\n<meta property=\"og:image\" content=\"https:\/\/www.fiemg.com.br\/regional-centro-oeste\/wp-content\/uploads\/sites\/16\/2023\/07\/58582731952f87ce8bc7e6c985bb1567e42159bb16b8693daa9092a1b6054c17.jpg\" \/>\n<meta name=\"twitter:card\" content=\"summary_large_image\" \/>\n<meta name=\"twitter:label1\" content=\"Est. tempo de leitura\" \/>\n\t<meta name=\"twitter:data1\" content=\"2 minutos\" \/>\n<script type=\"application\/ld+json\" class=\"yoast-schema-graph\">{\"@context\":\"https:\/\/schema.org\",\"@graph\":[{\"@type\":\"WebPage\",\"@id\":\"https:\/\/www.fiemg.com.br\/regional-centro-oeste\/noticias\/\",\"url\":\"https:\/\/www.fiemg.com.br\/regional-centro-oeste\/noticias\/\",\"name\":\"Noticias - Regional Centro-Oeste\",\"isPartOf\":{\"@id\":\"https:\/\/www.fiemg.com.br\/regional-centro-oeste\/#website\"},\"primaryImageOfPage\":{\"@id\":\"https:\/\/www.fiemg.com.br\/regional-centro-oeste\/noticias\/#primaryimage\"},\"image\":{\"@id\":\"https:\/\/www.fiemg.com.br\/regional-centro-oeste\/noticias\/#primaryimage\"},\"thumbnailUrl\":\"https:\/\/www.fiemg.com.br\/regional-centro-oeste\/wp-content\/uploads\/sites\/16\/2023\/08\/default.png\",\"datePublished\":\"2023-06-24T23:54:46+00:00\",\"dateModified\":\"2025-06-17T13:27:45+00:00\",\"breadcrumb\":{\"@id\":\"https:\/\/www.fiemg.com.br\/regional-centro-oeste\/noticias\/#breadcrumb\"},\"inLanguage\":\"pt-BR\",\"potentialAction\":[{\"@type\":\"ReadAction\",\"target\":[\"https:\/\/www.fiemg.com.br\/regional-centro-oeste\/noticias\/\"]}]},{\"@type\":\"ImageObject\",\"inLanguage\":\"pt-BR\",\"@id\":\"https:\/\/www.fiemg.com.br\/regional-centro-oeste\/noticias\/#primaryimage\",\"url\":\"https:\/\/www.fiemg.com.br\/regional-centro-oeste\/wp-content\/uploads\/sites\/16\/2023\/08\/default.png\",\"contentUrl\":\"https:\/\/www.fiemg.com.br\/regional-centro-oeste\/wp-content\/uploads\/sites\/16\/2023\/08\/default.png\",\"width\":300,\"height\":300},{\"@type\":\"BreadcrumbList\",\"@id\":\"https:\/\/www.fiemg.com.br\/regional-centro-oeste\/noticias\/#breadcrumb\",\"itemListElement\":[{\"@type\":\"ListItem\",\"position\":1,\"name\":\"In\u00edcio\",\"item\":\"https:\/\/www.fiemg.com.br\/regional-centro-oeste\/\"},{\"@type\":\"ListItem\",\"position\":2,\"name\":\"Not\u00edcias\"}]},{\"@type\":\"WebSite\",\"@id\":\"https:\/\/www.fiemg.com.br\/regional-centro-oeste\/#website\",\"url\":\"https:\/\/www.fiemg.com.br\/regional-centro-oeste\/\",\"name\":\"Regional Centro-Oeste\",\"description\":\"Federa\u00e7\u00e3o das Ind\u00fastrias do Estado de Minas Gerais\",\"publisher\":{\"@id\":\"https:\/\/www.fiemg.com.br\/regional-centro-oeste\/#organization\"},\"potentialAction\":[{\"@type\":\"SearchAction\",\"target\":{\"@type\":\"EntryPoint\",\"urlTemplate\":\"https:\/\/www.fiemg.com.br\/regional-centro-oeste\/?s={search_term_string}\"},\"query-input\":{\"@type\":\"PropertyValueSpecification\",\"valueRequired\":true,\"valueName\":\"search_term_string\"}}],\"inLanguage\":\"pt-BR\"},{\"@type\":\"Organization\",\"@id\":\"https:\/\/www.fiemg.com.br\/regional-centro-oeste\/#organization\",\"name\":\"Regional Centro-Oeste\",\"url\":\"https:\/\/www.fiemg.com.br\/regional-centro-oeste\/\",\"logo\":{\"@type\":\"ImageObject\",\"inLanguage\":\"pt-BR\",\"@id\":\"https:\/\/www.fiemg.com.br\/regional-centro-oeste\/#\/schema\/logo\/image\/\",\"url\":\"https:\/\/www.fiemg.com.br\/regional-centro-oeste\/wp-content\/uploads\/sites\/16\/2023\/02\/Ativo-1.png\",\"contentUrl\":\"https:\/\/www.fiemg.com.br\/regional-centro-oeste\/wp-content\/uploads\/sites\/16\/2023\/02\/Ativo-1.png\",\"width\":563,\"height\":149,\"caption\":\"Regional Centro-Oeste\"},\"image\":{\"@id\":\"https:\/\/www.fiemg.com.br\/regional-centro-oeste\/#\/schema\/logo\/image\/\"}}]}<\/script>\n<!-- \/ Yoast SEO plugin. -->","yoast_head_json":{"title":"Noticias - Regional Centro-Oeste","robots":{"index":"index","follow":"follow","max-snippet":"max-snippet:-1","max-image-preview":"max-image-preview:large","max-video-preview":"max-video-preview:-1"},"canonical":"https:\/\/www.fiemg.com.br\/regional-centro-oeste\/noticias\/","og_locale":"pt_BR","og_type":"article","og_title":"Noticias - Regional Centro-Oeste","og_description":"Not\u00edcias 16\/06\/2025 16\/06\/2025 16\/06\/2025 12\/06\/2025 12\/06\/2025 12\/06\/2025 12\/06\/2025 11\/06\/2025 11\/06\/2025 11\/06\/2025 10\/06\/2025 10\/06\/2025 Carregando&#8230; Mais not\u00edcias","og_url":"https:\/\/www.fiemg.com.br\/regional-centro-oeste\/noticias\/","og_site_name":"Regional Centro-Oeste","article_modified_time":"2025-06-17T13:27:45+00:00","og_image":[{"url":"https:\/\/www.fiemg.com.br\/regional-centro-oeste\/wp-content\/uploads\/sites\/16\/2023\/07\/58582731952f87ce8bc7e6c985bb1567e42159bb16b8693daa9092a1b6054c17.jpg","type":"","width":"","height":""}],"twitter_card":"summary_large_image","twitter_misc":{"Est. tempo de leitura":"2 minutos"},"schema":{"@context":"https:\/\/schema.org","@graph":[{"@type":"WebPage","@id":"https:\/\/www.fiemg.com.br\/regional-centro-oeste\/noticias\/","url":"https:\/\/www.fiemg.com.br\/regional-centro-oeste\/noticias\/","name":"Noticias - Regional Centro-Oeste","isPartOf":{"@id":"https:\/\/www.fiemg.com.br\/regional-centro-oeste\/#website"},"primaryImageOfPage":{"@id":"https:\/\/www.fiemg.com.br\/regional-centro-oeste\/noticias\/#primaryimage"},"image":{"@id":"https:\/\/www.fiemg.com.br\/regional-centro-oeste\/noticias\/#primaryimage"},"thumbnailUrl":"https:\/\/www.fiemg.com.br\/regional-centro-oeste\/wp-content\/uploads\/sites\/16\/2023\/08\/default.png","datePublished":"2023-06-24T23:54:46+00:00","dateModified":"2025-06-17T13:27:45+00:00","breadcrumb":{"@id":"https:\/\/www.fiemg.com.br\/regional-centro-oeste\/noticias\/#breadcrumb"},"inLanguage":"pt-BR","potentialAction":[{"@type":"ReadAction","target":["https:\/\/www.fiemg.com.br\/regional-centro-oeste\/noticias\/"]}]},{"@type":"ImageObject","inLanguage":"pt-BR","@id":"https:\/\/www.fiemg.com.br\/regional-centro-oeste\/noticias\/#primaryimage","url":"https:\/\/www.fiemg.com.br\/regional-centro-oeste\/wp-content\/uploads\/sites\/16\/2023\/08\/default.png","contentUrl":"https:\/\/www.fiemg.com.br\/regional-centro-oeste\/wp-content\/uploads\/sites\/16\/2023\/08\/default.png","width":300,"height":300},{"@type":"BreadcrumbList","@id":"https:\/\/www.fiemg.com.br\/regional-centro-oeste\/noticias\/#breadcrumb","itemListElement":[{"@type":"ListItem","position":1,"name":"In\u00edcio","item":"https:\/\/www.fiemg.com.br\/regional-centro-oeste\/"},{"@type":"ListItem","position":2,"name":"Not\u00edcias"}]},{"@type":"WebSite","@id":"https:\/\/www.fiemg.com.br\/regional-centro-oeste\/#website","url":"https:\/\/www.fiemg.com.br\/regional-centro-oeste\/","name":"Regional Centro-Oeste","description":"Federa\u00e7\u00e3o das Ind\u00fastrias do Estado de Minas Gerais","publisher":{"@id":"https:\/\/www.fiemg.com.br\/regional-centro-oeste\/#organization"},"potentialAction":[{"@type":"SearchAction","target":{"@type":"EntryPoint","urlTemplate":"https:\/\/www.fiemg.com.br\/regional-centro-oeste\/?s={search_term_string}"},"query-input":{"@type":"PropertyValueSpecification","valueRequired":true,"valueName":"search_term_string"}}],"inLanguage":"pt-BR"},{"@type":"Organization","@id":"https:\/\/www.fiemg.com.br\/regional-centro-oeste\/#organization","name":"Regional Centro-Oeste","url":"https:\/\/www.fiemg.com.br\/regional-centro-oeste\/","logo":{"@type":"ImageObject","inLanguage":"pt-BR","@id":"https:\/\/www.fiemg.com.br\/regional-centro-oeste\/#\/schema\/logo\/image\/","url":"https:\/\/www.fiemg.com.br\/regional-centro-oeste\/wp-content\/uploads\/sites\/16\/2023\/02\/Ativo-1.png","contentUrl":"https:\/\/www.fiemg.com.br\/regional-centro-oeste\/wp-content\/uploads\/sites\/16\/2023\/02\/Ativo-1.png","width":563,"height":149,"caption":"Regional Centro-Oeste"},"image":{"@id":"https:\/\/www.fiemg.com.br\/regional-centro-oeste\/#\/schema\/logo\/image\/"}}]}},"_links":{"self":[{"href":"https:\/\/www.fiemg.com.br\/regional-centro-oeste\/wp-json\/wp\/v2\/pages\/1047","targetHints":{"allow":["GET"]}}],"collection":[{"href":"https:\/\/www.fiemg.com.br\/regional-centro-oeste\/wp-json\/wp\/v2\/pages"}],"about":[{"href":"https:\/\/www.fiemg.com.br\/regional-centro-oeste\/wp-json\/wp\/v2\/types\/page"}],"author":[{"embeddable":true,"href":"https:\/\/www.fiemg.com.br\/regional-centro-oeste\/wp-json\/wp\/v2\/users\/1"}],"replies":[{"embeddable":true,"href":"https:\/\/www.fiemg.com.br\/regional-centro-oeste\/wp-json\/wp\/v2\/comments?post=1047"}],"version-history":[{"count":0,"href":"https:\/\/www.fiemg.com.br\/regional-centro-oeste\/wp-json\/wp\/v2\/pages\/1047\/revisions"}],"wp:featuredmedia":[{"embeddable":true,"href":"https:\/\/www.fiemg.com.br\/regional-centro-oeste\/wp-json\/wp\/v2\/media\/1563"}],"wp:attachment":[{"href":"https:\/\/www.fiemg.com.br\/regional-centro-oeste\/wp-json\/wp\/v2\/media?parent=1047"}],"curies":[{"name":"wp","href":"https:\/\/api.w.org\/{rel}","templated":true}]}}