{"version":"1.0","provider_name":"FIEMG","provider_url":"https:\/\/www.fiemg.com.br\/regional-sede","author_name":"dhelena","author_url":"https:\/\/www.fiemg.com.br\/regional-sede\/author\/dhelena\/","title":"SENAI Belo Horizonte CFP Paulo de Tarso - FIEMG","type":"rich","width":600,"height":338,"html":"<blockquote class=\"wp-embedded-content\" data-secret=\"IyyhekDK4Y\"><a href=\"https:\/\/www.fiemg.com.br\/regional-sede\/unidades\/senai-belo-horizonte-cfp-paulo-de-tarso\/\">SENAI Belo Horizonte CFP Paulo de Tarso<\/a><\/blockquote><iframe sandbox=\"allow-scripts\" security=\"restricted\" src=\"https:\/\/www.fiemg.com.br\/regional-sede\/unidades\/senai-belo-horizonte-cfp-paulo-de-tarso\/embed\/#?secret=IyyhekDK4Y\" width=\"600\" height=\"338\" title=\"&#8220;SENAI Belo Horizonte CFP Paulo de Tarso&#8221; &#8212; FIEMG\" data-secret=\"IyyhekDK4Y\" frameborder=\"0\" marginwidth=\"0\" marginheight=\"0\" scrolling=\"no\" class=\"wp-embedded-content\"><\/iframe><script>\n\/*! This file is auto-generated *\/\n!function(d,l){\"use strict\";l.querySelector&&d.addEventListener&&\"undefined\"!=typeof URL&&(d.wp=d.wp||{},d.wp.receiveEmbedMessage||(d.wp.receiveEmbedMessage=function(e){var t=e.data;if((t||t.secret||t.message||t.value)&&!\/[^a-zA-Z0-9]\/.test(t.secret)){for(var s,r,n,a=l.querySelectorAll('iframe[data-secret=\"'+t.secret+'\"]'),o=l.querySelectorAll('blockquote[data-secret=\"'+t.secret+'\"]'),c=new RegExp(\"^https?:$\",\"i\"),i=0;i<o.length;i++)o[i].style.display=\"none\";for(i=0;i<a.length;i++)s=a[i],e.source===s.contentWindow&&(s.removeAttribute(\"style\"),\"height\"===t.message?(1e3<(r=parseInt(t.value,10))?r=1e3:~~r<200&&(r=200),s.height=r):\"link\"===t.message&&(r=new URL(s.getAttribute(\"src\")),n=new URL(t.value),c.test(n.protocol))&&n.host===r.host&&l.activeElement===s&&(d.top.location.href=t.value))}},d.addEventListener(\"message\",d.wp.receiveEmbedMessage,!1),l.addEventListener(\"DOMContentLoaded\",function(){for(var e,t,s=l.querySelectorAll(\"iframe.wp-embedded-content\"),r=0;r<s.length;r++)(t=(e=s[r]).getAttribute(\"data-secret\"))||(t=Math.random().toString(36).substring(2,12),e.src+=\"#?secret=\"+t,e.setAttribute(\"data-secret\",t)),e.contentWindow.postMessage({message:\"ready\",secret:t},\"*\")},!1)))}(window,document);\n<\/script>\n","thumbnail_url":"https:\/\/www.fiemg.com.br\/regional-sede\/wp-content\/uploads\/sites\/21\/2023\/07\/default.png","thumbnail_width":300,"thumbnail_height":300,"description":"PROGRAMA\u00c7\u00c3O DE CURSOS 1\u00ba E 2\u00ba SEMESTRES &#8211; 2023\u00a0 Produtos e servi\u00e7os oferecidos SERVI\u00c7OS DE INOVA\u00c7\u00c3O E TECNOLOGIA &#8211; CLIQUE AQUI Aprendizagem industrial Auxiliar de Log\u00edstica Instala\u00e7\u00e3o Hidr\u00e1ulica Instala\u00e7\u00e3o El\u00e9trica Predial Pedreiro de Edifica\u00e7\u00f5es Processos Administrativos Cursos T\u00e9cnicos Edifica\u00e7\u00f5es Seguran\u00e7a do Trabalho Meio Ambiente Qualifica\u00e7\u00e3o Profissional Eletricista Instalador Predial de Baixa Tens\u00e3o Carpinteiro de Obras [&hellip;]"}