{"id":1207,"date":"2023-07-18T16:42:28","date_gmt":"2023-07-18T19:42:28","guid":{"rendered":"https:\/\/www.fiemg.com.br\/regional-sede\/escolas\/senai-belo-horizonte-cfp-paulo-de-tarso\/"},"modified":"2025-06-11T11:49:45","modified_gmt":"2025-06-11T14:49:45","slug":"senai-belo-horizonte-cfp-paulo-de-tarso","status":"publish","type":"escolas","link":"https:\/\/www.fiemg.com.br\/regional-sede\/unidades\/senai-belo-horizonte-cfp-paulo-de-tarso\/","title":{"rendered":"SENAI Belo Horizonte CFP Paulo de Tarso"},"content":{"rendered":"<p><a href=\"https:\/\/www.fiemg.com.br\/wp-content\/uploads\/mediaSENAI\/unidades\/paulodetarso\/EA002322_Cursos_Presenciais_SENAI_tabela_SAIDA_ATUALIZADO.pdf\" target=\"_blank\" rel=\"noopener\">PROGRAMA\u00c7\u00c3O DE CURSOS 1\u00ba E 2\u00ba SEMESTRES &#8211; 2023<\/a><a href=\"https:\/\/www.fiemg.com.br\/wp-content\/uploads\/mediaSENAI\/unidades\/paulodetarso\/Programa-o-de-Cursos-SENAI-Paulo-de-Tarso.pdf\">\u00a0<\/a><\/p>\n<h5>Produtos e servi\u00e7os oferecidos<\/h5>\n<p><a href=\"https:\/\/www.fiemg.com.br\/publicacoes-internas\/senaipaulodetarso\"><span class=\"btn\" style=\"color: #ffffff\">SERVI\u00c7OS DE INOVA\u00c7\u00c3O E TECNOLOGIA &#8211; CLIQUE AQUI<\/span><\/a><\/p>\n<p dir=\"ltr\"><strong>Aprendizagem industrial<br \/>\n<\/strong><\/p>\n<p dir=\"ltr\">Auxiliar de Log\u00edstica<br \/>\nInstala\u00e7\u00e3o Hidr\u00e1ulica<br \/>\nInstala\u00e7\u00e3o El\u00e9trica Predial Pedreiro de Edifica\u00e7\u00f5es<br \/>\nProcessos Administrativos<\/p>\n<p><strong>Cursos T\u00e9cnicos<br \/>\n<\/strong>Edifica\u00e7\u00f5es<br \/>\nSeguran\u00e7a do Trabalho<br \/>\nMeio Ambiente<\/p>\n<p><strong>Qualifica\u00e7\u00e3o Profissional<br \/>\n<\/strong><br \/>\nEletricista Instalador Predial de Baixa Tens\u00e3o<br \/>\nCarpinteiro de Obras<br \/>\nMestre de Obras<br \/>\nPedreiro de Alvenaria<br \/>\nPintor de Obras Imobili\u00e1rias<\/p>\n<p><strong>Aperfei\u00e7oamento Profissional\u00a0<\/strong><\/p>\n<p>Aplica\u00e7\u00e3o de Revestimentos<br \/>\nArgamassados e Cer\u00e2micos<br \/>\nDesempenho de Edifica\u00e7\u00f5es Habitacionais<br \/>\nDocumenta\u00e7\u00e3o T\u00e9cnica e Legaliza\u00e7\u00e3o de Projetos<br \/>\nEmpreiteiros<br \/>\nEngenheiros do Futuro<br \/>\nGest\u00e3o de Obras<br \/>\nGest\u00e3o de Res\u00edduos S\u00f3lidos<br \/>\nGeoprocessamento<br \/>\nLean Construction<br \/>\nLog\u00edstica de Canteiro e Gest\u00e3o Ambiental na Constru\u00e7\u00e3o Civil<br \/>\nMateriais e Ensaios Tecnol\u00f3gicos<br \/>\nModelagem da Informa\u00e7\u00e3o da Constru\u00e7\u00e3o (Bim) \u2013 Introdut\u00f3rio<br \/>\nMontagem de Sistema De Drywall<br \/>\nOr\u00e7amento de Obras<br \/>\nPatologia<br \/>\nPer\u00edcia<br \/>\nPlanejamento de Obras<br \/>\nProjeto Arquitet\u00f4nico<br \/>\nProjeto de Estruturas<br \/>\nProcessos Construtivos<br \/>\nSistema de Gest\u00e3o Ambiental<\/p>\n","protected":false},"featured_media":1646,"parent":0,"menu_order":16,"template":"","unidade":[27],"class_list":["post-1207","escolas","type-escolas","status-publish","has-post-thumbnail","hentry","unidade-unidade-senai"],"acf":[],"yoast_head":"<!-- This site is optimized with the Yoast SEO plugin v26.2 - https:\/\/yoast.com\/wordpress\/plugins\/seo\/ -->\n<title>SENAI Belo Horizonte CFP Paulo de Tarso - FIEMG<\/title>\n<meta name=\"robots\" content=\"index, follow, max-snippet:-1, max-image-preview:large, max-video-preview:-1\" \/>\n<link rel=\"canonical\" href=\"https:\/\/www.fiemg.com.br\/regional-sede\/escolas\/senai-belo-horizonte-cfp-paulo-de-tarso\/\" \/>\n<meta property=\"og:locale\" content=\"pt_BR\" \/>\n<meta property=\"og:type\" content=\"article\" \/>\n<meta property=\"og:title\" content=\"SENAI Belo Horizonte CFP Paulo de Tarso - FIEMG\" \/>\n<meta property=\"og:description\" content=\"PROGRAMA\u00c7\u00c3O DE CURSOS 1\u00ba E 2\u00ba SEMESTRES &#8211; 2023\u00a0 Produtos e servi\u00e7os oferecidos SERVI\u00c7OS DE INOVA\u00c7\u00c3O E TECNOLOGIA &#8211; CLIQUE AQUI Aprendizagem industrial Auxiliar de Log\u00edstica Instala\u00e7\u00e3o Hidr\u00e1ulica Instala\u00e7\u00e3o El\u00e9trica Predial Pedreiro de Edifica\u00e7\u00f5es Processos Administrativos Cursos T\u00e9cnicos Edifica\u00e7\u00f5es Seguran\u00e7a do Trabalho Meio Ambiente Qualifica\u00e7\u00e3o Profissional Eletricista Instalador Predial de Baixa Tens\u00e3o Carpinteiro de Obras [&hellip;]\" \/>\n<meta property=\"og:url\" content=\"https:\/\/www.fiemg.com.br\/regional-sede\/escolas\/senai-belo-horizonte-cfp-paulo-de-tarso\/\" \/>\n<meta property=\"og:site_name\" content=\"FIEMG\" \/>\n<meta property=\"article:modified_time\" content=\"2025-06-11T14:49:45+00:00\" \/>\n<meta property=\"og:image\" content=\"https:\/\/www.fiemg.com.br\/regional-sede\/wp-content\/uploads\/sites\/21\/2023\/07\/default.png\" \/>\n\t<meta property=\"og:image:width\" content=\"300\" \/>\n\t<meta property=\"og:image:height\" content=\"300\" \/>\n\t<meta property=\"og:image:type\" content=\"image\/png\" \/>\n<meta name=\"twitter:card\" content=\"summary_large_image\" \/>\n<meta name=\"twitter:label1\" content=\"Est. tempo de leitura\" \/>\n\t<meta name=\"twitter:data1\" content=\"1 minuto\" \/>\n<script type=\"application\/ld+json\" class=\"yoast-schema-graph\">{\"@context\":\"https:\/\/schema.org\",\"@graph\":[{\"@type\":\"WebPage\",\"@id\":\"https:\/\/www.fiemg.com.br\/regional-sede\/escolas\/senai-belo-horizonte-cfp-paulo-de-tarso\/\",\"url\":\"https:\/\/www.fiemg.com.br\/regional-sede\/escolas\/senai-belo-horizonte-cfp-paulo-de-tarso\/\",\"name\":\"SENAI Belo Horizonte CFP Paulo de Tarso - FIEMG\",\"isPartOf\":{\"@id\":\"https:\/\/www.fiemg.com.br\/regional-sede\/#website\"},\"primaryImageOfPage\":{\"@id\":\"https:\/\/www.fiemg.com.br\/regional-sede\/escolas\/senai-belo-horizonte-cfp-paulo-de-tarso\/#primaryimage\"},\"image\":{\"@id\":\"https:\/\/www.fiemg.com.br\/regional-sede\/escolas\/senai-belo-horizonte-cfp-paulo-de-tarso\/#primaryimage\"},\"thumbnailUrl\":\"https:\/\/www.fiemg.com.br\/regional-sede\/wp-content\/uploads\/sites\/21\/2023\/08\/Senai-Paulo-de-Tarso-1.png\",\"datePublished\":\"2023-07-18T19:42:28+00:00\",\"dateModified\":\"2025-06-11T14:49:45+00:00\",\"breadcrumb\":{\"@id\":\"https:\/\/www.fiemg.com.br\/regional-sede\/escolas\/senai-belo-horizonte-cfp-paulo-de-tarso\/#breadcrumb\"},\"inLanguage\":\"pt-BR\",\"potentialAction\":[{\"@type\":\"ReadAction\",\"target\":[\"https:\/\/www.fiemg.com.br\/regional-sede\/escolas\/senai-belo-horizonte-cfp-paulo-de-tarso\/\"]}]},{\"@type\":\"ImageObject\",\"inLanguage\":\"pt-BR\",\"@id\":\"https:\/\/www.fiemg.com.br\/regional-sede\/escolas\/senai-belo-horizonte-cfp-paulo-de-tarso\/#primaryimage\",\"url\":\"https:\/\/www.fiemg.com.br\/regional-sede\/wp-content\/uploads\/sites\/21\/2023\/08\/Senai-Paulo-de-Tarso-1.png\",\"contentUrl\":\"https:\/\/www.fiemg.com.br\/regional-sede\/wp-content\/uploads\/sites\/21\/2023\/08\/Senai-Paulo-de-Tarso-1.png\",\"width\":640,\"height\":220},{\"@type\":\"BreadcrumbList\",\"@id\":\"https:\/\/www.fiemg.com.br\/regional-sede\/escolas\/senai-belo-horizonte-cfp-paulo-de-tarso\/#breadcrumb\",\"itemListElement\":[{\"@type\":\"ListItem\",\"position\":1,\"name\":\"In\u00edcio\",\"item\":\"https:\/\/www.fiemg.com.br\/regional-sede\/\"},{\"@type\":\"ListItem\",\"position\":2,\"name\":\"SENAI Belo Horizonte CFP Paulo de Tarso\"}]},{\"@type\":\"WebSite\",\"@id\":\"https:\/\/www.fiemg.com.br\/regional-sede\/#website\",\"url\":\"https:\/\/www.fiemg.com.br\/regional-sede\/\",\"name\":\"FIEMG\",\"description\":\"Federa\u00e7\u00e3o das Ind\u00fastrias do Estado de Minas Gerais\",\"publisher\":{\"@id\":\"https:\/\/www.fiemg.com.br\/regional-sede\/#organization\"},\"potentialAction\":[{\"@type\":\"SearchAction\",\"target\":{\"@type\":\"EntryPoint\",\"urlTemplate\":\"https:\/\/www.fiemg.com.br\/regional-sede\/?s={search_term_string}\"},\"query-input\":{\"@type\":\"PropertyValueSpecification\",\"valueRequired\":true,\"valueName\":\"search_term_string\"}}],\"inLanguage\":\"pt-BR\"},{\"@type\":\"Organization\",\"@id\":\"https:\/\/www.fiemg.com.br\/regional-sede\/#organization\",\"name\":\"FIEMG\",\"url\":\"https:\/\/www.fiemg.com.br\/regional-sede\/\",\"logo\":{\"@type\":\"ImageObject\",\"inLanguage\":\"pt-BR\",\"@id\":\"https:\/\/www.fiemg.com.br\/regional-sede\/#\/schema\/logo\/image\/\",\"url\":\"https:\/\/www.fiemg.com.br\/regional-sede\/wp-content\/uploads\/sites\/21\/2023\/02\/Ativo-1.png\",\"contentUrl\":\"https:\/\/www.fiemg.com.br\/regional-sede\/wp-content\/uploads\/sites\/21\/2023\/02\/Ativo-1.png\",\"width\":563,\"height\":149,\"caption\":\"FIEMG\"},\"image\":{\"@id\":\"https:\/\/www.fiemg.com.br\/regional-sede\/#\/schema\/logo\/image\/\"}}]}<\/script>\n<!-- \/ Yoast SEO plugin. -->","yoast_head_json":{"title":"SENAI Belo Horizonte CFP Paulo de Tarso - FIEMG","robots":{"index":"index","follow":"follow","max-snippet":"max-snippet:-1","max-image-preview":"max-image-preview:large","max-video-preview":"max-video-preview:-1"},"canonical":"https:\/\/www.fiemg.com.br\/regional-sede\/escolas\/senai-belo-horizonte-cfp-paulo-de-tarso\/","og_locale":"pt_BR","og_type":"article","og_title":"SENAI Belo Horizonte CFP Paulo de Tarso - FIEMG","og_description":"PROGRAMA\u00c7\u00c3O DE CURSOS 1\u00ba E 2\u00ba SEMESTRES &#8211; 2023\u00a0 Produtos e servi\u00e7os oferecidos SERVI\u00c7OS DE INOVA\u00c7\u00c3O E TECNOLOGIA &#8211; CLIQUE AQUI Aprendizagem industrial Auxiliar de Log\u00edstica Instala\u00e7\u00e3o Hidr\u00e1ulica Instala\u00e7\u00e3o El\u00e9trica Predial Pedreiro de Edifica\u00e7\u00f5es Processos Administrativos Cursos T\u00e9cnicos Edifica\u00e7\u00f5es Seguran\u00e7a do Trabalho Meio Ambiente Qualifica\u00e7\u00e3o Profissional Eletricista Instalador Predial de Baixa Tens\u00e3o Carpinteiro de Obras [&hellip;]","og_url":"https:\/\/www.fiemg.com.br\/regional-sede\/escolas\/senai-belo-horizonte-cfp-paulo-de-tarso\/","og_site_name":"FIEMG","article_modified_time":"2025-06-11T14:49:45+00:00","og_image":[{"width":300,"height":300,"url":"https:\/\/www.fiemg.com.br\/regional-sede\/wp-content\/uploads\/sites\/21\/2023\/07\/default.png","type":"image\/png"}],"twitter_card":"summary_large_image","twitter_misc":{"Est. tempo de leitura":"1 minuto"},"schema":{"@context":"https:\/\/schema.org","@graph":[{"@type":"WebPage","@id":"https:\/\/www.fiemg.com.br\/regional-sede\/escolas\/senai-belo-horizonte-cfp-paulo-de-tarso\/","url":"https:\/\/www.fiemg.com.br\/regional-sede\/escolas\/senai-belo-horizonte-cfp-paulo-de-tarso\/","name":"SENAI Belo Horizonte CFP Paulo de Tarso - FIEMG","isPartOf":{"@id":"https:\/\/www.fiemg.com.br\/regional-sede\/#website"},"primaryImageOfPage":{"@id":"https:\/\/www.fiemg.com.br\/regional-sede\/escolas\/senai-belo-horizonte-cfp-paulo-de-tarso\/#primaryimage"},"image":{"@id":"https:\/\/www.fiemg.com.br\/regional-sede\/escolas\/senai-belo-horizonte-cfp-paulo-de-tarso\/#primaryimage"},"thumbnailUrl":"https:\/\/www.fiemg.com.br\/regional-sede\/wp-content\/uploads\/sites\/21\/2023\/08\/Senai-Paulo-de-Tarso-1.png","datePublished":"2023-07-18T19:42:28+00:00","dateModified":"2025-06-11T14:49:45+00:00","breadcrumb":{"@id":"https:\/\/www.fiemg.com.br\/regional-sede\/escolas\/senai-belo-horizonte-cfp-paulo-de-tarso\/#breadcrumb"},"inLanguage":"pt-BR","potentialAction":[{"@type":"ReadAction","target":["https:\/\/www.fiemg.com.br\/regional-sede\/escolas\/senai-belo-horizonte-cfp-paulo-de-tarso\/"]}]},{"@type":"ImageObject","inLanguage":"pt-BR","@id":"https:\/\/www.fiemg.com.br\/regional-sede\/escolas\/senai-belo-horizonte-cfp-paulo-de-tarso\/#primaryimage","url":"https:\/\/www.fiemg.com.br\/regional-sede\/wp-content\/uploads\/sites\/21\/2023\/08\/Senai-Paulo-de-Tarso-1.png","contentUrl":"https:\/\/www.fiemg.com.br\/regional-sede\/wp-content\/uploads\/sites\/21\/2023\/08\/Senai-Paulo-de-Tarso-1.png","width":640,"height":220},{"@type":"BreadcrumbList","@id":"https:\/\/www.fiemg.com.br\/regional-sede\/escolas\/senai-belo-horizonte-cfp-paulo-de-tarso\/#breadcrumb","itemListElement":[{"@type":"ListItem","position":1,"name":"In\u00edcio","item":"https:\/\/www.fiemg.com.br\/regional-sede\/"},{"@type":"ListItem","position":2,"name":"SENAI Belo Horizonte CFP Paulo de Tarso"}]},{"@type":"WebSite","@id":"https:\/\/www.fiemg.com.br\/regional-sede\/#website","url":"https:\/\/www.fiemg.com.br\/regional-sede\/","name":"FIEMG","description":"Federa\u00e7\u00e3o das Ind\u00fastrias do Estado de Minas Gerais","publisher":{"@id":"https:\/\/www.fiemg.com.br\/regional-sede\/#organization"},"potentialAction":[{"@type":"SearchAction","target":{"@type":"EntryPoint","urlTemplate":"https:\/\/www.fiemg.com.br\/regional-sede\/?s={search_term_string}"},"query-input":{"@type":"PropertyValueSpecification","valueRequired":true,"valueName":"search_term_string"}}],"inLanguage":"pt-BR"},{"@type":"Organization","@id":"https:\/\/www.fiemg.com.br\/regional-sede\/#organization","name":"FIEMG","url":"https:\/\/www.fiemg.com.br\/regional-sede\/","logo":{"@type":"ImageObject","inLanguage":"pt-BR","@id":"https:\/\/www.fiemg.com.br\/regional-sede\/#\/schema\/logo\/image\/","url":"https:\/\/www.fiemg.com.br\/regional-sede\/wp-content\/uploads\/sites\/21\/2023\/02\/Ativo-1.png","contentUrl":"https:\/\/www.fiemg.com.br\/regional-sede\/wp-content\/uploads\/sites\/21\/2023\/02\/Ativo-1.png","width":563,"height":149,"caption":"FIEMG"},"image":{"@id":"https:\/\/www.fiemg.com.br\/regional-sede\/#\/schema\/logo\/image\/"}}]}},"_links":{"self":[{"href":"https:\/\/www.fiemg.com.br\/regional-sede\/wp-json\/wp\/v2\/escolas\/1207","targetHints":{"allow":["GET"]}}],"collection":[{"href":"https:\/\/www.fiemg.com.br\/regional-sede\/wp-json\/wp\/v2\/escolas"}],"about":[{"href":"https:\/\/www.fiemg.com.br\/regional-sede\/wp-json\/wp\/v2\/types\/escolas"}],"wp:featuredmedia":[{"embeddable":true,"href":"https:\/\/www.fiemg.com.br\/regional-sede\/wp-json\/wp\/v2\/media\/1646"}],"wp:attachment":[{"href":"https:\/\/www.fiemg.com.br\/regional-sede\/wp-json\/wp\/v2\/media?parent=1207"}],"wp:term":[{"taxonomy":"unidade","embeddable":true,"href":"https:\/\/www.fiemg.com.br\/regional-sede\/wp-json\/wp\/v2\/unidade?post=1207"}],"curies":[{"name":"wp","href":"https:\/\/api.w.org\/{rel}","templated":true}]}}