{"id":1028,"date":"2023-06-24T20:54:46","date_gmt":"2023-06-24T23:54:46","guid":{"rendered":"https:\/\/www.fiemg.com.br\/regional-sede\/blog\/"},"modified":"2025-06-17T11:28:33","modified_gmt":"2025-06-17T14:28:33","slug":"noticias","status":"publish","type":"page","link":"https:\/\/www.fiemg.com.br\/regional-sede\/noticias\/","title":{"rendered":"Noticias"},"content":{"rendered":"\t\t<div data-elementor-type=\"wp-page\" data-elementor-id=\"1028\" class=\"elementor elementor-1028\" data-elementor-post-type=\"page\">\n\t\t\t\t<div class=\"has_ae_slider elementor-element elementor-element-0f35dd5 e-flex e-con-boxed ae-bg-gallery-type-default e-con e-parent\" data-id=\"0f35dd5\" data-element_type=\"container\">\n\t\t\t\t\t<div class=\"e-con-inner\">\n\t\t\t\t<div class=\"elementor-element elementor-element-cd8f3b9 elementor-widget elementor-widget-heading\" data-id=\"cd8f3b9\" data-element_type=\"widget\" data-widget_type=\"heading.default\">\n\t\t\t\t<div class=\"elementor-widget-container\">\n\t\t\t\t\t<h2 class=\"elementor-heading-title elementor-size-default\">Not\u00edcias<\/h2>\t\t\t\t<\/div>\n\t\t\t\t<\/div>\n\t\t\t\t<div class=\"elementor-element elementor-element-abbf06d elementor-widget elementor-widget-jet-listing-grid\" data-id=\"abbf06d\" data-element_type=\"widget\" data-settings=\"{&quot;columns&quot;:&quot;4&quot;,&quot;columns_tablet&quot;:&quot;2&quot;,&quot;columns_mobile&quot;:&quot;1&quot;}\" data-widget_type=\"jet-listing-grid.default\">\n\t\t\t\t<div class=\"elementor-widget-container\">\n\t\t\t\t\t<div class=\"jet-listing-grid jet-listing\"><div class=\"jet-listing-grid__items grid-col-desk-4 grid-col-tablet-2 grid-col-mobile-1 jet-listing-grid--4523\" data-queried-id=\"1028|WP_Post\" data-nav=\"{&quot;enabled&quot;:true,&quot;type&quot;:&quot;click&quot;,&quot;more_el&quot;:&quot;#load-more&quot;,&quot;query&quot;:{&quot;post_status&quot;:[&quot;publish&quot;],&quot;post_type&quot;:&quot;noticias&quot;,&quot;posts_per_page&quot;:&quot;12&quot;,&quot;paged&quot;:&quot;1&quot;,&quot;ignore_sticky_posts&quot;:&quot;1&quot;,&quot;suppress_filters&quot;:false,&quot;jet_smart_filters&quot;:&quot;jet-engine\\\/default&quot;,&quot;signature&quot;:&quot;79caf4dff4016a0e5a84d11f95054ea6146efa2fed2bf41d4ebab2b22b343683&quot;},&quot;widget_settings&quot;:{&quot;lisitng_id&quot;:4523,&quot;posts_num&quot;:12,&quot;columns&quot;:4,&quot;columns_tablet&quot;:2,&quot;columns_mobile&quot;:1,&quot;column_min_width&quot;:240,&quot;column_min_width_tablet&quot;:240,&quot;column_min_width_mobile&quot;:240,&quot;inline_columns_css&quot;:false,&quot;is_archive_template&quot;:&quot;&quot;,&quot;post_status&quot;:[&quot;publish&quot;],&quot;use_random_posts_num&quot;:&quot;&quot;,&quot;max_posts_num&quot;:9,&quot;not_found_message&quot;:&quot;N\\u00e3o h\\u00e1 not\\u00edcias&quot;,&quot;is_masonry&quot;:false,&quot;equal_columns_height&quot;:&quot;&quot;,&quot;use_load_more&quot;:&quot;yes&quot;,&quot;load_more_id&quot;:&quot;load-more&quot;,&quot;load_more_type&quot;:&quot;click&quot;,&quot;load_more_offset&quot;:{&quot;unit&quot;:&quot;px&quot;,&quot;size&quot;:0,&quot;sizes&quot;:[]},&quot;use_custom_post_types&quot;:&quot;&quot;,&quot;custom_post_types&quot;:[],&quot;hide_widget_if&quot;:&quot;&quot;,&quot;carousel_enabled&quot;:&quot;&quot;,&quot;slides_to_scroll&quot;:&quot;1&quot;,&quot;arrows&quot;:&quot;true&quot;,&quot;arrow_icon&quot;:&quot;fa fa-angle-left&quot;,&quot;dots&quot;:&quot;&quot;,&quot;autoplay&quot;:&quot;true&quot;,&quot;pause_on_hover&quot;:&quot;true&quot;,&quot;autoplay_speed&quot;:5000,&quot;infinite&quot;:&quot;true&quot;,&quot;center_mode&quot;:&quot;&quot;,&quot;effect&quot;:&quot;slide&quot;,&quot;speed&quot;:500,&quot;inject_alternative_items&quot;:&quot;&quot;,&quot;injection_items&quot;:[],&quot;scroll_slider_enabled&quot;:&quot;&quot;,&quot;scroll_slider_on&quot;:[&quot;desktop&quot;,&quot;tablet&quot;,&quot;mobile&quot;],&quot;custom_query&quot;:false,&quot;custom_query_id&quot;:&quot;&quot;,&quot;_element_id&quot;:&quot;&quot;,&quot;collapse_first_last_gap&quot;:false,&quot;list_tag_selection&quot;:&quot;&quot;,&quot;list_items_wrapper_tag&quot;:&quot;div&quot;,&quot;list_item_tag&quot;:&quot;div&quot;,&quot;empty_items_wrapper_tag&quot;:&quot;div&quot;}}\" data-page=\"1\" data-pages=\"112\" data-listing-source=\"posts\" data-listing-id=\"4523\" data-query-id=\"\"><style>.elementor-4523 .elementor-element.elementor-element-eb33079{--display:flex;--flex-direction:column;--container-widget-width:calc( ( 1 - var( --container-widget-flex-grow ) ) * 100% );--container-widget-height:initial;--container-widget-flex-grow:0;--container-widget-align-self:initial;--flex-wrap-mobile:wrap;--justify-content:center;--align-items:flex-start;--gap:10px 10px;--row-gap:10px;--column-gap:10px;}.elementor-4523 .elementor-element.elementor-element-2514dd1{--display:flex;--flex-direction:column;--container-widget-width:calc( ( 1 - var( --container-widget-flex-grow ) ) * 100% );--container-widget-height:initial;--container-widget-flex-grow:0;--container-widget-align-self:initial;--flex-wrap-mobile:wrap;--justify-content:flex-start;--align-items:flex-start;--margin-top:0px;--margin-bottom:0px;--margin-left:0px;--margin-right:0px;--padding-top:0px;--padding-bottom:0px;--padding-left:0px;--padding-right:0px;}.elementor-widget-image .widget-image-caption{color:var( --e-global-color-text );font-family:var( --e-global-typography-text-font-family ), Sans-serif;font-weight:var( --e-global-typography-text-font-weight );}.elementor-4523 .elementor-element.elementor-element-402a511 img{width:100%;max-width:100%;height:250px;object-fit:cover;object-position:center center;border-radius:10px 10px 10px 10px;}.elementor-4523 .elementor-element.elementor-element-6cc2dce .jet-listing-dynamic-meta{text-align:flex-start;}.elementor-4523 .elementor-element.elementor-element-6cc2dce .jet-listing-dynamic-meta__item, .elementor-4523 .elementor-element.elementor-element-6cc2dce .jet-listing-dynamic-meta__item-val{font-size:14px;}.elementor-4523 .elementor-element.elementor-element-6cc2dce .jet-listing-dynamic-meta__item{color:var( --e-global-color-text );}.elementor-4523 .elementor-element.elementor-element-6cc2dce .jet-listing-dynamic-meta__item-val{color:var( --e-global-color-text );}.elementor-widget-heading .elementor-heading-title{font-family:var( --e-global-typography-primary-font-family ), Sans-serif;font-weight:var( --e-global-typography-primary-font-weight );color:var( --e-global-color-primary );}.elementor-4523 .elementor-element.elementor-element-c43500c .elementor-heading-title{font-family:\"Noto Sans\", Sans-serif;font-size:20px;font-weight:500;line-height:24px;}@media(min-width:768px){.elementor-4523 .elementor-element.elementor-element-eb33079{--width:100%;}}<\/style><div class=\"jet-listing-grid__item jet-listing-dynamic-post-6883\" data-post-id=\"6883\"  >\t\t<div data-elementor-type=\"jet-listing-items\" data-elementor-id=\"4523\" class=\"elementor elementor-4523\" data-elementor-post-type=\"jet-engine\">\n\t\t\t\t<div class=\"has_ae_slider elementor-element elementor-element-eb33079 e-con-full e-flex ae-bg-gallery-type-default e-con e-parent\" data-id=\"eb33079\" data-element_type=\"container\">\n\t\t<div class=\"has_ae_slider elementor-element elementor-element-2514dd1 e-con-full e-flex ae-bg-gallery-type-default e-con e-child\" data-id=\"2514dd1\" data-element_type=\"container\">\n\t\t\t\t<div class=\"elementor-element elementor-element-402a511 elementor-widget elementor-widget-image\" data-id=\"402a511\" data-element_type=\"widget\" data-widget_type=\"image.default\">\n\t\t\t\t<div class=\"elementor-widget-container\">\n\t\t\t\t\t\t\t\t\t\t\t\t<figure class=\"wp-caption\">\n\t\t\t\t\t\t\t\t\t\t\t<a href=\"https:\/\/www.fiemg.com.br\/regional-sede\/noticias\/reuniao-em-belo-horizonte-reuniu-especialistas-e-destacou-riscos-regulatorios-e-desafios-financeiros-para-empresas\/\">\n\t\t\t\t\t\t\t<img decoding=\"async\" src=\"https:\/\/www.fiemg.com.br\/regional-sede\/wp-content\/uploads\/sites\/21\/elementor\/thumbs\/tributario_Milton-Claudio_thumb_8800011_5090239-rmrrhtrr33vic9sihevu3kjfbxk7z12284skgdboxs.png\" title=\"tribut\u00e1rio_Milton Cl\u00e1udio_thumb\" alt=\"tribut\u00e1rio_Milton Cl\u00e1udio_thumb\" loading=\"lazy\" \/>\t\t\t\t\t\t\t\t<\/a>\n\t\t\t\t\t\t\t\t\t\t\t<figcaption class=\"widget-image-caption wp-caption-text\"><\/figcaption>\n\t\t\t\t\t\t\t\t\t\t<\/figure>\n\t\t\t\t\t\t\t\t\t<\/div>\n\t\t\t\t<\/div>\n\t\t\t\t<\/div>\n\t\t\t\t<div class=\"elementor-element elementor-element-6cc2dce elementor-widget elementor-widget-jet-listing-dynamic-meta\" data-id=\"6cc2dce\" data-element_type=\"widget\" data-widget_type=\"jet-listing-dynamic-meta.default\">\n\t\t\t\t<div class=\"elementor-widget-container\">\n\t\t\t\t\t<div class=\"jet-listing jet-listing-dynamic-meta meta-layout-inline\"><div class=\"jet-listing-dynamic-meta__date jet-listing-dynamic-meta__item\"><a href=\"https:\/\/www.fiemg.com.br\/regional-sede\/noticias\/reuniao-em-belo-horizonte-reuniu-especialistas-e-destacou-riscos-regulatorios-e-desafios-financeiros-para-empresas\/\" class=\"jet-listing-dynamic-meta__item-val\">30\/04\/2026<\/a><\/div><\/div>\t\t\t\t<\/div>\n\t\t\t\t<\/div>\n\t\t\t\t<div class=\"elementor-element elementor-element-c43500c elementor-widget elementor-widget-heading\" data-id=\"c43500c\" data-element_type=\"widget\" data-widget_type=\"heading.default\">\n\t\t\t\t<div class=\"elementor-widget-container\">\n\t\t\t\t\t<h3 class=\"elementor-heading-title elementor-size-default\"><a href=\"https:\/\/www.fiemg.com.br\/regional-sede\/noticias\/reuniao-em-belo-horizonte-reuniu-especialistas-e-destacou-riscos-regulatorios-e-desafios-financeiros-para-empresas\/\">Conselho Tribut\u00e1rio da FIEMG debate frete m\u00ednimo, reforma tribut\u00e1ria e impactos do split payment<\/a><\/h3>\t\t\t\t<\/div>\n\t\t\t\t<\/div>\n\t\t\t\t<\/div>\n\t\t\t\t<\/div>\n\t\t<\/div><div class=\"jet-listing-grid__item jet-listing-dynamic-post-6879\" data-post-id=\"6879\"  >\t\t<div data-elementor-type=\"jet-listing-items\" data-elementor-id=\"4523\" class=\"elementor elementor-4523\" data-elementor-post-type=\"jet-engine\">\n\t\t\t\t<div class=\"has_ae_slider elementor-element elementor-element-eb33079 e-con-full e-flex ae-bg-gallery-type-default e-con e-parent\" data-id=\"eb33079\" data-element_type=\"container\">\n\t\t<div class=\"has_ae_slider elementor-element elementor-element-2514dd1 e-con-full e-flex ae-bg-gallery-type-default e-con e-child\" data-id=\"2514dd1\" data-element_type=\"container\">\n\t\t\t\t<div class=\"elementor-element elementor-element-402a511 elementor-widget elementor-widget-image\" data-id=\"402a511\" data-element_type=\"widget\" data-widget_type=\"image.default\">\n\t\t\t\t<div class=\"elementor-widget-container\">\n\t\t\t\t\t\t\t\t\t\t\t\t<figure class=\"wp-caption\">\n\t\t\t\t\t\t\t\t\t\t\t<a href=\"https:\/\/www.fiemg.com.br\/regional-sede\/noticias\/acordo-mercosul-uniao-europeia-entra-em-vigor-em-1o-de-maio-e-abre-novas-oportunidades-para-exportadores-brasileiros\/\">\n\t\t\t\t\t\t\t<img decoding=\"async\" src=\"https:\/\/www.fiemg.com.br\/regional-sede\/wp-content\/uploads\/sites\/21\/elementor\/thumbs\/fiemg-exportacao_8178373_4678796-rmqm2jvq8kfknty9hav2qdzixpv4ydssv0b7higao0.png\" title=\"fiemg exporta\u00e7\u00e3o\" alt=\"fiemg exporta\u00e7\u00e3o\" loading=\"lazy\" \/>\t\t\t\t\t\t\t\t<\/a>\n\t\t\t\t\t\t\t\t\t\t\t<figcaption class=\"widget-image-caption wp-caption-text\"><\/figcaption>\n\t\t\t\t\t\t\t\t\t\t<\/figure>\n\t\t\t\t\t\t\t\t\t<\/div>\n\t\t\t\t<\/div>\n\t\t\t\t<\/div>\n\t\t\t\t<div class=\"elementor-element elementor-element-6cc2dce elementor-widget elementor-widget-jet-listing-dynamic-meta\" data-id=\"6cc2dce\" data-element_type=\"widget\" data-widget_type=\"jet-listing-dynamic-meta.default\">\n\t\t\t\t<div class=\"elementor-widget-container\">\n\t\t\t\t\t<div class=\"jet-listing jet-listing-dynamic-meta meta-layout-inline\"><div class=\"jet-listing-dynamic-meta__date jet-listing-dynamic-meta__item\"><a href=\"https:\/\/www.fiemg.com.br\/regional-sede\/noticias\/acordo-mercosul-uniao-europeia-entra-em-vigor-em-1o-de-maio-e-abre-novas-oportunidades-para-exportadores-brasileiros\/\" class=\"jet-listing-dynamic-meta__item-val\">29\/04\/2026<\/a><\/div><\/div>\t\t\t\t<\/div>\n\t\t\t\t<\/div>\n\t\t\t\t<div class=\"elementor-element elementor-element-c43500c elementor-widget elementor-widget-heading\" data-id=\"c43500c\" data-element_type=\"widget\" data-widget_type=\"heading.default\">\n\t\t\t\t<div class=\"elementor-widget-container\">\n\t\t\t\t\t<h3 class=\"elementor-heading-title elementor-size-default\"><a href=\"https:\/\/www.fiemg.com.br\/regional-sede\/noticias\/acordo-mercosul-uniao-europeia-entra-em-vigor-em-1o-de-maio-e-abre-novas-oportunidades-para-exportadores-brasileiros\/\">Acordo Mercosul-Uni\u00e3o Europeia entra em vigor em 1\u00ba de maio e abre novas oportunidades para exportadores brasileiros<\/a><\/h3>\t\t\t\t<\/div>\n\t\t\t\t<\/div>\n\t\t\t\t<\/div>\n\t\t\t\t<\/div>\n\t\t<\/div><div class=\"jet-listing-grid__item jet-listing-dynamic-post-6876\" data-post-id=\"6876\"  >\t\t<div data-elementor-type=\"jet-listing-items\" data-elementor-id=\"4523\" class=\"elementor elementor-4523\" data-elementor-post-type=\"jet-engine\">\n\t\t\t\t<div class=\"has_ae_slider elementor-element elementor-element-eb33079 e-con-full e-flex ae-bg-gallery-type-default e-con e-parent\" data-id=\"eb33079\" data-element_type=\"container\">\n\t\t<div class=\"has_ae_slider elementor-element elementor-element-2514dd1 e-con-full e-flex ae-bg-gallery-type-default e-con e-child\" data-id=\"2514dd1\" data-element_type=\"container\">\n\t\t\t\t<div class=\"elementor-element elementor-element-402a511 elementor-widget elementor-widget-image\" data-id=\"402a511\" data-element_type=\"widget\" data-widget_type=\"image.default\">\n\t\t\t\t<div class=\"elementor-widget-container\">\n\t\t\t\t\t\t\t\t\t\t\t\t<figure class=\"wp-caption\">\n\t\t\t\t\t\t\t\t\t\t\t<a href=\"https:\/\/www.fiemg.com.br\/regional-sede\/noticias\/estado-concentrou-15-das-exportacoes-brasileiras-para-o-bloco-em-2025-e-tem-potencial-para-avancar-na-venda-de-produtos-industrializados-aponta-fiemg\/\">\n\t\t\t\t\t\t\t<img decoding=\"async\" src=\"https:\/\/www.fiemg.com.br\/regional-sede\/wp-content\/uploads\/sites\/21\/elementor\/thumbs\/exportacao-thumb-rmq4clt1th4qzalrn1nfyve8uc7zto72tgsovucbnk.png\" title=\"exporta\u00e7\u00e3o thumb\" alt=\"exporta\u00e7\u00e3o thumb\" loading=\"lazy\" \/>\t\t\t\t\t\t\t\t<\/a>\n\t\t\t\t\t\t\t\t\t\t\t<figcaption class=\"widget-image-caption wp-caption-text\"><\/figcaption>\n\t\t\t\t\t\t\t\t\t\t<\/figure>\n\t\t\t\t\t\t\t\t\t<\/div>\n\t\t\t\t<\/div>\n\t\t\t\t<\/div>\n\t\t\t\t<div class=\"elementor-element elementor-element-6cc2dce elementor-widget elementor-widget-jet-listing-dynamic-meta\" data-id=\"6cc2dce\" data-element_type=\"widget\" data-widget_type=\"jet-listing-dynamic-meta.default\">\n\t\t\t\t<div class=\"elementor-widget-container\">\n\t\t\t\t\t<div class=\"jet-listing jet-listing-dynamic-meta meta-layout-inline\"><div class=\"jet-listing-dynamic-meta__date jet-listing-dynamic-meta__item\"><a href=\"https:\/\/www.fiemg.com.br\/regional-sede\/noticias\/estado-concentrou-15-das-exportacoes-brasileiras-para-o-bloco-em-2025-e-tem-potencial-para-avancar-na-venda-de-produtos-industrializados-aponta-fiemg\/\" class=\"jet-listing-dynamic-meta__item-val\">29\/04\/2026<\/a><\/div><\/div>\t\t\t\t<\/div>\n\t\t\t\t<\/div>\n\t\t\t\t<div class=\"elementor-element elementor-element-c43500c elementor-widget elementor-widget-heading\" data-id=\"c43500c\" data-element_type=\"widget\" data-widget_type=\"heading.default\">\n\t\t\t\t<div class=\"elementor-widget-container\">\n\t\t\t\t\t<h3 class=\"elementor-heading-title elementor-size-default\"><a href=\"https:\/\/www.fiemg.com.br\/regional-sede\/noticias\/estado-concentrou-15-das-exportacoes-brasileiras-para-o-bloco-em-2025-e-tem-potencial-para-avancar-na-venda-de-produtos-industrializados-aponta-fiemg\/\">Minas lidera super\u00e1vit com a Uni\u00e3o Europeia e deve diversificar exporta\u00e7\u00f5es com novo acordo comercial<\/a><\/h3>\t\t\t\t<\/div>\n\t\t\t\t<\/div>\n\t\t\t\t<\/div>\n\t\t\t\t<\/div>\n\t\t<\/div><div class=\"jet-listing-grid__item jet-listing-dynamic-post-6869\" data-post-id=\"6869\"  >\t\t<div data-elementor-type=\"jet-listing-items\" data-elementor-id=\"4523\" class=\"elementor elementor-4523\" data-elementor-post-type=\"jet-engine\">\n\t\t\t\t<div class=\"has_ae_slider elementor-element elementor-element-eb33079 e-con-full e-flex ae-bg-gallery-type-default e-con e-parent\" data-id=\"eb33079\" data-element_type=\"container\">\n\t\t<div class=\"has_ae_slider elementor-element elementor-element-2514dd1 e-con-full e-flex ae-bg-gallery-type-default e-con e-child\" data-id=\"2514dd1\" data-element_type=\"container\">\n\t\t\t\t<div class=\"elementor-element elementor-element-402a511 elementor-widget elementor-widget-image\" data-id=\"402a511\" data-element_type=\"widget\" data-widget_type=\"image.default\">\n\t\t\t\t<div class=\"elementor-widget-container\">\n\t\t\t\t\t\t\t\t\t\t\t\t<figure class=\"wp-caption\">\n\t\t\t\t\t\t\t\t\t\t\t<a href=\"https:\/\/www.fiemg.com.br\/regional-sede\/noticias\/sondagem-industrial-da-fiemg-entrevistou-48-grandes-empresas-45-medias-e-49-pequenas-empresas\/\">\n\t\t\t\t\t\t\t<img decoding=\"async\" src=\"https:\/\/www.fiemg.com.br\/regional-sede\/wp-content\/uploads\/sites\/21\/elementor\/thumbs\/Sondagem-industrial_abril-rmo7kep3qhejw9f3w71ux8ck7b31akv41fdat7tp8g.png\" title=\"Sondagem industrial_abril\" alt=\"Sondagem industrial_abril\" loading=\"lazy\" \/>\t\t\t\t\t\t\t\t<\/a>\n\t\t\t\t\t\t\t\t\t\t\t<figcaption class=\"widget-image-caption wp-caption-text\"><\/figcaption>\n\t\t\t\t\t\t\t\t\t\t<\/figure>\n\t\t\t\t\t\t\t\t\t<\/div>\n\t\t\t\t<\/div>\n\t\t\t\t<\/div>\n\t\t\t\t<div class=\"elementor-element elementor-element-6cc2dce elementor-widget elementor-widget-jet-listing-dynamic-meta\" data-id=\"6cc2dce\" data-element_type=\"widget\" data-widget_type=\"jet-listing-dynamic-meta.default\">\n\t\t\t\t<div class=\"elementor-widget-container\">\n\t\t\t\t\t<div class=\"jet-listing jet-listing-dynamic-meta meta-layout-inline\"><div class=\"jet-listing-dynamic-meta__date jet-listing-dynamic-meta__item\"><a href=\"https:\/\/www.fiemg.com.br\/regional-sede\/noticias\/sondagem-industrial-da-fiemg-entrevistou-48-grandes-empresas-45-medias-e-49-pequenas-empresas\/\" class=\"jet-listing-dynamic-meta__item-val\">28\/04\/2026<\/a><\/div><\/div>\t\t\t\t<\/div>\n\t\t\t\t<\/div>\n\t\t\t\t<div class=\"elementor-element elementor-element-c43500c elementor-widget elementor-widget-heading\" data-id=\"c43500c\" data-element_type=\"widget\" data-widget_type=\"heading.default\">\n\t\t\t\t<div class=\"elementor-widget-container\">\n\t\t\t\t\t<h3 class=\"elementor-heading-title elementor-size-default\"><a href=\"https:\/\/www.fiemg.com.br\/regional-sede\/noticias\/sondagem-industrial-da-fiemg-entrevistou-48-grandes-empresas-45-medias-e-49-pequenas-empresas\/\">Produ\u00e7\u00e3o industrial em Minas cresce em mar\u00e7o, mas emprego e condi\u00e7\u00f5es financeiras ainda preocupam<\/a><\/h3>\t\t\t\t<\/div>\n\t\t\t\t<\/div>\n\t\t\t\t<\/div>\n\t\t\t\t<\/div>\n\t\t<\/div><div class=\"jet-listing-grid__item jet-listing-dynamic-post-6862\" data-post-id=\"6862\"  >\t\t<div data-elementor-type=\"jet-listing-items\" data-elementor-id=\"4523\" class=\"elementor elementor-4523\" data-elementor-post-type=\"jet-engine\">\n\t\t\t\t<div class=\"has_ae_slider elementor-element elementor-element-eb33079 e-con-full e-flex ae-bg-gallery-type-default e-con e-parent\" data-id=\"eb33079\" data-element_type=\"container\">\n\t\t<div class=\"has_ae_slider elementor-element elementor-element-2514dd1 e-con-full e-flex ae-bg-gallery-type-default e-con e-child\" data-id=\"2514dd1\" data-element_type=\"container\">\n\t\t\t\t<div class=\"elementor-element elementor-element-402a511 elementor-widget elementor-widget-image\" data-id=\"402a511\" data-element_type=\"widget\" data-widget_type=\"image.default\">\n\t\t\t\t<div class=\"elementor-widget-container\">\n\t\t\t\t\t\t\t\t\t\t\t\t<figure class=\"wp-caption\">\n\t\t\t\t\t\t\t\t\t\t\t<a href=\"https:\/\/www.fiemg.com.br\/regional-sede\/noticias\/industria-textil-ganha-protagonismo-no-minas-trend-35-com-foco-em-inovacao-e-identidade\/\">\n\t\t\t\t\t\t\t<img decoding=\"async\" src=\"https:\/\/www.fiemg.com.br\/regional-sede\/wp-content\/uploads\/sites\/21\/elementor\/thumbs\/Thumb-21_2798713_3506667-rmmnjwjo0mymrwi5v1twal8a646d6khd4nok07prsw.png\" title=\"Thumb (21)\" alt=\"Thumb (21)\" loading=\"lazy\" \/>\t\t\t\t\t\t\t\t<\/a>\n\t\t\t\t\t\t\t\t\t\t\t<figcaption class=\"widget-image-caption wp-caption-text\"><\/figcaption>\n\t\t\t\t\t\t\t\t\t\t<\/figure>\n\t\t\t\t\t\t\t\t\t<\/div>\n\t\t\t\t<\/div>\n\t\t\t\t<\/div>\n\t\t\t\t<div class=\"elementor-element elementor-element-6cc2dce elementor-widget elementor-widget-jet-listing-dynamic-meta\" data-id=\"6cc2dce\" data-element_type=\"widget\" data-widget_type=\"jet-listing-dynamic-meta.default\">\n\t\t\t\t<div class=\"elementor-widget-container\">\n\t\t\t\t\t<div class=\"jet-listing jet-listing-dynamic-meta meta-layout-inline\"><div class=\"jet-listing-dynamic-meta__date jet-listing-dynamic-meta__item\"><a href=\"https:\/\/www.fiemg.com.br\/regional-sede\/noticias\/industria-textil-ganha-protagonismo-no-minas-trend-35-com-foco-em-inovacao-e-identidade\/\" class=\"jet-listing-dynamic-meta__item-val\">27\/04\/2026<\/a><\/div><\/div>\t\t\t\t<\/div>\n\t\t\t\t<\/div>\n\t\t\t\t<div class=\"elementor-element elementor-element-c43500c elementor-widget elementor-widget-heading\" data-id=\"c43500c\" data-element_type=\"widget\" data-widget_type=\"heading.default\">\n\t\t\t\t<div class=\"elementor-widget-container\">\n\t\t\t\t\t<h3 class=\"elementor-heading-title elementor-size-default\"><a href=\"https:\/\/www.fiemg.com.br\/regional-sede\/noticias\/industria-textil-ganha-protagonismo-no-minas-trend-35-com-foco-em-inovacao-e-identidade\/\">Ind\u00fastria t\u00eaxtil ganha protagonismo no Minas Trend 35 com foco em inova\u00e7\u00e3o e identidade<\/a><\/h3>\t\t\t\t<\/div>\n\t\t\t\t<\/div>\n\t\t\t\t<\/div>\n\t\t\t\t<\/div>\n\t\t<\/div><div class=\"jet-listing-grid__item jet-listing-dynamic-post-6855\" data-post-id=\"6855\"  >\t\t<div data-elementor-type=\"jet-listing-items\" data-elementor-id=\"4523\" class=\"elementor elementor-4523\" data-elementor-post-type=\"jet-engine\">\n\t\t\t\t<div class=\"has_ae_slider elementor-element elementor-element-eb33079 e-con-full e-flex ae-bg-gallery-type-default e-con e-parent\" data-id=\"eb33079\" data-element_type=\"container\">\n\t\t<div class=\"has_ae_slider elementor-element elementor-element-2514dd1 e-con-full e-flex ae-bg-gallery-type-default e-con e-child\" data-id=\"2514dd1\" data-element_type=\"container\">\n\t\t\t\t<div class=\"elementor-element elementor-element-402a511 elementor-widget elementor-widget-image\" data-id=\"402a511\" data-element_type=\"widget\" data-widget_type=\"image.default\">\n\t\t\t\t<div class=\"elementor-widget-container\">\n\t\t\t\t\t\t\t\t\t\t\t\t<figure class=\"wp-caption\">\n\t\t\t\t\t\t\t\t\t\t\t<a href=\"https:\/\/www.fiemg.com.br\/regional-sede\/noticias\/belgo-arames-firma-parceria-com-a-fiemg-para-fortalecer-inovacao-aberta-na-industria\/\">\n\t\t\t\t\t\t\t<img decoding=\"async\" src=\"https:\/\/www.fiemg.com.br\/regional-sede\/wp-content\/uploads\/sites\/21\/elementor\/thumbs\/Thumb-20_1396302-rmmemgokv8xmghexultu47ckziilwtdv9o9wuqbhmo.png\" title=\"Thumb (20)\" alt=\"Thumb (20)\" loading=\"lazy\" \/>\t\t\t\t\t\t\t\t<\/a>\n\t\t\t\t\t\t\t\t\t\t\t<figcaption class=\"widget-image-caption wp-caption-text\"><\/figcaption>\n\t\t\t\t\t\t\t\t\t\t<\/figure>\n\t\t\t\t\t\t\t\t\t<\/div>\n\t\t\t\t<\/div>\n\t\t\t\t<\/div>\n\t\t\t\t<div class=\"elementor-element elementor-element-6cc2dce elementor-widget elementor-widget-jet-listing-dynamic-meta\" data-id=\"6cc2dce\" data-element_type=\"widget\" data-widget_type=\"jet-listing-dynamic-meta.default\">\n\t\t\t\t<div class=\"elementor-widget-container\">\n\t\t\t\t\t<div class=\"jet-listing jet-listing-dynamic-meta meta-layout-inline\"><div class=\"jet-listing-dynamic-meta__date jet-listing-dynamic-meta__item\"><a href=\"https:\/\/www.fiemg.com.br\/regional-sede\/noticias\/belgo-arames-firma-parceria-com-a-fiemg-para-fortalecer-inovacao-aberta-na-industria\/\" class=\"jet-listing-dynamic-meta__item-val\">27\/04\/2026<\/a><\/div><\/div>\t\t\t\t<\/div>\n\t\t\t\t<\/div>\n\t\t\t\t<div class=\"elementor-element elementor-element-c43500c elementor-widget elementor-widget-heading\" data-id=\"c43500c\" data-element_type=\"widget\" data-widget_type=\"heading.default\">\n\t\t\t\t<div class=\"elementor-widget-container\">\n\t\t\t\t\t<h3 class=\"elementor-heading-title elementor-size-default\"><a href=\"https:\/\/www.fiemg.com.br\/regional-sede\/noticias\/belgo-arames-firma-parceria-com-a-fiemg-para-fortalecer-inovacao-aberta-na-industria\/\">Belgo Arames firma parceria com a FIEMG para fortalecer inova\u00e7\u00e3o aberta na ind\u00fastria\u00a0<\/a><\/h3>\t\t\t\t<\/div>\n\t\t\t\t<\/div>\n\t\t\t\t<\/div>\n\t\t\t\t<\/div>\n\t\t<\/div><div class=\"jet-listing-grid__item jet-listing-dynamic-post-6852\" data-post-id=\"6852\"  >\t\t<div data-elementor-type=\"jet-listing-items\" data-elementor-id=\"4523\" class=\"elementor elementor-4523\" data-elementor-post-type=\"jet-engine\">\n\t\t\t\t<div class=\"has_ae_slider elementor-element elementor-element-eb33079 e-con-full e-flex ae-bg-gallery-type-default e-con e-parent\" data-id=\"eb33079\" data-element_type=\"container\">\n\t\t<div class=\"has_ae_slider elementor-element elementor-element-2514dd1 e-con-full e-flex ae-bg-gallery-type-default e-con e-child\" data-id=\"2514dd1\" data-element_type=\"container\">\n\t\t\t\t<div class=\"elementor-element elementor-element-402a511 elementor-widget elementor-widget-image\" data-id=\"402a511\" data-element_type=\"widget\" data-widget_type=\"image.default\">\n\t\t\t\t<div class=\"elementor-widget-container\">\n\t\t\t\t\t\t\t\t\t\t\t\t<figure class=\"wp-caption\">\n\t\t\t\t\t\t\t\t\t\t\t<a href=\"https:\/\/www.fiemg.com.br\/regional-sede\/noticias\/fiemg-alerta-para-aumento-de-custos-com-bandeira-amarela-em-maio\/\">\n\t\t\t\t\t\t\t<img decoding=\"async\" src=\"https:\/\/www.fiemg.com.br\/regional-sede\/wp-content\/uploads\/sites\/21\/elementor\/thumbs\/bandeira-fiemg-1-rmhvb7ptocoo4lcoj9o4dt8klkl4v169m3cyx3jg8w.jpeg\" title=\"bandeira fiemg\" alt=\"bandeira fiemg\" loading=\"lazy\" \/>\t\t\t\t\t\t\t\t<\/a>\n\t\t\t\t\t\t\t\t\t\t\t<figcaption class=\"widget-image-caption wp-caption-text\"><\/figcaption>\n\t\t\t\t\t\t\t\t\t\t<\/figure>\n\t\t\t\t\t\t\t\t\t<\/div>\n\t\t\t\t<\/div>\n\t\t\t\t<\/div>\n\t\t\t\t<div class=\"elementor-element elementor-element-6cc2dce elementor-widget elementor-widget-jet-listing-dynamic-meta\" data-id=\"6cc2dce\" data-element_type=\"widget\" data-widget_type=\"jet-listing-dynamic-meta.default\">\n\t\t\t\t<div class=\"elementor-widget-container\">\n\t\t\t\t\t<div class=\"jet-listing jet-listing-dynamic-meta meta-layout-inline\"><div class=\"jet-listing-dynamic-meta__date jet-listing-dynamic-meta__item\"><a href=\"https:\/\/www.fiemg.com.br\/regional-sede\/noticias\/fiemg-alerta-para-aumento-de-custos-com-bandeira-amarela-em-maio\/\" class=\"jet-listing-dynamic-meta__item-val\">24\/04\/2026<\/a><\/div><\/div>\t\t\t\t<\/div>\n\t\t\t\t<\/div>\n\t\t\t\t<div class=\"elementor-element elementor-element-c43500c elementor-widget elementor-widget-heading\" data-id=\"c43500c\" data-element_type=\"widget\" data-widget_type=\"heading.default\">\n\t\t\t\t<div class=\"elementor-widget-container\">\n\t\t\t\t\t<h3 class=\"elementor-heading-title elementor-size-default\"><a href=\"https:\/\/www.fiemg.com.br\/regional-sede\/noticias\/fiemg-alerta-para-aumento-de-custos-com-bandeira-amarela-em-maio\/\">FIEMG alerta para aumento de custos com bandeira amarela em maio<\/a><\/h3>\t\t\t\t<\/div>\n\t\t\t\t<\/div>\n\t\t\t\t<\/div>\n\t\t\t\t<\/div>\n\t\t<\/div><div class=\"jet-listing-grid__item jet-listing-dynamic-post-6848\" data-post-id=\"6848\"  >\t\t<div data-elementor-type=\"jet-listing-items\" data-elementor-id=\"4523\" class=\"elementor elementor-4523\" data-elementor-post-type=\"jet-engine\">\n\t\t\t\t<div class=\"has_ae_slider elementor-element elementor-element-eb33079 e-con-full e-flex ae-bg-gallery-type-default e-con e-parent\" data-id=\"eb33079\" data-element_type=\"container\">\n\t\t<div class=\"has_ae_slider elementor-element elementor-element-2514dd1 e-con-full e-flex ae-bg-gallery-type-default e-con e-child\" data-id=\"2514dd1\" data-element_type=\"container\">\n\t\t\t\t<div class=\"elementor-element elementor-element-402a511 elementor-widget elementor-widget-image\" data-id=\"402a511\" data-element_type=\"widget\" data-widget_type=\"image.default\">\n\t\t\t\t<div class=\"elementor-widget-container\">\n\t\t\t\t\t\t\t\t\t\t\t\t<figure class=\"wp-caption\">\n\t\t\t\t\t\t\t\t\t\t\t<a href=\"https:\/\/www.fiemg.com.br\/regional-sede\/noticias\/segundo-dia-de-imersao-industria-debate-saude-mental-e-seus-impactos-no-futuro-do-trabalho\/\">\n\t\t\t\t\t\t\t<img decoding=\"async\" src=\"https:\/\/www.fiemg.com.br\/regional-sede\/wp-content\/uploads\/sites\/21\/elementor\/thumbs\/Thumb-19-rmhopweq75tiws2ba6s0d741ega0i21xbhws15ep6o.png\" title=\"Thumb (19)\" alt=\"Thumb (19)\" loading=\"lazy\" \/>\t\t\t\t\t\t\t\t<\/a>\n\t\t\t\t\t\t\t\t\t\t\t<figcaption class=\"widget-image-caption wp-caption-text\"><\/figcaption>\n\t\t\t\t\t\t\t\t\t\t<\/figure>\n\t\t\t\t\t\t\t\t\t<\/div>\n\t\t\t\t<\/div>\n\t\t\t\t<\/div>\n\t\t\t\t<div class=\"elementor-element elementor-element-6cc2dce elementor-widget elementor-widget-jet-listing-dynamic-meta\" data-id=\"6cc2dce\" data-element_type=\"widget\" data-widget_type=\"jet-listing-dynamic-meta.default\">\n\t\t\t\t<div class=\"elementor-widget-container\">\n\t\t\t\t\t<div class=\"jet-listing jet-listing-dynamic-meta meta-layout-inline\"><div class=\"jet-listing-dynamic-meta__date jet-listing-dynamic-meta__item\"><a href=\"https:\/\/www.fiemg.com.br\/regional-sede\/noticias\/segundo-dia-de-imersao-industria-debate-saude-mental-e-seus-impactos-no-futuro-do-trabalho\/\" class=\"jet-listing-dynamic-meta__item-val\">24\/04\/2026<\/a><\/div><\/div>\t\t\t\t<\/div>\n\t\t\t\t<\/div>\n\t\t\t\t<div class=\"elementor-element elementor-element-c43500c elementor-widget elementor-widget-heading\" data-id=\"c43500c\" data-element_type=\"widget\" data-widget_type=\"heading.default\">\n\t\t\t\t<div class=\"elementor-widget-container\">\n\t\t\t\t\t<h3 class=\"elementor-heading-title elementor-size-default\"><a href=\"https:\/\/www.fiemg.com.br\/regional-sede\/noticias\/segundo-dia-de-imersao-industria-debate-saude-mental-e-seus-impactos-no-futuro-do-trabalho\/\">Segundo dia de imers\u00e3o ind\u00fastria debate sa\u00fade mental e seus impactos no futuro do trabalho<\/a><\/h3>\t\t\t\t<\/div>\n\t\t\t\t<\/div>\n\t\t\t\t<\/div>\n\t\t\t\t<\/div>\n\t\t<\/div><div class=\"jet-listing-grid__item jet-listing-dynamic-post-6843\" data-post-id=\"6843\"  >\t\t<div data-elementor-type=\"jet-listing-items\" data-elementor-id=\"4523\" class=\"elementor elementor-4523\" data-elementor-post-type=\"jet-engine\">\n\t\t\t\t<div class=\"has_ae_slider elementor-element elementor-element-eb33079 e-con-full e-flex ae-bg-gallery-type-default e-con e-parent\" data-id=\"eb33079\" data-element_type=\"container\">\n\t\t<div class=\"has_ae_slider elementor-element elementor-element-2514dd1 e-con-full e-flex ae-bg-gallery-type-default e-con e-child\" data-id=\"2514dd1\" data-element_type=\"container\">\n\t\t\t\t<div class=\"elementor-element elementor-element-402a511 elementor-widget elementor-widget-image\" data-id=\"402a511\" data-element_type=\"widget\" data-widget_type=\"image.default\">\n\t\t\t\t<div class=\"elementor-widget-container\">\n\t\t\t\t\t\t\t\t\t\t\t\t<figure class=\"wp-caption\">\n\t\t\t\t\t\t\t\t\t\t\t<a href=\"https:\/\/www.fiemg.com.br\/regional-sede\/noticias\/painel-reuniu-especialistas-para-discutir-produtividade-transformacao-digital-e-eficiencia-energetica-no-setor-industrial\/\">\n\t\t\t\t\t\t\t<img decoding=\"async\" src=\"https:\/\/www.fiemg.com.br\/regional-sede\/wp-content\/uploads\/sites\/21\/elementor\/thumbs\/brasil-mais-produtivo2_2937134-rmhkr2tjreb2trir9gaqi8ko0s88xp26clesxl66m8.png\" title=\"brasil mais produtivo2\" alt=\"brasil mais produtivo2\" loading=\"lazy\" \/>\t\t\t\t\t\t\t\t<\/a>\n\t\t\t\t\t\t\t\t\t\t\t<figcaption class=\"widget-image-caption wp-caption-text\"><\/figcaption>\n\t\t\t\t\t\t\t\t\t\t<\/figure>\n\t\t\t\t\t\t\t\t\t<\/div>\n\t\t\t\t<\/div>\n\t\t\t\t<\/div>\n\t\t\t\t<div class=\"elementor-element elementor-element-6cc2dce elementor-widget elementor-widget-jet-listing-dynamic-meta\" data-id=\"6cc2dce\" data-element_type=\"widget\" data-widget_type=\"jet-listing-dynamic-meta.default\">\n\t\t\t\t<div class=\"elementor-widget-container\">\n\t\t\t\t\t<div class=\"jet-listing jet-listing-dynamic-meta meta-layout-inline\"><div class=\"jet-listing-dynamic-meta__date jet-listing-dynamic-meta__item\"><a href=\"https:\/\/www.fiemg.com.br\/regional-sede\/noticias\/painel-reuniu-especialistas-para-discutir-produtividade-transformacao-digital-e-eficiencia-energetica-no-setor-industrial\/\" class=\"jet-listing-dynamic-meta__item-val\">24\/04\/2026<\/a><\/div><\/div>\t\t\t\t<\/div>\n\t\t\t\t<\/div>\n\t\t\t\t<div class=\"elementor-element elementor-element-c43500c elementor-widget elementor-widget-heading\" data-id=\"c43500c\" data-element_type=\"widget\" data-widget_type=\"heading.default\">\n\t\t\t\t<div class=\"elementor-widget-container\">\n\t\t\t\t\t<h3 class=\"elementor-heading-title elementor-size-default\"><a href=\"https:\/\/www.fiemg.com.br\/regional-sede\/noticias\/painel-reuniu-especialistas-para-discutir-produtividade-transformacao-digital-e-eficiencia-energetica-no-setor-industrial\/\">Brasil Mais Produtivo destaca o potencial das pequenas ind\u00fastrias<\/a><\/h3>\t\t\t\t<\/div>\n\t\t\t\t<\/div>\n\t\t\t\t<\/div>\n\t\t\t\t<\/div>\n\t\t<\/div><div class=\"jet-listing-grid__item jet-listing-dynamic-post-6840\" data-post-id=\"6840\"  >\t\t<div data-elementor-type=\"jet-listing-items\" data-elementor-id=\"4523\" class=\"elementor elementor-4523\" data-elementor-post-type=\"jet-engine\">\n\t\t\t\t<div class=\"has_ae_slider elementor-element elementor-element-eb33079 e-con-full e-flex ae-bg-gallery-type-default e-con e-parent\" data-id=\"eb33079\" data-element_type=\"container\">\n\t\t<div class=\"has_ae_slider elementor-element elementor-element-2514dd1 e-con-full e-flex ae-bg-gallery-type-default e-con e-child\" data-id=\"2514dd1\" data-element_type=\"container\">\n\t\t\t\t<div class=\"elementor-element elementor-element-402a511 elementor-widget elementor-widget-image\" data-id=\"402a511\" data-element_type=\"widget\" data-widget_type=\"image.default\">\n\t\t\t\t<div class=\"elementor-widget-container\">\n\t\t\t\t\t\t\t\t\t\t\t\t<figure class=\"wp-caption\">\n\t\t\t\t\t\t\t\t\t\t\t<a href=\"https:\/\/www.fiemg.com.br\/regional-sede\/noticias\/lei-geral-do-licenciamento-ambiental-foi-destaque-na-pauta-do-imersao-industria\/\">\n\t\t\t\t\t\t\t<img decoding=\"async\" src=\"https:\/\/www.fiemg.com.br\/regional-sede\/wp-content\/uploads\/sites\/21\/elementor\/thumbs\/imersao-dia-24-rmhk2z8ijbbf5oiyzja32ti7q50gl2dxdb9mz6wk5c.png\" title=\"imers\u00e3o dia 24\" alt=\"imers\u00e3o dia 24\" loading=\"lazy\" \/>\t\t\t\t\t\t\t\t<\/a>\n\t\t\t\t\t\t\t\t\t\t\t<figcaption class=\"widget-image-caption wp-caption-text\"><\/figcaption>\n\t\t\t\t\t\t\t\t\t\t<\/figure>\n\t\t\t\t\t\t\t\t\t<\/div>\n\t\t\t\t<\/div>\n\t\t\t\t<\/div>\n\t\t\t\t<div class=\"elementor-element elementor-element-6cc2dce elementor-widget elementor-widget-jet-listing-dynamic-meta\" data-id=\"6cc2dce\" data-element_type=\"widget\" data-widget_type=\"jet-listing-dynamic-meta.default\">\n\t\t\t\t<div class=\"elementor-widget-container\">\n\t\t\t\t\t<div class=\"jet-listing jet-listing-dynamic-meta meta-layout-inline\"><div class=\"jet-listing-dynamic-meta__date jet-listing-dynamic-meta__item\"><a href=\"https:\/\/www.fiemg.com.br\/regional-sede\/noticias\/lei-geral-do-licenciamento-ambiental-foi-destaque-na-pauta-do-imersao-industria\/\" class=\"jet-listing-dynamic-meta__item-val\">24\/04\/2026<\/a><\/div><\/div>\t\t\t\t<\/div>\n\t\t\t\t<\/div>\n\t\t\t\t<div class=\"elementor-element elementor-element-c43500c elementor-widget elementor-widget-heading\" data-id=\"c43500c\" data-element_type=\"widget\" data-widget_type=\"heading.default\">\n\t\t\t\t<div class=\"elementor-widget-container\">\n\t\t\t\t\t<h3 class=\"elementor-heading-title elementor-size-default\"><a href=\"https:\/\/www.fiemg.com.br\/regional-sede\/noticias\/lei-geral-do-licenciamento-ambiental-foi-destaque-na-pauta-do-imersao-industria\/\">Seguran\u00e7a jur\u00eddica que pode diminuir Custo Brasil\u00a0<\/a><\/h3>\t\t\t\t<\/div>\n\t\t\t\t<\/div>\n\t\t\t\t<\/div>\n\t\t\t\t<\/div>\n\t\t<\/div><div class=\"jet-listing-grid__item jet-listing-dynamic-post-6835\" data-post-id=\"6835\"  >\t\t<div data-elementor-type=\"jet-listing-items\" data-elementor-id=\"4523\" class=\"elementor elementor-4523\" data-elementor-post-type=\"jet-engine\">\n\t\t\t\t<div class=\"has_ae_slider elementor-element elementor-element-eb33079 e-con-full e-flex ae-bg-gallery-type-default e-con e-parent\" data-id=\"eb33079\" data-element_type=\"container\">\n\t\t<div class=\"has_ae_slider elementor-element elementor-element-2514dd1 e-con-full e-flex ae-bg-gallery-type-default e-con e-child\" data-id=\"2514dd1\" data-element_type=\"container\">\n\t\t\t\t<div class=\"elementor-element elementor-element-402a511 elementor-widget elementor-widget-image\" data-id=\"402a511\" data-element_type=\"widget\" data-widget_type=\"image.default\">\n\t\t\t\t<div class=\"elementor-widget-container\">\n\t\t\t\t\t\t\t\t\t\t\t\t<figure class=\"wp-caption\">\n\t\t\t\t\t\t\t\t\t\t\t<a href=\"https:\/\/www.fiemg.com.br\/regional-sede\/noticias\/comunicacao-eficaz-e-chave-para-resultados-nas-empresas-destaca-angelo-grossi-na-8a-edicao-do-imersao-industria\/\">\n\t\t\t\t\t\t\t<img decoding=\"async\" src=\"https:\/\/www.fiemg.com.br\/regional-sede\/wp-content\/uploads\/sites\/21\/elementor\/thumbs\/Thumb-18_7700914-rmfyps22rg7qkkceauawryr9tc48pjos3iwc54zv28.png\" title=\"Thumb (18)\" alt=\"Thumb (18)\" loading=\"lazy\" \/>\t\t\t\t\t\t\t\t<\/a>\n\t\t\t\t\t\t\t\t\t\t\t<figcaption class=\"widget-image-caption wp-caption-text\"><\/figcaption>\n\t\t\t\t\t\t\t\t\t\t<\/figure>\n\t\t\t\t\t\t\t\t\t<\/div>\n\t\t\t\t<\/div>\n\t\t\t\t<\/div>\n\t\t\t\t<div class=\"elementor-element elementor-element-6cc2dce elementor-widget elementor-widget-jet-listing-dynamic-meta\" data-id=\"6cc2dce\" data-element_type=\"widget\" data-widget_type=\"jet-listing-dynamic-meta.default\">\n\t\t\t\t<div class=\"elementor-widget-container\">\n\t\t\t\t\t<div class=\"jet-listing jet-listing-dynamic-meta meta-layout-inline\"><div class=\"jet-listing-dynamic-meta__date jet-listing-dynamic-meta__item\"><a href=\"https:\/\/www.fiemg.com.br\/regional-sede\/noticias\/comunicacao-eficaz-e-chave-para-resultados-nas-empresas-destaca-angelo-grossi-na-8a-edicao-do-imersao-industria\/\" class=\"jet-listing-dynamic-meta__item-val\">23\/04\/2026<\/a><\/div><\/div>\t\t\t\t<\/div>\n\t\t\t\t<\/div>\n\t\t\t\t<div class=\"elementor-element elementor-element-c43500c elementor-widget elementor-widget-heading\" data-id=\"c43500c\" data-element_type=\"widget\" data-widget_type=\"heading.default\">\n\t\t\t\t<div class=\"elementor-widget-container\">\n\t\t\t\t\t<h3 class=\"elementor-heading-title elementor-size-default\"><a href=\"https:\/\/www.fiemg.com.br\/regional-sede\/noticias\/comunicacao-eficaz-e-chave-para-resultados-nas-empresas-destaca-angelo-grossi-na-8a-edicao-do-imersao-industria\/\">Comunica\u00e7\u00e3o de alta performance para l\u00edderes \u00e9 destaque no Imers\u00e3o Ind\u00fastria<\/a><\/h3>\t\t\t\t<\/div>\n\t\t\t\t<\/div>\n\t\t\t\t<\/div>\n\t\t\t\t<\/div>\n\t\t<\/div><div class=\"jet-listing-grid__item jet-listing-dynamic-post-6827\" data-post-id=\"6827\"  >\t\t<div data-elementor-type=\"jet-listing-items\" data-elementor-id=\"4523\" class=\"elementor elementor-4523\" data-elementor-post-type=\"jet-engine\">\n\t\t\t\t<div class=\"has_ae_slider elementor-element elementor-element-eb33079 e-con-full e-flex ae-bg-gallery-type-default e-con e-parent\" data-id=\"eb33079\" data-element_type=\"container\">\n\t\t<div class=\"has_ae_slider elementor-element elementor-element-2514dd1 e-con-full e-flex ae-bg-gallery-type-default e-con e-child\" data-id=\"2514dd1\" data-element_type=\"container\">\n\t\t\t\t<div class=\"elementor-element elementor-element-402a511 elementor-widget elementor-widget-image\" data-id=\"402a511\" data-element_type=\"widget\" data-widget_type=\"image.default\">\n\t\t\t\t<div class=\"elementor-widget-container\">\n\t\t\t\t\t\t\t\t\t\t\t\t<figure class=\"wp-caption\">\n\t\t\t\t\t\t\t\t\t\t\t<a href=\"https:\/\/www.fiemg.com.br\/regional-sede\/noticias\/evento-realizado-em-belo-horizonte-reune-especialistas-e-destaca-impacto-do-custo-brasil-na-competitividade-nacional\/\">\n\t\t\t\t\t\t\t<img decoding=\"async\" src=\"https:\/\/www.fiemg.com.br\/regional-sede\/wp-content\/uploads\/sites\/21\/elementor\/thumbs\/custo-brasil-rmfxcxe1kfc965ayk83xosjudewhnuqzpqav8ffgg0.png\" title=\"custo brasil\" alt=\"custo brasil\" loading=\"lazy\" \/>\t\t\t\t\t\t\t\t<\/a>\n\t\t\t\t\t\t\t\t\t\t\t<figcaption class=\"widget-image-caption wp-caption-text\"><\/figcaption>\n\t\t\t\t\t\t\t\t\t\t<\/figure>\n\t\t\t\t\t\t\t\t\t<\/div>\n\t\t\t\t<\/div>\n\t\t\t\t<\/div>\n\t\t\t\t<div class=\"elementor-element elementor-element-6cc2dce elementor-widget elementor-widget-jet-listing-dynamic-meta\" data-id=\"6cc2dce\" data-element_type=\"widget\" data-widget_type=\"jet-listing-dynamic-meta.default\">\n\t\t\t\t<div class=\"elementor-widget-container\">\n\t\t\t\t\t<div class=\"jet-listing jet-listing-dynamic-meta meta-layout-inline\"><div class=\"jet-listing-dynamic-meta__date jet-listing-dynamic-meta__item\"><a href=\"https:\/\/www.fiemg.com.br\/regional-sede\/noticias\/evento-realizado-em-belo-horizonte-reune-especialistas-e-destaca-impacto-do-custo-brasil-na-competitividade-nacional\/\" class=\"jet-listing-dynamic-meta__item-val\">23\/04\/2026<\/a><\/div><\/div>\t\t\t\t<\/div>\n\t\t\t\t<\/div>\n\t\t\t\t<div class=\"elementor-element elementor-element-c43500c elementor-widget elementor-widget-heading\" data-id=\"c43500c\" data-element_type=\"widget\" data-widget_type=\"heading.default\">\n\t\t\t\t<div class=\"elementor-widget-container\">\n\t\t\t\t\t<h3 class=\"elementor-heading-title elementor-size-default\"><a href=\"https:\/\/www.fiemg.com.br\/regional-sede\/noticias\/evento-realizado-em-belo-horizonte-reune-especialistas-e-destaca-impacto-do-custo-brasil-na-competitividade-nacional\/\">Imers\u00e3o Ind\u00fastria debate desafios estruturais do pa\u00eds e aponta urg\u00eancia de reformas<\/a><\/h3>\t\t\t\t<\/div>\n\t\t\t\t<\/div>\n\t\t\t\t<\/div>\n\t\t\t\t<\/div>\n\t\t<\/div><\/div><div class=\"jet-listing-grid__loader\"><div class=\"jet-listing-grid__loader-spinner\"><\/div><div class=\"jet-listing-grid__loader-text\">Carregando...<\/div><\/div><\/div>\t\t\t\t<\/div>\n\t\t\t\t<\/div>\n\t\t\t\t<div class=\"elementor-element elementor-element-e91df51 elementor-align-center elementor-widget elementor-widget-button\" data-id=\"e91df51\" data-element_type=\"widget\" data-widget_type=\"button.default\">\n\t\t\t\t<div class=\"elementor-widget-container\">\n\t\t\t\t\t\t\t\t\t<div class=\"elementor-button-wrapper\">\n\t\t\t\t\t<a class=\"elementor-button elementor-size-md\" role=\"button\">\n\t\t\t\t\t\t<span class=\"elementor-button-content-wrapper\">\n\t\t\t\t\t\t\t\t\t<span class=\"elementor-button-text\">Mais not\u00edcias<\/span>\n\t\t\t\t\t<\/span>\n\t\t\t\t\t<\/a>\n\t\t\t\t<\/div>\n\t\t\t\t\t\t\t\t<\/div>\n\t\t\t\t<\/div>\n\t\t\t\t\t<\/div>\n\t\t\t\t<\/div>\n\t\t\t\t<\/div>\n\t\t","protected":false},"excerpt":{"rendered":"<p>Not\u00edcias 16\/06\/2025 16\/06\/2025 16\/06\/2025 12\/06\/2025 12\/06\/2025 12\/06\/2025 12\/06\/2025 11\/06\/2025 11\/06\/2025 11\/06\/2025 10\/06\/2025 10\/06\/2025 Carregando&#8230; Mais not\u00edcias<\/p>\n","protected":false},"author":1,"featured_media":1567,"parent":0,"menu_order":110,"comment_status":"closed","ping_status":"closed","template":"elementor_canvas","meta":{"footnotes":""},"class_list":["post-1028","page","type-page","status-publish","has-post-thumbnail","hentry"],"acf":[],"yoast_head":"<!-- This site is optimized with the Yoast SEO plugin v26.2 - https:\/\/yoast.com\/wordpress\/plugins\/seo\/ -->\n<title>Noticias - FIEMG<\/title>\n<meta name=\"robots\" content=\"index, follow, max-snippet:-1, max-image-preview:large, max-video-preview:-1\" \/>\n<link rel=\"canonical\" href=\"https:\/\/www.fiemg.com.br\/regional-sede\/noticias\/\" \/>\n<meta property=\"og:locale\" content=\"pt_BR\" \/>\n<meta property=\"og:type\" content=\"article\" \/>\n<meta property=\"og:title\" content=\"Noticias - FIEMG\" \/>\n<meta property=\"og:description\" content=\"Not\u00edcias 16\/06\/2025 16\/06\/2025 16\/06\/2025 12\/06\/2025 12\/06\/2025 12\/06\/2025 12\/06\/2025 11\/06\/2025 11\/06\/2025 11\/06\/2025 10\/06\/2025 10\/06\/2025 Carregando&#8230; Mais not\u00edcias\" \/>\n<meta property=\"og:url\" content=\"https:\/\/www.fiemg.com.br\/regional-sede\/noticias\/\" \/>\n<meta property=\"og:site_name\" content=\"FIEMG\" \/>\n<meta property=\"article:modified_time\" content=\"2025-06-17T14:28:33+00:00\" \/>\n<meta property=\"og:image\" content=\"https:\/\/www.fiemg.com.br\/regional-sede\/wp-content\/uploads\/sites\/21\/2023\/08\/default.png\" \/>\n\t<meta property=\"og:image:width\" content=\"300\" \/>\n\t<meta property=\"og:image:height\" content=\"300\" \/>\n\t<meta property=\"og:image:type\" content=\"image\/png\" \/>\n<meta name=\"twitter:card\" content=\"summary_large_image\" \/>\n<meta name=\"twitter:label1\" content=\"Est. tempo de leitura\" \/>\n\t<meta name=\"twitter:data1\" content=\"7 minutos\" \/>\n<script type=\"application\/ld+json\" class=\"yoast-schema-graph\">{\"@context\":\"https:\/\/schema.org\",\"@graph\":[{\"@type\":\"WebPage\",\"@id\":\"https:\/\/www.fiemg.com.br\/regional-sede\/noticias\/\",\"url\":\"https:\/\/www.fiemg.com.br\/regional-sede\/noticias\/\",\"name\":\"Noticias - FIEMG\",\"isPartOf\":{\"@id\":\"https:\/\/www.fiemg.com.br\/regional-sede\/#website\"},\"primaryImageOfPage\":{\"@id\":\"https:\/\/www.fiemg.com.br\/regional-sede\/noticias\/#primaryimage\"},\"image\":{\"@id\":\"https:\/\/www.fiemg.com.br\/regional-sede\/noticias\/#primaryimage\"},\"thumbnailUrl\":\"https:\/\/www.fiemg.com.br\/regional-sede\/wp-content\/uploads\/sites\/21\/2023\/08\/default.png\",\"datePublished\":\"2023-06-24T23:54:46+00:00\",\"dateModified\":\"2025-06-17T14:28:33+00:00\",\"breadcrumb\":{\"@id\":\"https:\/\/www.fiemg.com.br\/regional-sede\/noticias\/#breadcrumb\"},\"inLanguage\":\"pt-BR\",\"potentialAction\":[{\"@type\":\"ReadAction\",\"target\":[\"https:\/\/www.fiemg.com.br\/regional-sede\/noticias\/\"]}]},{\"@type\":\"ImageObject\",\"inLanguage\":\"pt-BR\",\"@id\":\"https:\/\/www.fiemg.com.br\/regional-sede\/noticias\/#primaryimage\",\"url\":\"https:\/\/www.fiemg.com.br\/regional-sede\/wp-content\/uploads\/sites\/21\/2023\/08\/default.png\",\"contentUrl\":\"https:\/\/www.fiemg.com.br\/regional-sede\/wp-content\/uploads\/sites\/21\/2023\/08\/default.png\",\"width\":300,\"height\":300},{\"@type\":\"BreadcrumbList\",\"@id\":\"https:\/\/www.fiemg.com.br\/regional-sede\/noticias\/#breadcrumb\",\"itemListElement\":[{\"@type\":\"ListItem\",\"position\":1,\"name\":\"In\u00edcio\",\"item\":\"https:\/\/www.fiemg.com.br\/regional-sede\/\"},{\"@type\":\"ListItem\",\"position\":2,\"name\":\"Noticias\"}]},{\"@type\":\"WebSite\",\"@id\":\"https:\/\/www.fiemg.com.br\/regional-sede\/#website\",\"url\":\"https:\/\/www.fiemg.com.br\/regional-sede\/\",\"name\":\"FIEMG\",\"description\":\"Federa\u00e7\u00e3o das Ind\u00fastrias do Estado de Minas Gerais\",\"publisher\":{\"@id\":\"https:\/\/www.fiemg.com.br\/regional-sede\/#organization\"},\"potentialAction\":[{\"@type\":\"SearchAction\",\"target\":{\"@type\":\"EntryPoint\",\"urlTemplate\":\"https:\/\/www.fiemg.com.br\/regional-sede\/?s={search_term_string}\"},\"query-input\":{\"@type\":\"PropertyValueSpecification\",\"valueRequired\":true,\"valueName\":\"search_term_string\"}}],\"inLanguage\":\"pt-BR\"},{\"@type\":\"Organization\",\"@id\":\"https:\/\/www.fiemg.com.br\/regional-sede\/#organization\",\"name\":\"FIEMG\",\"url\":\"https:\/\/www.fiemg.com.br\/regional-sede\/\",\"logo\":{\"@type\":\"ImageObject\",\"inLanguage\":\"pt-BR\",\"@id\":\"https:\/\/www.fiemg.com.br\/regional-sede\/#\/schema\/logo\/image\/\",\"url\":\"https:\/\/www.fiemg.com.br\/regional-sede\/wp-content\/uploads\/sites\/21\/2023\/02\/Ativo-1.png\",\"contentUrl\":\"https:\/\/www.fiemg.com.br\/regional-sede\/wp-content\/uploads\/sites\/21\/2023\/02\/Ativo-1.png\",\"width\":563,\"height\":149,\"caption\":\"FIEMG\"},\"image\":{\"@id\":\"https:\/\/www.fiemg.com.br\/regional-sede\/#\/schema\/logo\/image\/\"}}]}<\/script>\n<!-- \/ Yoast SEO plugin. -->","yoast_head_json":{"title":"Noticias - FIEMG","robots":{"index":"index","follow":"follow","max-snippet":"max-snippet:-1","max-image-preview":"max-image-preview:large","max-video-preview":"max-video-preview:-1"},"canonical":"https:\/\/www.fiemg.com.br\/regional-sede\/noticias\/","og_locale":"pt_BR","og_type":"article","og_title":"Noticias - FIEMG","og_description":"Not\u00edcias 16\/06\/2025 16\/06\/2025 16\/06\/2025 12\/06\/2025 12\/06\/2025 12\/06\/2025 12\/06\/2025 11\/06\/2025 11\/06\/2025 11\/06\/2025 10\/06\/2025 10\/06\/2025 Carregando&#8230; Mais not\u00edcias","og_url":"https:\/\/www.fiemg.com.br\/regional-sede\/noticias\/","og_site_name":"FIEMG","article_modified_time":"2025-06-17T14:28:33+00:00","og_image":[{"width":300,"height":300,"url":"https:\/\/www.fiemg.com.br\/regional-sede\/wp-content\/uploads\/sites\/21\/2023\/08\/default.png","type":"image\/png"}],"twitter_card":"summary_large_image","twitter_misc":{"Est. tempo de leitura":"7 minutos"},"schema":{"@context":"https:\/\/schema.org","@graph":[{"@type":"WebPage","@id":"https:\/\/www.fiemg.com.br\/regional-sede\/noticias\/","url":"https:\/\/www.fiemg.com.br\/regional-sede\/noticias\/","name":"Noticias - FIEMG","isPartOf":{"@id":"https:\/\/www.fiemg.com.br\/regional-sede\/#website"},"primaryImageOfPage":{"@id":"https:\/\/www.fiemg.com.br\/regional-sede\/noticias\/#primaryimage"},"image":{"@id":"https:\/\/www.fiemg.com.br\/regional-sede\/noticias\/#primaryimage"},"thumbnailUrl":"https:\/\/www.fiemg.com.br\/regional-sede\/wp-content\/uploads\/sites\/21\/2023\/08\/default.png","datePublished":"2023-06-24T23:54:46+00:00","dateModified":"2025-06-17T14:28:33+00:00","breadcrumb":{"@id":"https:\/\/www.fiemg.com.br\/regional-sede\/noticias\/#breadcrumb"},"inLanguage":"pt-BR","potentialAction":[{"@type":"ReadAction","target":["https:\/\/www.fiemg.com.br\/regional-sede\/noticias\/"]}]},{"@type":"ImageObject","inLanguage":"pt-BR","@id":"https:\/\/www.fiemg.com.br\/regional-sede\/noticias\/#primaryimage","url":"https:\/\/www.fiemg.com.br\/regional-sede\/wp-content\/uploads\/sites\/21\/2023\/08\/default.png","contentUrl":"https:\/\/www.fiemg.com.br\/regional-sede\/wp-content\/uploads\/sites\/21\/2023\/08\/default.png","width":300,"height":300},{"@type":"BreadcrumbList","@id":"https:\/\/www.fiemg.com.br\/regional-sede\/noticias\/#breadcrumb","itemListElement":[{"@type":"ListItem","position":1,"name":"In\u00edcio","item":"https:\/\/www.fiemg.com.br\/regional-sede\/"},{"@type":"ListItem","position":2,"name":"Noticias"}]},{"@type":"WebSite","@id":"https:\/\/www.fiemg.com.br\/regional-sede\/#website","url":"https:\/\/www.fiemg.com.br\/regional-sede\/","name":"FIEMG","description":"Federa\u00e7\u00e3o das Ind\u00fastrias do Estado de Minas Gerais","publisher":{"@id":"https:\/\/www.fiemg.com.br\/regional-sede\/#organization"},"potentialAction":[{"@type":"SearchAction","target":{"@type":"EntryPoint","urlTemplate":"https:\/\/www.fiemg.com.br\/regional-sede\/?s={search_term_string}"},"query-input":{"@type":"PropertyValueSpecification","valueRequired":true,"valueName":"search_term_string"}}],"inLanguage":"pt-BR"},{"@type":"Organization","@id":"https:\/\/www.fiemg.com.br\/regional-sede\/#organization","name":"FIEMG","url":"https:\/\/www.fiemg.com.br\/regional-sede\/","logo":{"@type":"ImageObject","inLanguage":"pt-BR","@id":"https:\/\/www.fiemg.com.br\/regional-sede\/#\/schema\/logo\/image\/","url":"https:\/\/www.fiemg.com.br\/regional-sede\/wp-content\/uploads\/sites\/21\/2023\/02\/Ativo-1.png","contentUrl":"https:\/\/www.fiemg.com.br\/regional-sede\/wp-content\/uploads\/sites\/21\/2023\/02\/Ativo-1.png","width":563,"height":149,"caption":"FIEMG"},"image":{"@id":"https:\/\/www.fiemg.com.br\/regional-sede\/#\/schema\/logo\/image\/"}}]}},"_links":{"self":[{"href":"https:\/\/www.fiemg.com.br\/regional-sede\/wp-json\/wp\/v2\/pages\/1028","targetHints":{"allow":["GET"]}}],"collection":[{"href":"https:\/\/www.fiemg.com.br\/regional-sede\/wp-json\/wp\/v2\/pages"}],"about":[{"href":"https:\/\/www.fiemg.com.br\/regional-sede\/wp-json\/wp\/v2\/types\/page"}],"author":[{"embeddable":true,"href":"https:\/\/www.fiemg.com.br\/regional-sede\/wp-json\/wp\/v2\/users\/1"}],"replies":[{"embeddable":true,"href":"https:\/\/www.fiemg.com.br\/regional-sede\/wp-json\/wp\/v2\/comments?post=1028"}],"version-history":[{"count":0,"href":"https:\/\/www.fiemg.com.br\/regional-sede\/wp-json\/wp\/v2\/pages\/1028\/revisions"}],"wp:featuredmedia":[{"embeddable":true,"href":"https:\/\/www.fiemg.com.br\/regional-sede\/wp-json\/wp\/v2\/media\/1567"}],"wp:attachment":[{"href":"https:\/\/www.fiemg.com.br\/regional-sede\/wp-json\/wp\/v2\/media?parent=1028"}],"curies":[{"name":"wp","href":"https:\/\/api.w.org\/{rel}","templated":true}]}}