{"id":936,"date":"2023-04-18T12:56:10","date_gmt":"2023-04-18T12:56:10","guid":{"rendered":"https:\/\/www.fiemg.com.br\/regional-sul\/?post_type=area-de-interesse&#038;p=936"},"modified":"2023-08-25T09:07:54","modified_gmt":"2023-08-25T12:07:54","slug":"balanco-anual-da-economia","status":"publish","type":"area-de-interesse","link":"https:\/\/www.fiemg.com.br\/regional-sul\/area-de-interesse\/estudos-economicos\/balanco-anual-da-economia\/","title":{"rendered":"Balan\u00e7o Anual da Economia"},"content":{"rendered":"<p><em>An\u00e1lise anual de conjuntura econ\u00f4mica mundial, nacional, estadual e setorial<\/em><\/p>\n<p>O\u00a0<strong>Balan\u00e7o Anual da Economia\u00a0<\/strong>contempla uma an\u00e1lise hist\u00f3rica da economia mundial, nacional e mineira.<\/p>\n<p>A evolu\u00e7\u00e3o anual da produ\u00e7\u00e3o, varejo, emprego, folha de pagamento, produtividade, cr\u00e9dito, infla\u00e7\u00e3o, juros, c\u00e2mbio, finan\u00e7as p\u00fablicas e setor externo \u00e9 abordada com \u00eanfase nas suas repercuss\u00f5es nas atividades da ind\u00fastria. Al\u00e9m disso, o Balan\u00e7o Anual apresenta proje\u00e7\u00f5es das principais vari\u00e1veis econ\u00f4micas, bem como um painel dos principais setores da economia mineira.<\/p>\n<p>&nbsp;<\/p>\n<p><a href=\"https:\/\/www.fiemg.com.br\/wp-content\/uploads\/media\/FIEMG\/economia\/IG000522_FIEMG_BALANCO_ANUAL_2022_digital_alta.pdf\" target=\"_blank\" rel=\"noopener\">Balan\u00e7o Anual da Economia 2022<\/a><\/p>\n<p><a href=\"https:\/\/www.fiemg.com.br\/wp-content\/uploads\/media\/FIEMG\/BALAN%C3%87O\/IG001721A_BALANCOANUAL21_saida2.pdf\" target=\"_blank\" rel=\"noopener\">Balan\u00e7o Anual da Economia 2021<\/a><\/p>\n<p><a href=\"https:\/\/www.fiemg.com.br\/wp-content\/uploads\/media\/FIEMG\/economia\/BALANCO_ANUAL_2020_Final_Web_K7.pdf\" target=\"_blank\" rel=\"noopener\">Balan\u00e7o Anual da Economia 2020<\/a><\/p>\n<p><a href=\"https:\/\/www.fiemg.com.br\/wp-content\/uploads\/media\/Documentos\/Biblioteca\/PDFs\/FIEMG\/Economia2019\/Balan-o-Economia-2019.pdf\" target=\"_blank\" rel=\"noopener\">Balan\u00e7o Anual da Economia 2019<\/a><\/p>\n<p><a href=\"https:\/\/www.fiemg.com.br\/wp-content\/uploads\/media\/Documentos\/Biblioteca\/PDFs\/EPE\/2018\/Economia\/Revisado-2__Balan-o-2018_final.pdf\" target=\"_blank\" rel=\"noopener\">Balan\u00e7o Anual da Economia 2018<\/a><\/p>\n<p><a href=\"https:\/\/www.fiemg.com.br\/wp-content\/uploads\/media\/Documentos\/Biblioteca\/PDFs\/EPE\/2017\/Balan-o-2017-ultima-versao-18-12.pdf\" target=\"_blank\" rel=\"noopener\">Balan\u00e7o Anual da Economia 2017<\/a><\/p>\n<p><a href=\"https:\/\/www.fiemg.com.br\/wp-content\/uploads\/media\/Documentos\/Biblioteca\/PDFs\/EPE\/2016\/Economia\/IG001916_Balan-o-Anual-16_KF6.pdf\" target=\"_blank\" rel=\"noopener\">Balan\u00e7o Anual da Economia 2016<\/a><\/p>\n<p><a href=\"https:\/\/www.fiemg.com.br\/wp-content\/uploads\/media\/Documentos\/Biblioteca\/PDFs\/FIEMG\/AssessoriaEconomica\/2015\/Balan-o-2015_vers-o-final-com-hiperlinks-.pdf\" target=\"_blank\" rel=\"noopener\">Balan\u00e7o Anual da Economia 2015<\/a><\/p>\n<p><a href=\"https:\/\/www.fiemg.com.br\/wp-content\/uploads\/media\/Documentos\/Biblioteca\/PDFs\/IEL\/2014\/BoletinsEcon%C3%B4micos\/Balan-o-Anual-2014_vs-final-impressa.pdf\" target=\"_blank\" rel=\"noopener\">Balan\u00e7o Anual da Economia 2014\u00a0<\/a><\/p>\n<p><a href=\"https:\/\/www.fiemg.com.br\/wp-content\/uploads\/media\/Documentos\/Biblioteca\/PDFs\/IEL\/2014\/Balan%C3%A7oAnualdaEconomia\/Balan-o-Anual-2013_vs-final.pdf\">Balan\u00e7o Anual da Economia 2013\u00a0<\/a><\/p>\n<p>&nbsp;<\/p>\n<p>Saiba mais sobre o\u00a0Balan\u00e7o Anual da Economia\u00a0pelo e-mail\u00a0<a href=\"mailto:gec@fiemg.com.br\">gec@fiemg.com.br<\/a>.<\/p>\n","protected":false},"featured_media":1527,"parent":934,"menu_order":0,"template":"","categories":[20],"tags":[],"categoria_areas_de_interesse":[],"class_list":["post-936","area-de-interesse","type-area-de-interesse","status-publish","has-post-thumbnail","hentry","category-estudos-economicos"],"acf":[],"yoast_head":"<!-- This site is optimized with the Yoast SEO plugin v26.2 - https:\/\/yoast.com\/wordpress\/plugins\/seo\/ -->\n<title>Balan\u00e7o Anual da Economia - Regional Sul<\/title>\n<meta name=\"robots\" content=\"index, follow, max-snippet:-1, max-image-preview:large, max-video-preview:-1\" \/>\n<link rel=\"canonical\" href=\"https:\/\/www.fiemg.com.br\/regional-sul\/area-de-interesse\/estudos-economicos\/balanco-anual-da-economia\/\" \/>\n<meta property=\"og:locale\" content=\"pt_BR\" \/>\n<meta property=\"og:type\" content=\"article\" \/>\n<meta property=\"og:title\" content=\"Balan\u00e7o Anual da Economia - Regional Sul\" \/>\n<meta property=\"og:description\" content=\"An\u00e1lise anual de conjuntura econ\u00f4mica mundial, nacional, estadual e setorial O\u00a0Balan\u00e7o Anual da Economia\u00a0contempla uma an\u00e1lise hist\u00f3rica da economia mundial, nacional e mineira. A evolu\u00e7\u00e3o anual da produ\u00e7\u00e3o, varejo, emprego, folha de pagamento, produtividade, cr\u00e9dito, infla\u00e7\u00e3o, juros, c\u00e2mbio, finan\u00e7as p\u00fablicas e setor externo \u00e9 abordada com \u00eanfase nas suas repercuss\u00f5es nas atividades da ind\u00fastria. Al\u00e9m [&hellip;]\" \/>\n<meta property=\"og:url\" content=\"https:\/\/www.fiemg.com.br\/regional-sul\/area-de-interesse\/estudos-economicos\/balanco-anual-da-economia\/\" \/>\n<meta property=\"og:site_name\" content=\"Regional Sul\" \/>\n<meta property=\"article:modified_time\" content=\"2023-08-25T12:07:54+00:00\" \/>\n<meta property=\"og:image\" content=\"https:\/\/www.fiemg.com.br\/regional-sul\/wp-content\/uploads\/sites\/20\/2023\/08\/default.png\" \/>\n\t<meta property=\"og:image:width\" content=\"300\" \/>\n\t<meta property=\"og:image:height\" content=\"300\" \/>\n\t<meta property=\"og:image:type\" content=\"image\/png\" \/>\n<meta name=\"twitter:card\" content=\"summary_large_image\" \/>\n<script type=\"application\/ld+json\" class=\"yoast-schema-graph\">{\"@context\":\"https:\/\/schema.org\",\"@graph\":[{\"@type\":\"WebPage\",\"@id\":\"https:\/\/www.fiemg.com.br\/regional-sul\/area-de-interesse\/estudos-economicos\/balanco-anual-da-economia\/\",\"url\":\"https:\/\/www.fiemg.com.br\/regional-sul\/area-de-interesse\/estudos-economicos\/balanco-anual-da-economia\/\",\"name\":\"Balan\u00e7o Anual da Economia - Regional Sul\",\"isPartOf\":{\"@id\":\"https:\/\/www.fiemg.com.br\/regional-sul\/#website\"},\"primaryImageOfPage\":{\"@id\":\"https:\/\/www.fiemg.com.br\/regional-sul\/area-de-interesse\/estudos-economicos\/balanco-anual-da-economia\/#primaryimage\"},\"image\":{\"@id\":\"https:\/\/www.fiemg.com.br\/regional-sul\/area-de-interesse\/estudos-economicos\/balanco-anual-da-economia\/#primaryimage\"},\"thumbnailUrl\":\"https:\/\/www.fiemg.com.br\/regional-sul\/wp-content\/uploads\/sites\/20\/2023\/08\/default.png\",\"datePublished\":\"2023-04-18T12:56:10+00:00\",\"dateModified\":\"2023-08-25T12:07:54+00:00\",\"breadcrumb\":{\"@id\":\"https:\/\/www.fiemg.com.br\/regional-sul\/area-de-interesse\/estudos-economicos\/balanco-anual-da-economia\/#breadcrumb\"},\"inLanguage\":\"pt-BR\",\"potentialAction\":[{\"@type\":\"ReadAction\",\"target\":[\"https:\/\/www.fiemg.com.br\/regional-sul\/area-de-interesse\/estudos-economicos\/balanco-anual-da-economia\/\"]}]},{\"@type\":\"ImageObject\",\"inLanguage\":\"pt-BR\",\"@id\":\"https:\/\/www.fiemg.com.br\/regional-sul\/area-de-interesse\/estudos-economicos\/balanco-anual-da-economia\/#primaryimage\",\"url\":\"https:\/\/www.fiemg.com.br\/regional-sul\/wp-content\/uploads\/sites\/20\/2023\/08\/default.png\",\"contentUrl\":\"https:\/\/www.fiemg.com.br\/regional-sul\/wp-content\/uploads\/sites\/20\/2023\/08\/default.png\",\"width\":300,\"height\":300},{\"@type\":\"BreadcrumbList\",\"@id\":\"https:\/\/www.fiemg.com.br\/regional-sul\/area-de-interesse\/estudos-economicos\/balanco-anual-da-economia\/#breadcrumb\",\"itemListElement\":[{\"@type\":\"ListItem\",\"position\":1,\"name\":\"In\u00edcio\",\"item\":\"https:\/\/www.fiemg.com.br\/regional-sul\/\"},{\"@type\":\"ListItem\",\"position\":2,\"name\":\"Estudos Econ\u00f4micos\",\"item\":\"https:\/\/www.fiemg.com.br\/regional-sul\/area-de-interesse\/estudos-economicos\/\"},{\"@type\":\"ListItem\",\"position\":3,\"name\":\"Balan\u00e7o Anual da Economia\"}]},{\"@type\":\"WebSite\",\"@id\":\"https:\/\/www.fiemg.com.br\/regional-sul\/#website\",\"url\":\"https:\/\/www.fiemg.com.br\/regional-sul\/\",\"name\":\"Regional Sul\",\"description\":\"Federa\u00e7\u00e3o das Ind\u00fastrias do Estado de Minas Gerais\",\"publisher\":{\"@id\":\"https:\/\/www.fiemg.com.br\/regional-sul\/#organization\"},\"potentialAction\":[{\"@type\":\"SearchAction\",\"target\":{\"@type\":\"EntryPoint\",\"urlTemplate\":\"https:\/\/www.fiemg.com.br\/regional-sul\/?s={search_term_string}\"},\"query-input\":{\"@type\":\"PropertyValueSpecification\",\"valueRequired\":true,\"valueName\":\"search_term_string\"}}],\"inLanguage\":\"pt-BR\"},{\"@type\":\"Organization\",\"@id\":\"https:\/\/www.fiemg.com.br\/regional-sul\/#organization\",\"name\":\"Regional Sul\",\"url\":\"https:\/\/www.fiemg.com.br\/regional-sul\/\",\"logo\":{\"@type\":\"ImageObject\",\"inLanguage\":\"pt-BR\",\"@id\":\"https:\/\/www.fiemg.com.br\/regional-sul\/#\/schema\/logo\/image\/\",\"url\":\"https:\/\/www.fiemg.com.br\/regional-sul\/wp-content\/uploads\/sites\/20\/2023\/02\/Ativo-1.png\",\"contentUrl\":\"https:\/\/www.fiemg.com.br\/regional-sul\/wp-content\/uploads\/sites\/20\/2023\/02\/Ativo-1.png\",\"width\":563,\"height\":149,\"caption\":\"Regional Sul\"},\"image\":{\"@id\":\"https:\/\/www.fiemg.com.br\/regional-sul\/#\/schema\/logo\/image\/\"}}]}<\/script>\n<!-- \/ Yoast SEO plugin. -->","yoast_head_json":{"title":"Balan\u00e7o Anual da Economia - Regional Sul","robots":{"index":"index","follow":"follow","max-snippet":"max-snippet:-1","max-image-preview":"max-image-preview:large","max-video-preview":"max-video-preview:-1"},"canonical":"https:\/\/www.fiemg.com.br\/regional-sul\/area-de-interesse\/estudos-economicos\/balanco-anual-da-economia\/","og_locale":"pt_BR","og_type":"article","og_title":"Balan\u00e7o Anual da Economia - Regional Sul","og_description":"An\u00e1lise anual de conjuntura econ\u00f4mica mundial, nacional, estadual e setorial O\u00a0Balan\u00e7o Anual da Economia\u00a0contempla uma an\u00e1lise hist\u00f3rica da economia mundial, nacional e mineira. A evolu\u00e7\u00e3o anual da produ\u00e7\u00e3o, varejo, emprego, folha de pagamento, produtividade, cr\u00e9dito, infla\u00e7\u00e3o, juros, c\u00e2mbio, finan\u00e7as p\u00fablicas e setor externo \u00e9 abordada com \u00eanfase nas suas repercuss\u00f5es nas atividades da ind\u00fastria. Al\u00e9m [&hellip;]","og_url":"https:\/\/www.fiemg.com.br\/regional-sul\/area-de-interesse\/estudos-economicos\/balanco-anual-da-economia\/","og_site_name":"Regional Sul","article_modified_time":"2023-08-25T12:07:54+00:00","og_image":[{"width":300,"height":300,"url":"https:\/\/www.fiemg.com.br\/regional-sul\/wp-content\/uploads\/sites\/20\/2023\/08\/default.png","type":"image\/png"}],"twitter_card":"summary_large_image","schema":{"@context":"https:\/\/schema.org","@graph":[{"@type":"WebPage","@id":"https:\/\/www.fiemg.com.br\/regional-sul\/area-de-interesse\/estudos-economicos\/balanco-anual-da-economia\/","url":"https:\/\/www.fiemg.com.br\/regional-sul\/area-de-interesse\/estudos-economicos\/balanco-anual-da-economia\/","name":"Balan\u00e7o Anual da Economia - Regional Sul","isPartOf":{"@id":"https:\/\/www.fiemg.com.br\/regional-sul\/#website"},"primaryImageOfPage":{"@id":"https:\/\/www.fiemg.com.br\/regional-sul\/area-de-interesse\/estudos-economicos\/balanco-anual-da-economia\/#primaryimage"},"image":{"@id":"https:\/\/www.fiemg.com.br\/regional-sul\/area-de-interesse\/estudos-economicos\/balanco-anual-da-economia\/#primaryimage"},"thumbnailUrl":"https:\/\/www.fiemg.com.br\/regional-sul\/wp-content\/uploads\/sites\/20\/2023\/08\/default.png","datePublished":"2023-04-18T12:56:10+00:00","dateModified":"2023-08-25T12:07:54+00:00","breadcrumb":{"@id":"https:\/\/www.fiemg.com.br\/regional-sul\/area-de-interesse\/estudos-economicos\/balanco-anual-da-economia\/#breadcrumb"},"inLanguage":"pt-BR","potentialAction":[{"@type":"ReadAction","target":["https:\/\/www.fiemg.com.br\/regional-sul\/area-de-interesse\/estudos-economicos\/balanco-anual-da-economia\/"]}]},{"@type":"ImageObject","inLanguage":"pt-BR","@id":"https:\/\/www.fiemg.com.br\/regional-sul\/area-de-interesse\/estudos-economicos\/balanco-anual-da-economia\/#primaryimage","url":"https:\/\/www.fiemg.com.br\/regional-sul\/wp-content\/uploads\/sites\/20\/2023\/08\/default.png","contentUrl":"https:\/\/www.fiemg.com.br\/regional-sul\/wp-content\/uploads\/sites\/20\/2023\/08\/default.png","width":300,"height":300},{"@type":"BreadcrumbList","@id":"https:\/\/www.fiemg.com.br\/regional-sul\/area-de-interesse\/estudos-economicos\/balanco-anual-da-economia\/#breadcrumb","itemListElement":[{"@type":"ListItem","position":1,"name":"In\u00edcio","item":"https:\/\/www.fiemg.com.br\/regional-sul\/"},{"@type":"ListItem","position":2,"name":"Estudos Econ\u00f4micos","item":"https:\/\/www.fiemg.com.br\/regional-sul\/area-de-interesse\/estudos-economicos\/"},{"@type":"ListItem","position":3,"name":"Balan\u00e7o Anual da Economia"}]},{"@type":"WebSite","@id":"https:\/\/www.fiemg.com.br\/regional-sul\/#website","url":"https:\/\/www.fiemg.com.br\/regional-sul\/","name":"Regional Sul","description":"Federa\u00e7\u00e3o das Ind\u00fastrias do Estado de Minas Gerais","publisher":{"@id":"https:\/\/www.fiemg.com.br\/regional-sul\/#organization"},"potentialAction":[{"@type":"SearchAction","target":{"@type":"EntryPoint","urlTemplate":"https:\/\/www.fiemg.com.br\/regional-sul\/?s={search_term_string}"},"query-input":{"@type":"PropertyValueSpecification","valueRequired":true,"valueName":"search_term_string"}}],"inLanguage":"pt-BR"},{"@type":"Organization","@id":"https:\/\/www.fiemg.com.br\/regional-sul\/#organization","name":"Regional Sul","url":"https:\/\/www.fiemg.com.br\/regional-sul\/","logo":{"@type":"ImageObject","inLanguage":"pt-BR","@id":"https:\/\/www.fiemg.com.br\/regional-sul\/#\/schema\/logo\/image\/","url":"https:\/\/www.fiemg.com.br\/regional-sul\/wp-content\/uploads\/sites\/20\/2023\/02\/Ativo-1.png","contentUrl":"https:\/\/www.fiemg.com.br\/regional-sul\/wp-content\/uploads\/sites\/20\/2023\/02\/Ativo-1.png","width":563,"height":149,"caption":"Regional Sul"},"image":{"@id":"https:\/\/www.fiemg.com.br\/regional-sul\/#\/schema\/logo\/image\/"}}]}},"_links":{"self":[{"href":"https:\/\/www.fiemg.com.br\/regional-sul\/wp-json\/wp\/v2\/area-de-interesse\/936","targetHints":{"allow":["GET"]}}],"collection":[{"href":"https:\/\/www.fiemg.com.br\/regional-sul\/wp-json\/wp\/v2\/area-de-interesse"}],"about":[{"href":"https:\/\/www.fiemg.com.br\/regional-sul\/wp-json\/wp\/v2\/types\/area-de-interesse"}],"version-history":[{"count":0,"href":"https:\/\/www.fiemg.com.br\/regional-sul\/wp-json\/wp\/v2\/area-de-interesse\/936\/revisions"}],"up":[{"embeddable":true,"href":"https:\/\/www.fiemg.com.br\/regional-sul\/wp-json\/wp\/v2\/area-de-interesse\/934"}],"wp:featuredmedia":[{"embeddable":true,"href":"https:\/\/www.fiemg.com.br\/regional-sul\/wp-json\/wp\/v2\/media\/1527"}],"wp:attachment":[{"href":"https:\/\/www.fiemg.com.br\/regional-sul\/wp-json\/wp\/v2\/media?parent=936"}],"wp:term":[{"taxonomy":"category","embeddable":true,"href":"https:\/\/www.fiemg.com.br\/regional-sul\/wp-json\/wp\/v2\/categories?post=936"},{"taxonomy":"post_tag","embeddable":true,"href":"https:\/\/www.fiemg.com.br\/regional-sul\/wp-json\/wp\/v2\/tags?post=936"},{"taxonomy":"categoria_areas_de_interesse","embeddable":true,"href":"https:\/\/www.fiemg.com.br\/regional-sul\/wp-json\/wp\/v2\/categoria_areas_de_interesse?post=936"}],"curies":[{"name":"wp","href":"https:\/\/api.w.org\/{rel}","templated":true}]}}