{"id":1309,"date":"2023-11-17T01:00:00","date_gmt":"2023-11-17T04:00:00","guid":{"rendered":"https:\/\/www.fiemg.com.br\/regional-sul\/escolas\/escola-integrada-sesi-senai-sao-goncalo-do-sapucai-jose-bento-nogueira-junqueira\/"},"modified":"2024-08-14T19:09:31","modified_gmt":"2024-08-14T22:09:31","slug":"escola-sesi-sao-goncalo-do-sapucai","status":"publish","type":"escolas","link":"https:\/\/www.fiemg.com.br\/regional-sul\/unidades\/escola-sesi-sao-goncalo-do-sapucai\/","title":{"rendered":"Escola SESI e SENAI S\u00e3o Gon\u00e7alo Do Sapuca\u00ed &#8211; Jos\u00e9 Bento Nogueira Junqueira"},"content":{"rendered":"\n<figure class=\"wp-block-embed is-type-video is-provider-youtube wp-block-embed-youtube wp-embed-aspect-16-9 wp-has-aspect-ratio\"><div class=\"wp-block-embed__wrapper\">\n<iframe title=\"INSCRI\u00c7\u00d5ES ABERTAS 2025! Com as Escolas SESI, voc\u00ea faz o futuro. Agora.\" width=\"800\" height=\"450\" src=\"https:\/\/www.youtube.com\/embed\/VuimLcOIe1I?feature=oembed\" frameborder=\"0\" allow=\"accelerometer; autoplay; clipboard-write; encrypted-media; gyroscope; picture-in-picture; web-share\" referrerpolicy=\"strict-origin-when-cross-origin\" allowfullscreen><\/iframe>\n<\/div><\/figure>\n\n\n\n<div class=\"wp-block-buttons is-content-justification-center is-layout-flex wp-container-core-buttons-is-layout-a89b3969 wp-block-buttons-is-layout-flex\">\n<div class=\"wp-block-button\"><a class=\"wp-block-button__link has-white-color has-midnight-gradient-background has-text-color has-background wp-element-button\" href=\"https:\/\/sesiescolas.fiemg.com.br\/unidade-jose-bento-nogueira-junqueira?escolas=54273993342\" target=\"_blank\" rel=\"noreferrer noopener\">Inscri\u00e7\u00f5es para 2025 aqui<\/a><\/div>\n<\/div>\n\n\n<p>As\u00a0<a href=\"https:\/\/www.fiemg.com.br\/sesi\/area-de-interesse\/educacao\/escolas-sesi\/\">Escolas SESI MG<\/a>, reconhecidas como refer\u00eancia em educa\u00e7\u00e3o de qualidade, destacam-se no cen\u00e1rio de escola particular em S\u00e3o Gon\u00e7alo do Sapuca\u00ed e Minas Gerais. Da educa\u00e7\u00e3o infantil ao ensino m\u00e9dio, temos o compromisso de oferecer um ensino inovador que integra tecnologia, <a href=\"https:\/\/www.fiemg.com.br\/sesi\/produto\/robotica-no-sesi\">rob\u00f3tica<\/a>\u00a0e\u00a0<a href=\"https:\/\/www.fiemg.com.br\/sesi\/produto\/rede-sesi-de-virtudes\">valores fundamentais para o desenvolvimento humano<\/a>. Assim, nas Escolas SESI, preparamos os alunos n\u00e3o apenas para enfrentar os desafios acad\u00eamicos, mas tamb\u00e9m para se tornarem cidad\u00e3os conscientes e transformadores do futuro.<\/p>\n<h2>Ambiente Inspirador e Educa\u00e7\u00e3o Inovadora<\/h2>\n<p>Al\u00e9m da excel\u00eancia acad\u00eamica, nossas escolas sobressaem-se ao criar ambientes de aprendizado inspiradores. Incentivamos cada estudante a descobrir seu potencial e a abra\u00e7ar novas oportunidades. Junte-se a n\u00f3s e vivencie uma educa\u00e7\u00e3o que vai al\u00e9m do convencional.<\/p>\n<p>Ainda, acreditamos na import\u00e2ncia da pr\u00e1tica aliada \u00e0 teoria. Por isso, oferecemos atividades extracurriculares e projetos que estimulam o pensamento cr\u00edtico, a criatividade e a resolu\u00e7\u00e3o de problemas reais. Essas experi\u00eancias, juntamente com uma abordagem pedag\u00f3gica inovadora, asseguram que nossos alunos se destaquem n\u00e3o s\u00f3 em ambientes acad\u00eamicos, mas tamb\u00e9m em suas futuras carreiras e empreendimentos.<\/p>\n<h2>Prepara\u00e7\u00e3o para o Futuro<\/h2>\n<p>Al\u00e9m disso, nossa equipe de professores, altamente dedicada, busca constantemente formas de impactar positivamente a vida dos alunos. No ambiente das Escolas SESI, focamos al\u00e9m do conte\u00fado tradicional, priorizando habilidades e conhecimentos valiosos para toda a vida.<\/p>\n<p>Dessa forma, com instala\u00e7\u00f5es modernas e recursos atualizados, garantimos a prepara\u00e7\u00e3o constante dos alunos para os desafios do presente e do futuro. Planejamos cada aspecto de nossa abordagem para proporcionar uma experi\u00eancia educacional completa, na qual os alunos n\u00e3o apenas aprendem, mas tamb\u00e9m ganham confian\u00e7a e se preparam para um mundo em constante mudan\u00e7a. Assim, nos destacamos no cen\u00e1rio de escola particular em S\u00e3o Gon\u00e7alo do Sapuca\u00ed.<\/p>\n<h2>Estrutura e Resultados<\/h2>\n<p style=\"text-align: left\">Os estudantes da nossa unidade t\u00eam acesso a <strong>quadras poliesportivas, laborat\u00f3rios, biblioteca e piscina<\/strong>.<\/p>\n<p style=\"text-align: left\">Al\u00e9m disso, somo destaque no <strong>ensino de rob\u00f3tica<\/strong>. A equipe da unidade foi classificada na <strong>Etapa Nacional do Torneio de Rob\u00f3tica 2019<\/strong> e participou da<strong>\u00a0Competi\u00e7\u00e3o Internacional na Turquia 2019<\/strong>.<\/p>\n<p style=\"text-align: left\">Tamb\u00e9m garantimos uma boa prepara\u00e7\u00e3o para o <strong>ENEM<\/strong>. Conseguimos o\u00a0<strong>1\u00ba lugar no ENEM 2019 em S\u00e3o Gon\u00e7alo do Sapuca\u00ed<\/strong>.<\/p>\n<h2 style=\"text-align: left\">Esta unidade oferece<\/h2>\n<ul>\n<li style=\"text-align: left\"><strong style=\"font-size: revert;color: initial\"><a href=\"https:\/\/www.fiemg.com.br\/sesi\/produto\/ensino-fundamental\">Ensino Fundamental<\/a>:<\/strong><span style=\"font-size: revert;color: initial\"> para crian\u00e7as e adolescentes de 6 a 14 anos<\/span><\/li>\n<li style=\"text-align: left\"><strong style=\"font-size: revert;color: initial\"><a href=\"https:\/\/www.fiemg.com.br\/sesi\/produto\/ensino-medio\">Ensino M\u00e9dio<\/a>:<\/strong><span style=\"font-size: revert;color: initial\"> para adolescentes de 15 a 17 anos<\/span><\/li>\n<\/ul>\n<p style=\"text-align: left\" align=\"JUSTIFY\"><strong style=\"text-align: center\">\u00a0<\/strong><\/p>\n<div>\u00a0<\/div>\n\n\n<h2 class=\"wp-block-heading\">Bolsa de Estudos<\/h2>\n\n\n\n<p>O Edital de Estudo Socioecon\u00f4mico para o Programa de Bolsa de Estudo 2024 no SESI MG \u00e9 essencial para alunos em busca de bolsas em uma escola particular em S\u00e3o Gon\u00e7alo do Sapuca\u00ed. Alunos da educa\u00e7\u00e3o infantil ao ensino m\u00e9dio, filhos de trabalhadores da ind\u00fastria ou associados a sindicatos do Sistema FIEMG, devem apresentar documenta\u00e7\u00e3o completa dentro do prazo para avalia\u00e7\u00e3o de sua elegibilidade. O Edital cont\u00e9m todas as instru\u00e7\u00f5es necess\u00e1rias para uma candidatura efetiva ao programa de bolsas das Escolas SESI.<\/p>\n\n\n\n<div class=\"wp-block-buttons is-layout-flex wp-block-buttons-is-layout-flex\">\n<div class=\"wp-block-button has-custom-font-size has-small-font-size\"><a class=\"wp-block-button__link has-white-color has-midnight-gradient-background has-text-color has-background wp-element-button\" href=\"https:\/\/www.fiemg.com.br\/wp-content\/uploads\/2023\/11\/Jose-Bento-Nogueira-Junqueira-Sao-Goncalo-do-Sapucai.pdf\">ACESSE O EDITAL AQUI<\/a><\/div>\n<\/div>\n\n\n\n<p>Documentos necess\u00e1rios para participar do Edital de Estudo Socioecon\u00f4mico:<\/p>\n\n\n\n<div class=\"wp-block-buttons is-layout-flex wp-block-buttons-is-layout-flex\">\n<div class=\"wp-block-button has-custom-font-size is-style-fill has-small-font-size\"><a class=\"wp-block-button__link has-white-color has-midnight-gradient-background has-text-color has-background wp-element-button\" href=\"https:\/\/www.fiemg.com.br\/wp-content\/uploads\/2023\/11\/SESI-267-INDICACAO-.pdf\">INDICA\u00c7\u00c3O<\/a><\/div>\n\n\n\n<div class=\"wp-block-button has-custom-font-size is-style-fill has-small-font-size\"><a class=\"wp-block-button__link has-white-color has-midnight-gradient-background has-text-color has-background wp-element-button\" href=\"https:\/\/www.fiemg.com.br\/wp-content\/uploads\/2023\/11\/Prontuario-do-Grupo-Familiar_Alterado16102023.pdf\">PRONTU\u00c1RIO DO GRUPO FAMILIAR<\/a><\/div>\n\n\n\n<div class=\"wp-block-button has-custom-font-size is-style-fill has-small-font-size\"><a class=\"wp-block-button__link has-white-color has-midnight-gradient-background has-text-color has-background wp-element-button\" href=\"https:\/\/www.fiemg.com.br\/wp-content\/uploads\/2023\/11\/SESI-061-SOLICITACAO-DE-BOLSA.pdf\">SOLICITA\u00c7\u00c3O DE BOLSA<\/a><\/div>\n\n\n\n<div class=\"wp-block-button has-custom-font-size is-style-fill has-small-font-size\"><a class=\"wp-block-button__link has-white-color has-midnight-gradient-background has-text-color has-background wp-element-button\" href=\"https:\/\/www.fiemg.com.br\/wp-content\/uploads\/2023\/11\/Anexo-1-Lista-de-Documentos.pdf\">LISTA DE DOCUMENTOS<\/a><\/div>\n<\/div>\n\n\n\n<p><br><br><br>Acompanhe o SESI MG pelo Instagram:&nbsp;<a href=\"http:\/\/www.instagram.com\/sesimg\" target=\"_blank\" rel=\"noreferrer noopener\">@sesimg<\/a><\/p>\n\n\n\n<p><\/p>\n","protected":false},"featured_media":2168,"parent":0,"menu_order":188,"template":"","unidade":[26,33],"class_list":["post-1309","escolas","type-escolas","status-publish","has-post-thumbnail","hentry","unidade-unidade-senai","unidade-unidade-sesi"],"acf":[],"yoast_head":"<!-- This site is optimized with the Yoast SEO plugin v26.2 - https:\/\/yoast.com\/wordpress\/plugins\/seo\/ -->\n<title>Escola SESI - S\u00e3o Gon\u00e7alo do Sapuca\u00ed<\/title>\n<meta name=\"description\" content=\"Educa\u00e7\u00e3o infantil ao ensino m\u00e9dio. Foco no desenvolvimento humano, rob\u00f3tica e recursos tecnol\u00f3gicos. Escola particular em S\u00e3o Gon\u00e7alo do Sapuca\u00ed.\" \/>\n<meta name=\"robots\" content=\"index, follow, max-snippet:-1, max-image-preview:large, max-video-preview:-1\" \/>\n<link rel=\"canonical\" href=\"https:\/\/www.fiemg.com.br\/regional-sul\/unidades\/escola-sesi-sao-goncalo-do-sapucai\/\" \/>\n<meta property=\"og:locale\" content=\"pt_BR\" \/>\n<meta property=\"og:type\" content=\"article\" \/>\n<meta property=\"og:title\" content=\"Escola SESI - S\u00e3o Gon\u00e7alo do Sapuca\u00ed\" \/>\n<meta property=\"og:description\" content=\"Educa\u00e7\u00e3o infantil ao ensino m\u00e9dio. Foco no desenvolvimento humano, rob\u00f3tica e recursos tecnol\u00f3gicos. Escola particular em S\u00e3o Gon\u00e7alo do Sapuca\u00ed.\" \/>\n<meta property=\"og:url\" content=\"https:\/\/www.fiemg.com.br\/regional-sul\/unidades\/escola-sesi-sao-goncalo-do-sapucai\/\" \/>\n<meta property=\"og:site_name\" content=\"Regional Sul\" \/>\n<meta property=\"article:modified_time\" content=\"2024-08-14T22:09:31+00:00\" \/>\n<meta property=\"og:image\" content=\"https:\/\/www.fiemg.com.br\/regional-sul\/wp-content\/uploads\/sites\/20\/2023\/09\/escola-particular-sao-goncalo-sapucai-matricula-sesi.webp\" \/>\n\t<meta property=\"og:image:width\" content=\"1920\" \/>\n\t<meta property=\"og:image:height\" content=\"310\" \/>\n\t<meta property=\"og:image:type\" content=\"image\/webp\" \/>\n<meta name=\"twitter:card\" content=\"summary_large_image\" \/>\n<meta name=\"twitter:label1\" content=\"Est. tempo de leitura\" \/>\n\t<meta name=\"twitter:data1\" content=\"3 minutos\" \/>\n<script type=\"application\/ld+json\" class=\"yoast-schema-graph\">{\"@context\":\"https:\/\/schema.org\",\"@graph\":[{\"@type\":\"WebPage\",\"@id\":\"https:\/\/www.fiemg.com.br\/regional-sul\/unidades\/escola-sesi-sao-goncalo-do-sapucai\/\",\"url\":\"https:\/\/www.fiemg.com.br\/regional-sul\/unidades\/escola-sesi-sao-goncalo-do-sapucai\/\",\"name\":\"Escola SESI - S\u00e3o Gon\u00e7alo do Sapuca\u00ed\",\"isPartOf\":{\"@id\":\"https:\/\/www.fiemg.com.br\/regional-sul\/#website\"},\"primaryImageOfPage\":{\"@id\":\"https:\/\/www.fiemg.com.br\/regional-sul\/unidades\/escola-sesi-sao-goncalo-do-sapucai\/#primaryimage\"},\"image\":{\"@id\":\"https:\/\/www.fiemg.com.br\/regional-sul\/unidades\/escola-sesi-sao-goncalo-do-sapucai\/#primaryimage\"},\"thumbnailUrl\":\"https:\/\/www.fiemg.com.br\/regional-sul\/wp-content\/uploads\/sites\/20\/2024\/08\/SI-001724H_SESI_matriculas_Gigabanner-1.png\",\"datePublished\":\"2023-11-17T04:00:00+00:00\",\"dateModified\":\"2024-08-14T22:09:31+00:00\",\"description\":\"Educa\u00e7\u00e3o infantil ao ensino m\u00e9dio. Foco no desenvolvimento humano, rob\u00f3tica e recursos tecnol\u00f3gicos. Escola particular em S\u00e3o Gon\u00e7alo do Sapuca\u00ed.\",\"breadcrumb\":{\"@id\":\"https:\/\/www.fiemg.com.br\/regional-sul\/unidades\/escola-sesi-sao-goncalo-do-sapucai\/#breadcrumb\"},\"inLanguage\":\"pt-BR\",\"potentialAction\":[{\"@type\":\"ReadAction\",\"target\":[\"https:\/\/www.fiemg.com.br\/regional-sul\/unidades\/escola-sesi-sao-goncalo-do-sapucai\/\"]}]},{\"@type\":\"ImageObject\",\"inLanguage\":\"pt-BR\",\"@id\":\"https:\/\/www.fiemg.com.br\/regional-sul\/unidades\/escola-sesi-sao-goncalo-do-sapucai\/#primaryimage\",\"url\":\"https:\/\/www.fiemg.com.br\/regional-sul\/wp-content\/uploads\/sites\/20\/2024\/08\/SI-001724H_SESI_matriculas_Gigabanner-1.png\",\"contentUrl\":\"https:\/\/www.fiemg.com.br\/regional-sul\/wp-content\/uploads\/sites\/20\/2024\/08\/SI-001724H_SESI_matriculas_Gigabanner-1.png\",\"width\":1920,\"height\":310,\"caption\":\"Com as Escolas SESI, voc\u00ea faz o futuro. Agora!\"},{\"@type\":\"BreadcrumbList\",\"@id\":\"https:\/\/www.fiemg.com.br\/regional-sul\/unidades\/escola-sesi-sao-goncalo-do-sapucai\/#breadcrumb\",\"itemListElement\":[{\"@type\":\"ListItem\",\"position\":1,\"name\":\"In\u00edcio\",\"item\":\"https:\/\/www.fiemg.com.br\/regional-sul\/\"},{\"@type\":\"ListItem\",\"position\":2,\"name\":\"Escola SESI e SENAI S\u00e3o Gon\u00e7alo Do Sapuca\u00ed &#8211; Jos\u00e9 Bento Nogueira Junqueira\"}]},{\"@type\":\"WebSite\",\"@id\":\"https:\/\/www.fiemg.com.br\/regional-sul\/#website\",\"url\":\"https:\/\/www.fiemg.com.br\/regional-sul\/\",\"name\":\"Regional Sul\",\"description\":\"Federa\u00e7\u00e3o das Ind\u00fastrias do Estado de Minas Gerais\",\"publisher\":{\"@id\":\"https:\/\/www.fiemg.com.br\/regional-sul\/#organization\"},\"potentialAction\":[{\"@type\":\"SearchAction\",\"target\":{\"@type\":\"EntryPoint\",\"urlTemplate\":\"https:\/\/www.fiemg.com.br\/regional-sul\/?s={search_term_string}\"},\"query-input\":{\"@type\":\"PropertyValueSpecification\",\"valueRequired\":true,\"valueName\":\"search_term_string\"}}],\"inLanguage\":\"pt-BR\"},{\"@type\":\"Organization\",\"@id\":\"https:\/\/www.fiemg.com.br\/regional-sul\/#organization\",\"name\":\"Regional Sul\",\"url\":\"https:\/\/www.fiemg.com.br\/regional-sul\/\",\"logo\":{\"@type\":\"ImageObject\",\"inLanguage\":\"pt-BR\",\"@id\":\"https:\/\/www.fiemg.com.br\/regional-sul\/#\/schema\/logo\/image\/\",\"url\":\"https:\/\/www.fiemg.com.br\/regional-sul\/wp-content\/uploads\/sites\/20\/2023\/02\/Ativo-1.png\",\"contentUrl\":\"https:\/\/www.fiemg.com.br\/regional-sul\/wp-content\/uploads\/sites\/20\/2023\/02\/Ativo-1.png\",\"width\":563,\"height\":149,\"caption\":\"Regional Sul\"},\"image\":{\"@id\":\"https:\/\/www.fiemg.com.br\/regional-sul\/#\/schema\/logo\/image\/\"}}]}<\/script>\n<!-- \/ Yoast SEO plugin. -->","yoast_head_json":{"title":"Escola SESI - S\u00e3o Gon\u00e7alo do Sapuca\u00ed","description":"Educa\u00e7\u00e3o infantil ao ensino m\u00e9dio. Foco no desenvolvimento humano, rob\u00f3tica e recursos tecnol\u00f3gicos. Escola particular em S\u00e3o Gon\u00e7alo do Sapuca\u00ed.","robots":{"index":"index","follow":"follow","max-snippet":"max-snippet:-1","max-image-preview":"max-image-preview:large","max-video-preview":"max-video-preview:-1"},"canonical":"https:\/\/www.fiemg.com.br\/regional-sul\/unidades\/escola-sesi-sao-goncalo-do-sapucai\/","og_locale":"pt_BR","og_type":"article","og_title":"Escola SESI - S\u00e3o Gon\u00e7alo do Sapuca\u00ed","og_description":"Educa\u00e7\u00e3o infantil ao ensino m\u00e9dio. Foco no desenvolvimento humano, rob\u00f3tica e recursos tecnol\u00f3gicos. Escola particular em S\u00e3o Gon\u00e7alo do Sapuca\u00ed.","og_url":"https:\/\/www.fiemg.com.br\/regional-sul\/unidades\/escola-sesi-sao-goncalo-do-sapucai\/","og_site_name":"Regional Sul","article_modified_time":"2024-08-14T22:09:31+00:00","og_image":[{"width":1920,"height":310,"url":"https:\/\/www.fiemg.com.br\/regional-sul\/wp-content\/uploads\/sites\/20\/2023\/09\/escola-particular-sao-goncalo-sapucai-matricula-sesi.webp","type":"image\/webp"}],"twitter_card":"summary_large_image","twitter_misc":{"Est. tempo de leitura":"3 minutos"},"schema":{"@context":"https:\/\/schema.org","@graph":[{"@type":"WebPage","@id":"https:\/\/www.fiemg.com.br\/regional-sul\/unidades\/escola-sesi-sao-goncalo-do-sapucai\/","url":"https:\/\/www.fiemg.com.br\/regional-sul\/unidades\/escola-sesi-sao-goncalo-do-sapucai\/","name":"Escola SESI - S\u00e3o Gon\u00e7alo do Sapuca\u00ed","isPartOf":{"@id":"https:\/\/www.fiemg.com.br\/regional-sul\/#website"},"primaryImageOfPage":{"@id":"https:\/\/www.fiemg.com.br\/regional-sul\/unidades\/escola-sesi-sao-goncalo-do-sapucai\/#primaryimage"},"image":{"@id":"https:\/\/www.fiemg.com.br\/regional-sul\/unidades\/escola-sesi-sao-goncalo-do-sapucai\/#primaryimage"},"thumbnailUrl":"https:\/\/www.fiemg.com.br\/regional-sul\/wp-content\/uploads\/sites\/20\/2024\/08\/SI-001724H_SESI_matriculas_Gigabanner-1.png","datePublished":"2023-11-17T04:00:00+00:00","dateModified":"2024-08-14T22:09:31+00:00","description":"Educa\u00e7\u00e3o infantil ao ensino m\u00e9dio. Foco no desenvolvimento humano, rob\u00f3tica e recursos tecnol\u00f3gicos. Escola particular em S\u00e3o Gon\u00e7alo do Sapuca\u00ed.","breadcrumb":{"@id":"https:\/\/www.fiemg.com.br\/regional-sul\/unidades\/escola-sesi-sao-goncalo-do-sapucai\/#breadcrumb"},"inLanguage":"pt-BR","potentialAction":[{"@type":"ReadAction","target":["https:\/\/www.fiemg.com.br\/regional-sul\/unidades\/escola-sesi-sao-goncalo-do-sapucai\/"]}]},{"@type":"ImageObject","inLanguage":"pt-BR","@id":"https:\/\/www.fiemg.com.br\/regional-sul\/unidades\/escola-sesi-sao-goncalo-do-sapucai\/#primaryimage","url":"https:\/\/www.fiemg.com.br\/regional-sul\/wp-content\/uploads\/sites\/20\/2024\/08\/SI-001724H_SESI_matriculas_Gigabanner-1.png","contentUrl":"https:\/\/www.fiemg.com.br\/regional-sul\/wp-content\/uploads\/sites\/20\/2024\/08\/SI-001724H_SESI_matriculas_Gigabanner-1.png","width":1920,"height":310,"caption":"Com as Escolas SESI, voc\u00ea faz o futuro. Agora!"},{"@type":"BreadcrumbList","@id":"https:\/\/www.fiemg.com.br\/regional-sul\/unidades\/escola-sesi-sao-goncalo-do-sapucai\/#breadcrumb","itemListElement":[{"@type":"ListItem","position":1,"name":"In\u00edcio","item":"https:\/\/www.fiemg.com.br\/regional-sul\/"},{"@type":"ListItem","position":2,"name":"Escola SESI e SENAI S\u00e3o Gon\u00e7alo Do Sapuca\u00ed &#8211; Jos\u00e9 Bento Nogueira Junqueira"}]},{"@type":"WebSite","@id":"https:\/\/www.fiemg.com.br\/regional-sul\/#website","url":"https:\/\/www.fiemg.com.br\/regional-sul\/","name":"Regional Sul","description":"Federa\u00e7\u00e3o das Ind\u00fastrias do Estado de Minas Gerais","publisher":{"@id":"https:\/\/www.fiemg.com.br\/regional-sul\/#organization"},"potentialAction":[{"@type":"SearchAction","target":{"@type":"EntryPoint","urlTemplate":"https:\/\/www.fiemg.com.br\/regional-sul\/?s={search_term_string}"},"query-input":{"@type":"PropertyValueSpecification","valueRequired":true,"valueName":"search_term_string"}}],"inLanguage":"pt-BR"},{"@type":"Organization","@id":"https:\/\/www.fiemg.com.br\/regional-sul\/#organization","name":"Regional Sul","url":"https:\/\/www.fiemg.com.br\/regional-sul\/","logo":{"@type":"ImageObject","inLanguage":"pt-BR","@id":"https:\/\/www.fiemg.com.br\/regional-sul\/#\/schema\/logo\/image\/","url":"https:\/\/www.fiemg.com.br\/regional-sul\/wp-content\/uploads\/sites\/20\/2023\/02\/Ativo-1.png","contentUrl":"https:\/\/www.fiemg.com.br\/regional-sul\/wp-content\/uploads\/sites\/20\/2023\/02\/Ativo-1.png","width":563,"height":149,"caption":"Regional Sul"},"image":{"@id":"https:\/\/www.fiemg.com.br\/regional-sul\/#\/schema\/logo\/image\/"}}]}},"_links":{"self":[{"href":"https:\/\/www.fiemg.com.br\/regional-sul\/wp-json\/wp\/v2\/escolas\/1309","targetHints":{"allow":["GET"]}}],"collection":[{"href":"https:\/\/www.fiemg.com.br\/regional-sul\/wp-json\/wp\/v2\/escolas"}],"about":[{"href":"https:\/\/www.fiemg.com.br\/regional-sul\/wp-json\/wp\/v2\/types\/escolas"}],"wp:featuredmedia":[{"embeddable":true,"href":"https:\/\/www.fiemg.com.br\/regional-sul\/wp-json\/wp\/v2\/media\/2168"}],"wp:attachment":[{"href":"https:\/\/www.fiemg.com.br\/regional-sul\/wp-json\/wp\/v2\/media?parent=1309"}],"wp:term":[{"taxonomy":"unidade","embeddable":true,"href":"https:\/\/www.fiemg.com.br\/regional-sul\/wp-json\/wp\/v2\/unidade?post=1309"}],"curies":[{"name":"wp","href":"https:\/\/api.w.org\/{rel}","templated":true}]}}