{"id":1029,"date":"2023-06-24T20:54:46","date_gmt":"2023-06-24T23:54:46","guid":{"rendered":"https:\/\/www.fiemg.com.br\/regional-sul\/blog\/"},"modified":"2025-06-17T10:27:45","modified_gmt":"2025-06-17T13:27:45","slug":"noticias","status":"publish","type":"page","link":"https:\/\/www.fiemg.com.br\/regional-sul\/noticias\/","title":{"rendered":"Noticias"},"content":{"rendered":"\t\t<div data-elementor-type=\"wp-page\" data-elementor-id=\"1029\" class=\"elementor elementor-1029\" data-elementor-post-type=\"page\">\n\t\t\t\t<div class=\"has_ae_slider elementor-element elementor-element-0f35dd5 e-flex e-con-boxed ae-bg-gallery-type-default e-con e-parent\" data-id=\"0f35dd5\" data-element_type=\"container\">\n\t\t\t\t\t<div class=\"e-con-inner\">\n\t\t\t\t<div class=\"elementor-element elementor-element-cd8f3b9 elementor-widget elementor-widget-heading\" data-id=\"cd8f3b9\" data-element_type=\"widget\" data-widget_type=\"heading.default\">\n\t\t\t\t<div class=\"elementor-widget-container\">\n\t\t\t\t\t<h2 class=\"elementor-heading-title elementor-size-default\">Not\u00edcias<\/h2>\t\t\t\t<\/div>\n\t\t\t\t<\/div>\n\t\t\t\t<div class=\"elementor-element elementor-element-abbf06d elementor-widget elementor-widget-jet-listing-grid\" data-id=\"abbf06d\" data-element_type=\"widget\" data-settings=\"{&quot;columns&quot;:&quot;4&quot;,&quot;columns_tablet&quot;:&quot;2&quot;,&quot;columns_mobile&quot;:&quot;1&quot;}\" data-widget_type=\"jet-listing-grid.default\">\n\t\t\t\t<div class=\"elementor-widget-container\">\n\t\t\t\t\t<div class=\"jet-listing-grid jet-listing\"><div class=\"jet-listing-grid__items grid-col-desk-4 grid-col-tablet-2 grid-col-mobile-1 jet-listing-grid--2696\" data-queried-id=\"1029|WP_Post\" data-nav=\"{&quot;enabled&quot;:true,&quot;type&quot;:&quot;click&quot;,&quot;more_el&quot;:&quot;#load-more&quot;,&quot;query&quot;:{&quot;post_status&quot;:[&quot;publish&quot;],&quot;post_type&quot;:&quot;noticias&quot;,&quot;posts_per_page&quot;:&quot;12&quot;,&quot;paged&quot;:&quot;1&quot;,&quot;ignore_sticky_posts&quot;:&quot;1&quot;,&quot;suppress_filters&quot;:false,&quot;jet_smart_filters&quot;:&quot;jet-engine\\\/default&quot;,&quot;signature&quot;:&quot;79caf4dff4016a0e5a84d11f95054ea6146efa2fed2bf41d4ebab2b22b343683&quot;},&quot;widget_settings&quot;:{&quot;lisitng_id&quot;:2696,&quot;posts_num&quot;:12,&quot;columns&quot;:4,&quot;columns_tablet&quot;:2,&quot;columns_mobile&quot;:1,&quot;column_min_width&quot;:240,&quot;column_min_width_tablet&quot;:240,&quot;column_min_width_mobile&quot;:240,&quot;inline_columns_css&quot;:false,&quot;is_archive_template&quot;:&quot;&quot;,&quot;post_status&quot;:[&quot;publish&quot;],&quot;use_random_posts_num&quot;:&quot;&quot;,&quot;max_posts_num&quot;:9,&quot;not_found_message&quot;:&quot;N\\u00e3o h\\u00e1 not\\u00edcias&quot;,&quot;is_masonry&quot;:false,&quot;equal_columns_height&quot;:&quot;&quot;,&quot;use_load_more&quot;:&quot;yes&quot;,&quot;load_more_id&quot;:&quot;load-more&quot;,&quot;load_more_type&quot;:&quot;click&quot;,&quot;load_more_offset&quot;:{&quot;unit&quot;:&quot;px&quot;,&quot;size&quot;:0,&quot;sizes&quot;:[]},&quot;use_custom_post_types&quot;:&quot;&quot;,&quot;custom_post_types&quot;:[],&quot;hide_widget_if&quot;:&quot;&quot;,&quot;carousel_enabled&quot;:&quot;&quot;,&quot;slides_to_scroll&quot;:&quot;1&quot;,&quot;arrows&quot;:&quot;true&quot;,&quot;arrow_icon&quot;:&quot;fa fa-angle-left&quot;,&quot;dots&quot;:&quot;&quot;,&quot;autoplay&quot;:&quot;true&quot;,&quot;pause_on_hover&quot;:&quot;true&quot;,&quot;autoplay_speed&quot;:5000,&quot;infinite&quot;:&quot;true&quot;,&quot;center_mode&quot;:&quot;&quot;,&quot;effect&quot;:&quot;slide&quot;,&quot;speed&quot;:500,&quot;inject_alternative_items&quot;:&quot;&quot;,&quot;injection_items&quot;:[],&quot;scroll_slider_enabled&quot;:&quot;&quot;,&quot;scroll_slider_on&quot;:[&quot;desktop&quot;,&quot;tablet&quot;,&quot;mobile&quot;],&quot;custom_query&quot;:false,&quot;custom_query_id&quot;:&quot;&quot;,&quot;_element_id&quot;:&quot;&quot;,&quot;collapse_first_last_gap&quot;:false,&quot;list_tag_selection&quot;:&quot;&quot;,&quot;list_items_wrapper_tag&quot;:&quot;div&quot;,&quot;list_item_tag&quot;:&quot;div&quot;,&quot;empty_items_wrapper_tag&quot;:&quot;div&quot;}}\" data-page=\"1\" data-pages=\"13\" data-listing-source=\"posts\" data-listing-id=\"2696\" data-query-id=\"\"><style>.elementor-2696 .elementor-element.elementor-element-eb33079{--display:flex;--flex-direction:column;--container-widget-width:calc( ( 1 - var( --container-widget-flex-grow ) ) * 100% );--container-widget-height:initial;--container-widget-flex-grow:0;--container-widget-align-self:initial;--flex-wrap-mobile:wrap;--justify-content:center;--align-items:flex-start;--gap:10px 10px;--row-gap:10px;--column-gap:10px;}.elementor-2696 .elementor-element.elementor-element-2514dd1{--display:flex;--flex-direction:column;--container-widget-width:calc( ( 1 - var( --container-widget-flex-grow ) ) * 100% );--container-widget-height:initial;--container-widget-flex-grow:0;--container-widget-align-self:initial;--flex-wrap-mobile:wrap;--justify-content:flex-start;--align-items:flex-start;--margin-top:0px;--margin-bottom:0px;--margin-left:0px;--margin-right:0px;--padding-top:0px;--padding-bottom:0px;--padding-left:0px;--padding-right:0px;}.elementor-widget-image .widget-image-caption{color:var( --e-global-color-text );font-family:var( --e-global-typography-text-font-family ), Sans-serif;font-weight:var( --e-global-typography-text-font-weight );}.elementor-2696 .elementor-element.elementor-element-402a511 img{width:100%;max-width:100%;height:250px;object-fit:cover;object-position:center center;border-radius:10px 10px 10px 10px;}.elementor-2696 .elementor-element.elementor-element-6cc2dce .jet-listing-dynamic-meta{text-align:flex-start;}.elementor-2696 .elementor-element.elementor-element-6cc2dce .jet-listing-dynamic-meta__item, .elementor-2696 .elementor-element.elementor-element-6cc2dce .jet-listing-dynamic-meta__item-val{font-size:14px;}.elementor-2696 .elementor-element.elementor-element-6cc2dce .jet-listing-dynamic-meta__item{color:var( --e-global-color-text );}.elementor-2696 .elementor-element.elementor-element-6cc2dce .jet-listing-dynamic-meta__item-val{color:var( --e-global-color-text );}.elementor-widget-heading .elementor-heading-title{font-family:var( --e-global-typography-primary-font-family ), Sans-serif;font-weight:var( --e-global-typography-primary-font-weight );color:var( --e-global-color-primary );}.elementor-2696 .elementor-element.elementor-element-c43500c .elementor-heading-title{font-family:\"Noto Sans\", Sans-serif;font-size:20px;font-weight:500;line-height:24px;}@media(min-width:768px){.elementor-2696 .elementor-element.elementor-element-eb33079{--width:100%;}}<\/style><div class=\"jet-listing-grid__item jet-listing-dynamic-post-3060\" data-post-id=\"3060\"  >\t\t<div data-elementor-type=\"jet-listing-items\" data-elementor-id=\"2696\" class=\"elementor elementor-2696\" data-elementor-post-type=\"jet-engine\">\n\t\t\t\t<div class=\"has_ae_slider elementor-element elementor-element-eb33079 e-con-full e-flex ae-bg-gallery-type-default e-con e-parent\" data-id=\"eb33079\" data-element_type=\"container\">\n\t\t<div class=\"has_ae_slider elementor-element elementor-element-2514dd1 e-con-full e-flex ae-bg-gallery-type-default e-con e-child\" data-id=\"2514dd1\" data-element_type=\"container\">\n\t\t\t\t<div class=\"elementor-element elementor-element-402a511 elementor-widget elementor-widget-image\" data-id=\"402a511\" data-element_type=\"widget\" data-widget_type=\"image.default\">\n\t\t\t\t<div class=\"elementor-widget-container\">\n\t\t\t\t\t\t\t\t\t\t\t\t<figure class=\"wp-caption\">\n\t\t\t\t\t\t\t\t\t\t\t<a href=\"https:\/\/www.fiemg.com.br\/regional-sul\/noticias\/fiemg-alerta-para-aumento-de-custos-com-bandeira-amarela-em-maio\/\">\n\t\t\t\t\t\t\t<img decoding=\"async\" src=\"https:\/\/www.fiemg.com.br\/regional-sul\/wp-content\/uploads\/sites\/20\/elementor\/thumbs\/bandeira-fiemg-1-rmhvbx3gsvneu2btf2n1r4u0mz41muz0pkz2vkhtkw.jpeg\" title=\"bandeira fiemg\" alt=\"bandeira fiemg\" loading=\"lazy\" \/>\t\t\t\t\t\t\t\t<\/a>\n\t\t\t\t\t\t\t\t\t\t\t<figcaption class=\"widget-image-caption wp-caption-text\"><\/figcaption>\n\t\t\t\t\t\t\t\t\t\t<\/figure>\n\t\t\t\t\t\t\t\t\t<\/div>\n\t\t\t\t<\/div>\n\t\t\t\t<\/div>\n\t\t\t\t<div class=\"elementor-element elementor-element-6cc2dce elementor-widget elementor-widget-jet-listing-dynamic-meta\" data-id=\"6cc2dce\" data-element_type=\"widget\" data-widget_type=\"jet-listing-dynamic-meta.default\">\n\t\t\t\t<div class=\"elementor-widget-container\">\n\t\t\t\t\t<div class=\"jet-listing jet-listing-dynamic-meta meta-layout-inline\"><div class=\"jet-listing-dynamic-meta__date jet-listing-dynamic-meta__item\"><a href=\"https:\/\/www.fiemg.com.br\/regional-sul\/noticias\/fiemg-alerta-para-aumento-de-custos-com-bandeira-amarela-em-maio\/\" class=\"jet-listing-dynamic-meta__item-val\">24\/04\/2026<\/a><\/div><\/div>\t\t\t\t<\/div>\n\t\t\t\t<\/div>\n\t\t\t\t<div class=\"elementor-element elementor-element-c43500c elementor-widget elementor-widget-heading\" data-id=\"c43500c\" data-element_type=\"widget\" data-widget_type=\"heading.default\">\n\t\t\t\t<div class=\"elementor-widget-container\">\n\t\t\t\t\t<h3 class=\"elementor-heading-title elementor-size-default\"><a href=\"https:\/\/www.fiemg.com.br\/regional-sul\/noticias\/fiemg-alerta-para-aumento-de-custos-com-bandeira-amarela-em-maio\/\">FIEMG alerta para aumento de custos com bandeira amarela em maio<\/a><\/h3>\t\t\t\t<\/div>\n\t\t\t\t<\/div>\n\t\t\t\t<\/div>\n\t\t\t\t<\/div>\n\t\t<\/div><div class=\"jet-listing-grid__item jet-listing-dynamic-post-3058\" data-post-id=\"3058\"  >\t\t<div data-elementor-type=\"jet-listing-items\" data-elementor-id=\"2696\" class=\"elementor elementor-2696\" data-elementor-post-type=\"jet-engine\">\n\t\t\t\t<div class=\"has_ae_slider elementor-element elementor-element-eb33079 e-con-full e-flex ae-bg-gallery-type-default e-con e-parent\" data-id=\"eb33079\" data-element_type=\"container\">\n\t\t<div class=\"has_ae_slider elementor-element elementor-element-2514dd1 e-con-full e-flex ae-bg-gallery-type-default e-con e-child\" data-id=\"2514dd1\" data-element_type=\"container\">\n\t\t\t\t<div class=\"elementor-element elementor-element-402a511 elementor-widget elementor-widget-image\" data-id=\"402a511\" data-element_type=\"widget\" data-widget_type=\"image.default\">\n\t\t\t\t<div class=\"elementor-widget-container\">\n\t\t\t\t\t\t\t\t\t\t\t\t<figure class=\"wp-caption\">\n\t\t\t\t\t\t\t\t\t\t\t<a href=\"https:\/\/www.fiemg.com.br\/regional-sul\/noticias\/fiemg-apresenta-solucoes-integradas-ao-governo-de-minas-em-reuniao-estrategica-em-pocos-de-caldas\/\">\n\t\t\t\t\t\t\t<img decoding=\"async\" src=\"https:\/\/www.fiemg.com.br\/regional-sul\/wp-content\/uploads\/sites\/20\/elementor\/thumbs\/capa-site-scaled-rm21lyp3sz2fdm6l5j5rir05322m13vcuq7h8at6gw.jpg\" title=\"capa site\" alt=\"capa site\" loading=\"lazy\" \/>\t\t\t\t\t\t\t\t<\/a>\n\t\t\t\t\t\t\t\t\t\t\t<figcaption class=\"widget-image-caption wp-caption-text\"><\/figcaption>\n\t\t\t\t\t\t\t\t\t\t<\/figure>\n\t\t\t\t\t\t\t\t\t<\/div>\n\t\t\t\t<\/div>\n\t\t\t\t<\/div>\n\t\t\t\t<div class=\"elementor-element elementor-element-6cc2dce elementor-widget elementor-widget-jet-listing-dynamic-meta\" data-id=\"6cc2dce\" data-element_type=\"widget\" data-widget_type=\"jet-listing-dynamic-meta.default\">\n\t\t\t\t<div class=\"elementor-widget-container\">\n\t\t\t\t\t<div class=\"jet-listing jet-listing-dynamic-meta meta-layout-inline\"><div class=\"jet-listing-dynamic-meta__date jet-listing-dynamic-meta__item\"><a href=\"https:\/\/www.fiemg.com.br\/regional-sul\/noticias\/fiemg-apresenta-solucoes-integradas-ao-governo-de-minas-em-reuniao-estrategica-em-pocos-de-caldas\/\" class=\"jet-listing-dynamic-meta__item-val\">15\/04\/2026<\/a><\/div><\/div>\t\t\t\t<\/div>\n\t\t\t\t<\/div>\n\t\t\t\t<div class=\"elementor-element elementor-element-c43500c elementor-widget elementor-widget-heading\" data-id=\"c43500c\" data-element_type=\"widget\" data-widget_type=\"heading.default\">\n\t\t\t\t<div class=\"elementor-widget-container\">\n\t\t\t\t\t<h3 class=\"elementor-heading-title elementor-size-default\"><a href=\"https:\/\/www.fiemg.com.br\/regional-sul\/noticias\/fiemg-apresenta-solucoes-integradas-ao-governo-de-minas-em-reuniao-estrategica-em-pocos-de-caldas\/\">FIEMG apresenta solu\u00e7\u00f5es integradas ao Governo de Minas em reuni\u00e3o estrat\u00e9gica em Po\u00e7os de Caldas<\/a><\/h3>\t\t\t\t<\/div>\n\t\t\t\t<\/div>\n\t\t\t\t<\/div>\n\t\t\t\t<\/div>\n\t\t<\/div><div class=\"jet-listing-grid__item jet-listing-dynamic-post-3054\" data-post-id=\"3054\"  >\t\t<div data-elementor-type=\"jet-listing-items\" data-elementor-id=\"2696\" class=\"elementor elementor-2696\" data-elementor-post-type=\"jet-engine\">\n\t\t\t\t<div class=\"has_ae_slider elementor-element elementor-element-eb33079 e-con-full e-flex ae-bg-gallery-type-default e-con e-parent\" data-id=\"eb33079\" data-element_type=\"container\">\n\t\t<div class=\"has_ae_slider elementor-element elementor-element-2514dd1 e-con-full e-flex ae-bg-gallery-type-default e-con e-child\" data-id=\"2514dd1\" data-element_type=\"container\">\n\t\t\t\t<div class=\"elementor-element elementor-element-402a511 elementor-widget elementor-widget-image\" data-id=\"402a511\" data-element_type=\"widget\" data-widget_type=\"image.default\">\n\t\t\t\t<div class=\"elementor-widget-container\">\n\t\t\t\t\t\t\t\t\t\t\t\t<figure class=\"wp-caption\">\n\t\t\t\t\t\t\t\t\t\t\t<a href=\"https:\/\/www.fiemg.com.br\/regional-sul\/noticias\/fiemg-critica-fim-da-escala-6x1-e-destaca-impacto-no-pib-e-no-emprego\/\">\n\t\t\t\t\t\t\t<img decoding=\"async\" src=\"https:\/\/www.fiemg.com.br\/regional-sul\/wp-content\/uploads\/sites\/20\/elementor\/thumbs\/sistema-fiemg-mini-rm1zcpjd0ju3r47jmeqrz95ofykcn1aock0fr7accg.png\" title=\"sistema fiemg mini\" alt=\"sistema fiemg mini\" loading=\"lazy\" \/>\t\t\t\t\t\t\t\t<\/a>\n\t\t\t\t\t\t\t\t\t\t\t<figcaption class=\"widget-image-caption wp-caption-text\"><\/figcaption>\n\t\t\t\t\t\t\t\t\t\t<\/figure>\n\t\t\t\t\t\t\t\t\t<\/div>\n\t\t\t\t<\/div>\n\t\t\t\t<\/div>\n\t\t\t\t<div class=\"elementor-element elementor-element-6cc2dce elementor-widget elementor-widget-jet-listing-dynamic-meta\" data-id=\"6cc2dce\" data-element_type=\"widget\" data-widget_type=\"jet-listing-dynamic-meta.default\">\n\t\t\t\t<div class=\"elementor-widget-container\">\n\t\t\t\t\t<div class=\"jet-listing jet-listing-dynamic-meta meta-layout-inline\"><div class=\"jet-listing-dynamic-meta__date jet-listing-dynamic-meta__item\"><a href=\"https:\/\/www.fiemg.com.br\/regional-sul\/noticias\/fiemg-critica-fim-da-escala-6x1-e-destaca-impacto-no-pib-e-no-emprego\/\" class=\"jet-listing-dynamic-meta__item-val\">15\/04\/2026<\/a><\/div><\/div>\t\t\t\t<\/div>\n\t\t\t\t<\/div>\n\t\t\t\t<div class=\"elementor-element elementor-element-c43500c elementor-widget elementor-widget-heading\" data-id=\"c43500c\" data-element_type=\"widget\" data-widget_type=\"heading.default\">\n\t\t\t\t<div class=\"elementor-widget-container\">\n\t\t\t\t\t<h3 class=\"elementor-heading-title elementor-size-default\"><a href=\"https:\/\/www.fiemg.com.br\/regional-sul\/noticias\/fiemg-critica-fim-da-escala-6x1-e-destaca-impacto-no-pib-e-no-emprego\/\">FIEMG critica fim da escala 6&#215;1 e destaca impacto no PIB e no emprego<\/a><\/h3>\t\t\t\t<\/div>\n\t\t\t\t<\/div>\n\t\t\t\t<\/div>\n\t\t\t\t<\/div>\n\t\t<\/div><div class=\"jet-listing-grid__item jet-listing-dynamic-post-3051\" data-post-id=\"3051\"  >\t\t<div data-elementor-type=\"jet-listing-items\" data-elementor-id=\"2696\" class=\"elementor elementor-2696\" data-elementor-post-type=\"jet-engine\">\n\t\t\t\t<div class=\"has_ae_slider elementor-element elementor-element-eb33079 e-con-full e-flex ae-bg-gallery-type-default e-con e-parent\" data-id=\"eb33079\" data-element_type=\"container\">\n\t\t<div class=\"has_ae_slider elementor-element elementor-element-2514dd1 e-con-full e-flex ae-bg-gallery-type-default e-con e-child\" data-id=\"2514dd1\" data-element_type=\"container\">\n\t\t\t\t<div class=\"elementor-element elementor-element-402a511 elementor-widget elementor-widget-image\" data-id=\"402a511\" data-element_type=\"widget\" data-widget_type=\"image.default\">\n\t\t\t\t<div class=\"elementor-widget-container\">\n\t\t\t\t\t\t\t\t\t\t\t\t<figure class=\"wp-caption\">\n\t\t\t\t\t\t\t\t\t\t\t<a href=\"https:\/\/www.fiemg.com.br\/regional-sul\/noticias\/conflito-no-oriente-medio-pode-elevar-inflacao-no-brasil-em-ate-766-e-reduzir-atividade-economica-aponta-fiemg\/\">\n\t\t\t\t\t\t\t<img decoding=\"async\" src=\"https:\/\/www.fiemg.com.br\/regional-sul\/wp-content\/uploads\/sites\/20\/elementor\/thumbs\/Thumb-9-rlpx07usagnpjj32qy7gykgqeau8qgidj3yshpo2kg.jpg\" title=\"Thumb (9)\" alt=\"Cr\u00e9ditos: Ag\u00eancia de Not\u00edcias da republica Isl\u00e2mica\" loading=\"lazy\" \/>\t\t\t\t\t\t\t\t<\/a>\n\t\t\t\t\t\t\t\t\t\t\t<figcaption class=\"widget-image-caption wp-caption-text\"><\/figcaption>\n\t\t\t\t\t\t\t\t\t\t<\/figure>\n\t\t\t\t\t\t\t\t\t<\/div>\n\t\t\t\t<\/div>\n\t\t\t\t<\/div>\n\t\t\t\t<div class=\"elementor-element elementor-element-6cc2dce elementor-widget elementor-widget-jet-listing-dynamic-meta\" data-id=\"6cc2dce\" data-element_type=\"widget\" data-widget_type=\"jet-listing-dynamic-meta.default\">\n\t\t\t\t<div class=\"elementor-widget-container\">\n\t\t\t\t\t<div class=\"jet-listing jet-listing-dynamic-meta meta-layout-inline\"><div class=\"jet-listing-dynamic-meta__date jet-listing-dynamic-meta__item\"><a href=\"https:\/\/www.fiemg.com.br\/regional-sul\/noticias\/conflito-no-oriente-medio-pode-elevar-inflacao-no-brasil-em-ate-766-e-reduzir-atividade-economica-aponta-fiemg\/\" class=\"jet-listing-dynamic-meta__item-val\">08\/04\/2026<\/a><\/div><\/div>\t\t\t\t<\/div>\n\t\t\t\t<\/div>\n\t\t\t\t<div class=\"elementor-element elementor-element-c43500c elementor-widget elementor-widget-heading\" data-id=\"c43500c\" data-element_type=\"widget\" data-widget_type=\"heading.default\">\n\t\t\t\t<div class=\"elementor-widget-container\">\n\t\t\t\t\t<h3 class=\"elementor-heading-title elementor-size-default\"><a href=\"https:\/\/www.fiemg.com.br\/regional-sul\/noticias\/conflito-no-oriente-medio-pode-elevar-inflacao-no-brasil-em-ate-766-e-reduzir-atividade-economica-aponta-fiemg\/\">Conflito no Oriente M\u00e9dio pode elevar infla\u00e7\u00e3o no Brasil em at\u00e9 7,66% e reduzir atividade econ\u00f4mica, aponta FIEMG<\/a><\/h3>\t\t\t\t<\/div>\n\t\t\t\t<\/div>\n\t\t\t\t<\/div>\n\t\t\t\t<\/div>\n\t\t<\/div><div class=\"jet-listing-grid__item jet-listing-dynamic-post-3048\" data-post-id=\"3048\"  >\t\t<div data-elementor-type=\"jet-listing-items\" data-elementor-id=\"2696\" class=\"elementor elementor-2696\" data-elementor-post-type=\"jet-engine\">\n\t\t\t\t<div class=\"has_ae_slider elementor-element elementor-element-eb33079 e-con-full e-flex ae-bg-gallery-type-default e-con e-parent\" data-id=\"eb33079\" data-element_type=\"container\">\n\t\t<div class=\"has_ae_slider elementor-element elementor-element-2514dd1 e-con-full e-flex ae-bg-gallery-type-default e-con e-child\" data-id=\"2514dd1\" data-element_type=\"container\">\n\t\t\t\t<div class=\"elementor-element elementor-element-402a511 elementor-widget elementor-widget-image\" data-id=\"402a511\" data-element_type=\"widget\" data-widget_type=\"image.default\">\n\t\t\t\t<div class=\"elementor-widget-container\">\n\t\t\t\t\t\t\t\t\t\t\t\t<figure class=\"wp-caption\">\n\t\t\t\t\t\t\t\t\t\t\t<a href=\"https:\/\/www.fiemg.com.br\/regional-sul\/noticias\/flavio-roscoe-apresenta-balanco-de-gestao-e-destaca-legado-para-sociedade\/\">\n\t\t\t\t\t\t\t<img decoding=\"async\" src=\"https:\/\/www.fiemg.com.br\/regional-sul\/wp-content\/uploads\/sites\/20\/elementor\/thumbs\/balanco_gestao_thumb-rldinh42q3rebftwx5bftgju2rmm4opqy7ttceyc5c.jpeg\" title=\"Fl\u00e1vio Roscoe apresenta balan\u00e7o de gest\u00e3o e destaca legado para sociedade\" alt=\"Fl\u00e1vio Roscoe apresenta balan\u00e7o de gest\u00e3o e destaca legado para sociedade\" loading=\"lazy\" \/>\t\t\t\t\t\t\t\t<\/a>\n\t\t\t\t\t\t\t\t\t\t\t<figcaption class=\"widget-image-caption wp-caption-text\"><\/figcaption>\n\t\t\t\t\t\t\t\t\t\t<\/figure>\n\t\t\t\t\t\t\t\t\t<\/div>\n\t\t\t\t<\/div>\n\t\t\t\t<\/div>\n\t\t\t\t<div class=\"elementor-element elementor-element-6cc2dce elementor-widget elementor-widget-jet-listing-dynamic-meta\" data-id=\"6cc2dce\" data-element_type=\"widget\" data-widget_type=\"jet-listing-dynamic-meta.default\">\n\t\t\t\t<div class=\"elementor-widget-container\">\n\t\t\t\t\t<div class=\"jet-listing jet-listing-dynamic-meta meta-layout-inline\"><div class=\"jet-listing-dynamic-meta__date jet-listing-dynamic-meta__item\"><a href=\"https:\/\/www.fiemg.com.br\/regional-sul\/noticias\/flavio-roscoe-apresenta-balanco-de-gestao-e-destaca-legado-para-sociedade\/\" class=\"jet-listing-dynamic-meta__item-val\">01\/04\/2026<\/a><\/div><\/div>\t\t\t\t<\/div>\n\t\t\t\t<\/div>\n\t\t\t\t<div class=\"elementor-element elementor-element-c43500c elementor-widget elementor-widget-heading\" data-id=\"c43500c\" data-element_type=\"widget\" data-widget_type=\"heading.default\">\n\t\t\t\t<div class=\"elementor-widget-container\">\n\t\t\t\t\t<h3 class=\"elementor-heading-title elementor-size-default\"><a href=\"https:\/\/www.fiemg.com.br\/regional-sul\/noticias\/flavio-roscoe-apresenta-balanco-de-gestao-e-destaca-legado-para-sociedade\/\">Fl\u00e1vio Roscoe apresenta balan\u00e7o de gest\u00e3o e destaca legado para sociedade<\/a><\/h3>\t\t\t\t<\/div>\n\t\t\t\t<\/div>\n\t\t\t\t<\/div>\n\t\t\t\t<\/div>\n\t\t<\/div><div class=\"jet-listing-grid__item jet-listing-dynamic-post-3042\" data-post-id=\"3042\"  >\t\t<div data-elementor-type=\"jet-listing-items\" data-elementor-id=\"2696\" class=\"elementor elementor-2696\" data-elementor-post-type=\"jet-engine\">\n\t\t\t\t<div class=\"has_ae_slider elementor-element elementor-element-eb33079 e-con-full e-flex ae-bg-gallery-type-default e-con e-parent\" data-id=\"eb33079\" data-element_type=\"container\">\n\t\t<div class=\"has_ae_slider elementor-element elementor-element-2514dd1 e-con-full e-flex ae-bg-gallery-type-default e-con e-child\" data-id=\"2514dd1\" data-element_type=\"container\">\n\t\t\t\t<div class=\"elementor-element elementor-element-402a511 elementor-widget elementor-widget-image\" data-id=\"402a511\" data-element_type=\"widget\" data-widget_type=\"image.default\">\n\t\t\t\t<div class=\"elementor-widget-container\">\n\t\t\t\t\t\t\t\t\t\t\t\t<figure class=\"wp-caption\">\n\t\t\t\t\t\t\t\t\t\t\t<a href=\"https:\/\/www.fiemg.com.br\/regional-sul\/noticias\/fiemg-regional-sul-integra-articulacao-estrategica-para-impulsionar-exportacoes-no-sul-de-minas\/\">\n\t\t\t\t\t\t\t<img decoding=\"async\" src=\"https:\/\/www.fiemg.com.br\/regional-sul\/wp-content\/uploads\/sites\/20\/elementor\/thumbs\/WhatsApp-Image-2026-03-26-at-07.32.21-rlbcqol9h47mjty4xre0m8m5hk3bqrvtzs8qmhnaww.jpeg\" title=\"WhatsApp Image 2026-03-26 at 07.32.21\" alt=\"WhatsApp Image 2026-03-26 at 07.32.21\" loading=\"lazy\" \/>\t\t\t\t\t\t\t\t<\/a>\n\t\t\t\t\t\t\t\t\t\t\t<figcaption class=\"widget-image-caption wp-caption-text\"><\/figcaption>\n\t\t\t\t\t\t\t\t\t\t<\/figure>\n\t\t\t\t\t\t\t\t\t<\/div>\n\t\t\t\t<\/div>\n\t\t\t\t<\/div>\n\t\t\t\t<div class=\"elementor-element elementor-element-6cc2dce elementor-widget elementor-widget-jet-listing-dynamic-meta\" data-id=\"6cc2dce\" data-element_type=\"widget\" data-widget_type=\"jet-listing-dynamic-meta.default\">\n\t\t\t\t<div class=\"elementor-widget-container\">\n\t\t\t\t\t<div class=\"jet-listing jet-listing-dynamic-meta meta-layout-inline\"><div class=\"jet-listing-dynamic-meta__date jet-listing-dynamic-meta__item\"><a href=\"https:\/\/www.fiemg.com.br\/regional-sul\/noticias\/fiemg-regional-sul-integra-articulacao-estrategica-para-impulsionar-exportacoes-no-sul-de-minas\/\" class=\"jet-listing-dynamic-meta__item-val\">31\/03\/2026<\/a><\/div><\/div>\t\t\t\t<\/div>\n\t\t\t\t<\/div>\n\t\t\t\t<div class=\"elementor-element elementor-element-c43500c elementor-widget elementor-widget-heading\" data-id=\"c43500c\" data-element_type=\"widget\" data-widget_type=\"heading.default\">\n\t\t\t\t<div class=\"elementor-widget-container\">\n\t\t\t\t\t<h3 class=\"elementor-heading-title elementor-size-default\"><a href=\"https:\/\/www.fiemg.com.br\/regional-sul\/noticias\/fiemg-regional-sul-integra-articulacao-estrategica-para-impulsionar-exportacoes-no-sul-de-minas\/\">FIEMG Regional Sul integra articula\u00e7\u00e3o estrat\u00e9gica para impulsionar exporta\u00e7\u00f5es no Sul de Minas<\/a><\/h3>\t\t\t\t<\/div>\n\t\t\t\t<\/div>\n\t\t\t\t<\/div>\n\t\t\t\t<\/div>\n\t\t<\/div><div class=\"jet-listing-grid__item jet-listing-dynamic-post-3038\" data-post-id=\"3038\"  >\t\t<div data-elementor-type=\"jet-listing-items\" data-elementor-id=\"2696\" class=\"elementor elementor-2696\" data-elementor-post-type=\"jet-engine\">\n\t\t\t\t<div class=\"has_ae_slider elementor-element elementor-element-eb33079 e-con-full e-flex ae-bg-gallery-type-default e-con e-parent\" data-id=\"eb33079\" data-element_type=\"container\">\n\t\t<div class=\"has_ae_slider elementor-element elementor-element-2514dd1 e-con-full e-flex ae-bg-gallery-type-default e-con e-child\" data-id=\"2514dd1\" data-element_type=\"container\">\n\t\t\t\t<div class=\"elementor-element elementor-element-402a511 elementor-widget elementor-widget-image\" data-id=\"402a511\" data-element_type=\"widget\" data-widget_type=\"image.default\">\n\t\t\t\t<div class=\"elementor-widget-container\">\n\t\t\t\t\t\t\t\t\t\t\t\t<figure class=\"wp-caption\">\n\t\t\t\t\t\t\t\t\t\t\t<a href=\"https:\/\/www.fiemg.com.br\/regional-sul\/noticias\/fiemg-alerta-para-baixa-efetividade-da-reducao-do-icms-sobre-o-diesel-e-risco-as-contas-publicas-estaduais\/\">\n\t\t\t\t\t\t\t<img decoding=\"async\" src=\"https:\/\/www.fiemg.com.br\/regional-sul\/wp-content\/uploads\/sites\/20\/elementor\/thumbs\/PIS-CONFINS-1-rkr4z383x6xyrqbi5ubqmm5nfujxt7bb7u4a501n9c.jpeg\" title=\"PIS CONFINS\" alt=\"PIS CONFINS\" loading=\"lazy\" \/>\t\t\t\t\t\t\t\t<\/a>\n\t\t\t\t\t\t\t\t\t\t\t<figcaption class=\"widget-image-caption wp-caption-text\"><\/figcaption>\n\t\t\t\t\t\t\t\t\t\t<\/figure>\n\t\t\t\t\t\t\t\t\t<\/div>\n\t\t\t\t<\/div>\n\t\t\t\t<\/div>\n\t\t\t\t<div class=\"elementor-element elementor-element-6cc2dce elementor-widget elementor-widget-jet-listing-dynamic-meta\" data-id=\"6cc2dce\" data-element_type=\"widget\" data-widget_type=\"jet-listing-dynamic-meta.default\">\n\t\t\t\t<div class=\"elementor-widget-container\">\n\t\t\t\t\t<div class=\"jet-listing jet-listing-dynamic-meta meta-layout-inline\"><div class=\"jet-listing-dynamic-meta__date jet-listing-dynamic-meta__item\"><a href=\"https:\/\/www.fiemg.com.br\/regional-sul\/noticias\/fiemg-alerta-para-baixa-efetividade-da-reducao-do-icms-sobre-o-diesel-e-risco-as-contas-publicas-estaduais\/\" class=\"jet-listing-dynamic-meta__item-val\">19\/03\/2026<\/a><\/div><\/div>\t\t\t\t<\/div>\n\t\t\t\t<\/div>\n\t\t\t\t<div class=\"elementor-element elementor-element-c43500c elementor-widget elementor-widget-heading\" data-id=\"c43500c\" data-element_type=\"widget\" data-widget_type=\"heading.default\">\n\t\t\t\t<div class=\"elementor-widget-container\">\n\t\t\t\t\t<h3 class=\"elementor-heading-title elementor-size-default\"><a href=\"https:\/\/www.fiemg.com.br\/regional-sul\/noticias\/fiemg-alerta-para-baixa-efetividade-da-reducao-do-icms-sobre-o-diesel-e-risco-as-contas-publicas-estaduais\/\">FIEMG alerta para baixa efetividade da redu\u00e7\u00e3o do ICMS sobre o diesel e risco \u00e0s contas p\u00fablicas estaduais<\/a><\/h3>\t\t\t\t<\/div>\n\t\t\t\t<\/div>\n\t\t\t\t<\/div>\n\t\t\t\t<\/div>\n\t\t<\/div><div class=\"jet-listing-grid__item jet-listing-dynamic-post-3023\" data-post-id=\"3023\"  >\t\t<div data-elementor-type=\"jet-listing-items\" data-elementor-id=\"2696\" class=\"elementor elementor-2696\" data-elementor-post-type=\"jet-engine\">\n\t\t\t\t<div class=\"has_ae_slider elementor-element elementor-element-eb33079 e-con-full e-flex ae-bg-gallery-type-default e-con e-parent\" data-id=\"eb33079\" data-element_type=\"container\">\n\t\t<div class=\"has_ae_slider elementor-element elementor-element-2514dd1 e-con-full e-flex ae-bg-gallery-type-default e-con e-child\" data-id=\"2514dd1\" data-element_type=\"container\">\n\t\t\t\t<div class=\"elementor-element elementor-element-402a511 elementor-widget elementor-widget-image\" data-id=\"402a511\" data-element_type=\"widget\" data-widget_type=\"image.default\">\n\t\t\t\t<div class=\"elementor-widget-container\">\n\t\t\t\t\t\t\t\t\t\t\t\t<figure class=\"wp-caption\">\n\t\t\t\t\t\t\t\t\t\t\t<a href=\"https:\/\/www.fiemg.com.br\/regional-sul\/noticias\/sesi-inaugura-nova-unidade-em-extrema-no-sul-de-minas\/\">\n\t\t\t\t\t\t\t<img decoding=\"async\" src=\"https:\/\/www.fiemg.com.br\/regional-sul\/wp-content\/uploads\/sites\/20\/elementor\/thumbs\/DSC01737-rkgctu0mcily8f945tq44pue42yb3uggqn3uiqbxfk.jpg\" title=\"DSC01737\" alt=\"DSC01737\" loading=\"lazy\" \/>\t\t\t\t\t\t\t\t<\/a>\n\t\t\t\t\t\t\t\t\t\t\t<figcaption class=\"widget-image-caption wp-caption-text\"><\/figcaption>\n\t\t\t\t\t\t\t\t\t\t<\/figure>\n\t\t\t\t\t\t\t\t\t<\/div>\n\t\t\t\t<\/div>\n\t\t\t\t<\/div>\n\t\t\t\t<div class=\"elementor-element elementor-element-6cc2dce elementor-widget elementor-widget-jet-listing-dynamic-meta\" data-id=\"6cc2dce\" data-element_type=\"widget\" data-widget_type=\"jet-listing-dynamic-meta.default\">\n\t\t\t\t<div class=\"elementor-widget-container\">\n\t\t\t\t\t<div class=\"jet-listing jet-listing-dynamic-meta meta-layout-inline\"><div class=\"jet-listing-dynamic-meta__date jet-listing-dynamic-meta__item\"><a href=\"https:\/\/www.fiemg.com.br\/regional-sul\/noticias\/sesi-inaugura-nova-unidade-em-extrema-no-sul-de-minas\/\" class=\"jet-listing-dynamic-meta__item-val\">13\/03\/2026<\/a><\/div><\/div>\t\t\t\t<\/div>\n\t\t\t\t<\/div>\n\t\t\t\t<div class=\"elementor-element elementor-element-c43500c elementor-widget elementor-widget-heading\" data-id=\"c43500c\" data-element_type=\"widget\" data-widget_type=\"heading.default\">\n\t\t\t\t<div class=\"elementor-widget-container\">\n\t\t\t\t\t<h3 class=\"elementor-heading-title elementor-size-default\"><a href=\"https:\/\/www.fiemg.com.br\/regional-sul\/noticias\/sesi-inaugura-nova-unidade-em-extrema-no-sul-de-minas\/\">SESI inaugura nova unidade em Extrema no Sul de Minas<\/a><\/h3>\t\t\t\t<\/div>\n\t\t\t\t<\/div>\n\t\t\t\t<\/div>\n\t\t\t\t<\/div>\n\t\t<\/div><div class=\"jet-listing-grid__item jet-listing-dynamic-post-3021\" data-post-id=\"3021\"  >\t\t<div data-elementor-type=\"jet-listing-items\" data-elementor-id=\"2696\" class=\"elementor elementor-2696\" data-elementor-post-type=\"jet-engine\">\n\t\t\t\t<div class=\"has_ae_slider elementor-element elementor-element-eb33079 e-con-full e-flex ae-bg-gallery-type-default e-con e-parent\" data-id=\"eb33079\" data-element_type=\"container\">\n\t\t<div class=\"has_ae_slider elementor-element elementor-element-2514dd1 e-con-full e-flex ae-bg-gallery-type-default e-con e-child\" data-id=\"2514dd1\" data-element_type=\"container\">\n\t\t\t\t<div class=\"elementor-element elementor-element-402a511 elementor-widget elementor-widget-image\" data-id=\"402a511\" data-element_type=\"widget\" data-widget_type=\"image.default\">\n\t\t\t\t<div class=\"elementor-widget-container\">\n\t\t\t\t\t\t\t\t\t\t\t\t<figure class=\"wp-caption\">\n\t\t\t\t\t\t\t\t\t\t\t<a href=\"https:\/\/www.fiemg.com.br\/regional-sul\/noticias\/decisao-transitada-em-julgado-elimina-risco-de-multas-para-empresas-sediadas-em-minas-gerais\/\">\n\t\t\t\t\t\t\t<img decoding=\"async\" src=\"https:\/\/www.fiemg.com.br\/regional-sul\/wp-content\/uploads\/sites\/20\/elementor\/thumbs\/default-qktp39jc1eutfxcbs0qx31cc3r0t017g21cm6mi6m8.png\" title=\"default\" alt=\"default\" loading=\"lazy\" \/>\t\t\t\t\t\t\t\t<\/a>\n\t\t\t\t\t\t\t\t\t\t\t<figcaption class=\"widget-image-caption wp-caption-text\"><\/figcaption>\n\t\t\t\t\t\t\t\t\t\t<\/figure>\n\t\t\t\t\t\t\t\t\t<\/div>\n\t\t\t\t<\/div>\n\t\t\t\t<\/div>\n\t\t\t\t<div class=\"elementor-element elementor-element-6cc2dce elementor-widget elementor-widget-jet-listing-dynamic-meta\" data-id=\"6cc2dce\" data-element_type=\"widget\" data-widget_type=\"jet-listing-dynamic-meta.default\">\n\t\t\t\t<div class=\"elementor-widget-container\">\n\t\t\t\t\t<div class=\"jet-listing jet-listing-dynamic-meta meta-layout-inline\"><div class=\"jet-listing-dynamic-meta__date jet-listing-dynamic-meta__item\"><a href=\"https:\/\/www.fiemg.com.br\/regional-sul\/noticias\/decisao-transitada-em-julgado-elimina-risco-de-multas-para-empresas-sediadas-em-minas-gerais\/\" class=\"jet-listing-dynamic-meta__item-val\">12\/03\/2026<\/a><\/div><\/div>\t\t\t\t<\/div>\n\t\t\t\t<\/div>\n\t\t\t\t<div class=\"elementor-element elementor-element-c43500c elementor-widget elementor-widget-heading\" data-id=\"c43500c\" data-element_type=\"widget\" data-widget_type=\"heading.default\">\n\t\t\t\t<div class=\"elementor-widget-container\">\n\t\t\t\t\t<h3 class=\"elementor-heading-title elementor-size-default\"><a href=\"https:\/\/www.fiemg.com.br\/regional-sul\/noticias\/decisao-transitada-em-julgado-elimina-risco-de-multas-para-empresas-sediadas-em-minas-gerais\/\">FIEMG obt\u00e9m vit\u00f3ria definitiva na Justi\u00e7a e empresas mineiras s\u00e3o desobrigadas de publicar relat\u00f3rio salarial<\/a><\/h3>\t\t\t\t<\/div>\n\t\t\t\t<\/div>\n\t\t\t\t<\/div>\n\t\t\t\t<\/div>\n\t\t<\/div><div class=\"jet-listing-grid__item jet-listing-dynamic-post-3018\" data-post-id=\"3018\"  >\t\t<div data-elementor-type=\"jet-listing-items\" data-elementor-id=\"2696\" class=\"elementor elementor-2696\" data-elementor-post-type=\"jet-engine\">\n\t\t\t\t<div class=\"has_ae_slider elementor-element elementor-element-eb33079 e-con-full e-flex ae-bg-gallery-type-default e-con e-parent\" data-id=\"eb33079\" data-element_type=\"container\">\n\t\t<div class=\"has_ae_slider elementor-element elementor-element-2514dd1 e-con-full e-flex ae-bg-gallery-type-default e-con e-child\" data-id=\"2514dd1\" data-element_type=\"container\">\n\t\t\t\t<div class=\"elementor-element elementor-element-402a511 elementor-widget elementor-widget-image\" data-id=\"402a511\" data-element_type=\"widget\" data-widget_type=\"image.default\">\n\t\t\t\t<div class=\"elementor-widget-container\">\n\t\t\t\t\t\t\t\t\t\t\t\t<figure class=\"wp-caption\">\n\t\t\t\t\t\t\t\t\t\t\t<a href=\"https:\/\/www.fiemg.com.br\/regional-sul\/noticias\/fiemg-participa-de-apresentacao-da-restauracao-da-fachada-da-santa-casa-bh-e-anuncia-novos-investimentos-para-a-instituicao\/\">\n\t\t\t\t\t\t\t<img decoding=\"async\" src=\"https:\/\/www.fiemg.com.br\/regional-sul\/wp-content\/uploads\/sites\/20\/elementor\/thumbs\/santa-casa-ini-rkd5iq9q9627beyoozkm3qfz7x7sstv10l17a77qbk.png\" title=\"santa casa ini\" alt=\"santa casa ini\" loading=\"lazy\" \/>\t\t\t\t\t\t\t\t<\/a>\n\t\t\t\t\t\t\t\t\t\t\t<figcaption class=\"widget-image-caption wp-caption-text\"><\/figcaption>\n\t\t\t\t\t\t\t\t\t\t<\/figure>\n\t\t\t\t\t\t\t\t\t<\/div>\n\t\t\t\t<\/div>\n\t\t\t\t<\/div>\n\t\t\t\t<div class=\"elementor-element elementor-element-6cc2dce elementor-widget elementor-widget-jet-listing-dynamic-meta\" data-id=\"6cc2dce\" data-element_type=\"widget\" data-widget_type=\"jet-listing-dynamic-meta.default\">\n\t\t\t\t<div class=\"elementor-widget-container\">\n\t\t\t\t\t<div class=\"jet-listing jet-listing-dynamic-meta meta-layout-inline\"><div class=\"jet-listing-dynamic-meta__date jet-listing-dynamic-meta__item\"><a href=\"https:\/\/www.fiemg.com.br\/regional-sul\/noticias\/fiemg-participa-de-apresentacao-da-restauracao-da-fachada-da-santa-casa-bh-e-anuncia-novos-investimentos-para-a-instituicao\/\" class=\"jet-listing-dynamic-meta__item-val\">11\/03\/2026<\/a><\/div><\/div>\t\t\t\t<\/div>\n\t\t\t\t<\/div>\n\t\t\t\t<div class=\"elementor-element elementor-element-c43500c elementor-widget elementor-widget-heading\" data-id=\"c43500c\" data-element_type=\"widget\" data-widget_type=\"heading.default\">\n\t\t\t\t<div class=\"elementor-widget-container\">\n\t\t\t\t\t<h3 class=\"elementor-heading-title elementor-size-default\"><a href=\"https:\/\/www.fiemg.com.br\/regional-sul\/noticias\/fiemg-participa-de-apresentacao-da-restauracao-da-fachada-da-santa-casa-bh-e-anuncia-novos-investimentos-para-a-instituicao\/\">FIEMG participa de apresenta\u00e7\u00e3o da restaura\u00e7\u00e3o da fachada da Santa Casa BH e anuncia novos investimentos para a institui\u00e7\u00e3o<\/a><\/h3>\t\t\t\t<\/div>\n\t\t\t\t<\/div>\n\t\t\t\t<\/div>\n\t\t\t\t<\/div>\n\t\t<\/div><div class=\"jet-listing-grid__item jet-listing-dynamic-post-3015\" data-post-id=\"3015\"  >\t\t<div data-elementor-type=\"jet-listing-items\" data-elementor-id=\"2696\" class=\"elementor elementor-2696\" data-elementor-post-type=\"jet-engine\">\n\t\t\t\t<div class=\"has_ae_slider elementor-element elementor-element-eb33079 e-con-full e-flex ae-bg-gallery-type-default e-con e-parent\" data-id=\"eb33079\" data-element_type=\"container\">\n\t\t<div class=\"has_ae_slider elementor-element elementor-element-2514dd1 e-con-full e-flex ae-bg-gallery-type-default e-con e-child\" data-id=\"2514dd1\" data-element_type=\"container\">\n\t\t\t\t<div class=\"elementor-element elementor-element-402a511 elementor-widget elementor-widget-image\" data-id=\"402a511\" data-element_type=\"widget\" data-widget_type=\"image.default\">\n\t\t\t\t<div class=\"elementor-widget-container\">\n\t\t\t\t\t\t\t\t\t\t\t\t<figure class=\"wp-caption\">\n\t\t\t\t\t\t\t\t\t\t\t<a href=\"https:\/\/www.fiemg.com.br\/regional-sul\/noticias\/venha-conhecer-as-acoes-do-centro-cultural-sesiminas-uberaba-aproveite-aulas-experimentais-e-curta-uma-programacao-diversificada\/\">\n\t\t\t\t\t\t\t<img decoding=\"async\" src=\"https:\/\/www.fiemg.com.br\/regional-sul\/wp-content\/uploads\/sites\/20\/elementor\/thumbs\/CASA-ABERTA-UBERABA-THUMB-rk41704oovqwe1rwlch1pwg1fh54b1d9mddp12fuv4.png\" title=\"CASA ABERTA UBERABA THUMB\" alt=\"CASA ABERTA UBERABA THUMB\" loading=\"lazy\" \/>\t\t\t\t\t\t\t\t<\/a>\n\t\t\t\t\t\t\t\t\t\t\t<figcaption class=\"widget-image-caption wp-caption-text\"><\/figcaption>\n\t\t\t\t\t\t\t\t\t\t<\/figure>\n\t\t\t\t\t\t\t\t\t<\/div>\n\t\t\t\t<\/div>\n\t\t\t\t<\/div>\n\t\t\t\t<div class=\"elementor-element elementor-element-6cc2dce elementor-widget elementor-widget-jet-listing-dynamic-meta\" data-id=\"6cc2dce\" data-element_type=\"widget\" data-widget_type=\"jet-listing-dynamic-meta.default\">\n\t\t\t\t<div class=\"elementor-widget-container\">\n\t\t\t\t\t<div class=\"jet-listing jet-listing-dynamic-meta meta-layout-inline\"><div class=\"jet-listing-dynamic-meta__date jet-listing-dynamic-meta__item\"><a href=\"https:\/\/www.fiemg.com.br\/regional-sul\/noticias\/venha-conhecer-as-acoes-do-centro-cultural-sesiminas-uberaba-aproveite-aulas-experimentais-e-curta-uma-programacao-diversificada\/\" class=\"jet-listing-dynamic-meta__item-val\">06\/03\/2026<\/a><\/div><\/div>\t\t\t\t<\/div>\n\t\t\t\t<\/div>\n\t\t\t\t<div class=\"elementor-element elementor-element-c43500c elementor-widget elementor-widget-heading\" data-id=\"c43500c\" data-element_type=\"widget\" data-widget_type=\"heading.default\">\n\t\t\t\t<div class=\"elementor-widget-container\">\n\t\t\t\t\t<h3 class=\"elementor-heading-title elementor-size-default\"><a href=\"https:\/\/www.fiemg.com.br\/regional-sul\/noticias\/venha-conhecer-as-acoes-do-centro-cultural-sesiminas-uberaba-aproveite-aulas-experimentais-e-curta-uma-programacao-diversificada\/\">Casa aberta Uberaba: um evento de cultura e conex\u00e3o com a comunidade<\/a><\/h3>\t\t\t\t<\/div>\n\t\t\t\t<\/div>\n\t\t\t\t<\/div>\n\t\t\t\t<\/div>\n\t\t<\/div><div class=\"jet-listing-grid__item jet-listing-dynamic-post-3011\" data-post-id=\"3011\"  >\t\t<div data-elementor-type=\"jet-listing-items\" data-elementor-id=\"2696\" class=\"elementor elementor-2696\" data-elementor-post-type=\"jet-engine\">\n\t\t\t\t<div class=\"has_ae_slider elementor-element elementor-element-eb33079 e-con-full e-flex ae-bg-gallery-type-default e-con e-parent\" data-id=\"eb33079\" data-element_type=\"container\">\n\t\t<div class=\"has_ae_slider elementor-element elementor-element-2514dd1 e-con-full e-flex ae-bg-gallery-type-default e-con e-child\" data-id=\"2514dd1\" data-element_type=\"container\">\n\t\t\t\t<div class=\"elementor-element elementor-element-402a511 elementor-widget elementor-widget-image\" data-id=\"402a511\" data-element_type=\"widget\" data-widget_type=\"image.default\">\n\t\t\t\t<div class=\"elementor-widget-container\">\n\t\t\t\t\t\t\t\t\t\t\t\t<figure class=\"wp-caption\">\n\t\t\t\t\t\t\t\t\t\t\t<a href=\"https:\/\/www.fiemg.com.br\/regional-sul\/noticias\/cit-senai-itr-recebe-primeiro-lote-nacional-de-terras-raras-para-producao-de-imas\/\">\n\t\t\t\t\t\t\t<img decoding=\"async\" src=\"https:\/\/www.fiemg.com.br\/regional-sul\/wp-content\/uploads\/sites\/20\/elementor\/thumbs\/itr-cit-meteoric-terras-raras-rk2lnljgatu53quruu57fltslo75fijdiyut9bgv0g.jpg\" title=\"itr-cit-meteoric-terras-raras\" alt=\"itr-cit-meteoric-terras-raras\" loading=\"lazy\" \/>\t\t\t\t\t\t\t\t<\/a>\n\t\t\t\t\t\t\t\t\t\t\t<figcaption class=\"widget-image-caption wp-caption-text\"><\/figcaption>\n\t\t\t\t\t\t\t\t\t\t<\/figure>\n\t\t\t\t\t\t\t\t\t<\/div>\n\t\t\t\t<\/div>\n\t\t\t\t<\/div>\n\t\t\t\t<div class=\"elementor-element elementor-element-6cc2dce elementor-widget elementor-widget-jet-listing-dynamic-meta\" data-id=\"6cc2dce\" data-element_type=\"widget\" data-widget_type=\"jet-listing-dynamic-meta.default\">\n\t\t\t\t<div class=\"elementor-widget-container\">\n\t\t\t\t\t<div class=\"jet-listing jet-listing-dynamic-meta meta-layout-inline\"><div class=\"jet-listing-dynamic-meta__date jet-listing-dynamic-meta__item\"><a href=\"https:\/\/www.fiemg.com.br\/regional-sul\/noticias\/cit-senai-itr-recebe-primeiro-lote-nacional-de-terras-raras-para-producao-de-imas\/\" class=\"jet-listing-dynamic-meta__item-val\">05\/03\/2026<\/a><\/div><\/div>\t\t\t\t<\/div>\n\t\t\t\t<\/div>\n\t\t\t\t<div class=\"elementor-element elementor-element-c43500c elementor-widget elementor-widget-heading\" data-id=\"c43500c\" data-element_type=\"widget\" data-widget_type=\"heading.default\">\n\t\t\t\t<div class=\"elementor-widget-container\">\n\t\t\t\t\t<h3 class=\"elementor-heading-title elementor-size-default\"><a href=\"https:\/\/www.fiemg.com.br\/regional-sul\/noticias\/cit-senai-itr-recebe-primeiro-lote-nacional-de-terras-raras-para-producao-de-imas\/\">CIT Senai ITR recebe primeiro lote nacional de terras raras para produ\u00e7\u00e3o de \u00edm\u00e3s<\/a><\/h3>\t\t\t\t<\/div>\n\t\t\t\t<\/div>\n\t\t\t\t<\/div>\n\t\t\t\t<\/div>\n\t\t<\/div><\/div><div class=\"jet-listing-grid__loader\"><div class=\"jet-listing-grid__loader-spinner\"><\/div><div class=\"jet-listing-grid__loader-text\">Carregando...<\/div><\/div><\/div>\t\t\t\t<\/div>\n\t\t\t\t<\/div>\n\t\t\t\t<div class=\"elementor-element elementor-element-e91df51 elementor-align-center elementor-widget elementor-widget-button\" data-id=\"e91df51\" data-element_type=\"widget\" id=\"load-more\" data-widget_type=\"button.default\">\n\t\t\t\t<div class=\"elementor-widget-container\">\n\t\t\t\t\t\t\t\t\t<div class=\"elementor-button-wrapper\">\n\t\t\t\t\t<a class=\"elementor-button elementor-size-md\" role=\"button\">\n\t\t\t\t\t\t<span class=\"elementor-button-content-wrapper\">\n\t\t\t\t\t\t\t\t\t<span class=\"elementor-button-text\">Mais not\u00edcias<\/span>\n\t\t\t\t\t<\/span>\n\t\t\t\t\t<\/a>\n\t\t\t\t<\/div>\n\t\t\t\t\t\t\t\t<\/div>\n\t\t\t\t<\/div>\n\t\t\t\t\t<\/div>\n\t\t\t\t<\/div>\n\t\t\t\t<\/div>\n\t\t","protected":false},"excerpt":{"rendered":"<p>Not\u00edcias 16\/06\/2025 16\/06\/2025 16\/06\/2025 12\/06\/2025 12\/06\/2025 12\/06\/2025 12\/06\/2025 11\/06\/2025 11\/06\/2025 11\/06\/2025 10\/06\/2025 10\/06\/2025 Carregando&#8230; Mais not\u00edcias<\/p>\n","protected":false},"author":1,"featured_media":1527,"parent":0,"menu_order":113,"comment_status":"closed","ping_status":"closed","template":"","meta":{"footnotes":""},"class_list":["post-1029","page","type-page","status-publish","has-post-thumbnail","hentry"],"acf":[],"yoast_head":"<!-- This site is optimized with the Yoast SEO plugin v26.2 - https:\/\/yoast.com\/wordpress\/plugins\/seo\/ -->\n<title>Noticias - Regional Sul<\/title>\n<meta name=\"robots\" content=\"index, follow, max-snippet:-1, max-image-preview:large, max-video-preview:-1\" \/>\n<link rel=\"canonical\" href=\"https:\/\/www.fiemg.com.br\/regional-sul\/noticias\/\" \/>\n<meta property=\"og:locale\" content=\"pt_BR\" \/>\n<meta property=\"og:type\" content=\"article\" \/>\n<meta property=\"og:title\" content=\"Noticias - Regional Sul\" \/>\n<meta property=\"og:description\" content=\"Not\u00edcias 16\/06\/2025 16\/06\/2025 16\/06\/2025 12\/06\/2025 12\/06\/2025 12\/06\/2025 12\/06\/2025 11\/06\/2025 11\/06\/2025 11\/06\/2025 10\/06\/2025 10\/06\/2025 Carregando&#8230; Mais not\u00edcias\" \/>\n<meta property=\"og:url\" content=\"https:\/\/www.fiemg.com.br\/regional-sul\/noticias\/\" \/>\n<meta property=\"og:site_name\" content=\"Regional Sul\" \/>\n<meta property=\"article:modified_time\" content=\"2025-06-17T13:27:45+00:00\" \/>\n<meta property=\"og:image\" content=\"https:\/\/www.fiemg.com.br\/regional-sul\/wp-content\/uploads\/sites\/20\/2023\/07\/default.png\" \/>\n\t<meta property=\"og:image:width\" content=\"300\" \/>\n\t<meta property=\"og:image:height\" content=\"300\" \/>\n\t<meta property=\"og:image:type\" content=\"image\/png\" \/>\n<meta name=\"twitter:card\" content=\"summary_large_image\" \/>\n<script type=\"application\/ld+json\" class=\"yoast-schema-graph\">{\"@context\":\"https:\/\/schema.org\",\"@graph\":[{\"@type\":\"WebPage\",\"@id\":\"https:\/\/www.fiemg.com.br\/regional-sul\/noticias\/\",\"url\":\"https:\/\/www.fiemg.com.br\/regional-sul\/noticias\/\",\"name\":\"Noticias - Regional Sul\",\"isPartOf\":{\"@id\":\"https:\/\/www.fiemg.com.br\/regional-sul\/#website\"},\"primaryImageOfPage\":{\"@id\":\"https:\/\/www.fiemg.com.br\/regional-sul\/noticias\/#primaryimage\"},\"image\":{\"@id\":\"https:\/\/www.fiemg.com.br\/regional-sul\/noticias\/#primaryimage\"},\"thumbnailUrl\":\"https:\/\/www.fiemg.com.br\/regional-sul\/wp-content\/uploads\/sites\/20\/2023\/08\/default.png\",\"datePublished\":\"2023-06-24T23:54:46+00:00\",\"dateModified\":\"2025-06-17T13:27:45+00:00\",\"breadcrumb\":{\"@id\":\"https:\/\/www.fiemg.com.br\/regional-sul\/noticias\/#breadcrumb\"},\"inLanguage\":\"pt-BR\",\"potentialAction\":[{\"@type\":\"ReadAction\",\"target\":[\"https:\/\/www.fiemg.com.br\/regional-sul\/noticias\/\"]}]},{\"@type\":\"ImageObject\",\"inLanguage\":\"pt-BR\",\"@id\":\"https:\/\/www.fiemg.com.br\/regional-sul\/noticias\/#primaryimage\",\"url\":\"https:\/\/www.fiemg.com.br\/regional-sul\/wp-content\/uploads\/sites\/20\/2023\/08\/default.png\",\"contentUrl\":\"https:\/\/www.fiemg.com.br\/regional-sul\/wp-content\/uploads\/sites\/20\/2023\/08\/default.png\",\"width\":300,\"height\":300},{\"@type\":\"BreadcrumbList\",\"@id\":\"https:\/\/www.fiemg.com.br\/regional-sul\/noticias\/#breadcrumb\",\"itemListElement\":[{\"@type\":\"ListItem\",\"position\":1,\"name\":\"In\u00edcio\",\"item\":\"https:\/\/www.fiemg.com.br\/regional-sul\/\"},{\"@type\":\"ListItem\",\"position\":2,\"name\":\"Not\u00edcias\"}]},{\"@type\":\"WebSite\",\"@id\":\"https:\/\/www.fiemg.com.br\/regional-sul\/#website\",\"url\":\"https:\/\/www.fiemg.com.br\/regional-sul\/\",\"name\":\"Regional Sul\",\"description\":\"Federa\u00e7\u00e3o das Ind\u00fastrias do Estado de Minas Gerais\",\"publisher\":{\"@id\":\"https:\/\/www.fiemg.com.br\/regional-sul\/#organization\"},\"potentialAction\":[{\"@type\":\"SearchAction\",\"target\":{\"@type\":\"EntryPoint\",\"urlTemplate\":\"https:\/\/www.fiemg.com.br\/regional-sul\/?s={search_term_string}\"},\"query-input\":{\"@type\":\"PropertyValueSpecification\",\"valueRequired\":true,\"valueName\":\"search_term_string\"}}],\"inLanguage\":\"pt-BR\"},{\"@type\":\"Organization\",\"@id\":\"https:\/\/www.fiemg.com.br\/regional-sul\/#organization\",\"name\":\"Regional Sul\",\"url\":\"https:\/\/www.fiemg.com.br\/regional-sul\/\",\"logo\":{\"@type\":\"ImageObject\",\"inLanguage\":\"pt-BR\",\"@id\":\"https:\/\/www.fiemg.com.br\/regional-sul\/#\/schema\/logo\/image\/\",\"url\":\"https:\/\/www.fiemg.com.br\/regional-sul\/wp-content\/uploads\/sites\/20\/2023\/02\/Ativo-1.png\",\"contentUrl\":\"https:\/\/www.fiemg.com.br\/regional-sul\/wp-content\/uploads\/sites\/20\/2023\/02\/Ativo-1.png\",\"width\":563,\"height\":149,\"caption\":\"Regional Sul\"},\"image\":{\"@id\":\"https:\/\/www.fiemg.com.br\/regional-sul\/#\/schema\/logo\/image\/\"}}]}<\/script>\n<!-- \/ Yoast SEO plugin. -->","yoast_head_json":{"title":"Noticias - Regional Sul","robots":{"index":"index","follow":"follow","max-snippet":"max-snippet:-1","max-image-preview":"max-image-preview:large","max-video-preview":"max-video-preview:-1"},"canonical":"https:\/\/www.fiemg.com.br\/regional-sul\/noticias\/","og_locale":"pt_BR","og_type":"article","og_title":"Noticias - Regional Sul","og_description":"Not\u00edcias 16\/06\/2025 16\/06\/2025 16\/06\/2025 12\/06\/2025 12\/06\/2025 12\/06\/2025 12\/06\/2025 11\/06\/2025 11\/06\/2025 11\/06\/2025 10\/06\/2025 10\/06\/2025 Carregando&#8230; Mais not\u00edcias","og_url":"https:\/\/www.fiemg.com.br\/regional-sul\/noticias\/","og_site_name":"Regional Sul","article_modified_time":"2025-06-17T13:27:45+00:00","og_image":[{"width":300,"height":300,"url":"https:\/\/www.fiemg.com.br\/regional-sul\/wp-content\/uploads\/sites\/20\/2023\/07\/default.png","type":"image\/png"}],"twitter_card":"summary_large_image","schema":{"@context":"https:\/\/schema.org","@graph":[{"@type":"WebPage","@id":"https:\/\/www.fiemg.com.br\/regional-sul\/noticias\/","url":"https:\/\/www.fiemg.com.br\/regional-sul\/noticias\/","name":"Noticias - Regional Sul","isPartOf":{"@id":"https:\/\/www.fiemg.com.br\/regional-sul\/#website"},"primaryImageOfPage":{"@id":"https:\/\/www.fiemg.com.br\/regional-sul\/noticias\/#primaryimage"},"image":{"@id":"https:\/\/www.fiemg.com.br\/regional-sul\/noticias\/#primaryimage"},"thumbnailUrl":"https:\/\/www.fiemg.com.br\/regional-sul\/wp-content\/uploads\/sites\/20\/2023\/08\/default.png","datePublished":"2023-06-24T23:54:46+00:00","dateModified":"2025-06-17T13:27:45+00:00","breadcrumb":{"@id":"https:\/\/www.fiemg.com.br\/regional-sul\/noticias\/#breadcrumb"},"inLanguage":"pt-BR","potentialAction":[{"@type":"ReadAction","target":["https:\/\/www.fiemg.com.br\/regional-sul\/noticias\/"]}]},{"@type":"ImageObject","inLanguage":"pt-BR","@id":"https:\/\/www.fiemg.com.br\/regional-sul\/noticias\/#primaryimage","url":"https:\/\/www.fiemg.com.br\/regional-sul\/wp-content\/uploads\/sites\/20\/2023\/08\/default.png","contentUrl":"https:\/\/www.fiemg.com.br\/regional-sul\/wp-content\/uploads\/sites\/20\/2023\/08\/default.png","width":300,"height":300},{"@type":"BreadcrumbList","@id":"https:\/\/www.fiemg.com.br\/regional-sul\/noticias\/#breadcrumb","itemListElement":[{"@type":"ListItem","position":1,"name":"In\u00edcio","item":"https:\/\/www.fiemg.com.br\/regional-sul\/"},{"@type":"ListItem","position":2,"name":"Not\u00edcias"}]},{"@type":"WebSite","@id":"https:\/\/www.fiemg.com.br\/regional-sul\/#website","url":"https:\/\/www.fiemg.com.br\/regional-sul\/","name":"Regional Sul","description":"Federa\u00e7\u00e3o das Ind\u00fastrias do Estado de Minas Gerais","publisher":{"@id":"https:\/\/www.fiemg.com.br\/regional-sul\/#organization"},"potentialAction":[{"@type":"SearchAction","target":{"@type":"EntryPoint","urlTemplate":"https:\/\/www.fiemg.com.br\/regional-sul\/?s={search_term_string}"},"query-input":{"@type":"PropertyValueSpecification","valueRequired":true,"valueName":"search_term_string"}}],"inLanguage":"pt-BR"},{"@type":"Organization","@id":"https:\/\/www.fiemg.com.br\/regional-sul\/#organization","name":"Regional Sul","url":"https:\/\/www.fiemg.com.br\/regional-sul\/","logo":{"@type":"ImageObject","inLanguage":"pt-BR","@id":"https:\/\/www.fiemg.com.br\/regional-sul\/#\/schema\/logo\/image\/","url":"https:\/\/www.fiemg.com.br\/regional-sul\/wp-content\/uploads\/sites\/20\/2023\/02\/Ativo-1.png","contentUrl":"https:\/\/www.fiemg.com.br\/regional-sul\/wp-content\/uploads\/sites\/20\/2023\/02\/Ativo-1.png","width":563,"height":149,"caption":"Regional Sul"},"image":{"@id":"https:\/\/www.fiemg.com.br\/regional-sul\/#\/schema\/logo\/image\/"}}]}},"_links":{"self":[{"href":"https:\/\/www.fiemg.com.br\/regional-sul\/wp-json\/wp\/v2\/pages\/1029","targetHints":{"allow":["GET"]}}],"collection":[{"href":"https:\/\/www.fiemg.com.br\/regional-sul\/wp-json\/wp\/v2\/pages"}],"about":[{"href":"https:\/\/www.fiemg.com.br\/regional-sul\/wp-json\/wp\/v2\/types\/page"}],"author":[{"embeddable":true,"href":"https:\/\/www.fiemg.com.br\/regional-sul\/wp-json\/wp\/v2\/users\/1"}],"replies":[{"embeddable":true,"href":"https:\/\/www.fiemg.com.br\/regional-sul\/wp-json\/wp\/v2\/comments?post=1029"}],"version-history":[{"count":0,"href":"https:\/\/www.fiemg.com.br\/regional-sul\/wp-json\/wp\/v2\/pages\/1029\/revisions"}],"wp:featuredmedia":[{"embeddable":true,"href":"https:\/\/www.fiemg.com.br\/regional-sul\/wp-json\/wp\/v2\/media\/1527"}],"wp:attachment":[{"href":"https:\/\/www.fiemg.com.br\/regional-sul\/wp-json\/wp\/v2\/media?parent=1029"}],"curies":[{"name":"wp","href":"https:\/\/api.w.org\/{rel}","templated":true}]}}