{"id":2355,"date":"2023-04-26T13:51:13","date_gmt":"2023-04-26T16:51:13","guid":{"rendered":"https:\/\/www.fiemg.com.br\/regional-vale-do-paranaiba\/area-de-interesse\/cultura\/"},"modified":"2023-08-25T09:40:54","modified_gmt":"2023-08-25T12:40:54","slug":"cultura","status":"publish","type":"area-de-interesse","link":"https:\/\/www.fiemg.com.br\/regional-vale-do-paranaiba\/area-de-interesse\/cultura\/","title":{"rendered":"Cultura"},"content":{"rendered":"<div class=\"c-12 sub-topo-text\">\n<section class=\"g-12\">Nosso prop\u00f3sito \u00e9 transformar vidas por meio da forma\u00e7\u00e3o cultural, de neg\u00f3cios e de experi\u00eancias inesquec\u00edveis.<\/section>\n<\/div>\n<div class=\"c-12\">\n<section class=\"g-12\">\n<div class=\"c-12\">\n<div class=\"clearfix\">\n<div class=\"g-4 alpha\">\n<div class=\"product\">\n<div class=\"products-item\"><\/div>\n<\/div>\n<\/div>\n<\/div>\n<\/div>\n<\/section>\n<\/div>\n","protected":false},"featured_media":1529,"parent":0,"menu_order":138,"template":"","categories":[],"tags":[],"categoria_areas_de_interesse":[],"class_list":["post-2355","area-de-interesse","type-area-de-interesse","status-publish","has-post-thumbnail","hentry"],"acf":[],"yoast_head":"<!-- This site is optimized with the Yoast SEO plugin v26.2 - https:\/\/yoast.com\/wordpress\/plugins\/seo\/ -->\n<title>Cultura - Regional Vale do Parana\u00edba<\/title>\n<meta name=\"robots\" content=\"index, follow, max-snippet:-1, max-image-preview:large, max-video-preview:-1\" \/>\n<link rel=\"canonical\" href=\"https:\/\/www.fiemg.com.br\/regional-vale-do-paranaiba\/area-de-interesse\/cultura\/\" \/>\n<meta property=\"og:locale\" content=\"pt_BR\" \/>\n<meta property=\"og:type\" content=\"article\" \/>\n<meta property=\"og:title\" content=\"Cultura - Regional Vale do Parana\u00edba\" \/>\n<meta property=\"og:description\" content=\"Nosso prop\u00f3sito \u00e9 transformar vidas por meio da forma\u00e7\u00e3o cultural, de neg\u00f3cios e de experi\u00eancias inesquec\u00edveis.\" \/>\n<meta property=\"og:url\" content=\"https:\/\/www.fiemg.com.br\/regional-vale-do-paranaiba\/area-de-interesse\/cultura\/\" \/>\n<meta property=\"og:site_name\" content=\"Regional Vale do Parana\u00edba\" \/>\n<meta property=\"article:modified_time\" content=\"2023-08-25T12:40:54+00:00\" \/>\n<meta property=\"og:image\" content=\"https:\/\/www.fiemg.com.br\/regional-vale-do-paranaiba\/wp-content\/uploads\/sites\/24\/2023\/08\/default.png\" \/>\n\t<meta property=\"og:image:width\" content=\"300\" \/>\n\t<meta property=\"og:image:height\" content=\"300\" \/>\n\t<meta property=\"og:image:type\" content=\"image\/png\" \/>\n<meta name=\"twitter:card\" content=\"summary_large_image\" \/>\n<script type=\"application\/ld+json\" class=\"yoast-schema-graph\">{\"@context\":\"https:\/\/schema.org\",\"@graph\":[{\"@type\":\"WebPage\",\"@id\":\"https:\/\/www.fiemg.com.br\/regional-vale-do-paranaiba\/area-de-interesse\/cultura\/\",\"url\":\"https:\/\/www.fiemg.com.br\/regional-vale-do-paranaiba\/area-de-interesse\/cultura\/\",\"name\":\"Cultura - Regional Vale do Parana\u00edba\",\"isPartOf\":{\"@id\":\"https:\/\/www.fiemg.com.br\/regional-vale-do-paranaiba\/#website\"},\"primaryImageOfPage\":{\"@id\":\"https:\/\/www.fiemg.com.br\/regional-vale-do-paranaiba\/area-de-interesse\/cultura\/#primaryimage\"},\"image\":{\"@id\":\"https:\/\/www.fiemg.com.br\/regional-vale-do-paranaiba\/area-de-interesse\/cultura\/#primaryimage\"},\"thumbnailUrl\":\"https:\/\/www.fiemg.com.br\/regional-vale-do-paranaiba\/wp-content\/uploads\/sites\/24\/2023\/08\/default.png\",\"datePublished\":\"2023-04-26T16:51:13+00:00\",\"dateModified\":\"2023-08-25T12:40:54+00:00\",\"breadcrumb\":{\"@id\":\"https:\/\/www.fiemg.com.br\/regional-vale-do-paranaiba\/area-de-interesse\/cultura\/#breadcrumb\"},\"inLanguage\":\"pt-BR\",\"potentialAction\":[{\"@type\":\"ReadAction\",\"target\":[\"https:\/\/www.fiemg.com.br\/regional-vale-do-paranaiba\/area-de-interesse\/cultura\/\"]}]},{\"@type\":\"ImageObject\",\"inLanguage\":\"pt-BR\",\"@id\":\"https:\/\/www.fiemg.com.br\/regional-vale-do-paranaiba\/area-de-interesse\/cultura\/#primaryimage\",\"url\":\"https:\/\/www.fiemg.com.br\/regional-vale-do-paranaiba\/wp-content\/uploads\/sites\/24\/2023\/08\/default.png\",\"contentUrl\":\"https:\/\/www.fiemg.com.br\/regional-vale-do-paranaiba\/wp-content\/uploads\/sites\/24\/2023\/08\/default.png\",\"width\":300,\"height\":300},{\"@type\":\"BreadcrumbList\",\"@id\":\"https:\/\/www.fiemg.com.br\/regional-vale-do-paranaiba\/area-de-interesse\/cultura\/#breadcrumb\",\"itemListElement\":[{\"@type\":\"ListItem\",\"position\":1,\"name\":\"In\u00edcio\",\"item\":\"https:\/\/www.fiemg.com.br\/regional-vale-do-paranaiba\/\"},{\"@type\":\"ListItem\",\"position\":2,\"name\":\"Cultura\"}]},{\"@type\":\"WebSite\",\"@id\":\"https:\/\/www.fiemg.com.br\/regional-vale-do-paranaiba\/#website\",\"url\":\"https:\/\/www.fiemg.com.br\/regional-vale-do-paranaiba\/\",\"name\":\"Regional Vale do Parana\u00edba\",\"description\":\"Federa\u00e7\u00e3o das Ind\u00fastrias do Estado de Minas Gerais\",\"publisher\":{\"@id\":\"https:\/\/www.fiemg.com.br\/regional-vale-do-paranaiba\/#organization\"},\"potentialAction\":[{\"@type\":\"SearchAction\",\"target\":{\"@type\":\"EntryPoint\",\"urlTemplate\":\"https:\/\/www.fiemg.com.br\/regional-vale-do-paranaiba\/?s={search_term_string}\"},\"query-input\":{\"@type\":\"PropertyValueSpecification\",\"valueRequired\":true,\"valueName\":\"search_term_string\"}}],\"inLanguage\":\"pt-BR\"},{\"@type\":\"Organization\",\"@id\":\"https:\/\/www.fiemg.com.br\/regional-vale-do-paranaiba\/#organization\",\"name\":\"Regional Vale do Parana\u00edba\",\"url\":\"https:\/\/www.fiemg.com.br\/regional-vale-do-paranaiba\/\",\"logo\":{\"@type\":\"ImageObject\",\"inLanguage\":\"pt-BR\",\"@id\":\"https:\/\/www.fiemg.com.br\/regional-vale-do-paranaiba\/#\/schema\/logo\/image\/\",\"url\":\"https:\/\/www.fiemg.com.br\/regional-vale-do-paranaiba\/wp-content\/uploads\/sites\/24\/2023\/02\/Ativo-1.png\",\"contentUrl\":\"https:\/\/www.fiemg.com.br\/regional-vale-do-paranaiba\/wp-content\/uploads\/sites\/24\/2023\/02\/Ativo-1.png\",\"width\":563,\"height\":149,\"caption\":\"Regional Vale do Parana\u00edba\"},\"image\":{\"@id\":\"https:\/\/www.fiemg.com.br\/regional-vale-do-paranaiba\/#\/schema\/logo\/image\/\"}}]}<\/script>\n<!-- \/ Yoast SEO plugin. -->","yoast_head_json":{"title":"Cultura - Regional Vale do Parana\u00edba","robots":{"index":"index","follow":"follow","max-snippet":"max-snippet:-1","max-image-preview":"max-image-preview:large","max-video-preview":"max-video-preview:-1"},"canonical":"https:\/\/www.fiemg.com.br\/regional-vale-do-paranaiba\/area-de-interesse\/cultura\/","og_locale":"pt_BR","og_type":"article","og_title":"Cultura - Regional Vale do Parana\u00edba","og_description":"Nosso prop\u00f3sito \u00e9 transformar vidas por meio da forma\u00e7\u00e3o cultural, de neg\u00f3cios e de experi\u00eancias inesquec\u00edveis.","og_url":"https:\/\/www.fiemg.com.br\/regional-vale-do-paranaiba\/area-de-interesse\/cultura\/","og_site_name":"Regional Vale do Parana\u00edba","article_modified_time":"2023-08-25T12:40:54+00:00","og_image":[{"width":300,"height":300,"url":"https:\/\/www.fiemg.com.br\/regional-vale-do-paranaiba\/wp-content\/uploads\/sites\/24\/2023\/08\/default.png","type":"image\/png"}],"twitter_card":"summary_large_image","schema":{"@context":"https:\/\/schema.org","@graph":[{"@type":"WebPage","@id":"https:\/\/www.fiemg.com.br\/regional-vale-do-paranaiba\/area-de-interesse\/cultura\/","url":"https:\/\/www.fiemg.com.br\/regional-vale-do-paranaiba\/area-de-interesse\/cultura\/","name":"Cultura - Regional Vale do Parana\u00edba","isPartOf":{"@id":"https:\/\/www.fiemg.com.br\/regional-vale-do-paranaiba\/#website"},"primaryImageOfPage":{"@id":"https:\/\/www.fiemg.com.br\/regional-vale-do-paranaiba\/area-de-interesse\/cultura\/#primaryimage"},"image":{"@id":"https:\/\/www.fiemg.com.br\/regional-vale-do-paranaiba\/area-de-interesse\/cultura\/#primaryimage"},"thumbnailUrl":"https:\/\/www.fiemg.com.br\/regional-vale-do-paranaiba\/wp-content\/uploads\/sites\/24\/2023\/08\/default.png","datePublished":"2023-04-26T16:51:13+00:00","dateModified":"2023-08-25T12:40:54+00:00","breadcrumb":{"@id":"https:\/\/www.fiemg.com.br\/regional-vale-do-paranaiba\/area-de-interesse\/cultura\/#breadcrumb"},"inLanguage":"pt-BR","potentialAction":[{"@type":"ReadAction","target":["https:\/\/www.fiemg.com.br\/regional-vale-do-paranaiba\/area-de-interesse\/cultura\/"]}]},{"@type":"ImageObject","inLanguage":"pt-BR","@id":"https:\/\/www.fiemg.com.br\/regional-vale-do-paranaiba\/area-de-interesse\/cultura\/#primaryimage","url":"https:\/\/www.fiemg.com.br\/regional-vale-do-paranaiba\/wp-content\/uploads\/sites\/24\/2023\/08\/default.png","contentUrl":"https:\/\/www.fiemg.com.br\/regional-vale-do-paranaiba\/wp-content\/uploads\/sites\/24\/2023\/08\/default.png","width":300,"height":300},{"@type":"BreadcrumbList","@id":"https:\/\/www.fiemg.com.br\/regional-vale-do-paranaiba\/area-de-interesse\/cultura\/#breadcrumb","itemListElement":[{"@type":"ListItem","position":1,"name":"In\u00edcio","item":"https:\/\/www.fiemg.com.br\/regional-vale-do-paranaiba\/"},{"@type":"ListItem","position":2,"name":"Cultura"}]},{"@type":"WebSite","@id":"https:\/\/www.fiemg.com.br\/regional-vale-do-paranaiba\/#website","url":"https:\/\/www.fiemg.com.br\/regional-vale-do-paranaiba\/","name":"Regional Vale do Parana\u00edba","description":"Federa\u00e7\u00e3o das Ind\u00fastrias do Estado de Minas Gerais","publisher":{"@id":"https:\/\/www.fiemg.com.br\/regional-vale-do-paranaiba\/#organization"},"potentialAction":[{"@type":"SearchAction","target":{"@type":"EntryPoint","urlTemplate":"https:\/\/www.fiemg.com.br\/regional-vale-do-paranaiba\/?s={search_term_string}"},"query-input":{"@type":"PropertyValueSpecification","valueRequired":true,"valueName":"search_term_string"}}],"inLanguage":"pt-BR"},{"@type":"Organization","@id":"https:\/\/www.fiemg.com.br\/regional-vale-do-paranaiba\/#organization","name":"Regional Vale do Parana\u00edba","url":"https:\/\/www.fiemg.com.br\/regional-vale-do-paranaiba\/","logo":{"@type":"ImageObject","inLanguage":"pt-BR","@id":"https:\/\/www.fiemg.com.br\/regional-vale-do-paranaiba\/#\/schema\/logo\/image\/","url":"https:\/\/www.fiemg.com.br\/regional-vale-do-paranaiba\/wp-content\/uploads\/sites\/24\/2023\/02\/Ativo-1.png","contentUrl":"https:\/\/www.fiemg.com.br\/regional-vale-do-paranaiba\/wp-content\/uploads\/sites\/24\/2023\/02\/Ativo-1.png","width":563,"height":149,"caption":"Regional Vale do Parana\u00edba"},"image":{"@id":"https:\/\/www.fiemg.com.br\/regional-vale-do-paranaiba\/#\/schema\/logo\/image\/"}}]}},"_links":{"self":[{"href":"https:\/\/www.fiemg.com.br\/regional-vale-do-paranaiba\/wp-json\/wp\/v2\/area-de-interesse\/2355","targetHints":{"allow":["GET"]}}],"collection":[{"href":"https:\/\/www.fiemg.com.br\/regional-vale-do-paranaiba\/wp-json\/wp\/v2\/area-de-interesse"}],"about":[{"href":"https:\/\/www.fiemg.com.br\/regional-vale-do-paranaiba\/wp-json\/wp\/v2\/types\/area-de-interesse"}],"version-history":[{"count":0,"href":"https:\/\/www.fiemg.com.br\/regional-vale-do-paranaiba\/wp-json\/wp\/v2\/area-de-interesse\/2355\/revisions"}],"wp:featuredmedia":[{"embeddable":true,"href":"https:\/\/www.fiemg.com.br\/regional-vale-do-paranaiba\/wp-json\/wp\/v2\/media\/1529"}],"wp:attachment":[{"href":"https:\/\/www.fiemg.com.br\/regional-vale-do-paranaiba\/wp-json\/wp\/v2\/media?parent=2355"}],"wp:term":[{"taxonomy":"category","embeddable":true,"href":"https:\/\/www.fiemg.com.br\/regional-vale-do-paranaiba\/wp-json\/wp\/v2\/categories?post=2355"},{"taxonomy":"post_tag","embeddable":true,"href":"https:\/\/www.fiemg.com.br\/regional-vale-do-paranaiba\/wp-json\/wp\/v2\/tags?post=2355"},{"taxonomy":"categoria_areas_de_interesse","embeddable":true,"href":"https:\/\/www.fiemg.com.br\/regional-vale-do-paranaiba\/wp-json\/wp\/v2\/categoria_areas_de_interesse?post=2355"}],"curies":[{"name":"wp","href":"https:\/\/api.w.org\/{rel}","templated":true}]}}