{"id":1044,"date":"2023-06-24T20:54:46","date_gmt":"2023-06-24T23:54:46","guid":{"rendered":"https:\/\/www.fiemg.com.br\/regional-vale-do-paranaiba\/blog\/"},"modified":"2025-06-17T10:27:45","modified_gmt":"2025-06-17T13:27:45","slug":"noticias","status":"publish","type":"page","link":"https:\/\/www.fiemg.com.br\/regional-vale-do-paranaiba\/noticias\/","title":{"rendered":"Noticias"},"content":{"rendered":"\t\t<div data-elementor-type=\"wp-page\" data-elementor-id=\"1044\" class=\"elementor elementor-1044\" data-elementor-post-type=\"page\">\n\t\t\t\t<div class=\"has_ae_slider elementor-element elementor-element-0f35dd5 e-flex e-con-boxed ae-bg-gallery-type-default e-con e-parent\" data-id=\"0f35dd5\" data-element_type=\"container\">\n\t\t\t\t\t<div class=\"e-con-inner\">\n\t\t\t\t<div class=\"elementor-element elementor-element-cd8f3b9 elementor-widget elementor-widget-heading\" data-id=\"cd8f3b9\" data-element_type=\"widget\" data-widget_type=\"heading.default\">\n\t\t\t\t<div class=\"elementor-widget-container\">\n\t\t\t\t\t<h2 class=\"elementor-heading-title elementor-size-default\">Not\u00edcias<\/h2>\t\t\t\t<\/div>\n\t\t\t\t<\/div>\n\t\t\t\t<div class=\"elementor-element elementor-element-abbf06d elementor-widget elementor-widget-jet-listing-grid\" data-id=\"abbf06d\" data-element_type=\"widget\" data-settings=\"{&quot;columns&quot;:&quot;4&quot;,&quot;columns_tablet&quot;:&quot;2&quot;,&quot;columns_mobile&quot;:&quot;1&quot;}\" data-widget_type=\"jet-listing-grid.default\">\n\t\t\t\t<div class=\"elementor-widget-container\">\n\t\t\t\t\t<div class=\"jet-listing-grid jet-listing\"><div class=\"jet-listing-grid__items grid-col-desk-4 grid-col-tablet-2 grid-col-mobile-1 jet-listing-grid--3014\" data-queried-id=\"1044|WP_Post\" data-nav=\"{&quot;enabled&quot;:true,&quot;type&quot;:&quot;click&quot;,&quot;more_el&quot;:&quot;#load-more&quot;,&quot;query&quot;:{&quot;post_status&quot;:[&quot;publish&quot;],&quot;post_type&quot;:&quot;noticias&quot;,&quot;posts_per_page&quot;:&quot;12&quot;,&quot;paged&quot;:&quot;1&quot;,&quot;ignore_sticky_posts&quot;:&quot;1&quot;,&quot;suppress_filters&quot;:false,&quot;jet_smart_filters&quot;:&quot;jet-engine\\\/default&quot;,&quot;signature&quot;:&quot;79caf4dff4016a0e5a84d11f95054ea6146efa2fed2bf41d4ebab2b22b343683&quot;},&quot;widget_settings&quot;:{&quot;lisitng_id&quot;:3014,&quot;posts_num&quot;:12,&quot;columns&quot;:4,&quot;columns_tablet&quot;:2,&quot;columns_mobile&quot;:1,&quot;column_min_width&quot;:240,&quot;column_min_width_tablet&quot;:240,&quot;column_min_width_mobile&quot;:240,&quot;inline_columns_css&quot;:false,&quot;is_archive_template&quot;:&quot;&quot;,&quot;post_status&quot;:[&quot;publish&quot;],&quot;use_random_posts_num&quot;:&quot;&quot;,&quot;max_posts_num&quot;:9,&quot;not_found_message&quot;:&quot;N\\u00e3o h\\u00e1 not\\u00edcias&quot;,&quot;is_masonry&quot;:false,&quot;equal_columns_height&quot;:&quot;&quot;,&quot;use_load_more&quot;:&quot;yes&quot;,&quot;load_more_id&quot;:&quot;load-more&quot;,&quot;load_more_type&quot;:&quot;click&quot;,&quot;load_more_offset&quot;:{&quot;unit&quot;:&quot;px&quot;,&quot;size&quot;:0,&quot;sizes&quot;:[]},&quot;use_custom_post_types&quot;:&quot;&quot;,&quot;custom_post_types&quot;:[],&quot;hide_widget_if&quot;:&quot;&quot;,&quot;carousel_enabled&quot;:&quot;&quot;,&quot;slides_to_scroll&quot;:&quot;1&quot;,&quot;arrows&quot;:&quot;true&quot;,&quot;arrow_icon&quot;:&quot;fa fa-angle-left&quot;,&quot;dots&quot;:&quot;&quot;,&quot;autoplay&quot;:&quot;true&quot;,&quot;pause_on_hover&quot;:&quot;true&quot;,&quot;autoplay_speed&quot;:5000,&quot;infinite&quot;:&quot;true&quot;,&quot;center_mode&quot;:&quot;&quot;,&quot;effect&quot;:&quot;slide&quot;,&quot;speed&quot;:500,&quot;inject_alternative_items&quot;:&quot;&quot;,&quot;injection_items&quot;:[],&quot;scroll_slider_enabled&quot;:&quot;&quot;,&quot;scroll_slider_on&quot;:[&quot;desktop&quot;,&quot;tablet&quot;,&quot;mobile&quot;],&quot;custom_query&quot;:false,&quot;custom_query_id&quot;:&quot;&quot;,&quot;_element_id&quot;:&quot;&quot;,&quot;collapse_first_last_gap&quot;:false,&quot;list_tag_selection&quot;:&quot;&quot;,&quot;list_items_wrapper_tag&quot;:&quot;div&quot;,&quot;list_item_tag&quot;:&quot;div&quot;,&quot;empty_items_wrapper_tag&quot;:&quot;div&quot;}}\" data-page=\"1\" data-pages=\"26\" data-listing-source=\"posts\" data-listing-id=\"3014\" data-query-id=\"\"><style>.elementor-3014 .elementor-element.elementor-element-eb33079{--display:flex;--flex-direction:column;--container-widget-width:calc( ( 1 - var( --container-widget-flex-grow ) ) * 100% );--container-widget-height:initial;--container-widget-flex-grow:0;--container-widget-align-self:initial;--flex-wrap-mobile:wrap;--justify-content:center;--align-items:flex-start;--gap:10px 10px;--row-gap:10px;--column-gap:10px;}.elementor-3014 .elementor-element.elementor-element-2514dd1{--display:flex;--flex-direction:column;--container-widget-width:calc( ( 1 - var( --container-widget-flex-grow ) ) * 100% );--container-widget-height:initial;--container-widget-flex-grow:0;--container-widget-align-self:initial;--flex-wrap-mobile:wrap;--justify-content:flex-start;--align-items:flex-start;--margin-top:0px;--margin-bottom:0px;--margin-left:0px;--margin-right:0px;--padding-top:0px;--padding-bottom:0px;--padding-left:0px;--padding-right:0px;}.elementor-widget-image .widget-image-caption{color:var( --e-global-color-text );font-family:var( --e-global-typography-text-font-family ), Sans-serif;font-weight:var( --e-global-typography-text-font-weight );}.elementor-3014 .elementor-element.elementor-element-402a511 img{width:100%;max-width:100%;height:250px;object-fit:cover;object-position:center center;border-radius:10px 10px 10px 10px;}.elementor-3014 .elementor-element.elementor-element-6cc2dce .jet-listing-dynamic-meta{text-align:flex-start;}.elementor-3014 .elementor-element.elementor-element-6cc2dce .jet-listing-dynamic-meta__item, .elementor-3014 .elementor-element.elementor-element-6cc2dce .jet-listing-dynamic-meta__item-val{font-size:14px;}.elementor-3014 .elementor-element.elementor-element-6cc2dce .jet-listing-dynamic-meta__item{color:var( --e-global-color-text );}.elementor-3014 .elementor-element.elementor-element-6cc2dce .jet-listing-dynamic-meta__item-val{color:var( --e-global-color-text );}.elementor-widget-heading .elementor-heading-title{font-family:var( --e-global-typography-primary-font-family ), Sans-serif;font-weight:var( --e-global-typography-primary-font-weight );color:var( --e-global-color-primary );}.elementor-3014 .elementor-element.elementor-element-c43500c .elementor-heading-title{font-family:\"Noto Sans\", Sans-serif;font-size:20px;font-weight:500;line-height:24px;}@media(min-width:768px){.elementor-3014 .elementor-element.elementor-element-eb33079{--width:100%;}}<\/style><div class=\"jet-listing-grid__item jet-listing-dynamic-post-3543\" data-post-id=\"3543\"  >\t\t<div data-elementor-type=\"jet-listing-items\" data-elementor-id=\"3014\" class=\"elementor elementor-3014\" data-elementor-post-type=\"jet-engine\">\n\t\t\t\t<div class=\"has_ae_slider elementor-element elementor-element-eb33079 e-con-full e-flex ae-bg-gallery-type-default e-con e-parent\" data-id=\"eb33079\" data-element_type=\"container\">\n\t\t<div class=\"has_ae_slider elementor-element elementor-element-2514dd1 e-con-full e-flex ae-bg-gallery-type-default e-con e-child\" data-id=\"2514dd1\" data-element_type=\"container\">\n\t\t\t\t<div class=\"elementor-element elementor-element-402a511 elementor-widget elementor-widget-image\" data-id=\"402a511\" data-element_type=\"widget\" data-widget_type=\"image.default\">\n\t\t\t\t<div class=\"elementor-widget-container\">\n\t\t\t\t\t\t\t\t\t\t\t\t<figure class=\"wp-caption\">\n\t\t\t\t\t\t\t\t\t\t\t<a href=\"https:\/\/www.fiemg.com.br\/regional-vale-do-paranaiba\/noticias\/acordo-mercosul-uniao-europeia-entra-em-vigor-em-1o-de-maio-e-abre-novas-oportunidades-para-exportadores-brasileiros\/\">\n\t\t\t\t\t\t\t<img decoding=\"async\" src=\"https:\/\/www.fiemg.com.br\/regional-vale-do-paranaiba\/wp-content\/uploads\/sites\/24\/elementor\/thumbs\/fiemg-exportacao_1985623_8866229-rmqm399dd3ebdaxed3u03pkyz4e1q7ljyhxbfzeo00.png\" title=\"fiemg exporta\u00e7\u00e3o\" alt=\"fiemg exporta\u00e7\u00e3o\" loading=\"lazy\" \/>\t\t\t\t\t\t\t\t<\/a>\n\t\t\t\t\t\t\t\t\t\t\t<figcaption class=\"widget-image-caption wp-caption-text\"><\/figcaption>\n\t\t\t\t\t\t\t\t\t\t<\/figure>\n\t\t\t\t\t\t\t\t\t<\/div>\n\t\t\t\t<\/div>\n\t\t\t\t<\/div>\n\t\t\t\t<div class=\"elementor-element elementor-element-6cc2dce elementor-widget elementor-widget-jet-listing-dynamic-meta\" data-id=\"6cc2dce\" data-element_type=\"widget\" data-widget_type=\"jet-listing-dynamic-meta.default\">\n\t\t\t\t<div class=\"elementor-widget-container\">\n\t\t\t\t\t<div class=\"jet-listing jet-listing-dynamic-meta meta-layout-inline\"><div class=\"jet-listing-dynamic-meta__date jet-listing-dynamic-meta__item\"><a href=\"https:\/\/www.fiemg.com.br\/regional-vale-do-paranaiba\/noticias\/acordo-mercosul-uniao-europeia-entra-em-vigor-em-1o-de-maio-e-abre-novas-oportunidades-para-exportadores-brasileiros\/\" class=\"jet-listing-dynamic-meta__item-val\">29\/04\/2026<\/a><\/div><\/div>\t\t\t\t<\/div>\n\t\t\t\t<\/div>\n\t\t\t\t<div class=\"elementor-element elementor-element-c43500c elementor-widget elementor-widget-heading\" data-id=\"c43500c\" data-element_type=\"widget\" data-widget_type=\"heading.default\">\n\t\t\t\t<div class=\"elementor-widget-container\">\n\t\t\t\t\t<h3 class=\"elementor-heading-title elementor-size-default\"><a href=\"https:\/\/www.fiemg.com.br\/regional-vale-do-paranaiba\/noticias\/acordo-mercosul-uniao-europeia-entra-em-vigor-em-1o-de-maio-e-abre-novas-oportunidades-para-exportadores-brasileiros\/\">Acordo Mercosul-Uni\u00e3o Europeia entra em vigor em 1\u00ba de maio e abre novas oportunidades para exportadores brasileiros<\/a><\/h3>\t\t\t\t<\/div>\n\t\t\t\t<\/div>\n\t\t\t\t<\/div>\n\t\t\t\t<\/div>\n\t\t<\/div><div class=\"jet-listing-grid__item jet-listing-dynamic-post-3535\" data-post-id=\"3535\"  >\t\t<div data-elementor-type=\"jet-listing-items\" data-elementor-id=\"3014\" class=\"elementor elementor-3014\" data-elementor-post-type=\"jet-engine\">\n\t\t\t\t<div class=\"has_ae_slider elementor-element elementor-element-eb33079 e-con-full e-flex ae-bg-gallery-type-default e-con e-parent\" data-id=\"eb33079\" data-element_type=\"container\">\n\t\t<div class=\"has_ae_slider elementor-element elementor-element-2514dd1 e-con-full e-flex ae-bg-gallery-type-default e-con e-child\" data-id=\"2514dd1\" data-element_type=\"container\">\n\t\t\t\t<div class=\"elementor-element elementor-element-402a511 elementor-widget elementor-widget-image\" data-id=\"402a511\" data-element_type=\"widget\" data-widget_type=\"image.default\">\n\t\t\t\t<div class=\"elementor-widget-container\">\n\t\t\t\t\t\t\t\t\t\t\t\t<figure class=\"wp-caption\">\n\t\t\t\t\t\t\t\t\t\t\t<a href=\"https:\/\/www.fiemg.com.br\/regional-vale-do-paranaiba\/noticias\/fiemg-alerta-para-aumento-de-custos-com-bandeira-amarela-em-maio\/\">\n\t\t\t\t\t\t\t<img decoding=\"async\" src=\"https:\/\/www.fiemg.com.br\/regional-vale-do-paranaiba\/wp-content\/uploads\/sites\/24\/elementor\/thumbs\/bandeira-fiemg-1-rmhvbzwzddr9sw7pyluxgm4ef4q59ya7pyxjbedn28.jpeg\" title=\"bandeira fiemg\" alt=\"bandeira fiemg\" loading=\"lazy\" \/>\t\t\t\t\t\t\t\t<\/a>\n\t\t\t\t\t\t\t\t\t\t\t<figcaption class=\"widget-image-caption wp-caption-text\"><\/figcaption>\n\t\t\t\t\t\t\t\t\t\t<\/figure>\n\t\t\t\t\t\t\t\t\t<\/div>\n\t\t\t\t<\/div>\n\t\t\t\t<\/div>\n\t\t\t\t<div class=\"elementor-element elementor-element-6cc2dce elementor-widget elementor-widget-jet-listing-dynamic-meta\" data-id=\"6cc2dce\" data-element_type=\"widget\" data-widget_type=\"jet-listing-dynamic-meta.default\">\n\t\t\t\t<div class=\"elementor-widget-container\">\n\t\t\t\t\t<div class=\"jet-listing jet-listing-dynamic-meta meta-layout-inline\"><div class=\"jet-listing-dynamic-meta__date jet-listing-dynamic-meta__item\"><a href=\"https:\/\/www.fiemg.com.br\/regional-vale-do-paranaiba\/noticias\/fiemg-alerta-para-aumento-de-custos-com-bandeira-amarela-em-maio\/\" class=\"jet-listing-dynamic-meta__item-val\">24\/04\/2026<\/a><\/div><\/div>\t\t\t\t<\/div>\n\t\t\t\t<\/div>\n\t\t\t\t<div class=\"elementor-element elementor-element-c43500c elementor-widget elementor-widget-heading\" data-id=\"c43500c\" data-element_type=\"widget\" data-widget_type=\"heading.default\">\n\t\t\t\t<div class=\"elementor-widget-container\">\n\t\t\t\t\t<h3 class=\"elementor-heading-title elementor-size-default\"><a href=\"https:\/\/www.fiemg.com.br\/regional-vale-do-paranaiba\/noticias\/fiemg-alerta-para-aumento-de-custos-com-bandeira-amarela-em-maio\/\">FIEMG alerta para aumento de custos com bandeira amarela em maio<\/a><\/h3>\t\t\t\t<\/div>\n\t\t\t\t<\/div>\n\t\t\t\t<\/div>\n\t\t\t\t<\/div>\n\t\t<\/div><div class=\"jet-listing-grid__item jet-listing-dynamic-post-3532\" data-post-id=\"3532\"  >\t\t<div data-elementor-type=\"jet-listing-items\" data-elementor-id=\"3014\" class=\"elementor elementor-3014\" data-elementor-post-type=\"jet-engine\">\n\t\t\t\t<div class=\"has_ae_slider elementor-element elementor-element-eb33079 e-con-full e-flex ae-bg-gallery-type-default e-con e-parent\" data-id=\"eb33079\" data-element_type=\"container\">\n\t\t<div class=\"has_ae_slider elementor-element elementor-element-2514dd1 e-con-full e-flex ae-bg-gallery-type-default e-con e-child\" data-id=\"2514dd1\" data-element_type=\"container\">\n\t\t\t\t<div class=\"elementor-element elementor-element-402a511 elementor-widget elementor-widget-image\" data-id=\"402a511\" data-element_type=\"widget\" data-widget_type=\"image.default\">\n\t\t\t\t<div class=\"elementor-widget-container\">\n\t\t\t\t\t\t\t\t\t\t\t\t<figure class=\"wp-caption\">\n\t\t\t\t\t\t\t\t\t\t\t<a href=\"https:\/\/www.fiemg.com.br\/regional-vale-do-paranaiba\/noticias\/fiemg-critica-fim-da-escala-6x1-e-destaca-impacto-no-pib-e-no-emprego\/\">\n\t\t\t\t\t\t\t<img decoding=\"async\" src=\"https:\/\/www.fiemg.com.br\/regional-vale-do-paranaiba\/wp-content\/uploads\/sites\/24\/elementor\/thumbs\/sistema-fiemg-mini-rm1zczvl3q89atsiy17o8ojqz75dzpfq1z6s18v0g0.png\" title=\"sistema fiemg mini\" alt=\"sistema fiemg mini\" loading=\"lazy\" \/>\t\t\t\t\t\t\t\t<\/a>\n\t\t\t\t\t\t\t\t\t\t\t<figcaption class=\"widget-image-caption wp-caption-text\"><\/figcaption>\n\t\t\t\t\t\t\t\t\t\t<\/figure>\n\t\t\t\t\t\t\t\t\t<\/div>\n\t\t\t\t<\/div>\n\t\t\t\t<\/div>\n\t\t\t\t<div class=\"elementor-element elementor-element-6cc2dce elementor-widget elementor-widget-jet-listing-dynamic-meta\" data-id=\"6cc2dce\" data-element_type=\"widget\" data-widget_type=\"jet-listing-dynamic-meta.default\">\n\t\t\t\t<div class=\"elementor-widget-container\">\n\t\t\t\t\t<div class=\"jet-listing jet-listing-dynamic-meta meta-layout-inline\"><div class=\"jet-listing-dynamic-meta__date jet-listing-dynamic-meta__item\"><a href=\"https:\/\/www.fiemg.com.br\/regional-vale-do-paranaiba\/noticias\/fiemg-critica-fim-da-escala-6x1-e-destaca-impacto-no-pib-e-no-emprego\/\" class=\"jet-listing-dynamic-meta__item-val\">15\/04\/2026<\/a><\/div><\/div>\t\t\t\t<\/div>\n\t\t\t\t<\/div>\n\t\t\t\t<div class=\"elementor-element elementor-element-c43500c elementor-widget elementor-widget-heading\" data-id=\"c43500c\" data-element_type=\"widget\" data-widget_type=\"heading.default\">\n\t\t\t\t<div class=\"elementor-widget-container\">\n\t\t\t\t\t<h3 class=\"elementor-heading-title elementor-size-default\"><a href=\"https:\/\/www.fiemg.com.br\/regional-vale-do-paranaiba\/noticias\/fiemg-critica-fim-da-escala-6x1-e-destaca-impacto-no-pib-e-no-emprego\/\">FIEMG critica fim da escala 6&#215;1 e destaca impacto no PIB e no emprego<\/a><\/h3>\t\t\t\t<\/div>\n\t\t\t\t<\/div>\n\t\t\t\t<\/div>\n\t\t\t\t<\/div>\n\t\t<\/div><div class=\"jet-listing-grid__item jet-listing-dynamic-post-3530\" data-post-id=\"3530\"  >\t\t<div data-elementor-type=\"jet-listing-items\" data-elementor-id=\"3014\" class=\"elementor elementor-3014\" data-elementor-post-type=\"jet-engine\">\n\t\t\t\t<div class=\"has_ae_slider elementor-element elementor-element-eb33079 e-con-full e-flex ae-bg-gallery-type-default e-con e-parent\" data-id=\"eb33079\" data-element_type=\"container\">\n\t\t<div class=\"has_ae_slider elementor-element elementor-element-2514dd1 e-con-full e-flex ae-bg-gallery-type-default e-con e-child\" data-id=\"2514dd1\" data-element_type=\"container\">\n\t\t\t\t<div class=\"elementor-element elementor-element-402a511 elementor-widget elementor-widget-image\" data-id=\"402a511\" data-element_type=\"widget\" data-widget_type=\"image.default\">\n\t\t\t\t<div class=\"elementor-widget-container\">\n\t\t\t\t\t\t\t\t\t\t\t\t<figure class=\"wp-caption\">\n\t\t\t\t\t\t\t\t\t\t\t<a href=\"https:\/\/www.fiemg.com.br\/regional-vale-do-paranaiba\/noticias\/conflito-no-oriente-medio-pode-elevar-inflacao-no-brasil-em-ate-766-e-reduzir-atividade-economica-aponta-fiemg\/\">\n\t\t\t\t\t\t\t<img decoding=\"async\" src=\"https:\/\/www.fiemg.com.br\/regional-vale-do-paranaiba\/wp-content\/uploads\/sites\/24\/elementor\/thumbs\/default-qktp2wdldqcsxdvfwv2544nvscto09r7c87tgr1p1c.png\" title=\"default\" alt=\"default\" loading=\"lazy\" \/>\t\t\t\t\t\t\t\t<\/a>\n\t\t\t\t\t\t\t\t\t\t\t<figcaption class=\"widget-image-caption wp-caption-text\"><\/figcaption>\n\t\t\t\t\t\t\t\t\t\t<\/figure>\n\t\t\t\t\t\t\t\t\t<\/div>\n\t\t\t\t<\/div>\n\t\t\t\t<\/div>\n\t\t\t\t<div class=\"elementor-element elementor-element-6cc2dce elementor-widget elementor-widget-jet-listing-dynamic-meta\" data-id=\"6cc2dce\" data-element_type=\"widget\" data-widget_type=\"jet-listing-dynamic-meta.default\">\n\t\t\t\t<div class=\"elementor-widget-container\">\n\t\t\t\t\t<div class=\"jet-listing jet-listing-dynamic-meta meta-layout-inline\"><div class=\"jet-listing-dynamic-meta__date jet-listing-dynamic-meta__item\"><a href=\"https:\/\/www.fiemg.com.br\/regional-vale-do-paranaiba\/noticias\/conflito-no-oriente-medio-pode-elevar-inflacao-no-brasil-em-ate-766-e-reduzir-atividade-economica-aponta-fiemg\/\" class=\"jet-listing-dynamic-meta__item-val\">08\/04\/2026<\/a><\/div><\/div>\t\t\t\t<\/div>\n\t\t\t\t<\/div>\n\t\t\t\t<div class=\"elementor-element elementor-element-c43500c elementor-widget elementor-widget-heading\" data-id=\"c43500c\" data-element_type=\"widget\" data-widget_type=\"heading.default\">\n\t\t\t\t<div class=\"elementor-widget-container\">\n\t\t\t\t\t<h3 class=\"elementor-heading-title elementor-size-default\"><a href=\"https:\/\/www.fiemg.com.br\/regional-vale-do-paranaiba\/noticias\/conflito-no-oriente-medio-pode-elevar-inflacao-no-brasil-em-ate-766-e-reduzir-atividade-economica-aponta-fiemg\/\">Conflito no Oriente M\u00e9dio pode elevar infla\u00e7\u00e3o no Brasil em at\u00e9 7,66% e reduzir atividade econ\u00f4mica, aponta FIEMG<\/a><\/h3>\t\t\t\t<\/div>\n\t\t\t\t<\/div>\n\t\t\t\t<\/div>\n\t\t\t\t<\/div>\n\t\t<\/div><div class=\"jet-listing-grid__item jet-listing-dynamic-post-3524\" data-post-id=\"3524\"  >\t\t<div data-elementor-type=\"jet-listing-items\" data-elementor-id=\"3014\" class=\"elementor elementor-3014\" data-elementor-post-type=\"jet-engine\">\n\t\t\t\t<div class=\"has_ae_slider elementor-element elementor-element-eb33079 e-con-full e-flex ae-bg-gallery-type-default e-con e-parent\" data-id=\"eb33079\" data-element_type=\"container\">\n\t\t<div class=\"has_ae_slider elementor-element elementor-element-2514dd1 e-con-full e-flex ae-bg-gallery-type-default e-con e-child\" data-id=\"2514dd1\" data-element_type=\"container\">\n\t\t\t\t<div class=\"elementor-element elementor-element-402a511 elementor-widget elementor-widget-image\" data-id=\"402a511\" data-element_type=\"widget\" data-widget_type=\"image.default\">\n\t\t\t\t<div class=\"elementor-widget-container\">\n\t\t\t\t\t\t\t\t\t\t\t\t<figure class=\"wp-caption\">\n\t\t\t\t\t\t\t\t\t\t\t<a href=\"https:\/\/www.fiemg.com.br\/regional-vale-do-paranaiba\/noticias\/presidente-do-silemg-guilherme-abrantes-visita-fiemg-regional-vale-do-paranaiba-e-unidades-sesi-senai-de-uberlandia\/\">\n\t\t\t\t\t\t\t<img decoding=\"async\" src=\"https:\/\/www.fiemg.com.br\/regional-vale-do-paranaiba\/wp-content\/uploads\/sites\/24\/elementor\/thumbs\/WhatsApp-Image-2026-04-08-at-09.27.53-1-rlpudjjzx7205gltl0y8tgjcf5hbfynnuig6ce1la8.jpeg\" title=\"WhatsApp Image 2026-04-08 at 09.27.53\" alt=\"WhatsApp Image 2026-04-08 at 09.27.53\" loading=\"lazy\" \/>\t\t\t\t\t\t\t\t<\/a>\n\t\t\t\t\t\t\t\t\t\t\t<figcaption class=\"widget-image-caption wp-caption-text\"><\/figcaption>\n\t\t\t\t\t\t\t\t\t\t<\/figure>\n\t\t\t\t\t\t\t\t\t<\/div>\n\t\t\t\t<\/div>\n\t\t\t\t<\/div>\n\t\t\t\t<div class=\"elementor-element elementor-element-6cc2dce elementor-widget elementor-widget-jet-listing-dynamic-meta\" data-id=\"6cc2dce\" data-element_type=\"widget\" data-widget_type=\"jet-listing-dynamic-meta.default\">\n\t\t\t\t<div class=\"elementor-widget-container\">\n\t\t\t\t\t<div class=\"jet-listing jet-listing-dynamic-meta meta-layout-inline\"><div class=\"jet-listing-dynamic-meta__date jet-listing-dynamic-meta__item\"><a href=\"https:\/\/www.fiemg.com.br\/regional-vale-do-paranaiba\/noticias\/presidente-do-silemg-guilherme-abrantes-visita-fiemg-regional-vale-do-paranaiba-e-unidades-sesi-senai-de-uberlandia\/\" class=\"jet-listing-dynamic-meta__item-val\">08\/04\/2026<\/a><\/div><\/div>\t\t\t\t<\/div>\n\t\t\t\t<\/div>\n\t\t\t\t<div class=\"elementor-element elementor-element-c43500c elementor-widget elementor-widget-heading\" data-id=\"c43500c\" data-element_type=\"widget\" data-widget_type=\"heading.default\">\n\t\t\t\t<div class=\"elementor-widget-container\">\n\t\t\t\t\t<h3 class=\"elementor-heading-title elementor-size-default\"><a href=\"https:\/\/www.fiemg.com.br\/regional-vale-do-paranaiba\/noticias\/presidente-do-silemg-guilherme-abrantes-visita-fiemg-regional-vale-do-paranaiba-e-unidades-sesi-senai-de-uberlandia\/\">Presidente do Silemg, Guilherme Abrantes, visita FIEMG Regional Vale do Parana\u00edba e Unidades SESI SENAI de Uberl\u00e2ndia<\/a><\/h3>\t\t\t\t<\/div>\n\t\t\t\t<\/div>\n\t\t\t\t<\/div>\n\t\t\t\t<\/div>\n\t\t<\/div><div class=\"jet-listing-grid__item jet-listing-dynamic-post-3520\" data-post-id=\"3520\"  >\t\t<div data-elementor-type=\"jet-listing-items\" data-elementor-id=\"3014\" class=\"elementor elementor-3014\" data-elementor-post-type=\"jet-engine\">\n\t\t\t\t<div class=\"has_ae_slider elementor-element elementor-element-eb33079 e-con-full e-flex ae-bg-gallery-type-default e-con e-parent\" data-id=\"eb33079\" data-element_type=\"container\">\n\t\t<div class=\"has_ae_slider elementor-element elementor-element-2514dd1 e-con-full e-flex ae-bg-gallery-type-default e-con e-child\" data-id=\"2514dd1\" data-element_type=\"container\">\n\t\t\t\t<div class=\"elementor-element elementor-element-402a511 elementor-widget elementor-widget-image\" data-id=\"402a511\" data-element_type=\"widget\" data-widget_type=\"image.default\">\n\t\t\t\t<div class=\"elementor-widget-container\">\n\t\t\t\t\t\t\t\t\t\t\t\t<figure class=\"wp-caption\">\n\t\t\t\t\t\t\t\t\t\t\t<a href=\"https:\/\/www.fiemg.com.br\/regional-vale-do-paranaiba\/noticias\/finep-pelo-brasil-e-realizado-na-fiemg-regional-vale-do-paranaiba-em-uberlandia\/\">\n\t\t\t\t\t\t\t<img decoding=\"async\" src=\"https:\/\/www.fiemg.com.br\/regional-vale-do-paranaiba\/wp-content\/uploads\/sites\/24\/elementor\/thumbs\/default-qktp2wdldqcsxdvfwv2544nvscto09r7c87tgr1p1c.png\" title=\"default\" alt=\"default\" loading=\"lazy\" \/>\t\t\t\t\t\t\t\t<\/a>\n\t\t\t\t\t\t\t\t\t\t\t<figcaption class=\"widget-image-caption wp-caption-text\"><\/figcaption>\n\t\t\t\t\t\t\t\t\t\t<\/figure>\n\t\t\t\t\t\t\t\t\t<\/div>\n\t\t\t\t<\/div>\n\t\t\t\t<\/div>\n\t\t\t\t<div class=\"elementor-element elementor-element-6cc2dce elementor-widget elementor-widget-jet-listing-dynamic-meta\" data-id=\"6cc2dce\" data-element_type=\"widget\" data-widget_type=\"jet-listing-dynamic-meta.default\">\n\t\t\t\t<div class=\"elementor-widget-container\">\n\t\t\t\t\t<div class=\"jet-listing jet-listing-dynamic-meta meta-layout-inline\"><div class=\"jet-listing-dynamic-meta__date jet-listing-dynamic-meta__item\"><a href=\"https:\/\/www.fiemg.com.br\/regional-vale-do-paranaiba\/noticias\/finep-pelo-brasil-e-realizado-na-fiemg-regional-vale-do-paranaiba-em-uberlandia\/\" class=\"jet-listing-dynamic-meta__item-val\">07\/04\/2026<\/a><\/div><\/div>\t\t\t\t<\/div>\n\t\t\t\t<\/div>\n\t\t\t\t<div class=\"elementor-element elementor-element-c43500c elementor-widget elementor-widget-heading\" data-id=\"c43500c\" data-element_type=\"widget\" data-widget_type=\"heading.default\">\n\t\t\t\t<div class=\"elementor-widget-container\">\n\t\t\t\t\t<h3 class=\"elementor-heading-title elementor-size-default\"><a href=\"https:\/\/www.fiemg.com.br\/regional-vale-do-paranaiba\/noticias\/finep-pelo-brasil-e-realizado-na-fiemg-regional-vale-do-paranaiba-em-uberlandia\/\">&#8220;Finep pelo Brasil&#8221; \u00e9 realizado na FIEMG Regional Vale do Parana\u00edba em Uberl\u00e2ndia<\/a><\/h3>\t\t\t\t<\/div>\n\t\t\t\t<\/div>\n\t\t\t\t<\/div>\n\t\t\t\t<\/div>\n\t\t<\/div><div class=\"jet-listing-grid__item jet-listing-dynamic-post-3516\" data-post-id=\"3516\"  >\t\t<div data-elementor-type=\"jet-listing-items\" data-elementor-id=\"3014\" class=\"elementor elementor-3014\" data-elementor-post-type=\"jet-engine\">\n\t\t\t\t<div class=\"has_ae_slider elementor-element elementor-element-eb33079 e-con-full e-flex ae-bg-gallery-type-default e-con e-parent\" data-id=\"eb33079\" data-element_type=\"container\">\n\t\t<div class=\"has_ae_slider elementor-element elementor-element-2514dd1 e-con-full e-flex ae-bg-gallery-type-default e-con e-child\" data-id=\"2514dd1\" data-element_type=\"container\">\n\t\t\t\t<div class=\"elementor-element elementor-element-402a511 elementor-widget elementor-widget-image\" data-id=\"402a511\" data-element_type=\"widget\" data-widget_type=\"image.default\">\n\t\t\t\t<div class=\"elementor-widget-container\">\n\t\t\t\t\t\t\t\t\t\t\t\t<figure class=\"wp-caption\">\n\t\t\t\t\t\t\t\t\t\t\t<a href=\"https:\/\/www.fiemg.com.br\/regional-vale-do-paranaiba\/noticias\/flavio-roscoe-apresenta-balanco-de-gestao-e-destaca-legado-para-sociedade\/\">\n\t\t\t\t\t\t\t<img decoding=\"async\" src=\"https:\/\/www.fiemg.com.br\/regional-vale-do-paranaiba\/wp-content\/uploads\/sites\/24\/elementor\/thumbs\/balanco_gestao_thumb-rldinw5hrgbzh782hbtgxcr7kxkhjudgca9l0uc1ds.jpeg\" title=\"Fl\u00e1vio Roscoe apresenta balan\u00e7o de gest\u00e3o e destaca legado para sociedade\" alt=\"Fl\u00e1vio Roscoe apresenta balan\u00e7o de gest\u00e3o e destaca legado para sociedade\" loading=\"lazy\" \/>\t\t\t\t\t\t\t\t<\/a>\n\t\t\t\t\t\t\t\t\t\t\t<figcaption class=\"widget-image-caption wp-caption-text\"><\/figcaption>\n\t\t\t\t\t\t\t\t\t\t<\/figure>\n\t\t\t\t\t\t\t\t\t<\/div>\n\t\t\t\t<\/div>\n\t\t\t\t<\/div>\n\t\t\t\t<div class=\"elementor-element elementor-element-6cc2dce elementor-widget elementor-widget-jet-listing-dynamic-meta\" data-id=\"6cc2dce\" data-element_type=\"widget\" data-widget_type=\"jet-listing-dynamic-meta.default\">\n\t\t\t\t<div class=\"elementor-widget-container\">\n\t\t\t\t\t<div class=\"jet-listing jet-listing-dynamic-meta meta-layout-inline\"><div class=\"jet-listing-dynamic-meta__date jet-listing-dynamic-meta__item\"><a href=\"https:\/\/www.fiemg.com.br\/regional-vale-do-paranaiba\/noticias\/flavio-roscoe-apresenta-balanco-de-gestao-e-destaca-legado-para-sociedade\/\" class=\"jet-listing-dynamic-meta__item-val\">01\/04\/2026<\/a><\/div><\/div>\t\t\t\t<\/div>\n\t\t\t\t<\/div>\n\t\t\t\t<div class=\"elementor-element elementor-element-c43500c elementor-widget elementor-widget-heading\" data-id=\"c43500c\" data-element_type=\"widget\" data-widget_type=\"heading.default\">\n\t\t\t\t<div class=\"elementor-widget-container\">\n\t\t\t\t\t<h3 class=\"elementor-heading-title elementor-size-default\"><a href=\"https:\/\/www.fiemg.com.br\/regional-vale-do-paranaiba\/noticias\/flavio-roscoe-apresenta-balanco-de-gestao-e-destaca-legado-para-sociedade\/\">Fl\u00e1vio Roscoe apresenta balan\u00e7o de gest\u00e3o e destaca legado para sociedade<\/a><\/h3>\t\t\t\t<\/div>\n\t\t\t\t<\/div>\n\t\t\t\t<\/div>\n\t\t\t\t<\/div>\n\t\t<\/div><div class=\"jet-listing-grid__item jet-listing-dynamic-post-3539\" data-post-id=\"3539\"  >\t\t<div data-elementor-type=\"jet-listing-items\" data-elementor-id=\"3014\" class=\"elementor elementor-3014\" data-elementor-post-type=\"jet-engine\">\n\t\t\t\t<div class=\"has_ae_slider elementor-element elementor-element-eb33079 e-con-full e-flex ae-bg-gallery-type-default e-con e-parent\" data-id=\"eb33079\" data-element_type=\"container\">\n\t\t<div class=\"has_ae_slider elementor-element elementor-element-2514dd1 e-con-full e-flex ae-bg-gallery-type-default e-con e-child\" data-id=\"2514dd1\" data-element_type=\"container\">\n\t\t\t\t<div class=\"elementor-element elementor-element-402a511 elementor-widget elementor-widget-image\" data-id=\"402a511\" data-element_type=\"widget\" data-widget_type=\"image.default\">\n\t\t\t\t<div class=\"elementor-widget-container\">\n\t\t\t\t\t\t\t\t\t\t\t\t<figure class=\"wp-caption\">\n\t\t\t\t\t\t\t\t\t\t\t<a href=\"https:\/\/www.fiemg.com.br\/regional-vale-do-paranaiba\/noticias\/diretor-da-fiemg-regional-vale-do-paranaiba-mauro-cunha-promove-reuniao-com-vereadores-de-araguari-para-apresentacao-de-portfolio-da-federacao-sesi-e-senai\/\">\n\t\t\t\t\t\t\t<img decoding=\"async\" src=\"https:\/\/www.fiemg.com.br\/regional-vale-do-paranaiba\/wp-content\/uploads\/sites\/24\/elementor\/thumbs\/WhatsApp-Image-2026-03-31-at-13.41.12-1-1-rmpz7m6is9w821b8ukzor1xg3e0fy4stpupjqemm80.jpeg\" title=\"WhatsApp Image 2026-03-31 at 13.41.12 (1)\" alt=\"WhatsApp Image 2026-03-31 at 13.41.12 (1)\" loading=\"lazy\" \/>\t\t\t\t\t\t\t\t<\/a>\n\t\t\t\t\t\t\t\t\t\t\t<figcaption class=\"widget-image-caption wp-caption-text\"><\/figcaption>\n\t\t\t\t\t\t\t\t\t\t<\/figure>\n\t\t\t\t\t\t\t\t\t<\/div>\n\t\t\t\t<\/div>\n\t\t\t\t<\/div>\n\t\t\t\t<div class=\"elementor-element elementor-element-6cc2dce elementor-widget elementor-widget-jet-listing-dynamic-meta\" data-id=\"6cc2dce\" data-element_type=\"widget\" data-widget_type=\"jet-listing-dynamic-meta.default\">\n\t\t\t\t<div class=\"elementor-widget-container\">\n\t\t\t\t\t<div class=\"jet-listing jet-listing-dynamic-meta meta-layout-inline\"><div class=\"jet-listing-dynamic-meta__date jet-listing-dynamic-meta__item\"><a href=\"https:\/\/www.fiemg.com.br\/regional-vale-do-paranaiba\/noticias\/diretor-da-fiemg-regional-vale-do-paranaiba-mauro-cunha-promove-reuniao-com-vereadores-de-araguari-para-apresentacao-de-portfolio-da-federacao-sesi-e-senai\/\" class=\"jet-listing-dynamic-meta__item-val\">01\/04\/2026<\/a><\/div><\/div>\t\t\t\t<\/div>\n\t\t\t\t<\/div>\n\t\t\t\t<div class=\"elementor-element elementor-element-c43500c elementor-widget elementor-widget-heading\" data-id=\"c43500c\" data-element_type=\"widget\" data-widget_type=\"heading.default\">\n\t\t\t\t<div class=\"elementor-widget-container\">\n\t\t\t\t\t<h3 class=\"elementor-heading-title elementor-size-default\"><a href=\"https:\/\/www.fiemg.com.br\/regional-vale-do-paranaiba\/noticias\/diretor-da-fiemg-regional-vale-do-paranaiba-mauro-cunha-promove-reuniao-com-vereadores-de-araguari-para-apresentacao-de-portfolio-da-federacao-sesi-e-senai\/\">Diretor da FIEMG Regional Vale do Parana\u00edba, Mauro Cunha, promove reuni\u00e3o com vereadores de Araguari para apresenta\u00e7\u00e3o de portfolio da Federa\u00e7\u00e3o, SESI e SENAI<\/a><\/h3>\t\t\t\t<\/div>\n\t\t\t\t<\/div>\n\t\t\t\t<\/div>\n\t\t\t\t<\/div>\n\t\t<\/div><div class=\"jet-listing-grid__item jet-listing-dynamic-post-3503\" data-post-id=\"3503\"  >\t\t<div data-elementor-type=\"jet-listing-items\" data-elementor-id=\"3014\" class=\"elementor elementor-3014\" data-elementor-post-type=\"jet-engine\">\n\t\t\t\t<div class=\"has_ae_slider elementor-element elementor-element-eb33079 e-con-full e-flex ae-bg-gallery-type-default e-con e-parent\" data-id=\"eb33079\" data-element_type=\"container\">\n\t\t<div class=\"has_ae_slider elementor-element elementor-element-2514dd1 e-con-full e-flex ae-bg-gallery-type-default e-con e-child\" data-id=\"2514dd1\" data-element_type=\"container\">\n\t\t\t\t<div class=\"elementor-element elementor-element-402a511 elementor-widget elementor-widget-image\" data-id=\"402a511\" data-element_type=\"widget\" data-widget_type=\"image.default\">\n\t\t\t\t<div class=\"elementor-widget-container\">\n\t\t\t\t\t\t\t\t\t\t\t\t<figure class=\"wp-caption\">\n\t\t\t\t\t\t\t\t\t\t\t<a href=\"https:\/\/www.fiemg.com.br\/regional-vale-do-paranaiba\/noticias\/o-sonho-de-crianca-que-se-tornou-realidade-a-historia-de-vida-do-empresario-sergio-silva-fundador-da-padaria-via-sabor\/\">\n\t\t\t\t\t\t\t<img decoding=\"async\" src=\"https:\/\/www.fiemg.com.br\/regional-vale-do-paranaiba\/wp-content\/uploads\/sites\/24\/elementor\/thumbs\/WhatsApp-Image-2026-03-25-at-17.36.17-rl1m6sea02j08n1r98pqnbq2ury0oss193uz3jagao.jpeg\" title=\"WhatsApp Image 2026-03-25 at 17.36.17\" alt=\"WhatsApp Image 2026-03-25 at 17.36.17\" loading=\"lazy\" \/>\t\t\t\t\t\t\t\t<\/a>\n\t\t\t\t\t\t\t\t\t\t\t<figcaption class=\"widget-image-caption wp-caption-text\"><\/figcaption>\n\t\t\t\t\t\t\t\t\t\t<\/figure>\n\t\t\t\t\t\t\t\t\t<\/div>\n\t\t\t\t<\/div>\n\t\t\t\t<\/div>\n\t\t\t\t<div class=\"elementor-element elementor-element-6cc2dce elementor-widget elementor-widget-jet-listing-dynamic-meta\" data-id=\"6cc2dce\" data-element_type=\"widget\" data-widget_type=\"jet-listing-dynamic-meta.default\">\n\t\t\t\t<div class=\"elementor-widget-container\">\n\t\t\t\t\t<div class=\"jet-listing jet-listing-dynamic-meta meta-layout-inline\"><div class=\"jet-listing-dynamic-meta__date jet-listing-dynamic-meta__item\"><a href=\"https:\/\/www.fiemg.com.br\/regional-vale-do-paranaiba\/noticias\/o-sonho-de-crianca-que-se-tornou-realidade-a-historia-de-vida-do-empresario-sergio-silva-fundador-da-padaria-via-sabor\/\" class=\"jet-listing-dynamic-meta__item-val\">26\/03\/2026<\/a><\/div><\/div>\t\t\t\t<\/div>\n\t\t\t\t<\/div>\n\t\t\t\t<div class=\"elementor-element elementor-element-c43500c elementor-widget elementor-widget-heading\" data-id=\"c43500c\" data-element_type=\"widget\" data-widget_type=\"heading.default\">\n\t\t\t\t<div class=\"elementor-widget-container\">\n\t\t\t\t\t<h3 class=\"elementor-heading-title elementor-size-default\"><a href=\"https:\/\/www.fiemg.com.br\/regional-vale-do-paranaiba\/noticias\/o-sonho-de-crianca-que-se-tornou-realidade-a-historia-de-vida-do-empresario-sergio-silva-fundador-da-padaria-via-sabor\/\">O sonho de crian\u00e7a que se tornou realidade: a hist\u00f3ria de vida do empres\u00e1rio S\u00e9rgio Silva, fundador da Padaria Via Sabor<\/a><\/h3>\t\t\t\t<\/div>\n\t\t\t\t<\/div>\n\t\t\t\t<\/div>\n\t\t\t\t<\/div>\n\t\t<\/div><div class=\"jet-listing-grid__item jet-listing-dynamic-post-3495\" data-post-id=\"3495\"  >\t\t<div data-elementor-type=\"jet-listing-items\" data-elementor-id=\"3014\" class=\"elementor elementor-3014\" data-elementor-post-type=\"jet-engine\">\n\t\t\t\t<div class=\"has_ae_slider elementor-element elementor-element-eb33079 e-con-full e-flex ae-bg-gallery-type-default e-con e-parent\" data-id=\"eb33079\" data-element_type=\"container\">\n\t\t<div class=\"has_ae_slider elementor-element elementor-element-2514dd1 e-con-full e-flex ae-bg-gallery-type-default e-con e-child\" data-id=\"2514dd1\" data-element_type=\"container\">\n\t\t\t\t<div class=\"elementor-element elementor-element-402a511 elementor-widget elementor-widget-image\" data-id=\"402a511\" data-element_type=\"widget\" data-widget_type=\"image.default\">\n\t\t\t\t<div class=\"elementor-widget-container\">\n\t\t\t\t\t\t\t\t\t\t\t\t<figure class=\"wp-caption\">\n\t\t\t\t\t\t\t\t\t\t\t<a href=\"https:\/\/www.fiemg.com.br\/regional-vale-do-paranaiba\/noticias\/meritor-empresa-lider-na-fabricacao-de-diferenciais-realiza-evento-em-parceria-com-a-casa-da-transmissao-na-sede-da-fiemg-regional-vale-do-paranaiba\/\">\n\t\t\t\t\t\t\t<img decoding=\"async\" src=\"https:\/\/www.fiemg.com.br\/regional-vale-do-paranaiba\/wp-content\/uploads\/sites\/24\/elementor\/thumbs\/WhatsApp-Image-2026-03-24-at-11.43.31-rkzgkc3jxh4s6m5awbokvhuxi5g2z0ztpum6f6nim8.jpeg\" title=\"WhatsApp Image 2026-03-24 at 11.43.31\" alt=\"WhatsApp Image 2026-03-24 at 11.43.31\" loading=\"lazy\" \/>\t\t\t\t\t\t\t\t<\/a>\n\t\t\t\t\t\t\t\t\t\t\t<figcaption class=\"widget-image-caption wp-caption-text\"><\/figcaption>\n\t\t\t\t\t\t\t\t\t\t<\/figure>\n\t\t\t\t\t\t\t\t\t<\/div>\n\t\t\t\t<\/div>\n\t\t\t\t<\/div>\n\t\t\t\t<div class=\"elementor-element elementor-element-6cc2dce elementor-widget elementor-widget-jet-listing-dynamic-meta\" data-id=\"6cc2dce\" data-element_type=\"widget\" data-widget_type=\"jet-listing-dynamic-meta.default\">\n\t\t\t\t<div class=\"elementor-widget-container\">\n\t\t\t\t\t<div class=\"jet-listing jet-listing-dynamic-meta meta-layout-inline\"><div class=\"jet-listing-dynamic-meta__date jet-listing-dynamic-meta__item\"><a href=\"https:\/\/www.fiemg.com.br\/regional-vale-do-paranaiba\/noticias\/meritor-empresa-lider-na-fabricacao-de-diferenciais-realiza-evento-em-parceria-com-a-casa-da-transmissao-na-sede-da-fiemg-regional-vale-do-paranaiba\/\" class=\"jet-listing-dynamic-meta__item-val\">24\/03\/2026<\/a><\/div><\/div>\t\t\t\t<\/div>\n\t\t\t\t<\/div>\n\t\t\t\t<div class=\"elementor-element elementor-element-c43500c elementor-widget elementor-widget-heading\" data-id=\"c43500c\" data-element_type=\"widget\" data-widget_type=\"heading.default\">\n\t\t\t\t<div class=\"elementor-widget-container\">\n\t\t\t\t\t<h3 class=\"elementor-heading-title elementor-size-default\"><a href=\"https:\/\/www.fiemg.com.br\/regional-vale-do-paranaiba\/noticias\/meritor-empresa-lider-na-fabricacao-de-diferenciais-realiza-evento-em-parceria-com-a-casa-da-transmissao-na-sede-da-fiemg-regional-vale-do-paranaiba\/\">M\u00e9ritor, empresa l\u00edder na fabrica\u00e7\u00e3o de diferenciais, realiza evento em parceria com a &#8220;Casa da Transmiss\u00e3o&#8221; na sede da FIEMG Regional Vale do Parana\u00edba<\/a><\/h3>\t\t\t\t<\/div>\n\t\t\t\t<\/div>\n\t\t\t\t<\/div>\n\t\t\t\t<\/div>\n\t\t<\/div><div class=\"jet-listing-grid__item jet-listing-dynamic-post-3490\" data-post-id=\"3490\"  >\t\t<div data-elementor-type=\"jet-listing-items\" data-elementor-id=\"3014\" class=\"elementor elementor-3014\" data-elementor-post-type=\"jet-engine\">\n\t\t\t\t<div class=\"has_ae_slider elementor-element elementor-element-eb33079 e-con-full e-flex ae-bg-gallery-type-default e-con e-parent\" data-id=\"eb33079\" data-element_type=\"container\">\n\t\t<div class=\"has_ae_slider elementor-element elementor-element-2514dd1 e-con-full e-flex ae-bg-gallery-type-default e-con e-child\" data-id=\"2514dd1\" data-element_type=\"container\">\n\t\t\t\t<div class=\"elementor-element elementor-element-402a511 elementor-widget elementor-widget-image\" data-id=\"402a511\" data-element_type=\"widget\" data-widget_type=\"image.default\">\n\t\t\t\t<div class=\"elementor-widget-container\">\n\t\t\t\t\t\t\t\t\t\t\t\t<figure class=\"wp-caption\">\n\t\t\t\t\t\t\t\t\t\t\t<a href=\"https:\/\/www.fiemg.com.br\/regional-vale-do-paranaiba\/noticias\/sindivestu-sebrae-e-iel-lancam-a-4a-edicao-do-projeto-integramoda\/\">\n\t\t\t\t\t\t\t<img decoding=\"async\" src=\"https:\/\/www.fiemg.com.br\/regional-vale-do-paranaiba\/wp-content\/uploads\/sites\/24\/elementor\/thumbs\/WhatsApp-Image-2026-03-18-at-09.35.14-2-rkxyxw25xkhy1086cdmyj4xxeyd7le9db15te6xzi8.jpeg\" title=\"WhatsApp Image 2026-03-18 at 09.35.14\" alt=\"WhatsApp Image 2026-03-18 at 09.35.14\" loading=\"lazy\" \/>\t\t\t\t\t\t\t\t<\/a>\n\t\t\t\t\t\t\t\t\t\t\t<figcaption class=\"widget-image-caption wp-caption-text\"><\/figcaption>\n\t\t\t\t\t\t\t\t\t\t<\/figure>\n\t\t\t\t\t\t\t\t\t<\/div>\n\t\t\t\t<\/div>\n\t\t\t\t<\/div>\n\t\t\t\t<div class=\"elementor-element elementor-element-6cc2dce elementor-widget elementor-widget-jet-listing-dynamic-meta\" data-id=\"6cc2dce\" data-element_type=\"widget\" data-widget_type=\"jet-listing-dynamic-meta.default\">\n\t\t\t\t<div class=\"elementor-widget-container\">\n\t\t\t\t\t<div class=\"jet-listing jet-listing-dynamic-meta meta-layout-inline\"><div class=\"jet-listing-dynamic-meta__date jet-listing-dynamic-meta__item\"><a href=\"https:\/\/www.fiemg.com.br\/regional-vale-do-paranaiba\/noticias\/sindivestu-sebrae-e-iel-lancam-a-4a-edicao-do-projeto-integramoda\/\" class=\"jet-listing-dynamic-meta__item-val\">23\/03\/2026<\/a><\/div><\/div>\t\t\t\t<\/div>\n\t\t\t\t<\/div>\n\t\t\t\t<div class=\"elementor-element elementor-element-c43500c elementor-widget elementor-widget-heading\" data-id=\"c43500c\" data-element_type=\"widget\" data-widget_type=\"heading.default\">\n\t\t\t\t<div class=\"elementor-widget-container\">\n\t\t\t\t\t<h3 class=\"elementor-heading-title elementor-size-default\"><a href=\"https:\/\/www.fiemg.com.br\/regional-vale-do-paranaiba\/noticias\/sindivestu-sebrae-e-iel-lancam-a-4a-edicao-do-projeto-integramoda\/\">Sindivestu, SEBRAE e IEL lan\u00e7am a 4\u00aa edi\u00e7\u00e3o do projeto &#8220;Integramoda&#8221;<\/a><\/h3>\t\t\t\t<\/div>\n\t\t\t\t<\/div>\n\t\t\t\t<\/div>\n\t\t\t\t<\/div>\n\t\t<\/div><div class=\"jet-listing-grid__item jet-listing-dynamic-post-3477\" data-post-id=\"3477\"  >\t\t<div data-elementor-type=\"jet-listing-items\" data-elementor-id=\"3014\" class=\"elementor elementor-3014\" data-elementor-post-type=\"jet-engine\">\n\t\t\t\t<div class=\"has_ae_slider elementor-element elementor-element-eb33079 e-con-full e-flex ae-bg-gallery-type-default e-con e-parent\" data-id=\"eb33079\" data-element_type=\"container\">\n\t\t<div class=\"has_ae_slider elementor-element elementor-element-2514dd1 e-con-full e-flex ae-bg-gallery-type-default e-con e-child\" data-id=\"2514dd1\" data-element_type=\"container\">\n\t\t\t\t<div class=\"elementor-element elementor-element-402a511 elementor-widget elementor-widget-image\" data-id=\"402a511\" data-element_type=\"widget\" data-widget_type=\"image.default\">\n\t\t\t\t<div class=\"elementor-widget-container\">\n\t\t\t\t\t\t\t\t\t\t\t\t<figure class=\"wp-caption\">\n\t\t\t\t\t\t\t\t\t\t\t<a href=\"https:\/\/www.fiemg.com.br\/regional-vale-do-paranaiba\/noticias\/fiemg-alerta-para-baixa-efetividade-da-reducao-do-icms-sobre-o-diesel-e-risco-as-contas-publicas-estaduais\/\">\n\t\t\t\t\t\t\t<img decoding=\"async\" src=\"https:\/\/www.fiemg.com.br\/regional-vale-do-paranaiba\/wp-content\/uploads\/sites\/24\/elementor\/thumbs\/PIS-CONFINS-1-rkr4zbonmp9jo7z7sfzdr20ssbe8qh8w8zznghp3pc.jpeg\" title=\"PIS CONFINS\" alt=\"PIS CONFINS\" loading=\"lazy\" \/>\t\t\t\t\t\t\t\t<\/a>\n\t\t\t\t\t\t\t\t\t\t\t<figcaption class=\"widget-image-caption wp-caption-text\"><\/figcaption>\n\t\t\t\t\t\t\t\t\t\t<\/figure>\n\t\t\t\t\t\t\t\t\t<\/div>\n\t\t\t\t<\/div>\n\t\t\t\t<\/div>\n\t\t\t\t<div class=\"elementor-element elementor-element-6cc2dce elementor-widget elementor-widget-jet-listing-dynamic-meta\" data-id=\"6cc2dce\" data-element_type=\"widget\" data-widget_type=\"jet-listing-dynamic-meta.default\">\n\t\t\t\t<div class=\"elementor-widget-container\">\n\t\t\t\t\t<div class=\"jet-listing jet-listing-dynamic-meta meta-layout-inline\"><div class=\"jet-listing-dynamic-meta__date jet-listing-dynamic-meta__item\"><a href=\"https:\/\/www.fiemg.com.br\/regional-vale-do-paranaiba\/noticias\/fiemg-alerta-para-baixa-efetividade-da-reducao-do-icms-sobre-o-diesel-e-risco-as-contas-publicas-estaduais\/\" class=\"jet-listing-dynamic-meta__item-val\">19\/03\/2026<\/a><\/div><\/div>\t\t\t\t<\/div>\n\t\t\t\t<\/div>\n\t\t\t\t<div class=\"elementor-element elementor-element-c43500c elementor-widget elementor-widget-heading\" data-id=\"c43500c\" data-element_type=\"widget\" data-widget_type=\"heading.default\">\n\t\t\t\t<div class=\"elementor-widget-container\">\n\t\t\t\t\t<h3 class=\"elementor-heading-title elementor-size-default\"><a href=\"https:\/\/www.fiemg.com.br\/regional-vale-do-paranaiba\/noticias\/fiemg-alerta-para-baixa-efetividade-da-reducao-do-icms-sobre-o-diesel-e-risco-as-contas-publicas-estaduais\/\">FIEMG alerta para baixa efetividade da redu\u00e7\u00e3o do ICMS sobre o diesel e risco \u00e0s contas p\u00fablicas estaduais<\/a><\/h3>\t\t\t\t<\/div>\n\t\t\t\t<\/div>\n\t\t\t\t<\/div>\n\t\t\t\t<\/div>\n\t\t<\/div><\/div><div class=\"jet-listing-grid__loader\"><div class=\"jet-listing-grid__loader-spinner\"><\/div><div class=\"jet-listing-grid__loader-text\">Carregando...<\/div><\/div><\/div>\t\t\t\t<\/div>\n\t\t\t\t<\/div>\n\t\t\t\t<div class=\"elementor-element elementor-element-e91df51 elementor-align-center elementor-widget elementor-widget-button\" data-id=\"e91df51\" data-element_type=\"widget\" id=\"load-more\" data-widget_type=\"button.default\">\n\t\t\t\t<div class=\"elementor-widget-container\">\n\t\t\t\t\t\t\t\t\t<div class=\"elementor-button-wrapper\">\n\t\t\t\t\t<a class=\"elementor-button elementor-size-md\" role=\"button\">\n\t\t\t\t\t\t<span class=\"elementor-button-content-wrapper\">\n\t\t\t\t\t\t\t\t\t<span class=\"elementor-button-text\">Mais not\u00edcias<\/span>\n\t\t\t\t\t<\/span>\n\t\t\t\t\t<\/a>\n\t\t\t\t<\/div>\n\t\t\t\t\t\t\t\t<\/div>\n\t\t\t\t<\/div>\n\t\t\t\t\t<\/div>\n\t\t\t\t<\/div>\n\t\t\t\t<\/div>\n\t\t","protected":false},"excerpt":{"rendered":"<p>Not\u00edcias 16\/06\/2025 16\/06\/2025 16\/06\/2025 12\/06\/2025 12\/06\/2025 12\/06\/2025 12\/06\/2025 11\/06\/2025 11\/06\/2025 11\/06\/2025 10\/06\/2025 10\/06\/2025 Carregando&#8230; Mais not\u00edcias<\/p>\n","protected":false},"author":1,"featured_media":1529,"parent":0,"menu_order":113,"comment_status":"closed","ping_status":"closed","template":"","meta":{"footnotes":""},"class_list":["post-1044","page","type-page","status-publish","has-post-thumbnail","hentry"],"acf":[],"yoast_head":"<!-- This site is optimized with the Yoast SEO plugin v26.2 - https:\/\/yoast.com\/wordpress\/plugins\/seo\/ -->\n<title>Noticias - Regional Vale do Parana\u00edba<\/title>\n<meta name=\"robots\" content=\"index, follow, max-snippet:-1, max-image-preview:large, max-video-preview:-1\" \/>\n<link rel=\"canonical\" href=\"https:\/\/www.fiemg.com.br\/regional-vale-do-paranaiba\/blog\/\" \/>\n<meta property=\"og:locale\" content=\"pt_BR\" \/>\n<meta property=\"og:type\" content=\"article\" \/>\n<meta property=\"og:title\" content=\"Noticias - Regional Vale do Parana\u00edba\" \/>\n<meta property=\"og:description\" content=\"Not\u00edcias 16\/06\/2025 16\/06\/2025 16\/06\/2025 12\/06\/2025 12\/06\/2025 12\/06\/2025 12\/06\/2025 11\/06\/2025 11\/06\/2025 11\/06\/2025 10\/06\/2025 10\/06\/2025 Carregando&#8230; Mais not\u00edcias\" \/>\n<meta property=\"og:url\" content=\"https:\/\/www.fiemg.com.br\/regional-vale-do-paranaiba\/blog\/\" \/>\n<meta property=\"og:site_name\" content=\"Regional Vale do Parana\u00edba\" \/>\n<meta property=\"article:modified_time\" content=\"2025-06-17T13:27:45+00:00\" \/>\n<meta property=\"og:image\" content=\"https:\/\/www.fiemg.com.br\/regional-vale-do-paranaiba\/wp-content\/uploads\/sites\/24\/2023\/07\/default.png\" \/>\n\t<meta property=\"og:image:width\" content=\"300\" \/>\n\t<meta property=\"og:image:height\" content=\"300\" \/>\n\t<meta property=\"og:image:type\" content=\"image\/png\" \/>\n<meta name=\"twitter:card\" content=\"summary_large_image\" \/>\n<script type=\"application\/ld+json\" class=\"yoast-schema-graph\">{\"@context\":\"https:\/\/schema.org\",\"@graph\":[{\"@type\":\"WebPage\",\"@id\":\"https:\/\/www.fiemg.com.br\/regional-vale-do-paranaiba\/blog\/\",\"url\":\"https:\/\/www.fiemg.com.br\/regional-vale-do-paranaiba\/blog\/\",\"name\":\"Noticias - Regional Vale do Parana\u00edba\",\"isPartOf\":{\"@id\":\"https:\/\/www.fiemg.com.br\/regional-vale-do-paranaiba\/#website\"},\"primaryImageOfPage\":{\"@id\":\"https:\/\/www.fiemg.com.br\/regional-vale-do-paranaiba\/blog\/#primaryimage\"},\"image\":{\"@id\":\"https:\/\/www.fiemg.com.br\/regional-vale-do-paranaiba\/blog\/#primaryimage\"},\"thumbnailUrl\":\"https:\/\/www.fiemg.com.br\/regional-vale-do-paranaiba\/wp-content\/uploads\/sites\/24\/2023\/08\/default.png\",\"datePublished\":\"2023-06-24T23:54:46+00:00\",\"dateModified\":\"2025-06-17T13:27:45+00:00\",\"breadcrumb\":{\"@id\":\"https:\/\/www.fiemg.com.br\/regional-vale-do-paranaiba\/blog\/#breadcrumb\"},\"inLanguage\":\"pt-BR\",\"potentialAction\":[{\"@type\":\"ReadAction\",\"target\":[\"https:\/\/www.fiemg.com.br\/regional-vale-do-paranaiba\/blog\/\"]}]},{\"@type\":\"ImageObject\",\"inLanguage\":\"pt-BR\",\"@id\":\"https:\/\/www.fiemg.com.br\/regional-vale-do-paranaiba\/blog\/#primaryimage\",\"url\":\"https:\/\/www.fiemg.com.br\/regional-vale-do-paranaiba\/wp-content\/uploads\/sites\/24\/2023\/08\/default.png\",\"contentUrl\":\"https:\/\/www.fiemg.com.br\/regional-vale-do-paranaiba\/wp-content\/uploads\/sites\/24\/2023\/08\/default.png\",\"width\":300,\"height\":300},{\"@type\":\"BreadcrumbList\",\"@id\":\"https:\/\/www.fiemg.com.br\/regional-vale-do-paranaiba\/blog\/#breadcrumb\",\"itemListElement\":[{\"@type\":\"ListItem\",\"position\":1,\"name\":\"In\u00edcio\",\"item\":\"https:\/\/www.fiemg.com.br\/regional-vale-do-paranaiba\/\"},{\"@type\":\"ListItem\",\"position\":2,\"name\":\"Blog\"}]},{\"@type\":\"WebSite\",\"@id\":\"https:\/\/www.fiemg.com.br\/regional-vale-do-paranaiba\/#website\",\"url\":\"https:\/\/www.fiemg.com.br\/regional-vale-do-paranaiba\/\",\"name\":\"Regional Vale do Parana\u00edba\",\"description\":\"Federa\u00e7\u00e3o das Ind\u00fastrias do Estado de Minas Gerais\",\"publisher\":{\"@id\":\"https:\/\/www.fiemg.com.br\/regional-vale-do-paranaiba\/#organization\"},\"potentialAction\":[{\"@type\":\"SearchAction\",\"target\":{\"@type\":\"EntryPoint\",\"urlTemplate\":\"https:\/\/www.fiemg.com.br\/regional-vale-do-paranaiba\/?s={search_term_string}\"},\"query-input\":{\"@type\":\"PropertyValueSpecification\",\"valueRequired\":true,\"valueName\":\"search_term_string\"}}],\"inLanguage\":\"pt-BR\"},{\"@type\":\"Organization\",\"@id\":\"https:\/\/www.fiemg.com.br\/regional-vale-do-paranaiba\/#organization\",\"name\":\"Regional Vale do Parana\u00edba\",\"url\":\"https:\/\/www.fiemg.com.br\/regional-vale-do-paranaiba\/\",\"logo\":{\"@type\":\"ImageObject\",\"inLanguage\":\"pt-BR\",\"@id\":\"https:\/\/www.fiemg.com.br\/regional-vale-do-paranaiba\/#\/schema\/logo\/image\/\",\"url\":\"https:\/\/www.fiemg.com.br\/regional-vale-do-paranaiba\/wp-content\/uploads\/sites\/24\/2023\/02\/Ativo-1.png\",\"contentUrl\":\"https:\/\/www.fiemg.com.br\/regional-vale-do-paranaiba\/wp-content\/uploads\/sites\/24\/2023\/02\/Ativo-1.png\",\"width\":563,\"height\":149,\"caption\":\"Regional Vale do Parana\u00edba\"},\"image\":{\"@id\":\"https:\/\/www.fiemg.com.br\/regional-vale-do-paranaiba\/#\/schema\/logo\/image\/\"}}]}<\/script>\n<!-- \/ Yoast SEO plugin. -->","yoast_head_json":{"title":"Noticias - Regional Vale do Parana\u00edba","robots":{"index":"index","follow":"follow","max-snippet":"max-snippet:-1","max-image-preview":"max-image-preview:large","max-video-preview":"max-video-preview:-1"},"canonical":"https:\/\/www.fiemg.com.br\/regional-vale-do-paranaiba\/blog\/","og_locale":"pt_BR","og_type":"article","og_title":"Noticias - Regional Vale do Parana\u00edba","og_description":"Not\u00edcias 16\/06\/2025 16\/06\/2025 16\/06\/2025 12\/06\/2025 12\/06\/2025 12\/06\/2025 12\/06\/2025 11\/06\/2025 11\/06\/2025 11\/06\/2025 10\/06\/2025 10\/06\/2025 Carregando&#8230; Mais not\u00edcias","og_url":"https:\/\/www.fiemg.com.br\/regional-vale-do-paranaiba\/blog\/","og_site_name":"Regional Vale do Parana\u00edba","article_modified_time":"2025-06-17T13:27:45+00:00","og_image":[{"width":300,"height":300,"url":"https:\/\/www.fiemg.com.br\/regional-vale-do-paranaiba\/wp-content\/uploads\/sites\/24\/2023\/07\/default.png","type":"image\/png"}],"twitter_card":"summary_large_image","schema":{"@context":"https:\/\/schema.org","@graph":[{"@type":"WebPage","@id":"https:\/\/www.fiemg.com.br\/regional-vale-do-paranaiba\/blog\/","url":"https:\/\/www.fiemg.com.br\/regional-vale-do-paranaiba\/blog\/","name":"Noticias - Regional Vale do Parana\u00edba","isPartOf":{"@id":"https:\/\/www.fiemg.com.br\/regional-vale-do-paranaiba\/#website"},"primaryImageOfPage":{"@id":"https:\/\/www.fiemg.com.br\/regional-vale-do-paranaiba\/blog\/#primaryimage"},"image":{"@id":"https:\/\/www.fiemg.com.br\/regional-vale-do-paranaiba\/blog\/#primaryimage"},"thumbnailUrl":"https:\/\/www.fiemg.com.br\/regional-vale-do-paranaiba\/wp-content\/uploads\/sites\/24\/2023\/08\/default.png","datePublished":"2023-06-24T23:54:46+00:00","dateModified":"2025-06-17T13:27:45+00:00","breadcrumb":{"@id":"https:\/\/www.fiemg.com.br\/regional-vale-do-paranaiba\/blog\/#breadcrumb"},"inLanguage":"pt-BR","potentialAction":[{"@type":"ReadAction","target":["https:\/\/www.fiemg.com.br\/regional-vale-do-paranaiba\/blog\/"]}]},{"@type":"ImageObject","inLanguage":"pt-BR","@id":"https:\/\/www.fiemg.com.br\/regional-vale-do-paranaiba\/blog\/#primaryimage","url":"https:\/\/www.fiemg.com.br\/regional-vale-do-paranaiba\/wp-content\/uploads\/sites\/24\/2023\/08\/default.png","contentUrl":"https:\/\/www.fiemg.com.br\/regional-vale-do-paranaiba\/wp-content\/uploads\/sites\/24\/2023\/08\/default.png","width":300,"height":300},{"@type":"BreadcrumbList","@id":"https:\/\/www.fiemg.com.br\/regional-vale-do-paranaiba\/blog\/#breadcrumb","itemListElement":[{"@type":"ListItem","position":1,"name":"In\u00edcio","item":"https:\/\/www.fiemg.com.br\/regional-vale-do-paranaiba\/"},{"@type":"ListItem","position":2,"name":"Blog"}]},{"@type":"WebSite","@id":"https:\/\/www.fiemg.com.br\/regional-vale-do-paranaiba\/#website","url":"https:\/\/www.fiemg.com.br\/regional-vale-do-paranaiba\/","name":"Regional Vale do Parana\u00edba","description":"Federa\u00e7\u00e3o das Ind\u00fastrias do Estado de Minas Gerais","publisher":{"@id":"https:\/\/www.fiemg.com.br\/regional-vale-do-paranaiba\/#organization"},"potentialAction":[{"@type":"SearchAction","target":{"@type":"EntryPoint","urlTemplate":"https:\/\/www.fiemg.com.br\/regional-vale-do-paranaiba\/?s={search_term_string}"},"query-input":{"@type":"PropertyValueSpecification","valueRequired":true,"valueName":"search_term_string"}}],"inLanguage":"pt-BR"},{"@type":"Organization","@id":"https:\/\/www.fiemg.com.br\/regional-vale-do-paranaiba\/#organization","name":"Regional Vale do Parana\u00edba","url":"https:\/\/www.fiemg.com.br\/regional-vale-do-paranaiba\/","logo":{"@type":"ImageObject","inLanguage":"pt-BR","@id":"https:\/\/www.fiemg.com.br\/regional-vale-do-paranaiba\/#\/schema\/logo\/image\/","url":"https:\/\/www.fiemg.com.br\/regional-vale-do-paranaiba\/wp-content\/uploads\/sites\/24\/2023\/02\/Ativo-1.png","contentUrl":"https:\/\/www.fiemg.com.br\/regional-vale-do-paranaiba\/wp-content\/uploads\/sites\/24\/2023\/02\/Ativo-1.png","width":563,"height":149,"caption":"Regional Vale do Parana\u00edba"},"image":{"@id":"https:\/\/www.fiemg.com.br\/regional-vale-do-paranaiba\/#\/schema\/logo\/image\/"}}]}},"_links":{"self":[{"href":"https:\/\/www.fiemg.com.br\/regional-vale-do-paranaiba\/wp-json\/wp\/v2\/pages\/1044","targetHints":{"allow":["GET"]}}],"collection":[{"href":"https:\/\/www.fiemg.com.br\/regional-vale-do-paranaiba\/wp-json\/wp\/v2\/pages"}],"about":[{"href":"https:\/\/www.fiemg.com.br\/regional-vale-do-paranaiba\/wp-json\/wp\/v2\/types\/page"}],"author":[{"embeddable":true,"href":"https:\/\/www.fiemg.com.br\/regional-vale-do-paranaiba\/wp-json\/wp\/v2\/users\/1"}],"replies":[{"embeddable":true,"href":"https:\/\/www.fiemg.com.br\/regional-vale-do-paranaiba\/wp-json\/wp\/v2\/comments?post=1044"}],"version-history":[{"count":0,"href":"https:\/\/www.fiemg.com.br\/regional-vale-do-paranaiba\/wp-json\/wp\/v2\/pages\/1044\/revisions"}],"wp:featuredmedia":[{"embeddable":true,"href":"https:\/\/www.fiemg.com.br\/regional-vale-do-paranaiba\/wp-json\/wp\/v2\/media\/1529"}],"wp:attachment":[{"href":"https:\/\/www.fiemg.com.br\/regional-vale-do-paranaiba\/wp-json\/wp\/v2\/media?parent=1044"}],"curies":[{"name":"wp","href":"https:\/\/api.w.org\/{rel}","templated":true}]}}