{"id":1314,"date":"2023-07-17T15:12:47","date_gmt":"2023-07-17T18:12:47","guid":{"rendered":"https:\/\/www.fiemg.com.br\/regional-vale-do-rio-grande\/escolas\/sesi-uberaba-clube-jose-alencar-gomes-da-silva\/"},"modified":"2025-05-16T15:55:45","modified_gmt":"2025-05-16T18:55:45","slug":"clube-sesi-uberaba","status":"publish","type":"escolas","link":"https:\/\/www.fiemg.com.br\/regional-vale-do-rio-grande\/unidades\/clube-sesi-uberaba\/","title":{"rendered":"Clube SESI em Uberaba &#8211; Jos\u00e9 Alencar Gomes Da Silva"},"content":{"rendered":"\n<figure class=\"wp-block-embed is-type-video is-provider-youtube wp-block-embed-youtube wp-embed-aspect-16-9 wp-has-aspect-ratio\"><div class=\"wp-block-embed__wrapper\">\n<iframe title=\"Clube SESI \u2013 Um lugar todo seu\" width=\"800\" height=\"450\" src=\"https:\/\/www.youtube.com\/embed\/MEmTrDMoCY4?feature=oembed\" frameborder=\"0\" allow=\"accelerometer; autoplay; clipboard-write; encrypted-media; gyroscope; picture-in-picture; web-share\" allowfullscreen><\/iframe>\n<\/div><\/figure>\n\n\n<p>Quando se fala em descanso, lazer, esporte e qualidade de vida, pode ter certeza de que um clube em Uberaba seria uma \u00f3tima op\u00e7\u00e3o. Por isso, voc\u00ea precisa conhecer o Clube SESI.<\/p>\n<p>Com uma trajet\u00f3ria marcada pela promo\u00e7\u00e3o do bem-estar e atividades recreativas e esportivas, a <a href=\"https:\/\/www.fiemg.com.br\/clube-sesi\/\">rede de Clubes SESI<\/a> v\u00e3o al\u00e9m de simples espa\u00e7os de divers\u00e3o; transformam-se em locais de encontro, integra\u00e7\u00e3o e sa\u00fade para todas as idades.<\/p>\n<p>Afinal, s\u00e3o 13 unidades distribu\u00eddas em Minas Gerais e temos orgulhos de ser a maior rede de clubes do estado. Isso garante que, n\u00e3o importa onde voc\u00ea esteja, um Clubes SESI estar\u00e1 sempre pr\u00f3ximo, pronto para <strong>acolher voc\u00ea, sua fam\u00edlia ou os colaboradores da sua empresa<\/strong>.<\/p>\n<p>Al\u00e9m disso, nossa infraestrutura \u00e9, certamente, um grande diferencial. Nosso clube em Uberaba \u00e9 equipado com piscinas ideais para os dias mais quentes, quadras para diversos esportes, espa\u00e7os de lazer ideais para relaxamento e para toda a fam\u00edlia.<\/p>\n<p>Al\u00e9m de tudo, se voc\u00ea procura um ambiente para celebra\u00e7\u00f5es, nosso clube pode ser o cen\u00e1rio perfeito para festas, reuni\u00f5es corporativas e encontros.<\/p>\n<p>Ent\u00e3o, se busca um espa\u00e7o seguro, bem estruturado, com in\u00fameras op\u00e7\u00f5es de lazer, socializa\u00e7\u00e3o e esportes, a rede Clubes SESI \u00e9 sua melhor escolha em Minas Gerais. Venha conhecer e se surpreender com nosso clube em Uberaba!<\/p>\n<h2><strong>Clube em Uberaba &#8211; O que voc\u00ea encontra aqui?<\/strong><\/h2>\n<ul>\n<li>Sal\u00e3o Multiuso<\/li>\n<li>Sala de Gin\u00e1stica<\/li>\n<li>3 Quadras Esportivas Descobertas<\/li>\n<li>2 Campos de Futebol<\/li>\n<li>2 Piscinas Infantis<\/li>\n<li>2 Piscinas Semiol\u00edmpicas<\/li>\n<li>Gin\u00e1sio Esportivo<\/li>\n<li>Academia<\/li>\n<li>Lanchonete<\/li>\n<li>Espa\u00e7o Kids<\/li>\n<li>Sal\u00e3o de Jogos<\/li>\n<li>Quiosques com churrasqueira<\/li>\n<li>Saunas<\/li>\n<\/ul>\n<h2><strong>Outras atividades\u00a0<\/strong><\/h2>\n<ul>\n<li>Competi\u00e7\u00f5es Esportivas<\/li>\n<li>Eventos Sociais e Recreativos<\/li>\n<li>Nata\u00e7\u00e3o<\/li>\n<li>Hidrogin\u00e1stica<\/li>\n<li>Circuito funcional<\/li>\n<li>Futebol \/ Futsal<\/li>\n<li>V\u00f4lei<\/li>\n<li>Academia<\/li>\n<li>Gest\u00e3o de Eventos Corporativos<\/li>\n<li>Loca\u00e7\u00e3o de Espa\u00e7os para Eventos<\/li>\n<\/ul>\n<h2><strong>Convites<\/strong><\/h2>\n<p>Convites vendidos apenas para convidados de associados do clube.<br \/>Crian\u00e7as at\u00e9 05 anos e idosos tem 50% de desconto.<\/p>\n<h2><strong>Funcionamento do clube em Uberaba<\/strong><\/h2>\n<p><strong>Clube<br \/><\/strong>Ter\u00e7a a sexta: 8h \u00e0s 21h<br \/>S\u00e1bado, domingo e feriado: 9h \u00e0s 19h<\/p>\n<p><strong>Secretaria<br \/><\/strong>Segunda a sexta: 8h \u00e0s 19h30<br \/>S\u00e1bado, domingo e feriado: 8h \u00e0s 15h30<\/p>\n<h2><strong>Documentos<\/strong><\/h2>\n<p><span style=\"color: #ffffff\"><a href=\"https:\/\/www.fiemg.com.br\/sesi\/wp-content\/uploads\/sites\/11\/2025\/05\/Tabela-de-valores-Clube-SESI-Uberaba-16-05-25.pdf\" target=\"_blank\" rel=\"noopener\"><span class=\"btn\" style=\"color: #ffffff\"><strong>VALORES E INFORMA\u00c7\u00d5ES<\/strong><\/span><\/a><\/span><\/p>\n<p style=\"text-align: center\">_____________________________________________________________________________________________________________<\/p>\n<h5 style=\"text-align: center\"><strong>Se voc\u00ea busca um clube em Uberaba, o Clube SESI \u00e9 um lugar todo seu!<br \/><\/strong><strong>Para fazer sua ades\u00e3o, ou da sua empresa, entre em contato:<\/strong><\/h5>\n<h5 style=\"text-align: center\">\u260e (34) 3312-8525 (Whatsapp)<br \/>\u2709 <strong><a href=\"mailto:sesiclube@fiemg.com.br\">sesiclube@fiemg.com.br<\/a><\/strong><\/h5>\n\n\n<div class=\"wp-block-buttons alignwide is-content-justification-center is-layout-flex wp-container-core-buttons-is-layout-a89b3969 wp-block-buttons-is-layout-flex\">\n<div class=\"wp-block-button has-custom-font-size has-small-font-size\"><a class=\"wp-block-button__link has-white-color has-vivid-cyan-blue-background-color has-text-color has-background has-text-align-center wp-element-button\" href=\"https:\/\/www.fiemg.com.br\/clube-sesi\/\">CONHE\u00c7A TODOS OS CLUBES SESI<\/a><\/div>\n<\/div>\n","protected":false},"featured_media":1559,"parent":0,"menu_order":126,"template":"","unidade":[35],"class_list":["post-1314","escolas","type-escolas","status-publish","has-post-thumbnail","hentry","unidade-unidade-sesi"],"acf":[],"yoast_head":"<!-- This site is optimized with the Yoast SEO plugin v26.2 - https:\/\/yoast.com\/wordpress\/plugins\/seo\/ -->\n<title>Clube SESI em Uberaba - Jos\u00e9 Alencar Gomes Da Silva - Regional do rio grande<\/title>\n<meta name=\"robots\" content=\"index, follow, max-snippet:-1, max-image-preview:large, max-video-preview:-1\" \/>\n<link rel=\"canonical\" href=\"https:\/\/www.fiemg.com.br\/regional-vale-do-rio-grande\/escolas\/sesi-uberaba-clube-jose-alencar-gomes-da-silva\/\" \/>\n<meta property=\"og:locale\" content=\"pt_BR\" \/>\n<meta property=\"og:type\" content=\"article\" \/>\n<meta property=\"og:title\" content=\"Clube SESI em Uberaba - Jos\u00e9 Alencar Gomes Da Silva - Regional do rio grande\" \/>\n<meta property=\"og:description\" content=\"Quando se fala em descanso, lazer, esporte e qualidade de vida, pode ter certeza de que um clube em Uberaba seria uma \u00f3tima op\u00e7\u00e3o. Por isso, voc\u00ea precisa conhecer o Clube SESI. Com uma trajet\u00f3ria marcada pela promo\u00e7\u00e3o do bem-estar e atividades recreativas e esportivas, a rede de Clubes SESI v\u00e3o al\u00e9m de simples espa\u00e7os [&hellip;]\" \/>\n<meta property=\"og:url\" content=\"https:\/\/www.fiemg.com.br\/regional-vale-do-rio-grande\/escolas\/sesi-uberaba-clube-jose-alencar-gomes-da-silva\/\" \/>\n<meta property=\"og:site_name\" content=\"Regional do rio grande\" \/>\n<meta property=\"article:modified_time\" content=\"2025-05-16T18:55:45+00:00\" \/>\n<meta property=\"og:image\" content=\"https:\/\/www.fiemg.com.br\/regional-vale-do-rio-grande\/wp-content\/uploads\/sites\/25\/2023\/07\/banner-sesi-vida-sst.png\" \/>\n\t<meta property=\"og:image:width\" content=\"620\" \/>\n\t<meta property=\"og:image:height\" content=\"240\" \/>\n\t<meta property=\"og:image:type\" content=\"image\/png\" \/>\n<meta name=\"twitter:card\" content=\"summary_large_image\" \/>\n<meta name=\"twitter:label1\" content=\"Est. tempo de leitura\" \/>\n\t<meta name=\"twitter:data1\" content=\"1 minuto\" \/>\n<script type=\"application\/ld+json\" class=\"yoast-schema-graph\">{\"@context\":\"https:\/\/schema.org\",\"@graph\":[{\"@type\":\"WebPage\",\"@id\":\"https:\/\/www.fiemg.com.br\/regional-vale-do-rio-grande\/escolas\/sesi-uberaba-clube-jose-alencar-gomes-da-silva\/\",\"url\":\"https:\/\/www.fiemg.com.br\/regional-vale-do-rio-grande\/escolas\/sesi-uberaba-clube-jose-alencar-gomes-da-silva\/\",\"name\":\"Clube SESI em Uberaba - Jos\u00e9 Alencar Gomes Da Silva - Regional do rio grande\",\"isPartOf\":{\"@id\":\"https:\/\/www.fiemg.com.br\/regional-vale-do-rio-grande\/#website\"},\"primaryImageOfPage\":{\"@id\":\"https:\/\/www.fiemg.com.br\/regional-vale-do-rio-grande\/escolas\/sesi-uberaba-clube-jose-alencar-gomes-da-silva\/#primaryimage\"},\"image\":{\"@id\":\"https:\/\/www.fiemg.com.br\/regional-vale-do-rio-grande\/escolas\/sesi-uberaba-clube-jose-alencar-gomes-da-silva\/#primaryimage\"},\"thumbnailUrl\":\"https:\/\/www.fiemg.com.br\/regional-vale-do-rio-grande\/wp-content\/uploads\/sites\/25\/2023\/11\/clube-em-uberaba-sesi.webp\",\"datePublished\":\"2023-07-17T18:12:47+00:00\",\"dateModified\":\"2025-05-16T18:55:45+00:00\",\"breadcrumb\":{\"@id\":\"https:\/\/www.fiemg.com.br\/regional-vale-do-rio-grande\/escolas\/sesi-uberaba-clube-jose-alencar-gomes-da-silva\/#breadcrumb\"},\"inLanguage\":\"pt-BR\",\"potentialAction\":[{\"@type\":\"ReadAction\",\"target\":[\"https:\/\/www.fiemg.com.br\/regional-vale-do-rio-grande\/escolas\/sesi-uberaba-clube-jose-alencar-gomes-da-silva\/\"]}]},{\"@type\":\"ImageObject\",\"inLanguage\":\"pt-BR\",\"@id\":\"https:\/\/www.fiemg.com.br\/regional-vale-do-rio-grande\/escolas\/sesi-uberaba-clube-jose-alencar-gomes-da-silva\/#primaryimage\",\"url\":\"https:\/\/www.fiemg.com.br\/regional-vale-do-rio-grande\/wp-content\/uploads\/sites\/25\/2023\/11\/clube-em-uberaba-sesi.webp\",\"contentUrl\":\"https:\/\/www.fiemg.com.br\/regional-vale-do-rio-grande\/wp-content\/uploads\/sites\/25\/2023\/11\/clube-em-uberaba-sesi.webp\",\"width\":1920,\"height\":310,\"caption\":\"clube em uberaba sesi\"},{\"@type\":\"BreadcrumbList\",\"@id\":\"https:\/\/www.fiemg.com.br\/regional-vale-do-rio-grande\/escolas\/sesi-uberaba-clube-jose-alencar-gomes-da-silva\/#breadcrumb\",\"itemListElement\":[{\"@type\":\"ListItem\",\"position\":1,\"name\":\"In\u00edcio\",\"item\":\"https:\/\/www.fiemg.com.br\/regional-vale-do-rio-grande\/\"},{\"@type\":\"ListItem\",\"position\":2,\"name\":\"SESI Uberaba &#8211; Clube &#8220;Jos\u00e9 Alencar Gomes Da Silva&#8221;\"}]},{\"@type\":\"WebSite\",\"@id\":\"https:\/\/www.fiemg.com.br\/regional-vale-do-rio-grande\/#website\",\"url\":\"https:\/\/www.fiemg.com.br\/regional-vale-do-rio-grande\/\",\"name\":\"Regional do rio grande\",\"description\":\"Federa\u00e7\u00e3o das Ind\u00fastrias do Estado de Minas Gerais\",\"publisher\":{\"@id\":\"https:\/\/www.fiemg.com.br\/regional-vale-do-rio-grande\/#organization\"},\"potentialAction\":[{\"@type\":\"SearchAction\",\"target\":{\"@type\":\"EntryPoint\",\"urlTemplate\":\"https:\/\/www.fiemg.com.br\/regional-vale-do-rio-grande\/?s={search_term_string}\"},\"query-input\":{\"@type\":\"PropertyValueSpecification\",\"valueRequired\":true,\"valueName\":\"search_term_string\"}}],\"inLanguage\":\"pt-BR\"},{\"@type\":\"Organization\",\"@id\":\"https:\/\/www.fiemg.com.br\/regional-vale-do-rio-grande\/#organization\",\"name\":\"Regional do rio grande\",\"url\":\"https:\/\/www.fiemg.com.br\/regional-vale-do-rio-grande\/\",\"logo\":{\"@type\":\"ImageObject\",\"inLanguage\":\"pt-BR\",\"@id\":\"https:\/\/www.fiemg.com.br\/regional-vale-do-rio-grande\/#\/schema\/logo\/image\/\",\"url\":\"https:\/\/www.fiemg.com.br\/regional-vale-do-rio-grande\/wp-content\/uploads\/sites\/25\/2023\/02\/Ativo-1.png\",\"contentUrl\":\"https:\/\/www.fiemg.com.br\/regional-vale-do-rio-grande\/wp-content\/uploads\/sites\/25\/2023\/02\/Ativo-1.png\",\"width\":563,\"height\":149,\"caption\":\"Regional do rio grande\"},\"image\":{\"@id\":\"https:\/\/www.fiemg.com.br\/regional-vale-do-rio-grande\/#\/schema\/logo\/image\/\"}}]}<\/script>\n<!-- \/ Yoast SEO plugin. -->","yoast_head_json":{"title":"Clube SESI em Uberaba - Jos\u00e9 Alencar Gomes Da Silva - Regional do rio grande","robots":{"index":"index","follow":"follow","max-snippet":"max-snippet:-1","max-image-preview":"max-image-preview:large","max-video-preview":"max-video-preview:-1"},"canonical":"https:\/\/www.fiemg.com.br\/regional-vale-do-rio-grande\/escolas\/sesi-uberaba-clube-jose-alencar-gomes-da-silva\/","og_locale":"pt_BR","og_type":"article","og_title":"Clube SESI em Uberaba - Jos\u00e9 Alencar Gomes Da Silva - Regional do rio grande","og_description":"Quando se fala em descanso, lazer, esporte e qualidade de vida, pode ter certeza de que um clube em Uberaba seria uma \u00f3tima op\u00e7\u00e3o. Por isso, voc\u00ea precisa conhecer o Clube SESI. Com uma trajet\u00f3ria marcada pela promo\u00e7\u00e3o do bem-estar e atividades recreativas e esportivas, a rede de Clubes SESI v\u00e3o al\u00e9m de simples espa\u00e7os [&hellip;]","og_url":"https:\/\/www.fiemg.com.br\/regional-vale-do-rio-grande\/escolas\/sesi-uberaba-clube-jose-alencar-gomes-da-silva\/","og_site_name":"Regional do rio grande","article_modified_time":"2025-05-16T18:55:45+00:00","og_image":[{"width":620,"height":240,"url":"https:\/\/www.fiemg.com.br\/regional-vale-do-rio-grande\/wp-content\/uploads\/sites\/25\/2023\/07\/banner-sesi-vida-sst.png","type":"image\/png"}],"twitter_card":"summary_large_image","twitter_misc":{"Est. tempo de leitura":"1 minuto"},"schema":{"@context":"https:\/\/schema.org","@graph":[{"@type":"WebPage","@id":"https:\/\/www.fiemg.com.br\/regional-vale-do-rio-grande\/escolas\/sesi-uberaba-clube-jose-alencar-gomes-da-silva\/","url":"https:\/\/www.fiemg.com.br\/regional-vale-do-rio-grande\/escolas\/sesi-uberaba-clube-jose-alencar-gomes-da-silva\/","name":"Clube SESI em Uberaba - Jos\u00e9 Alencar Gomes Da Silva - Regional do rio grande","isPartOf":{"@id":"https:\/\/www.fiemg.com.br\/regional-vale-do-rio-grande\/#website"},"primaryImageOfPage":{"@id":"https:\/\/www.fiemg.com.br\/regional-vale-do-rio-grande\/escolas\/sesi-uberaba-clube-jose-alencar-gomes-da-silva\/#primaryimage"},"image":{"@id":"https:\/\/www.fiemg.com.br\/regional-vale-do-rio-grande\/escolas\/sesi-uberaba-clube-jose-alencar-gomes-da-silva\/#primaryimage"},"thumbnailUrl":"https:\/\/www.fiemg.com.br\/regional-vale-do-rio-grande\/wp-content\/uploads\/sites\/25\/2023\/11\/clube-em-uberaba-sesi.webp","datePublished":"2023-07-17T18:12:47+00:00","dateModified":"2025-05-16T18:55:45+00:00","breadcrumb":{"@id":"https:\/\/www.fiemg.com.br\/regional-vale-do-rio-grande\/escolas\/sesi-uberaba-clube-jose-alencar-gomes-da-silva\/#breadcrumb"},"inLanguage":"pt-BR","potentialAction":[{"@type":"ReadAction","target":["https:\/\/www.fiemg.com.br\/regional-vale-do-rio-grande\/escolas\/sesi-uberaba-clube-jose-alencar-gomes-da-silva\/"]}]},{"@type":"ImageObject","inLanguage":"pt-BR","@id":"https:\/\/www.fiemg.com.br\/regional-vale-do-rio-grande\/escolas\/sesi-uberaba-clube-jose-alencar-gomes-da-silva\/#primaryimage","url":"https:\/\/www.fiemg.com.br\/regional-vale-do-rio-grande\/wp-content\/uploads\/sites\/25\/2023\/11\/clube-em-uberaba-sesi.webp","contentUrl":"https:\/\/www.fiemg.com.br\/regional-vale-do-rio-grande\/wp-content\/uploads\/sites\/25\/2023\/11\/clube-em-uberaba-sesi.webp","width":1920,"height":310,"caption":"clube em uberaba sesi"},{"@type":"BreadcrumbList","@id":"https:\/\/www.fiemg.com.br\/regional-vale-do-rio-grande\/escolas\/sesi-uberaba-clube-jose-alencar-gomes-da-silva\/#breadcrumb","itemListElement":[{"@type":"ListItem","position":1,"name":"In\u00edcio","item":"https:\/\/www.fiemg.com.br\/regional-vale-do-rio-grande\/"},{"@type":"ListItem","position":2,"name":"SESI Uberaba &#8211; Clube &#8220;Jos\u00e9 Alencar Gomes Da Silva&#8221;"}]},{"@type":"WebSite","@id":"https:\/\/www.fiemg.com.br\/regional-vale-do-rio-grande\/#website","url":"https:\/\/www.fiemg.com.br\/regional-vale-do-rio-grande\/","name":"Regional do rio grande","description":"Federa\u00e7\u00e3o das Ind\u00fastrias do Estado de Minas Gerais","publisher":{"@id":"https:\/\/www.fiemg.com.br\/regional-vale-do-rio-grande\/#organization"},"potentialAction":[{"@type":"SearchAction","target":{"@type":"EntryPoint","urlTemplate":"https:\/\/www.fiemg.com.br\/regional-vale-do-rio-grande\/?s={search_term_string}"},"query-input":{"@type":"PropertyValueSpecification","valueRequired":true,"valueName":"search_term_string"}}],"inLanguage":"pt-BR"},{"@type":"Organization","@id":"https:\/\/www.fiemg.com.br\/regional-vale-do-rio-grande\/#organization","name":"Regional do rio grande","url":"https:\/\/www.fiemg.com.br\/regional-vale-do-rio-grande\/","logo":{"@type":"ImageObject","inLanguage":"pt-BR","@id":"https:\/\/www.fiemg.com.br\/regional-vale-do-rio-grande\/#\/schema\/logo\/image\/","url":"https:\/\/www.fiemg.com.br\/regional-vale-do-rio-grande\/wp-content\/uploads\/sites\/25\/2023\/02\/Ativo-1.png","contentUrl":"https:\/\/www.fiemg.com.br\/regional-vale-do-rio-grande\/wp-content\/uploads\/sites\/25\/2023\/02\/Ativo-1.png","width":563,"height":149,"caption":"Regional do rio grande"},"image":{"@id":"https:\/\/www.fiemg.com.br\/regional-vale-do-rio-grande\/#\/schema\/logo\/image\/"}}]}},"_links":{"self":[{"href":"https:\/\/www.fiemg.com.br\/regional-vale-do-rio-grande\/wp-json\/wp\/v2\/escolas\/1314","targetHints":{"allow":["GET"]}}],"collection":[{"href":"https:\/\/www.fiemg.com.br\/regional-vale-do-rio-grande\/wp-json\/wp\/v2\/escolas"}],"about":[{"href":"https:\/\/www.fiemg.com.br\/regional-vale-do-rio-grande\/wp-json\/wp\/v2\/types\/escolas"}],"wp:featuredmedia":[{"embeddable":true,"href":"https:\/\/www.fiemg.com.br\/regional-vale-do-rio-grande\/wp-json\/wp\/v2\/media\/1559"}],"wp:attachment":[{"href":"https:\/\/www.fiemg.com.br\/regional-vale-do-rio-grande\/wp-json\/wp\/v2\/media?parent=1314"}],"wp:term":[{"taxonomy":"unidade","embeddable":true,"href":"https:\/\/www.fiemg.com.br\/regional-vale-do-rio-grande\/wp-json\/wp\/v2\/unidade?post=1314"}],"curies":[{"name":"wp","href":"https:\/\/api.w.org\/{rel}","templated":true}]}}