{"id":974,"date":"2023-04-23T14:29:25","date_gmt":"2023-04-23T14:29:25","guid":{"rendered":"https:\/\/www.fiemg.com.br\/regional-zona-da-mata\/?post_type=area-de-interesse&#038;p=974"},"modified":"2023-08-25T09:39:28","modified_gmt":"2023-08-25T12:39:28","slug":"panorama-setorial","status":"publish","type":"area-de-interesse","link":"https:\/\/www.fiemg.com.br\/regional-zona-da-mata\/area-de-interesse\/estudos-economicos\/panorama-setorial\/","title":{"rendered":"+ Panorama Setorial"},"content":{"rendered":"<h2>Estudos<\/h2>\n<p>O Panorama Setorial \u00e9 uma publica\u00e7\u00e3o do Sistema FIEMG, destinada ao p\u00fablico em geral, que apresenta o perfil dos diversos setores industriais no estado de Minas Gerais e sua performance recente. As informa\u00e7\u00f5es segmentadas por setor permitem avaliar e compreender a import\u00e2ncia de cada segmento para a ind\u00fastria mineira, destacando a produ\u00e7\u00e3o agregada e das principais atividades, o perfil das empresas do setor, a gera\u00e7\u00e3o de emprego, a evolu\u00e7\u00e3o da produtividade do trabalho, a inser\u00e7\u00e3o no com\u00e9rcio internacional e arrecada\u00e7\u00e3o de ICMS.<\/p>\n<p><a href=\"https:\/\/www.fiemg.com.br\/regional-zona-da-mata\/wp-content\/uploads\/sites\/26\/2023\/04\/Vestu-rio-e-Acess-rios.pdf\" target=\"_blank\" rel=\"noopener\">Vestu\u00e1rio e Acess\u00f3rios<\/a><\/p>\n<p><a href=\"https:\/\/www.fiemg.com.br\/regional-zona-da-mata\/wp-content\/uploads\/sites\/26\/2023\/04\/Ve-culos-Automotores.pdf\" target=\"_blank\" rel=\"noopener\">Ve\u00edculos Automotores<\/a><\/p>\n<p><a href=\"https:\/\/www.fiemg.com.br\/regional-zona-da-mata\/wp-content\/uploads\/sites\/26\/2023\/04\/Produtos-Quimicos.pdf\" target=\"_blank\" rel=\"noopener\">Produtos Qu\u00edmicos<\/a><\/p>\n<p><a href=\"https:\/\/www.fiemg.com.br\/regional-zona-da-mata\/wp-content\/uploads\/sites\/26\/2023\/04\/Produtos-Quimicos.pdf\" target=\"_blank\" rel=\"noopener\">Produtos Diversos<\/a><\/p>\n<p><a href=\"https:\/\/www.fiemg.com.br\/regional-zona-da-mata\/wp-content\/uploads\/sites\/26\/2023\/04\/Produtos-de-Metal.pdf\" target=\"_blank\" rel=\"noopener\">Produtos de Metal<\/a><\/p>\n<p><a href=\"https:\/\/www.fiemg.com.br\/regional-zona-da-mata\/wp-content\/uploads\/sites\/26\/2023\/04\/Produtos-de-Madeira.pdf\" target=\"_blank\" rel=\"noopener\">Produtos de Madeira<\/a><\/p>\n<p><a href=\"https:\/\/www.fiemg.com.br\/regional-zona-da-mata\/wp-content\/uploads\/sites\/26\/2023\/04\/Papel-e-Celulose.pdf\" target=\"_blank\" rel=\"noopener\">Papel e Celulose<\/a><\/p>\n<p><a href=\"https:\/\/www.fiemg.com.br\/regional-zona-da-mata\/wp-content\/uploads\/sites\/26\/2023\/04\/Outros-Equipamentos-de-Transporte.pdf\" target=\"_blank\" rel=\"noopener\">Outros Equipamentos de Transporte<\/a><\/p>\n<p><a href=\"https:\/\/www.fiemg.com.br\/regional-zona-da-mata\/wp-content\/uploads\/sites\/26\/2023\/04\/M-veis.pdf\" target=\"_blank\" rel=\"noopener\">M\u00f3veis<\/a><\/p>\n<p><a href=\"https:\/\/www.fiemg.com.br\/regional-zona-da-mata\/wp-content\/uploads\/sites\/26\/2023\/04\/Minerais-n-o-metalicos.pdf\" target=\"_blank\" rel=\"noopener\">Minerais n\u00e3o Met\u00e1licos<\/a><\/p>\n<p><a href=\"https:\/\/www.fiemg.com.br\/regional-zona-da-mata\/wp-content\/uploads\/sites\/26\/2023\/04\/Metalurgia.pdf\" target=\"_blank\" rel=\"noopener\">Metalurgia<\/a><\/p>\n<p><a href=\"https:\/\/www.fiemg.com.br\/regional-zona-da-mata\/wp-content\/uploads\/sites\/26\/2023\/04\/Maquinas-Aparelhos-e-Materiais-Eletricos.pdf\" target=\"_blank\" rel=\"noopener\">M\u00e1quinas e Materiais El\u00e9tricos<\/a><\/p>\n<p><a href=\"https:\/\/www.fiemg.com.br\/regional-zona-da-mata\/wp-content\/uploads\/sites\/26\/2023\/04\/Maquinas-e-Equipamentos.pdf\" target=\"_blank\" rel=\"noopener\">M\u00e1quinas e Equipamentos<\/a><\/p>\n<p><a href=\"https:\/\/www.fiemg.com.br\/regional-zona-da-mata\/wp-content\/uploads\/sites\/26\/2023\/04\/Manutencao-e-Instalacao-de-Maquinas-e-Equipamentos.pdf\" target=\"_blank\" rel=\"noopener\">Manuten\u00e7\u00e3o e instala\u00e7\u00e3o de m\u00e1quinas e equipamentos<\/a><\/p>\n<p><a href=\"https:\/\/www.fiemg.com.br\/regional-zona-da-mata\/wp-content\/uploads\/sites\/26\/2023\/04\/Impress-o-e-Reprodu-o-de-Grava-es.pdf\" target=\"_blank\" rel=\"noopener\">Impress\u00e3o e Reprodu\u00e7\u00e3o de Grava\u00e7\u00f5es<\/a><\/p>\n<p><a href=\"https:\/\/www.fiemg.com.br\/regional-zona-da-mata\/wp-content\/uploads\/sites\/26\/2023\/04\/Fumo.pdf\" target=\"_blank\" rel=\"noopener\">Produtos do Fumo<\/a><\/p>\n<p><a href=\"https:\/\/www.fiemg.com.br\/regional-zona-da-mata\/wp-content\/uploads\/sites\/26\/2023\/04\/Farmoquimicos-e-Farmaceuticos.pdf\" target=\"_blank\" rel=\"noopener\">Produtos Farmac\u00eauticos<\/a><\/p>\n<p><a href=\"https:\/\/www.fiemg.com.br\/regional-zona-da-mata\/wp-content\/uploads\/sites\/26\/2023\/04\/Equipamentos-Eletroeletronicos.pdf\" target=\"_blank\" rel=\"noopener\">Equipamentos Eletr\u00f4nicos<\/a><\/p>\n<p><a href=\"https:\/\/www.fiemg.com.br\/regional-zona-da-mata\/wp-content\/uploads\/sites\/26\/2023\/04\/Couros-e-Cal-ados.pdf\" target=\"_blank\" rel=\"noopener\">Couro e Cal\u00e7ados<\/a><\/p>\n<p><a href=\"https:\/\/www.fiemg.com.br\/regional-zona-da-mata\/wp-content\/uploads\/sites\/26\/2023\/04\/Borracha-e-Pl-stico.pdf\" target=\"_blank\" rel=\"noopener\">Borracha e Pl\u00e1stico<\/a><\/p>\n<p><a href=\"https:\/\/www.fiemg.com.br\/regional-zona-da-mata\/wp-content\/uploads\/sites\/26\/2023\/04\/Bebidas.pdf\" target=\"_blank\" rel=\"noopener\">Bebidas<\/a><\/p>\n<p><a href=\"https:\/\/www.fiemg.com.br\/regional-zona-da-mata\/wp-content\/uploads\/sites\/26\/2023\/04\/Alimentos.pdf\" target=\"_blank\" rel=\"noopener\">Produtos Aliment\u00edcios<\/a><\/p>\n<p><a href=\"https:\/\/www.fiemg.com.br\/regional-zona-da-mata\/wp-content\/uploads\/sites\/26\/2023\/04\/Extrativas.pdf\" target=\"_blank\" rel=\"noopener\">Extrativas<\/a><\/p>\n<p><a href=\"https:\/\/www.fiemg.com.br\/regional-zona-da-mata\/wp-content\/uploads\/sites\/26\/2023\/04\/Moda.pdf\" target=\"_blank\" rel=\"noopener\">Ind\u00fastria da Moda<\/a><\/p>\n<p><a href=\"https:\/\/www.fiemg.com.br\/regional-zona-da-mata\/wp-content\/uploads\/sites\/26\/2023\/04\/Produtos-T-xteis.pdf\" target=\"_blank\" rel=\"noopener\">Produtos Text\u00eais<\/a><\/p>\n<p><a href=\"https:\/\/www.fiemg.com.br\/regional-zona-da-mata\/wp-content\/uploads\/sites\/26\/2023\/04\/Extra-o-de-Minerais-N-o-Met-licos.pdf\" target=\"_blank\" rel=\"noopener\">Extra\u00e7\u00e3o de Minerais N\u00e3o Met\u00e1licos<\/a><\/p>\n<p><a href=\"https:\/\/www.fiemg.com.br\/regional-zona-da-mata\/wp-content\/uploads\/sites\/26\/2023\/04\/Extracao-de-Minerais-Metalicos.pdf\" target=\"_blank\" rel=\"noopener\">Extra\u00e7\u00e3o de Minerais Met\u00e1licos<\/a><\/p>\n<p><a href=\"https:\/\/www.fiemg.com.br\/regional-zona-da-mata\/wp-content\/uploads\/sites\/26\/2023\/04\/Coque-e-Combust-veis.pdf\" target=\"_blank\" rel=\"noopener\">Coques e Combust\u00edveis<\/a><\/p>\n","protected":false},"featured_media":1557,"parent":934,"menu_order":0,"template":"","categories":[],"tags":[],"categoria_areas_de_interesse":[],"class_list":["post-974","area-de-interesse","type-area-de-interesse","status-publish","has-post-thumbnail","hentry"],"acf":[],"yoast_head":"<!-- This site is optimized with the Yoast SEO plugin v26.2 - https:\/\/yoast.com\/wordpress\/plugins\/seo\/ -->\n<title>+ Panorama Setorial - Regional Zona da Mata<\/title>\n<meta name=\"robots\" content=\"index, follow, max-snippet:-1, max-image-preview:large, max-video-preview:-1\" \/>\n<link rel=\"canonical\" href=\"https:\/\/www.fiemg.com.br\/regional-zona-da-mata\/area-de-interesse\/estudos-economicos\/panorama-setorial\/\" \/>\n<meta property=\"og:locale\" content=\"pt_BR\" \/>\n<meta property=\"og:type\" content=\"article\" \/>\n<meta property=\"og:title\" content=\"+ Panorama Setorial - Regional Zona da Mata\" \/>\n<meta property=\"og:description\" content=\"Estudos O Panorama Setorial \u00e9 uma publica\u00e7\u00e3o do Sistema FIEMG, destinada ao p\u00fablico em geral, que apresenta o perfil dos diversos setores industriais no estado de Minas Gerais e sua performance recente. As informa\u00e7\u00f5es segmentadas por setor permitem avaliar e compreender a import\u00e2ncia de cada segmento para a ind\u00fastria mineira, destacando a produ\u00e7\u00e3o agregada e [&hellip;]\" \/>\n<meta property=\"og:url\" content=\"https:\/\/www.fiemg.com.br\/regional-zona-da-mata\/area-de-interesse\/estudos-economicos\/panorama-setorial\/\" \/>\n<meta property=\"og:site_name\" content=\"Regional Zona da Mata\" \/>\n<meta property=\"article:modified_time\" content=\"2023-08-25T12:39:28+00:00\" \/>\n<meta property=\"og:image\" content=\"https:\/\/www.fiemg.com.br\/regional-zona-da-mata\/wp-content\/uploads\/sites\/26\/2023\/08\/default.png\" \/>\n\t<meta property=\"og:image:width\" content=\"300\" \/>\n\t<meta property=\"og:image:height\" content=\"300\" \/>\n\t<meta property=\"og:image:type\" content=\"image\/png\" \/>\n<meta name=\"twitter:card\" content=\"summary_large_image\" \/>\n<script type=\"application\/ld+json\" class=\"yoast-schema-graph\">{\"@context\":\"https:\/\/schema.org\",\"@graph\":[{\"@type\":\"WebPage\",\"@id\":\"https:\/\/www.fiemg.com.br\/regional-zona-da-mata\/area-de-interesse\/estudos-economicos\/panorama-setorial\/\",\"url\":\"https:\/\/www.fiemg.com.br\/regional-zona-da-mata\/area-de-interesse\/estudos-economicos\/panorama-setorial\/\",\"name\":\"+ Panorama Setorial - Regional Zona da Mata\",\"isPartOf\":{\"@id\":\"https:\/\/www.fiemg.com.br\/regional-zona-da-mata\/#website\"},\"primaryImageOfPage\":{\"@id\":\"https:\/\/www.fiemg.com.br\/regional-zona-da-mata\/area-de-interesse\/estudos-economicos\/panorama-setorial\/#primaryimage\"},\"image\":{\"@id\":\"https:\/\/www.fiemg.com.br\/regional-zona-da-mata\/area-de-interesse\/estudos-economicos\/panorama-setorial\/#primaryimage\"},\"thumbnailUrl\":\"https:\/\/www.fiemg.com.br\/regional-zona-da-mata\/wp-content\/uploads\/sites\/26\/2023\/08\/default.png\",\"datePublished\":\"2023-04-23T14:29:25+00:00\",\"dateModified\":\"2023-08-25T12:39:28+00:00\",\"breadcrumb\":{\"@id\":\"https:\/\/www.fiemg.com.br\/regional-zona-da-mata\/area-de-interesse\/estudos-economicos\/panorama-setorial\/#breadcrumb\"},\"inLanguage\":\"pt-BR\",\"potentialAction\":[{\"@type\":\"ReadAction\",\"target\":[\"https:\/\/www.fiemg.com.br\/regional-zona-da-mata\/area-de-interesse\/estudos-economicos\/panorama-setorial\/\"]}]},{\"@type\":\"ImageObject\",\"inLanguage\":\"pt-BR\",\"@id\":\"https:\/\/www.fiemg.com.br\/regional-zona-da-mata\/area-de-interesse\/estudos-economicos\/panorama-setorial\/#primaryimage\",\"url\":\"https:\/\/www.fiemg.com.br\/regional-zona-da-mata\/wp-content\/uploads\/sites\/26\/2023\/08\/default.png\",\"contentUrl\":\"https:\/\/www.fiemg.com.br\/regional-zona-da-mata\/wp-content\/uploads\/sites\/26\/2023\/08\/default.png\",\"width\":300,\"height\":300},{\"@type\":\"BreadcrumbList\",\"@id\":\"https:\/\/www.fiemg.com.br\/regional-zona-da-mata\/area-de-interesse\/estudos-economicos\/panorama-setorial\/#breadcrumb\",\"itemListElement\":[{\"@type\":\"ListItem\",\"position\":1,\"name\":\"In\u00edcio\",\"item\":\"https:\/\/www.fiemg.com.br\/regional-zona-da-mata\/\"},{\"@type\":\"ListItem\",\"position\":2,\"name\":\"Estudos Econ\u00f4micos\",\"item\":\"https:\/\/www.fiemg.com.br\/regional-zona-da-mata\/area-de-interesse\/estudos-economicos\/\"},{\"@type\":\"ListItem\",\"position\":3,\"name\":\"+ Panorama Setorial\"}]},{\"@type\":\"WebSite\",\"@id\":\"https:\/\/www.fiemg.com.br\/regional-zona-da-mata\/#website\",\"url\":\"https:\/\/www.fiemg.com.br\/regional-zona-da-mata\/\",\"name\":\"Regional Zona da Mata\",\"description\":\"Federa\u00e7\u00e3o das Ind\u00fastrias do Estado de Minas Gerais\",\"publisher\":{\"@id\":\"https:\/\/www.fiemg.com.br\/regional-zona-da-mata\/#organization\"},\"potentialAction\":[{\"@type\":\"SearchAction\",\"target\":{\"@type\":\"EntryPoint\",\"urlTemplate\":\"https:\/\/www.fiemg.com.br\/regional-zona-da-mata\/?s={search_term_string}\"},\"query-input\":{\"@type\":\"PropertyValueSpecification\",\"valueRequired\":true,\"valueName\":\"search_term_string\"}}],\"inLanguage\":\"pt-BR\"},{\"@type\":\"Organization\",\"@id\":\"https:\/\/www.fiemg.com.br\/regional-zona-da-mata\/#organization\",\"name\":\"Regional Zona da Mata\",\"url\":\"https:\/\/www.fiemg.com.br\/regional-zona-da-mata\/\",\"logo\":{\"@type\":\"ImageObject\",\"inLanguage\":\"pt-BR\",\"@id\":\"https:\/\/www.fiemg.com.br\/regional-zona-da-mata\/#\/schema\/logo\/image\/\",\"url\":\"https:\/\/www.fiemg.com.br\/regional-zona-da-mata\/wp-content\/uploads\/sites\/26\/2023\/02\/Ativo-1.png\",\"contentUrl\":\"https:\/\/www.fiemg.com.br\/regional-zona-da-mata\/wp-content\/uploads\/sites\/26\/2023\/02\/Ativo-1.png\",\"width\":563,\"height\":149,\"caption\":\"Regional Zona da Mata\"},\"image\":{\"@id\":\"https:\/\/www.fiemg.com.br\/regional-zona-da-mata\/#\/schema\/logo\/image\/\"}}]}<\/script>\n<!-- \/ Yoast SEO plugin. -->","yoast_head_json":{"title":"+ Panorama Setorial - Regional Zona da Mata","robots":{"index":"index","follow":"follow","max-snippet":"max-snippet:-1","max-image-preview":"max-image-preview:large","max-video-preview":"max-video-preview:-1"},"canonical":"https:\/\/www.fiemg.com.br\/regional-zona-da-mata\/area-de-interesse\/estudos-economicos\/panorama-setorial\/","og_locale":"pt_BR","og_type":"article","og_title":"+ Panorama Setorial - Regional Zona da Mata","og_description":"Estudos O Panorama Setorial \u00e9 uma publica\u00e7\u00e3o do Sistema FIEMG, destinada ao p\u00fablico em geral, que apresenta o perfil dos diversos setores industriais no estado de Minas Gerais e sua performance recente. As informa\u00e7\u00f5es segmentadas por setor permitem avaliar e compreender a import\u00e2ncia de cada segmento para a ind\u00fastria mineira, destacando a produ\u00e7\u00e3o agregada e [&hellip;]","og_url":"https:\/\/www.fiemg.com.br\/regional-zona-da-mata\/area-de-interesse\/estudos-economicos\/panorama-setorial\/","og_site_name":"Regional Zona da Mata","article_modified_time":"2023-08-25T12:39:28+00:00","og_image":[{"width":300,"height":300,"url":"https:\/\/www.fiemg.com.br\/regional-zona-da-mata\/wp-content\/uploads\/sites\/26\/2023\/08\/default.png","type":"image\/png"}],"twitter_card":"summary_large_image","schema":{"@context":"https:\/\/schema.org","@graph":[{"@type":"WebPage","@id":"https:\/\/www.fiemg.com.br\/regional-zona-da-mata\/area-de-interesse\/estudos-economicos\/panorama-setorial\/","url":"https:\/\/www.fiemg.com.br\/regional-zona-da-mata\/area-de-interesse\/estudos-economicos\/panorama-setorial\/","name":"+ Panorama Setorial - Regional Zona da Mata","isPartOf":{"@id":"https:\/\/www.fiemg.com.br\/regional-zona-da-mata\/#website"},"primaryImageOfPage":{"@id":"https:\/\/www.fiemg.com.br\/regional-zona-da-mata\/area-de-interesse\/estudos-economicos\/panorama-setorial\/#primaryimage"},"image":{"@id":"https:\/\/www.fiemg.com.br\/regional-zona-da-mata\/area-de-interesse\/estudos-economicos\/panorama-setorial\/#primaryimage"},"thumbnailUrl":"https:\/\/www.fiemg.com.br\/regional-zona-da-mata\/wp-content\/uploads\/sites\/26\/2023\/08\/default.png","datePublished":"2023-04-23T14:29:25+00:00","dateModified":"2023-08-25T12:39:28+00:00","breadcrumb":{"@id":"https:\/\/www.fiemg.com.br\/regional-zona-da-mata\/area-de-interesse\/estudos-economicos\/panorama-setorial\/#breadcrumb"},"inLanguage":"pt-BR","potentialAction":[{"@type":"ReadAction","target":["https:\/\/www.fiemg.com.br\/regional-zona-da-mata\/area-de-interesse\/estudos-economicos\/panorama-setorial\/"]}]},{"@type":"ImageObject","inLanguage":"pt-BR","@id":"https:\/\/www.fiemg.com.br\/regional-zona-da-mata\/area-de-interesse\/estudos-economicos\/panorama-setorial\/#primaryimage","url":"https:\/\/www.fiemg.com.br\/regional-zona-da-mata\/wp-content\/uploads\/sites\/26\/2023\/08\/default.png","contentUrl":"https:\/\/www.fiemg.com.br\/regional-zona-da-mata\/wp-content\/uploads\/sites\/26\/2023\/08\/default.png","width":300,"height":300},{"@type":"BreadcrumbList","@id":"https:\/\/www.fiemg.com.br\/regional-zona-da-mata\/area-de-interesse\/estudos-economicos\/panorama-setorial\/#breadcrumb","itemListElement":[{"@type":"ListItem","position":1,"name":"In\u00edcio","item":"https:\/\/www.fiemg.com.br\/regional-zona-da-mata\/"},{"@type":"ListItem","position":2,"name":"Estudos Econ\u00f4micos","item":"https:\/\/www.fiemg.com.br\/regional-zona-da-mata\/area-de-interesse\/estudos-economicos\/"},{"@type":"ListItem","position":3,"name":"+ Panorama Setorial"}]},{"@type":"WebSite","@id":"https:\/\/www.fiemg.com.br\/regional-zona-da-mata\/#website","url":"https:\/\/www.fiemg.com.br\/regional-zona-da-mata\/","name":"Regional Zona da Mata","description":"Federa\u00e7\u00e3o das Ind\u00fastrias do Estado de Minas Gerais","publisher":{"@id":"https:\/\/www.fiemg.com.br\/regional-zona-da-mata\/#organization"},"potentialAction":[{"@type":"SearchAction","target":{"@type":"EntryPoint","urlTemplate":"https:\/\/www.fiemg.com.br\/regional-zona-da-mata\/?s={search_term_string}"},"query-input":{"@type":"PropertyValueSpecification","valueRequired":true,"valueName":"search_term_string"}}],"inLanguage":"pt-BR"},{"@type":"Organization","@id":"https:\/\/www.fiemg.com.br\/regional-zona-da-mata\/#organization","name":"Regional Zona da Mata","url":"https:\/\/www.fiemg.com.br\/regional-zona-da-mata\/","logo":{"@type":"ImageObject","inLanguage":"pt-BR","@id":"https:\/\/www.fiemg.com.br\/regional-zona-da-mata\/#\/schema\/logo\/image\/","url":"https:\/\/www.fiemg.com.br\/regional-zona-da-mata\/wp-content\/uploads\/sites\/26\/2023\/02\/Ativo-1.png","contentUrl":"https:\/\/www.fiemg.com.br\/regional-zona-da-mata\/wp-content\/uploads\/sites\/26\/2023\/02\/Ativo-1.png","width":563,"height":149,"caption":"Regional Zona da Mata"},"image":{"@id":"https:\/\/www.fiemg.com.br\/regional-zona-da-mata\/#\/schema\/logo\/image\/"}}]}},"_links":{"self":[{"href":"https:\/\/www.fiemg.com.br\/regional-zona-da-mata\/wp-json\/wp\/v2\/area-de-interesse\/974","targetHints":{"allow":["GET"]}}],"collection":[{"href":"https:\/\/www.fiemg.com.br\/regional-zona-da-mata\/wp-json\/wp\/v2\/area-de-interesse"}],"about":[{"href":"https:\/\/www.fiemg.com.br\/regional-zona-da-mata\/wp-json\/wp\/v2\/types\/area-de-interesse"}],"version-history":[{"count":0,"href":"https:\/\/www.fiemg.com.br\/regional-zona-da-mata\/wp-json\/wp\/v2\/area-de-interesse\/974\/revisions"}],"up":[{"embeddable":true,"href":"https:\/\/www.fiemg.com.br\/regional-zona-da-mata\/wp-json\/wp\/v2\/area-de-interesse\/934"}],"wp:featuredmedia":[{"embeddable":true,"href":"https:\/\/www.fiemg.com.br\/regional-zona-da-mata\/wp-json\/wp\/v2\/media\/1557"}],"wp:attachment":[{"href":"https:\/\/www.fiemg.com.br\/regional-zona-da-mata\/wp-json\/wp\/v2\/media?parent=974"}],"wp:term":[{"taxonomy":"category","embeddable":true,"href":"https:\/\/www.fiemg.com.br\/regional-zona-da-mata\/wp-json\/wp\/v2\/categories?post=974"},{"taxonomy":"post_tag","embeddable":true,"href":"https:\/\/www.fiemg.com.br\/regional-zona-da-mata\/wp-json\/wp\/v2\/tags?post=974"},{"taxonomy":"categoria_areas_de_interesse","embeddable":true,"href":"https:\/\/www.fiemg.com.br\/regional-zona-da-mata\/wp-json\/wp\/v2\/categoria_areas_de_interesse?post=974"}],"curies":[{"name":"wp","href":"https:\/\/api.w.org\/{rel}","templated":true}]}}