{"id":69,"date":"2025-01-16T17:19:50","date_gmt":"2025-01-16T20:19:50","guid":{"rendered":"https:\/\/fiemg1dev.wpenginepowered.com\/sala-de-imprensa\/?page_id=69"},"modified":"2025-02-11T11:29:26","modified_gmt":"2025-02-11T14:29:26","slug":"releases","status":"publish","type":"page","link":"https:\/\/www.fiemg.com.br\/sala-de-imprensa\/releases\/","title":{"rendered":"Releases"},"content":{"rendered":"\t\t<div data-elementor-type=\"wp-page\" data-elementor-id=\"69\" class=\"elementor elementor-69\" data-elementor-post-type=\"page\">\n\t\t\t\t<div class=\"has_ae_slider elementor-element elementor-element-c1dafb5 e-con-full e-flex ae-bg-gallery-type-default e-con e-parent\" data-id=\"c1dafb5\" data-element_type=\"container\" data-settings=\"{&quot;jet_parallax_layout_list&quot;:[],&quot;background_background&quot;:&quot;classic&quot;}\">\n\t\t\t\t<\/div>\n\t\t<div class=\"has_ae_slider elementor-element elementor-element-2ded816 e-flex e-con-boxed ae-bg-gallery-type-default e-con e-parent\" data-id=\"2ded816\" data-element_type=\"container\" data-settings=\"{&quot;jet_parallax_layout_list&quot;:[]}\">\n\t\t\t\t\t<div class=\"e-con-inner\">\n\t\t<div class=\"has_ae_slider elementor-element elementor-element-b205648 e-con-full e-flex ae-bg-gallery-type-default e-con e-child\" data-id=\"b205648\" data-element_type=\"container\" data-settings=\"{&quot;background_background&quot;:&quot;classic&quot;,&quot;jet_parallax_layout_list&quot;:[]}\">\n\t\t\t\t<div class=\"elementor-element elementor-element-b10b566 elementor-widget elementor-widget-heading\" data-id=\"b10b566\" data-element_type=\"widget\" data-widget_type=\"heading.default\">\n\t\t\t\t<div class=\"elementor-widget-container\">\n\t\t\t\t\t<h2 class=\"elementor-heading-title elementor-size-default\">Releases e notas oficiais<\/h2>\t\t\t\t<\/div>\n\t\t\t\t<\/div>\n\t\t\t\t<div class=\"elementor-element elementor-element-d013efa elementor-widget elementor-widget-jet-listing-grid\" data-id=\"d013efa\" data-element_type=\"widget\" data-settings=\"{&quot;columns&quot;:&quot;1&quot;}\" data-widget_type=\"jet-listing-grid.default\">\n\t\t\t\t<div class=\"elementor-widget-container\">\n\t\t\t\t\t<div class=\"jet-listing-grid jet-listing\"><div class=\"jet-listing-grid__items grid-col-desk-1 grid-col-tablet-1 grid-col-mobile-1 jet-listing-grid--63\" data-queried-id=\"69|WP_Post\" data-nav=\"{&quot;enabled&quot;:false,&quot;type&quot;:null,&quot;more_el&quot;:null,&quot;query&quot;:[],&quot;widget_settings&quot;:{&quot;lisitng_id&quot;:63,&quot;posts_num&quot;:6,&quot;columns&quot;:1,&quot;columns_tablet&quot;:1,&quot;columns_mobile&quot;:1,&quot;column_min_width&quot;:240,&quot;column_min_width_tablet&quot;:240,&quot;column_min_width_mobile&quot;:240,&quot;inline_columns_css&quot;:false,&quot;is_archive_template&quot;:&quot;&quot;,&quot;post_status&quot;:[&quot;publish&quot;],&quot;use_random_posts_num&quot;:&quot;&quot;,&quot;max_posts_num&quot;:9,&quot;not_found_message&quot;:&quot;No data was found&quot;,&quot;is_masonry&quot;:false,&quot;equal_columns_height&quot;:&quot;&quot;,&quot;use_load_more&quot;:&quot;&quot;,&quot;load_more_id&quot;:&quot;&quot;,&quot;load_more_type&quot;:&quot;click&quot;,&quot;load_more_offset&quot;:{&quot;unit&quot;:&quot;px&quot;,&quot;size&quot;:0,&quot;sizes&quot;:[]},&quot;use_custom_post_types&quot;:&quot;&quot;,&quot;custom_post_types&quot;:[],&quot;hide_widget_if&quot;:&quot;&quot;,&quot;carousel_enabled&quot;:&quot;&quot;,&quot;slides_to_scroll&quot;:&quot;1&quot;,&quot;arrows&quot;:&quot;true&quot;,&quot;arrow_icon&quot;:&quot;fa fa-angle-left&quot;,&quot;dots&quot;:&quot;&quot;,&quot;autoplay&quot;:&quot;true&quot;,&quot;pause_on_hover&quot;:&quot;true&quot;,&quot;autoplay_speed&quot;:5000,&quot;infinite&quot;:&quot;true&quot;,&quot;center_mode&quot;:&quot;&quot;,&quot;effect&quot;:&quot;slide&quot;,&quot;speed&quot;:500,&quot;inject_alternative_items&quot;:&quot;&quot;,&quot;injection_items&quot;:[],&quot;scroll_slider_enabled&quot;:&quot;&quot;,&quot;scroll_slider_on&quot;:[&quot;desktop&quot;,&quot;tablet&quot;,&quot;mobile&quot;],&quot;custom_query&quot;:false,&quot;custom_query_id&quot;:&quot;&quot;,&quot;_element_id&quot;:&quot;&quot;,&quot;collapse_first_last_gap&quot;:false,&quot;list_tag_selection&quot;:&quot;&quot;,&quot;list_items_wrapper_tag&quot;:&quot;div&quot;,&quot;list_item_tag&quot;:&quot;div&quot;,&quot;empty_items_wrapper_tag&quot;:&quot;div&quot;}}\" data-page=\"1\" data-pages=\"41\" data-listing-source=\"posts\" data-listing-id=\"63\" data-query-id=\"\"><div class=\"jet-listing-grid__item jet-listing-dynamic-post-884\" data-post-id=\"884\"  ><div class=\"jet-engine-listing-overlay-wrap\" data-url=\"https:\/\/www.fiemg.com.br\/sala-de-imprensa\/noticias\/estado-concentrou-15-das-exportacoes-brasileiras-para-o-bloco-em-2025-e-tem-potencial-para-avancar-na-venda-de-produtos-industrializados-aponta-fiemg\/\">\t\t<div data-elementor-type=\"jet-listing-items\" data-elementor-id=\"63\" class=\"elementor elementor-63\" data-elementor-post-type=\"jet-engine\">\n\t\t\t\t<div class=\"has_ae_slider elementor-element elementor-element-c7ff8d9 e-flex e-con-boxed ae-bg-gallery-type-default e-con e-parent\" data-id=\"c7ff8d9\" data-element_type=\"container\" data-settings=\"{&quot;jet_parallax_layout_list&quot;:[]}\">\n\t\t\t\t\t<div class=\"e-con-inner\">\n\t\t<div class=\"has_ae_slider elementor-element elementor-element-7507e1b e-con-full e-flex ae-bg-gallery-type-default e-con e-child\" data-id=\"7507e1b\" data-element_type=\"container\" data-settings=\"{&quot;jet_parallax_layout_list&quot;:[]}\">\n\t\t\t\t<div class=\"elementor-element elementor-element-fa55a02 elementor-widget elementor-widget-jet-listing-dynamic-meta\" data-id=\"fa55a02\" data-element_type=\"widget\" data-widget_type=\"jet-listing-dynamic-meta.default\">\n\t\t\t\t<div class=\"elementor-widget-container\">\n\t\t\t\t\t<div class=\"jet-listing jet-listing-dynamic-meta meta-layout-inline\"><div class=\"jet-listing-dynamic-meta__date jet-listing-dynamic-meta__item\"><span class=\"jet-listing-dynamic-meta__item-val\">29\/04\/2026<\/span><\/div><\/div>\t\t\t\t<\/div>\n\t\t\t\t<\/div>\n\t\t\t\t<div class=\"elementor-element elementor-element-2888666 elementor-widget elementor-widget-jet-listing-dynamic-terms\" data-id=\"2888666\" data-element_type=\"widget\" data-widget_type=\"jet-listing-dynamic-terms.default\">\n\t\t\t\t<div class=\"elementor-widget-container\">\n\t\t\t\t\t<div class=\"jet-listing jet-listing-dynamic-terms\"><span class=\"jet-listing-dynamic-terms__link\">Desenvolvimento Industrial<\/span><\/div>\t\t\t\t<\/div>\n\t\t\t\t<\/div>\n\t\t\t\t<\/div>\n\t\t\t\t<div class=\"elementor-element elementor-element-5da76cd elementor-widget elementor-widget-jet-listing-dynamic-field\" data-id=\"5da76cd\" data-element_type=\"widget\" data-widget_type=\"jet-listing-dynamic-field.default\">\n\t\t\t\t<div class=\"elementor-widget-container\">\n\t\t\t\t\t<div class=\"jet-listing jet-listing-dynamic-field display-inline\"><div class=\"jet-listing-dynamic-field__inline-wrap\"><h5 class=\"jet-listing-dynamic-field__content\">Minas lidera super\u00e1vit com a Uni\u00e3o Europeia e deve diversificar exporta\u00e7\u00f5es com novo acordo comercial<\/h5><\/div><\/div>\t\t\t\t<\/div>\n\t\t\t\t<\/div>\n\t\t\t\t<div class=\"elementor-element elementor-element-33de955 elementor-widget elementor-widget-text-editor\" data-id=\"33de955\" data-element_type=\"widget\" data-widget_type=\"text-editor.default\">\n\t\t\t\t<div class=\"elementor-widget-container\">\n\t\t\t\t\t\t\t\t\t<p>Estado concentrou 15% das exporta\u00e7\u00f5es brasileiras para o bloco em 2025 e tem potencial para avan\u00e7ar na venda de produtos industrializados, aponta FIEMG<\/p>\n\t\t\t\t\t\t\t\t<\/div>\n\t\t\t\t<\/div>\n\t\t\t\t\t<\/div>\n\t\t\t\t<\/div>\n\t\t<div class=\"has_ae_slider elementor-element elementor-element-c7f2ba6 e-flex e-con-boxed ae-bg-gallery-type-default e-con e-parent\" data-id=\"c7f2ba6\" data-element_type=\"container\" data-settings=\"{&quot;jet_parallax_layout_list&quot;:[]}\">\n\t\t\t\t\t<div class=\"e-con-inner\">\n\t\t\t\t\t<\/div>\n\t\t\t\t<\/div>\n\t\t\t\t<\/div>\n\t\t<a href=\"https:\/\/www.fiemg.com.br\/sala-de-imprensa\/noticias\/estado-concentrou-15-das-exportacoes-brasileiras-para-o-bloco-em-2025-e-tem-potencial-para-avancar-na-venda-de-produtos-industrializados-aponta-fiemg\/\" class=\"jet-engine-listing-overlay-link\"><\/a><\/div><\/div><div class=\"jet-listing-grid__item jet-listing-dynamic-post-881\" data-post-id=\"881\"  ><div class=\"jet-engine-listing-overlay-wrap\" data-url=\"https:\/\/www.fiemg.com.br\/sala-de-imprensa\/noticias\/sondagem-industrial-da-fiemg-entrevistou-48-grandes-empresas-45-medias-e-49-pequenas-empresas\/\">\t\t<div data-elementor-type=\"jet-listing-items\" data-elementor-id=\"63\" class=\"elementor elementor-63\" data-elementor-post-type=\"jet-engine\">\n\t\t\t\t<div class=\"has_ae_slider elementor-element elementor-element-c7ff8d9 e-flex e-con-boxed ae-bg-gallery-type-default e-con e-parent\" data-id=\"c7ff8d9\" data-element_type=\"container\" data-settings=\"{&quot;jet_parallax_layout_list&quot;:[]}\">\n\t\t\t\t\t<div class=\"e-con-inner\">\n\t\t<div class=\"has_ae_slider elementor-element elementor-element-7507e1b e-con-full e-flex ae-bg-gallery-type-default e-con e-child\" data-id=\"7507e1b\" data-element_type=\"container\" data-settings=\"{&quot;jet_parallax_layout_list&quot;:[]}\">\n\t\t\t\t<div class=\"elementor-element elementor-element-fa55a02 elementor-widget elementor-widget-jet-listing-dynamic-meta\" data-id=\"fa55a02\" data-element_type=\"widget\" data-widget_type=\"jet-listing-dynamic-meta.default\">\n\t\t\t\t<div class=\"elementor-widget-container\">\n\t\t\t\t\t<div class=\"jet-listing jet-listing-dynamic-meta meta-layout-inline\"><div class=\"jet-listing-dynamic-meta__date jet-listing-dynamic-meta__item\"><span class=\"jet-listing-dynamic-meta__item-val\">28\/04\/2026<\/span><\/div><\/div>\t\t\t\t<\/div>\n\t\t\t\t<\/div>\n\t\t\t\t<div class=\"elementor-element elementor-element-2888666 elementor-widget elementor-widget-jet-listing-dynamic-terms\" data-id=\"2888666\" data-element_type=\"widget\" data-widget_type=\"jet-listing-dynamic-terms.default\">\n\t\t\t\t<div class=\"elementor-widget-container\">\n\t\t\t\t\t<div class=\"jet-listing jet-listing-dynamic-terms\"><span class=\"jet-listing-dynamic-terms__link\">Estudos Econ\u00f4micos<\/span><\/div>\t\t\t\t<\/div>\n\t\t\t\t<\/div>\n\t\t\t\t<\/div>\n\t\t\t\t<div class=\"elementor-element elementor-element-5da76cd elementor-widget elementor-widget-jet-listing-dynamic-field\" data-id=\"5da76cd\" data-element_type=\"widget\" data-widget_type=\"jet-listing-dynamic-field.default\">\n\t\t\t\t<div class=\"elementor-widget-container\">\n\t\t\t\t\t<div class=\"jet-listing jet-listing-dynamic-field display-inline\"><div class=\"jet-listing-dynamic-field__inline-wrap\"><h5 class=\"jet-listing-dynamic-field__content\">Produ\u00e7\u00e3o industrial em Minas cresce em mar\u00e7o, mas emprego e condi\u00e7\u00f5es financeiras ainda preocupam<\/h5><\/div><\/div>\t\t\t\t<\/div>\n\t\t\t\t<\/div>\n\t\t\t\t<div class=\"elementor-element elementor-element-33de955 elementor-widget elementor-widget-text-editor\" data-id=\"33de955\" data-element_type=\"widget\" data-widget_type=\"text-editor.default\">\n\t\t\t\t<div class=\"elementor-widget-container\">\n\t\t\t\t\t\t\t\t\t<p>Sondagem Industrial da FIEMG entrevistou 48 grandes empresas, 45 m\u00e9dias e 49 pequenas empresas<\/p>\n\t\t\t\t\t\t\t\t<\/div>\n\t\t\t\t<\/div>\n\t\t\t\t\t<\/div>\n\t\t\t\t<\/div>\n\t\t<div class=\"has_ae_slider elementor-element elementor-element-c7f2ba6 e-flex e-con-boxed ae-bg-gallery-type-default e-con e-parent\" data-id=\"c7f2ba6\" data-element_type=\"container\" data-settings=\"{&quot;jet_parallax_layout_list&quot;:[]}\">\n\t\t\t\t\t<div class=\"e-con-inner\">\n\t\t\t\t\t<\/div>\n\t\t\t\t<\/div>\n\t\t\t\t<\/div>\n\t\t<a href=\"https:\/\/www.fiemg.com.br\/sala-de-imprensa\/noticias\/sondagem-industrial-da-fiemg-entrevistou-48-grandes-empresas-45-medias-e-49-pequenas-empresas\/\" class=\"jet-engine-listing-overlay-link\"><\/a><\/div><\/div><div class=\"jet-listing-grid__item jet-listing-dynamic-post-877\" data-post-id=\"877\"  ><div class=\"jet-engine-listing-overlay-wrap\" data-url=\"https:\/\/www.fiemg.com.br\/sala-de-imprensa\/noticias\/painel-reuniu-especialistas-para-discutir-produtividade-transformacao-digital-e-eficiencia-energetica-no-setor-industrial\/\">\t\t<div data-elementor-type=\"jet-listing-items\" data-elementor-id=\"63\" class=\"elementor elementor-63\" data-elementor-post-type=\"jet-engine\">\n\t\t\t\t<div class=\"has_ae_slider elementor-element elementor-element-c7ff8d9 e-flex e-con-boxed ae-bg-gallery-type-default e-con e-parent\" data-id=\"c7ff8d9\" data-element_type=\"container\" data-settings=\"{&quot;jet_parallax_layout_list&quot;:[]}\">\n\t\t\t\t\t<div class=\"e-con-inner\">\n\t\t<div class=\"has_ae_slider elementor-element elementor-element-7507e1b e-con-full e-flex ae-bg-gallery-type-default e-con e-child\" data-id=\"7507e1b\" data-element_type=\"container\" data-settings=\"{&quot;jet_parallax_layout_list&quot;:[]}\">\n\t\t\t\t<div class=\"elementor-element elementor-element-fa55a02 elementor-widget elementor-widget-jet-listing-dynamic-meta\" data-id=\"fa55a02\" data-element_type=\"widget\" data-widget_type=\"jet-listing-dynamic-meta.default\">\n\t\t\t\t<div class=\"elementor-widget-container\">\n\t\t\t\t\t<div class=\"jet-listing jet-listing-dynamic-meta meta-layout-inline\"><div class=\"jet-listing-dynamic-meta__date jet-listing-dynamic-meta__item\"><span class=\"jet-listing-dynamic-meta__item-val\">24\/04\/2026<\/span><\/div><\/div>\t\t\t\t<\/div>\n\t\t\t\t<\/div>\n\t\t\t\t<div class=\"elementor-element elementor-element-2888666 elementor-widget elementor-widget-jet-listing-dynamic-terms\" data-id=\"2888666\" data-element_type=\"widget\" data-widget_type=\"jet-listing-dynamic-terms.default\">\n\t\t\t\t<div class=\"elementor-widget-container\">\n\t\t\t\t\t<div class=\"jet-listing jet-listing-dynamic-terms\"><span class=\"jet-listing-dynamic-terms__link\">Desenvolvimento Industrial<\/span><\/div>\t\t\t\t<\/div>\n\t\t\t\t<\/div>\n\t\t\t\t<\/div>\n\t\t\t\t<div class=\"elementor-element elementor-element-5da76cd elementor-widget elementor-widget-jet-listing-dynamic-field\" data-id=\"5da76cd\" data-element_type=\"widget\" data-widget_type=\"jet-listing-dynamic-field.default\">\n\t\t\t\t<div class=\"elementor-widget-container\">\n\t\t\t\t\t<div class=\"jet-listing jet-listing-dynamic-field display-inline\"><div class=\"jet-listing-dynamic-field__inline-wrap\"><h5 class=\"jet-listing-dynamic-field__content\">Brasil Mais Produtivo destaca o potencial das pequenas ind\u00fastrias<\/h5><\/div><\/div>\t\t\t\t<\/div>\n\t\t\t\t<\/div>\n\t\t\t\t<div class=\"elementor-element elementor-element-33de955 elementor-widget elementor-widget-text-editor\" data-id=\"33de955\" data-element_type=\"widget\" data-widget_type=\"text-editor.default\">\n\t\t\t\t<div class=\"elementor-widget-container\">\n\t\t\t\t\t\t\t\t\t<p>Painel reuniu especialistas para discutir produtividade, transforma\u00e7\u00e3o digital e efici\u00eancia energ\u00e9tica no setor industrial<\/p>\n\t\t\t\t\t\t\t\t<\/div>\n\t\t\t\t<\/div>\n\t\t\t\t\t<\/div>\n\t\t\t\t<\/div>\n\t\t<div class=\"has_ae_slider elementor-element elementor-element-c7f2ba6 e-flex e-con-boxed ae-bg-gallery-type-default e-con e-parent\" data-id=\"c7f2ba6\" data-element_type=\"container\" data-settings=\"{&quot;jet_parallax_layout_list&quot;:[]}\">\n\t\t\t\t\t<div class=\"e-con-inner\">\n\t\t\t\t\t<\/div>\n\t\t\t\t<\/div>\n\t\t\t\t<\/div>\n\t\t<a href=\"https:\/\/www.fiemg.com.br\/sala-de-imprensa\/noticias\/painel-reuniu-especialistas-para-discutir-produtividade-transformacao-digital-e-eficiencia-energetica-no-setor-industrial\/\" class=\"jet-engine-listing-overlay-link\"><\/a><\/div><\/div><div class=\"jet-listing-grid__item jet-listing-dynamic-post-874\" data-post-id=\"874\"  ><div class=\"jet-engine-listing-overlay-wrap\" data-url=\"https:\/\/www.fiemg.com.br\/sala-de-imprensa\/noticias\/lei-geral-do-licenciamento-ambiental-foi-destaque-na-pauta-do-imersao-industria\/\">\t\t<div data-elementor-type=\"jet-listing-items\" data-elementor-id=\"63\" class=\"elementor elementor-63\" data-elementor-post-type=\"jet-engine\">\n\t\t\t\t<div class=\"has_ae_slider elementor-element elementor-element-c7ff8d9 e-flex e-con-boxed ae-bg-gallery-type-default e-con e-parent\" data-id=\"c7ff8d9\" data-element_type=\"container\" data-settings=\"{&quot;jet_parallax_layout_list&quot;:[]}\">\n\t\t\t\t\t<div class=\"e-con-inner\">\n\t\t<div class=\"has_ae_slider elementor-element elementor-element-7507e1b e-con-full e-flex ae-bg-gallery-type-default e-con e-child\" data-id=\"7507e1b\" data-element_type=\"container\" data-settings=\"{&quot;jet_parallax_layout_list&quot;:[]}\">\n\t\t\t\t<div class=\"elementor-element elementor-element-fa55a02 elementor-widget elementor-widget-jet-listing-dynamic-meta\" data-id=\"fa55a02\" data-element_type=\"widget\" data-widget_type=\"jet-listing-dynamic-meta.default\">\n\t\t\t\t<div class=\"elementor-widget-container\">\n\t\t\t\t\t<div class=\"jet-listing jet-listing-dynamic-meta meta-layout-inline\"><div class=\"jet-listing-dynamic-meta__date jet-listing-dynamic-meta__item\"><span class=\"jet-listing-dynamic-meta__item-val\">24\/04\/2026<\/span><\/div><\/div>\t\t\t\t<\/div>\n\t\t\t\t<\/div>\n\t\t\t\t<div class=\"elementor-element elementor-element-2888666 elementor-widget elementor-widget-jet-listing-dynamic-terms\" data-id=\"2888666\" data-element_type=\"widget\" data-widget_type=\"jet-listing-dynamic-terms.default\">\n\t\t\t\t<div class=\"elementor-widget-container\">\n\t\t\t\t\t<div class=\"jet-listing jet-listing-dynamic-terms\"><span class=\"jet-listing-dynamic-terms__link\">Desenvolvimento Industrial<\/span><\/div>\t\t\t\t<\/div>\n\t\t\t\t<\/div>\n\t\t\t\t<\/div>\n\t\t\t\t<div class=\"elementor-element elementor-element-5da76cd elementor-widget elementor-widget-jet-listing-dynamic-field\" data-id=\"5da76cd\" data-element_type=\"widget\" data-widget_type=\"jet-listing-dynamic-field.default\">\n\t\t\t\t<div class=\"elementor-widget-container\">\n\t\t\t\t\t<div class=\"jet-listing jet-listing-dynamic-field display-inline\"><div class=\"jet-listing-dynamic-field__inline-wrap\"><h5 class=\"jet-listing-dynamic-field__content\">Seguran\u00e7a jur\u00eddica que pode diminuir Custo Brasil\u00a0<\/h5><\/div><\/div>\t\t\t\t<\/div>\n\t\t\t\t<\/div>\n\t\t\t\t<div class=\"elementor-element elementor-element-33de955 elementor-widget elementor-widget-text-editor\" data-id=\"33de955\" data-element_type=\"widget\" data-widget_type=\"text-editor.default\">\n\t\t\t\t<div class=\"elementor-widget-container\">\n\t\t\t\t\t\t\t\t\t<p>\u00a0Lei Geral do Licenciamento Ambiental\u00a0 foi destaque na pauta do Imers\u00e3o Ind\u00fastria\u00a0<\/p>\n\t\t\t\t\t\t\t\t<\/div>\n\t\t\t\t<\/div>\n\t\t\t\t\t<\/div>\n\t\t\t\t<\/div>\n\t\t<div class=\"has_ae_slider elementor-element elementor-element-c7f2ba6 e-flex e-con-boxed ae-bg-gallery-type-default e-con e-parent\" data-id=\"c7f2ba6\" data-element_type=\"container\" data-settings=\"{&quot;jet_parallax_layout_list&quot;:[]}\">\n\t\t\t\t\t<div class=\"e-con-inner\">\n\t\t\t\t\t<\/div>\n\t\t\t\t<\/div>\n\t\t\t\t<\/div>\n\t\t<a href=\"https:\/\/www.fiemg.com.br\/sala-de-imprensa\/noticias\/lei-geral-do-licenciamento-ambiental-foi-destaque-na-pauta-do-imersao-industria\/\" class=\"jet-engine-listing-overlay-link\"><\/a><\/div><\/div><div class=\"jet-listing-grid__item jet-listing-dynamic-post-872\" data-post-id=\"872\"  ><div class=\"jet-engine-listing-overlay-wrap\" data-url=\"https:\/\/www.fiemg.com.br\/sala-de-imprensa\/noticias\/fiemg-lamenta-avanco-de-proposta-de-mudanca-da-jornada-de-trabalho-na-ccj-e-defende-votacao-apenas-apos-as-eleicoes\/\">\t\t<div data-elementor-type=\"jet-listing-items\" data-elementor-id=\"63\" class=\"elementor elementor-63\" data-elementor-post-type=\"jet-engine\">\n\t\t\t\t<div class=\"has_ae_slider elementor-element elementor-element-c7ff8d9 e-flex e-con-boxed ae-bg-gallery-type-default e-con e-parent\" data-id=\"c7ff8d9\" data-element_type=\"container\" data-settings=\"{&quot;jet_parallax_layout_list&quot;:[]}\">\n\t\t\t\t\t<div class=\"e-con-inner\">\n\t\t<div class=\"has_ae_slider elementor-element elementor-element-7507e1b e-con-full e-flex ae-bg-gallery-type-default e-con e-child\" data-id=\"7507e1b\" data-element_type=\"container\" data-settings=\"{&quot;jet_parallax_layout_list&quot;:[]}\">\n\t\t\t\t<div class=\"elementor-element elementor-element-fa55a02 elementor-widget elementor-widget-jet-listing-dynamic-meta\" data-id=\"fa55a02\" data-element_type=\"widget\" data-widget_type=\"jet-listing-dynamic-meta.default\">\n\t\t\t\t<div class=\"elementor-widget-container\">\n\t\t\t\t\t<div class=\"jet-listing jet-listing-dynamic-meta meta-layout-inline\"><div class=\"jet-listing-dynamic-meta__date jet-listing-dynamic-meta__item\"><span class=\"jet-listing-dynamic-meta__item-val\">22\/04\/2026<\/span><\/div><\/div>\t\t\t\t<\/div>\n\t\t\t\t<\/div>\n\t\t\t\t<div class=\"elementor-element elementor-element-2888666 elementor-widget elementor-widget-jet-listing-dynamic-terms\" data-id=\"2888666\" data-element_type=\"widget\" data-widget_type=\"jet-listing-dynamic-terms.default\">\n\t\t\t\t<div class=\"elementor-widget-container\">\n\t\t\t\t\t<div class=\"jet-listing jet-listing-dynamic-terms\"><\/div>\t\t\t\t<\/div>\n\t\t\t\t<\/div>\n\t\t\t\t<\/div>\n\t\t\t\t<div class=\"elementor-element elementor-element-5da76cd elementor-widget elementor-widget-jet-listing-dynamic-field\" data-id=\"5da76cd\" data-element_type=\"widget\" data-widget_type=\"jet-listing-dynamic-field.default\">\n\t\t\t\t<div class=\"elementor-widget-container\">\n\t\t\t\t\t<div class=\"jet-listing jet-listing-dynamic-field display-inline\"><div class=\"jet-listing-dynamic-field__inline-wrap\"><h5 class=\"jet-listing-dynamic-field__content\">FIEMG lamenta avan\u00e7o de proposta de mudan\u00e7a da jornada de trabalho na CCJ e defende vota\u00e7\u00e3o apenas ap\u00f3s as elei\u00e7\u00f5es<\/h5><\/div><\/div>\t\t\t\t<\/div>\n\t\t\t\t<\/div>\n\t\t\t\t<div class=\"elementor-element elementor-element-33de955 elementor-widget elementor-widget-text-editor\" data-id=\"33de955\" data-element_type=\"widget\" data-widget_type=\"text-editor.default\">\n\t\t\t\t<div class=\"elementor-widget-container\">\n\t\t\t\t\t\t\t\t\t<p>Entidade alerta para car\u00e1ter eleitoreiro da medida, riscos ao emprego e ao PIB, e refor\u00e7a a negocia\u00e7\u00e3o coletiva como \u00fanico caminho respons\u00e1vel<\/p>\n\t\t\t\t\t\t\t\t<\/div>\n\t\t\t\t<\/div>\n\t\t\t\t\t<\/div>\n\t\t\t\t<\/div>\n\t\t<div class=\"has_ae_slider elementor-element elementor-element-c7f2ba6 e-flex e-con-boxed ae-bg-gallery-type-default e-con e-parent\" data-id=\"c7f2ba6\" data-element_type=\"container\" data-settings=\"{&quot;jet_parallax_layout_list&quot;:[]}\">\n\t\t\t\t\t<div class=\"e-con-inner\">\n\t\t\t\t\t<\/div>\n\t\t\t\t<\/div>\n\t\t\t\t<\/div>\n\t\t<a href=\"https:\/\/www.fiemg.com.br\/sala-de-imprensa\/noticias\/fiemg-lamenta-avanco-de-proposta-de-mudanca-da-jornada-de-trabalho-na-ccj-e-defende-votacao-apenas-apos-as-eleicoes\/\" class=\"jet-engine-listing-overlay-link\"><\/a><\/div><\/div><div class=\"jet-listing-grid__item jet-listing-dynamic-post-870\" data-post-id=\"870\"  ><div class=\"jet-engine-listing-overlay-wrap\" data-url=\"https:\/\/www.fiemg.com.br\/sala-de-imprensa\/noticias\/fiemg-critica-fim-da-escala-6x1-e-destaca-impacto-no-pib-e-no-emprego\/\">\t\t<div data-elementor-type=\"jet-listing-items\" data-elementor-id=\"63\" class=\"elementor elementor-63\" data-elementor-post-type=\"jet-engine\">\n\t\t\t\t<div class=\"has_ae_slider elementor-element elementor-element-c7ff8d9 e-flex e-con-boxed ae-bg-gallery-type-default e-con e-parent\" data-id=\"c7ff8d9\" data-element_type=\"container\" data-settings=\"{&quot;jet_parallax_layout_list&quot;:[]}\">\n\t\t\t\t\t<div class=\"e-con-inner\">\n\t\t<div class=\"has_ae_slider elementor-element elementor-element-7507e1b e-con-full e-flex ae-bg-gallery-type-default e-con e-child\" data-id=\"7507e1b\" data-element_type=\"container\" data-settings=\"{&quot;jet_parallax_layout_list&quot;:[]}\">\n\t\t\t\t<div class=\"elementor-element elementor-element-fa55a02 elementor-widget elementor-widget-jet-listing-dynamic-meta\" data-id=\"fa55a02\" data-element_type=\"widget\" data-widget_type=\"jet-listing-dynamic-meta.default\">\n\t\t\t\t<div class=\"elementor-widget-container\">\n\t\t\t\t\t<div class=\"jet-listing jet-listing-dynamic-meta meta-layout-inline\"><div class=\"jet-listing-dynamic-meta__date jet-listing-dynamic-meta__item\"><span class=\"jet-listing-dynamic-meta__item-val\">15\/04\/2026<\/span><\/div><\/div>\t\t\t\t<\/div>\n\t\t\t\t<\/div>\n\t\t\t\t<div class=\"elementor-element elementor-element-2888666 elementor-widget elementor-widget-jet-listing-dynamic-terms\" data-id=\"2888666\" data-element_type=\"widget\" data-widget_type=\"jet-listing-dynamic-terms.default\">\n\t\t\t\t<div class=\"elementor-widget-container\">\n\t\t\t\t\t<div class=\"jet-listing jet-listing-dynamic-terms\"><\/div>\t\t\t\t<\/div>\n\t\t\t\t<\/div>\n\t\t\t\t<\/div>\n\t\t\t\t<div class=\"elementor-element elementor-element-5da76cd elementor-widget elementor-widget-jet-listing-dynamic-field\" data-id=\"5da76cd\" data-element_type=\"widget\" data-widget_type=\"jet-listing-dynamic-field.default\">\n\t\t\t\t<div class=\"elementor-widget-container\">\n\t\t\t\t\t<div class=\"jet-listing jet-listing-dynamic-field display-inline\"><div class=\"jet-listing-dynamic-field__inline-wrap\"><h5 class=\"jet-listing-dynamic-field__content\">FIEMG critica fim da escala 6x1 e destaca impacto no PIB e no emprego<\/h5><\/div><\/div>\t\t\t\t<\/div>\n\t\t\t\t<\/div>\n\t\t\t\t<div class=\"elementor-element elementor-element-33de955 elementor-widget elementor-widget-text-editor\" data-id=\"33de955\" data-element_type=\"widget\" data-widget_type=\"text-editor.default\">\n\t\t\t\t<div class=\"elementor-widget-container\">\n\t\t\t\t\t\t\t\t\t<p>Entidade refor\u00e7a que a redu\u00e7\u00e3o da jornada de trabalho proposta no novo PL trar\u00e1 danos irrepar\u00e1veis \u00e0 economia e defende negocia\u00e7\u00e3o coletiva como solu\u00e7\u00e3o<\/p>\n\t\t\t\t\t\t\t\t<\/div>\n\t\t\t\t<\/div>\n\t\t\t\t\t<\/div>\n\t\t\t\t<\/div>\n\t\t<div class=\"has_ae_slider elementor-element elementor-element-c7f2ba6 e-flex e-con-boxed ae-bg-gallery-type-default e-con e-parent\" data-id=\"c7f2ba6\" data-element_type=\"container\" data-settings=\"{&quot;jet_parallax_layout_list&quot;:[]}\">\n\t\t\t\t\t<div class=\"e-con-inner\">\n\t\t\t\t\t<\/div>\n\t\t\t\t<\/div>\n\t\t\t\t<\/div>\n\t\t<a href=\"https:\/\/www.fiemg.com.br\/sala-de-imprensa\/noticias\/fiemg-critica-fim-da-escala-6x1-e-destaca-impacto-no-pib-e-no-emprego\/\" class=\"jet-engine-listing-overlay-link\"><\/a><\/div><\/div><\/div><\/div>\t\t\t\t<\/div>\n\t\t\t\t<\/div>\n\t\t\t\t<\/div>\n\t\t\t\t\t<\/div>\n\t\t\t\t<\/div>\n\t\t\t\t<\/div>\n\t\t","protected":false},"excerpt":{"rendered":"<p>Releases e notas oficiais 06\/01\/2025 Desenvolvimento Industrial FIEMG Jovem divulga selecionados para 2025 27\/12\/2024 Desenvolvimento Industrial Cria\u00e7\u00e3o de empregos formais no Brasil fica abaixo do esperado em novembro 26\/12\/2024 Desenvolvimento Industrial CIT SENAI e St George iniciam projeto com foco em economia circular e sustentabilidade\u00a0 26\/12\/2024 Associativismo Redu\u00e7\u00e3o de fontes de energia el\u00e9trica renov\u00e1vel impacta [&hellip;]<\/p>\n","protected":false},"author":2,"featured_media":0,"parent":0,"menu_order":0,"comment_status":"closed","ping_status":"closed","template":"","meta":{"footnotes":""},"class_list":["post-69","page","type-page","status-publish","hentry"],"acf":[],"yoast_head":"<!-- This site is optimized with the Yoast SEO plugin v26.2 - https:\/\/yoast.com\/wordpress\/plugins\/seo\/ -->\n<title>Releases - Sala de imprensa<\/title>\n<meta name=\"robots\" content=\"index, follow, max-snippet:-1, max-image-preview:large, max-video-preview:-1\" \/>\n<link rel=\"canonical\" href=\"https:\/\/www.fiemg.com.br\/sala-de-imprensa\/releases\/\" \/>\n<meta property=\"og:locale\" content=\"pt_BR\" \/>\n<meta property=\"og:type\" content=\"article\" \/>\n<meta property=\"og:title\" content=\"Releases - Sala de imprensa\" \/>\n<meta property=\"og:description\" content=\"Releases e notas oficiais 06\/01\/2025 Desenvolvimento Industrial FIEMG Jovem divulga selecionados para 2025 27\/12\/2024 Desenvolvimento Industrial Cria\u00e7\u00e3o de empregos formais no Brasil fica abaixo do esperado em novembro 26\/12\/2024 Desenvolvimento Industrial CIT SENAI e St George iniciam projeto com foco em economia circular e sustentabilidade\u00a0 26\/12\/2024 Associativismo Redu\u00e7\u00e3o de fontes de energia el\u00e9trica renov\u00e1vel impacta [&hellip;]\" \/>\n<meta property=\"og:url\" content=\"https:\/\/www.fiemg.com.br\/sala-de-imprensa\/releases\/\" \/>\n<meta property=\"og:site_name\" content=\"Sala de imprensa\" \/>\n<meta property=\"article:modified_time\" content=\"2025-02-11T14:29:26+00:00\" \/>\n<meta name=\"twitter:card\" content=\"summary_large_image\" \/>\n<meta name=\"twitter:label1\" content=\"Est. tempo de leitura\" \/>\n\t<meta name=\"twitter:data1\" content=\"1 minuto\" \/>\n<script type=\"application\/ld+json\" class=\"yoast-schema-graph\">{\"@context\":\"https:\/\/schema.org\",\"@graph\":[{\"@type\":\"WebPage\",\"@id\":\"https:\/\/www.fiemg.com.br\/sala-de-imprensa\/releases\/\",\"url\":\"https:\/\/www.fiemg.com.br\/sala-de-imprensa\/releases\/\",\"name\":\"Releases - Sala de imprensa\",\"isPartOf\":{\"@id\":\"https:\/\/www.fiemg.com.br\/sala-de-imprensa\/#website\"},\"datePublished\":\"2025-01-16T20:19:50+00:00\",\"dateModified\":\"2025-02-11T14:29:26+00:00\",\"breadcrumb\":{\"@id\":\"https:\/\/www.fiemg.com.br\/sala-de-imprensa\/releases\/#breadcrumb\"},\"inLanguage\":\"pt-BR\",\"potentialAction\":[{\"@type\":\"ReadAction\",\"target\":[\"https:\/\/www.fiemg.com.br\/sala-de-imprensa\/releases\/\"]}]},{\"@type\":\"BreadcrumbList\",\"@id\":\"https:\/\/www.fiemg.com.br\/sala-de-imprensa\/releases\/#breadcrumb\",\"itemListElement\":[{\"@type\":\"ListItem\",\"position\":1,\"name\":\"In\u00edcio\",\"item\":\"https:\/\/www.fiemg.com.br\/sala-de-imprensa\/\"},{\"@type\":\"ListItem\",\"position\":2,\"name\":\"Releases\"}]},{\"@type\":\"WebSite\",\"@id\":\"https:\/\/www.fiemg.com.br\/sala-de-imprensa\/#website\",\"url\":\"https:\/\/www.fiemg.com.br\/sala-de-imprensa\/\",\"name\":\"Sala de imprensa\",\"description\":\"\",\"publisher\":{\"@id\":\"https:\/\/www.fiemg.com.br\/sala-de-imprensa\/#organization\"},\"potentialAction\":[{\"@type\":\"SearchAction\",\"target\":{\"@type\":\"EntryPoint\",\"urlTemplate\":\"https:\/\/www.fiemg.com.br\/sala-de-imprensa\/?s={search_term_string}\"},\"query-input\":{\"@type\":\"PropertyValueSpecification\",\"valueRequired\":true,\"valueName\":\"search_term_string\"}}],\"inLanguage\":\"pt-BR\"},{\"@type\":\"Organization\",\"@id\":\"https:\/\/www.fiemg.com.br\/sala-de-imprensa\/#organization\",\"name\":\"Sala de imprensa\",\"url\":\"https:\/\/www.fiemg.com.br\/sala-de-imprensa\/\",\"logo\":{\"@type\":\"ImageObject\",\"inLanguage\":\"pt-BR\",\"@id\":\"https:\/\/www.fiemg.com.br\/sala-de-imprensa\/#\/schema\/logo\/image\/\",\"url\":\"https:\/\/www.fiemg.com.br\/sala-de-imprensa\/wp-content\/uploads\/sites\/31\/2025\/01\/Sistema-Fiemg_1.svg\",\"contentUrl\":\"https:\/\/www.fiemg.com.br\/sala-de-imprensa\/wp-content\/uploads\/sites\/31\/2025\/01\/Sistema-Fiemg_1.svg\",\"width\":472.89,\"height\":238.13,\"caption\":\"Sala de imprensa\"},\"image\":{\"@id\":\"https:\/\/www.fiemg.com.br\/sala-de-imprensa\/#\/schema\/logo\/image\/\"}}]}<\/script>\n<!-- \/ Yoast SEO plugin. -->","yoast_head_json":{"title":"Releases - Sala de imprensa","robots":{"index":"index","follow":"follow","max-snippet":"max-snippet:-1","max-image-preview":"max-image-preview:large","max-video-preview":"max-video-preview:-1"},"canonical":"https:\/\/www.fiemg.com.br\/sala-de-imprensa\/releases\/","og_locale":"pt_BR","og_type":"article","og_title":"Releases - Sala de imprensa","og_description":"Releases e notas oficiais 06\/01\/2025 Desenvolvimento Industrial FIEMG Jovem divulga selecionados para 2025 27\/12\/2024 Desenvolvimento Industrial Cria\u00e7\u00e3o de empregos formais no Brasil fica abaixo do esperado em novembro 26\/12\/2024 Desenvolvimento Industrial CIT SENAI e St George iniciam projeto com foco em economia circular e sustentabilidade\u00a0 26\/12\/2024 Associativismo Redu\u00e7\u00e3o de fontes de energia el\u00e9trica renov\u00e1vel impacta [&hellip;]","og_url":"https:\/\/www.fiemg.com.br\/sala-de-imprensa\/releases\/","og_site_name":"Sala de imprensa","article_modified_time":"2025-02-11T14:29:26+00:00","twitter_card":"summary_large_image","twitter_misc":{"Est. tempo de leitura":"1 minuto"},"schema":{"@context":"https:\/\/schema.org","@graph":[{"@type":"WebPage","@id":"https:\/\/www.fiemg.com.br\/sala-de-imprensa\/releases\/","url":"https:\/\/www.fiemg.com.br\/sala-de-imprensa\/releases\/","name":"Releases - Sala de imprensa","isPartOf":{"@id":"https:\/\/www.fiemg.com.br\/sala-de-imprensa\/#website"},"datePublished":"2025-01-16T20:19:50+00:00","dateModified":"2025-02-11T14:29:26+00:00","breadcrumb":{"@id":"https:\/\/www.fiemg.com.br\/sala-de-imprensa\/releases\/#breadcrumb"},"inLanguage":"pt-BR","potentialAction":[{"@type":"ReadAction","target":["https:\/\/www.fiemg.com.br\/sala-de-imprensa\/releases\/"]}]},{"@type":"BreadcrumbList","@id":"https:\/\/www.fiemg.com.br\/sala-de-imprensa\/releases\/#breadcrumb","itemListElement":[{"@type":"ListItem","position":1,"name":"In\u00edcio","item":"https:\/\/www.fiemg.com.br\/sala-de-imprensa\/"},{"@type":"ListItem","position":2,"name":"Releases"}]},{"@type":"WebSite","@id":"https:\/\/www.fiemg.com.br\/sala-de-imprensa\/#website","url":"https:\/\/www.fiemg.com.br\/sala-de-imprensa\/","name":"Sala de imprensa","description":"","publisher":{"@id":"https:\/\/www.fiemg.com.br\/sala-de-imprensa\/#organization"},"potentialAction":[{"@type":"SearchAction","target":{"@type":"EntryPoint","urlTemplate":"https:\/\/www.fiemg.com.br\/sala-de-imprensa\/?s={search_term_string}"},"query-input":{"@type":"PropertyValueSpecification","valueRequired":true,"valueName":"search_term_string"}}],"inLanguage":"pt-BR"},{"@type":"Organization","@id":"https:\/\/www.fiemg.com.br\/sala-de-imprensa\/#organization","name":"Sala de imprensa","url":"https:\/\/www.fiemg.com.br\/sala-de-imprensa\/","logo":{"@type":"ImageObject","inLanguage":"pt-BR","@id":"https:\/\/www.fiemg.com.br\/sala-de-imprensa\/#\/schema\/logo\/image\/","url":"https:\/\/www.fiemg.com.br\/sala-de-imprensa\/wp-content\/uploads\/sites\/31\/2025\/01\/Sistema-Fiemg_1.svg","contentUrl":"https:\/\/www.fiemg.com.br\/sala-de-imprensa\/wp-content\/uploads\/sites\/31\/2025\/01\/Sistema-Fiemg_1.svg","width":472.89,"height":238.13,"caption":"Sala de imprensa"},"image":{"@id":"https:\/\/www.fiemg.com.br\/sala-de-imprensa\/#\/schema\/logo\/image\/"}}]}},"_links":{"self":[{"href":"https:\/\/www.fiemg.com.br\/sala-de-imprensa\/wp-json\/wp\/v2\/pages\/69","targetHints":{"allow":["GET"]}}],"collection":[{"href":"https:\/\/www.fiemg.com.br\/sala-de-imprensa\/wp-json\/wp\/v2\/pages"}],"about":[{"href":"https:\/\/www.fiemg.com.br\/sala-de-imprensa\/wp-json\/wp\/v2\/types\/page"}],"author":[{"embeddable":true,"href":"https:\/\/www.fiemg.com.br\/sala-de-imprensa\/wp-json\/wp\/v2\/users\/2"}],"replies":[{"embeddable":true,"href":"https:\/\/www.fiemg.com.br\/sala-de-imprensa\/wp-json\/wp\/v2\/comments?post=69"}],"version-history":[{"count":0,"href":"https:\/\/www.fiemg.com.br\/sala-de-imprensa\/wp-json\/wp\/v2\/pages\/69\/revisions"}],"wp:attachment":[{"href":"https:\/\/www.fiemg.com.br\/sala-de-imprensa\/wp-json\/wp\/v2\/media?parent=69"}],"curies":[{"name":"wp","href":"https:\/\/api.w.org\/{rel}","templated":true}]}}