{"id":2777,"date":"2023-04-27T18:21:19","date_gmt":"2023-04-27T21:21:19","guid":{"rendered":"https:\/\/www.fiemg.com.br\/senai\/area-de-interesse\/educacao\/rede-sesi-de-virtudes\/"},"modified":"2024-08-29T18:24:16","modified_gmt":"2024-08-29T21:24:16","slug":"rede-sesi-de-virtudes","status":"publish","type":"area-de-interesse","link":"https:\/\/www.fiemg.com.br\/senai\/area-de-interesse\/educacao\/rede-sesi-de-virtudes\/","title":{"rendered":"Rede SESI de Virtudes"},"content":{"rendered":"<p>\/*! elementor &#8211; v3.23.0 &#8211; 25-07-2024 *\/<br \/>\n.elementor-widget-image{text-align:center}.elementor-widget-image a{display:inline-block}.elementor-widget-image a img[src$=&#8221;.svg&#8221;]{width:48px}.elementor-widget-image img{vertical-align:middle;display:inline-block}\t\t\t\t\t\t\t\t\t\t<img fetchpriority=\"high\" decoding=\"async\" width=\"1920\" height=\"310\" src=\"https:\/\/www.fiemg.com.br\/wp-content\/uploads\/2023\/04\/SI-001224E_SESI_VIRTOONS_gigabanner.png\" alt=\"acolher o presente, cuidar do futuro. Com as escolas sesi, voc\u00ea faz o futuro.\" \/>\t\t\t\t\t\t\t\t\t\t\t\t\t<\/p>\n<p>Quem tem aprendizado de virtudes na inf\u00e2ncia, tem futuro. A\u00a0Rede SESI de Virtudes, \u00e9 um programa das\u00a0<a style=\"background-color: #ffffff\" href=\"https:\/\/www.fiemg.com.br\/sesi\/area-de-interesse\/area\/educacao\" target=\"_blank\" rel=\"noopener\">Escolas SESI<\/a>\u00a0para preven\u00e7\u00e3o do\u00a0<em>bullying,<\/em>\u00a0por meio da interioriza\u00e7\u00e3o de valores pelos alunos das escolas. O programa\u00a0leva a reflex\u00e3o e a pr\u00e1tica do bem para o dia a dia das escolas. Nosso compromisso \u00e9 formar cidad\u00e3os mais conscientes para a sociedade e o mercado de trabalho. Por isso, acreditamos que as virtudes devem ser praticadas desde cedo para se incorporarem \u00e0 personalidade de cada indiv\u00edduo. Da mesma forma que o aluno aprende matem\u00e1tica, f\u00edsica, hist\u00f3ria ou portugu\u00eas, ele tamb\u00e9m pode\u00a0aprender solidariedade, respeito, paci\u00eancia\u2026 enfim, valores e virtudes!<\/p>\n<p>\u00a0<\/p>\n<h2 style=\"font-family: 'Noto Sans', sans-serif;color: #434343\">As Virtudes<\/h2>\n<p>Foram criados\u00a014 personagens\u00a0inspirados na s\u00e9rie Pok\u00e9mon, estilizados como na linguagem dos\u00a0<em>mang\u00e1s<\/em>\u00a0e\u00a0<em>animes<\/em>\u00a0(hist\u00f3rias em quadrinhos e desenhos animados japoneses) para se\u00a0aproximar ao m\u00e1ximo do universo infanto-juvenil.<\/p>\n<p>Cada um representa uma virtude. Esses personagens s\u00e3o inseridos no conv\u00edvio escolar dos alunos por meio de din\u00e2micas de reflex\u00f5es coletivas, buscando trabalhar cada atributo pela pr\u00f3pria viv\u00eancia dos estudantes.<\/p>\n<ul style=\"font-size: 16px;background-color: #ffffff\">\n<li style=\"font-size: 16px\">Paci\u00eancia<\/li>\n<li style=\"font-size: 16px\">Respeito<\/li>\n<li style=\"font-size: 16px\">Solidariedade<\/li>\n<li style=\"font-size: 16px\">Perseveran\u00e7a<\/li>\n<li style=\"font-size: 16px\">Justi\u00e7a<\/li>\n<li style=\"font-size: 16px\">Honestidade<\/li>\n<li style=\"font-size: 16px\">Compaix\u00e3o<\/li>\n<li style=\"font-size: 16px\">Gratid\u00e3o<\/li>\n<li style=\"font-size: 16px\">Generosidade<\/li>\n<li style=\"font-size: 16px\">Toler\u00e2ncia<\/li>\n<li style=\"font-size: 16px\">Gentileza<\/li>\n<li style=\"font-size: 16px\">Lealdade<\/li>\n<li style=\"font-size: 16px\">Humildade<\/li>\n<li style=\"font-size: 16px\">Responsabilidade on-line<\/li>\n<\/ul>\n<p>Cada escola tem liberdade para desenvolver as atividades de acordo com a viv\u00eancia de seus alunos. A escola pode agendar visitas em comunidades carentes, como forma de refletir sobre a\u00a0solidariedade, ou uma pr\u00e1tica de\u00a0<em>Tai Chi Chuan<\/em>\u00a0para exercitar a\u00a0paci\u00eancia, por exemplo. O mais importante \u00e9 mostrar para as crian\u00e7as como as virtudes podem, e devem, ser aplicadas no dia a dia.<\/p>\n<p>\t\t\t.elementor-image-gallery .gallery-item{display:inline-block;text-align:center;vertical-align:top;width:100%;max-width:100%;margin:0 auto}.elementor-image-gallery .gallery-item img{margin:0 auto}.elementor-image-gallery .gallery-item .gallery-caption{margin:0}.elementor-image-gallery figure img{display:block}.elementor-image-gallery figure figcaption{width:100%}.gallery-spacing-custom .elementor-image-gallery .gallery-icon{padding:0}@media (min-width:768px){.elementor-image-gallery .gallery-columns-2 .gallery-item{max-width:50%}.elementor-image-gallery .gallery-columns-3 .gallery-item{max-width:33.33%}.elementor-image-gallery .gallery-columns-4 .gallery-item{max-width:25%}.elementor-image-gallery .gallery-columns-5 .gallery-item{max-width:20%}.elementor-image-gallery .gallery-columns-6 .gallery-item{max-width:16.666%}.elementor-image-gallery .gallery-columns-7 .gallery-item{max-width:14.28%}.elementor-image-gallery .gallery-columns-8 .gallery-item{max-width:12.5%}.elementor-image-gallery .gallery-columns-9 .gallery-item{max-width:11.11%}.elementor-image-gallery .gallery-columns-10 .gallery-item{max-width:10%}}@media (min-width:480px) and (max-width:767px){.elementor-image-gallery .gallery.gallery-columns-2 .gallery-item,.elementor-image-gallery .gallery.gallery-columns-3 .gallery-item,.elementor-image-gallery .gallery.gallery-columns-4 .gallery-item,.elementor-image-gallery .gallery.gallery-columns-5 .gallery-item,.elementor-image-gallery .gallery.gallery-columns-6 .gallery-item,.elementor-image-gallery .gallery.gallery-columns-7 .gallery-item,.elementor-image-gallery .gallery.gallery-columns-8 .gallery-item,.elementor-image-gallery .gallery.gallery-columns-9 .gallery-item,.elementor-image-gallery .gallery.gallery-columns-10 .gallery-item{max-width:50%}}@media (max-width:479px){.elementor-image-gallery .gallery.gallery-columns-2 .gallery-item,.elementor-image-gallery .gallery.gallery-columns-3 .gallery-item,.elementor-image-gallery .gallery.gallery-columns-4 .gallery-item,.elementor-image-gallery .gallery.gallery-columns-5 .gallery-item,.elementor-image-gallery .gallery.gallery-columns-6 .gallery-item,.elementor-image-gallery .gallery.gallery-columns-7 .gallery-item,.elementor-image-gallery .gallery.gallery-columns-8 .gallery-item,.elementor-image-gallery .gallery.gallery-columns-9 .gallery-item,.elementor-image-gallery .gallery.gallery-columns-10 .gallery-item{max-width:100%}}\t\t<\/p>\n<figure class='gallery-item'>\n\t\t\t\t<a data-elementor-open-lightbox=\"no\" href='https:\/\/www.fiemg.com.br\/wp-content\/uploads\/2023\/04\/Compaixudo-01.png'><img decoding=\"async\" width=\"278\" height=\"300\" src=\"https:\/\/www.fiemg.com.br\/wp-content\/uploads\/2023\/04\/Compaixudo-01-278x300.png\" alt=\"\" aria-describedby=\"gallery-1-17988\" \/><\/a><figcaption class='wp-caption-text gallery-caption' id='gallery-1-17988'>\n\t\t\t\tCompaixudo<br \/>\n\t\t\t\t<\/figcaption><\/figure>\n<figure class='gallery-item'>\n\t\t\t\t<a data-elementor-open-lightbox=\"no\" href='https:\/\/www.fiemg.com.br\/wp-content\/uploads\/2023\/04\/Generosina-02.png'><img decoding=\"async\" width=\"273\" height=\"300\" src=\"https:\/\/www.fiemg.com.br\/wp-content\/uploads\/2023\/04\/Generosina-02-273x300.png\" alt=\"\" aria-describedby=\"gallery-1-17989\" \/><\/a><figcaption class='wp-caption-text gallery-caption' id='gallery-1-17989'>\n\t\t\t\tGenerosina<br \/>\n\t\t\t\t<\/figcaption><\/figure>\n<figure class='gallery-item'>\n\t\t\t\t<a data-elementor-open-lightbox=\"no\" href='https:\/\/www.fiemg.com.br\/wp-content\/uploads\/2023\/04\/Gentilene-02.png'><img loading=\"lazy\" decoding=\"async\" width=\"193\" height=\"300\" src=\"https:\/\/www.fiemg.com.br\/wp-content\/uploads\/2023\/04\/Gentilene-02-193x300.png\" alt=\"\" aria-describedby=\"gallery-1-17990\" \/><\/a><figcaption class='wp-caption-text gallery-caption' id='gallery-1-17990'>\n\t\t\t\tGentilene<br \/>\n\t\t\t\t<\/figcaption><\/figure>\n<figure class='gallery-item'>\n\t\t\t\t<a data-elementor-open-lightbox=\"no\" href='https:\/\/www.fiemg.com.br\/wp-content\/uploads\/2023\/04\/Gratidoso-02.png'><img loading=\"lazy\" decoding=\"async\" width=\"263\" height=\"300\" src=\"https:\/\/www.fiemg.com.br\/wp-content\/uploads\/2023\/04\/Gratidoso-02-263x300.png\" alt=\"\" aria-describedby=\"gallery-1-17991\" \/><\/a><figcaption class='wp-caption-text gallery-caption' id='gallery-1-17991'>\n\t\t\t\tGratidoso<br \/>\n\t\t\t\t<\/figcaption><\/figure>\n<figure class='gallery-item'>\n\t\t\t\t<a data-elementor-open-lightbox=\"no\" href='https:\/\/www.fiemg.com.br\/wp-content\/uploads\/2023\/04\/Honesticia-02.png'><img loading=\"lazy\" decoding=\"async\" width=\"300\" height=\"264\" src=\"https:\/\/www.fiemg.com.br\/wp-content\/uploads\/2023\/04\/Honesticia-02-300x264.png\" alt=\"\" aria-describedby=\"gallery-1-17992\" \/><\/a><figcaption class='wp-caption-text gallery-caption' id='gallery-1-17992'>\n\t\t\t\tHonest\u00edcia<br \/>\n\t\t\t\t<\/figcaption><\/figure>\n<figure class='gallery-item'>\n\t\t\t\t<a data-elementor-open-lightbox=\"no\" href='https:\/\/www.fiemg.com.br\/wp-content\/uploads\/2023\/04\/Humildoso-02.png'><img loading=\"lazy\" decoding=\"async\" width=\"280\" height=\"300\" src=\"https:\/\/www.fiemg.com.br\/wp-content\/uploads\/2023\/04\/Humildoso-02-280x300.png\" alt=\"\" aria-describedby=\"gallery-1-17993\" \/><\/a><figcaption class='wp-caption-text gallery-caption' id='gallery-1-17993'>\n\t\t\t\tHumildoso<br \/>\n\t\t\t\t<\/figcaption><\/figure>\n<figure class='gallery-item'>\n\t\t\t\t<a data-elementor-open-lightbox=\"no\" href='https:\/\/www.fiemg.com.br\/wp-content\/uploads\/2023\/04\/Justissauro-01.png'><img loading=\"lazy\" decoding=\"async\" width=\"193\" height=\"300\" src=\"https:\/\/www.fiemg.com.br\/wp-content\/uploads\/2023\/04\/Justissauro-01-193x300.png\" alt=\"\" aria-describedby=\"gallery-1-17994\" \/><\/a><figcaption class='wp-caption-text gallery-caption' id='gallery-1-17994'>\n\t\t\t\tJustissauro<br \/>\n\t\t\t\t<\/figcaption><\/figure>\n<figure class='gallery-item'>\n\t\t\t\t<a data-elementor-open-lightbox=\"no\" href='https:\/\/www.fiemg.com.br\/wp-content\/uploads\/2023\/04\/Lealdina-02.png'><img loading=\"lazy\" decoding=\"async\" width=\"226\" height=\"300\" src=\"https:\/\/www.fiemg.com.br\/wp-content\/uploads\/2023\/04\/Lealdina-02-226x300.png\" alt=\"\" aria-describedby=\"gallery-1-17995\" \/><\/a><figcaption class='wp-caption-text gallery-caption' id='gallery-1-17995'>\n\t\t\t\tLealdina<br \/>\n\t\t\t\t<\/figcaption><\/figure>\n<figure class='gallery-item'>\n\t\t\t\t<a data-elementor-open-lightbox=\"no\" href='https:\/\/www.fiemg.com.br\/wp-content\/uploads\/2023\/04\/Paciencio-02.png'><img loading=\"lazy\" decoding=\"async\" width=\"260\" height=\"300\" src=\"https:\/\/www.fiemg.com.br\/wp-content\/uploads\/2023\/04\/Paciencio-02-260x300.png\" alt=\"\" aria-describedby=\"gallery-1-17996\" \/><\/a><figcaption class='wp-caption-text gallery-caption' id='gallery-1-17996'>\n\t\t\t\tPaci\u00eancio<br \/>\n\t\t\t\t<\/figcaption><\/figure>\n<figure class='gallery-item'>\n\t\t\t\t<a data-elementor-open-lightbox=\"no\" href='https:\/\/www.fiemg.com.br\/wp-content\/uploads\/2023\/04\/Perseveroso-01.png'><img loading=\"lazy\" decoding=\"async\" width=\"216\" height=\"300\" src=\"https:\/\/www.fiemg.com.br\/wp-content\/uploads\/2023\/04\/Perseveroso-01-216x300.png\" alt=\"\" aria-describedby=\"gallery-1-17997\" \/><\/a><figcaption class='wp-caption-text gallery-caption' id='gallery-1-17997'>\n\t\t\t\tPerseveroso<br \/>\n\t\t\t\t<\/figcaption><\/figure>\n<figure class='gallery-item'>\n\t\t\t\t<a data-elementor-open-lightbox=\"no\" href='https:\/\/www.fiemg.com.br\/wp-content\/uploads\/2023\/04\/Respeitor-01.png'><img loading=\"lazy\" decoding=\"async\" width=\"295\" height=\"300\" src=\"https:\/\/www.fiemg.com.br\/wp-content\/uploads\/2023\/04\/Respeitor-01-295x300.png\" alt=\"\" aria-describedby=\"gallery-1-17998\" \/><\/a><figcaption class='wp-caption-text gallery-caption' id='gallery-1-17998'>\n\t\t\t\tRespeitor<br \/>\n\t\t\t\t<\/figcaption><\/figure>\n<figure class='gallery-item'>\n\t\t\t\t<a data-elementor-open-lightbox=\"no\" href='https:\/\/www.fiemg.com.br\/wp-content\/uploads\/2023\/04\/Segurido-02.png'><img loading=\"lazy\" decoding=\"async\" width=\"220\" height=\"300\" src=\"https:\/\/www.fiemg.com.br\/wp-content\/uploads\/2023\/04\/Segurido-02-220x300.png\" alt=\"\" aria-describedby=\"gallery-1-17999\" \/><\/a><figcaption class='wp-caption-text gallery-caption' id='gallery-1-17999'>\n\t\t\t\tSegurido<br \/>\n\t\t\t\t<\/figcaption><\/figure>\n<figure class='gallery-item'>\n\t\t\t\t<a data-elementor-open-lightbox=\"no\" href='https:\/\/www.fiemg.com.br\/wp-content\/uploads\/2023\/04\/Solidari-01.png'><img loading=\"lazy\" decoding=\"async\" width=\"244\" height=\"300\" src=\"https:\/\/www.fiemg.com.br\/wp-content\/uploads\/2023\/04\/Solidari-01-244x300.png\" alt=\"\" aria-describedby=\"gallery-1-18000\" \/><\/a><figcaption class='wp-caption-text gallery-caption' id='gallery-1-18000'>\n\t\t\t\tSolidari<br \/>\n\t\t\t\t<\/figcaption><\/figure>\n<figure class='gallery-item'>\n\t\t\t\t<a data-elementor-open-lightbox=\"no\" href='https:\/\/www.fiemg.com.br\/wp-content\/uploads\/2023\/04\/Tolerany-01.png'><img loading=\"lazy\" decoding=\"async\" width=\"292\" height=\"300\" src=\"https:\/\/www.fiemg.com.br\/wp-content\/uploads\/2023\/04\/Tolerany-01-292x300.png\" alt=\"\" aria-describedby=\"gallery-1-18001\" \/><\/a><figcaption class='wp-caption-text gallery-caption' id='gallery-1-18001'>\n\t\t\t\tTolerany<br \/>\n\t\t\t\t<\/figcaption><\/figure>\n<header>\n<h2>Programa Premiado<\/h2>\n<p>\u00a0<\/p>\n<\/header>\n<p>A Rede SESI de Virtudes ganhou o\u00a01\u00ba lugar no\u00a0Pr\u00eamio Educa\u00e7\u00e3o para Gentileza e Generosidade 2021.<br \/>A premia\u00e7\u00e3o busca incentivar e reconhecer atitudes generosas e solid\u00e1rias em institui\u00e7\u00f5es de ensino de todo o territ\u00f3rio nacional.<br \/>Ao todo, foram 3 mil inscri\u00e7\u00f5es de escolas do Brasil.<\/p>\n<p>\u00a0<\/p>\n<p>Com a Escola SESI, voc\u00ea faz o futuro.<\/p>\n","protected":false},"featured_media":2123,"parent":1290,"menu_order":161,"template":"","categories":[14,1],"tags":[],"categoria_areas_de_interesse":[],"class_list":["post-2777","area-de-interesse","type-area-de-interesse","status-publish","has-post-thumbnail","hentry","category-noticias","category-uncategorized"],"acf":[],"yoast_head":"<!-- This site is optimized with the Yoast SEO plugin v26.2 - https:\/\/yoast.com\/wordpress\/plugins\/seo\/ -->\n<title>Rede SESI de Virtudes - SENAI<\/title>\n<meta name=\"robots\" content=\"index, follow, max-snippet:-1, max-image-preview:large, max-video-preview:-1\" \/>\n<link rel=\"canonical\" href=\"https:\/\/www.fiemg.com.br\/senai\/area-de-interesse\/educacao\/rede-sesi-de-virtudes\/\" \/>\n<meta property=\"og:locale\" content=\"pt_BR\" \/>\n<meta property=\"og:type\" content=\"article\" \/>\n<meta property=\"og:title\" content=\"Rede SESI de Virtudes - SENAI\" \/>\n<meta property=\"og:description\" content=\"\/*! elementor &#8211; v3.23.0 &#8211; 25-07-2024 *\/ .elementor-widget-image{text-align:center}.elementor-widget-image a{display:inline-block}.elementor-widget-image a img[src$=&#8221;.svg&#8221;]{width:48px}.elementor-widget-image img{vertical-align:middle;display:inline-block} Quem tem aprendizado de virtudes na inf\u00e2ncia, tem futuro. A\u00a0Rede SESI de Virtudes, \u00e9 um programa das\u00a0Escolas SESI\u00a0para preven\u00e7\u00e3o do\u00a0bullying,\u00a0por meio da interioriza\u00e7\u00e3o de valores pelos alunos das escolas. O programa\u00a0leva a reflex\u00e3o e a pr\u00e1tica do bem para o dia a dia [&hellip;]\" \/>\n<meta property=\"og:url\" content=\"https:\/\/www.fiemg.com.br\/senai\/area-de-interesse\/educacao\/rede-sesi-de-virtudes\/\" \/>\n<meta property=\"og:site_name\" content=\"SENAI\" \/>\n<meta property=\"article:modified_time\" content=\"2024-08-29T21:24:16+00:00\" \/>\n<meta property=\"og:image\" content=\"https:\/\/www.fiemg.com.br\/senai\/wp-content\/uploads\/sites\/12\/2024\/07\/04078462c39fb6034ed52017e95b225a2d76fed6bfd9401876731d89c05ab50b-1-e1689275729897.jpg\" \/>\n\t<meta property=\"og:image:width\" content=\"312\" \/>\n\t<meta property=\"og:image:height\" content=\"239\" \/>\n\t<meta property=\"og:image:type\" content=\"image\/jpeg\" \/>\n<meta name=\"twitter:card\" content=\"summary_large_image\" \/>\n<script type=\"application\/ld+json\" class=\"yoast-schema-graph\">{\"@context\":\"https:\/\/schema.org\",\"@graph\":[{\"@type\":\"WebPage\",\"@id\":\"https:\/\/www.fiemg.com.br\/senai\/area-de-interesse\/educacao\/rede-sesi-de-virtudes\/\",\"url\":\"https:\/\/www.fiemg.com.br\/senai\/area-de-interesse\/educacao\/rede-sesi-de-virtudes\/\",\"name\":\"Rede SESI de Virtudes - SENAI\",\"isPartOf\":{\"@id\":\"https:\/\/www.fiemg.com.br\/senai\/#website\"},\"primaryImageOfPage\":{\"@id\":\"https:\/\/www.fiemg.com.br\/senai\/area-de-interesse\/educacao\/rede-sesi-de-virtudes\/#primaryimage\"},\"image\":{\"@id\":\"https:\/\/www.fiemg.com.br\/senai\/area-de-interesse\/educacao\/rede-sesi-de-virtudes\/#primaryimage\"},\"thumbnailUrl\":\"https:\/\/www.fiemg.com.br\/senai\/wp-content\/uploads\/sites\/12\/2023\/08\/default.png\",\"datePublished\":\"2023-04-27T21:21:19+00:00\",\"dateModified\":\"2024-08-29T21:24:16+00:00\",\"breadcrumb\":{\"@id\":\"https:\/\/www.fiemg.com.br\/senai\/area-de-interesse\/educacao\/rede-sesi-de-virtudes\/#breadcrumb\"},\"inLanguage\":\"pt-BR\",\"potentialAction\":[{\"@type\":\"ReadAction\",\"target\":[\"https:\/\/www.fiemg.com.br\/senai\/area-de-interesse\/educacao\/rede-sesi-de-virtudes\/\"]}]},{\"@type\":\"ImageObject\",\"inLanguage\":\"pt-BR\",\"@id\":\"https:\/\/www.fiemg.com.br\/senai\/area-de-interesse\/educacao\/rede-sesi-de-virtudes\/#primaryimage\",\"url\":\"https:\/\/www.fiemg.com.br\/senai\/wp-content\/uploads\/sites\/12\/2023\/08\/default.png\",\"contentUrl\":\"https:\/\/www.fiemg.com.br\/senai\/wp-content\/uploads\/sites\/12\/2023\/08\/default.png\",\"width\":300,\"height\":300},{\"@type\":\"BreadcrumbList\",\"@id\":\"https:\/\/www.fiemg.com.br\/senai\/area-de-interesse\/educacao\/rede-sesi-de-virtudes\/#breadcrumb\",\"itemListElement\":[{\"@type\":\"ListItem\",\"position\":1,\"name\":\"In\u00edcio\",\"item\":\"https:\/\/www.fiemg.com.br\/senai\/\"},{\"@type\":\"ListItem\",\"position\":2,\"name\":\"Educa\u00e7\u00e3o\",\"item\":\"https:\/\/www.fiemg.com.br\/senai\/area-de-interesse\/educacao\/\"},{\"@type\":\"ListItem\",\"position\":3,\"name\":\"Rede SESI de Virtudes\"}]},{\"@type\":\"WebSite\",\"@id\":\"https:\/\/www.fiemg.com.br\/senai\/#website\",\"url\":\"https:\/\/www.fiemg.com.br\/senai\/\",\"name\":\"SENAI\",\"description\":\"Federa\u00e7\u00e3o das Ind\u00fastrias do Estado de Minas Gerais\",\"potentialAction\":[{\"@type\":\"SearchAction\",\"target\":{\"@type\":\"EntryPoint\",\"urlTemplate\":\"https:\/\/www.fiemg.com.br\/senai\/?s={search_term_string}\"},\"query-input\":{\"@type\":\"PropertyValueSpecification\",\"valueRequired\":true,\"valueName\":\"search_term_string\"}}],\"inLanguage\":\"pt-BR\"}]}<\/script>\n<!-- \/ Yoast SEO plugin. -->","yoast_head_json":{"title":"Rede SESI de Virtudes - SENAI","robots":{"index":"index","follow":"follow","max-snippet":"max-snippet:-1","max-image-preview":"max-image-preview:large","max-video-preview":"max-video-preview:-1"},"canonical":"https:\/\/www.fiemg.com.br\/senai\/area-de-interesse\/educacao\/rede-sesi-de-virtudes\/","og_locale":"pt_BR","og_type":"article","og_title":"Rede SESI de Virtudes - SENAI","og_description":"\/*! elementor &#8211; v3.23.0 &#8211; 25-07-2024 *\/ .elementor-widget-image{text-align:center}.elementor-widget-image a{display:inline-block}.elementor-widget-image a img[src$=&#8221;.svg&#8221;]{width:48px}.elementor-widget-image img{vertical-align:middle;display:inline-block} Quem tem aprendizado de virtudes na inf\u00e2ncia, tem futuro. A\u00a0Rede SESI de Virtudes, \u00e9 um programa das\u00a0Escolas SESI\u00a0para preven\u00e7\u00e3o do\u00a0bullying,\u00a0por meio da interioriza\u00e7\u00e3o de valores pelos alunos das escolas. O programa\u00a0leva a reflex\u00e3o e a pr\u00e1tica do bem para o dia a dia [&hellip;]","og_url":"https:\/\/www.fiemg.com.br\/senai\/area-de-interesse\/educacao\/rede-sesi-de-virtudes\/","og_site_name":"SENAI","article_modified_time":"2024-08-29T21:24:16+00:00","og_image":[{"width":312,"height":239,"url":"https:\/\/www.fiemg.com.br\/senai\/wp-content\/uploads\/sites\/12\/2024\/07\/04078462c39fb6034ed52017e95b225a2d76fed6bfd9401876731d89c05ab50b-1-e1689275729897.jpg","type":"image\/jpeg"}],"twitter_card":"summary_large_image","schema":{"@context":"https:\/\/schema.org","@graph":[{"@type":"WebPage","@id":"https:\/\/www.fiemg.com.br\/senai\/area-de-interesse\/educacao\/rede-sesi-de-virtudes\/","url":"https:\/\/www.fiemg.com.br\/senai\/area-de-interesse\/educacao\/rede-sesi-de-virtudes\/","name":"Rede SESI de Virtudes - SENAI","isPartOf":{"@id":"https:\/\/www.fiemg.com.br\/senai\/#website"},"primaryImageOfPage":{"@id":"https:\/\/www.fiemg.com.br\/senai\/area-de-interesse\/educacao\/rede-sesi-de-virtudes\/#primaryimage"},"image":{"@id":"https:\/\/www.fiemg.com.br\/senai\/area-de-interesse\/educacao\/rede-sesi-de-virtudes\/#primaryimage"},"thumbnailUrl":"https:\/\/www.fiemg.com.br\/senai\/wp-content\/uploads\/sites\/12\/2023\/08\/default.png","datePublished":"2023-04-27T21:21:19+00:00","dateModified":"2024-08-29T21:24:16+00:00","breadcrumb":{"@id":"https:\/\/www.fiemg.com.br\/senai\/area-de-interesse\/educacao\/rede-sesi-de-virtudes\/#breadcrumb"},"inLanguage":"pt-BR","potentialAction":[{"@type":"ReadAction","target":["https:\/\/www.fiemg.com.br\/senai\/area-de-interesse\/educacao\/rede-sesi-de-virtudes\/"]}]},{"@type":"ImageObject","inLanguage":"pt-BR","@id":"https:\/\/www.fiemg.com.br\/senai\/area-de-interesse\/educacao\/rede-sesi-de-virtudes\/#primaryimage","url":"https:\/\/www.fiemg.com.br\/senai\/wp-content\/uploads\/sites\/12\/2023\/08\/default.png","contentUrl":"https:\/\/www.fiemg.com.br\/senai\/wp-content\/uploads\/sites\/12\/2023\/08\/default.png","width":300,"height":300},{"@type":"BreadcrumbList","@id":"https:\/\/www.fiemg.com.br\/senai\/area-de-interesse\/educacao\/rede-sesi-de-virtudes\/#breadcrumb","itemListElement":[{"@type":"ListItem","position":1,"name":"In\u00edcio","item":"https:\/\/www.fiemg.com.br\/senai\/"},{"@type":"ListItem","position":2,"name":"Educa\u00e7\u00e3o","item":"https:\/\/www.fiemg.com.br\/senai\/area-de-interesse\/educacao\/"},{"@type":"ListItem","position":3,"name":"Rede SESI de Virtudes"}]},{"@type":"WebSite","@id":"https:\/\/www.fiemg.com.br\/senai\/#website","url":"https:\/\/www.fiemg.com.br\/senai\/","name":"SENAI","description":"Federa\u00e7\u00e3o das Ind\u00fastrias do Estado de Minas Gerais","potentialAction":[{"@type":"SearchAction","target":{"@type":"EntryPoint","urlTemplate":"https:\/\/www.fiemg.com.br\/senai\/?s={search_term_string}"},"query-input":{"@type":"PropertyValueSpecification","valueRequired":true,"valueName":"search_term_string"}}],"inLanguage":"pt-BR"}]}},"_links":{"self":[{"href":"https:\/\/www.fiemg.com.br\/senai\/wp-json\/wp\/v2\/area-de-interesse\/2777","targetHints":{"allow":["GET"]}}],"collection":[{"href":"https:\/\/www.fiemg.com.br\/senai\/wp-json\/wp\/v2\/area-de-interesse"}],"about":[{"href":"https:\/\/www.fiemg.com.br\/senai\/wp-json\/wp\/v2\/types\/area-de-interesse"}],"version-history":[{"count":0,"href":"https:\/\/www.fiemg.com.br\/senai\/wp-json\/wp\/v2\/area-de-interesse\/2777\/revisions"}],"up":[{"embeddable":true,"href":"https:\/\/www.fiemg.com.br\/senai\/wp-json\/wp\/v2\/area-de-interesse\/1290"}],"wp:featuredmedia":[{"embeddable":true,"href":"https:\/\/www.fiemg.com.br\/senai\/wp-json\/wp\/v2\/media\/2123"}],"wp:attachment":[{"href":"https:\/\/www.fiemg.com.br\/senai\/wp-json\/wp\/v2\/media?parent=2777"}],"wp:term":[{"taxonomy":"category","embeddable":true,"href":"https:\/\/www.fiemg.com.br\/senai\/wp-json\/wp\/v2\/categories?post=2777"},{"taxonomy":"post_tag","embeddable":true,"href":"https:\/\/www.fiemg.com.br\/senai\/wp-json\/wp\/v2\/tags?post=2777"},{"taxonomy":"categoria_areas_de_interesse","embeddable":true,"href":"https:\/\/www.fiemg.com.br\/senai\/wp-json\/wp\/v2\/categoria_areas_de_interesse?post=2777"}],"curies":[{"name":"wp","href":"https:\/\/api.w.org\/{rel}","templated":true}]}}