{"id":2609,"date":"2023-07-07T23:46:07","date_gmt":"2023-07-07T23:46:07","guid":{"rendered":"https:\/\/www.fiemg.com.br\/sesi-cultra\/publicacoes-interna\/nota-tecnica-juridica-03\/"},"modified":"2023-07-07T23:46:07","modified_gmt":"2023-07-07T23:46:07","slug":"nota-tecnica-juridica-03","status":"publish","type":"publicacoes-interna","link":"https:\/\/www.fiemg.com.br\/sesi-cultura\/publicacoes-interna\/nota-tecnica-juridica-03\/","title":{"rendered":"Nota T\u00e9cnica Jur\u00eddica &#8211; 03"},"content":{"rendered":"<p>Belo Horizonte, 27 de julho de 2020<\/p>\n<p>https:\/\/www.fiemg.com.br\/sesi-cultra<\/p>\n<h2><img fetchpriority=\"high\" decoding=\"async\" src=\"\/wp-content\/uploads\/media\/FIEMG\/1.png\" alt=\"1.png\" width=\"855\" height=\"215\" style=\"display: block; margin-left: auto; margin-right: auto;\" \/><\/h2>\n<h2 style=\"text-align: center;\"><\/h2>\n<h3 style=\"text-align: center;\"><strong>LIMINAR EM A&Ccedil;&Atilde;O DECLARAT&Oacute;RIA DE CONSTITUCIONALIDADE &ndash; COMPET&Ecirc;NCIA ESTADUAL E MUNICIPAL NO ENFRENTAMENTO &Agrave; COVID-19<\/strong><\/h3>\n<p><strong><\/p>\n<p><\/strong><\/p>\n<p>O Tribunal de Justi&ccedil;a do Estado de Minas Gerais concedeu medida liminar para determinar a imediata suspens&atilde;o das decis&otilde;es judiciais que tenham permitido aos munic&iacute;pios, no enfrentamento &agrave; COVID-19, aplicar suas normas municipais quando mais flex&iacute;veis e em contradi&ccedil;&atilde;o com as normas estaduais. Ademais, tamb&eacute;m determinou, temporariamente, a suspens&atilde;o de todos os processos que versem sobre tal mat&eacute;ria.<\/p>\n<p>O processo<a href=\"#_ftn1\">[1]<\/a> judicial em quest&atilde;o tem como finalidade definir, de forma uniforme em todo o Estado de Minas Gerais, qual norma legal deve prevalecer quando houver diverg&ecirc;ncia entre munic&iacute;pio e Estado no combate &agrave; pandemia do novo coronav&iacute;rus, permitindo que medidas desordenadas sejam afastadas.<\/p>\n<p>A necessidade de an&aacute;lise desta mat&eacute;ria surgiu em um contexto de conflito, pois os munic&iacute;pios t&ecirc;m editado regras variadas, muitas delas em sentido contr&aacute;rio &agrave;quelas expedidas pelo governo estadual, o que traz inseguran&ccedil;a jur&iacute;dica. N&atilde;o bastasse a disson&acirc;ncia entre Estado e munic&iacute;pios, h&aacute; ainda numerosas decis&otilde;es judiciais proferidas em 1&ordf; e 2&ordf; inst&acirc;ncias com conte&uacute;do divergente nesta tem&aacute;tica, o que potencializa a necessidade de um posicionamento definitivo e esclarecedor por parte do TJMG.<\/p>\n<p>Ao construir os fundamentos da decis&atilde;o liminar, a desembargadora M&aacute;rcia Milanez, relatora da a&ccedil;&atilde;o, destacou a import&acirc;ncia de se privilegiar as normas mais protetivas &agrave; sa&uacute;de e &agrave; vida humana por serem valores inegoci&aacute;veis, al&eacute;m de ter ponderado que o interesse local &eacute; question&aacute;vel no contexto de pandemia, j&aacute; que o combate ao coronav&iacute;rus escapa o &acirc;mbito meramente local-municipal.<\/p>\n<p>N&atilde;o obstante tais pondera&ccedil;&otilde;es, a decis&atilde;o advertiu que os munic&iacute;pios t&ecirc;m compet&ecirc;ncia para se adequarem &agrave;s normas estaduais segundo suas particularidades e tamb&eacute;m para agregarem novas restri&ccedil;&otilde;es &agrave;quelas j&aacute; impostas em &acirc;mbito estadual, desde que sem viola&ccedil;&atilde;o ao que fora estabelecido pelo Estado, com o intuito de evitar a desorganiza&ccedil;&atilde;o no enfrentamento regionalizado da pandemia.<\/p>\n<p>A liminar concedida e confirmada pelo &Oacute;rg&atilde;o Especial do TJMG, embora n&atilde;o ponha fim ao processo, j&aacute; sinaliza, por seus fundamentos, a tend&ecirc;ncia de se reconhecer em car&aacute;ter definitivo a preval&ecirc;ncia dos atos normativos estaduais frente aos municipais quando houver entre eles diverg&ecirc;ncia no combate &agrave; COVID-19.<\/p>\n<p>Cientes da magnitude desta a&ccedil;&atilde;o judicial em curso, a Federa&ccedil;&atilde;o das Ind&uacute;strias do Estado de Minas Gerais &ndash; FIEMG pleiteou seu ingresso como &ldquo;interessado&rdquo; (<em>Amicus Curiae<\/em>) e permanece em constante monitoramento das medidas judiciais capazes de afetar &agrave; ind&uacute;stria mineira.<\/p>\n<p>O Jur&iacute;dico da FIEMG segue dispon&iacute;vel para eventuais consultas em caso de questionamentos.<\/p>\n<p>&nbsp;<\/p>\n<p>Belo Horizonte\/MG, 24 julho de 2020<strong>&nbsp;<\/strong><\/p>\n<p><strong><\/p>\n<p>Gabriela Gon&ccedil;alves Maia<\/strong><\/p>\n<p><span>OAB\/MG 146.301<\/span><\/p>\n<p><strong>Advogada C&iacute;vel e Comercial da FIEMG<\/strong><\/p>\n<p>_______________________________________________________________<\/p>\n<p><a href=\"#_ftnref1\">[1]<\/a> A&ccedil;&atilde;o Declarat&oacute;ria de Constitucionalidade n&ordm; 1.0000.20.459246-3\/000<\/p>\n<\/p>\n<p style=\"text-align: right;\"><span><strong><span>&nbsp;<\/span><\/strong><\/span><strong><a href=\"https:\/\/www.fiemg.com.br\/produto\/atuacao-juridica?prefix=&amp;link=\/produto\/atuacao-juridica\"><span>VOLTAR A P&Aacute;GINA ATUA&Ccedil;&Atilde;O JUR&Iacute;DICA -&gt;<\/span><\/a><\/strong><\/p>\n<p>notatecnica3<\/p>\n","protected":false},"featured_media":4319,"template":"","categoria_publicacao_interna":[],"class_list":["post-2609","publicacoes-interna","type-publicacoes-interna","status-publish","has-post-thumbnail","hentry"],"acf":[],"yoast_head":"<!-- This site is optimized with the Yoast SEO plugin v26.2 - https:\/\/yoast.com\/wordpress\/plugins\/seo\/ -->\n<title>Nota T\u00e9cnica Jur\u00eddica - 03 - SESI Cultura<\/title>\n<meta name=\"robots\" content=\"index, follow, max-snippet:-1, max-image-preview:large, max-video-preview:-1\" \/>\n<link rel=\"canonical\" href=\"https:\/\/www.fiemg.com.br\/sesi-cultura\/publicacoes-interna\/nota-tecnica-juridica-03\/\" \/>\n<meta property=\"og:locale\" content=\"pt_BR\" \/>\n<meta property=\"og:type\" content=\"article\" \/>\n<meta property=\"og:title\" content=\"Nota T\u00e9cnica Jur\u00eddica - 03 - SESI Cultura\" \/>\n<meta property=\"og:description\" content=\"Belo Horizonte, 27 de julho de 2020 https:\/\/www.fiemg.com.br\/sesi-cultra LIMINAR EM A&Ccedil;&Atilde;O DECLARAT&Oacute;RIA DE CONSTITUCIONALIDADE &ndash; COMPET&Ecirc;NCIA ESTADUAL E MUNICIPAL NO ENFRENTAMENTO &Agrave; COVID-19 O Tribunal de Justi&ccedil;a do Estado de Minas Gerais concedeu medida liminar para determinar a imediata suspens&atilde;o das decis&otilde;es judiciais que tenham permitido aos munic&iacute;pios, no enfrentamento &agrave; COVID-19, aplicar suas normas [&hellip;]\" \/>\n<meta property=\"og:url\" content=\"https:\/\/www.fiemg.com.br\/sesi-cultura\/publicacoes-interna\/nota-tecnica-juridica-03\/\" \/>\n<meta property=\"og:site_name\" content=\"SESI Cultura\" \/>\n<meta property=\"og:image\" content=\"https:\/\/www.fiemg.com.br\/sesi-cultura\/wp-content\/uploads\/sites\/28\/2023\/08\/default.png\" \/>\n\t<meta property=\"og:image:width\" content=\"300\" \/>\n\t<meta property=\"og:image:height\" content=\"300\" \/>\n\t<meta property=\"og:image:type\" content=\"image\/png\" \/>\n<meta name=\"twitter:card\" content=\"summary_large_image\" \/>\n<meta name=\"twitter:label1\" content=\"Est. tempo de leitura\" \/>\n\t<meta name=\"twitter:data1\" content=\"3 minutos\" \/>\n<script type=\"application\/ld+json\" class=\"yoast-schema-graph\">{\"@context\":\"https:\/\/schema.org\",\"@graph\":[{\"@type\":\"WebPage\",\"@id\":\"https:\/\/www.fiemg.com.br\/sesi-cultura\/publicacoes-interna\/nota-tecnica-juridica-03\/\",\"url\":\"https:\/\/www.fiemg.com.br\/sesi-cultura\/publicacoes-interna\/nota-tecnica-juridica-03\/\",\"name\":\"Nota T\u00e9cnica Jur\u00eddica - 03 - SESI Cultura\",\"isPartOf\":{\"@id\":\"https:\/\/www.fiemg.com.br\/sesi-cultura\/#website\"},\"primaryImageOfPage\":{\"@id\":\"https:\/\/www.fiemg.com.br\/sesi-cultura\/publicacoes-interna\/nota-tecnica-juridica-03\/#primaryimage\"},\"image\":{\"@id\":\"https:\/\/www.fiemg.com.br\/sesi-cultura\/publicacoes-interna\/nota-tecnica-juridica-03\/#primaryimage\"},\"thumbnailUrl\":\"https:\/\/www.fiemg.com.br\/sesi-cultura\/wp-content\/uploads\/sites\/28\/2023\/08\/default.png\",\"datePublished\":\"2023-07-07T23:46:07+00:00\",\"breadcrumb\":{\"@id\":\"https:\/\/www.fiemg.com.br\/sesi-cultura\/publicacoes-interna\/nota-tecnica-juridica-03\/#breadcrumb\"},\"inLanguage\":\"pt-BR\",\"potentialAction\":[{\"@type\":\"ReadAction\",\"target\":[\"https:\/\/www.fiemg.com.br\/sesi-cultura\/publicacoes-interna\/nota-tecnica-juridica-03\/\"]}]},{\"@type\":\"ImageObject\",\"inLanguage\":\"pt-BR\",\"@id\":\"https:\/\/www.fiemg.com.br\/sesi-cultura\/publicacoes-interna\/nota-tecnica-juridica-03\/#primaryimage\",\"url\":\"https:\/\/www.fiemg.com.br\/sesi-cultura\/wp-content\/uploads\/sites\/28\/2023\/08\/default.png\",\"contentUrl\":\"https:\/\/www.fiemg.com.br\/sesi-cultura\/wp-content\/uploads\/sites\/28\/2023\/08\/default.png\",\"width\":300,\"height\":300},{\"@type\":\"BreadcrumbList\",\"@id\":\"https:\/\/www.fiemg.com.br\/sesi-cultura\/publicacoes-interna\/nota-tecnica-juridica-03\/#breadcrumb\",\"itemListElement\":[{\"@type\":\"ListItem\",\"position\":1,\"name\":\"In\u00edcio\",\"item\":\"https:\/\/www.fiemg.com.br\/sesi-cultura\/\"},{\"@type\":\"ListItem\",\"position\":2,\"name\":\"Nota T\u00e9cnica Jur\u00eddica &#8211; 03\"}]},{\"@type\":\"WebSite\",\"@id\":\"https:\/\/www.fiemg.com.br\/sesi-cultura\/#website\",\"url\":\"https:\/\/www.fiemg.com.br\/sesi-cultura\/\",\"name\":\"SESI Cultura\",\"description\":\"Federa\u00e7\u00e3o das Ind\u00fastrias do Estado de Minas Gerais\",\"publisher\":{\"@id\":\"https:\/\/www.fiemg.com.br\/sesi-cultura\/#organization\"},\"potentialAction\":[{\"@type\":\"SearchAction\",\"target\":{\"@type\":\"EntryPoint\",\"urlTemplate\":\"https:\/\/www.fiemg.com.br\/sesi-cultura\/?s={search_term_string}\"},\"query-input\":{\"@type\":\"PropertyValueSpecification\",\"valueRequired\":true,\"valueName\":\"search_term_string\"}}],\"inLanguage\":\"pt-BR\"},{\"@type\":\"Organization\",\"@id\":\"https:\/\/www.fiemg.com.br\/sesi-cultura\/#organization\",\"name\":\"SESI Cultura\",\"url\":\"https:\/\/www.fiemg.com.br\/sesi-cultura\/\",\"logo\":{\"@type\":\"ImageObject\",\"inLanguage\":\"pt-BR\",\"@id\":\"https:\/\/www.fiemg.com.br\/sesi-cultura\/#\/schema\/logo\/image\/\",\"url\":\"https:\/\/www.fiemg.com.br\/sesi-cultura\/wp-content\/uploads\/sites\/28\/2023\/02\/LO000325_SESI_CULTURA_NOVA_LOGO_BRANCO_site_1.png\",\"contentUrl\":\"https:\/\/www.fiemg.com.br\/sesi-cultura\/wp-content\/uploads\/sites\/28\/2023\/02\/LO000325_SESI_CULTURA_NOVA_LOGO_BRANCO_site_1.png\",\"width\":394,\"height\":168,\"caption\":\"SESI Cultura\"},\"image\":{\"@id\":\"https:\/\/www.fiemg.com.br\/sesi-cultura\/#\/schema\/logo\/image\/\"}}]}<\/script>\n<!-- \/ Yoast SEO plugin. -->","yoast_head_json":{"title":"Nota T\u00e9cnica Jur\u00eddica - 03 - SESI Cultura","robots":{"index":"index","follow":"follow","max-snippet":"max-snippet:-1","max-image-preview":"max-image-preview:large","max-video-preview":"max-video-preview:-1"},"canonical":"https:\/\/www.fiemg.com.br\/sesi-cultura\/publicacoes-interna\/nota-tecnica-juridica-03\/","og_locale":"pt_BR","og_type":"article","og_title":"Nota T\u00e9cnica Jur\u00eddica - 03 - SESI Cultura","og_description":"Belo Horizonte, 27 de julho de 2020 https:\/\/www.fiemg.com.br\/sesi-cultra LIMINAR EM A&Ccedil;&Atilde;O DECLARAT&Oacute;RIA DE CONSTITUCIONALIDADE &ndash; COMPET&Ecirc;NCIA ESTADUAL E MUNICIPAL NO ENFRENTAMENTO &Agrave; COVID-19 O Tribunal de Justi&ccedil;a do Estado de Minas Gerais concedeu medida liminar para determinar a imediata suspens&atilde;o das decis&otilde;es judiciais que tenham permitido aos munic&iacute;pios, no enfrentamento &agrave; COVID-19, aplicar suas normas [&hellip;]","og_url":"https:\/\/www.fiemg.com.br\/sesi-cultura\/publicacoes-interna\/nota-tecnica-juridica-03\/","og_site_name":"SESI Cultura","og_image":[{"width":300,"height":300,"url":"https:\/\/www.fiemg.com.br\/sesi-cultura\/wp-content\/uploads\/sites\/28\/2023\/08\/default.png","type":"image\/png"}],"twitter_card":"summary_large_image","twitter_misc":{"Est. tempo de leitura":"3 minutos"},"schema":{"@context":"https:\/\/schema.org","@graph":[{"@type":"WebPage","@id":"https:\/\/www.fiemg.com.br\/sesi-cultura\/publicacoes-interna\/nota-tecnica-juridica-03\/","url":"https:\/\/www.fiemg.com.br\/sesi-cultura\/publicacoes-interna\/nota-tecnica-juridica-03\/","name":"Nota T\u00e9cnica Jur\u00eddica - 03 - SESI Cultura","isPartOf":{"@id":"https:\/\/www.fiemg.com.br\/sesi-cultura\/#website"},"primaryImageOfPage":{"@id":"https:\/\/www.fiemg.com.br\/sesi-cultura\/publicacoes-interna\/nota-tecnica-juridica-03\/#primaryimage"},"image":{"@id":"https:\/\/www.fiemg.com.br\/sesi-cultura\/publicacoes-interna\/nota-tecnica-juridica-03\/#primaryimage"},"thumbnailUrl":"https:\/\/www.fiemg.com.br\/sesi-cultura\/wp-content\/uploads\/sites\/28\/2023\/08\/default.png","datePublished":"2023-07-07T23:46:07+00:00","breadcrumb":{"@id":"https:\/\/www.fiemg.com.br\/sesi-cultura\/publicacoes-interna\/nota-tecnica-juridica-03\/#breadcrumb"},"inLanguage":"pt-BR","potentialAction":[{"@type":"ReadAction","target":["https:\/\/www.fiemg.com.br\/sesi-cultura\/publicacoes-interna\/nota-tecnica-juridica-03\/"]}]},{"@type":"ImageObject","inLanguage":"pt-BR","@id":"https:\/\/www.fiemg.com.br\/sesi-cultura\/publicacoes-interna\/nota-tecnica-juridica-03\/#primaryimage","url":"https:\/\/www.fiemg.com.br\/sesi-cultura\/wp-content\/uploads\/sites\/28\/2023\/08\/default.png","contentUrl":"https:\/\/www.fiemg.com.br\/sesi-cultura\/wp-content\/uploads\/sites\/28\/2023\/08\/default.png","width":300,"height":300},{"@type":"BreadcrumbList","@id":"https:\/\/www.fiemg.com.br\/sesi-cultura\/publicacoes-interna\/nota-tecnica-juridica-03\/#breadcrumb","itemListElement":[{"@type":"ListItem","position":1,"name":"In\u00edcio","item":"https:\/\/www.fiemg.com.br\/sesi-cultura\/"},{"@type":"ListItem","position":2,"name":"Nota T\u00e9cnica Jur\u00eddica &#8211; 03"}]},{"@type":"WebSite","@id":"https:\/\/www.fiemg.com.br\/sesi-cultura\/#website","url":"https:\/\/www.fiemg.com.br\/sesi-cultura\/","name":"SESI Cultura","description":"Federa\u00e7\u00e3o das Ind\u00fastrias do Estado de Minas Gerais","publisher":{"@id":"https:\/\/www.fiemg.com.br\/sesi-cultura\/#organization"},"potentialAction":[{"@type":"SearchAction","target":{"@type":"EntryPoint","urlTemplate":"https:\/\/www.fiemg.com.br\/sesi-cultura\/?s={search_term_string}"},"query-input":{"@type":"PropertyValueSpecification","valueRequired":true,"valueName":"search_term_string"}}],"inLanguage":"pt-BR"},{"@type":"Organization","@id":"https:\/\/www.fiemg.com.br\/sesi-cultura\/#organization","name":"SESI Cultura","url":"https:\/\/www.fiemg.com.br\/sesi-cultura\/","logo":{"@type":"ImageObject","inLanguage":"pt-BR","@id":"https:\/\/www.fiemg.com.br\/sesi-cultura\/#\/schema\/logo\/image\/","url":"https:\/\/www.fiemg.com.br\/sesi-cultura\/wp-content\/uploads\/sites\/28\/2023\/02\/LO000325_SESI_CULTURA_NOVA_LOGO_BRANCO_site_1.png","contentUrl":"https:\/\/www.fiemg.com.br\/sesi-cultura\/wp-content\/uploads\/sites\/28\/2023\/02\/LO000325_SESI_CULTURA_NOVA_LOGO_BRANCO_site_1.png","width":394,"height":168,"caption":"SESI Cultura"},"image":{"@id":"https:\/\/www.fiemg.com.br\/sesi-cultura\/#\/schema\/logo\/image\/"}}]}},"_links":{"self":[{"href":"https:\/\/www.fiemg.com.br\/sesi-cultura\/wp-json\/wp\/v2\/publicacoes-interna\/2609","targetHints":{"allow":["GET"]}}],"collection":[{"href":"https:\/\/www.fiemg.com.br\/sesi-cultura\/wp-json\/wp\/v2\/publicacoes-interna"}],"about":[{"href":"https:\/\/www.fiemg.com.br\/sesi-cultura\/wp-json\/wp\/v2\/types\/publicacoes-interna"}],"wp:featuredmedia":[{"embeddable":true,"href":"https:\/\/www.fiemg.com.br\/sesi-cultura\/wp-json\/wp\/v2\/media\/4319"}],"wp:attachment":[{"href":"https:\/\/www.fiemg.com.br\/sesi-cultura\/wp-json\/wp\/v2\/media?parent=2609"}],"wp:term":[{"taxonomy":"categoria_publicacao_interna","embeddable":true,"href":"https:\/\/www.fiemg.com.br\/sesi-cultura\/wp-json\/wp\/v2\/categoria_publicacao_interna?post=2609"}],"curies":[{"name":"wp","href":"https:\/\/api.w.org\/{rel}","templated":true}]}}