{"id":2633,"date":"2023-07-07T23:46:13","date_gmt":"2023-07-07T23:46:13","guid":{"rendered":"https:\/\/www.fiemg.com.br\/sesi-cultra\/publicacoes-interna\/boletins-tecnicos-de-meio-ambiente-2018\/"},"modified":"2023-07-07T23:46:13","modified_gmt":"2023-07-07T23:46:13","slug":"boletins-tecnicos-de-meio-ambiente-2018","status":"publish","type":"publicacoes-interna","link":"https:\/\/www.fiemg.com.br\/sesi-cultura\/publicacoes-interna\/boletins-tecnicos-de-meio-ambiente-2018\/","title":{"rendered":"Boletins T\u00e9cnicos de Meio Ambiente &#8211; 2018"},"content":{"rendered":"<p>https:\/\/www.fiemg.com.br\/sesi-cultra<\/p>\n<h3>2018<\/h3>\n<p>56 &#8211;&nbsp;<a href=\"https:\/\/www.fiemg.com.br\/sesi-cultra\/wp-content\/uploads\/media\/Documentos\/Biblioteca\/PDFs\/SDI\/2018\/BoletinsMeioAmbiente\/IE-56-COPAM-ATUALIZA-NORMA-SOBRE-ELABORA-O-DE-AVALIA-O-AMBIENTAL-INTEGRADA-EM-MINAS-GERAIS.pdf\" target=\"_blank\" rel=\"noopener\">COPAM atualiza norma sobre elabora&ccedil;&atilde;o de avalia&ccedil;&atilde;o ambiental integrada em Minas Gerais&nbsp;<\/a><\/p>\n<p>55 &#8211;<span>&nbsp;<\/span><a href=\"https:\/\/www.fiemg.com.br\/sesi-cultra\/wp-content\/uploads\/media\/Documentos\/Biblioteca\/PDFs\/SDI\/2018\/BoletinsMeioAmbiente\/IE-55-Resolu-o-491.pdf\" target=\"_blank\" rel=\"noopener\">Publicada Resolu&ccedil;&atilde;o do CONAMA que disp&otilde;es sobre padr&otilde;es de qualidade do ar<\/a><\/p>\n<p>54 &#8211;<a href=\"https:\/\/www.fiemg.com.br\/sesi-cultra\/wp-content\/uploads\/media\/Documentos\/Biblioteca\/PDFs\/SDI\/2018\/BoletinsMeioAmbiente\/IE-54-Prorrogado-o-prazo-para-o-Registro-Anual-de-Categoria-de-2018.pdf\" target=\"_blank\" rel=\"noopener\"><span>&nbsp;<\/span>Registro anual de categoria SEMAD e IEF prorrogam o prazo para renova&ccedil;&atilde;o<\/a><\/p>\n<p>53 &#8211;<span>&nbsp;<\/span><a href=\"https:\/\/www.fiemg.com.br\/sesi-cultra\/wp-content\/uploads\/media\/Documentos\/Biblioteca\/PDFs\/SDI\/2018\/BoletinsMeioAmbiente\/IE-53-CORRIGIDO-GMA.pdf\" target=\"_blank\" rel=\"noopener\">Estudo identifica melhoria na qualidade das &aacute;guas na Bacia do Rio das Velhas frente aos empreendidmento do setor industrial<\/a><\/p>\n<p>52 &#8211;<span>&nbsp;<\/span><a href=\"https:\/\/www.fiemg.com.br\/sesi-cultra\/wp-content\/uploads\/media\/Documentos\/Biblioteca\/PDFs\/SDI\/2018\/BoletinsMeioAmbiente\/IBAMA-AMPLIA-O-PRAZO-PARA-O-REQUERIMENTO-DE-CONVERS-O-DE-MULTA-AMBIENTAL.pdf\" target=\"_blank\" rel=\"noopener\">IBAMA amplia o prazo para o requerimento de convers&atilde;o de multa ambiental<\/a><\/p>\n<p>51 &#8211;&nbsp;<a href=\"https:\/\/www.fiemg.com.br\/sesi-cultra\/wp-content\/uploads\/media\/Documentos\/Biblioteca\/PDFs\/SDI\/2018\/BoletinsMeioAmbiente\/NOVO-DECRETO-ESTADUAL-ESTABELECE-NOVOS-CASOS-DE-ISEN-O-DE-TAXAS-E-EMOLUMENTOS.pdf\" target=\"_blank\" rel=\"noopener\">Novo decreto estadual estabelece novos casos de isen&ccedil;&atilde;o de taxas e emolumentos<\/a><\/p>\n<p>50 &#8211;<span>&nbsp;<\/span><a href=\"https:\/\/www.fiemg.com.br\/sesi-cultra\/wp-content\/uploads\/media\/Documentos\/Biblioteca\/PDFs\/SDI\/2018\/BoletinsMeioAmbiente\/MMA-CRIA-O-PORTAL-NACIONAL-DO-LICENCIAMENTO-AMBIENTAL.pdf\" target=\"_blank\" rel=\"noopener\">Minist&eacute;rio do Meio Ambiente cria Portal Nacional do Licenciamento Ambiental<\/a><\/p>\n<p>49 &#8211;&nbsp;<a href=\"https:\/\/www.fiemg.com.br\/sesi-cultra\/wp-content\/uploads\/media\/Documentos\/Biblioteca\/PDFs\/SDI\/2018\/BoletinsMeioAmbiente\/IE-49.pdf\" target=\"_blank\" rel=\"noopener\">SEMAD e IEF estabelecem procedimento para emiss&atilde;o e pagamento do DAE para renova&ccedil;&atilde;o do Registro Anual de 2018 e emiss&atilde;o do Certificado de Registro<\/a><\/p>\n<p>48 &#8211;&nbsp;<a href=\"https:\/\/www.fiemg.com.br\/sesi-cultra\/wp-content\/uploads\/media\/Documentos\/Biblioteca\/PDFs\/SDI\/2018\/BoletinsMeioAmbiente\/IE-48.pdf\" target=\"_blank\" rel=\"noopener\">Renova&ccedil;&atilde;o de outorga&nbsp; &#8211; IGAM estabelece novas regras para acelerar concess&atilde;o&nbsp;<\/a><\/p>\n<p>47 &#8211;<span>&nbsp;<\/span><a href=\"https:\/\/www.fiemg.com.br\/sesi-cultra\/wp-content\/uploads\/media\/Documentos\/Biblioteca\/PDFs\/SDI\/2018\/BoletinsMeioAmbiente\/PRORROGADO-PRAZO-PARA-RENOVA-O-DOS-REGISTROS-DE-CATEGORIA-DE-PRODUTOS-E-SUBPRODUTOS-DA-FLORA.pdf\" target=\"_blank\" rel=\"noopener\">Prorrogado prazo para renova&ccedil;&atilde;o dos registros de categoria de produtos e subprodutos da flora plantada e nativa, tratores de esteira e motosserras<\/a><\/p>\n<p>46 &#8211;&nbsp;<a href=\"https:\/\/www.fiemg.com.br\/sesi-cultra\/wp-content\/uploads\/media\/Documentos\/Biblioteca\/PDFs\/SDI\/2018\/BoletinsMeioAmbiente\/IE-46.pdf\" target=\"_blank\" rel=\"noopener\"><span>&nbsp;<\/span>Produ&ccedil;&atilde;o de carv&atilde;o vegetal de floresta plantada. Nova DN estabelece procedimentos de controle das emiss&otilde;es atmosf&eacute;ricas dos fornos de avali&ccedil;&atilde;o da qualidade do ar no seu entorno&nbsp;<\/a><\/p>\n<p>45 &#8211;&nbsp;<a href=\"https:\/\/www.fiemg.com.br\/sesi-cultra\/wp-content\/uploads\/media\/Documentos\/Biblioteca\/PDFs\/SDI\/2018\/BoletinsMeioAmbiente\/IE-45.pdf\" target=\"_blank\" rel=\"noopener\">Educa&ccedil;&atilde;o Ambiental &#8211; Novos procedimentos para elabora&ccedil;&atilde;o, an&aacute;lise e acompanhamento dos programas de educa&ccedil;&atilde;o ambiental no licenciamento ambiental<\/a><\/p>\n<p>44 &#8211;<span>&nbsp;<\/span><a href=\"https:\/\/www.fiemg.com.br\/sesi-cultra\/wp-content\/uploads\/media\/Documentos\/Biblioteca\/PDFs\/SDI\/2018\/BoletinsMeioAmbiente\/IE-44-ALTERADO-O-DECRETO-QUE-ESTABELECE-NORMAS.pdf\" target=\"_blank\" rel=\"noopener\">Alterado o decreto que estabelece normas para licenciamento ambiental estadual<\/a><\/p>\n<p>43 &#8211;<span>&nbsp;<\/span><a href=\"https:\/\/www.fiemg.com.br\/sesi-cultra\/wp-content\/uploads\/media\/Documentos\/Biblioteca\/PDFs\/SDI\/2018\/BoletinsMeioAmbiente\/IE-43-SEMAD-PASSA-A-RECEBER-O-PROTOCOLO-DE-DOCUMENTOS.pdf\" target=\"_blank\" rel=\"noopener\">SEMAD passa a receber o protocolo de documentos pelo Sistema Eletr&ocirc;nico de Informa&ccedil;&otilde;es &#8211; SEI<\/a><\/p>\n<p>42 &#8211;<span>&nbsp;<\/span><a href=\"https:\/\/www.fiemg.com.br\/sesi-cultra\/wp-content\/uploads\/media\/Documentos\/Biblioteca\/PDFs\/SDI\/2018\/BoletinsMeioAmbiente\/IE-42-SEMAD-DISPONIBILIZA-A-INSTRU-O-DE-SERVI-O-03-2018-TRAMITA-O-DOS-PROCESSOS-ADMINISTRATIVOS-ORIGINADOS-DE-AUTOS-DE-INFRA-O-AMBIENTAL.pdf\" target=\"_blank\" rel=\"noopener\">SEMAD disponibiliza a instru&ccedil;&atilde;o de servi&ccedil;o&nbsp;03\/2018: tramita&ccedil;&atilde;o dos processos administrativos originados de autos de infra&ccedil;&atilde;o ambiental<\/a><\/p>\n<p>41 &#8211;&nbsp;<a href=\"https:\/\/www.fiemg.com.br\/sesi-cultra\/wp-content\/uploads\/media\/Documentos\/Biblioteca\/PDFs\/SDI\/2018\/BoletinsMeioAmbiente\/IE-41-IBAMA-AMPLIA-O-PRAZO-PARA-O-REQUERIMENTO-DE-CONVERS-O-DE-MULTA-AMBIENTAL.pdf\" target=\"_blank\" rel=\"noopener\">IBAMA amplia o prazo para o rquerimento de convers&atilde;o de multa ambiental<\/a><\/p>\n<p>40 &#8211;<span>&nbsp;<\/span><a href=\"https:\/\/www.fiemg.com.br\/sesi-cultra\/wp-content\/uploads\/media\/Documentos\/Biblioteca\/PDFs\/SDI\/2018\/BoletinsMeioAmbiente\/IE-40-BRASIL-PROMULGA-A-CONVEN-O-DE-MINAMATA-SOBRE-MERC-RIO.pdf\" target=\"_blank\" rel=\"noopener\">Brasil promulga a Conven&ccedil;&atilde;o de Minamata sobre merc&uacute;rio<\/a><\/p>\n<p>39 &#8211;&nbsp;<a href=\"https:\/\/www.fiemg.com.br\/sesi-cultra\/wp-content\/uploads\/media\/Documentos\/Biblioteca\/PDFs\/SDI\/2018\/BoletinsMeioAmbiente\/IE-39-Secretaria-Municipal-de-Meio-Ambiente-de-Belo-Horizonte-publica-Portaria-SMMA-n-13-2018.pdf\" target=\"_blank\" rel=\"noopener\">Secretaria Municipal de Meio Ambiente de Belo Horizonte publica Portaria SMMA n&ordm; 13\/2018, que estabelece procedimentos para o licenciamento ambiental<\/a><\/p>\n<p>38 &#8211;&nbsp;<a href=\"https:\/\/www.fiemg.com.br\/sesi-cultra\/wp-content\/uploads\/media\/Documentos\/Biblioteca\/PDFs\/SDI\/2018\/BoletinsMeioAmbiente\/IE-38-REENQUADRAMENTO-DE-EMPREENDIMENTOS-ACORDO-COM-A-DN-COPAM-217-2017-PRAZO-DE-15-DIAS-2-.pdf\" target=\"_blank\" rel=\"noopener\">Reenquadramento de empreendimentos de acordo com a DN COPAM 217\/2017 tem prazo de 15 dias<\/a><\/p>\n<p>37 &#8211;<span>&nbsp;<\/span><a href=\"https:\/\/www.fiemg.com.br\/sesi-cultra\/wp-content\/uploads\/media\/Documentos\/Biblioteca\/PDFs\/SDI\/2018\/BoletinsMeioAmbiente\/COPAM-ESTABELECE-AS-ATIVIDADES-EVENTUAIS-OU-DE-BAIXO-IMPACTO-AMBIENTAL.pdf\" target=\"_blank\" rel=\"noopener\">COPAM estabelece atividades eventuais ou de baixo impacto ambiental que possibilitam a interven&ccedil;&atilde;o em &aacute;reas de preserva&ccedil;&atilde;o permanente<\/a><\/p>\n<p>36 &#8211;&nbsp;<a href=\"https:\/\/www.fiemg.com.br\/sesi-cultra\/wp-content\/uploads\/media\/Documentos\/Biblioteca\/PDFs\/SDI\/2018\/BoletinsMeioAmbiente\/COPAM-ATUALIZA-A-NORMA-PARA-CONVOCA-O-E-REALIZA-O-DE-AUDI-NCIAS-P-BLICAS-NO-MBITO-DOS-PROCESSOS-DE-LICENCIAMENTO-AMBIENTAL-ESTADUAL.pdf\" target=\"_blank\" rel=\"noopener\">COPAM atualiza a norma para convoca&ccedil;&atilde;o e realiza&ccedil;&atilde;o de audi&ecirc;ncias p&uacute;blicas no &acirc;mbito dos processo de licenciamento ambiental estadual<\/a><\/p>\n<p>35 &#8211;&nbsp;<a href=\"https:\/\/www.fiemg.com.br\/sesi-cultra\/wp-content\/uploads\/media\/Documentos\/Biblioteca\/PDFs\/SDI\/2018\/BoletinsMeioAmbiente\/Conselho-Municipal-de-Meio-Ambiente-de-Belo-Horizonte-estabelece-novas-regras.pdf\" target=\"_blank\" rel=\"noopener\">Conselho Municipal de Meio Ambiente de Belo Horizonte estabelece novas regras para o licenciamento ambiental de com&eacute;rcio e presta&ccedil;&atilde;o de servi&ccedil;os<\/a><\/p>\n<p>34 &#8211;<span>&nbsp;<\/span><a href=\"https:\/\/www.fiemg.com.br\/sesi-cultra\/wp-content\/uploads\/media\/Documentos\/Biblioteca\/PDFs\/SDI\/2018\/BoletinsMeioAmbiente\/COPAM-INSTITUI-PR-MIO-NATUREZA-GERAIS-.pdf\" target=\"_blank\" rel=\"noopener\">COPAM institui pr&ecirc;mio Natureza Gerais<\/a><\/p>\n<p>33 &#8211;&nbsp;<a href=\"https:\/\/www.fiemg.com.br\/sesi-cultra\/wp-content\/uploads\/media\/Documentos\/Biblioteca\/PDFs\/SDI\/2018\/BoletinsMeioAmbiente\/RENOVA-O-DE-LICEN-A-AMBIENTAL-SIMPLIFICADA-LAS-NA-MODALIDADE-RAS_ok.pdf\" target=\"_blank\" rel=\"noopener\">Renova&ccedil;&atilde;o de Licen&ccedil;a Ambiental Simplificada (LAS) na modalidade RAS ser&aacute; feita por meio de termo de refer&ecirc;ncia de avalia&ccedil;&atilde;o de desempenho ambiental<\/a><\/p>\n<p>32 &#8211;&nbsp;<a href=\"https:\/\/www.fiemg.com.br\/sesi-cultra\/wp-content\/uploads\/media\/Documentos\/Biblioteca\/PDFs\/SDI\/2018\/BoletinsMeioAmbiente\/PROGRAMA-DE-CONVERS-O-DE-MULTAS-AMBIENTAIS.pdf\" target=\"_blank\" rel=\"noopener\">Programa de Convers&atilde;o de Multas Ambientais &#8211;&nbsp;Onde encontrar orienta&ccedil;&otilde;es para ades&atilde;o<\/a><\/p>\n<p>31 &#8211;&nbsp;<a href=\"https:\/\/www.fiemg.com.br\/sesi-cultra\/wp-content\/uploads\/media\/Documentos\/Biblioteca\/PDFs\/SDI\/2018\/BoletinsMeioAmbiente\/PRORROGADO-O-PRAZO-PARA-INSCRI-O-NO-CADASTRO-AMBIENTAL-RURAL-CAR.pdf\" target=\"_blank\" rel=\"noopener\">Prorrogado o prazo para inscri&ccedil;&atilde;o no Cadastro Ambiental Rural &#8211; CAR<\/a><\/p>\n<p>30 &#8211;&nbsp;<a href=\"https:\/\/www.fiemg.com.br\/sesi-cultra\/wp-content\/uploads\/media\/Documentos\/Biblioteca\/PDFs\/SDI\/2018\/BoletinsMeioAmbiente\/SISTEMA-NACIONAL-DE-CONTROLE-DA-ORIGEM-DOS-PRODUTOS-FLORESTAIS-SINAFLOR-.pdf\" target=\"_blank\" rel=\"noopener\">Sistema Nacional de Controle da Origem dos Produtos Florestais (SINAFLOR) &#8211;&nbsp;Regras de Transi&ccedil;&atilde;o para Implanta&ccedil;&atilde;o e Opera&ccedil;&atilde;o em Minas Gerais<\/a><\/p>\n<p>29 &#8211;&nbsp;<a href=\"https:\/\/www.fiemg.com.br\/sesi-cultra\/wp-content\/uploads\/media\/Documentos\/Biblioteca\/PDFs\/SDI\/2018\/BoletinsMeioAmbiente\/REGULAMENTADO-O-PROGRAMA-DE-EFICI-NCIA-AMBIENTAL-DO-SISEMA.pdf\" target=\"_blank\" rel=\"noopener\">SEMAD regulamenta a utiliza&ccedil;&atilde;o de res&iacute;duos perigosos gerados fora do estado<\/a><\/p>\n<p>28 &#8211;&nbsp;<a href=\"https:\/\/www.fiemg.com.br\/sesi-cultra\/wp-content\/uploads\/media\/Documentos\/Biblioteca\/PDFs\/SDI\/2018\/BoletinsMeioAmbiente\/IE-LEI-N-13-668-DE-28-DE-MAIO-DE-2018ok.pdf\" target=\"_blank\" rel=\"noopener\">Alterada a destina&ccedil;&atilde;o e a aplica&ccedil;&atilde;o dos recursos de compensa&ccedil;&atilde;o ambiental da Lei do&nbsp;SNUC<\/a><\/p>\n<p>27 &#8211;&nbsp;<a href=\"https:\/\/www.fiemg.com.br\/sesi-cultra\/wp-content\/uploads\/media\/Documentos\/Biblioteca\/PDFs\/SDI\/2018\/BoletinsMeioAmbiente\/ATENTE-SE-PARA-N-O-PERDER-O-PRAZO-PARA-INSCRI-O-NO-CAR.pdf\" target=\"_blank\" rel=\"noopener\">Atente-se para n&atilde;o perder o prazo para inscri&ccedil;&atilde;o no CAR<\/a><\/p>\n<p>26 &#8211;&nbsp;<a href=\"https:\/\/www.fiemg.com.br\/sesi-cultra\/wp-content\/uploads\/media\/Documentos\/Biblioteca\/PDFs\/SDI\/2018\/BoletinsMeioAmbiente\/IBAMA-DIVULGA-REGRAS-DE-TRANSI-O-PARA-AS-SOLICITA-ES-REFERENTES-A-ATIVIDADES-FLORESTAIS-POR-MEIO-DO-SINAFLOR.pdf\" target=\"_blank\" rel=\"noopener\">Ibama divulga regras de transi&ccedil;&atilde;o para as solicita&ccedil;&otilde;es referentes a atividades florestais por meio do Sinaflor<\/a><\/p>\n<p>25 &#8211;&nbsp;<a href=\"https:\/\/www.fiemg.com.br\/sesi-cultra\/wp-content\/uploads\/media\/Documentos\/Biblioteca\/PDFs\/SDI\/2018\/BoletinsMeioAmbiente\/IEMeioAmbiente_25.pdf\" target=\"_blank\" rel=\"noopener\">Cadastro T&eacute;cnico Federal &#8211; CTF\/Atividade potencialmente poluidora &#8211; APP &#8211;&nbsp;Ibama altera a forma de enquadramento das atividades&nbsp;<\/a><\/p>\n<p>24 &#8211;&nbsp;<a href=\"https:\/\/www.fiemg.com.br\/sesi-cultra\/wp-content\/uploads\/media\/Documentos\/Biblioteca\/PDFs\/SDI\/2018\/BoletinsMeioAmbiente\/IEMeioAmbiente_24.pdf\" target=\"_blank\" rel=\"noopener\">Decreto regulamente as novas compet&ecirc;ncias e atribui&ccedil;&otilde;es da Secretaria Municipal de Meio Ambiente e Desenvolvimento Sustent&aacute;vel de Contagem<\/a><\/p>\n<p>23 &#8211;&nbsp;<a href=\"https:\/\/www.fiemg.com.br\/sesi-cultra\/wp-content\/uploads\/media\/Documentos\/Biblioteca\/PDFs\/SDI\/2018\/BoletinsMeioAmbiente\/IEMeioAmbiente_23.pdf\" target=\"_blank\" rel=\"noopener\">Ibama prorroga o prazo para a entrega do Relat&oacute;rio Anual de Atividades Potencialmente Poluidoras e Utilizadores de Recursos Ambientais do ano&nbsp;2018&nbsp;(Ano-Base 2017)<\/a><\/p>\n<p>22 &#8211;&nbsp;<a href=\"https:\/\/www.fiemg.com.br\/sesi-cultra\/wp-content\/uploads\/media\/Documentos\/Biblioteca\/PDFs\/SDI\/2018\/BoletinsMeioAmbiente\/PRAZO-FINAL-PARA-APRESENTA-O-DO-PROGRAMA-DE-EDUCA-O-AMBIENTAL-PEA-CONFORME-DIRETRIZES-DA-DELIBERA-O-NORMATIVA-COPAM-N-214-2017_.pdf\" target=\"_blank\" rel=\"noopener\">Prazo final para apresenta&ccedil;&atilde;o do Programa de Educa&ccedil;&atilde;o Ambiental &#8211; PEA conforme diretrizes da Delibera&ccedil;&atilde;o&nbsp;Normativa COPAM N&deg; 214\/2017<\/a><\/p>\n<p>21 &#8211;&nbsp;<a href=\"https:\/\/www.fiemg.com.br\/sesi-cultra\/wp-content\/uploads\/media\/Documentos\/Biblioteca\/PDFs\/SDI\/2018\/BoletinsMeioAmbiente\/PRORROGADOS-OS-PRAZOS-PARA-A-RENOVA-O-DOS-REGISTROS-DE-CATEGORIA-PARA-O-EXERC-CIO-DE-2018.pdf\" target=\"_blank\" rel=\"noopener\">Prorrogados os prazos para a renova&ccedil;&atilde;o dos Registros de Categoria para o Exerc&iacute;cio de&nbsp;2018<\/a><\/p>\n<p>20 &#8211;&nbsp;<a href=\"https:\/\/www.fiemg.com.br\/sesi-cultra\/wp-content\/uploads\/media\/Documentos\/Biblioteca\/PDFs\/SDI\/2018\/MeioAmbiente\/ObrigacoesLegaisAmbientais\/BELO-HORIZONTE-REGULAMENTA-OS-PROCEDIMENTOS-PARA-O-LICENCIAMENTO-AMBIENT-.pdf\" target=\"_blank\" rel=\"noopener\">Belo Horizonte regulamenta os procedimentos para o licenciamento ambiental de atividades e empreendimentos de impacto no munic&iacute;pio<\/a><\/p>\n<p>19 &#8211;<span>&nbsp;<\/span><a href=\"https:\/\/www.fiemg.com.br\/sesi-cultra\/wp-content\/uploads\/media\/Documentos\/Biblioteca\/PDFs\/SDI\/2018\/BoletinsMeioAmbiente\/BELO-HORIZONTE-REGULAMENTA-OS-PROCEDIMENTOS-PARA-LICENCIAMENTO-AMBIENTAL-DE-ATIVIDADES-DE-COM-RCIO-E-PRESTA-O-DE-SERVI-OS.pdf\" target=\"_blank\" rel=\"noopener\">Belo Horizonte regulamenta os procedimentos para Licenciamento Ambiental de atividades de com&eacute;rcio e presta&ccedil;&atilde;o de servi&ccedil;os<\/a><\/p>\n<p>18 &#8211;&nbsp;<a href=\"https:\/\/www.fiemg.com.br\/sesi-cultra\/wp-content\/uploads\/media\/Documentos\/Biblioteca\/PDFs\/SDI\/2018\/BoletinsMeioAmbiente\/OBRIGA-ES-LEGAIS-AMBIENTAIS-QUE-DEVEM-SER-CUMPRIDAS-EM-MAR-O-DE-2018.pdf\" target=\"_blank\" rel=\"noopener\">Obriga&ccedil;&otilde;es Legais Ambientais que devem ser cumpridas em mar&ccedil;o de 2018<\/a><\/p>\n<p>17 &#8211;&nbsp;<a href=\"https:\/\/www.fiemg.com.br\/sesi-cultra\/wp-content\/uploads\/media\/Documentos\/Biblioteca\/PDFs\/SDI\/2018\/BoletinsMeioAmbiente\/ESTABELECIDOS-PROCEDIMENTOS-PARA-APLICA-O-DA-DELIBERA-O-NORMATIVA-COPAM-N-217-2017.pdf\" target=\"_blank\" rel=\"noopener\">Estabelecidos procedimentos para a aplica&ccedil;&atilde;o da&nbsp;Delibera&ccedil;&atilde;o Normativa COPAM N&ordm; 217\/2017<\/a><\/p>\n<p>16 &#8211;&nbsp;<a href=\"https:\/\/www.fiemg.com.br\/sesi-cultra\/wp-content\/uploads\/media\/Documentos\/Biblioteca\/PDFs\/SDI\/2018\/BoletinsMeioAmbiente\/GOVERNADOR-REGULAMENTA-O-LICENCIAMENTO-E-A-FISCALIZA-O-AMBIENTAL-EM-MINAS-GERAIS.pdf\" target=\"_blank\" rel=\"noopener\">Governador regulamenta o Licenciamento e a Fiscaliza&ccedil;&atilde;o Ambiental em Minas Gerais&nbsp;<\/a><\/p>\n<p>15 &#8211;&nbsp;<a href=\"https:\/\/www.fiemg.com.br\/sesi-cultra\/wp-content\/uploads\/media\/Documentos\/Biblioteca\/PDFs\/SDI\/2018\/BoletinsMeioAmbiente\/REGULARIZA-O-AMBIENTAL-EMPREENDEDOR-TEM-O-PRAZO-DE-30-DIAS-PARA-QUE-SEUS-PROCESSOS-CONTINUEM-A-SER-ANALISADOS-NOS-TERMOS-DA-DN-74.pdf\" target=\"_blank\" rel=\"noopener\">Regulariza&ccedil;&atilde;o Ambiental &#8211; Empreendedor tem o prazo de 30 dias, a partir de 06\/03\/2018 para, se tiver interesse, requerer que seus processos continuem a ser analisados nos termos da DN 74\/04<\/a><\/p>\n<p>14 &#8211;&nbsp;<a href=\"https:\/\/www.fiemg.com.br\/sesi-cultra\/wp-content\/uploads\/media\/Documentos\/Biblioteca\/PDFs\/SDI\/2018\/BoletinsMeioAmbiente\/IGAM-ESTABELECE-NOVO-PRAZO-PARA-CADASTRAMENTO-NO-SISCAD.pdf\" target=\"_blank\" rel=\"noopener\">IGAM d&aacute; novo prazo para cadastramento e presta&ccedil;&atilde;o de informa&ccedil;&otilde;es<\/a><\/p>\n<p>13 &#8211;&nbsp;<a href=\"https:\/\/www.fiemg.com.br\/sesi-cultra\/wp-content\/uploads\/media\/Documentos\/Biblioteca\/PDFs\/SDI\/2018\/BoletinsMeioAmbiente\/SEMAD-DISPONIBILIZA-TERMOS-DE-REFER-NCIA.pdf\" target=\"_blank\" rel=\"noopener\">Licenciamento Ambiental &ndash; DN 217\/2017 &#8211;&nbsp;Termo de Refer&ecirc;ncia para Elabora&ccedil;&atilde;o do Relat&oacute;rio Ambiental Simplificado &#8211; RAS<\/a><\/p>\n<p>12 &#8211;&nbsp;<a href=\"https:\/\/www.fiemg.com.br\/sesi-cultra\/wp-content\/uploads\/media\/Documentos\/Biblioteca\/PDFs\/SDI\/2018\/BoletinsMeioAmbiente\/IBAMA-REGULAMENTA-OS-PROCEDIMENTOS-PARA-A-APLICA-O-DA-CONVERS-O-DE-MULTAS.pdf\" target=\"_blank\" rel=\"noopener\">Ibama regulamenta os procedimentos para a aplica&ccedil;&atilde;o da convers&atilde;o de multas em servi&ccedil;os de preserva&ccedil;&atilde;o, melhoria e recupera&ccedil;&atilde;o da qualidade do meio ambiente<\/a><\/p>\n<p>11 &#8211;&nbsp;<a href=\"https:\/\/www.fiemg.com.br\/sesi-cultra\/wp-content\/uploads\/media\/Documentos\/Biblioteca\/PDFs\/SDI\/2018\/BoletinsMeioAmbiente\/LICENCIAMENTO-AMBIENTAL-TODAS-AS-SUPERINTENDENCIAS-REGIONAIS-DE-MEIO-AMBIENTE-POSSUEM-AGENDAMENTO-ELETR-NICO.pdf\" target=\"_blank\" rel=\"noopener\">Licenciamento Ambiental &#8211;&nbsp;Todas as Superintend&ecirc;ncias Regionais de Meio Ambiente (SUPRAMS) possuem agendamento eletr&ocirc;nico&nbsp;<\/a><\/p>\n<p>10 &#8211;&nbsp;<a href=\"https:\/\/www.fiemg.com.br\/sesi-cultra\/wp-content\/uploads\/media\/Documentos\/Biblioteca\/PDFs\/SDI\/2018\/BoletinsMeioAmbiente\/REGULAMENTADO-O-PROGRAMA-DE-EFICI-NCIA-AMBIENTAL-DO-SISEMA.pdf\" target=\"_blank\" rel=\"noopener\">Regulamentado o Programa de Efici&ecirc;ncia Ambiental do SISEMA<\/a><\/p>\n<p>09 &#8211;<span>&nbsp;<\/span><a href=\"https:\/\/www.fiemg.com.br\/sesi-cultra\/wp-content\/uploads\/media\/Documentos\/Biblioteca\/PDFs\/SDI\/2018\/BoletinsMeioAmbiente\/CNRH-ESTABELE-PROCEDIMENTOS-PARA-ATUALIZA-O-DOS-VALORES-COBRADOS-PELO-USO-DA-GUA-DE-DOM-NIO-DA-UNI-O.pdf%20\" target=\"_blank\" rel=\"noopener\">CNRH estabele procedimentos para atualiza&ccedil;&atilde;o dos valores cobrados pelo uso da &aacute;gua de dom&iacute;nio da Uni&atilde;o<\/a><\/p>\n<p>08 &#8211;&nbsp;<a href=\"https:\/\/www.fiemg.com.br\/sesi-cultra\/wp-content\/uploads\/media\/Documentos\/Biblioteca\/PDFs\/SDI\/2018\/BoletinsMeioAmbiente\/IGAM-TEM-NOVAS-REGRAS-PARA-SEU-FUNCIONAMENTO_ok.pdf\" target=\"_blank\" rel=\"noopener\">IGAM tem novas regras para seu funcionamento<\/a><\/p>\n<p>07 &#8211;&nbsp;<a href=\"https:\/\/www.fiemg.com.br\/sesi-cultra\/wp-content\/uploads\/media\/Documentos\/Biblioteca\/PDFs\/SDI\/2018\/BoletinsMeioAmbiente\/Decreto-prorroga-o-prazo-de-inscri-o-no-Cadastro-Ambiental-Rural-CAR_.pdf\" target=\"_blank\" rel=\"noopener\">Decreto prorroga o prazo de inscri&ccedil;&atilde;o no Cadastro Ambiental Rural &#8211; CAR<\/a><\/p>\n<p>06 &#8211;&nbsp;<a href=\"https:\/\/www.fiemg.com.br\/sesi-cultra\/wp-content\/uploads\/media\/Documentos\/Biblioteca\/PDFs\/SDI\/2018\/BoletinsMeioAmbiente\/IGAM.pdf\" target=\"_blank\" rel=\"noopener\">IGAM lan&ccedil;a Sistema de Cadastro de Usu&aacute;rios de Recursos H&iacute;dricos em MG&nbsp;&#8211; SISCAD<\/a><\/p>\n<p>05 &#8211;&nbsp;<a href=\"https:\/\/www.fiemg.com.br\/sesi-cultra\/wp-content\/uploads\/media\/Documentos\/Biblioteca\/PDFs\/SDI\/2018\/BoletinsMeioAmbiente\/NOVOS-VALORES-PARA-O-LAN-AMENTO-E-COBRAN-A-DA-TAXA-DE-EXPEDIENTE-NO-LICENCIAMENTO-AMBIENTAL.pdf\" target=\"_blank\" rel=\"noopener\">Novos valores para o lan&ccedil;amento e cobran&ccedil;a da taxa de expediente no licenciamento ambiental<\/a><\/p>\n<p>04 &#8211;&nbsp;<a href=\"https:\/\/www.fiemg.com.br\/sesi-cultra\/wp-content\/uploads\/media\/Documentos\/Biblioteca\/PDFs\/SDI\/2018\/BoletinsMeioAmbiente\/FIQUE-ATENTO-PARA-CUMPRIR-AS-OBRIGA-ES-LEGAIS-AMBIENTAIS-2018.pdf\" target=\"_blank\" rel=\"noopener\">Fique atento para cumprir as Obriga&ccedil;&otilde;es Legais Ambientais 2018<\/a><\/p>\n<p>03 &#8211;&nbsp;<a href=\"https:\/\/www.fiemg.com.br\/sesi-cultra\/wp-content\/uploads\/media\/Documentos\/Biblioteca\/PDFs\/SDI\/2018\/BoletinsMeioAmbiente\/ALTERA-ES-PROMOVIDAS-NA-LEGISLA-O-MINEIRA-PELA-LEI-N-22-796-DE-28-DE-DEZEMBRO-DE-2017.pdf\" target=\"_blank\" rel=\"noopener\">Altera&ccedil;&otilde;es promovidas na legisla&ccedil;&atilde;o mineira pela Lei N&ordm; 22.796, de 28 de dezembro de&nbsp;2017<\/a><\/p>\n<p>02 &#8211;&nbsp;<a href=\"https:\/\/www.fiemg.com.br\/sesi-cultra\/wp-content\/uploads\/media\/Documentos\/Biblioteca\/PDFs\/SDI\/2018\/BoletinsMeioAmbiente\/ESTABELECIDAS-AS-MEDIDAS-DE-CONTROLE-EM-CASO-DE-ACIDENTE-COM-TRASNPORTE-DE-PRODUTOS-E-RES-DUOS-PERIGOSOS-EM-MG.pdf\" target=\"_blank\" rel=\"noopener\">Estabelecidas as medidas de controle em caso de acidente com transporte de produtos e res&iacute;duos perigosos em MG<\/a><\/p>\n<p>01 &#8211;&nbsp;<a href=\"https:\/\/www.fiemg.com.br\/sesi-cultra\/wp-content\/uploads\/media\/Documentos\/Biblioteca\/PDFs\/SDI\/2018\/BoletinsMeioAmbiente\/Resolu-o-SEMAD-N-2565-institui-programa-para-apresenta-o-e-discuss-o-de-temas-relevantes-ao-meio-ambiente.pdf\" target=\"_blank\" rel=\"noopener\">Resolu&ccedil;&atilde;o SEMAD N&ordm; 2565 institui programa para apresenta&ccedil;&atilde;o e discuss&atilde;o de temas&nbsp;relevantes ao meio ambiente<\/a><\/p>\n<p>boletins t\u00e9cnicos meio ambiente 2018<\/p>\n","protected":false},"featured_media":4319,"template":"","categoria_publicacao_interna":[],"class_list":["post-2633","publicacoes-interna","type-publicacoes-interna","status-publish","has-post-thumbnail","hentry"],"acf":[],"yoast_head":"<!-- This site is optimized with the Yoast SEO plugin v26.2 - https:\/\/yoast.com\/wordpress\/plugins\/seo\/ -->\n<title>Boletins T\u00e9cnicos de Meio Ambiente - 2018 - SESI Cultura<\/title>\n<meta name=\"robots\" content=\"index, follow, max-snippet:-1, max-image-preview:large, max-video-preview:-1\" \/>\n<link rel=\"canonical\" href=\"https:\/\/www.fiemg.com.br\/sesi-cultura\/publicacoes-interna\/boletins-tecnicos-de-meio-ambiente-2018\/\" \/>\n<meta property=\"og:locale\" content=\"pt_BR\" \/>\n<meta property=\"og:type\" content=\"article\" \/>\n<meta property=\"og:title\" content=\"Boletins T\u00e9cnicos de Meio Ambiente - 2018 - SESI Cultura\" \/>\n<meta property=\"og:description\" content=\"https:\/\/www.fiemg.com.br\/sesi-cultra 2018 56 &#8211;&nbsp;COPAM atualiza norma sobre elabora&ccedil;&atilde;o de avalia&ccedil;&atilde;o ambiental integrada em Minas Gerais&nbsp; 55 &#8211;&nbsp;Publicada Resolu&ccedil;&atilde;o do CONAMA que disp&otilde;es sobre padr&otilde;es de qualidade do ar 54 &#8211;&nbsp;Registro anual de categoria SEMAD e IEF prorrogam o prazo para renova&ccedil;&atilde;o 53 &#8211;&nbsp;Estudo identifica melhoria na qualidade das &aacute;guas na Bacia do Rio das Velhas [&hellip;]\" \/>\n<meta property=\"og:url\" content=\"https:\/\/www.fiemg.com.br\/sesi-cultura\/publicacoes-interna\/boletins-tecnicos-de-meio-ambiente-2018\/\" \/>\n<meta property=\"og:site_name\" content=\"SESI Cultura\" \/>\n<meta property=\"og:image\" content=\"https:\/\/www.fiemg.com.br\/sesi-cultura\/wp-content\/uploads\/sites\/28\/2023\/08\/default.png\" \/>\n\t<meta property=\"og:image:width\" content=\"300\" \/>\n\t<meta property=\"og:image:height\" content=\"300\" \/>\n\t<meta property=\"og:image:type\" content=\"image\/png\" \/>\n<meta name=\"twitter:card\" content=\"summary_large_image\" \/>\n<meta name=\"twitter:label1\" content=\"Est. tempo de leitura\" \/>\n\t<meta name=\"twitter:data1\" content=\"6 minutos\" \/>\n<script type=\"application\/ld+json\" class=\"yoast-schema-graph\">{\"@context\":\"https:\/\/schema.org\",\"@graph\":[{\"@type\":\"WebPage\",\"@id\":\"https:\/\/www.fiemg.com.br\/sesi-cultura\/publicacoes-interna\/boletins-tecnicos-de-meio-ambiente-2018\/\",\"url\":\"https:\/\/www.fiemg.com.br\/sesi-cultura\/publicacoes-interna\/boletins-tecnicos-de-meio-ambiente-2018\/\",\"name\":\"Boletins T\u00e9cnicos de Meio Ambiente - 2018 - SESI Cultura\",\"isPartOf\":{\"@id\":\"https:\/\/www.fiemg.com.br\/sesi-cultura\/#website\"},\"primaryImageOfPage\":{\"@id\":\"https:\/\/www.fiemg.com.br\/sesi-cultura\/publicacoes-interna\/boletins-tecnicos-de-meio-ambiente-2018\/#primaryimage\"},\"image\":{\"@id\":\"https:\/\/www.fiemg.com.br\/sesi-cultura\/publicacoes-interna\/boletins-tecnicos-de-meio-ambiente-2018\/#primaryimage\"},\"thumbnailUrl\":\"https:\/\/www.fiemg.com.br\/sesi-cultura\/wp-content\/uploads\/sites\/28\/2023\/08\/default.png\",\"datePublished\":\"2023-07-07T23:46:13+00:00\",\"breadcrumb\":{\"@id\":\"https:\/\/www.fiemg.com.br\/sesi-cultura\/publicacoes-interna\/boletins-tecnicos-de-meio-ambiente-2018\/#breadcrumb\"},\"inLanguage\":\"pt-BR\",\"potentialAction\":[{\"@type\":\"ReadAction\",\"target\":[\"https:\/\/www.fiemg.com.br\/sesi-cultura\/publicacoes-interna\/boletins-tecnicos-de-meio-ambiente-2018\/\"]}]},{\"@type\":\"ImageObject\",\"inLanguage\":\"pt-BR\",\"@id\":\"https:\/\/www.fiemg.com.br\/sesi-cultura\/publicacoes-interna\/boletins-tecnicos-de-meio-ambiente-2018\/#primaryimage\",\"url\":\"https:\/\/www.fiemg.com.br\/sesi-cultura\/wp-content\/uploads\/sites\/28\/2023\/08\/default.png\",\"contentUrl\":\"https:\/\/www.fiemg.com.br\/sesi-cultura\/wp-content\/uploads\/sites\/28\/2023\/08\/default.png\",\"width\":300,\"height\":300},{\"@type\":\"BreadcrumbList\",\"@id\":\"https:\/\/www.fiemg.com.br\/sesi-cultura\/publicacoes-interna\/boletins-tecnicos-de-meio-ambiente-2018\/#breadcrumb\",\"itemListElement\":[{\"@type\":\"ListItem\",\"position\":1,\"name\":\"In\u00edcio\",\"item\":\"https:\/\/www.fiemg.com.br\/sesi-cultura\/\"},{\"@type\":\"ListItem\",\"position\":2,\"name\":\"Boletins T\u00e9cnicos de Meio Ambiente &#8211; 2018\"}]},{\"@type\":\"WebSite\",\"@id\":\"https:\/\/www.fiemg.com.br\/sesi-cultura\/#website\",\"url\":\"https:\/\/www.fiemg.com.br\/sesi-cultura\/\",\"name\":\"SESI Cultura\",\"description\":\"Federa\u00e7\u00e3o das Ind\u00fastrias do Estado de Minas Gerais\",\"publisher\":{\"@id\":\"https:\/\/www.fiemg.com.br\/sesi-cultura\/#organization\"},\"potentialAction\":[{\"@type\":\"SearchAction\",\"target\":{\"@type\":\"EntryPoint\",\"urlTemplate\":\"https:\/\/www.fiemg.com.br\/sesi-cultura\/?s={search_term_string}\"},\"query-input\":{\"@type\":\"PropertyValueSpecification\",\"valueRequired\":true,\"valueName\":\"search_term_string\"}}],\"inLanguage\":\"pt-BR\"},{\"@type\":\"Organization\",\"@id\":\"https:\/\/www.fiemg.com.br\/sesi-cultura\/#organization\",\"name\":\"SESI Cultura\",\"url\":\"https:\/\/www.fiemg.com.br\/sesi-cultura\/\",\"logo\":{\"@type\":\"ImageObject\",\"inLanguage\":\"pt-BR\",\"@id\":\"https:\/\/www.fiemg.com.br\/sesi-cultura\/#\/schema\/logo\/image\/\",\"url\":\"https:\/\/www.fiemg.com.br\/sesi-cultura\/wp-content\/uploads\/sites\/28\/2023\/02\/LO000325_SESI_CULTURA_NOVA_LOGO_BRANCO_site_1.png\",\"contentUrl\":\"https:\/\/www.fiemg.com.br\/sesi-cultura\/wp-content\/uploads\/sites\/28\/2023\/02\/LO000325_SESI_CULTURA_NOVA_LOGO_BRANCO_site_1.png\",\"width\":394,\"height\":168,\"caption\":\"SESI Cultura\"},\"image\":{\"@id\":\"https:\/\/www.fiemg.com.br\/sesi-cultura\/#\/schema\/logo\/image\/\"}}]}<\/script>\n<!-- \/ Yoast SEO plugin. -->","yoast_head_json":{"title":"Boletins T\u00e9cnicos de Meio Ambiente - 2018 - SESI Cultura","robots":{"index":"index","follow":"follow","max-snippet":"max-snippet:-1","max-image-preview":"max-image-preview:large","max-video-preview":"max-video-preview:-1"},"canonical":"https:\/\/www.fiemg.com.br\/sesi-cultura\/publicacoes-interna\/boletins-tecnicos-de-meio-ambiente-2018\/","og_locale":"pt_BR","og_type":"article","og_title":"Boletins T\u00e9cnicos de Meio Ambiente - 2018 - SESI Cultura","og_description":"https:\/\/www.fiemg.com.br\/sesi-cultra 2018 56 &#8211;&nbsp;COPAM atualiza norma sobre elabora&ccedil;&atilde;o de avalia&ccedil;&atilde;o ambiental integrada em Minas Gerais&nbsp; 55 &#8211;&nbsp;Publicada Resolu&ccedil;&atilde;o do CONAMA que disp&otilde;es sobre padr&otilde;es de qualidade do ar 54 &#8211;&nbsp;Registro anual de categoria SEMAD e IEF prorrogam o prazo para renova&ccedil;&atilde;o 53 &#8211;&nbsp;Estudo identifica melhoria na qualidade das &aacute;guas na Bacia do Rio das Velhas [&hellip;]","og_url":"https:\/\/www.fiemg.com.br\/sesi-cultura\/publicacoes-interna\/boletins-tecnicos-de-meio-ambiente-2018\/","og_site_name":"SESI Cultura","og_image":[{"width":300,"height":300,"url":"https:\/\/www.fiemg.com.br\/sesi-cultura\/wp-content\/uploads\/sites\/28\/2023\/08\/default.png","type":"image\/png"}],"twitter_card":"summary_large_image","twitter_misc":{"Est. tempo de leitura":"6 minutos"},"schema":{"@context":"https:\/\/schema.org","@graph":[{"@type":"WebPage","@id":"https:\/\/www.fiemg.com.br\/sesi-cultura\/publicacoes-interna\/boletins-tecnicos-de-meio-ambiente-2018\/","url":"https:\/\/www.fiemg.com.br\/sesi-cultura\/publicacoes-interna\/boletins-tecnicos-de-meio-ambiente-2018\/","name":"Boletins T\u00e9cnicos de Meio Ambiente - 2018 - SESI Cultura","isPartOf":{"@id":"https:\/\/www.fiemg.com.br\/sesi-cultura\/#website"},"primaryImageOfPage":{"@id":"https:\/\/www.fiemg.com.br\/sesi-cultura\/publicacoes-interna\/boletins-tecnicos-de-meio-ambiente-2018\/#primaryimage"},"image":{"@id":"https:\/\/www.fiemg.com.br\/sesi-cultura\/publicacoes-interna\/boletins-tecnicos-de-meio-ambiente-2018\/#primaryimage"},"thumbnailUrl":"https:\/\/www.fiemg.com.br\/sesi-cultura\/wp-content\/uploads\/sites\/28\/2023\/08\/default.png","datePublished":"2023-07-07T23:46:13+00:00","breadcrumb":{"@id":"https:\/\/www.fiemg.com.br\/sesi-cultura\/publicacoes-interna\/boletins-tecnicos-de-meio-ambiente-2018\/#breadcrumb"},"inLanguage":"pt-BR","potentialAction":[{"@type":"ReadAction","target":["https:\/\/www.fiemg.com.br\/sesi-cultura\/publicacoes-interna\/boletins-tecnicos-de-meio-ambiente-2018\/"]}]},{"@type":"ImageObject","inLanguage":"pt-BR","@id":"https:\/\/www.fiemg.com.br\/sesi-cultura\/publicacoes-interna\/boletins-tecnicos-de-meio-ambiente-2018\/#primaryimage","url":"https:\/\/www.fiemg.com.br\/sesi-cultura\/wp-content\/uploads\/sites\/28\/2023\/08\/default.png","contentUrl":"https:\/\/www.fiemg.com.br\/sesi-cultura\/wp-content\/uploads\/sites\/28\/2023\/08\/default.png","width":300,"height":300},{"@type":"BreadcrumbList","@id":"https:\/\/www.fiemg.com.br\/sesi-cultura\/publicacoes-interna\/boletins-tecnicos-de-meio-ambiente-2018\/#breadcrumb","itemListElement":[{"@type":"ListItem","position":1,"name":"In\u00edcio","item":"https:\/\/www.fiemg.com.br\/sesi-cultura\/"},{"@type":"ListItem","position":2,"name":"Boletins T\u00e9cnicos de Meio Ambiente &#8211; 2018"}]},{"@type":"WebSite","@id":"https:\/\/www.fiemg.com.br\/sesi-cultura\/#website","url":"https:\/\/www.fiemg.com.br\/sesi-cultura\/","name":"SESI Cultura","description":"Federa\u00e7\u00e3o das Ind\u00fastrias do Estado de Minas Gerais","publisher":{"@id":"https:\/\/www.fiemg.com.br\/sesi-cultura\/#organization"},"potentialAction":[{"@type":"SearchAction","target":{"@type":"EntryPoint","urlTemplate":"https:\/\/www.fiemg.com.br\/sesi-cultura\/?s={search_term_string}"},"query-input":{"@type":"PropertyValueSpecification","valueRequired":true,"valueName":"search_term_string"}}],"inLanguage":"pt-BR"},{"@type":"Organization","@id":"https:\/\/www.fiemg.com.br\/sesi-cultura\/#organization","name":"SESI Cultura","url":"https:\/\/www.fiemg.com.br\/sesi-cultura\/","logo":{"@type":"ImageObject","inLanguage":"pt-BR","@id":"https:\/\/www.fiemg.com.br\/sesi-cultura\/#\/schema\/logo\/image\/","url":"https:\/\/www.fiemg.com.br\/sesi-cultura\/wp-content\/uploads\/sites\/28\/2023\/02\/LO000325_SESI_CULTURA_NOVA_LOGO_BRANCO_site_1.png","contentUrl":"https:\/\/www.fiemg.com.br\/sesi-cultura\/wp-content\/uploads\/sites\/28\/2023\/02\/LO000325_SESI_CULTURA_NOVA_LOGO_BRANCO_site_1.png","width":394,"height":168,"caption":"SESI Cultura"},"image":{"@id":"https:\/\/www.fiemg.com.br\/sesi-cultura\/#\/schema\/logo\/image\/"}}]}},"_links":{"self":[{"href":"https:\/\/www.fiemg.com.br\/sesi-cultura\/wp-json\/wp\/v2\/publicacoes-interna\/2633","targetHints":{"allow":["GET"]}}],"collection":[{"href":"https:\/\/www.fiemg.com.br\/sesi-cultura\/wp-json\/wp\/v2\/publicacoes-interna"}],"about":[{"href":"https:\/\/www.fiemg.com.br\/sesi-cultura\/wp-json\/wp\/v2\/types\/publicacoes-interna"}],"wp:featuredmedia":[{"embeddable":true,"href":"https:\/\/www.fiemg.com.br\/sesi-cultura\/wp-json\/wp\/v2\/media\/4319"}],"wp:attachment":[{"href":"https:\/\/www.fiemg.com.br\/sesi-cultura\/wp-json\/wp\/v2\/media?parent=2633"}],"wp:term":[{"taxonomy":"categoria_publicacao_interna","embeddable":true,"href":"https:\/\/www.fiemg.com.br\/sesi-cultura\/wp-json\/wp\/v2\/categoria_publicacao_interna?post=2633"}],"curies":[{"name":"wp","href":"https:\/\/api.w.org\/{rel}","templated":true}]}}