{"id":2643,"date":"2023-07-07T23:46:16","date_gmt":"2023-07-07T23:46:16","guid":{"rendered":"https:\/\/www.fiemg.com.br\/sesi-cultra\/publicacoes-interna\/olavo-machado-junior-e-homenageado\/"},"modified":"2023-07-07T23:46:16","modified_gmt":"2023-07-07T23:46:16","slug":"olavo-machado-junior-e-homenageado","status":"publish","type":"publicacoes-interna","link":"https:\/\/www.fiemg.com.br\/sesi-cultura\/publicacoes-interna\/olavo-machado-junior-e-homenageado\/","title":{"rendered":"Olavo Machado Junior \u00e9 homenageado"},"content":{"rendered":"<p>Gratid\u00e3o e reconhecimento marcaram a solenidade<\/p>\n<p>https:\/\/www.fiemg.com.br\/sesi-cultra<\/p>\n<p><img fetchpriority=\"high\" decoding=\"async\" src=\"\/wp-content\/uploads\/media\/Imagens\/Noticias\/2018\/MAIO\/Homenagem.jpg\" alt=\"Homenagem.jpg\" width=\"752\" height=\"291\" style=\"display: block; margin-left: auto; margin-right: auto;\" \/><\/p>\n<\/p>\n<p>&#8220;Seja bem vindo, Dr. Olavo, para esta homenagem dos funcion&aacute;rios do Sistema FIEMG&#8221;. Com essas palavras e aplausos de um audit&oacute;rio lotado, Olavo Machado Junior foi surpreendido desde o in&iacute;cio da solenidade em homenagem aos seus oito anos na presid&ecirc;ncia do Sistema FIEMG.<\/p>\n<p>O evento, no dia 16\/5, no Teatro SESIMINAS, contou com a presen&ccedil;a de mais de 600 funcion&aacute;rios de cidades da regi&atilde;o metropolitana e de Belo Horizonte. As unidades e ger&ecirc;ncias em todo o estado tamb&eacute;m puderam acompanhar a solenidade, ao vivo, pela WebTV e enviar mensagens pela Nossa Intranet, usando a hashtag #PresidenteOlavo.<\/p>\n<p><strong>Um momento de v&aacute;rios reconhecimentos<\/strong><\/p>\n<p>O evento foi marcado tamb&eacute;m pela presen&ccedil;a dos familiares de Olavo Machado, incluindo sua m&atilde;e, que foram ver de perto a solenidade.<\/p>\n<p>A mestre de cerim&ocirc;nias, Marilu Sete C&acirc;mara, gerente de cerimonial e eventos do Sistema FIEMG, convidou ao palco os ex-alunos do SESI e do SENAI, Milena Barbosa e Carlos Rubens (que hoje &eacute; Instrutor de Forma&ccedil;&atilde;o Profissional). Eles ressaltaram que, por meio da educa&ccedil;&atilde;o oferecida por essas institui&ccedil;&otilde;es durante a gest&atilde;o do presidente, alcan&ccedil;aram sucesso em suas vidas profissionais.<\/p>\n<p>Manuela Santos, formada em 2016 pelo programa Engenheiro Empreendedor, e Bruno Martins, empres&aacute;rio que recebeu uma pr&oacute;tese de m&atilde;o desenvolvida no Laborat&oacute;rio Aberto, tamb&eacute;m expressaram suas mensagens de reconhecimento e gratid&atilde;o. A Doutora Olguita Rocha, do CIT SENAI FIEMG, lembrou a trajet&oacute;ria do presidente no CETEC e o investimento de sua gest&atilde;o em Tecnologia e Inova&ccedil;&atilde;o.<\/p>\n<p>N&atilde;o faltou emo&ccedil;&atilde;o quando o motorista do presidente, Rafael Andrade, entregou um &aacute;lbum de fotos com muitos momentos vivenciados pelo presidente no Sistema FIEMG. Olavo Machado recebeu pelas m&atilde;os de Vera Brasil, do Centro de Cultura Nansen Ara&uacute;jo, uma placa de homenagem pelos 40 anos de servi&ccedil;os prestados &agrave; Federa&ccedil;&atilde;o.<\/p>\n<p><strong>Gratid&atilde;o m&uacute;tua<\/strong><\/p>\n<p>Em seu agradecimento, o presidente Olavo Machado lembrou dos seus primeiros momentos no Sistema FIEMG, dos amigos que fez e dos projetos que conduziu.<\/p>\n<p>Ele destacou que o trabalho realizado durante sua gest&atilde;o s&oacute; aconteceu com a dedica&ccedil;&atilde;o de todos os funcion&aacute;rios.<\/p>\n<p>Veja o v&iacute;deo de agradecimento.<\/p>\n<\/p>\n<p><iframe src=\"https:\/\/www.youtube.com\/embed\/GqFJu7ReUsU\" width=\"560\" height=\"315\" frameborder=\"0\"><\/iframe><\/p>\n<p>homenagemOlavo<\/p>\n","protected":false},"featured_media":4319,"template":"","categoria_publicacao_interna":[],"class_list":["post-2643","publicacoes-interna","type-publicacoes-interna","status-publish","has-post-thumbnail","hentry"],"acf":[],"yoast_head":"<!-- This site is optimized with the Yoast SEO plugin v26.2 - https:\/\/yoast.com\/wordpress\/plugins\/seo\/ -->\n<title>Olavo Machado Junior \u00e9 homenageado - SESI Cultura<\/title>\n<meta name=\"robots\" content=\"index, follow, max-snippet:-1, max-image-preview:large, max-video-preview:-1\" \/>\n<link rel=\"canonical\" href=\"https:\/\/www.fiemg.com.br\/sesi-cultura\/publicacoes-interna\/olavo-machado-junior-e-homenageado\/\" \/>\n<meta property=\"og:locale\" content=\"pt_BR\" \/>\n<meta property=\"og:type\" content=\"article\" \/>\n<meta property=\"og:title\" content=\"Olavo Machado Junior \u00e9 homenageado - SESI Cultura\" \/>\n<meta property=\"og:description\" content=\"Gratid\u00e3o e reconhecimento marcaram a solenidade https:\/\/www.fiemg.com.br\/sesi-cultra &#8220;Seja bem vindo, Dr. Olavo, para esta homenagem dos funcion&aacute;rios do Sistema FIEMG&#8221;. Com essas palavras e aplausos de um audit&oacute;rio lotado, Olavo Machado Junior foi surpreendido desde o in&iacute;cio da solenidade em homenagem aos seus oito anos na presid&ecirc;ncia do Sistema FIEMG. O evento, no dia 16\/5, [&hellip;]\" \/>\n<meta property=\"og:url\" content=\"https:\/\/www.fiemg.com.br\/sesi-cultura\/publicacoes-interna\/olavo-machado-junior-e-homenageado\/\" \/>\n<meta property=\"og:site_name\" content=\"SESI Cultura\" \/>\n<meta property=\"og:image\" content=\"https:\/\/www.fiemg.com.br\/sesi-cultura\/wp-content\/uploads\/sites\/28\/2023\/08\/default.png\" \/>\n\t<meta property=\"og:image:width\" content=\"300\" \/>\n\t<meta property=\"og:image:height\" content=\"300\" \/>\n\t<meta property=\"og:image:type\" content=\"image\/png\" \/>\n<meta name=\"twitter:card\" content=\"summary_large_image\" \/>\n<meta name=\"twitter:label1\" content=\"Est. tempo de leitura\" \/>\n\t<meta name=\"twitter:data1\" content=\"2 minutos\" \/>\n<script type=\"application\/ld+json\" class=\"yoast-schema-graph\">{\"@context\":\"https:\/\/schema.org\",\"@graph\":[{\"@type\":\"WebPage\",\"@id\":\"https:\/\/www.fiemg.com.br\/sesi-cultura\/publicacoes-interna\/olavo-machado-junior-e-homenageado\/\",\"url\":\"https:\/\/www.fiemg.com.br\/sesi-cultura\/publicacoes-interna\/olavo-machado-junior-e-homenageado\/\",\"name\":\"Olavo Machado Junior \u00e9 homenageado - SESI Cultura\",\"isPartOf\":{\"@id\":\"https:\/\/www.fiemg.com.br\/sesi-cultura\/#website\"},\"primaryImageOfPage\":{\"@id\":\"https:\/\/www.fiemg.com.br\/sesi-cultura\/publicacoes-interna\/olavo-machado-junior-e-homenageado\/#primaryimage\"},\"image\":{\"@id\":\"https:\/\/www.fiemg.com.br\/sesi-cultura\/publicacoes-interna\/olavo-machado-junior-e-homenageado\/#primaryimage\"},\"thumbnailUrl\":\"https:\/\/www.fiemg.com.br\/sesi-cultura\/wp-content\/uploads\/sites\/28\/2023\/08\/default.png\",\"datePublished\":\"2023-07-07T23:46:16+00:00\",\"breadcrumb\":{\"@id\":\"https:\/\/www.fiemg.com.br\/sesi-cultura\/publicacoes-interna\/olavo-machado-junior-e-homenageado\/#breadcrumb\"},\"inLanguage\":\"pt-BR\",\"potentialAction\":[{\"@type\":\"ReadAction\",\"target\":[\"https:\/\/www.fiemg.com.br\/sesi-cultura\/publicacoes-interna\/olavo-machado-junior-e-homenageado\/\"]}]},{\"@type\":\"ImageObject\",\"inLanguage\":\"pt-BR\",\"@id\":\"https:\/\/www.fiemg.com.br\/sesi-cultura\/publicacoes-interna\/olavo-machado-junior-e-homenageado\/#primaryimage\",\"url\":\"https:\/\/www.fiemg.com.br\/sesi-cultura\/wp-content\/uploads\/sites\/28\/2023\/08\/default.png\",\"contentUrl\":\"https:\/\/www.fiemg.com.br\/sesi-cultura\/wp-content\/uploads\/sites\/28\/2023\/08\/default.png\",\"width\":300,\"height\":300},{\"@type\":\"BreadcrumbList\",\"@id\":\"https:\/\/www.fiemg.com.br\/sesi-cultura\/publicacoes-interna\/olavo-machado-junior-e-homenageado\/#breadcrumb\",\"itemListElement\":[{\"@type\":\"ListItem\",\"position\":1,\"name\":\"In\u00edcio\",\"item\":\"https:\/\/www.fiemg.com.br\/sesi-cultura\/\"},{\"@type\":\"ListItem\",\"position\":2,\"name\":\"Olavo Machado Junior \u00e9 homenageado\"}]},{\"@type\":\"WebSite\",\"@id\":\"https:\/\/www.fiemg.com.br\/sesi-cultura\/#website\",\"url\":\"https:\/\/www.fiemg.com.br\/sesi-cultura\/\",\"name\":\"SESI Cultura\",\"description\":\"Federa\u00e7\u00e3o das Ind\u00fastrias do Estado de Minas Gerais\",\"publisher\":{\"@id\":\"https:\/\/www.fiemg.com.br\/sesi-cultura\/#organization\"},\"potentialAction\":[{\"@type\":\"SearchAction\",\"target\":{\"@type\":\"EntryPoint\",\"urlTemplate\":\"https:\/\/www.fiemg.com.br\/sesi-cultura\/?s={search_term_string}\"},\"query-input\":{\"@type\":\"PropertyValueSpecification\",\"valueRequired\":true,\"valueName\":\"search_term_string\"}}],\"inLanguage\":\"pt-BR\"},{\"@type\":\"Organization\",\"@id\":\"https:\/\/www.fiemg.com.br\/sesi-cultura\/#organization\",\"name\":\"SESI Cultura\",\"url\":\"https:\/\/www.fiemg.com.br\/sesi-cultura\/\",\"logo\":{\"@type\":\"ImageObject\",\"inLanguage\":\"pt-BR\",\"@id\":\"https:\/\/www.fiemg.com.br\/sesi-cultura\/#\/schema\/logo\/image\/\",\"url\":\"https:\/\/www.fiemg.com.br\/sesi-cultura\/wp-content\/uploads\/sites\/28\/2023\/02\/LO000325_SESI_CULTURA_NOVA_LOGO_BRANCO_site_1.png\",\"contentUrl\":\"https:\/\/www.fiemg.com.br\/sesi-cultura\/wp-content\/uploads\/sites\/28\/2023\/02\/LO000325_SESI_CULTURA_NOVA_LOGO_BRANCO_site_1.png\",\"width\":394,\"height\":168,\"caption\":\"SESI Cultura\"},\"image\":{\"@id\":\"https:\/\/www.fiemg.com.br\/sesi-cultura\/#\/schema\/logo\/image\/\"}}]}<\/script>\n<!-- \/ Yoast SEO plugin. -->","yoast_head_json":{"title":"Olavo Machado Junior \u00e9 homenageado - SESI Cultura","robots":{"index":"index","follow":"follow","max-snippet":"max-snippet:-1","max-image-preview":"max-image-preview:large","max-video-preview":"max-video-preview:-1"},"canonical":"https:\/\/www.fiemg.com.br\/sesi-cultura\/publicacoes-interna\/olavo-machado-junior-e-homenageado\/","og_locale":"pt_BR","og_type":"article","og_title":"Olavo Machado Junior \u00e9 homenageado - SESI Cultura","og_description":"Gratid\u00e3o e reconhecimento marcaram a solenidade https:\/\/www.fiemg.com.br\/sesi-cultra &#8220;Seja bem vindo, Dr. Olavo, para esta homenagem dos funcion&aacute;rios do Sistema FIEMG&#8221;. Com essas palavras e aplausos de um audit&oacute;rio lotado, Olavo Machado Junior foi surpreendido desde o in&iacute;cio da solenidade em homenagem aos seus oito anos na presid&ecirc;ncia do Sistema FIEMG. O evento, no dia 16\/5, [&hellip;]","og_url":"https:\/\/www.fiemg.com.br\/sesi-cultura\/publicacoes-interna\/olavo-machado-junior-e-homenageado\/","og_site_name":"SESI Cultura","og_image":[{"width":300,"height":300,"url":"https:\/\/www.fiemg.com.br\/sesi-cultura\/wp-content\/uploads\/sites\/28\/2023\/08\/default.png","type":"image\/png"}],"twitter_card":"summary_large_image","twitter_misc":{"Est. tempo de leitura":"2 minutos"},"schema":{"@context":"https:\/\/schema.org","@graph":[{"@type":"WebPage","@id":"https:\/\/www.fiemg.com.br\/sesi-cultura\/publicacoes-interna\/olavo-machado-junior-e-homenageado\/","url":"https:\/\/www.fiemg.com.br\/sesi-cultura\/publicacoes-interna\/olavo-machado-junior-e-homenageado\/","name":"Olavo Machado Junior \u00e9 homenageado - SESI Cultura","isPartOf":{"@id":"https:\/\/www.fiemg.com.br\/sesi-cultura\/#website"},"primaryImageOfPage":{"@id":"https:\/\/www.fiemg.com.br\/sesi-cultura\/publicacoes-interna\/olavo-machado-junior-e-homenageado\/#primaryimage"},"image":{"@id":"https:\/\/www.fiemg.com.br\/sesi-cultura\/publicacoes-interna\/olavo-machado-junior-e-homenageado\/#primaryimage"},"thumbnailUrl":"https:\/\/www.fiemg.com.br\/sesi-cultura\/wp-content\/uploads\/sites\/28\/2023\/08\/default.png","datePublished":"2023-07-07T23:46:16+00:00","breadcrumb":{"@id":"https:\/\/www.fiemg.com.br\/sesi-cultura\/publicacoes-interna\/olavo-machado-junior-e-homenageado\/#breadcrumb"},"inLanguage":"pt-BR","potentialAction":[{"@type":"ReadAction","target":["https:\/\/www.fiemg.com.br\/sesi-cultura\/publicacoes-interna\/olavo-machado-junior-e-homenageado\/"]}]},{"@type":"ImageObject","inLanguage":"pt-BR","@id":"https:\/\/www.fiemg.com.br\/sesi-cultura\/publicacoes-interna\/olavo-machado-junior-e-homenageado\/#primaryimage","url":"https:\/\/www.fiemg.com.br\/sesi-cultura\/wp-content\/uploads\/sites\/28\/2023\/08\/default.png","contentUrl":"https:\/\/www.fiemg.com.br\/sesi-cultura\/wp-content\/uploads\/sites\/28\/2023\/08\/default.png","width":300,"height":300},{"@type":"BreadcrumbList","@id":"https:\/\/www.fiemg.com.br\/sesi-cultura\/publicacoes-interna\/olavo-machado-junior-e-homenageado\/#breadcrumb","itemListElement":[{"@type":"ListItem","position":1,"name":"In\u00edcio","item":"https:\/\/www.fiemg.com.br\/sesi-cultura\/"},{"@type":"ListItem","position":2,"name":"Olavo Machado Junior \u00e9 homenageado"}]},{"@type":"WebSite","@id":"https:\/\/www.fiemg.com.br\/sesi-cultura\/#website","url":"https:\/\/www.fiemg.com.br\/sesi-cultura\/","name":"SESI Cultura","description":"Federa\u00e7\u00e3o das Ind\u00fastrias do Estado de Minas Gerais","publisher":{"@id":"https:\/\/www.fiemg.com.br\/sesi-cultura\/#organization"},"potentialAction":[{"@type":"SearchAction","target":{"@type":"EntryPoint","urlTemplate":"https:\/\/www.fiemg.com.br\/sesi-cultura\/?s={search_term_string}"},"query-input":{"@type":"PropertyValueSpecification","valueRequired":true,"valueName":"search_term_string"}}],"inLanguage":"pt-BR"},{"@type":"Organization","@id":"https:\/\/www.fiemg.com.br\/sesi-cultura\/#organization","name":"SESI Cultura","url":"https:\/\/www.fiemg.com.br\/sesi-cultura\/","logo":{"@type":"ImageObject","inLanguage":"pt-BR","@id":"https:\/\/www.fiemg.com.br\/sesi-cultura\/#\/schema\/logo\/image\/","url":"https:\/\/www.fiemg.com.br\/sesi-cultura\/wp-content\/uploads\/sites\/28\/2023\/02\/LO000325_SESI_CULTURA_NOVA_LOGO_BRANCO_site_1.png","contentUrl":"https:\/\/www.fiemg.com.br\/sesi-cultura\/wp-content\/uploads\/sites\/28\/2023\/02\/LO000325_SESI_CULTURA_NOVA_LOGO_BRANCO_site_1.png","width":394,"height":168,"caption":"SESI Cultura"},"image":{"@id":"https:\/\/www.fiemg.com.br\/sesi-cultura\/#\/schema\/logo\/image\/"}}]}},"_links":{"self":[{"href":"https:\/\/www.fiemg.com.br\/sesi-cultura\/wp-json\/wp\/v2\/publicacoes-interna\/2643","targetHints":{"allow":["GET"]}}],"collection":[{"href":"https:\/\/www.fiemg.com.br\/sesi-cultura\/wp-json\/wp\/v2\/publicacoes-interna"}],"about":[{"href":"https:\/\/www.fiemg.com.br\/sesi-cultura\/wp-json\/wp\/v2\/types\/publicacoes-interna"}],"wp:featuredmedia":[{"embeddable":true,"href":"https:\/\/www.fiemg.com.br\/sesi-cultura\/wp-json\/wp\/v2\/media\/4319"}],"wp:attachment":[{"href":"https:\/\/www.fiemg.com.br\/sesi-cultura\/wp-json\/wp\/v2\/media?parent=2643"}],"wp:term":[{"taxonomy":"categoria_publicacao_interna","embeddable":true,"href":"https:\/\/www.fiemg.com.br\/sesi-cultura\/wp-json\/wp\/v2\/categoria_publicacao_interna?post=2643"}],"curies":[{"name":"wp","href":"https:\/\/api.w.org\/{rel}","templated":true}]}}