{"id":3846,"date":"2023-07-18T17:23:10","date_gmt":"2023-07-18T17:23:10","guid":{"rendered":"https:\/\/www.fiemg.com.br\/sesi-cultra\/seu-evento-aqui\/detalhe\/galeria-de-arte-sesiminas-bh\/"},"modified":"2025-01-22T21:50:03","modified_gmt":"2025-01-23T00:50:03","slug":"galeria-de-arte-sesiminas-bh","status":"publish","type":"seu-evento-aqui","link":"https:\/\/www.fiemg.com.br\/sesi-cultura\/seu-evento-aqui\/detalhe\/galeria-de-arte-sesiminas-bh\/","title":{"rendered":"Galeria de Arte SESIMINAS BH"},"content":{"rendered":"<p>A Galeria de Arte do SESIMINAS BH conta com acessibilidade total e espa\u00e7o adequado para exposi\u00e7\u00f5es e recep\u00e7\u00f5es. Ideal para eventos culturais, sociais e corporativos.<\/p>\n<p>A localiza\u00e7\u00e3o \u00e9 privilegiada, na entrada do Centro Cultural. Os visitantes e p\u00fablicos dos teatros t\u00eam a oportunidade de acessar o espa\u00e7o e ver as exposi\u00e7\u00f5es em cartaz enquanto aguardam o in\u00edcio dos espet\u00e1culos.<\/p>\n<p><strong>Nossa equipe est\u00e1 preparada para produzir todos os tipos de eventos, sejam eles culturais, sociais ou corporativos. Conte conosco para realizar seu evento e adequar o espa\u00e7o para o formato que deseja.<\/strong><\/p>\n<p><strong>Capacidade:\u00a0<\/strong>130 pessoas<\/p>\n<p><strong>Tamanho:<\/strong>\u00a0cerca de 130m\u00b2<\/p>\n<p><strong>Contato<\/strong><br \/>\n\u260e (31) 2116-0418 &#8211; Informa\u00e7\u00f5es<\/p>\n<p>\u260e\u00a0(31) 3241-7168 &#8211; Comercial<\/p>\n<p>(31) 97157-0747<\/p>\n<p>\u2709\u00a0<a href=\"mailto:sesiculturamg@fiemg.com.br\">sesiculturamg@fiemg.com.br<\/a><\/p>\n<p><strong>Localiza\u00e7\u00e3o<br \/>\n<\/strong>\u00a0Rua Padre Marinho, 60 &#8211; Santa Efig\u00eania, Belo Horizonte &#8211; MG<br \/>\n\u2762\u00a0\u00a0<a href=\"https:\/\/www.google.com\/maps\/place\/Centro+Cultural+SESIMINAS\/@-19.925084,-43.9202833,15z\/data=!4m2!3m1!1s0x0:0x40169a3faec02baa?sa=X&amp;ved=2ahUKEwjdjpWkyv3sAhV5ILkGHWC4CI4Q_BIwCnoECBQQBQ\" target=\"_blank\" rel=\"noopener\">Veja no mapa<\/a><\/p>\n","protected":false},"featured_media":3926,"parent":0,"menu_order":0,"template":"","categories":[371,368,136],"tags":[402,401,254],"class_list":["post-3846","seu-evento-aqui","type-seu-evento-aqui","status-publish","has-post-thumbnail","hentry","category-aluguel-de-espacos","category-galeria-de-arte","category-sesi-cultura","tag-aluguel-de-espacos","tag-galeria-de-arte","tag-sesi-cultura"],"acf":[],"yoast_head":"<!-- This site is optimized with the Yoast SEO plugin v26.2 - https:\/\/yoast.com\/wordpress\/plugins\/seo\/ -->\n<title>Galeria de Arte SESIMINAS BH - SESI Cultura<\/title>\n<meta name=\"robots\" content=\"index, follow, max-snippet:-1, max-image-preview:large, max-video-preview:-1\" \/>\n<link rel=\"canonical\" href=\"https:\/\/www.fiemg.com.br\/sesi-cultura\/seu-evento-aqui\/detalhe\/galeria-de-arte-sesiminas-bh\/\" \/>\n<meta property=\"og:locale\" content=\"pt_BR\" \/>\n<meta property=\"og:type\" content=\"article\" \/>\n<meta property=\"og:title\" content=\"Galeria de Arte SESIMINAS BH - SESI Cultura\" \/>\n<meta property=\"og:description\" content=\"A Galeria de Arte do SESIMINAS BH conta com acessibilidade total e espa\u00e7o adequado para exposi\u00e7\u00f5es e recep\u00e7\u00f5es. Ideal para eventos culturais, sociais e corporativos. A localiza\u00e7\u00e3o \u00e9 privilegiada, na entrada do Centro Cultural. Os visitantes e p\u00fablicos dos teatros t\u00eam a oportunidade de acessar o espa\u00e7o e ver as exposi\u00e7\u00f5es em cartaz enquanto aguardam [&hellip;]\" \/>\n<meta property=\"og:url\" content=\"https:\/\/www.fiemg.com.br\/sesi-cultura\/seu-evento-aqui\/detalhe\/galeria-de-arte-sesiminas-bh\/\" \/>\n<meta property=\"og:site_name\" content=\"SESI Cultura\" \/>\n<meta property=\"article:modified_time\" content=\"2025-01-23T00:50:03+00:00\" \/>\n<meta property=\"og:image\" content=\"https:\/\/www.fiemg.com.br\/sesi-cultura\/wp-content\/uploads\/sites\/28\/2023\/07\/f7e223252a54f66aa050fd83a123c22bc1fc9609ec035e4d3df0da383d625ca3-1-e1690313746835.jpg\" \/>\n\t<meta property=\"og:image:width\" content=\"484\" \/>\n\t<meta property=\"og:image:height\" content=\"384\" \/>\n\t<meta property=\"og:image:type\" content=\"image\/jpeg\" \/>\n<meta name=\"twitter:card\" content=\"summary_large_image\" \/>\n<meta name=\"twitter:label1\" content=\"Est. tempo de leitura\" \/>\n\t<meta name=\"twitter:data1\" content=\"1 minuto\" \/>\n<script type=\"application\/ld+json\" class=\"yoast-schema-graph\">{\"@context\":\"https:\/\/schema.org\",\"@graph\":[{\"@type\":\"WebPage\",\"@id\":\"https:\/\/www.fiemg.com.br\/sesi-cultura\/seu-evento-aqui\/detalhe\/galeria-de-arte-sesiminas-bh\/\",\"url\":\"https:\/\/www.fiemg.com.br\/sesi-cultura\/seu-evento-aqui\/detalhe\/galeria-de-arte-sesiminas-bh\/\",\"name\":\"Galeria de Arte SESIMINAS BH - SESI Cultura\",\"isPartOf\":{\"@id\":\"https:\/\/www.fiemg.com.br\/sesi-cultura\/#website\"},\"primaryImageOfPage\":{\"@id\":\"https:\/\/www.fiemg.com.br\/sesi-cultura\/seu-evento-aqui\/detalhe\/galeria-de-arte-sesiminas-bh\/#primaryimage\"},\"image\":{\"@id\":\"https:\/\/www.fiemg.com.br\/sesi-cultura\/seu-evento-aqui\/detalhe\/galeria-de-arte-sesiminas-bh\/#primaryimage\"},\"thumbnailUrl\":\"https:\/\/www.fiemg.com.br\/sesi-cultura\/wp-content\/uploads\/sites\/28\/2023\/07\/f7e223252a54f66aa050fd83a123c22bc1fc9609ec035e4d3df0da383d625ca3-1-e1690313746835.jpg\",\"datePublished\":\"2023-07-18T17:23:10+00:00\",\"dateModified\":\"2025-01-23T00:50:03+00:00\",\"breadcrumb\":{\"@id\":\"https:\/\/www.fiemg.com.br\/sesi-cultura\/seu-evento-aqui\/detalhe\/galeria-de-arte-sesiminas-bh\/#breadcrumb\"},\"inLanguage\":\"pt-BR\",\"potentialAction\":[{\"@type\":\"ReadAction\",\"target\":[\"https:\/\/www.fiemg.com.br\/sesi-cultura\/seu-evento-aqui\/detalhe\/galeria-de-arte-sesiminas-bh\/\"]}]},{\"@type\":\"ImageObject\",\"inLanguage\":\"pt-BR\",\"@id\":\"https:\/\/www.fiemg.com.br\/sesi-cultura\/seu-evento-aqui\/detalhe\/galeria-de-arte-sesiminas-bh\/#primaryimage\",\"url\":\"https:\/\/www.fiemg.com.br\/sesi-cultura\/wp-content\/uploads\/sites\/28\/2023\/07\/f7e223252a54f66aa050fd83a123c22bc1fc9609ec035e4d3df0da383d625ca3-1-e1690313746835.jpg\",\"contentUrl\":\"https:\/\/www.fiemg.com.br\/sesi-cultura\/wp-content\/uploads\/sites\/28\/2023\/07\/f7e223252a54f66aa050fd83a123c22bc1fc9609ec035e4d3df0da383d625ca3-1-e1690313746835.jpg\",\"width\":484,\"height\":384,\"caption\":\"Galeria de Arte SESIMINAS BH\"},{\"@type\":\"BreadcrumbList\",\"@id\":\"https:\/\/www.fiemg.com.br\/sesi-cultura\/seu-evento-aqui\/detalhe\/galeria-de-arte-sesiminas-bh\/#breadcrumb\",\"itemListElement\":[{\"@type\":\"ListItem\",\"position\":1,\"name\":\"In\u00edcio\",\"item\":\"https:\/\/www.fiemg.com.br\/sesi-cultura\/\"},{\"@type\":\"ListItem\",\"position\":2,\"name\":\"Seus eventos aqui\",\"item\":\"https:\/\/www.fiemg.com.br\/sesi-cultura\/seu-evento-aqui\/\"},{\"@type\":\"ListItem\",\"position\":3,\"name\":\"Galeria de Arte SESIMINAS BH\"}]},{\"@type\":\"WebSite\",\"@id\":\"https:\/\/www.fiemg.com.br\/sesi-cultura\/#website\",\"url\":\"https:\/\/www.fiemg.com.br\/sesi-cultura\/\",\"name\":\"SESI Cultura\",\"description\":\"Federa\u00e7\u00e3o das Ind\u00fastrias do Estado de Minas Gerais\",\"publisher\":{\"@id\":\"https:\/\/www.fiemg.com.br\/sesi-cultura\/#organization\"},\"potentialAction\":[{\"@type\":\"SearchAction\",\"target\":{\"@type\":\"EntryPoint\",\"urlTemplate\":\"https:\/\/www.fiemg.com.br\/sesi-cultura\/?s={search_term_string}\"},\"query-input\":{\"@type\":\"PropertyValueSpecification\",\"valueRequired\":true,\"valueName\":\"search_term_string\"}}],\"inLanguage\":\"pt-BR\"},{\"@type\":\"Organization\",\"@id\":\"https:\/\/www.fiemg.com.br\/sesi-cultura\/#organization\",\"name\":\"SESI Cultura\",\"url\":\"https:\/\/www.fiemg.com.br\/sesi-cultura\/\",\"logo\":{\"@type\":\"ImageObject\",\"inLanguage\":\"pt-BR\",\"@id\":\"https:\/\/www.fiemg.com.br\/sesi-cultura\/#\/schema\/logo\/image\/\",\"url\":\"https:\/\/www.fiemg.com.br\/sesi-cultura\/wp-content\/uploads\/sites\/28\/2023\/02\/LO000325_SESI_CULTURA_NOVA_LOGO_BRANCO_site_1.png\",\"contentUrl\":\"https:\/\/www.fiemg.com.br\/sesi-cultura\/wp-content\/uploads\/sites\/28\/2023\/02\/LO000325_SESI_CULTURA_NOVA_LOGO_BRANCO_site_1.png\",\"width\":394,\"height\":168,\"caption\":\"SESI Cultura\"},\"image\":{\"@id\":\"https:\/\/www.fiemg.com.br\/sesi-cultura\/#\/schema\/logo\/image\/\"}}]}<\/script>\n<!-- \/ Yoast SEO plugin. -->","yoast_head_json":{"title":"Galeria de Arte SESIMINAS BH - SESI Cultura","robots":{"index":"index","follow":"follow","max-snippet":"max-snippet:-1","max-image-preview":"max-image-preview:large","max-video-preview":"max-video-preview:-1"},"canonical":"https:\/\/www.fiemg.com.br\/sesi-cultura\/seu-evento-aqui\/detalhe\/galeria-de-arte-sesiminas-bh\/","og_locale":"pt_BR","og_type":"article","og_title":"Galeria de Arte SESIMINAS BH - SESI Cultura","og_description":"A Galeria de Arte do SESIMINAS BH conta com acessibilidade total e espa\u00e7o adequado para exposi\u00e7\u00f5es e recep\u00e7\u00f5es. Ideal para eventos culturais, sociais e corporativos. A localiza\u00e7\u00e3o \u00e9 privilegiada, na entrada do Centro Cultural. Os visitantes e p\u00fablicos dos teatros t\u00eam a oportunidade de acessar o espa\u00e7o e ver as exposi\u00e7\u00f5es em cartaz enquanto aguardam [&hellip;]","og_url":"https:\/\/www.fiemg.com.br\/sesi-cultura\/seu-evento-aqui\/detalhe\/galeria-de-arte-sesiminas-bh\/","og_site_name":"SESI Cultura","article_modified_time":"2025-01-23T00:50:03+00:00","og_image":[{"width":484,"height":384,"url":"https:\/\/www.fiemg.com.br\/sesi-cultura\/wp-content\/uploads\/sites\/28\/2023\/07\/f7e223252a54f66aa050fd83a123c22bc1fc9609ec035e4d3df0da383d625ca3-1-e1690313746835.jpg","type":"image\/jpeg"}],"twitter_card":"summary_large_image","twitter_misc":{"Est. tempo de leitura":"1 minuto"},"schema":{"@context":"https:\/\/schema.org","@graph":[{"@type":"WebPage","@id":"https:\/\/www.fiemg.com.br\/sesi-cultura\/seu-evento-aqui\/detalhe\/galeria-de-arte-sesiminas-bh\/","url":"https:\/\/www.fiemg.com.br\/sesi-cultura\/seu-evento-aqui\/detalhe\/galeria-de-arte-sesiminas-bh\/","name":"Galeria de Arte SESIMINAS BH - SESI Cultura","isPartOf":{"@id":"https:\/\/www.fiemg.com.br\/sesi-cultura\/#website"},"primaryImageOfPage":{"@id":"https:\/\/www.fiemg.com.br\/sesi-cultura\/seu-evento-aqui\/detalhe\/galeria-de-arte-sesiminas-bh\/#primaryimage"},"image":{"@id":"https:\/\/www.fiemg.com.br\/sesi-cultura\/seu-evento-aqui\/detalhe\/galeria-de-arte-sesiminas-bh\/#primaryimage"},"thumbnailUrl":"https:\/\/www.fiemg.com.br\/sesi-cultura\/wp-content\/uploads\/sites\/28\/2023\/07\/f7e223252a54f66aa050fd83a123c22bc1fc9609ec035e4d3df0da383d625ca3-1-e1690313746835.jpg","datePublished":"2023-07-18T17:23:10+00:00","dateModified":"2025-01-23T00:50:03+00:00","breadcrumb":{"@id":"https:\/\/www.fiemg.com.br\/sesi-cultura\/seu-evento-aqui\/detalhe\/galeria-de-arte-sesiminas-bh\/#breadcrumb"},"inLanguage":"pt-BR","potentialAction":[{"@type":"ReadAction","target":["https:\/\/www.fiemg.com.br\/sesi-cultura\/seu-evento-aqui\/detalhe\/galeria-de-arte-sesiminas-bh\/"]}]},{"@type":"ImageObject","inLanguage":"pt-BR","@id":"https:\/\/www.fiemg.com.br\/sesi-cultura\/seu-evento-aqui\/detalhe\/galeria-de-arte-sesiminas-bh\/#primaryimage","url":"https:\/\/www.fiemg.com.br\/sesi-cultura\/wp-content\/uploads\/sites\/28\/2023\/07\/f7e223252a54f66aa050fd83a123c22bc1fc9609ec035e4d3df0da383d625ca3-1-e1690313746835.jpg","contentUrl":"https:\/\/www.fiemg.com.br\/sesi-cultura\/wp-content\/uploads\/sites\/28\/2023\/07\/f7e223252a54f66aa050fd83a123c22bc1fc9609ec035e4d3df0da383d625ca3-1-e1690313746835.jpg","width":484,"height":384,"caption":"Galeria de Arte SESIMINAS BH"},{"@type":"BreadcrumbList","@id":"https:\/\/www.fiemg.com.br\/sesi-cultura\/seu-evento-aqui\/detalhe\/galeria-de-arte-sesiminas-bh\/#breadcrumb","itemListElement":[{"@type":"ListItem","position":1,"name":"In\u00edcio","item":"https:\/\/www.fiemg.com.br\/sesi-cultura\/"},{"@type":"ListItem","position":2,"name":"Seus eventos aqui","item":"https:\/\/www.fiemg.com.br\/sesi-cultura\/seu-evento-aqui\/"},{"@type":"ListItem","position":3,"name":"Galeria de Arte SESIMINAS BH"}]},{"@type":"WebSite","@id":"https:\/\/www.fiemg.com.br\/sesi-cultura\/#website","url":"https:\/\/www.fiemg.com.br\/sesi-cultura\/","name":"SESI Cultura","description":"Federa\u00e7\u00e3o das Ind\u00fastrias do Estado de Minas Gerais","publisher":{"@id":"https:\/\/www.fiemg.com.br\/sesi-cultura\/#organization"},"potentialAction":[{"@type":"SearchAction","target":{"@type":"EntryPoint","urlTemplate":"https:\/\/www.fiemg.com.br\/sesi-cultura\/?s={search_term_string}"},"query-input":{"@type":"PropertyValueSpecification","valueRequired":true,"valueName":"search_term_string"}}],"inLanguage":"pt-BR"},{"@type":"Organization","@id":"https:\/\/www.fiemg.com.br\/sesi-cultura\/#organization","name":"SESI Cultura","url":"https:\/\/www.fiemg.com.br\/sesi-cultura\/","logo":{"@type":"ImageObject","inLanguage":"pt-BR","@id":"https:\/\/www.fiemg.com.br\/sesi-cultura\/#\/schema\/logo\/image\/","url":"https:\/\/www.fiemg.com.br\/sesi-cultura\/wp-content\/uploads\/sites\/28\/2023\/02\/LO000325_SESI_CULTURA_NOVA_LOGO_BRANCO_site_1.png","contentUrl":"https:\/\/www.fiemg.com.br\/sesi-cultura\/wp-content\/uploads\/sites\/28\/2023\/02\/LO000325_SESI_CULTURA_NOVA_LOGO_BRANCO_site_1.png","width":394,"height":168,"caption":"SESI Cultura"},"image":{"@id":"https:\/\/www.fiemg.com.br\/sesi-cultura\/#\/schema\/logo\/image\/"}}]}},"_links":{"self":[{"href":"https:\/\/www.fiemg.com.br\/sesi-cultura\/wp-json\/wp\/v2\/seu-evento-aqui\/3846","targetHints":{"allow":["GET"]}}],"collection":[{"href":"https:\/\/www.fiemg.com.br\/sesi-cultura\/wp-json\/wp\/v2\/seu-evento-aqui"}],"about":[{"href":"https:\/\/www.fiemg.com.br\/sesi-cultura\/wp-json\/wp\/v2\/types\/seu-evento-aqui"}],"wp:featuredmedia":[{"embeddable":true,"href":"https:\/\/www.fiemg.com.br\/sesi-cultura\/wp-json\/wp\/v2\/media\/3926"}],"wp:attachment":[{"href":"https:\/\/www.fiemg.com.br\/sesi-cultura\/wp-json\/wp\/v2\/media?parent=3846"}],"wp:term":[{"taxonomy":"category","embeddable":true,"href":"https:\/\/www.fiemg.com.br\/sesi-cultura\/wp-json\/wp\/v2\/categories?post=3846"},{"taxonomy":"post_tag","embeddable":true,"href":"https:\/\/www.fiemg.com.br\/sesi-cultura\/wp-json\/wp\/v2\/tags?post=3846"}],"curies":[{"name":"wp","href":"https:\/\/api.w.org\/{rel}","templated":true}]}}