{"id":1657,"date":"2023-07-17T19:47:56","date_gmt":"2023-07-17T22:47:56","guid":{"rendered":"https:\/\/www.fiemg.com.br\/sesi\/escolas\/sesi-senai-juiz-de-fora-cdi-luiz-adelar-scheuer\/"},"modified":"2025-01-16T09:49:01","modified_gmt":"2025-01-16T12:49:01","slug":"sesi-senai-juiz-de-fora-cdi-luiz-adelar-scheuer","status":"publish","type":"escolas","link":"https:\/\/www.fiemg.com.br\/sesi\/unidades\/sesi-senai-juiz-de-fora-cdi-luiz-adelar-scheuer\/","title":{"rendered":"SENAI Juiz de Fora CDI Luiz Adelar Scheuer"},"content":{"rendered":"<h5>Produtos e servi\u00e7os oferecidos<\/h5>\n<h4><strong>Aprendizagem Industrial<\/strong><\/h4>\n<p>Controle de Qualidade<br \/>\nInstala\u00e7\u00e3o El\u00e9trica Predial<br \/>\nManuten\u00e7\u00e3o Eletromec\u00e2nica<br \/>\nManuten\u00e7\u00e3o Mec\u00e2nica de M\u00e1quinas Industriais<br \/>\nMec\u00e2nica Diesel<br \/>\nMontador de Estruturas Met\u00e1licas<br \/>\nOperador de M\u00e1quinas de Produtos Farmac\u00eauticos<br \/>\nProcessos Sider\u00fargicos<br \/>\nRepara\u00e7\u00e3o de Carrocerias de Ve\u00edculos<\/p>\n<p><strong>Cursos T\u00e9cnicos<\/strong><\/p>\n<p>Fabrica\u00e7\u00e3o Mec\u00e2nica<br \/>\nMecatr\u00f4nica<br \/>\nQualidade Industrial<\/p>\n<p><strong>Aperfei\u00e7oamento Profissional<\/strong><\/p>\n<p>Comando Num\u00e9rico Computadorizado CNC<br \/>\nControlador L\u00f3gico Program\u00e1vel CLP<br \/>\nEletrot\u00e9cnica<br \/>\nHidr\u00e1ulica<br \/>\nLeitura e Interpreta\u00e7\u00e3o de Desenho T\u00e9cnico<br \/>\nMetalmec\u00e2nica<br \/>\nNo\u00e7\u00f5es de Seguran\u00e7a e E PI<br \/>\nNR 10<br \/>\nNR 11<br \/>\nNR 18<br \/>\nNR 20<br \/>\nProcessos de Soldagem<br \/>\nSeguran\u00e7a na movimenta\u00e7\u00e3o de Cargas<br \/>\nSistemas e Motores El\u00e9tricos<\/p>\n<p><strong>Consultorias em Melhorias de Processos Produtivos<\/strong><br \/>\nLean Manufacturing<br \/>\nMelhoria de Layout<br \/>\nPCP<\/p>\n<p><strong>Consultoria na Adequa\u00e7\u00e3o a Normas e Processos T\u00e9cnicos<\/strong><br \/>\nAdequa\u00e7\u00e3o a NR12<\/p>\n<p><strong>Servi\u00e7os T\u00e9cnicos Especializados &#8211; STE<\/strong><br \/>\nPrototipagem: usinagem, manufatura Aditiva, corte a Laser<\/p>\n","protected":false},"featured_media":1658,"parent":0,"menu_order":80,"template":"","unidade":[40,39],"class_list":["post-1657","escolas","type-escolas","status-publish","has-post-thumbnail","hentry","unidade-unidade-senai","unidade-unidade-sesi"],"acf":[],"yoast_head":"<!-- This site is optimized with the Yoast SEO plugin v26.2 - https:\/\/yoast.com\/wordpress\/plugins\/seo\/ -->\n<title>SENAI Juiz de Fora CDI Luiz Adelar Scheuer - SESI<\/title>\n<meta name=\"robots\" content=\"index, follow, max-snippet:-1, max-image-preview:large, max-video-preview:-1\" \/>\n<link rel=\"canonical\" href=\"https:\/\/www.fiemg.com.br\/sesi\/escolas\/sesi-senai-juiz-de-fora-cdi-luiz-adelar-scheuer\/\" \/>\n<meta property=\"og:locale\" content=\"pt_BR\" \/>\n<meta property=\"og:type\" content=\"article\" \/>\n<meta property=\"og:title\" content=\"SENAI Juiz de Fora CDI Luiz Adelar Scheuer - SESI\" \/>\n<meta property=\"og:description\" content=\"Produtos e servi\u00e7os oferecidos Aprendizagem Industrial Controle de Qualidade Instala\u00e7\u00e3o El\u00e9trica Predial Manuten\u00e7\u00e3o Eletromec\u00e2nica Manuten\u00e7\u00e3o Mec\u00e2nica de M\u00e1quinas Industriais Mec\u00e2nica Diesel Montador de Estruturas Met\u00e1licas Operador de M\u00e1quinas de Produtos Farmac\u00eauticos Processos Sider\u00fargicos Repara\u00e7\u00e3o de Carrocerias de Ve\u00edculos Cursos T\u00e9cnicos Fabrica\u00e7\u00e3o Mec\u00e2nica Mecatr\u00f4nica Qualidade Industrial Aperfei\u00e7oamento Profissional Comando Num\u00e9rico Computadorizado CNC Controlador L\u00f3gico Program\u00e1vel CLP [&hellip;]\" \/>\n<meta property=\"og:url\" content=\"https:\/\/www.fiemg.com.br\/sesi\/escolas\/sesi-senai-juiz-de-fora-cdi-luiz-adelar-scheuer\/\" \/>\n<meta property=\"og:site_name\" content=\"SESI\" \/>\n<meta property=\"article:modified_time\" content=\"2025-01-16T12:49:01+00:00\" \/>\n<meta property=\"og:image\" content=\"https:\/\/www.fiemg.com.br\/sesi\/wp-content\/uploads\/sites\/11\/2023\/07\/senai-juiz-de-fora-cidt.jpg\" \/>\n\t<meta property=\"og:image:width\" content=\"640\" \/>\n\t<meta property=\"og:image:height\" content=\"240\" \/>\n\t<meta property=\"og:image:type\" content=\"image\/jpeg\" \/>\n<meta name=\"twitter:card\" content=\"summary_large_image\" \/>\n<meta name=\"twitter:label1\" content=\"Est. tempo de leitura\" \/>\n\t<meta name=\"twitter:data1\" content=\"1 minuto\" \/>\n<script type=\"application\/ld+json\" class=\"yoast-schema-graph\">{\"@context\":\"https:\/\/schema.org\",\"@graph\":[{\"@type\":\"WebPage\",\"@id\":\"https:\/\/www.fiemg.com.br\/sesi\/escolas\/sesi-senai-juiz-de-fora-cdi-luiz-adelar-scheuer\/\",\"url\":\"https:\/\/www.fiemg.com.br\/sesi\/escolas\/sesi-senai-juiz-de-fora-cdi-luiz-adelar-scheuer\/\",\"name\":\"SENAI Juiz de Fora CDI Luiz Adelar Scheuer - SESI\",\"isPartOf\":{\"@id\":\"https:\/\/www.fiemg.com.br\/sesi\/#website\"},\"primaryImageOfPage\":{\"@id\":\"https:\/\/www.fiemg.com.br\/sesi\/escolas\/sesi-senai-juiz-de-fora-cdi-luiz-adelar-scheuer\/#primaryimage\"},\"image\":{\"@id\":\"https:\/\/www.fiemg.com.br\/sesi\/escolas\/sesi-senai-juiz-de-fora-cdi-luiz-adelar-scheuer\/#primaryimage\"},\"thumbnailUrl\":\"https:\/\/www.fiemg.com.br\/sesi\/wp-content\/uploads\/sites\/11\/2023\/07\/senai-juiz-de-fora-cidt.jpg\",\"datePublished\":\"2023-07-17T22:47:56+00:00\",\"dateModified\":\"2025-01-16T12:49:01+00:00\",\"breadcrumb\":{\"@id\":\"https:\/\/www.fiemg.com.br\/sesi\/escolas\/sesi-senai-juiz-de-fora-cdi-luiz-adelar-scheuer\/#breadcrumb\"},\"inLanguage\":\"pt-BR\",\"potentialAction\":[{\"@type\":\"ReadAction\",\"target\":[\"https:\/\/www.fiemg.com.br\/sesi\/escolas\/sesi-senai-juiz-de-fora-cdi-luiz-adelar-scheuer\/\"]}]},{\"@type\":\"ImageObject\",\"inLanguage\":\"pt-BR\",\"@id\":\"https:\/\/www.fiemg.com.br\/sesi\/escolas\/sesi-senai-juiz-de-fora-cdi-luiz-adelar-scheuer\/#primaryimage\",\"url\":\"https:\/\/www.fiemg.com.br\/sesi\/wp-content\/uploads\/sites\/11\/2023\/07\/senai-juiz-de-fora-cidt.jpg\",\"contentUrl\":\"https:\/\/www.fiemg.com.br\/sesi\/wp-content\/uploads\/sites\/11\/2023\/07\/senai-juiz-de-fora-cidt.jpg\",\"width\":640,\"height\":240},{\"@type\":\"BreadcrumbList\",\"@id\":\"https:\/\/www.fiemg.com.br\/sesi\/escolas\/sesi-senai-juiz-de-fora-cdi-luiz-adelar-scheuer\/#breadcrumb\",\"itemListElement\":[{\"@type\":\"ListItem\",\"position\":1,\"name\":\"In\u00edcio\",\"item\":\"https:\/\/www.fiemg.com.br\/sesi\/\"},{\"@type\":\"ListItem\",\"position\":2,\"name\":\"SESI\/SENAI Juiz de Fora CDI Luiz Adelar Scheuer\"}]},{\"@type\":\"WebSite\",\"@id\":\"https:\/\/www.fiemg.com.br\/sesi\/#website\",\"url\":\"https:\/\/www.fiemg.com.br\/sesi\/\",\"name\":\"SESI\",\"description\":\"Federa\u00e7\u00e3o das Ind\u00fastrias do Estado de Minas Gerais\",\"publisher\":{\"@id\":\"https:\/\/www.fiemg.com.br\/sesi\/#organization\"},\"potentialAction\":[{\"@type\":\"SearchAction\",\"target\":{\"@type\":\"EntryPoint\",\"urlTemplate\":\"https:\/\/www.fiemg.com.br\/sesi\/?s={search_term_string}\"},\"query-input\":{\"@type\":\"PropertyValueSpecification\",\"valueRequired\":true,\"valueName\":\"search_term_string\"}}],\"inLanguage\":\"pt-BR\"},{\"@type\":\"Organization\",\"@id\":\"https:\/\/www.fiemg.com.br\/sesi\/#organization\",\"name\":\"SESI\",\"url\":\"https:\/\/www.fiemg.com.br\/sesi\/\",\"logo\":{\"@type\":\"ImageObject\",\"inLanguage\":\"pt-BR\",\"@id\":\"https:\/\/www.fiemg.com.br\/sesi\/#\/schema\/logo\/image\/\",\"url\":\"https:\/\/www.fiemg.com.br\/sesi\/wp-content\/uploads\/sites\/11\/2023\/02\/SESI_branco.svg\",\"contentUrl\":\"https:\/\/www.fiemg.com.br\/sesi\/wp-content\/uploads\/sites\/11\/2023\/02\/SESI_branco.svg\",\"width\":168,\"height\":62,\"caption\":\"SESI\"},\"image\":{\"@id\":\"https:\/\/www.fiemg.com.br\/sesi\/#\/schema\/logo\/image\/\"}}]}<\/script>\n<!-- \/ Yoast SEO plugin. -->","yoast_head_json":{"title":"SENAI Juiz de Fora CDI Luiz Adelar Scheuer - SESI","robots":{"index":"index","follow":"follow","max-snippet":"max-snippet:-1","max-image-preview":"max-image-preview:large","max-video-preview":"max-video-preview:-1"},"canonical":"https:\/\/www.fiemg.com.br\/sesi\/escolas\/sesi-senai-juiz-de-fora-cdi-luiz-adelar-scheuer\/","og_locale":"pt_BR","og_type":"article","og_title":"SENAI Juiz de Fora CDI Luiz Adelar Scheuer - SESI","og_description":"Produtos e servi\u00e7os oferecidos Aprendizagem Industrial Controle de Qualidade Instala\u00e7\u00e3o El\u00e9trica Predial Manuten\u00e7\u00e3o Eletromec\u00e2nica Manuten\u00e7\u00e3o Mec\u00e2nica de M\u00e1quinas Industriais Mec\u00e2nica Diesel Montador de Estruturas Met\u00e1licas Operador de M\u00e1quinas de Produtos Farmac\u00eauticos Processos Sider\u00fargicos Repara\u00e7\u00e3o de Carrocerias de Ve\u00edculos Cursos T\u00e9cnicos Fabrica\u00e7\u00e3o Mec\u00e2nica Mecatr\u00f4nica Qualidade Industrial Aperfei\u00e7oamento Profissional Comando Num\u00e9rico Computadorizado CNC Controlador L\u00f3gico Program\u00e1vel CLP [&hellip;]","og_url":"https:\/\/www.fiemg.com.br\/sesi\/escolas\/sesi-senai-juiz-de-fora-cdi-luiz-adelar-scheuer\/","og_site_name":"SESI","article_modified_time":"2025-01-16T12:49:01+00:00","og_image":[{"width":640,"height":240,"url":"https:\/\/www.fiemg.com.br\/sesi\/wp-content\/uploads\/sites\/11\/2023\/07\/senai-juiz-de-fora-cidt.jpg","type":"image\/jpeg"}],"twitter_card":"summary_large_image","twitter_misc":{"Est. tempo de leitura":"1 minuto"},"schema":{"@context":"https:\/\/schema.org","@graph":[{"@type":"WebPage","@id":"https:\/\/www.fiemg.com.br\/sesi\/escolas\/sesi-senai-juiz-de-fora-cdi-luiz-adelar-scheuer\/","url":"https:\/\/www.fiemg.com.br\/sesi\/escolas\/sesi-senai-juiz-de-fora-cdi-luiz-adelar-scheuer\/","name":"SENAI Juiz de Fora CDI Luiz Adelar Scheuer - SESI","isPartOf":{"@id":"https:\/\/www.fiemg.com.br\/sesi\/#website"},"primaryImageOfPage":{"@id":"https:\/\/www.fiemg.com.br\/sesi\/escolas\/sesi-senai-juiz-de-fora-cdi-luiz-adelar-scheuer\/#primaryimage"},"image":{"@id":"https:\/\/www.fiemg.com.br\/sesi\/escolas\/sesi-senai-juiz-de-fora-cdi-luiz-adelar-scheuer\/#primaryimage"},"thumbnailUrl":"https:\/\/www.fiemg.com.br\/sesi\/wp-content\/uploads\/sites\/11\/2023\/07\/senai-juiz-de-fora-cidt.jpg","datePublished":"2023-07-17T22:47:56+00:00","dateModified":"2025-01-16T12:49:01+00:00","breadcrumb":{"@id":"https:\/\/www.fiemg.com.br\/sesi\/escolas\/sesi-senai-juiz-de-fora-cdi-luiz-adelar-scheuer\/#breadcrumb"},"inLanguage":"pt-BR","potentialAction":[{"@type":"ReadAction","target":["https:\/\/www.fiemg.com.br\/sesi\/escolas\/sesi-senai-juiz-de-fora-cdi-luiz-adelar-scheuer\/"]}]},{"@type":"ImageObject","inLanguage":"pt-BR","@id":"https:\/\/www.fiemg.com.br\/sesi\/escolas\/sesi-senai-juiz-de-fora-cdi-luiz-adelar-scheuer\/#primaryimage","url":"https:\/\/www.fiemg.com.br\/sesi\/wp-content\/uploads\/sites\/11\/2023\/07\/senai-juiz-de-fora-cidt.jpg","contentUrl":"https:\/\/www.fiemg.com.br\/sesi\/wp-content\/uploads\/sites\/11\/2023\/07\/senai-juiz-de-fora-cidt.jpg","width":640,"height":240},{"@type":"BreadcrumbList","@id":"https:\/\/www.fiemg.com.br\/sesi\/escolas\/sesi-senai-juiz-de-fora-cdi-luiz-adelar-scheuer\/#breadcrumb","itemListElement":[{"@type":"ListItem","position":1,"name":"In\u00edcio","item":"https:\/\/www.fiemg.com.br\/sesi\/"},{"@type":"ListItem","position":2,"name":"SESI\/SENAI Juiz de Fora CDI Luiz Adelar Scheuer"}]},{"@type":"WebSite","@id":"https:\/\/www.fiemg.com.br\/sesi\/#website","url":"https:\/\/www.fiemg.com.br\/sesi\/","name":"SESI","description":"Federa\u00e7\u00e3o das Ind\u00fastrias do Estado de Minas Gerais","publisher":{"@id":"https:\/\/www.fiemg.com.br\/sesi\/#organization"},"potentialAction":[{"@type":"SearchAction","target":{"@type":"EntryPoint","urlTemplate":"https:\/\/www.fiemg.com.br\/sesi\/?s={search_term_string}"},"query-input":{"@type":"PropertyValueSpecification","valueRequired":true,"valueName":"search_term_string"}}],"inLanguage":"pt-BR"},{"@type":"Organization","@id":"https:\/\/www.fiemg.com.br\/sesi\/#organization","name":"SESI","url":"https:\/\/www.fiemg.com.br\/sesi\/","logo":{"@type":"ImageObject","inLanguage":"pt-BR","@id":"https:\/\/www.fiemg.com.br\/sesi\/#\/schema\/logo\/image\/","url":"https:\/\/www.fiemg.com.br\/sesi\/wp-content\/uploads\/sites\/11\/2023\/02\/SESI_branco.svg","contentUrl":"https:\/\/www.fiemg.com.br\/sesi\/wp-content\/uploads\/sites\/11\/2023\/02\/SESI_branco.svg","width":168,"height":62,"caption":"SESI"},"image":{"@id":"https:\/\/www.fiemg.com.br\/sesi\/#\/schema\/logo\/image\/"}}]}},"_links":{"self":[{"href":"https:\/\/www.fiemg.com.br\/sesi\/wp-json\/wp\/v2\/escolas\/1657","targetHints":{"allow":["GET"]}}],"collection":[{"href":"https:\/\/www.fiemg.com.br\/sesi\/wp-json\/wp\/v2\/escolas"}],"about":[{"href":"https:\/\/www.fiemg.com.br\/sesi\/wp-json\/wp\/v2\/types\/escolas"}],"wp:featuredmedia":[{"embeddable":true,"href":"https:\/\/www.fiemg.com.br\/sesi\/wp-json\/wp\/v2\/media\/1658"}],"wp:attachment":[{"href":"https:\/\/www.fiemg.com.br\/sesi\/wp-json\/wp\/v2\/media?parent=1657"}],"wp:term":[{"taxonomy":"unidade","embeddable":true,"href":"https:\/\/www.fiemg.com.br\/sesi\/wp-json\/wp\/v2\/unidade?post=1657"}],"curies":[{"name":"wp","href":"https:\/\/api.w.org\/{rel}","templated":true}]}}