{"id":1681,"date":"2023-07-17T18:12:47","date_gmt":"2023-07-17T18:12:47","guid":{"rendered":"https:\/\/www.fiemg.com.br\/sesi\/escolas\/sesi-belo-horizonte-centro-de-inclusao-da-pessoa-com-deficiencia-rogeria-amato\/"},"modified":"2023-07-21T18:52:49","modified_gmt":"2023-07-21T18:52:49","slug":"sesi-belo-horizonte-centro-de-inclusao-da-pessoa-com-deficiencia-rogeria-amato","status":"publish","type":"escolas","link":"https:\/\/www.fiemg.com.br\/sesi\/unidades\/sesi-belo-horizonte-centro-de-inclusao-da-pessoa-com-deficiencia-rogeria-amato\/","title":{"rendered":"SESI Belo Horizonte \u2013 Centro de Inclus\u00e3o da Pessoa com Defici\u00eancia \u201cRog\u00e9ria Amato\u201d"},"content":{"rendered":"<p>Conhecido como CIRA, o <strong>Centro de Inclus\u00e3o da Pessoa com Defici\u00eancia Rog\u00e9ria Amato<\/strong> trabalha pela inclus\u00e3o de pessoas com defici\u00eancia e reabilitadas pelo INSS no mercado de trabalho. O CIRA oferece servi\u00e7os voltados tanto para o empresariado quanto para a pessoa com defici\u00eancia, orientando as duas partes no processo de inclus\u00e3o.<\/p>\n<p>Nas empresas, o SESI realiza o mapeamento completo dos postos de trabalho e o recrutamento e sele\u00e7\u00e3o das pessoas com defici\u00eancia. Ap\u00f3s a contrata\u00e7\u00e3o, a empresa poder\u00e1 solicitar ao SESI CIRA um acompanhamento do novo empregado, al\u00e9m de palestras de sensibiliza\u00e7\u00e3o para lideran\u00e7as e demais empregados.<\/p>\n<p>Para as pessoas com defici\u00eancia, o SESI auxilia no encaminhamento para vagas de emprego na ind\u00fastria. Tamb\u00e9m oferece orienta\u00e7\u00e3o em rela\u00e7\u00e3o \u00e0s pol\u00edticas p\u00fablicas.<\/p>\n<p><strong>A\u00e7\u00f5es desenvolvidas:<\/strong><\/p>\n<p>&#8211; Mapeamento dos Postos de Trabalho<\/p>\n<p>&#8211; Recrutamento e Sele\u00e7\u00e3o<\/p>\n<p>&#8211; Palestras de Sensibiliza\u00e7\u00e3o<\/p>\n<p>&#8211; Palestras para Gestores<\/p>\n<p>&#8211; Treinamento para a Equipe de Recursos Humanos<\/p>\n<p>&#8211; Treinamento para a Equipe de Sa\u00fade<\/p>\n<p>&#8211; Supervis\u00e3o e Acompanhamento dos Profissionais com Defici\u00eancia<\/p>\n<p>&#8211; An\u00e1lise dos Registros de Empregados da Empresa para adequa\u00e7\u00e3o \u00e0 Lei de Cotas<\/p>\n<p>&#8211; An\u00e1lise do Processo de Inclus\u00e3o da Empresa<\/p>\n<p>&#8211; Workshop sobre Diversidade<\/p>\n<p>&#8211;\u00a0Escola de Esportes para pessoas com defici\u00eancia<\/p>\n<h5><a href=\"https:\/\/www.fiemg.com.br\/sesi\/produto\/inclusao-de-pessoas-com-deficiencia-na-industria\">Leia +<\/a><\/h5>\n","protected":false},"featured_media":1600,"parent":0,"menu_order":99,"template":"","unidade":[39],"class_list":["post-1681","escolas","type-escolas","status-publish","has-post-thumbnail","hentry","unidade-unidade-sesi"],"acf":[],"yoast_head":"<!-- This site is optimized with the Yoast SEO plugin v26.2 - https:\/\/yoast.com\/wordpress\/plugins\/seo\/ -->\n<title>SESI Belo Horizonte \u2013 Centro de Inclus\u00e3o da Pessoa com Defici\u00eancia \u201cRog\u00e9ria Amato\u201d - SESI<\/title>\n<meta name=\"robots\" content=\"index, follow, max-snippet:-1, max-image-preview:large, max-video-preview:-1\" \/>\n<link rel=\"canonical\" href=\"https:\/\/www.fiemg.com.br\/sesi\/escolas\/sesi-belo-horizonte-centro-de-inclusao-da-pessoa-com-deficiencia-rogeria-amato\/\" \/>\n<meta property=\"og:locale\" content=\"pt_BR\" \/>\n<meta property=\"og:type\" content=\"article\" \/>\n<meta property=\"og:title\" content=\"SESI Belo Horizonte \u2013 Centro de Inclus\u00e3o da Pessoa com Defici\u00eancia \u201cRog\u00e9ria Amato\u201d - SESI\" \/>\n<meta property=\"og:description\" content=\"Conhecido como CIRA, o Centro de Inclus\u00e3o da Pessoa com Defici\u00eancia Rog\u00e9ria Amato trabalha pela inclus\u00e3o de pessoas com defici\u00eancia e reabilitadas pelo INSS no mercado de trabalho. O CIRA oferece servi\u00e7os voltados tanto para o empresariado quanto para a pessoa com defici\u00eancia, orientando as duas partes no processo de inclus\u00e3o. Nas empresas, o SESI [&hellip;]\" \/>\n<meta property=\"og:url\" content=\"https:\/\/www.fiemg.com.br\/sesi\/escolas\/sesi-belo-horizonte-centro-de-inclusao-da-pessoa-com-deficiencia-rogeria-amato\/\" \/>\n<meta property=\"og:site_name\" content=\"SESI\" \/>\n<meta property=\"article:modified_time\" content=\"2023-07-21T18:52:49+00:00\" \/>\n<meta property=\"og:image\" content=\"https:\/\/www.fiemg.com.br\/sesi\/wp-content\/uploads\/sites\/11\/2023\/07\/banner-sesi-vida-sst.png\" \/>\n\t<meta property=\"og:image:width\" content=\"620\" \/>\n\t<meta property=\"og:image:height\" content=\"240\" \/>\n\t<meta property=\"og:image:type\" content=\"image\/png\" \/>\n<meta name=\"twitter:card\" content=\"summary_large_image\" \/>\n<meta name=\"twitter:label1\" content=\"Est. tempo de leitura\" \/>\n\t<meta name=\"twitter:data1\" content=\"2 minutos\" \/>\n<script type=\"application\/ld+json\" class=\"yoast-schema-graph\">{\"@context\":\"https:\/\/schema.org\",\"@graph\":[{\"@type\":\"WebPage\",\"@id\":\"https:\/\/www.fiemg.com.br\/sesi\/escolas\/sesi-belo-horizonte-centro-de-inclusao-da-pessoa-com-deficiencia-rogeria-amato\/\",\"url\":\"https:\/\/www.fiemg.com.br\/sesi\/escolas\/sesi-belo-horizonte-centro-de-inclusao-da-pessoa-com-deficiencia-rogeria-amato\/\",\"name\":\"SESI Belo Horizonte \u2013 Centro de Inclus\u00e3o da Pessoa com Defici\u00eancia \u201cRog\u00e9ria Amato\u201d - SESI\",\"isPartOf\":{\"@id\":\"https:\/\/www.fiemg.com.br\/sesi\/#website\"},\"primaryImageOfPage\":{\"@id\":\"https:\/\/www.fiemg.com.br\/sesi\/escolas\/sesi-belo-horizonte-centro-de-inclusao-da-pessoa-com-deficiencia-rogeria-amato\/#primaryimage\"},\"image\":{\"@id\":\"https:\/\/www.fiemg.com.br\/sesi\/escolas\/sesi-belo-horizonte-centro-de-inclusao-da-pessoa-com-deficiencia-rogeria-amato\/#primaryimage\"},\"thumbnailUrl\":\"https:\/\/www.fiemg.com.br\/sesi\/wp-content\/uploads\/sites\/11\/2023\/07\/banner-sesi-vida-sst.png\",\"datePublished\":\"2023-07-17T18:12:47+00:00\",\"dateModified\":\"2023-07-21T18:52:49+00:00\",\"breadcrumb\":{\"@id\":\"https:\/\/www.fiemg.com.br\/sesi\/escolas\/sesi-belo-horizonte-centro-de-inclusao-da-pessoa-com-deficiencia-rogeria-amato\/#breadcrumb\"},\"inLanguage\":\"pt-BR\",\"potentialAction\":[{\"@type\":\"ReadAction\",\"target\":[\"https:\/\/www.fiemg.com.br\/sesi\/escolas\/sesi-belo-horizonte-centro-de-inclusao-da-pessoa-com-deficiencia-rogeria-amato\/\"]}]},{\"@type\":\"ImageObject\",\"inLanguage\":\"pt-BR\",\"@id\":\"https:\/\/www.fiemg.com.br\/sesi\/escolas\/sesi-belo-horizonte-centro-de-inclusao-da-pessoa-com-deficiencia-rogeria-amato\/#primaryimage\",\"url\":\"https:\/\/www.fiemg.com.br\/sesi\/wp-content\/uploads\/sites\/11\/2023\/07\/banner-sesi-vida-sst.png\",\"contentUrl\":\"https:\/\/www.fiemg.com.br\/sesi\/wp-content\/uploads\/sites\/11\/2023\/07\/banner-sesi-vida-sst.png\",\"width\":620,\"height\":240},{\"@type\":\"BreadcrumbList\",\"@id\":\"https:\/\/www.fiemg.com.br\/sesi\/escolas\/sesi-belo-horizonte-centro-de-inclusao-da-pessoa-com-deficiencia-rogeria-amato\/#breadcrumb\",\"itemListElement\":[{\"@type\":\"ListItem\",\"position\":1,\"name\":\"In\u00edcio\",\"item\":\"https:\/\/www.fiemg.com.br\/sesi\/\"},{\"@type\":\"ListItem\",\"position\":2,\"name\":\"SESI Belo Horizonte \u2013 Centro de Inclus\u00e3o da Pessoa com Defici\u00eancia \u201cRog\u00e9ria Amato\u201d\"}]},{\"@type\":\"WebSite\",\"@id\":\"https:\/\/www.fiemg.com.br\/sesi\/#website\",\"url\":\"https:\/\/www.fiemg.com.br\/sesi\/\",\"name\":\"SESI\",\"description\":\"Federa\u00e7\u00e3o das Ind\u00fastrias do Estado de Minas Gerais\",\"publisher\":{\"@id\":\"https:\/\/www.fiemg.com.br\/sesi\/#organization\"},\"potentialAction\":[{\"@type\":\"SearchAction\",\"target\":{\"@type\":\"EntryPoint\",\"urlTemplate\":\"https:\/\/www.fiemg.com.br\/sesi\/?s={search_term_string}\"},\"query-input\":{\"@type\":\"PropertyValueSpecification\",\"valueRequired\":true,\"valueName\":\"search_term_string\"}}],\"inLanguage\":\"pt-BR\"},{\"@type\":\"Organization\",\"@id\":\"https:\/\/www.fiemg.com.br\/sesi\/#organization\",\"name\":\"SESI\",\"url\":\"https:\/\/www.fiemg.com.br\/sesi\/\",\"logo\":{\"@type\":\"ImageObject\",\"inLanguage\":\"pt-BR\",\"@id\":\"https:\/\/www.fiemg.com.br\/sesi\/#\/schema\/logo\/image\/\",\"url\":\"https:\/\/www.fiemg.com.br\/sesi\/wp-content\/uploads\/sites\/11\/2023\/02\/SESI_branco.svg\",\"contentUrl\":\"https:\/\/www.fiemg.com.br\/sesi\/wp-content\/uploads\/sites\/11\/2023\/02\/SESI_branco.svg\",\"width\":168,\"height\":62,\"caption\":\"SESI\"},\"image\":{\"@id\":\"https:\/\/www.fiemg.com.br\/sesi\/#\/schema\/logo\/image\/\"}}]}<\/script>\n<!-- \/ Yoast SEO plugin. -->","yoast_head_json":{"title":"SESI Belo Horizonte \u2013 Centro de Inclus\u00e3o da Pessoa com Defici\u00eancia \u201cRog\u00e9ria Amato\u201d - SESI","robots":{"index":"index","follow":"follow","max-snippet":"max-snippet:-1","max-image-preview":"max-image-preview:large","max-video-preview":"max-video-preview:-1"},"canonical":"https:\/\/www.fiemg.com.br\/sesi\/escolas\/sesi-belo-horizonte-centro-de-inclusao-da-pessoa-com-deficiencia-rogeria-amato\/","og_locale":"pt_BR","og_type":"article","og_title":"SESI Belo Horizonte \u2013 Centro de Inclus\u00e3o da Pessoa com Defici\u00eancia \u201cRog\u00e9ria Amato\u201d - SESI","og_description":"Conhecido como CIRA, o Centro de Inclus\u00e3o da Pessoa com Defici\u00eancia Rog\u00e9ria Amato trabalha pela inclus\u00e3o de pessoas com defici\u00eancia e reabilitadas pelo INSS no mercado de trabalho. O CIRA oferece servi\u00e7os voltados tanto para o empresariado quanto para a pessoa com defici\u00eancia, orientando as duas partes no processo de inclus\u00e3o. Nas empresas, o SESI [&hellip;]","og_url":"https:\/\/www.fiemg.com.br\/sesi\/escolas\/sesi-belo-horizonte-centro-de-inclusao-da-pessoa-com-deficiencia-rogeria-amato\/","og_site_name":"SESI","article_modified_time":"2023-07-21T18:52:49+00:00","og_image":[{"width":620,"height":240,"url":"https:\/\/www.fiemg.com.br\/sesi\/wp-content\/uploads\/sites\/11\/2023\/07\/banner-sesi-vida-sst.png","type":"image\/png"}],"twitter_card":"summary_large_image","twitter_misc":{"Est. tempo de leitura":"2 minutos"},"schema":{"@context":"https:\/\/schema.org","@graph":[{"@type":"WebPage","@id":"https:\/\/www.fiemg.com.br\/sesi\/escolas\/sesi-belo-horizonte-centro-de-inclusao-da-pessoa-com-deficiencia-rogeria-amato\/","url":"https:\/\/www.fiemg.com.br\/sesi\/escolas\/sesi-belo-horizonte-centro-de-inclusao-da-pessoa-com-deficiencia-rogeria-amato\/","name":"SESI Belo Horizonte \u2013 Centro de Inclus\u00e3o da Pessoa com Defici\u00eancia \u201cRog\u00e9ria Amato\u201d - SESI","isPartOf":{"@id":"https:\/\/www.fiemg.com.br\/sesi\/#website"},"primaryImageOfPage":{"@id":"https:\/\/www.fiemg.com.br\/sesi\/escolas\/sesi-belo-horizonte-centro-de-inclusao-da-pessoa-com-deficiencia-rogeria-amato\/#primaryimage"},"image":{"@id":"https:\/\/www.fiemg.com.br\/sesi\/escolas\/sesi-belo-horizonte-centro-de-inclusao-da-pessoa-com-deficiencia-rogeria-amato\/#primaryimage"},"thumbnailUrl":"https:\/\/www.fiemg.com.br\/sesi\/wp-content\/uploads\/sites\/11\/2023\/07\/banner-sesi-vida-sst.png","datePublished":"2023-07-17T18:12:47+00:00","dateModified":"2023-07-21T18:52:49+00:00","breadcrumb":{"@id":"https:\/\/www.fiemg.com.br\/sesi\/escolas\/sesi-belo-horizonte-centro-de-inclusao-da-pessoa-com-deficiencia-rogeria-amato\/#breadcrumb"},"inLanguage":"pt-BR","potentialAction":[{"@type":"ReadAction","target":["https:\/\/www.fiemg.com.br\/sesi\/escolas\/sesi-belo-horizonte-centro-de-inclusao-da-pessoa-com-deficiencia-rogeria-amato\/"]}]},{"@type":"ImageObject","inLanguage":"pt-BR","@id":"https:\/\/www.fiemg.com.br\/sesi\/escolas\/sesi-belo-horizonte-centro-de-inclusao-da-pessoa-com-deficiencia-rogeria-amato\/#primaryimage","url":"https:\/\/www.fiemg.com.br\/sesi\/wp-content\/uploads\/sites\/11\/2023\/07\/banner-sesi-vida-sst.png","contentUrl":"https:\/\/www.fiemg.com.br\/sesi\/wp-content\/uploads\/sites\/11\/2023\/07\/banner-sesi-vida-sst.png","width":620,"height":240},{"@type":"BreadcrumbList","@id":"https:\/\/www.fiemg.com.br\/sesi\/escolas\/sesi-belo-horizonte-centro-de-inclusao-da-pessoa-com-deficiencia-rogeria-amato\/#breadcrumb","itemListElement":[{"@type":"ListItem","position":1,"name":"In\u00edcio","item":"https:\/\/www.fiemg.com.br\/sesi\/"},{"@type":"ListItem","position":2,"name":"SESI Belo Horizonte \u2013 Centro de Inclus\u00e3o da Pessoa com Defici\u00eancia \u201cRog\u00e9ria Amato\u201d"}]},{"@type":"WebSite","@id":"https:\/\/www.fiemg.com.br\/sesi\/#website","url":"https:\/\/www.fiemg.com.br\/sesi\/","name":"SESI","description":"Federa\u00e7\u00e3o das Ind\u00fastrias do Estado de Minas Gerais","publisher":{"@id":"https:\/\/www.fiemg.com.br\/sesi\/#organization"},"potentialAction":[{"@type":"SearchAction","target":{"@type":"EntryPoint","urlTemplate":"https:\/\/www.fiemg.com.br\/sesi\/?s={search_term_string}"},"query-input":{"@type":"PropertyValueSpecification","valueRequired":true,"valueName":"search_term_string"}}],"inLanguage":"pt-BR"},{"@type":"Organization","@id":"https:\/\/www.fiemg.com.br\/sesi\/#organization","name":"SESI","url":"https:\/\/www.fiemg.com.br\/sesi\/","logo":{"@type":"ImageObject","inLanguage":"pt-BR","@id":"https:\/\/www.fiemg.com.br\/sesi\/#\/schema\/logo\/image\/","url":"https:\/\/www.fiemg.com.br\/sesi\/wp-content\/uploads\/sites\/11\/2023\/02\/SESI_branco.svg","contentUrl":"https:\/\/www.fiemg.com.br\/sesi\/wp-content\/uploads\/sites\/11\/2023\/02\/SESI_branco.svg","width":168,"height":62,"caption":"SESI"},"image":{"@id":"https:\/\/www.fiemg.com.br\/sesi\/#\/schema\/logo\/image\/"}}]}},"_links":{"self":[{"href":"https:\/\/www.fiemg.com.br\/sesi\/wp-json\/wp\/v2\/escolas\/1681","targetHints":{"allow":["GET"]}}],"collection":[{"href":"https:\/\/www.fiemg.com.br\/sesi\/wp-json\/wp\/v2\/escolas"}],"about":[{"href":"https:\/\/www.fiemg.com.br\/sesi\/wp-json\/wp\/v2\/types\/escolas"}],"wp:featuredmedia":[{"embeddable":true,"href":"https:\/\/www.fiemg.com.br\/sesi\/wp-json\/wp\/v2\/media\/1600"}],"wp:attachment":[{"href":"https:\/\/www.fiemg.com.br\/sesi\/wp-json\/wp\/v2\/media?parent=1681"}],"wp:term":[{"taxonomy":"unidade","embeddable":true,"href":"https:\/\/www.fiemg.com.br\/sesi\/wp-json\/wp\/v2\/unidade?post=1681"}],"curies":[{"name":"wp","href":"https:\/\/api.w.org\/{rel}","templated":true}]}}