{"id":7206,"date":"2024-09-16T11:01:34","date_gmt":"2024-09-16T14:01:34","guid":{"rendered":"https:\/\/www.fiemg.com.br\/sesi\/?page_id=7206"},"modified":"2025-11-05T12:32:11","modified_gmt":"2025-11-05T15:32:11","slug":"responsabilidade-social","status":"publish","type":"page","link":"https:\/\/www.fiemg.com.br\/sesi\/responsabilidade-social\/","title":{"rendered":"Responsabilidade Social"},"content":{"rendered":"\t\t<div data-elementor-type=\"wp-page\" data-elementor-id=\"7206\" class=\"elementor elementor-7206\" data-elementor-post-type=\"page\">\n\t\t\t\t<div class=\"has_ae_slider elementor-element elementor-element-4f3dc106 e-flex e-con-boxed ae-bg-gallery-type-default e-con e-parent\" data-id=\"4f3dc106\" data-element_type=\"container\">\n\t\t\t\t\t<div class=\"e-con-inner\">\n\t\t\t\t<div class=\"elementor-element elementor-element-4d6b6482 elementor-widget elementor-widget-spacer\" data-id=\"4d6b6482\" data-element_type=\"widget\" data-widget_type=\"spacer.default\">\n\t\t\t\t<div class=\"elementor-widget-container\">\n\t\t\t\t\t\t\t<div class=\"elementor-spacer\">\n\t\t\t<div class=\"elementor-spacer-inner\"><\/div>\n\t\t<\/div>\n\t\t\t\t\t\t<\/div>\n\t\t\t\t<\/div>\n\t\t\t\t\t<\/div>\n\t\t\t\t<\/div>\n\t\t<div class=\"has_ae_slider elementor-element elementor-element-3ebedb91 e-flex e-con-boxed ae-bg-gallery-type-default e-con e-parent\" data-id=\"3ebedb91\" data-element_type=\"container\">\n\t\t\t\t\t<div class=\"e-con-inner\">\n\t\t\t\t<div class=\"elementor-element elementor-element-c84c7a7 elementor-hidden-tablet elementor-hidden-mobile elementor-widget elementor-widget-image\" data-id=\"c84c7a7\" data-element_type=\"widget\" data-widget_type=\"image.default\">\n\t\t\t\t<div class=\"elementor-widget-container\">\n\t\t\t\t\t\t\t\t\t\t\t\t\t\t\t<img fetchpriority=\"high\" decoding=\"async\" width=\"1920\" height=\"310\" src=\"https:\/\/www.fiemg.com.br\/sesi\/wp-content\/uploads\/sites\/11\/2025\/06\/responsabilidade-social.png\" class=\"attachment-full size-full wp-image-8394\" alt=\"\" srcset=\"https:\/\/www.fiemg.com.br\/sesi\/wp-content\/uploads\/sites\/11\/2025\/06\/responsabilidade-social.png 1920w, https:\/\/www.fiemg.com.br\/sesi\/wp-content\/uploads\/sites\/11\/2025\/06\/responsabilidade-social-300x48.png 300w, https:\/\/www.fiemg.com.br\/sesi\/wp-content\/uploads\/sites\/11\/2025\/06\/responsabilidade-social-1024x165.png 1024w, https:\/\/www.fiemg.com.br\/sesi\/wp-content\/uploads\/sites\/11\/2025\/06\/responsabilidade-social-768x124.png 768w, https:\/\/www.fiemg.com.br\/sesi\/wp-content\/uploads\/sites\/11\/2025\/06\/responsabilidade-social-1536x248.png 1536w\" sizes=\"(max-width: 1920px) 100vw, 1920px\" \/>\t\t\t\t\t\t\t\t\t\t\t\t\t\t\t<\/div>\n\t\t\t\t<\/div>\n\t\t\t\t\t<\/div>\n\t\t\t\t<\/div>\n\t\t<div class=\"has_ae_slider elementor-element elementor-element-3b87a518 elementor-hidden-desktop e-flex e-con-boxed ae-bg-gallery-type-default e-con e-parent\" data-id=\"3b87a518\" data-element_type=\"container\">\n\t\t\t\t\t<div class=\"e-con-inner\">\n\t\t\t\t<div class=\"elementor-element elementor-element-1e0b80c1 elementor-widget elementor-widget-image\" data-id=\"1e0b80c1\" data-element_type=\"widget\" data-widget_type=\"image.default\">\n\t\t\t\t<div class=\"elementor-widget-container\">\n\t\t\t\t\t\t\t\t\t\t\t\t\t\t\t<img decoding=\"async\" width=\"513\" height=\"512\" src=\"https:\/\/www.fiemg.com.br\/sesi\/wp-content\/uploads\/sites\/11\/2025\/06\/responsabilidade-social-mobile.png\" class=\"attachment-full size-full wp-image-8395\" alt=\"\" srcset=\"https:\/\/www.fiemg.com.br\/sesi\/wp-content\/uploads\/sites\/11\/2025\/06\/responsabilidade-social-mobile.png 513w, https:\/\/www.fiemg.com.br\/sesi\/wp-content\/uploads\/sites\/11\/2025\/06\/responsabilidade-social-mobile-300x300.png 300w, https:\/\/www.fiemg.com.br\/sesi\/wp-content\/uploads\/sites\/11\/2025\/06\/responsabilidade-social-mobile-150x150.png 150w\" sizes=\"(max-width: 513px) 100vw, 513px\" \/>\t\t\t\t\t\t\t\t\t\t\t\t\t\t\t<\/div>\n\t\t\t\t<\/div>\n\t\t\t\t\t<\/div>\n\t\t\t\t<\/div>\n\t\t<div class=\"has_ae_slider elementor-element elementor-element-7d752237 e-flex e-con-boxed ae-bg-gallery-type-default e-con e-parent\" data-id=\"7d752237\" data-element_type=\"container\">\n\t\t\t\t\t<div class=\"e-con-inner\">\n\t\t\t\t<div class=\"elementor-element elementor-element-2ef56602 elementor-widget elementor-widget-text-editor\" data-id=\"2ef56602\" data-element_type=\"widget\" data-widget_type=\"text-editor.default\">\n\t\t\t\t<div class=\"elementor-widget-container\">\n\t\t\t\t\t\t\t\t\t<p>Fazer a diferen\u00e7a no presente para construir o futuro. \u00c9 assim que a FIEMG impulsiona a competitividade industrial com \u00e9tica, sustentabilidade e impacto social positivo.<\/p>\t\t\t\t\t\t\t\t<\/div>\n\t\t\t\t<\/div>\n\t\t\t\t<div class=\"elementor-element elementor-element-1f9c6b59 elementor-widget elementor-widget-text-editor\" data-id=\"1f9c6b59\" data-element_type=\"widget\" data-widget_type=\"text-editor.default\">\n\t\t\t\t<div class=\"elementor-widget-container\">\n\t\t\t\t\t\t\t\t\t<p>Acreditamos que a responsabilidade social \u00e9 mais que uma obriga\u00e7\u00e3o \u2013 \u00e9 um compromisso com um futuro mais inclusivo, justo e sustent\u00e1vel. Por isso, criamos solu\u00e7\u00f5es e compromissos pautados em valores s\u00f3lidos como respeito, integridade, coopera\u00e7\u00e3o e cuidado, sempre focando em transformar a sociedade e a ind\u00fastria mineira.<\/p>\t\t\t\t\t\t\t\t<\/div>\n\t\t\t\t<\/div>\n\t\t\t\t\t<\/div>\n\t\t\t\t<\/div>\n\t\t<div class=\"has_ae_slider elementor-element elementor-element-873aa65 e-flex e-con-boxed ae-bg-gallery-type-default e-con e-parent\" data-id=\"873aa65\" data-element_type=\"container\" data-settings=\"{&quot;background_background&quot;:&quot;classic&quot;}\">\n\t\t\t\t\t<div class=\"e-con-inner\">\n\t\t<div class=\"has_ae_slider elementor-element elementor-element-b93b8ec e-con-full e-flex ae-bg-gallery-type-default e-con e-child\" data-id=\"b93b8ec\" data-element_type=\"container\" data-settings=\"{&quot;background_background&quot;:&quot;classic&quot;}\">\n\t\t\t\t<div class=\"elementor-element elementor-element-d773fab elementor-widget elementor-widget-text-editor\" data-id=\"d773fab\" data-element_type=\"widget\" data-widget_type=\"text-editor.default\">\n\t\t\t\t<div class=\"elementor-widget-container\">\n\t\t\t\t\t\t\t\t\t<h1><strong>Solu\u00e7\u00f5es para a Ind\u00fastria<\/strong><\/h1>\t\t\t\t\t\t\t\t<\/div>\n\t\t\t\t<\/div>\n\t\t\t\t<div class=\"elementor-element elementor-element-240936e elementor-widget elementor-widget-text-editor\" data-id=\"240936e\" data-element_type=\"widget\" data-widget_type=\"text-editor.default\">\n\t\t\t\t<div class=\"elementor-widget-container\">\n\t\t\t\t\t\t\t\t\t<h5><em>Impulsione sua empresa com estrat\u00e9gias que unem impacto social e performance.<\/em><\/h5>\t\t\t\t\t\t\t\t<\/div>\n\t\t\t\t<\/div>\n\t\t\t\t<div class=\"elementor-element elementor-element-d73349e elementor-widget elementor-widget-text-editor\" data-id=\"d73349e\" data-element_type=\"widget\" data-widget_type=\"text-editor.default\">\n\t\t\t\t<div class=\"elementor-widget-container\">\n\t\t\t\t\t\t\t\t\t<p>Na FIEMG, a responsabilidade social impulsiona inova\u00e7\u00e3o e crescimento. Conhe\u00e7a nossas solu\u00e7\u00f5es estrat\u00e9gicas feitas sob medida para a ind\u00fastria, com foco em resultados reais, valor compartilhado e reputa\u00e7\u00e3o fortalecida:<\/p>\t\t\t\t\t\t\t\t<\/div>\n\t\t\t\t<\/div>\n\t\t<div class=\"has_ae_slider elementor-element elementor-element-7a97d7b e-con-full e-flex ae-bg-gallery-type-default e-con e-child\" data-id=\"7a97d7b\" data-element_type=\"container\">\n\t\t<div class=\"has_ae_slider elementor-element elementor-element-b9c25e8 e-con-full e-flex ae-bg-gallery-type-default e-con e-child\" data-id=\"b9c25e8\" data-element_type=\"container\" data-settings=\"{&quot;background_background&quot;:&quot;classic&quot;}\">\n\t\t\t\t<div class=\"elementor-element elementor-element-3098dc3 elementor-widget__width-initial elementor-widget elementor-widget-heading\" data-id=\"3098dc3\" data-element_type=\"widget\" data-widget_type=\"heading.default\">\n\t\t\t\t<div class=\"elementor-widget-container\">\n\t\t\t\t\t<h2 class=\"elementor-heading-title elementor-size-default\">Investimento Social Privado\n<\/h2>\t\t\t\t<\/div>\n\t\t\t\t<\/div>\n\t\t\t\t<div class=\"elementor-element elementor-element-45889ff elementor-widget__width-initial elementor-widget elementor-widget-text-editor\" data-id=\"45889ff\" data-element_type=\"widget\" data-widget_type=\"text-editor.default\">\n\t\t\t\t<div class=\"elementor-widget-container\">\n\t\t\t\t\t\t\t\t\t<h5><span data-teams=\"true\">Conex\u00f5es com a Comunidade.<br><\/span><\/h5>\t\t\t\t\t\t\t\t<\/div>\n\t\t\t\t<\/div>\n\t\t\t\t<div class=\"elementor-element elementor-element-8c01540 elementor-widget__width-initial elementor-widget elementor-widget-text-editor\" data-id=\"8c01540\" data-element_type=\"widget\" data-widget_type=\"text-editor.default\">\n\t\t\t\t<div class=\"elementor-widget-container\">\n\t\t\t\t\t\t\t\t\t<p>Transformando rela\u00e7\u00f5es em valor compartilhado, o ISP como estrat\u00e9gia para neg\u00f3cios mais sustent\u00e1veis.<\/p>\t\t\t\t\t\t\t\t<\/div>\n\t\t\t\t<\/div>\n\t\t\t\t<div class=\"elementor-element elementor-element-dc1aec2 elementor-align-center elementor-widget-mobile__width-inherit elementor-widget__width-initial elementor-widget elementor-widget-button\" data-id=\"dc1aec2\" data-element_type=\"widget\" data-widget_type=\"button.default\">\n\t\t\t\t<div class=\"elementor-widget-container\">\n\t\t\t\t\t\t\t\t\t<div class=\"elementor-button-wrapper\">\n\t\t\t\t\t<a class=\"elementor-button elementor-button-link elementor-size-sm\" href=\"https:\/\/www.fiemg.com.br\/sesi\/investimento-social-privado\/\">\n\t\t\t\t\t\t<span class=\"elementor-button-content-wrapper\">\n\t\t\t\t\t\t\t\t\t<span class=\"elementor-button-text\">Saiba mais<\/span>\n\t\t\t\t\t<\/span>\n\t\t\t\t\t<\/a>\n\t\t\t\t<\/div>\n\t\t\t\t\t\t\t\t<\/div>\n\t\t\t\t<\/div>\n\t\t\t\t<\/div>\n\t\t<div class=\"has_ae_slider elementor-element elementor-element-6d26d97 e-con-full e-flex ae-bg-gallery-type-default e-con e-child\" data-id=\"6d26d97\" data-element_type=\"container\" data-settings=\"{&quot;background_background&quot;:&quot;classic&quot;}\">\n\t\t\t\t<div class=\"elementor-element elementor-element-a7cf269 elementor-widget__width-initial elementor-widget elementor-widget-heading\" data-id=\"a7cf269\" data-element_type=\"widget\" data-widget_type=\"heading.default\">\n\t\t\t\t<div class=\"elementor-widget-container\">\n\t\t\t\t\t<h2 class=\"elementor-heading-title elementor-size-default\">Governan\u00e7a Social<\/h2>\t\t\t\t<\/div>\n\t\t\t\t<\/div>\n\t\t\t\t<div class=\"elementor-element elementor-element-75d191d elementor-widget__width-initial elementor-widget elementor-widget-text-editor\" data-id=\"75d191d\" data-element_type=\"widget\" data-widget_type=\"text-editor.default\">\n\t\t\t\t<div class=\"elementor-widget-container\">\n\t\t\t\t\t\t\t\t\t<h5><strong>Valor social com foco estrat\u00e9gico.<\/strong><\/h5>\t\t\t\t\t\t\t\t<\/div>\n\t\t\t\t<\/div>\n\t\t\t\t<div class=\"elementor-element elementor-element-4a6e90b elementor-widget__width-initial elementor-widget elementor-widget-text-editor\" data-id=\"4a6e90b\" data-element_type=\"widget\" data-widget_type=\"text-editor.default\">\n\t\t\t\t<div class=\"elementor-widget-container\">\n\t\t\t\t\t\t\t\t\t<p>Transforme seu neg\u00f3cio com estrat\u00e9gias que geram valor compartilhado, fortalecem o engajamento com stakeholders e conectam iniciativas sociais aos objetivos organizacionais.<\/p>\t\t\t\t\t\t\t\t<\/div>\n\t\t\t\t<\/div>\n\t\t\t\t<div class=\"elementor-element elementor-element-eb1d17d elementor-align-center elementor-widget-mobile__width-inherit elementor-widget__width-initial elementor-widget elementor-widget-button\" data-id=\"eb1d17d\" data-element_type=\"widget\" data-widget_type=\"button.default\">\n\t\t\t\t<div class=\"elementor-widget-container\">\n\t\t\t\t\t\t\t\t\t<div class=\"elementor-button-wrapper\">\n\t\t\t\t\t<a class=\"elementor-button elementor-button-link elementor-size-sm\" href=\"https:\/\/www.fiemg.com.br\/sesi\/governanca-social\/\">\n\t\t\t\t\t\t<span class=\"elementor-button-content-wrapper\">\n\t\t\t\t\t\t\t\t\t<span class=\"elementor-button-text\">Saiba mais<\/span>\n\t\t\t\t\t<\/span>\n\t\t\t\t\t<\/a>\n\t\t\t\t<\/div>\n\t\t\t\t\t\t\t\t<\/div>\n\t\t\t\t<\/div>\n\t\t\t\t<\/div>\n\t\t<div class=\"has_ae_slider elementor-element elementor-element-8f8ce6f e-con-full e-flex ae-bg-gallery-type-default e-con e-child\" data-id=\"8f8ce6f\" data-element_type=\"container\" data-settings=\"{&quot;background_background&quot;:&quot;classic&quot;}\">\n\t\t\t\t<div class=\"elementor-element elementor-element-ab40344 elementor-widget__width-initial elementor-widget elementor-widget-heading\" data-id=\"ab40344\" data-element_type=\"widget\" data-widget_type=\"heading.default\">\n\t\t\t\t<div class=\"elementor-widget-container\">\n\t\t\t\t\t<h2 class=\"elementor-heading-title elementor-size-default\">Diversidade, Equidade e Inclus\u00e3o<\/h2>\t\t\t\t<\/div>\n\t\t\t\t<\/div>\n\t\t\t\t<div class=\"elementor-element elementor-element-871cfc8 elementor-widget__width-initial elementor-widget elementor-widget-text-editor\" data-id=\"871cfc8\" data-element_type=\"widget\" data-widget_type=\"text-editor.default\">\n\t\t\t\t<div class=\"elementor-widget-container\">\n\t\t\t\t\t\t\t\t\t<h5><strong>Incluir \u00e9 inovar. Valorizar \u00e9 crescer.<\/strong><\/h5>\t\t\t\t\t\t\t\t<\/div>\n\t\t\t\t<\/div>\n\t\t\t\t<div class=\"elementor-element elementor-element-6ad2529 elementor-widget__width-initial elementor-widget elementor-widget-text-editor\" data-id=\"6ad2529\" data-element_type=\"widget\" data-widget_type=\"text-editor.default\">\n\t\t\t\t<div class=\"elementor-widget-container\">\n\t\t\t\t\t\t\t\t\t<p>Ambientes diversos geram inova\u00e7\u00e3o, engajamento e mais resultados. Potencialize sua equipe com a\u00e7\u00f5es inclusivas e estrat\u00e9gicas.<\/p>\t\t\t\t\t\t\t\t<\/div>\n\t\t\t\t<\/div>\n\t\t\t\t<div class=\"elementor-element elementor-element-c9d95a4 elementor-align-center elementor-widget-mobile__width-inherit elementor-widget__width-initial elementor-widget elementor-widget-button\" data-id=\"c9d95a4\" data-element_type=\"widget\" data-widget_type=\"button.default\">\n\t\t\t\t<div class=\"elementor-widget-container\">\n\t\t\t\t\t\t\t\t\t<div class=\"elementor-button-wrapper\">\n\t\t\t\t\t<a class=\"elementor-button elementor-button-link elementor-size-sm\" href=\"https:\/\/www.fiemg.com.br\/sesi\/diversidade-equidade-e-inclusao\/\">\n\t\t\t\t\t\t<span class=\"elementor-button-content-wrapper\">\n\t\t\t\t\t\t\t\t\t<span class=\"elementor-button-text\">Saiba mais<\/span>\n\t\t\t\t\t<\/span>\n\t\t\t\t\t<\/a>\n\t\t\t\t<\/div>\n\t\t\t\t\t\t\t\t<\/div>\n\t\t\t\t<\/div>\n\t\t\t\t<\/div>\n\t\t<div class=\"has_ae_slider elementor-element elementor-element-513d078 e-con-full e-flex ae-bg-gallery-type-default e-con e-child\" data-id=\"513d078\" data-element_type=\"container\" data-settings=\"{&quot;background_background&quot;:&quot;classic&quot;}\">\n\t\t\t\t<div class=\"elementor-element elementor-element-a75ac83 elementor-widget__width-initial elementor-widget elementor-widget-heading\" data-id=\"a75ac83\" data-element_type=\"widget\" data-widget_type=\"heading.default\">\n\t\t\t\t<div class=\"elementor-widget-container\">\n\t\t\t\t\t<h2 class=\"elementor-heading-title elementor-size-default\">ESG<\/h2>\t\t\t\t<\/div>\n\t\t\t\t<\/div>\n\t\t\t\t<div class=\"elementor-element elementor-element-a634d22 elementor-widget__width-initial elementor-widget elementor-widget-text-editor\" data-id=\"a634d22\" data-element_type=\"widget\" data-widget_type=\"text-editor.default\">\n\t\t\t\t<div class=\"elementor-widget-container\">\n\t\t\t\t\t\t\t\t\t<h5><strong>Sustentabilidade que transforma.<\/strong><\/h5>\t\t\t\t\t\t\t\t<\/div>\n\t\t\t\t<\/div>\n\t\t\t\t<div class=\"elementor-element elementor-element-161df9c elementor-widget__width-initial elementor-widget elementor-widget-text-editor\" data-id=\"161df9c\" data-element_type=\"widget\" data-widget_type=\"text-editor.default\">\n\t\t\t\t<div class=\"elementor-widget-container\">\n\t\t\t\t\t\t\t\t\t<p>Implemente pr\u00e1ticas ESG de forma estruturada, aumente sua competitividade e prepare sua empresa para o futuro.<\/p>\t\t\t\t\t\t\t\t<\/div>\n\t\t\t\t<\/div>\n\t\t\t\t<div class=\"elementor-element elementor-element-15d6ab4 elementor-align-center elementor-widget-mobile__width-inherit elementor-widget__width-initial elementor-widget elementor-widget-button\" data-id=\"15d6ab4\" data-element_type=\"widget\" data-widget_type=\"button.default\">\n\t\t\t\t<div class=\"elementor-widget-container\">\n\t\t\t\t\t\t\t\t\t<div class=\"elementor-button-wrapper\">\n\t\t\t\t\t<a class=\"elementor-button elementor-button-link elementor-size-sm\" href=\"https:\/\/www.fiemg.com.br\/solucoes-esg\/\">\n\t\t\t\t\t\t<span class=\"elementor-button-content-wrapper\">\n\t\t\t\t\t\t\t\t\t<span class=\"elementor-button-text\">Saiba mais<\/span>\n\t\t\t\t\t<\/span>\n\t\t\t\t\t<\/a>\n\t\t\t\t<\/div>\n\t\t\t\t\t\t\t\t<\/div>\n\t\t\t\t<\/div>\n\t\t\t\t<\/div>\n\t\t\t\t<\/div>\n\t\t\t\t<\/div>\n\t\t\t\t\t<\/div>\n\t\t\t\t<\/div>\n\t\t<div class=\"has_ae_slider elementor-element elementor-element-6508166a e-flex e-con-boxed ae-bg-gallery-type-default e-con e-parent\" data-id=\"6508166a\" data-element_type=\"container\">\n\t\t\t\t\t<div class=\"e-con-inner\">\n\t\t<div class=\"has_ae_slider elementor-element elementor-element-543d73b0 e-con-full e-flex ae-bg-gallery-type-default e-con e-child\" data-id=\"543d73b0\" data-element_type=\"container\" data-settings=\"{&quot;background_background&quot;:&quot;classic&quot;}\">\n\t\t<div class=\"has_ae_slider elementor-element elementor-element-6b9fa5c0 e-con-full e-flex ae-bg-gallery-type-default e-con e-child\" data-id=\"6b9fa5c0\" data-element_type=\"container\" data-settings=\"{&quot;background_background&quot;:&quot;classic&quot;}\">\n\t\t\t\t<div class=\"elementor-element elementor-element-5e2a3962 elementor-widget elementor-widget-image\" data-id=\"5e2a3962\" data-element_type=\"widget\" data-widget_type=\"image.default\">\n\t\t\t\t<div class=\"elementor-widget-container\">\n\t\t\t\t\t\t\t\t\t\t\t\t\t\t\t<img decoding=\"async\" width=\"800\" height=\"534\" src=\"https:\/\/www.fiemg.com.br\/sesi\/wp-content\/uploads\/sites\/11\/2024\/09\/responsabilidade-social-em-acao.jpg\" class=\"attachment-large size-large wp-image-7220\" alt=\"\" srcset=\"https:\/\/www.fiemg.com.br\/sesi\/wp-content\/uploads\/sites\/11\/2024\/09\/responsabilidade-social-em-acao.jpg 1000w, https:\/\/www.fiemg.com.br\/sesi\/wp-content\/uploads\/sites\/11\/2024\/09\/responsabilidade-social-em-acao-300x200.jpg 300w, https:\/\/www.fiemg.com.br\/sesi\/wp-content\/uploads\/sites\/11\/2024\/09\/responsabilidade-social-em-acao-768x512.jpg 768w\" sizes=\"(max-width: 800px) 100vw, 800px\" \/>\t\t\t\t\t\t\t\t\t\t\t\t\t\t\t<\/div>\n\t\t\t\t<\/div>\n\t\t\t\t<\/div>\n\t\t<div class=\"has_ae_slider elementor-element elementor-element-65bf49f0 e-con-full e-flex ae-bg-gallery-type-default e-con e-child\" data-id=\"65bf49f0\" data-element_type=\"container\">\n\t\t\t\t<div class=\"elementor-element elementor-element-2df289eb elementor-widget__width-initial elementor-widget-tablet__width-initial elementor-widget elementor-widget-heading\" data-id=\"2df289eb\" data-element_type=\"widget\" data-widget_type=\"heading.default\">\n\t\t\t\t<div class=\"elementor-widget-container\">\n\t\t\t\t\t<h2 class=\"elementor-heading-title elementor-size-default\">Responsabilidade Social em a\u00e7\u00e3o.<\/h2>\t\t\t\t<\/div>\n\t\t\t\t<\/div>\n\t\t\t\t<div class=\"elementor-element elementor-element-2d376f46 elementor-widget elementor-widget-text-editor\" data-id=\"2d376f46\" data-element_type=\"widget\" data-widget_type=\"text-editor.default\">\n\t\t\t\t<div class=\"elementor-widget-container\">\n\t\t\t\t\t\t\t\t\t<p>Conhe\u00e7a iniciativas lideradas pela FIEMG que mostram como atuamos na pr\u00e1tica, promovendo inclus\u00e3o, sustentabilidade, engajamento e protagonismo social.<\/p>\t\t\t\t\t\t\t\t<\/div>\n\t\t\t\t<\/div>\n\t\t\t\t<\/div>\n\t\t\t\t<\/div>\n\t\t\t\t\t<\/div>\n\t\t\t\t<\/div>\n\t\t<div class=\"has_ae_slider elementor-element elementor-element-9e2e975 e-flex e-con-boxed ae-bg-gallery-type-default e-con e-parent\" data-id=\"9e2e975\" data-element_type=\"container\">\n\t\t\t\t\t<div class=\"e-con-inner\">\n\t\t\t\t<div class=\"elementor-element elementor-element-e5154d0 elementor-pagination-type-bullets elementor-arrows-position-inside elementor-pagination-position-outside elementor-widget elementor-widget-n-carousel\" data-id=\"e5154d0\" data-element_type=\"widget\" data-settings=\"{&quot;carousel_items&quot;:[{&quot;slide_title&quot;:&quot;Slide #1&quot;,&quot;_id&quot;:&quot;41672ab&quot;},{&quot;slide_title&quot;:&quot;Slide #2&quot;,&quot;_id&quot;:&quot;fca6a81&quot;},{&quot;slide_title&quot;:&quot;Slide #3&quot;,&quot;_id&quot;:&quot;df6410c&quot;},{&quot;_id&quot;:&quot;19d0888&quot;,&quot;slide_title&quot;:&quot;Slide #4&quot;},{&quot;_id&quot;:&quot;78a5ccf&quot;,&quot;slide_title&quot;:&quot;Slide #5&quot;},{&quot;_id&quot;:&quot;2faaced&quot;,&quot;slide_title&quot;:&quot;Slide #6&quot;},{&quot;_id&quot;:&quot;8dbe4b5&quot;,&quot;slide_title&quot;:&quot;Slide #7&quot;}],&quot;image_spacing_custom&quot;:{&quot;unit&quot;:&quot;px&quot;,&quot;size&quot;:&quot;30&quot;,&quot;sizes&quot;:[]},&quot;slides_to_show_tablet&quot;:&quot;2&quot;,&quot;slides_to_show_mobile&quot;:&quot;1&quot;,&quot;autoplay&quot;:&quot;yes&quot;,&quot;autoplay_speed&quot;:5000,&quot;pause_on_hover&quot;:&quot;yes&quot;,&quot;pause_on_interaction&quot;:&quot;yes&quot;,&quot;infinite&quot;:&quot;yes&quot;,&quot;speed&quot;:500,&quot;offset_sides&quot;:&quot;none&quot;,&quot;arrows&quot;:&quot;yes&quot;,&quot;pagination&quot;:&quot;bullets&quot;,&quot;image_spacing_custom_tablet&quot;:{&quot;unit&quot;:&quot;px&quot;,&quot;size&quot;:&quot;&quot;,&quot;sizes&quot;:[]},&quot;image_spacing_custom_mobile&quot;:{&quot;unit&quot;:&quot;px&quot;,&quot;size&quot;:&quot;&quot;,&quot;sizes&quot;:[]}}\" data-widget_type=\"nested-carousel.default\">\n\t\t\t\t<div class=\"elementor-widget-container\">\n\t\t\t\t\t\t\t<div class=\"e-n-carousel swiper\" role=\"region\" aria-roledescription=\"carousel\" aria-label=\"Carrossel\" dir=\"ltr\">\n\t\t\t<div class=\"swiper-wrapper\" aria-live=\"off\">\n\t\t\t\t\t\t\t\t\t\t<div class=\"swiper-slide\" data-slide=\"1\" role=\"group\" aria-roledescription=\"slide\" aria-label=\"1 de 7\">\n\t\t\t\t\t\t\t<div class=\"has_ae_slider elementor-element elementor-element-d5a57af e-flex e-con-boxed ae-bg-gallery-type-default e-con e-child\" data-id=\"d5a57af\" data-element_type=\"container\">\n\t\t\t\t\t<div class=\"e-con-inner\">\n\t\t<div class=\"has_ae_slider elementor-element elementor-element-c74087d e-con-full e-flex ae-bg-gallery-type-default e-con e-child\" data-id=\"c74087d\" data-element_type=\"container\" data-settings=\"{&quot;background_background&quot;:&quot;classic&quot;}\">\n\t\t\t\t<div class=\"elementor-element elementor-element-5ec0c18 elementor-widget elementor-widget-heading\" data-id=\"5ec0c18\" data-element_type=\"widget\" data-widget_type=\"heading.default\">\n\t\t\t\t<div class=\"elementor-widget-container\">\n\t\t\t\t\t<h2 class=\"elementor-heading-title elementor-size-default\">Despertar para o Futuro<\/h2>\t\t\t\t<\/div>\n\t\t\t\t<\/div>\n\t\t\t\t<div class=\"elementor-element elementor-element-5625f0d elementor-widget elementor-widget-image\" data-id=\"5625f0d\" data-element_type=\"widget\" data-widget_type=\"image.default\">\n\t\t\t\t<div class=\"elementor-widget-container\">\n\t\t\t\t\t\t\t\t\t\t\t\t\t\t\t<img loading=\"lazy\" decoding=\"async\" width=\"612\" height=\"515\" src=\"https:\/\/www.fiemg.com.br\/sesi\/wp-content\/uploads\/sites\/11\/2025\/10\/despertar-para-o-futuro.jpg\" class=\"attachment-medium_large size-medium_large wp-image-8583\" alt=\"\" srcset=\"https:\/\/www.fiemg.com.br\/sesi\/wp-content\/uploads\/sites\/11\/2025\/10\/despertar-para-o-futuro.jpg 612w, https:\/\/www.fiemg.com.br\/sesi\/wp-content\/uploads\/sites\/11\/2025\/10\/despertar-para-o-futuro-300x252.jpg 300w\" sizes=\"(max-width: 612px) 100vw, 612px\" \/>\t\t\t\t\t\t\t\t\t\t\t\t\t\t\t<\/div>\n\t\t\t\t<\/div>\n\t\t\t\t<div class=\"elementor-element elementor-element-65406df elementor-widget elementor-widget-text-editor\" data-id=\"65406df\" data-element_type=\"widget\" data-widget_type=\"text-editor.default\">\n\t\t\t\t<div class=\"elementor-widget-container\">\n\t\t\t\t\t\t\t\t\t<p><strong>Educa\u00e7\u00e3o, juventude e empregabilidade.<\/strong><\/p><p>Fortalecendo v\u00ednculos com a comunidade e promovendo o protagonismo juvenil. O projeto combina apoio psicossocial, qualifica\u00e7\u00e3o profissional e inclus\u00e3o produtiva, preparando jovens para uma jornada de transforma\u00e7\u00e3o pessoal e inser\u00e7\u00e3o no mercado de trabalho.<\/p>\t\t\t\t\t\t\t\t<\/div>\n\t\t\t\t<\/div>\n\t\t\t\t<\/div>\n\t\t\t\t\t<\/div>\n\t\t\t\t<\/div>\n\t\t\t\t\t\t\t\t<\/div>\n\t\t\t\t\t\t\t\t\t\t\t<div class=\"swiper-slide\" data-slide=\"2\" role=\"group\" aria-roledescription=\"slide\" aria-label=\"2 de 7\">\n\t\t\t\t\t\t\t<div class=\"has_ae_slider elementor-element elementor-element-39310c1 e-flex e-con-boxed ae-bg-gallery-type-default e-con e-child\" data-id=\"39310c1\" data-element_type=\"container\">\n\t\t\t\t\t<div class=\"e-con-inner\">\n\t\t<div class=\"has_ae_slider elementor-element elementor-element-3eefa07 e-con-full e-flex ae-bg-gallery-type-default e-con e-child\" data-id=\"3eefa07\" data-element_type=\"container\" data-settings=\"{&quot;background_background&quot;:&quot;classic&quot;}\">\n\t\t\t\t<div class=\"elementor-element elementor-element-d1e25f1 elementor-widget elementor-widget-heading\" data-id=\"d1e25f1\" data-element_type=\"widget\" data-widget_type=\"heading.default\">\n\t\t\t\t<div class=\"elementor-widget-container\">\n\t\t\t\t\t<h2 class=\"elementor-heading-title elementor-size-default\">Mulheres em Rede<\/h2>\t\t\t\t<\/div>\n\t\t\t\t<\/div>\n\t\t\t\t<div class=\"elementor-element elementor-element-7d8b14f elementor-widget elementor-widget-image\" data-id=\"7d8b14f\" data-element_type=\"widget\" data-widget_type=\"image.default\">\n\t\t\t\t<div class=\"elementor-widget-container\">\n\t\t\t\t\t\t\t\t\t\t\t\t\t\t\t<img loading=\"lazy\" decoding=\"async\" width=\"703\" height=\"554\" src=\"https:\/\/www.fiemg.com.br\/sesi\/wp-content\/uploads\/sites\/11\/2025\/10\/mulheres-em-rede.jpg\" class=\"attachment-medium_large size-medium_large wp-image-8584\" alt=\"\" srcset=\"https:\/\/www.fiemg.com.br\/sesi\/wp-content\/uploads\/sites\/11\/2025\/10\/mulheres-em-rede.jpg 703w, https:\/\/www.fiemg.com.br\/sesi\/wp-content\/uploads\/sites\/11\/2025\/10\/mulheres-em-rede-300x236.jpg 300w\" sizes=\"(max-width: 703px) 100vw, 703px\" \/>\t\t\t\t\t\t\t\t\t\t\t\t\t\t\t<\/div>\n\t\t\t\t<\/div>\n\t\t\t\t<div class=\"elementor-element elementor-element-397133a elementor-widget elementor-widget-text-editor\" data-id=\"397133a\" data-element_type=\"widget\" data-widget_type=\"text-editor.default\">\n\t\t\t\t<div class=\"elementor-widget-container\">\n\t\t\t\t\t\t\t\t\t<p><strong>Economia criativa e impacto social feminino.<\/strong><\/p><p>Empoderamento feminino por meio do empreendedorismo e da cultura local. A iniciativa apoiou a cria\u00e7\u00e3o de uma cooperativa de artes\u00e3s em Piedade do Paraopeba, unindo capacita\u00e7\u00e3o, gera\u00e7\u00e3o de renda e valoriza\u00e7\u00e3o das tradi\u00e7\u00f5es regionais.<\/p>\t\t\t\t\t\t\t\t<\/div>\n\t\t\t\t<\/div>\n\t\t\t\t<\/div>\n\t\t\t\t\t<\/div>\n\t\t\t\t<\/div>\n\t\t\t\t\t\t\t\t<\/div>\n\t\t\t\t\t\t\t\t\t\t\t<div class=\"swiper-slide\" data-slide=\"3\" role=\"group\" aria-roledescription=\"slide\" aria-label=\"3 de 7\">\n\t\t\t\t\t\t\t<div class=\"has_ae_slider elementor-element elementor-element-718d6d3 e-flex e-con-boxed ae-bg-gallery-type-default e-con e-child\" data-id=\"718d6d3\" data-element_type=\"container\">\n\t\t\t\t\t<div class=\"e-con-inner\">\n\t\t<div class=\"has_ae_slider elementor-element elementor-element-de9244b e-con-full e-flex ae-bg-gallery-type-default e-con e-child\" data-id=\"de9244b\" data-element_type=\"container\" data-settings=\"{&quot;background_background&quot;:&quot;classic&quot;}\">\n\t\t\t\t<div class=\"elementor-element elementor-element-4e3184a elementor-widget elementor-widget-heading\" data-id=\"4e3184a\" data-element_type=\"widget\" data-widget_type=\"heading.default\">\n\t\t\t\t<div class=\"elementor-widget-container\">\n\t\t\t\t\t<h2 class=\"elementor-heading-title elementor-size-default\">Engajamento de Stakeholders<\/h2>\t\t\t\t<\/div>\n\t\t\t\t<\/div>\n\t\t\t\t<div class=\"elementor-element elementor-element-25952e4 elementor-widget elementor-widget-image\" data-id=\"25952e4\" data-element_type=\"widget\" data-widget_type=\"image.default\">\n\t\t\t\t<div class=\"elementor-widget-container\">\n\t\t\t\t\t\t\t\t\t\t\t\t\t\t\t<img loading=\"lazy\" decoding=\"async\" width=\"668\" height=\"632\" src=\"https:\/\/www.fiemg.com.br\/sesi\/wp-content\/uploads\/sites\/11\/2025\/10\/engajamento-de-stackholders.jpg\" class=\"attachment-medium_large size-medium_large wp-image-8585\" alt=\"\" srcset=\"https:\/\/www.fiemg.com.br\/sesi\/wp-content\/uploads\/sites\/11\/2025\/10\/engajamento-de-stackholders.jpg 668w, https:\/\/www.fiemg.com.br\/sesi\/wp-content\/uploads\/sites\/11\/2025\/10\/engajamento-de-stackholders-300x284.jpg 300w\" sizes=\"(max-width: 668px) 100vw, 668px\" \/>\t\t\t\t\t\t\t\t\t\t\t\t\t\t\t<\/div>\n\t\t\t\t<\/div>\n\t\t\t\t<div class=\"elementor-element elementor-element-969b020 elementor-widget elementor-widget-text-editor\" data-id=\"969b020\" data-element_type=\"widget\" data-widget_type=\"text-editor.default\">\n\t\t\t\t<div class=\"elementor-widget-container\">\n\t\t\t\t\t\t\t\t\t<p><strong>Transpar\u00eancia, relacionamento e confian\u00e7a.<\/strong><\/p><p>Escuta ativa como estrat\u00e9gia de valor. Desenvolvemos diagn\u00f3sticos personalizados e promovemos di\u00e1logos com mais de 900 stakeholders, fortalecendo rela\u00e7\u00f5es e guiando decis\u00f5es empresariais com base em expectativas reais das comunidades.<\/p>\t\t\t\t\t\t\t\t<\/div>\n\t\t\t\t<\/div>\n\t\t\t\t<\/div>\n\t\t\t\t\t<\/div>\n\t\t\t\t<\/div>\n\t\t\t\t\t\t\t\t<\/div>\n\t\t\t\t\t\t\t\t\t\t\t<div class=\"swiper-slide\" data-slide=\"4\" role=\"group\" aria-roledescription=\"slide\" aria-label=\"4 de 7\">\n\t\t\t\t\t\t\t<div class=\"has_ae_slider elementor-element elementor-element-0acab92 e-flex e-con-boxed ae-bg-gallery-type-default e-con e-child\" data-id=\"0acab92\" data-element_type=\"container\">\n\t\t\t\t\t<div class=\"e-con-inner\">\n\t\t<div class=\"has_ae_slider elementor-element elementor-element-09d858d e-con-full e-flex ae-bg-gallery-type-default e-con e-child\" data-id=\"09d858d\" data-element_type=\"container\" data-settings=\"{&quot;background_background&quot;:&quot;classic&quot;}\">\n\t\t\t\t<div class=\"elementor-element elementor-element-6b91dc0 elementor-widget elementor-widget-heading\" data-id=\"6b91dc0\" data-element_type=\"widget\" data-widget_type=\"heading.default\">\n\t\t\t\t<div class=\"elementor-widget-container\">\n\t\t\t\t\t<h2 class=\"elementor-heading-title elementor-size-default\">Sustentabilidade na Cadeia de Fornecedores<\/h2>\t\t\t\t<\/div>\n\t\t\t\t<\/div>\n\t\t\t\t<div class=\"elementor-element elementor-element-e52ed6b elementor-widget elementor-widget-image\" data-id=\"e52ed6b\" data-element_type=\"widget\" data-widget_type=\"image.default\">\n\t\t\t\t<div class=\"elementor-widget-container\">\n\t\t\t\t\t\t\t\t\t\t\t\t\t\t\t<img loading=\"lazy\" decoding=\"async\" width=\"669\" height=\"565\" src=\"https:\/\/www.fiemg.com.br\/sesi\/wp-content\/uploads\/sites\/11\/2025\/10\/sustentabilidade-na-cadeia-de-fornecedores.png\" class=\"attachment-medium_large size-medium_large wp-image-8586\" alt=\"\" srcset=\"https:\/\/www.fiemg.com.br\/sesi\/wp-content\/uploads\/sites\/11\/2025\/10\/sustentabilidade-na-cadeia-de-fornecedores.png 669w, https:\/\/www.fiemg.com.br\/sesi\/wp-content\/uploads\/sites\/11\/2025\/10\/sustentabilidade-na-cadeia-de-fornecedores-300x253.png 300w\" sizes=\"(max-width: 669px) 100vw, 669px\" \/>\t\t\t\t\t\t\t\t\t\t\t\t\t\t\t<\/div>\n\t\t\t\t<\/div>\n\t\t\t\t<div class=\"elementor-element elementor-element-9bc6b9f elementor-widget elementor-widget-text-editor\" data-id=\"9bc6b9f\" data-element_type=\"widget\" data-widget_type=\"text-editor.default\">\n\t\t\t\t<div class=\"elementor-widget-container\">\n\t\t\t\t\t\t\t\t\t<p><strong>Desenvolvimento local e fortalecimento da cadeia de valor.<\/strong><\/p><p>Competitividade e sustentabilidade para micro e pequenas empresas.<br \/>O projeto capacitou 21 MPEs em pr\u00e1ticas sustent\u00e1veis, melhorando produtividade, ambiente de trabalho e acesso a mercados, com ganhos significativos de desempenho.<\/p>\t\t\t\t\t\t\t\t<\/div>\n\t\t\t\t<\/div>\n\t\t\t\t<\/div>\n\t\t\t\t\t<\/div>\n\t\t\t\t<\/div>\n\t\t\t\t\t\t\t\t<\/div>\n\t\t\t\t\t\t\t\t\t\t\t<div class=\"swiper-slide\" data-slide=\"5\" role=\"group\" aria-roledescription=\"slide\" aria-label=\"5 de 7\">\n\t\t\t\t\t\t\t<div class=\"has_ae_slider elementor-element elementor-element-767c92b e-flex e-con-boxed ae-bg-gallery-type-default e-con e-child\" data-id=\"767c92b\" data-element_type=\"container\">\n\t\t\t\t\t<div class=\"e-con-inner\">\n\t\t<div class=\"has_ae_slider elementor-element elementor-element-b2a957d e-con-full e-flex ae-bg-gallery-type-default e-con e-child\" data-id=\"b2a957d\" data-element_type=\"container\" data-settings=\"{&quot;background_background&quot;:&quot;classic&quot;}\">\n\t\t\t\t<div class=\"elementor-element elementor-element-bb2ff64 elementor-widget elementor-widget-heading\" data-id=\"bb2ff64\" data-element_type=\"widget\" data-widget_type=\"heading.default\">\n\t\t\t\t<div class=\"elementor-widget-container\">\n\t\t\t\t\t<h2 class=\"elementor-heading-title elementor-size-default\">Programa de Engajamento para Diversidade<\/h2>\t\t\t\t<\/div>\n\t\t\t\t<\/div>\n\t\t\t\t<div class=\"elementor-element elementor-element-9477753 elementor-widget elementor-widget-image\" data-id=\"9477753\" data-element_type=\"widget\" data-widget_type=\"image.default\">\n\t\t\t\t<div class=\"elementor-widget-container\">\n\t\t\t\t\t\t\t\t\t\t\t\t\t\t\t<img loading=\"lazy\" decoding=\"async\" width=\"768\" height=\"482\" src=\"https:\/\/www.fiemg.com.br\/sesi\/wp-content\/uploads\/sites\/11\/2025\/10\/diversidade-inclusao-768x482.jpg\" class=\"attachment-medium_large size-medium_large wp-image-8589\" alt=\"\" srcset=\"https:\/\/www.fiemg.com.br\/sesi\/wp-content\/uploads\/sites\/11\/2025\/10\/diversidade-inclusao-768x482.jpg 768w, https:\/\/www.fiemg.com.br\/sesi\/wp-content\/uploads\/sites\/11\/2025\/10\/diversidade-inclusao-300x188.jpg 300w, https:\/\/www.fiemg.com.br\/sesi\/wp-content\/uploads\/sites\/11\/2025\/10\/diversidade-inclusao.jpg 1000w\" sizes=\"(max-width: 768px) 100vw, 768px\" \/>\t\t\t\t\t\t\t\t\t\t\t\t\t\t\t<\/div>\n\t\t\t\t<\/div>\n\t\t\t\t<div class=\"elementor-element elementor-element-b346557 elementor-widget elementor-widget-text-editor\" data-id=\"b346557\" data-element_type=\"widget\" data-widget_type=\"text-editor.default\">\n\t\t\t\t<div class=\"elementor-widget-container\">\n\t\t\t\t\t\t\t\t\t<p><strong>Educa\u00e7\u00e3o para diversidade e transforma\u00e7\u00e3o cultural.<\/strong><\/p><p>Construindo uma cultura corporativa mais inclusiva.<br \/>Com a\u00e7\u00f5es pr\u00e1ticas como rodas de conversa, cartilhas e mentorias, o programa promoveu letramento em diversidade e engajou lideran\u00e7as e equipes no compromisso com ambientes diversos e respeitosos.<\/p>\t\t\t\t\t\t\t\t<\/div>\n\t\t\t\t<\/div>\n\t\t\t\t<\/div>\n\t\t\t\t\t<\/div>\n\t\t\t\t<\/div>\n\t\t\t\t\t\t\t\t<\/div>\n\t\t\t\t\t\t\t\t\t\t\t<div class=\"swiper-slide\" data-slide=\"6\" role=\"group\" aria-roledescription=\"slide\" aria-label=\"6 de 7\">\n\t\t\t\t\t\t\t<div class=\"has_ae_slider elementor-element elementor-element-f3ad503 e-flex e-con-boxed ae-bg-gallery-type-default e-con e-child\" data-id=\"f3ad503\" data-element_type=\"container\">\n\t\t\t\t\t<div class=\"e-con-inner\">\n\t\t<div class=\"has_ae_slider elementor-element elementor-element-d00e984 e-con-full e-flex ae-bg-gallery-type-default e-con e-child\" data-id=\"d00e984\" data-element_type=\"container\" data-settings=\"{&quot;background_background&quot;:&quot;classic&quot;}\">\n\t\t\t\t<div class=\"elementor-element elementor-element-b2e64ca elementor-widget elementor-widget-heading\" data-id=\"b2e64ca\" data-element_type=\"widget\" data-widget_type=\"heading.default\">\n\t\t\t\t<div class=\"elementor-widget-container\">\n\t\t\t\t\t<h2 class=\"elementor-heading-title elementor-size-default\">Futuro Maker<b style=\"margin: 0px;padding: 0px;border: 0px;font-size: 14.4px;vertical-align: baseline;, Open-Sans, sans-serif;max-width: 100%\"><\/b><\/h2>\t\t\t\t<\/div>\n\t\t\t\t<\/div>\n\t\t\t\t<div class=\"elementor-element elementor-element-891fe74 elementor-widget elementor-widget-image\" data-id=\"891fe74\" data-element_type=\"widget\" data-widget_type=\"image.default\">\n\t\t\t\t<div class=\"elementor-widget-container\">\n\t\t\t\t\t\t\t\t\t\t\t\t\t\t\t<img loading=\"lazy\" decoding=\"async\" width=\"572\" height=\"493\" src=\"https:\/\/www.fiemg.com.br\/sesi\/wp-content\/uploads\/sites\/11\/2025\/10\/futuro-maker.jpg\" class=\"attachment-medium_large size-medium_large wp-image-8582\" alt=\"\" srcset=\"https:\/\/www.fiemg.com.br\/sesi\/wp-content\/uploads\/sites\/11\/2025\/10\/futuro-maker.jpg 572w, https:\/\/www.fiemg.com.br\/sesi\/wp-content\/uploads\/sites\/11\/2025\/10\/futuro-maker-300x259.jpg 300w\" sizes=\"(max-width: 572px) 100vw, 572px\" \/>\t\t\t\t\t\t\t\t\t\t\t\t\t\t\t<\/div>\n\t\t\t\t<\/div>\n\t\t\t\t<div class=\"elementor-element elementor-element-fd4a313 elementor-widget elementor-widget-text-editor\" data-id=\"fd4a313\" data-element_type=\"widget\" data-widget_type=\"text-editor.default\">\n\t\t\t\t<div class=\"elementor-widget-container\">\n\t\t\t\t\t\t\t\t\t<p><strong>Inova\u00e7\u00e3o, tecnologia e transforma\u00e7\u00e3o social.<\/strong><\/p><p>Capacita\u00e7\u00e3o de jovens em vulnerabilidade por meio da jornada maker, unindo autoconhecimento, qualifica\u00e7\u00e3o profissional e acesso \u00e0 Ind\u00fastria 4.0 para construir futuros mais inclusivos.<\/p>\t\t\t\t\t\t\t\t<\/div>\n\t\t\t\t<\/div>\n\t\t\t\t<\/div>\n\t\t\t\t\t<\/div>\n\t\t\t\t<\/div>\n\t\t\t\t\t\t\t\t<\/div>\n\t\t\t\t\t\t\t\t\t\t\t<div class=\"swiper-slide\" data-slide=\"7\" role=\"group\" aria-roledescription=\"slide\" aria-label=\"7 de 7\">\n\t\t\t\t\t\t\t<div class=\"has_ae_slider elementor-element elementor-element-55f0e82 e-flex e-con-boxed ae-bg-gallery-type-default e-con e-child\" data-id=\"55f0e82\" data-element_type=\"container\">\n\t\t\t\t\t<div class=\"e-con-inner\">\n\t\t<div class=\"has_ae_slider elementor-element elementor-element-60b0302 e-con-full e-flex ae-bg-gallery-type-default e-con e-child\" data-id=\"60b0302\" data-element_type=\"container\" data-settings=\"{&quot;background_background&quot;:&quot;classic&quot;}\">\n\t\t\t\t<div class=\"elementor-element elementor-element-3ea44ae elementor-widget elementor-widget-heading\" data-id=\"3ea44ae\" data-element_type=\"widget\" data-widget_type=\"heading.default\">\n\t\t\t\t<div class=\"elementor-widget-container\">\n\t\t\t\t\t<h2 class=\"elementor-heading-title elementor-size-default\">Projeto de Trabalho Social (PTS)<\/h2>\t\t\t\t<\/div>\n\t\t\t\t<\/div>\n\t\t\t\t<div class=\"elementor-element elementor-element-be86c6f elementor-widget elementor-widget-image\" data-id=\"be86c6f\" data-element_type=\"widget\" data-widget_type=\"image.default\">\n\t\t\t\t<div class=\"elementor-widget-container\">\n\t\t\t\t\t\t\t\t\t\t\t\t\t\t\t<img loading=\"lazy\" decoding=\"async\" width=\"533\" height=\"446\" src=\"https:\/\/www.fiemg.com.br\/sesi\/wp-content\/uploads\/sites\/11\/2025\/10\/projeto-de-trabalho-social.jpg\" class=\"attachment-medium_large size-medium_large wp-image-8588\" alt=\"\" srcset=\"https:\/\/www.fiemg.com.br\/sesi\/wp-content\/uploads\/sites\/11\/2025\/10\/projeto-de-trabalho-social.jpg 533w, https:\/\/www.fiemg.com.br\/sesi\/wp-content\/uploads\/sites\/11\/2025\/10\/projeto-de-trabalho-social-300x251.jpg 300w\" sizes=\"(max-width: 533px) 100vw, 533px\" \/>\t\t\t\t\t\t\t\t\t\t\t\t\t\t\t<\/div>\n\t\t\t\t<\/div>\n\t\t\t\t<div class=\"elementor-element elementor-element-7f9ff64 elementor-widget elementor-widget-text-editor\" data-id=\"7f9ff64\" data-element_type=\"widget\" data-widget_type=\"text-editor.default\">\n\t\t\t\t<div class=\"elementor-widget-container\">\n\t\t\t\t\t\t\t\t\t<p><strong>Cidadania, inclus\u00e3o e desenvolvimento comunit\u00e1rio.<\/strong><\/p><p>Atua\u00e7\u00e3o do SESI\/FIEMG em programas habitacionais, fortalecendo v\u00ednculos sociais e a participa\u00e7\u00e3o cidad\u00e3. A iniciativa promove qualifica\u00e7\u00e3o, sustentabilidade e gest\u00e3o participativa em parceria com munic\u00edpios, impulsionando pol\u00edticas p\u00fablicas e melhorias na qualidade de vida.<\/p>\t\t\t\t\t\t\t\t<\/div>\n\t\t\t\t<\/div>\n\t\t\t\t<\/div>\n\t\t\t\t\t<\/div>\n\t\t\t\t<\/div>\n\t\t\t\t\t\t\t\t<\/div>\n\t\t\t\t\t\t\t\t<\/div>\n\t\t<\/div>\n\t\t\t\t\t<div class=\"elementor-swiper-button elementor-swiper-button-prev\" role=\"button\" tabindex=\"0\" aria-label=\"Anterior\">\n\t\t\t\t<i aria-hidden=\"true\" class=\"eicon-chevron-left\"><\/i>\t\t\t<\/div>\n\t\t\t<div class=\"elementor-swiper-button elementor-swiper-button-next\" role=\"button\" tabindex=\"0\" aria-label=\"Pr\u00f3ximo\">\n\t\t\t\t<i aria-hidden=\"true\" class=\"eicon-chevron-right\"><\/i>\t\t\t<\/div>\n\t\t\t\t\t<div class=\"swiper-pagination\"><\/div>\n\t\t\t\t\t\t<\/div>\n\t\t\t\t<\/div>\n\t\t\t\t<div class=\"elementor-element elementor-element-8616b0e elementor-align-center elementor-widget elementor-widget-button\" data-id=\"8616b0e\" data-element_type=\"widget\" data-widget_type=\"button.default\">\n\t\t\t\t<div class=\"elementor-widget-container\">\n\t\t\t\t\t\t\t\t\t<div class=\"elementor-button-wrapper\">\n\t\t\t\t\t<a class=\"elementor-button elementor-button-link elementor-size-sm\" href=\"https:\/\/www.fiemg.com.br\/sesi\/wp-content\/uploads\/sites\/11\/2025\/10\/Portifolio-RSE-2.pdf\">\n\t\t\t\t\t\t<span class=\"elementor-button-content-wrapper\">\n\t\t\t\t\t\t\t\t\t<span class=\"elementor-button-text\">Baixe o portif\u00f3lio<\/span>\n\t\t\t\t\t<\/span>\n\t\t\t\t\t<\/a>\n\t\t\t\t<\/div>\n\t\t\t\t\t\t\t\t<\/div>\n\t\t\t\t<\/div>\n\t\t\t\t\t<\/div>\n\t\t\t\t<\/div>\n\t\t<div class=\"has_ae_slider elementor-element elementor-element-b861d16 e-flex e-con-boxed ae-bg-gallery-type-default e-con e-parent\" data-id=\"b861d16\" data-element_type=\"container\">\n\t\t\t\t\t<div class=\"e-con-inner\">\n\t\t\t\t<div class=\"elementor-element elementor-element-c9f648b elementor-widget elementor-widget-text-editor\" data-id=\"c9f648b\" data-element_type=\"widget\" data-widget_type=\"text-editor.default\">\n\t\t\t\t<div class=\"elementor-widget-container\">\n\t\t\t\t\t\t\t\t\t<p><strong><em>Parcerias reais. Transforma\u00e7\u00f5es concretas.<\/em><\/strong><\/p>\t\t\t\t\t\t\t\t<\/div>\n\t\t\t\t<\/div>\n\t\t\t\t<div class=\"elementor-element elementor-element-537acc4 elementor-widget elementor-widget-text-editor\" data-id=\"537acc4\" data-element_type=\"widget\" data-widget_type=\"text-editor.default\">\n\t\t\t\t<div class=\"elementor-widget-container\">\n\t\t\t\t\t\t\t\t\t<p>O impacto da nossa atua\u00e7\u00e3o se reflete na experi\u00eancia de quem vive, colabora e cresce com a FIEMG. Empresas, institui\u00e7\u00f5es e profissionais que confiaram em nossas solu\u00e7\u00f5es compartilham aqui o valor gerado por meio da responsabilidade social estrat\u00e9gica e da atua\u00e7\u00e3o conjunta.<\/p>\t\t\t\t\t\t\t\t<\/div>\n\t\t\t\t<\/div>\n\t\t\t\t\t<\/div>\n\t\t\t\t<\/div>\n\t\t<div class=\"has_ae_slider elementor-element elementor-element-2840489e e-flex e-con-boxed ae-bg-gallery-type-default e-con e-parent\" data-id=\"2840489e\" data-element_type=\"container\">\n\t\t\t\t\t<div class=\"e-con-inner\">\n\t\t\t\t<div class=\"elementor-element elementor-element-854848d elementor-widget__width-initial elementor-testimonial--skin-default elementor-testimonial--layout-image_inline elementor-testimonial--align-center elementor-arrows-yes elementor-pagination-type-bullets elementor-widget elementor-widget-testimonial-carousel\" data-id=\"854848d\" data-element_type=\"widget\" data-settings=\"{&quot;show_arrows&quot;:&quot;yes&quot;,&quot;pagination&quot;:&quot;bullets&quot;,&quot;speed&quot;:500,&quot;autoplay&quot;:&quot;yes&quot;,&quot;autoplay_speed&quot;:5000,&quot;loop&quot;:&quot;yes&quot;,&quot;pause_on_hover&quot;:&quot;yes&quot;,&quot;pause_on_interaction&quot;:&quot;yes&quot;,&quot;space_between&quot;:{&quot;unit&quot;:&quot;px&quot;,&quot;size&quot;:10,&quot;sizes&quot;:[]},&quot;space_between_tablet&quot;:{&quot;unit&quot;:&quot;px&quot;,&quot;size&quot;:10,&quot;sizes&quot;:[]},&quot;space_between_mobile&quot;:{&quot;unit&quot;:&quot;px&quot;,&quot;size&quot;:10,&quot;sizes&quot;:[]}}\" data-widget_type=\"testimonial-carousel.default\">\n\t\t\t\t<div class=\"elementor-widget-container\">\n\t\t\t\t\t\t\t\t\t<div class=\"elementor-swiper\">\n\t\t\t\t\t<div class=\"elementor-main-swiper swiper\" role=\"region\" aria-roledescription=\"carousel\" aria-label=\"Slides\">\n\t\t\t\t<div class=\"swiper-wrapper\">\n\t\t\t\t\t\t\t\t\t\t\t<div class=\"swiper-slide\" role=\"group\" aria-roledescription=\"slide\">\n\t\t\t\t\t\t\t\t\t<div class=\"elementor-testimonial\">\n\t\t\t\t\t\t\t<div class=\"elementor-testimonial__content\">\n\t\t\t\t\t<div class=\"elementor-testimonial__text\">\n\t\t\t\t\t\t\"A capacita\u00e7\u00e3o trouxe um novo olhar para nossas a\u00e7\u00f5es sociais e ajudou a estruturar nossa pol\u00edtica interna de responsabilidade social. A equipe da FIEMG foi extremamente profissional e atenciosa. Todos se sentiram valorizados.\"\t\t\t\t\t<\/div>\n\t\t\t\t\t\t\t\t\t<\/div>\n\t\t\t\t\t\t<div class=\"elementor-testimonial__footer\">\n\t\t\t\t\t\t\t\t<cite class=\"elementor-testimonial__cite\"><span class=\"elementor-testimonial__name\">Hozaneide Alves, Analista de Responsabilidade Social<\/span><span class=\"elementor-testimonial__title\">Uberl\u00e2ndia Refrescos<\/span><\/cite>\t\t\t<\/div>\n\t\t<\/div>\n\t\t\t\t\t\t\t\t<\/div>\n\t\t\t\t\t\t\t\t\t\t\t<div class=\"swiper-slide\" role=\"group\" aria-roledescription=\"slide\">\n\t\t\t\t\t\t\t\t\t<div class=\"elementor-testimonial\">\n\t\t\t\t\t\t\t<div class=\"elementor-testimonial__content\">\n\t\t\t\t\t<div class=\"elementor-testimonial__text\">\n\t\t\t\t\t\t\"Encontrar uma equipe t\u00e3o comprometida com impacto social foi essencial. A FIEMG atua com o cora\u00e7\u00e3o e com t\u00e9cnica, o que faz toda diferen\u00e7a nos nossos projetos.\"\t\t\t\t\t<\/div>\n\t\t\t\t\t\t\t\t\t<\/div>\n\t\t\t\t\t\t<div class=\"elementor-testimonial__footer\">\n\t\t\t\t\t\t\t\t<cite class=\"elementor-testimonial__cite\"><span class=\"elementor-testimonial__name\">Amanda Lara, Coordenadora de Sustentabilidade<\/span><span class=\"elementor-testimonial__title\">Cimento Nacional<\/span><\/cite>\t\t\t<\/div>\n\t\t<\/div>\n\t\t\t\t\t\t\t\t<\/div>\n\t\t\t\t\t\t\t\t\t\t\t<div class=\"swiper-slide\" role=\"group\" aria-roledescription=\"slide\">\n\t\t\t\t\t\t\t\t\t<div class=\"elementor-testimonial\">\n\t\t\t\t\t\t\t<div class=\"elementor-testimonial__content\">\n\t\t\t\t\t<div class=\"elementor-testimonial__text\">\n\t\t\t\t\t\t\"O programa Conex\u00e3o Futuro foi al\u00e9m das expectativas. Gerou valor, autoconhecimento e prop\u00f3sito. \u00c9 uma parceria que transforma vidas e reafirma nosso prop\u00f3sito de mudan\u00e7a social.\u201d\t\t\t\t\t<\/div>\n\t\t\t\t\t\t\t\t\t<\/div>\n\t\t\t\t\t\t<div class=\"elementor-testimonial__footer\">\n\t\t\t\t\t\t\t\t<cite class=\"elementor-testimonial__cite\"><span class=\"elementor-testimonial__name\">Nat\u00e2ne Carolina Pereira, Psic\u00f3loga de Desenvolvimento Social<\/span><span class=\"elementor-testimonial__title\">Instituto ITAVIVA \/ Itaminas<\/span><\/cite>\t\t\t<\/div>\n\t\t<\/div>\n\t\t\t\t\t\t\t\t<\/div>\n\t\t\t\t\t\t\t\t\t\t\t<div class=\"swiper-slide\" role=\"group\" aria-roledescription=\"slide\">\n\t\t\t\t\t\t\t\t\t<div class=\"elementor-testimonial\">\n\t\t\t\t\t\t\t<div class=\"elementor-testimonial__content\">\n\t\t\t\t\t<div class=\"elementor-testimonial__text\">\n\t\t\t\t\t\t\"A FIEMG esteve presente em todas as nossas unidades, levando D&amp;I do ch\u00e3o de f\u00e1brica \u00e0 alta lideran\u00e7a. A parceria trouxe di\u00e1logo, materiais relevantes e a\u00e7\u00f5es pr\u00e1ticas que conectam pessoas \u00e0 estrat\u00e9gia da empresa.\"\t\t\t\t\t<\/div>\n\t\t\t\t\t\t\t\t\t<\/div>\n\t\t\t\t\t\t<div class=\"elementor-testimonial__footer\">\n\t\t\t\t\t\t\t\t<cite class=\"elementor-testimonial__cite\"><span class=\"elementor-testimonial__name\">Amanda Barbosa Rocha, L\u00edder de D&amp;I Am\u00e9rica do Sul<\/span><span class=\"elementor-testimonial__title\">Stellantis<\/span><\/cite>\t\t\t<\/div>\n\t\t<\/div>\n\t\t\t\t\t\t\t\t<\/div>\n\t\t\t\t\t\t\t\t\t<\/div>\n\t\t\t\t\t\t\t\t\t\t\t\t\t\t\t<div class=\"elementor-swiper-button elementor-swiper-button-prev\" role=\"button\" tabindex=\"0\" aria-label=\"Anterior\">\n\t\t\t\t\t\t\t<i aria-hidden=\"true\" class=\"eicon-chevron-left\"><\/i>\t\t\t\t\t\t<\/div>\n\t\t\t\t\t\t<div class=\"elementor-swiper-button elementor-swiper-button-next\" role=\"button\" tabindex=\"0\" aria-label=\"Pr\u00f3ximo\">\n\t\t\t\t\t\t\t<i aria-hidden=\"true\" class=\"eicon-chevron-right\"><\/i>\t\t\t\t\t\t<\/div>\n\t\t\t\t\t\t\t\t\t\t\t\t\t\t\t\t<div class=\"swiper-pagination\"><\/div>\n\t\t\t\t\t\t\t\t\t\t\t\t<\/div>\n\t\t\t\t<\/div>\n\t\t\t\t\t\t\t\t<\/div>\n\t\t\t\t<\/div>\n\t\t\t\t\t<\/div>\n\t\t\t\t<\/div>\n\t\t<div class=\"has_ae_slider elementor-element elementor-element-6bb4f7ff e-flex e-con-boxed ae-bg-gallery-type-default e-con e-parent\" data-id=\"6bb4f7ff\" data-element_type=\"container\" data-settings=\"{&quot;background_background&quot;:&quot;classic&quot;}\">\n\t\t\t\t\t<div class=\"e-con-inner\">\n\t\t<div class=\"has_ae_slider elementor-element elementor-element-2872edc3 e-con-full e-flex ae-bg-gallery-type-default e-con e-child\" data-id=\"2872edc3\" data-element_type=\"container\" data-settings=\"{&quot;background_background&quot;:&quot;classic&quot;}\">\n\t\t<div class=\"has_ae_slider elementor-element elementor-element-6637fed8 e-con-full e-flex ae-bg-gallery-type-default e-con e-child\" data-id=\"6637fed8\" data-element_type=\"container\" data-settings=\"{&quot;background_background&quot;:&quot;classic&quot;}\">\n\t\t<div class=\"has_ae_slider elementor-element elementor-element-56113000 e-con-full e-flex ae-bg-gallery-type-default e-con e-child\" data-id=\"56113000\" data-element_type=\"container\">\n\t\t\t\t<div class=\"elementor-element elementor-element-1c7dc358 elementor-widget__width-initial elementor-widget-tablet__width-initial elementor-widget elementor-widget-heading\" data-id=\"1c7dc358\" data-element_type=\"widget\" data-widget_type=\"heading.default\">\n\t\t\t\t<div class=\"elementor-widget-container\">\n\t\t\t\t\t<h2 class=\"elementor-heading-title elementor-size-default\">O caminho para o futuro sustent\u00e1vel come\u00e7a dentro da sua empresa.<\/h2>\t\t\t\t<\/div>\n\t\t\t\t<\/div>\n\t\t<div class=\"has_ae_slider elementor-element elementor-element-4be40889 e-con-full e-flex ae-bg-gallery-type-default e-con e-child\" data-id=\"4be40889\" data-element_type=\"container\">\n\t\t\t\t<div class=\"elementor-element elementor-element-716a78ef elementor-widget elementor-widget-text-editor\" data-id=\"716a78ef\" data-element_type=\"widget\" data-widget_type=\"text-editor.default\">\n\t\t\t\t<div class=\"elementor-widget-container\">\n\t\t\t\t\t\t\t\t\t<p>Investir em Responsabilidade Social \u00e9 essencial para fortalecer sua equipe e impactar a sociedade. Por isso, oferecemos oferece solu\u00e7\u00f5es customiz\u00e1veis para que sua empresa se destaque e avance nesse compromisso.<\/p>\t\t\t\t\t\t\t\t<\/div>\n\t\t\t\t<\/div>\n\t\t\t\t<\/div>\n\t\t\t\t<\/div>\n\t\t<div class=\"has_ae_slider elementor-element elementor-element-48694158 e-con-full e-flex ae-bg-gallery-type-default e-con e-child\" data-id=\"48694158\" data-element_type=\"container\">\n\t\t\t\t<div class=\"elementor-element elementor-element-bd791f1 elementor-widget elementor-widget-image\" data-id=\"bd791f1\" data-element_type=\"widget\" data-widget_type=\"image.default\">\n\t\t\t\t<div class=\"elementor-widget-container\">\n\t\t\t\t\t\t\t\t\t\t\t\t\t\t\t<img loading=\"lazy\" decoding=\"async\" width=\"738\" height=\"667\" src=\"https:\/\/www.fiemg.com.br\/sesi\/wp-content\/uploads\/sites\/11\/2024\/09\/futuro-sustentavel.jpg\" class=\"attachment-large size-large wp-image-7219\" alt=\"\" srcset=\"https:\/\/www.fiemg.com.br\/sesi\/wp-content\/uploads\/sites\/11\/2024\/09\/futuro-sustentavel.jpg 738w, https:\/\/www.fiemg.com.br\/sesi\/wp-content\/uploads\/sites\/11\/2024\/09\/futuro-sustentavel-300x271.jpg 300w\" sizes=\"(max-width: 738px) 100vw, 738px\" \/>\t\t\t\t\t\t\t\t\t\t\t\t\t\t\t<\/div>\n\t\t\t\t<\/div>\n\t\t\t\t<\/div>\n\t\t\t\t<\/div>\n\t\t<div class=\"has_ae_slider elementor-element elementor-element-785079be e-con-full e-flex ae-bg-gallery-type-default e-con e-child\" data-id=\"785079be\" data-element_type=\"container\" data-settings=\"{&quot;background_background&quot;:&quot;classic&quot;}\">\n\t\t\t\t<div class=\"elementor-element elementor-element-626aaf5e elementor-widget__width-initial elementor-widget elementor-widget-text-editor\" data-id=\"626aaf5e\" data-element_type=\"widget\" data-widget_type=\"text-editor.default\">\n\t\t\t\t<div class=\"elementor-widget-container\">\n\t\t\t\t\t\t\t\t\t<p>Quer saber mais sobre como estamos transformando o presente para construir um futuro melhor?<\/p>\t\t\t\t\t\t\t\t<\/div>\n\t\t\t\t<\/div>\n\t\t\t\t<div class=\"elementor-element elementor-element-f8d9366 elementor-widget elementor-widget-text-editor\" data-id=\"f8d9366\" data-element_type=\"widget\" data-widget_type=\"text-editor.default\">\n\t\t\t\t<div class=\"elementor-widget-container\">\n\t\t\t\t\t\t\t\t\t<h5><em>Entre em contato hoje mesmo:<\/em><\/h5><h6>(31) 3263-4305<br \/><a href=\"mailto:responsabilidadesocial@fiemg.com.br\">responsabilidadesocial@fiemg.com.br<\/a><\/h6>\t\t\t\t\t\t\t\t<\/div>\n\t\t\t\t<\/div>\n\t\t\t\t<\/div>\n\t\t\t\t<\/div>\n\t\t\t\t\t<\/div>\n\t\t\t\t<\/div>\n\t\t<div class=\"has_ae_slider elementor-element elementor-element-0df7ede e-flex e-con-boxed ae-bg-gallery-type-default e-con e-parent\" data-id=\"0df7ede\" data-element_type=\"container\">\n\t\t\t\t\t<div class=\"e-con-inner\">\n\t\t\t\t<div class=\"elementor-element elementor-element-8d37480 elementor-widget__width-initial elementor-widget-tablet__width-initial elementor-widget elementor-widget-heading\" data-id=\"8d37480\" data-element_type=\"widget\" data-widget_type=\"heading.default\">\n\t\t\t\t<div class=\"elementor-widget-container\">\n\t\t\t\t\t<h2 class=\"elementor-heading-title elementor-size-default\">Not\u00edcias<\/h2>\t\t\t\t<\/div>\n\t\t\t\t<\/div>\n\t\t\t\t<div class=\"elementor-element elementor-element-fda2791 elementor-grid-4 elementor-grid-tablet-2 elementor-grid-mobile-1 elementor-posts--thumbnail-top elementor-widget elementor-widget-posts\" data-id=\"fda2791\" data-element_type=\"widget\" data-settings=\"{&quot;classic_columns&quot;:&quot;4&quot;,&quot;classic_columns_tablet&quot;:&quot;2&quot;,&quot;classic_columns_mobile&quot;:&quot;1&quot;,&quot;classic_row_gap&quot;:{&quot;unit&quot;:&quot;px&quot;,&quot;size&quot;:35,&quot;sizes&quot;:[]},&quot;classic_row_gap_tablet&quot;:{&quot;unit&quot;:&quot;px&quot;,&quot;size&quot;:&quot;&quot;,&quot;sizes&quot;:[]},&quot;classic_row_gap_mobile&quot;:{&quot;unit&quot;:&quot;px&quot;,&quot;size&quot;:&quot;&quot;,&quot;sizes&quot;:[]}}\" data-widget_type=\"posts.classic\">\n\t\t\t\t<div class=\"elementor-widget-container\">\n\t\t\t\t\t\t\t<div class=\"elementor-posts-container elementor-posts elementor-posts--skin-classic elementor-grid\" role=\"list\">\n\t\t\t\t<article class=\"elementor-post elementor-grid-item post-8823 noticias type-noticias status-publish has-post-thumbnail hentry category-responsabilidade-social category-sesi tag-ods tag-responsabilidade-social\" role=\"listitem\">\n\t\t\t\t<a class=\"elementor-post__thumbnail__link\" href=\"https:\/\/www.fiemg.com.br\/sesi\/noticias\/visao-2030-encerra-ciclo-com-impacto-educacional\/\" tabindex=\"-1\" >\n\t\t\t<div class=\"elementor-post__thumbnail\"><img loading=\"lazy\" decoding=\"async\" width=\"512\" height=\"512\" src=\"https:\/\/www.fiemg.com.br\/sesi\/wp-content\/uploads\/sites\/11\/2026\/01\/agenda-visao-2030-sesi-responsabilidade-social.jpg\" class=\"attachment-full size-full wp-image-8826\" alt=\"\" srcset=\"https:\/\/www.fiemg.com.br\/sesi\/wp-content\/uploads\/sites\/11\/2026\/01\/agenda-visao-2030-sesi-responsabilidade-social.jpg 512w, https:\/\/www.fiemg.com.br\/sesi\/wp-content\/uploads\/sites\/11\/2026\/01\/agenda-visao-2030-sesi-responsabilidade-social-300x300.jpg 300w, https:\/\/www.fiemg.com.br\/sesi\/wp-content\/uploads\/sites\/11\/2026\/01\/agenda-visao-2030-sesi-responsabilidade-social-150x150.jpg 150w\" sizes=\"(max-width: 512px) 100vw, 512px\" \/><\/div>\n\t\t<\/a>\n\t\t\t\t<div class=\"elementor-post__text\">\n\t\t\t\t<h3 class=\"elementor-post__title\">\n\t\t\t<a href=\"https:\/\/www.fiemg.com.br\/sesi\/noticias\/visao-2030-encerra-ciclo-com-impacto-educacional\/\" >\n\t\t\t\tVis\u00e3o 2030 encerra ciclo com impacto educacional\t\t\t<\/a>\n\t\t<\/h3>\n\t\t\t\t<\/div>\n\t\t\t\t<\/article>\n\t\t\t\t<article class=\"elementor-post elementor-grid-item post-8661 noticias type-noticias status-publish has-post-thumbnail hentry category-desenvolvimento-industrial tag-responsabilidade-social\" role=\"listitem\">\n\t\t\t\t<a class=\"elementor-post__thumbnail__link\" href=\"https:\/\/www.fiemg.com.br\/sesi\/noticias\/impacto-que-transforma-projetos-socioeambientais-como-estrategia-de-valor-compartilhado\/\" tabindex=\"-1\" >\n\t\t\t<div class=\"elementor-post__thumbnail\"><img loading=\"lazy\" decoding=\"async\" width=\"512\" height=\"512\" src=\"https:\/\/www.fiemg.com.br\/sesi\/wp-content\/uploads\/sites\/11\/2025\/10\/imersao-industria-projetos-socioambientais.jpg\" class=\"attachment-full size-full wp-image-8663\" alt=\"Impacto que Transforma: Projetos Socioeambientais como Estrat\u00e9gia de Valor Compartilhado\" srcset=\"https:\/\/www.fiemg.com.br\/sesi\/wp-content\/uploads\/sites\/11\/2025\/10\/imersao-industria-projetos-socioambientais.jpg 512w, https:\/\/www.fiemg.com.br\/sesi\/wp-content\/uploads\/sites\/11\/2025\/10\/imersao-industria-projetos-socioambientais-300x300.jpg 300w, https:\/\/www.fiemg.com.br\/sesi\/wp-content\/uploads\/sites\/11\/2025\/10\/imersao-industria-projetos-socioambientais-150x150.jpg 150w\" sizes=\"(max-width: 512px) 100vw, 512px\" \/><\/div>\n\t\t<\/a>\n\t\t\t\t<div class=\"elementor-post__text\">\n\t\t\t\t<h3 class=\"elementor-post__title\">\n\t\t\t<a href=\"https:\/\/www.fiemg.com.br\/sesi\/noticias\/impacto-que-transforma-projetos-socioeambientais-como-estrategia-de-valor-compartilhado\/\" >\n\t\t\t\tImpacto que Transforma: Projetos Socioeambientais como Estrat\u00e9gia de Valor Compartilhado\t\t\t<\/a>\n\t\t<\/h3>\n\t\t\t\t<\/div>\n\t\t\t\t<\/article>\n\t\t\t\t<article class=\"elementor-post elementor-grid-item post-8554 noticias type-noticias status-publish has-post-thumbnail hentry tag-responsabilidade-social\" role=\"listitem\">\n\t\t\t\t<a class=\"elementor-post__thumbnail__link\" href=\"https:\/\/www.fiemg.com.br\/sesi\/noticias\/projeto-chega-a-belo-horizonte-com-uma-proposta-inovadora-promover-a-alfabetizacao-digital-de-pessoas-idosas\/\" tabindex=\"-1\" >\n\t\t\t<div class=\"elementor-post__thumbnail\"><img loading=\"lazy\" decoding=\"async\" width=\"1600\" height=\"1600\" src=\"https:\/\/www.fiemg.com.br\/sesi\/wp-content\/uploads\/sites\/11\/2025\/10\/CONNECTANDO01-1.png\" class=\"attachment-full size-full wp-image-8555\" alt=\"\" srcset=\"https:\/\/www.fiemg.com.br\/sesi\/wp-content\/uploads\/sites\/11\/2025\/10\/CONNECTANDO01-1.png 1600w, https:\/\/www.fiemg.com.br\/sesi\/wp-content\/uploads\/sites\/11\/2025\/10\/CONNECTANDO01-1-300x300.png 300w, https:\/\/www.fiemg.com.br\/sesi\/wp-content\/uploads\/sites\/11\/2025\/10\/CONNECTANDO01-1-1024x1024.png 1024w, https:\/\/www.fiemg.com.br\/sesi\/wp-content\/uploads\/sites\/11\/2025\/10\/CONNECTANDO01-1-150x150.png 150w, https:\/\/www.fiemg.com.br\/sesi\/wp-content\/uploads\/sites\/11\/2025\/10\/CONNECTANDO01-1-768x768.png 768w, https:\/\/www.fiemg.com.br\/sesi\/wp-content\/uploads\/sites\/11\/2025\/10\/CONNECTANDO01-1-1536x1536.png 1536w\" sizes=\"(max-width: 1600px) 100vw, 1600px\" \/><\/div>\n\t\t<\/a>\n\t\t\t\t<div class=\"elementor-post__text\">\n\t\t\t\t<h3 class=\"elementor-post__title\">\n\t\t\t<a href=\"https:\/\/www.fiemg.com.br\/sesi\/noticias\/projeto-chega-a-belo-horizonte-com-uma-proposta-inovadora-promover-a-alfabetizacao-digital-de-pessoas-idosas\/\" >\n\t\t\t\tConectando Hist\u00f3rias: tecnologia, afeto e mem\u00f3ria para a inclus\u00e3o da pessoa idosa\t\t\t<\/a>\n\t\t<\/h3>\n\t\t\t\t<\/div>\n\t\t\t\t<\/article>\n\t\t\t\t<article class=\"elementor-post elementor-grid-item post-8282 noticias type-noticias status-publish has-post-thumbnail hentry category-cultura category-sesi tag-betim tag-cultura tag-igarape tag-responsabilidade-social tag-sarzedo tag-sesi\" role=\"listitem\">\n\t\t\t\t<a class=\"elementor-post__thumbnail__link\" href=\"https:\/\/www.fiemg.com.br\/sesi\/noticias\/evento-promovido-pelo-sesi-com-patrocinio-da-lonax-e-alle-aluminio-resgata-brincadeiras-tradicionais-promove-cultura-popular-e-garante-acessibilidade-para-todos-os-publicos\/\" tabindex=\"-1\" >\n\t\t\t<div class=\"elementor-post__thumbnail\"><img loading=\"lazy\" decoding=\"async\" width=\"390\" height=\"370\" src=\"https:\/\/www.fiemg.com.br\/sesi\/wp-content\/uploads\/sites\/11\/2025\/05\/0238.02_Viva-Brincar_Divulgacao_Banner-Site_B.-Noticia-1.png\" class=\"attachment-full size-full wp-image-8284\" alt=\"\" srcset=\"https:\/\/www.fiemg.com.br\/sesi\/wp-content\/uploads\/sites\/11\/2025\/05\/0238.02_Viva-Brincar_Divulgacao_Banner-Site_B.-Noticia-1.png 390w, https:\/\/www.fiemg.com.br\/sesi\/wp-content\/uploads\/sites\/11\/2025\/05\/0238.02_Viva-Brincar_Divulgacao_Banner-Site_B.-Noticia-1-300x285.png 300w\" sizes=\"(max-width: 390px) 100vw, 390px\" \/><\/div>\n\t\t<\/a>\n\t\t\t\t<div class=\"elementor-post__text\">\n\t\t\t\t<h3 class=\"elementor-post__title\">\n\t\t\t<a href=\"https:\/\/www.fiemg.com.br\/sesi\/noticias\/evento-promovido-pelo-sesi-com-patrocinio-da-lonax-e-alle-aluminio-resgata-brincadeiras-tradicionais-promove-cultura-popular-e-garante-acessibilidade-para-todos-os-publicos\/\" >\n\t\t\t\t\u00a0Festival Viva Brincar chega a Sarzedo, Betim e Igarap\u00e9 com atra\u00e7\u00f5es gratuitas para toda a fam\u00edlia\t\t\t<\/a>\n\t\t<\/h3>\n\t\t\t\t<\/div>\n\t\t\t\t<\/article>\n\t\t\t\t<\/div>\n\t\t\n\t\t\t\t\t\t<\/div>\n\t\t\t\t<\/div>\n\t\t\t\t<div class=\"elementor-element elementor-element-40c46e6 elementor-align-center elementor-widget elementor-widget-button\" data-id=\"40c46e6\" data-element_type=\"widget\" data-widget_type=\"button.default\">\n\t\t\t\t<div class=\"elementor-widget-container\">\n\t\t\t\t\t\t\t\t\t<div class=\"elementor-button-wrapper\">\n\t\t\t\t\t<a class=\"elementor-button elementor-button-link elementor-size-sm\" href=\"\/noticias\/\">\n\t\t\t\t\t\t<span class=\"elementor-button-content-wrapper\">\n\t\t\t\t\t\t\t\t\t<span class=\"elementor-button-text\">Mais not\u00edcias<\/span>\n\t\t\t\t\t<\/span>\n\t\t\t\t\t<\/a>\n\t\t\t\t<\/div>\n\t\t\t\t\t\t\t\t<\/div>\n\t\t\t\t<\/div>\n\t\t\t\t\t<\/div>\n\t\t\t\t<\/div>\n\t\t<div class=\"has_ae_slider elementor-element elementor-element-666ef8b e-flex e-con-boxed ae-bg-gallery-type-default e-con e-parent\" data-id=\"666ef8b\" data-element_type=\"container\" data-settings=\"{&quot;background_background&quot;:&quot;classic&quot;}\">\n\t\t\t\t\t<div class=\"e-con-inner\">\n\t\t\t\t<div class=\"elementor-element elementor-element-d2b33c3 elementor-widget__width-initial elementor-widget-tablet__width-initial elementor-widget elementor-widget-heading\" data-id=\"d2b33c3\" data-element_type=\"widget\" data-widget_type=\"heading.default\">\n\t\t\t\t<div class=\"elementor-widget-container\">\n\t\t\t\t\t<h2 class=\"elementor-heading-title elementor-size-default\">Biblioteca<\/h2>\t\t\t\t<\/div>\n\t\t\t\t<\/div>\n\t\t<div class=\"has_ae_slider elementor-element elementor-element-eb6438c e-grid e-con-full ae-bg-gallery-type-default e-con e-child\" data-id=\"eb6438c\" data-element_type=\"container\">\n\t\t\t\t<div class=\"elementor-element elementor-element-b055960 elementor-widget elementor-widget-image\" data-id=\"b055960\" data-element_type=\"widget\" data-widget_type=\"image.default\">\n\t\t\t\t<div class=\"elementor-widget-container\">\n\t\t\t\t\t\t\t\t\t\t\t\t<figure class=\"wp-caption\">\n\t\t\t\t\t\t\t\t\t\t\t<a href=\"https:\/\/www.fiemg.com.br\/wp-content\/uploads\/2025\/10\/0007-01_Investimento-Social_Ebook-Interativo.pdf\" target=\"_blank\">\n\t\t\t\t\t\t\t<img loading=\"lazy\" decoding=\"async\" width=\"571\" height=\"800\" src=\"https:\/\/www.fiemg.com.br\/sesi\/wp-content\/uploads\/sites\/11\/2025\/10\/0007-01_Investimento-Social_Ebook-Interativo.jpg\" class=\"attachment-full size-full wp-image-8574\" alt=\"Investimento Social Privado: Como os ODS Podem Direcionar a Estrat\u00e9gia de Atua\u00e7\u00e3o?\" srcset=\"https:\/\/www.fiemg.com.br\/sesi\/wp-content\/uploads\/sites\/11\/2025\/10\/0007-01_Investimento-Social_Ebook-Interativo.jpg 571w, https:\/\/www.fiemg.com.br\/sesi\/wp-content\/uploads\/sites\/11\/2025\/10\/0007-01_Investimento-Social_Ebook-Interativo-214x300.jpg 214w\" sizes=\"(max-width: 571px) 100vw, 571px\" \/>\t\t\t\t\t\t\t\t<\/a>\n\t\t\t\t\t\t\t\t\t\t\t<figcaption class=\"widget-image-caption wp-caption-text\">Investimento Social Privado: Como os ODS Podem Direcionar a Estrat\u00e9gia de Atua\u00e7\u00e3o?<\/figcaption>\n\t\t\t\t\t\t\t\t\t\t<\/figure>\n\t\t\t\t\t\t\t\t\t<\/div>\n\t\t\t\t<\/div>\n\t\t\t\t<div class=\"elementor-element elementor-element-c39982c elementor-widget elementor-widget-image\" data-id=\"c39982c\" data-element_type=\"widget\" data-widget_type=\"image.default\">\n\t\t\t\t<div class=\"elementor-widget-container\">\n\t\t\t\t\t\t\t\t\t\t\t\t<figure class=\"wp-caption\">\n\t\t\t\t\t\t\t\t\t\t\t<a href=\"https:\/\/www.fiemg.com.br\/wp-content\/uploads\/2025\/10\/0072.01_GRSE_Voluntariado_Ebook_Interativo.pdf\" target=\"_blank\">\n\t\t\t\t\t\t\t<img loading=\"lazy\" decoding=\"async\" width=\"571\" height=\"800\" src=\"https:\/\/www.fiemg.com.br\/sesi\/wp-content\/uploads\/sites\/11\/2025\/10\/0072.01_GRSE_Voluntariado_Ebook_Interativo.jpg\" class=\"attachment-full size-full wp-image-8575\" alt=\"Voluntariado: Uma Ferramenta de Transforma\u00e7\u00e3o Social\" srcset=\"https:\/\/www.fiemg.com.br\/sesi\/wp-content\/uploads\/sites\/11\/2025\/10\/0072.01_GRSE_Voluntariado_Ebook_Interativo.jpg 571w, https:\/\/www.fiemg.com.br\/sesi\/wp-content\/uploads\/sites\/11\/2025\/10\/0072.01_GRSE_Voluntariado_Ebook_Interativo-214x300.jpg 214w\" sizes=\"(max-width: 571px) 100vw, 571px\" \/>\t\t\t\t\t\t\t\t<\/a>\n\t\t\t\t\t\t\t\t\t\t\t<figcaption class=\"widget-image-caption wp-caption-text\">Voluntariado: Uma Ferramenta de Transforma\u00e7\u00e3o Social<\/figcaption>\n\t\t\t\t\t\t\t\t\t\t<\/figure>\n\t\t\t\t\t\t\t\t\t<\/div>\n\t\t\t\t<\/div>\n\t\t\t\t<div class=\"elementor-element elementor-element-6a40255 elementor-widget elementor-widget-image\" data-id=\"6a40255\" data-element_type=\"widget\" data-widget_type=\"image.default\">\n\t\t\t\t<div class=\"elementor-widget-container\">\n\t\t\t\t\t\t\t\t\t\t\t\t<figure class=\"wp-caption\">\n\t\t\t\t\t\t\t\t\t\t\t<a href=\"https:\/\/www.fiemg.com.br\/wp-content\/uploads\/2025\/10\/0128.01_GRSE_Guia-Direitos-Humanos_Ebook.pdf\" target=\"_blank\">\n\t\t\t\t\t\t\t<img loading=\"lazy\" decoding=\"async\" width=\"571\" height=\"800\" src=\"https:\/\/www.fiemg.com.br\/sesi\/wp-content\/uploads\/sites\/11\/2025\/10\/0128.01_GRSE_Guia-Direitos-Humanos_Ebook.jpg\" class=\"attachment-full size-full wp-image-8576\" alt=\"Como as Empresas Podem Prevenir a Viola\u00e7\u00e3o aos Direitos Humanos?\" srcset=\"https:\/\/www.fiemg.com.br\/sesi\/wp-content\/uploads\/sites\/11\/2025\/10\/0128.01_GRSE_Guia-Direitos-Humanos_Ebook.jpg 571w, https:\/\/www.fiemg.com.br\/sesi\/wp-content\/uploads\/sites\/11\/2025\/10\/0128.01_GRSE_Guia-Direitos-Humanos_Ebook-214x300.jpg 214w\" sizes=\"(max-width: 571px) 100vw, 571px\" \/>\t\t\t\t\t\t\t\t<\/a>\n\t\t\t\t\t\t\t\t\t\t\t<figcaption class=\"widget-image-caption wp-caption-text\">Como as Empresas Podem Prevenir a Viola\u00e7\u00e3o aos Direitos Humanos?<\/figcaption>\n\t\t\t\t\t\t\t\t\t\t<\/figure>\n\t\t\t\t\t\t\t\t\t<\/div>\n\t\t\t\t<\/div>\n\t\t\t\t<div class=\"elementor-element elementor-element-75ad4b2 elementor-widget elementor-widget-image\" data-id=\"75ad4b2\" data-element_type=\"widget\" data-widget_type=\"image.default\">\n\t\t\t\t<div class=\"elementor-widget-container\">\n\t\t\t\t\t\t\t\t\t\t\t\t<figure class=\"wp-caption\">\n\t\t\t\t\t\t\t\t\t\t\t<a href=\"https:\/\/www.fiemg.com.br\/wp-content\/uploads\/2025\/10\/0177.01_GRSE_Refugiados_Ebook-Vs03-2.pdf\" target=\"_blank\">\n\t\t\t\t\t\t\t<img loading=\"lazy\" decoding=\"async\" width=\"571\" height=\"800\" src=\"https:\/\/www.fiemg.com.br\/sesi\/wp-content\/uploads\/sites\/11\/2025\/10\/0177.01_GRSE_Refugiados_Ebook-Vs03-2.jpg\" class=\"attachment-full size-full wp-image-8577\" alt=\"Construindo Pontes: Sensibiliza\u00e7\u00e3o na Contrata\u00e7\u00e3o de Pessoas Migrantes pelas Empresas\" srcset=\"https:\/\/www.fiemg.com.br\/sesi\/wp-content\/uploads\/sites\/11\/2025\/10\/0177.01_GRSE_Refugiados_Ebook-Vs03-2.jpg 571w, https:\/\/www.fiemg.com.br\/sesi\/wp-content\/uploads\/sites\/11\/2025\/10\/0177.01_GRSE_Refugiados_Ebook-Vs03-2-214x300.jpg 214w\" sizes=\"(max-width: 571px) 100vw, 571px\" \/>\t\t\t\t\t\t\t\t<\/a>\n\t\t\t\t\t\t\t\t\t\t\t<figcaption class=\"widget-image-caption wp-caption-text\">Construindo Pontes: Sensibiliza\u00e7\u00e3o na Contrata\u00e7\u00e3o de Pessoas Migrantes pelas Empresas<\/figcaption>\n\t\t\t\t\t\t\t\t\t\t<\/figure>\n\t\t\t\t\t\t\t\t\t<\/div>\n\t\t\t\t<\/div>\n\t\t\t\t<div class=\"elementor-element elementor-element-83844ea elementor-widget elementor-widget-image\" data-id=\"83844ea\" data-element_type=\"widget\" data-widget_type=\"image.default\">\n\t\t\t\t<div class=\"elementor-widget-container\">\n\t\t\t\t\t\t\t\t\t\t\t\t<figure class=\"wp-caption\">\n\t\t\t\t\t\t\t\t\t\t\t<a href=\"https:\/\/www.fiemg.com.br\/wp-content\/uploads\/2025\/10\/0254.01_GRSE_Neurodiversidade-Ebook-Vs02.pdf\" target=\"_blank\">\n\t\t\t\t\t\t\t<img loading=\"lazy\" decoding=\"async\" width=\"565\" height=\"800\" src=\"https:\/\/www.fiemg.com.br\/sesi\/wp-content\/uploads\/sites\/11\/2025\/10\/0254.01_GRSE_Neurodiversidade-Ebook-Vs02.jpg\" class=\"attachment-full size-full wp-image-8578\" alt=\"Neurodiversidade no Trabalho\" srcset=\"https:\/\/www.fiemg.com.br\/sesi\/wp-content\/uploads\/sites\/11\/2025\/10\/0254.01_GRSE_Neurodiversidade-Ebook-Vs02.jpg 565w, https:\/\/www.fiemg.com.br\/sesi\/wp-content\/uploads\/sites\/11\/2025\/10\/0254.01_GRSE_Neurodiversidade-Ebook-Vs02-212x300.jpg 212w\" sizes=\"(max-width: 565px) 100vw, 565px\" \/>\t\t\t\t\t\t\t\t<\/a>\n\t\t\t\t\t\t\t\t\t\t\t<figcaption class=\"widget-image-caption wp-caption-text\">Neurodiversidade no Trabalho<\/figcaption>\n\t\t\t\t\t\t\t\t\t\t<\/figure>\n\t\t\t\t\t\t\t\t\t<\/div>\n\t\t\t\t<\/div>\n\t\t\t\t<div class=\"elementor-element elementor-element-c78b386 elementor-widget elementor-widget-image\" data-id=\"c78b386\" data-element_type=\"widget\" data-widget_type=\"image.default\">\n\t\t\t\t<div class=\"elementor-widget-container\">\n\t\t\t\t\t\t\t\t\t\t\t\t<figure class=\"wp-caption\">\n\t\t\t\t\t\t\t\t\t\t\t<a href=\"https:\/\/www.fiemg.com.br\/wp-content\/uploads\/2025\/10\/Guia-para-Empresas-Enfrentamento-a-Violencia-Domestica-2.pdf\" target=\"_blank\">\n\t\t\t\t\t\t\t<img loading=\"lazy\" decoding=\"async\" width=\"571\" height=\"800\" src=\"https:\/\/www.fiemg.com.br\/sesi\/wp-content\/uploads\/sites\/11\/2025\/10\/Guia-para-Empresas-Enfrentamento-a-Violencia-Domestica-2.jpg\" class=\"attachment-full size-full wp-image-8579\" alt=\"Guia Enfrentamento \u00e0 Viol\u00eancia Contra Meninas e Mulheres\" srcset=\"https:\/\/www.fiemg.com.br\/sesi\/wp-content\/uploads\/sites\/11\/2025\/10\/Guia-para-Empresas-Enfrentamento-a-Violencia-Domestica-2.jpg 571w, https:\/\/www.fiemg.com.br\/sesi\/wp-content\/uploads\/sites\/11\/2025\/10\/Guia-para-Empresas-Enfrentamento-a-Violencia-Domestica-2-214x300.jpg 214w\" sizes=\"(max-width: 571px) 100vw, 571px\" \/>\t\t\t\t\t\t\t\t<\/a>\n\t\t\t\t\t\t\t\t\t\t\t<figcaption class=\"widget-image-caption wp-caption-text\">Guia Enfrentamento \u00e0 Viol\u00eancia Contra Meninas e Mulheres<\/figcaption>\n\t\t\t\t\t\t\t\t\t\t<\/figure>\n\t\t\t\t\t\t\t\t\t<\/div>\n\t\t\t\t<\/div>\n\t\t\t\t<div class=\"elementor-element elementor-element-85d37c2 elementor-widget elementor-widget-image\" data-id=\"85d37c2\" data-element_type=\"widget\" data-widget_type=\"image.default\">\n\t\t\t\t<div class=\"elementor-widget-container\">\n\t\t\t\t\t\t\t\t\t\t\t\t<figure class=\"wp-caption\">\n\t\t\t\t\t\t\t\t\t\t\t<a href=\"https:\/\/www.fiemg.com.br\/wp-content\/uploads\/2025\/10\/GuiaSESI_FIEMG_Diversidade.pdf\" target=\"_blank\">\n\t\t\t\t\t\t\t<img loading=\"lazy\" decoding=\"async\" width=\"607\" height=\"800\" src=\"https:\/\/www.fiemg.com.br\/sesi\/wp-content\/uploads\/sites\/11\/2025\/10\/GuiaSESI_FIEMG_Diversidade.jpg\" class=\"attachment-full size-full wp-image-8580\" alt=\"Guia SESI de Diversidade\" srcset=\"https:\/\/www.fiemg.com.br\/sesi\/wp-content\/uploads\/sites\/11\/2025\/10\/GuiaSESI_FIEMG_Diversidade.jpg 607w, https:\/\/www.fiemg.com.br\/sesi\/wp-content\/uploads\/sites\/11\/2025\/10\/GuiaSESI_FIEMG_Diversidade-228x300.jpg 228w\" sizes=\"(max-width: 607px) 100vw, 607px\" \/>\t\t\t\t\t\t\t\t<\/a>\n\t\t\t\t\t\t\t\t\t\t\t<figcaption class=\"widget-image-caption wp-caption-text\">Guia SESI de Diversidade<\/figcaption>\n\t\t\t\t\t\t\t\t\t\t<\/figure>\n\t\t\t\t\t\t\t\t\t<\/div>\n\t\t\t\t<\/div>\n\t\t\t\t<div class=\"elementor-element elementor-element-d067143 elementor-widget elementor-widget-image\" data-id=\"d067143\" data-element_type=\"widget\" data-widget_type=\"image.default\">\n\t\t\t\t<div class=\"elementor-widget-container\">\n\t\t\t\t\t\t\t\t\t\t\t\t<figure class=\"wp-caption\">\n\t\t\t\t\t\t\t\t\t\t\t<a href=\"https:\/\/www.fiemg.com.br\/wp-content\/uploads\/2025\/10\/SESI_EBOOK_LIDERANCASRESPONSAVEL.pdf\" target=\"_blank\">\n\t\t\t\t\t\t\t<img loading=\"lazy\" decoding=\"async\" width=\"571\" height=\"800\" src=\"https:\/\/www.fiemg.com.br\/sesi\/wp-content\/uploads\/sites\/11\/2025\/10\/SESI_EBOOK_LIDERANCASRESPONSAVEL.jpg\" class=\"attachment-full size-full wp-image-8581\" alt=\"Lideran\u00e7a Respons\u00e1vel\" srcset=\"https:\/\/www.fiemg.com.br\/sesi\/wp-content\/uploads\/sites\/11\/2025\/10\/SESI_EBOOK_LIDERANCASRESPONSAVEL.jpg 571w, https:\/\/www.fiemg.com.br\/sesi\/wp-content\/uploads\/sites\/11\/2025\/10\/SESI_EBOOK_LIDERANCASRESPONSAVEL-214x300.jpg 214w\" sizes=\"(max-width: 571px) 100vw, 571px\" \/>\t\t\t\t\t\t\t\t<\/a>\n\t\t\t\t\t\t\t\t\t\t\t<figcaption class=\"widget-image-caption wp-caption-text\">Lideran\u00e7a Respons\u00e1vel<\/figcaption>\n\t\t\t\t\t\t\t\t\t\t<\/figure>\n\t\t\t\t\t\t\t\t\t<\/div>\n\t\t\t\t<\/div>\n\t\t\t\t<\/div>\n\t\t\t\t\t<\/div>\n\t\t\t\t<\/div>\n\t\t\t\t<\/div>\n\t\t","protected":false},"excerpt":{"rendered":"<p>Fazer a diferen\u00e7a no presente para construir o futuro. \u00c9 assim que a FIEMG impulsiona a competitividade industrial com \u00e9tica, sustentabilidade e impacto social positivo.<\/p>\n","protected":false},"author":68,"featured_media":1947,"parent":0,"menu_order":0,"comment_status":"closed","ping_status":"closed","template":"","meta":{"footnotes":""},"class_list":["post-7206","page","type-page","status-publish","has-post-thumbnail","hentry"],"acf":[],"yoast_head":"<!-- This site is optimized with the Yoast SEO plugin v26.2 - https:\/\/yoast.com\/wordpress\/plugins\/seo\/ -->\n<title>Responsabilidade Social - SESI<\/title>\n<meta name=\"robots\" content=\"index, follow, max-snippet:-1, max-image-preview:large, max-video-preview:-1\" \/>\n<link rel=\"canonical\" href=\"https:\/\/www.fiemg.com.br\/sesi\/responsabilidade-social\/\" \/>\n<meta property=\"og:locale\" content=\"pt_BR\" \/>\n<meta property=\"og:type\" content=\"article\" \/>\n<meta property=\"og:title\" content=\"Responsabilidade Social - SESI\" \/>\n<meta property=\"og:description\" content=\"Fazer a diferen\u00e7a no presente para construir o futuro. \u00c9 assim que a FIEMG impulsiona a competitividade industrial com \u00e9tica, sustentabilidade e impacto social positivo.\" \/>\n<meta property=\"og:url\" content=\"https:\/\/www.fiemg.com.br\/sesi\/responsabilidade-social\/\" \/>\n<meta property=\"og:site_name\" content=\"SESI\" \/>\n<meta property=\"article:modified_time\" content=\"2025-11-05T15:32:11+00:00\" \/>\n<meta property=\"og:image\" content=\"https:\/\/www.fiemg.com.br\/sesi\/wp-content\/uploads\/sites\/11\/2023\/08\/default.png\" \/>\n\t<meta property=\"og:image:width\" content=\"300\" \/>\n\t<meta property=\"og:image:height\" content=\"300\" \/>\n\t<meta property=\"og:image:type\" content=\"image\/png\" \/>\n<meta name=\"twitter:card\" content=\"summary_large_image\" \/>\n<meta name=\"twitter:label1\" content=\"Est. tempo de leitura\" \/>\n\t<meta name=\"twitter:data1\" content=\"13 minutos\" \/>\n<script type=\"application\/ld+json\" class=\"yoast-schema-graph\">{\"@context\":\"https:\/\/schema.org\",\"@graph\":[{\"@type\":\"WebPage\",\"@id\":\"https:\/\/www.fiemg.com.br\/sesi\/responsabilidade-social\/\",\"url\":\"https:\/\/www.fiemg.com.br\/sesi\/responsabilidade-social\/\",\"name\":\"Responsabilidade Social - SESI\",\"isPartOf\":{\"@id\":\"https:\/\/www.fiemg.com.br\/sesi\/#website\"},\"primaryImageOfPage\":{\"@id\":\"https:\/\/www.fiemg.com.br\/sesi\/responsabilidade-social\/#primaryimage\"},\"image\":{\"@id\":\"https:\/\/www.fiemg.com.br\/sesi\/responsabilidade-social\/#primaryimage\"},\"thumbnailUrl\":\"https:\/\/www.fiemg.com.br\/sesi\/wp-content\/uploads\/sites\/11\/2023\/08\/default.png\",\"datePublished\":\"2024-09-16T14:01:34+00:00\",\"dateModified\":\"2025-11-05T15:32:11+00:00\",\"breadcrumb\":{\"@id\":\"https:\/\/www.fiemg.com.br\/sesi\/responsabilidade-social\/#breadcrumb\"},\"inLanguage\":\"pt-BR\",\"potentialAction\":[{\"@type\":\"ReadAction\",\"target\":[\"https:\/\/www.fiemg.com.br\/sesi\/responsabilidade-social\/\"]}]},{\"@type\":\"ImageObject\",\"inLanguage\":\"pt-BR\",\"@id\":\"https:\/\/www.fiemg.com.br\/sesi\/responsabilidade-social\/#primaryimage\",\"url\":\"https:\/\/www.fiemg.com.br\/sesi\/wp-content\/uploads\/sites\/11\/2023\/08\/default.png\",\"contentUrl\":\"https:\/\/www.fiemg.com.br\/sesi\/wp-content\/uploads\/sites\/11\/2023\/08\/default.png\",\"width\":300,\"height\":300},{\"@type\":\"BreadcrumbList\",\"@id\":\"https:\/\/www.fiemg.com.br\/sesi\/responsabilidade-social\/#breadcrumb\",\"itemListElement\":[{\"@type\":\"ListItem\",\"position\":1,\"name\":\"In\u00edcio\",\"item\":\"https:\/\/www.fiemg.com.br\/sesi\/\"},{\"@type\":\"ListItem\",\"position\":2,\"name\":\"Responsabilidade Social\"}]},{\"@type\":\"WebSite\",\"@id\":\"https:\/\/www.fiemg.com.br\/sesi\/#website\",\"url\":\"https:\/\/www.fiemg.com.br\/sesi\/\",\"name\":\"SESI\",\"description\":\"Federa\u00e7\u00e3o das Ind\u00fastrias do Estado de Minas Gerais\",\"publisher\":{\"@id\":\"https:\/\/www.fiemg.com.br\/sesi\/#organization\"},\"potentialAction\":[{\"@type\":\"SearchAction\",\"target\":{\"@type\":\"EntryPoint\",\"urlTemplate\":\"https:\/\/www.fiemg.com.br\/sesi\/?s={search_term_string}\"},\"query-input\":{\"@type\":\"PropertyValueSpecification\",\"valueRequired\":true,\"valueName\":\"search_term_string\"}}],\"inLanguage\":\"pt-BR\"},{\"@type\":\"Organization\",\"@id\":\"https:\/\/www.fiemg.com.br\/sesi\/#organization\",\"name\":\"SESI\",\"url\":\"https:\/\/www.fiemg.com.br\/sesi\/\",\"logo\":{\"@type\":\"ImageObject\",\"inLanguage\":\"pt-BR\",\"@id\":\"https:\/\/www.fiemg.com.br\/sesi\/#\/schema\/logo\/image\/\",\"url\":\"https:\/\/www.fiemg.com.br\/sesi\/wp-content\/uploads\/sites\/11\/2023\/02\/SESI_branco.svg\",\"contentUrl\":\"https:\/\/www.fiemg.com.br\/sesi\/wp-content\/uploads\/sites\/11\/2023\/02\/SESI_branco.svg\",\"width\":168,\"height\":62,\"caption\":\"SESI\"},\"image\":{\"@id\":\"https:\/\/www.fiemg.com.br\/sesi\/#\/schema\/logo\/image\/\"}}]}<\/script>\n<!-- \/ Yoast SEO plugin. -->","yoast_head_json":{"title":"Responsabilidade Social - SESI","robots":{"index":"index","follow":"follow","max-snippet":"max-snippet:-1","max-image-preview":"max-image-preview:large","max-video-preview":"max-video-preview:-1"},"canonical":"https:\/\/www.fiemg.com.br\/sesi\/responsabilidade-social\/","og_locale":"pt_BR","og_type":"article","og_title":"Responsabilidade Social - SESI","og_description":"Fazer a diferen\u00e7a no presente para construir o futuro. \u00c9 assim que a FIEMG impulsiona a competitividade industrial com \u00e9tica, sustentabilidade e impacto social positivo.","og_url":"https:\/\/www.fiemg.com.br\/sesi\/responsabilidade-social\/","og_site_name":"SESI","article_modified_time":"2025-11-05T15:32:11+00:00","og_image":[{"width":300,"height":300,"url":"https:\/\/www.fiemg.com.br\/sesi\/wp-content\/uploads\/sites\/11\/2023\/08\/default.png","type":"image\/png"}],"twitter_card":"summary_large_image","twitter_misc":{"Est. tempo de leitura":"13 minutos"},"schema":{"@context":"https:\/\/schema.org","@graph":[{"@type":"WebPage","@id":"https:\/\/www.fiemg.com.br\/sesi\/responsabilidade-social\/","url":"https:\/\/www.fiemg.com.br\/sesi\/responsabilidade-social\/","name":"Responsabilidade Social - SESI","isPartOf":{"@id":"https:\/\/www.fiemg.com.br\/sesi\/#website"},"primaryImageOfPage":{"@id":"https:\/\/www.fiemg.com.br\/sesi\/responsabilidade-social\/#primaryimage"},"image":{"@id":"https:\/\/www.fiemg.com.br\/sesi\/responsabilidade-social\/#primaryimage"},"thumbnailUrl":"https:\/\/www.fiemg.com.br\/sesi\/wp-content\/uploads\/sites\/11\/2023\/08\/default.png","datePublished":"2024-09-16T14:01:34+00:00","dateModified":"2025-11-05T15:32:11+00:00","breadcrumb":{"@id":"https:\/\/www.fiemg.com.br\/sesi\/responsabilidade-social\/#breadcrumb"},"inLanguage":"pt-BR","potentialAction":[{"@type":"ReadAction","target":["https:\/\/www.fiemg.com.br\/sesi\/responsabilidade-social\/"]}]},{"@type":"ImageObject","inLanguage":"pt-BR","@id":"https:\/\/www.fiemg.com.br\/sesi\/responsabilidade-social\/#primaryimage","url":"https:\/\/www.fiemg.com.br\/sesi\/wp-content\/uploads\/sites\/11\/2023\/08\/default.png","contentUrl":"https:\/\/www.fiemg.com.br\/sesi\/wp-content\/uploads\/sites\/11\/2023\/08\/default.png","width":300,"height":300},{"@type":"BreadcrumbList","@id":"https:\/\/www.fiemg.com.br\/sesi\/responsabilidade-social\/#breadcrumb","itemListElement":[{"@type":"ListItem","position":1,"name":"In\u00edcio","item":"https:\/\/www.fiemg.com.br\/sesi\/"},{"@type":"ListItem","position":2,"name":"Responsabilidade Social"}]},{"@type":"WebSite","@id":"https:\/\/www.fiemg.com.br\/sesi\/#website","url":"https:\/\/www.fiemg.com.br\/sesi\/","name":"SESI","description":"Federa\u00e7\u00e3o das Ind\u00fastrias do Estado de Minas Gerais","publisher":{"@id":"https:\/\/www.fiemg.com.br\/sesi\/#organization"},"potentialAction":[{"@type":"SearchAction","target":{"@type":"EntryPoint","urlTemplate":"https:\/\/www.fiemg.com.br\/sesi\/?s={search_term_string}"},"query-input":{"@type":"PropertyValueSpecification","valueRequired":true,"valueName":"search_term_string"}}],"inLanguage":"pt-BR"},{"@type":"Organization","@id":"https:\/\/www.fiemg.com.br\/sesi\/#organization","name":"SESI","url":"https:\/\/www.fiemg.com.br\/sesi\/","logo":{"@type":"ImageObject","inLanguage":"pt-BR","@id":"https:\/\/www.fiemg.com.br\/sesi\/#\/schema\/logo\/image\/","url":"https:\/\/www.fiemg.com.br\/sesi\/wp-content\/uploads\/sites\/11\/2023\/02\/SESI_branco.svg","contentUrl":"https:\/\/www.fiemg.com.br\/sesi\/wp-content\/uploads\/sites\/11\/2023\/02\/SESI_branco.svg","width":168,"height":62,"caption":"SESI"},"image":{"@id":"https:\/\/www.fiemg.com.br\/sesi\/#\/schema\/logo\/image\/"}}]}},"_links":{"self":[{"href":"https:\/\/www.fiemg.com.br\/sesi\/wp-json\/wp\/v2\/pages\/7206","targetHints":{"allow":["GET"]}}],"collection":[{"href":"https:\/\/www.fiemg.com.br\/sesi\/wp-json\/wp\/v2\/pages"}],"about":[{"href":"https:\/\/www.fiemg.com.br\/sesi\/wp-json\/wp\/v2\/types\/page"}],"author":[{"embeddable":true,"href":"https:\/\/www.fiemg.com.br\/sesi\/wp-json\/wp\/v2\/users\/68"}],"replies":[{"embeddable":true,"href":"https:\/\/www.fiemg.com.br\/sesi\/wp-json\/wp\/v2\/comments?post=7206"}],"version-history":[{"count":0,"href":"https:\/\/www.fiemg.com.br\/sesi\/wp-json\/wp\/v2\/pages\/7206\/revisions"}],"wp:featuredmedia":[{"embeddable":true,"href":"https:\/\/www.fiemg.com.br\/sesi\/wp-json\/wp\/v2\/media\/1947"}],"wp:attachment":[{"href":"https:\/\/www.fiemg.com.br\/sesi\/wp-json\/wp\/v2\/media?parent=7206"}],"curies":[{"name":"wp","href":"https:\/\/api.w.org\/{rel}","templated":true}]}}